{"id":515,"date":"2021-09-03T10:54:58","date_gmt":"2021-09-03T08:54:58","guid":{"rendered":"https:\/\/www.posk.se\/visbystift\/?page_id=515"},"modified":"2021-09-03T10:54:58","modified_gmt":"2021-09-03T08:54:58","slug":"debattartikel-om-att-forvalta-skapelsen","status":"publish","type":"page","link":"https:\/\/www.posk.se\/visbystift\/kyrkovalet-2021\/debattartikel-om-att-forvalta-skapelsen\/","title":{"rendered":"Debattartikel om att f\u00f6rvalta skapelsen"},"content":{"rendered":"<p><em>Publicerad i Gotlandsmedia den 25 juni 2021<\/em><\/p>\n<p>Att f\u00f6rvalta Guds g\u00e5vor \u00e4r ett uppdrag som str\u00e4cker sig mot framtida generationer.<\/p>\n<p>All f\u00f6rvaltning av egendom i kyrkan ska g\u00f6ras i enlighet med kyrkans grundl\u00e4ggande v\u00e4rderingar. Egendoms- och kapitalf\u00f6rvaltning ska vara l\u00e5ngsiktig, h\u00e5llbar, effektiv och bedrivas p\u00e5 ett etiskt och ekologiskt ansvarsfullt s\u00e4tt.<\/p>\n<p>Det inneb\u00e4r att vi i Politiskt Obundna i Svenska Kyrkan (Posk) verkar f\u00f6r att st\u00f6rsta m\u00f6jliga milj\u00f6h\u00e4nsyn alltid ska tas. Med det menar vi att vi verkar f\u00f6r h\u00e4nsyn till den biologiska m\u00e5ngfalden, kulturmilj\u00f6n och friluftslivet. Det g\u00e4ller alla olika skogliga aktiviteter som r\u00f6jning, gallring eller f\u00f6ryngringsavverkning.<\/p>\n<p>Det inneb\u00e4r ocks\u00e5 att vi verkar f\u00f6r minsta m\u00f6jliga negativa klimatp\u00e5verkan n\u00e4r det g\u00e4ller koldioxidutsl\u00e4pp. Likas\u00e5 str\u00e4var vi efter att ha en fossilfri v\u00e4rdekedja f\u00f6r transporter, verktygsdrift med mera.<\/p>\n<p>Posk str\u00e4var efter att p\u00e5verka och st\u00f6tta etablering av f\u00f6rnyelsebar energiproduktion. Om kyrkan s\u00e4ljer fastigheter, efterstr\u00e4var Posk att pengarna d\u00e4rifr\u00e5n \u00e5terinvesteras i byggande av sol-och vindkraft.<\/p>\n<p>Posk v\u00e4lkomnar att stiftet liksom flera f\u00f6rsamlingar och pastorat nu p\u00e5b\u00f6rjar sitt arbete med att bli milj\u00f6diplomerade. Det vittnar om en ansvarsfull inst\u00e4llning till att h\u00e5llbart v\u00e5rda och utveckla kyrkans verksamhet. Parallellt med detta vill Posk ocks\u00e5 aktivt arbeta med biskoparnas brev om klimatfr\u00e5gan \u2013 sannolikt den st\u00f6rsta utmaningen vi nu st\u00e5r inf\u00f6r, nu n\u00e4r pandemin s\u00e5 sakteliga klingar ut.<\/p>\n<p>Delar Du Posks prioritering av milj\u00f6- och klimatfr\u00e5gorna, d\u00e5 hoppas vi p\u00e5 din r\u00f6st i kyrkovalet den 19 september.<\/p>\n","protected":false},"excerpt":{"rendered":"<p>Publicerad i Gotlandsmedia den 25 juni 2021 Att f\u00f6rvalta Guds g\u00e5vor \u00e4r ett uppdrag som str\u00e4cker sig mot framtida generationer. All f\u00f6rvaltning av egendom i kyrkan ska g\u00f6ras i enlighet med kyrkans grundl\u00e4ggande v\u00e4rderingar. Egendoms- och kapitalf\u00f6rvaltning ska vara l\u00e5ngsiktig, h\u00e5llbar, effektiv och bedrivas p\u00e5 ett etiskt och ekologiskt ansvarsfullt s\u00e4tt. Det inneb\u00e4r att vi [&hellip;]<\/p>\n","protected":false},"author":1357,"featured_media":0,"parent":277,"menu_order":8,"comment_status":"closed","ping_status":"closed","template":"page-templates\/page-sidebar-left.php","meta":{"_acf_changed":false,"footnotes":""},"class_list":["post-515","page","type-page","status-publish","hentry"],"acf":[],"yoast_head":"<!-- This site is optimized with the Yoast SEO plugin v24.9 - https:\/\/yoast.com\/wordpress\/plugins\/seo\/ -->\n<title>Debattartikel om att f\u00f6rvalta skapelsen - STIFTSF\u00d6RENING Visby<\/title>\n<meta name=\"robots\" content=\"index, follow, max-snippet:-1, max-image-preview:large, max-video-preview:-1\" \/>\n<link rel=\"canonical\" href=\"https:\/\/www.posk.se\/visbystift\/kyrkovalet-2021\/debattartikel-om-att-forvalta-skapelsen\/\" \/>\n<meta property=\"og:locale\" content=\"sv_SE\" \/>\n<meta property=\"og:type\" content=\"article\" \/>\n<meta property=\"og:title\" content=\"Debattartikel om att f\u00f6rvalta skapelsen - STIFTSF\u00d6RENING Visby\" \/>\n<meta property=\"og:description\" content=\"Publicerad i Gotlandsmedia den 25 juni 2021 Att f\u00f6rvalta Guds g\u00e5vor \u00e4r ett uppdrag som str\u00e4cker sig mot framtida generationer. All f\u00f6rvaltning av egendom i kyrkan ska g\u00f6ras i enlighet med kyrkans grundl\u00e4ggande v\u00e4rderingar. Egendoms- och kapitalf\u00f6rvaltning ska vara l\u00e5ngsiktig, h\u00e5llbar, effektiv och bedrivas p\u00e5 ett etiskt och ekologiskt ansvarsfullt s\u00e4tt. Det inneb\u00e4r att vi [&hellip;]\" \/>\n<meta property=\"og:url\" content=\"https:\/\/www.posk.se\/visbystift\/kyrkovalet-2021\/debattartikel-om-att-forvalta-skapelsen\/\" \/>\n<meta property=\"og:site_name\" content=\"STIFTSF\u00d6RENING Visby\" \/>\n<meta name=\"twitter:card\" content=\"summary_large_image\" \/>\n<meta name=\"twitter:label1\" content=\"Ber\u00e4knad l\u00e4stid\" \/>\n\t<meta name=\"twitter:data1\" content=\"2 minuter\" \/>\n<script type=\"application\/ld+json\" class=\"yoast-schema-graph\">{\"@context\":\"https:\/\/schema.org\",\"@graph\":[{\"@type\":\"WebPage\",\"@id\":\"https:\/\/www.posk.se\/visbystift\/kyrkovalet-2021\/debattartikel-om-att-forvalta-skapelsen\/\",\"url\":\"https:\/\/www.posk.se\/visbystift\/kyrkovalet-2021\/debattartikel-om-att-forvalta-skapelsen\/\",\"name\":\"Debattartikel om att f\u00f6rvalta skapelsen - STIFTSF\u00d6RENING Visby\",\"isPartOf\":{\"@id\":\"https:\/\/www.posk.se\/visbystift\/#website\"},\"datePublished\":\"2021-09-03T08:54:58+00:00\",\"breadcrumb\":{\"@id\":\"https:\/\/www.posk.se\/visbystift\/kyrkovalet-2021\/debattartikel-om-att-forvalta-skapelsen\/#breadcrumb\"},\"inLanguage\":\"sv-SE\",\"potentialAction\":[{\"@type\":\"ReadAction\",\"target\":[\"https:\/\/www.posk.se\/visbystift\/kyrkovalet-2021\/debattartikel-om-att-forvalta-skapelsen\/\"]}]},{\"@type\":\"BreadcrumbList\",\"@id\":\"https:\/\/www.posk.se\/visbystift\/kyrkovalet-2021\/debattartikel-om-att-forvalta-skapelsen\/#breadcrumb\",\"itemListElement\":[{\"@type\":\"ListItem\",\"position\":1,\"name\":\"Hem\",\"item\":\"https:\/\/www.posk.se\/visbystift\/\"},{\"@type\":\"ListItem\",\"position\":2,\"name\":\"Kyrkovalet 2021\",\"item\":\"https:\/\/www.posk.se\/visbystift\/kyrkovalet-2021\/\"},{\"@type\":\"ListItem\",\"position\":3,\"name\":\"Debattartikel om att f\u00f6rvalta skapelsen\"}]},{\"@type\":\"WebSite\",\"@id\":\"https:\/\/www.posk.se\/visbystift\/#website\",\"url\":\"https:\/\/www.posk.se\/visbystift\/\",\"name\":\"STIFTSF\u00d6RENING Visby\",\"description\":\"Stiftsf\u00f6reningen f\u00f6r POSK i Visby stift\",\"potentialAction\":[{\"@type\":\"SearchAction\",\"target\":{\"@type\":\"EntryPoint\",\"urlTemplate\":\"https:\/\/www.posk.se\/visbystift\/?s={search_term_string}\"},\"query-input\":{\"@type\":\"PropertyValueSpecification\",\"valueRequired\":true,\"valueName\":\"search_term_string\"}}],\"inLanguage\":\"sv-SE\"}]}<\/script>\n<!-- \/ Yoast SEO plugin. -->","yoast_head_json":{"title":"Debattartikel om att f\u00f6rvalta skapelsen - STIFTSF\u00d6RENING Visby","robots":{"index":"index","follow":"follow","max-snippet":"max-snippet:-1","max-image-preview":"max-image-preview:large","max-video-preview":"max-video-preview:-1"},"canonical":"https:\/\/www.posk.se\/visbystift\/kyrkovalet-2021\/debattartikel-om-att-forvalta-skapelsen\/","og_locale":"sv_SE","og_type":"article","og_title":"Debattartikel om att f\u00f6rvalta skapelsen - STIFTSF\u00d6RENING Visby","og_description":"Publicerad i Gotlandsmedia den 25 juni 2021 Att f\u00f6rvalta Guds g\u00e5vor \u00e4r ett uppdrag som str\u00e4cker sig mot framtida generationer. All f\u00f6rvaltning av egendom i kyrkan ska g\u00f6ras i enlighet med kyrkans grundl\u00e4ggande v\u00e4rderingar. Egendoms- och kapitalf\u00f6rvaltning ska vara l\u00e5ngsiktig, h\u00e5llbar, effektiv och bedrivas p\u00e5 ett etiskt och ekologiskt ansvarsfullt s\u00e4tt. Det inneb\u00e4r att vi [&hellip;]","og_url":"https:\/\/www.posk.se\/visbystift\/kyrkovalet-2021\/debattartikel-om-att-forvalta-skapelsen\/","og_site_name":"STIFTSF\u00d6RENING Visby","twitter_card":"summary_large_image","twitter_misc":{"Ber\u00e4knad l\u00e4stid":"2 minuter"},"schema":{"@context":"https:\/\/schema.org","@graph":[{"@type":"WebPage","@id":"https:\/\/www.posk.se\/visbystift\/kyrkovalet-2021\/debattartikel-om-att-forvalta-skapelsen\/","url":"https:\/\/www.posk.se\/visbystift\/kyrkovalet-2021\/debattartikel-om-att-forvalta-skapelsen\/","name":"Debattartikel om att f\u00f6rvalta skapelsen - STIFTSF\u00d6RENING Visby","isPartOf":{"@id":"https:\/\/www.posk.se\/visbystift\/#website"},"datePublished":"2021-09-03T08:54:58+00:00","breadcrumb":{"@id":"https:\/\/www.posk.se\/visbystift\/kyrkovalet-2021\/debattartikel-om-att-forvalta-skapelsen\/#breadcrumb"},"inLanguage":"sv-SE","potentialAction":[{"@type":"ReadAction","target":["https:\/\/www.posk.se\/visbystift\/kyrkovalet-2021\/debattartikel-om-att-forvalta-skapelsen\/"]}]},{"@type":"BreadcrumbList","@id":"https:\/\/www.posk.se\/visbystift\/kyrkovalet-2021\/debattartikel-om-att-forvalta-skapelsen\/#breadcrumb","itemListElement":[{"@type":"ListItem","position":1,"name":"Hem","item":"https:\/\/www.posk.se\/visbystift\/"},{"@type":"ListItem","position":2,"name":"Kyrkovalet 2021","item":"https:\/\/www.posk.se\/visbystift\/kyrkovalet-2021\/"},{"@type":"ListItem","position":3,"name":"Debattartikel om att f\u00f6rvalta skapelsen"}]},{"@type":"WebSite","@id":"https:\/\/www.posk.se\/visbystift\/#website","url":"https:\/\/www.posk.se\/visbystift\/","name":"STIFTSF\u00d6RENING Visby","description":"Stiftsf\u00f6reningen f\u00f6r POSK i Visby stift","potentialAction":[{"@type":"SearchAction","target":{"@type":"EntryPoint","urlTemplate":"https:\/\/www.posk.se\/visbystift\/?s={search_term_string}"},"query-input":{"@type":"PropertyValueSpecification","valueRequired":true,"valueName":"search_term_string"}}],"inLanguage":"sv-SE"}]}},"_links":{"self":[{"href":"https:\/\/www.posk.se\/visbystift\/wp-json\/wp\/v2\/pages\/515","targetHints":{"allow":["GET"]}}],"collection":[{"href":"https:\/\/www.posk.se\/visbystift\/wp-json\/wp\/v2\/pages"}],"about":[{"href":"https:\/\/www.posk.se\/visbystift\/wp-json\/wp\/v2\/types\/page"}],"author":[{"embeddable":true,"href":"https:\/\/www.posk.se\/visbystift\/wp-json\/wp\/v2\/users\/1357"}],"replies":[{"embeddable":true,"href":"https:\/\/www.posk.se\/visbystift\/wp-json\/wp\/v2\/comments?post=515"}],"version-history":[{"count":2,"href":"https:\/\/www.posk.se\/visbystift\/wp-json\/wp\/v2\/pages\/515\/revisions"}],"predecessor-version":[{"id":517,"href":"https:\/\/www.posk.se\/visbystift\/wp-json\/wp\/v2\/pages\/515\/revisions\/517"}],"up":[{"embeddable":true,"href":"https:\/\/www.posk.se\/visbystift\/wp-json\/wp\/v2\/pages\/277"}],"wp:attachment":[{"href":"https:\/\/www.posk.se\/visbystift\/wp-json\/wp\/v2\/media?parent=515"}],"curies":[{"name":"wp","href":"https:\/\/api.w.org\/{rel}","templated":true}]}}