{"id":509,"date":"2021-09-03T10:23:02","date_gmt":"2021-09-03T08:23:02","guid":{"rendered":"https:\/\/www.posk.se\/visbystift\/?page_id=509"},"modified":"2021-09-03T10:23:02","modified_gmt":"2021-09-03T08:23:02","slug":"debattartikel-om-att-kandidera-for-posk","status":"publish","type":"page","link":"https:\/\/www.posk.se\/visbystift\/kyrkovalet-2021\/debattartikel-om-att-kandidera-for-posk\/","title":{"rendered":"Debattartikel om att kandidera f\u00f6r POSK"},"content":{"rendered":"<p>Ins\u00e4ndare i Gotlandspressen februari 2021<\/p>\n<p>&nbsp;<\/p>\n<p><span class=\"s2\">Snart \u00e4r det kyrkoval<\/span><span class=\"s2\">.<\/span><\/p>\n<p>Den 19 september \u00e4r det kyrkoval. D\u00e5 utser v\u00e4ljarna, vilka som skall ing\u00e5 i kyrkofullm\u00e4ktige f\u00f6r f\u00f6rsamlingarna, i stiftsfullm\u00e4ktige samt i kyrkom\u00f6tet.<\/p>\n<p>Vi har ju i kyrkans v\u00e4rld inte politiska partier utan nomineringsgrupper. Vi v\u00e4lkomnar de samlingslistor som finns p\u00e5 m\u00e5nga h\u00e5ll p\u00e5 Gotland f\u00f6r det lokala valet; samlingslistor d\u00e4r de som vill v\u00e4rna och utveckla sockenkyrkorna st\u00e4ller upp tillsammans p\u00e5 <span class=\"s3\">en<\/span> gemensam lista. Nu finns det ett missf\u00f6rst\u00e5nd som s\u00e4ger, att om man kandiderar p\u00e5 en samlingslista i ett landsbygdspastorat s\u00e5 kan man inte st\u00e4lla upp som kandidat p\u00e5 n\u00e5gon annan lista som g\u00e4ller stifts- och kyrkom\u00f6tesvalet. Detta \u00e4r en helt felaktig uppfattning! \u00c4ven om man finns p\u00e5 en samlingslista lokalt, s\u00e5 \u00e4r det inget som hindrar att man finns p\u00e5 en lista som tillh\u00f6r en annan grupp f\u00f6r stifts- och kyrkom\u00f6tesvalet<\/p>\n<p>F\u00f6r valen p\u00e5 stifts- och riksplanet finns det flera olika nomineringsgrupper. En av dessa \u00e4r POSK (Partipolitisk obundna i Svenska kyrkan). Till denna grupp kan man ansluta sig om man vill vara med och leda kyrkan utan att snegla p\u00e5 partipolitik och bara se till kyrkans b\u00e4sta. Jag tillh\u00f6r POSK f\u00f6r jag anser att partipolitik inte h\u00f6r hemma i kyrkans v\u00e4rld. POSK v\u00e4lkomnar kandidater till stifts- och riksniv\u00e5n liksom till kyrkofullm\u00e4ktige i Visby domkyrkof\u00f6rsamling. F\u00f6r den som vill ta ansvar f\u00f6r kyrkans v\u00e4l och ve \u00e4r POSK ett utm\u00e4rkt alternativ. Vi f\u00e5r ocks\u00e5 m\u00f6jlighet att vara med och p\u00e5verka\u00e4renden p\u00e5 nationell niv\u00e5 eftersom POSK \u00e4r n\u00e4st st\u00f6rsta nomineringsgrupp i hela landet och har ett v\u00e4l fungerande informationsutbyte.<\/p>\n<p>Under mars m\u00e5nad v\u00e4lkomnar vi nya kandidater till v\u00e5r nomineringsgrupp POSK. \u00a0V\u00e4lkommen att kontakta POSK Visby stift f\u00f6r att vara med i arbetet f\u00f6r kyrkans framtid \u00e4ven om man finns med p\u00e5 en samlingslista i hemma pastoratet.<\/p>\n<p class=\"s4\">Staffan Beijer<\/p>\n<p>POSK<\/p>\n","protected":false},"excerpt":{"rendered":"<p>Ins\u00e4ndare i Gotlandspressen februari 2021 &nbsp; Snart \u00e4r det kyrkoval. Den 19 september \u00e4r det kyrkoval. D\u00e5 utser v\u00e4ljarna, vilka som skall ing\u00e5 i kyrkofullm\u00e4ktige f\u00f6r f\u00f6rsamlingarna, i stiftsfullm\u00e4ktige samt i kyrkom\u00f6tet. Vi har ju i kyrkans v\u00e4rld inte politiska partier utan nomineringsgrupper. Vi v\u00e4lkomnar de samlingslistor som finns p\u00e5 m\u00e5nga h\u00e5ll p\u00e5 Gotland f\u00f6r [&hellip;]<\/p>\n","protected":false},"author":1357,"featured_media":0,"parent":277,"menu_order":9,"comment_status":"closed","ping_status":"closed","template":"page-templates\/page-sidebar-left.php","meta":{"_acf_changed":false,"footnotes":""},"class_list":["post-509","page","type-page","status-publish","hentry"],"acf":[],"yoast_head":"<!-- This site is optimized with the Yoast SEO plugin v24.9 - https:\/\/yoast.com\/wordpress\/plugins\/seo\/ -->\n<title>Debattartikel om att kandidera f\u00f6r POSK - STIFTSF\u00d6RENING Visby<\/title>\n<meta name=\"robots\" content=\"index, follow, max-snippet:-1, max-image-preview:large, max-video-preview:-1\" \/>\n<link rel=\"canonical\" href=\"https:\/\/www.posk.se\/visbystift\/kyrkovalet-2021\/debattartikel-om-att-kandidera-for-posk\/\" \/>\n<meta property=\"og:locale\" content=\"sv_SE\" \/>\n<meta property=\"og:type\" content=\"article\" \/>\n<meta property=\"og:title\" content=\"Debattartikel om att kandidera f\u00f6r POSK - STIFTSF\u00d6RENING Visby\" \/>\n<meta property=\"og:description\" content=\"Ins\u00e4ndare i Gotlandspressen februari 2021 &nbsp; Snart \u00e4r det kyrkoval. Den 19 september \u00e4r det kyrkoval. D\u00e5 utser v\u00e4ljarna, vilka som skall ing\u00e5 i kyrkofullm\u00e4ktige f\u00f6r f\u00f6rsamlingarna, i stiftsfullm\u00e4ktige samt i kyrkom\u00f6tet. Vi har ju i kyrkans v\u00e4rld inte politiska partier utan nomineringsgrupper. Vi v\u00e4lkomnar de samlingslistor som finns p\u00e5 m\u00e5nga h\u00e5ll p\u00e5 Gotland f\u00f6r [&hellip;]\" \/>\n<meta property=\"og:url\" content=\"https:\/\/www.posk.se\/visbystift\/kyrkovalet-2021\/debattartikel-om-att-kandidera-for-posk\/\" \/>\n<meta property=\"og:site_name\" content=\"STIFTSF\u00d6RENING Visby\" \/>\n<meta name=\"twitter:card\" content=\"summary_large_image\" \/>\n<meta name=\"twitter:label1\" content=\"Ber\u00e4knad l\u00e4stid\" \/>\n\t<meta name=\"twitter:data1\" content=\"2 minuter\" \/>\n<script type=\"application\/ld+json\" class=\"yoast-schema-graph\">{\"@context\":\"https:\/\/schema.org\",\"@graph\":[{\"@type\":\"WebPage\",\"@id\":\"https:\/\/www.posk.se\/visbystift\/kyrkovalet-2021\/debattartikel-om-att-kandidera-for-posk\/\",\"url\":\"https:\/\/www.posk.se\/visbystift\/kyrkovalet-2021\/debattartikel-om-att-kandidera-for-posk\/\",\"name\":\"Debattartikel om att kandidera f\u00f6r POSK - STIFTSF\u00d6RENING Visby\",\"isPartOf\":{\"@id\":\"https:\/\/www.posk.se\/visbystift\/#website\"},\"datePublished\":\"2021-09-03T08:23:02+00:00\",\"breadcrumb\":{\"@id\":\"https:\/\/www.posk.se\/visbystift\/kyrkovalet-2021\/debattartikel-om-att-kandidera-for-posk\/#breadcrumb\"},\"inLanguage\":\"sv-SE\",\"potentialAction\":[{\"@type\":\"ReadAction\",\"target\":[\"https:\/\/www.posk.se\/visbystift\/kyrkovalet-2021\/debattartikel-om-att-kandidera-for-posk\/\"]}]},{\"@type\":\"BreadcrumbList\",\"@id\":\"https:\/\/www.posk.se\/visbystift\/kyrkovalet-2021\/debattartikel-om-att-kandidera-for-posk\/#breadcrumb\",\"itemListElement\":[{\"@type\":\"ListItem\",\"position\":1,\"name\":\"Hem\",\"item\":\"https:\/\/www.posk.se\/visbystift\/\"},{\"@type\":\"ListItem\",\"position\":2,\"name\":\"Kyrkovalet 2021\",\"item\":\"https:\/\/www.posk.se\/visbystift\/kyrkovalet-2021\/\"},{\"@type\":\"ListItem\",\"position\":3,\"name\":\"Debattartikel om att kandidera f\u00f6r POSK\"}]},{\"@type\":\"WebSite\",\"@id\":\"https:\/\/www.posk.se\/visbystift\/#website\",\"url\":\"https:\/\/www.posk.se\/visbystift\/\",\"name\":\"STIFTSF\u00d6RENING Visby\",\"description\":\"Stiftsf\u00f6reningen f\u00f6r POSK i Visby stift\",\"potentialAction\":[{\"@type\":\"SearchAction\",\"target\":{\"@type\":\"EntryPoint\",\"urlTemplate\":\"https:\/\/www.posk.se\/visbystift\/?s={search_term_string}\"},\"query-input\":{\"@type\":\"PropertyValueSpecification\",\"valueRequired\":true,\"valueName\":\"search_term_string\"}}],\"inLanguage\":\"sv-SE\"}]}<\/script>\n<!-- \/ Yoast SEO plugin. -->","yoast_head_json":{"title":"Debattartikel om att kandidera f\u00f6r POSK - STIFTSF\u00d6RENING Visby","robots":{"index":"index","follow":"follow","max-snippet":"max-snippet:-1","max-image-preview":"max-image-preview:large","max-video-preview":"max-video-preview:-1"},"canonical":"https:\/\/www.posk.se\/visbystift\/kyrkovalet-2021\/debattartikel-om-att-kandidera-for-posk\/","og_locale":"sv_SE","og_type":"article","og_title":"Debattartikel om att kandidera f\u00f6r POSK - STIFTSF\u00d6RENING Visby","og_description":"Ins\u00e4ndare i Gotlandspressen februari 2021 &nbsp; Snart \u00e4r det kyrkoval. Den 19 september \u00e4r det kyrkoval. D\u00e5 utser v\u00e4ljarna, vilka som skall ing\u00e5 i kyrkofullm\u00e4ktige f\u00f6r f\u00f6rsamlingarna, i stiftsfullm\u00e4ktige samt i kyrkom\u00f6tet. Vi har ju i kyrkans v\u00e4rld inte politiska partier utan nomineringsgrupper. Vi v\u00e4lkomnar de samlingslistor som finns p\u00e5 m\u00e5nga h\u00e5ll p\u00e5 Gotland f\u00f6r [&hellip;]","og_url":"https:\/\/www.posk.se\/visbystift\/kyrkovalet-2021\/debattartikel-om-att-kandidera-for-posk\/","og_site_name":"STIFTSF\u00d6RENING Visby","twitter_card":"summary_large_image","twitter_misc":{"Ber\u00e4knad l\u00e4stid":"2 minuter"},"schema":{"@context":"https:\/\/schema.org","@graph":[{"@type":"WebPage","@id":"https:\/\/www.posk.se\/visbystift\/kyrkovalet-2021\/debattartikel-om-att-kandidera-for-posk\/","url":"https:\/\/www.posk.se\/visbystift\/kyrkovalet-2021\/debattartikel-om-att-kandidera-for-posk\/","name":"Debattartikel om att kandidera f\u00f6r POSK - STIFTSF\u00d6RENING Visby","isPartOf":{"@id":"https:\/\/www.posk.se\/visbystift\/#website"},"datePublished":"2021-09-03T08:23:02+00:00","breadcrumb":{"@id":"https:\/\/www.posk.se\/visbystift\/kyrkovalet-2021\/debattartikel-om-att-kandidera-for-posk\/#breadcrumb"},"inLanguage":"sv-SE","potentialAction":[{"@type":"ReadAction","target":["https:\/\/www.posk.se\/visbystift\/kyrkovalet-2021\/debattartikel-om-att-kandidera-for-posk\/"]}]},{"@type":"BreadcrumbList","@id":"https:\/\/www.posk.se\/visbystift\/kyrkovalet-2021\/debattartikel-om-att-kandidera-for-posk\/#breadcrumb","itemListElement":[{"@type":"ListItem","position":1,"name":"Hem","item":"https:\/\/www.posk.se\/visbystift\/"},{"@type":"ListItem","position":2,"name":"Kyrkovalet 2021","item":"https:\/\/www.posk.se\/visbystift\/kyrkovalet-2021\/"},{"@type":"ListItem","position":3,"name":"Debattartikel om att kandidera f\u00f6r POSK"}]},{"@type":"WebSite","@id":"https:\/\/www.posk.se\/visbystift\/#website","url":"https:\/\/www.posk.se\/visbystift\/","name":"STIFTSF\u00d6RENING Visby","description":"Stiftsf\u00f6reningen f\u00f6r POSK i Visby stift","potentialAction":[{"@type":"SearchAction","target":{"@type":"EntryPoint","urlTemplate":"https:\/\/www.posk.se\/visbystift\/?s={search_term_string}"},"query-input":{"@type":"PropertyValueSpecification","valueRequired":true,"valueName":"search_term_string"}}],"inLanguage":"sv-SE"}]}},"_links":{"self":[{"href":"https:\/\/www.posk.se\/visbystift\/wp-json\/wp\/v2\/pages\/509","targetHints":{"allow":["GET"]}}],"collection":[{"href":"https:\/\/www.posk.se\/visbystift\/wp-json\/wp\/v2\/pages"}],"about":[{"href":"https:\/\/www.posk.se\/visbystift\/wp-json\/wp\/v2\/types\/page"}],"author":[{"embeddable":true,"href":"https:\/\/www.posk.se\/visbystift\/wp-json\/wp\/v2\/users\/1357"}],"replies":[{"embeddable":true,"href":"https:\/\/www.posk.se\/visbystift\/wp-json\/wp\/v2\/comments?post=509"}],"version-history":[{"count":2,"href":"https:\/\/www.posk.se\/visbystift\/wp-json\/wp\/v2\/pages\/509\/revisions"}],"predecessor-version":[{"id":511,"href":"https:\/\/www.posk.se\/visbystift\/wp-json\/wp\/v2\/pages\/509\/revisions\/511"}],"up":[{"embeddable":true,"href":"https:\/\/www.posk.se\/visbystift\/wp-json\/wp\/v2\/pages\/277"}],"wp:attachment":[{"href":"https:\/\/www.posk.se\/visbystift\/wp-json\/wp\/v2\/media?parent=509"}],"curies":[{"name":"wp","href":"https:\/\/api.w.org\/{rel}","templated":true}]}}