{"id":134,"date":"2020-01-07T22:02:04","date_gmt":"2020-01-07T21:02:04","guid":{"rendered":"https:\/\/www.posk.se\/visbystift\/?page_id=134"},"modified":"2020-09-16T07:30:20","modified_gmt":"2020-09-16T05:30:20","slug":"__trashed","status":"publish","type":"page","link":"https:\/\/www.posk.se\/visbystift\/startsidan-2\/__trashed\/","title":{"rendered":"Rapporter fr\u00e5n m\u00f6ten"},"content":{"rendered":"<p><strong><span class=\"s2\">Rapport fr\u00e5n kyrkom\u00f6tet 2000: \u00c5rets kyrkom\u00f6te inte v\u00e4rt att kallas kyrkom\u00f6te<\/span><\/strong><\/p>\n<p>\u00c5rets Kyrkom\u00f6te f\u00f6rtj\u00e4nar inte att ben\u00e4mnas Kyrkom\u00f6te. 251 ledam\u00f6ter reduceras till 44; 44 ledam\u00f6ter som kommer att m\u00f6tas digitalt. D\u00e4rmed s\u00e5 f\u00f6rsvinner m\u00f6jligheterna till \u00f6verl\u00e4ggningar i fikapauser och under m\u00e5ltider. Det \u00e4r en r\u00e5sop mot den \u00f6ppna demokratin att g\u00f6ra p\u00e5 det h\u00e4r s\u00e4ttet. POSK (Partipolitiskt obundna i Svenska Kyrkan) ville att \u00e5rets Kyrkom\u00f6te p\u00e5 grund av Coronapandemin skulle st\u00e4llas in. Tyv\u00e4rr fick vi inte tillr\u00e4ckligt st\u00f6d f\u00f6r det; inte minst de politiska partierna var motst\u00e5ndare.<\/p>\n<p>Det \u00e4r \u00e4n mer h\u00e4pnadsv\u00e4ckande att kyrkostyrelsen till ett s\u00e5 rumphugget kyrkom\u00f6te inte begr\u00e4nsar sina f\u00f6rslag. Flera st\u00f6rre utredningar f\u00f6resl\u00e5s. Hos POSK-ledam\u00f6terna har f\u00f6rslaget om en ny stiftsutredning v\u00e4ckt stor irritation och har resulterat i en motion.<\/p>\n<p>POSK-gruppen i kyrkom\u00f6tet har arbetat intensivt undersommaren. Det har resulterat i fyra motioner. Jag \u00e4r med p\u00e5 tv\u00e5 av dem. F\u00f6rst och fr\u00e4mst den om att p\u00e5b\u00f6rja en ny stor stiftsutredning. Det f\u00f6refaller att det h\u00e4r \u00e4r en hastigt p\u00e5kommen id\u00e9: n\u00e4r kyrkostyrelsens arbetsutskott m\u00f6tte stiftspresidierna fanns inte fr\u00e5gan med. Och det \u00e4r v\u00e4l inte en kvalificerad gissning att Visby stift i s\u00e5 fall \u00e4n en g\u00e5ng skulle leva farligt. POSK-ledam\u00f6ter fr\u00e5n samtliga stift finns med som undertecknare. Stiften utg\u00f6r en gemenskap f\u00f6r f\u00f6rsamlingarna och en brygga till nationell niv\u00e5. Stiften spelar en stor roll f\u00f6r det kyrkliga kulturarvet. Stiftens uppgift i relation till s\u00e5v\u00e4l f\u00f6rsamlingar som nationell niv\u00e5 kan d\u00e4remot beh\u00f6va belysas och f\u00f6rtydligas.<\/p>\n<p>Den andra motionen som jag \u00e4r med p\u00e5 handlar om kyrkans kapitalavkastning. Den \u00e4r ansenlig. Vi POSK:are anser att detkapitalet ska anv\u00e4ndas f\u00f6r att st\u00e4rka kyrkans roll i samh\u00e4llet efter pandemin, n\u00e4r vi vet att behoven \u00e4r stora. Vi anser ocks\u00e5 att det ska finnas en l\u00e5ngsiktig strategi f\u00f6r anv\u00e4ndandet av kapitalavkastningen.<\/p>\n<p>Kyrkostyrelsen vill ocks\u00e5 centralisera ett antal funktioner. F\u00f6r mig tyder det p\u00e5 en str\u00e4van mot att f\u00f6rs\u00f6ka etablera \u201dkyrkans huvudkontor\u201d, vilket \u00e4r helt bef\u00e4ngt. Svenska Kyrkans grund vilar p\u00e5 f\u00f6rsamlingen som sj\u00e4lvstyrande enhet. Dess verksamhet bygger p\u00e5 f\u00f6rsamlingens n\u00e4ra relation till medlemmarna. Det \u00e4r p\u00e5 den niv\u00e5n vi \u00e4r kyrka i dagens samh\u00e4lle i v\u00e5r tid. Ingenting annat.<\/p>\n<p>Jag kommer att med stort engagemang delta p\u00e5 POSK\u2019s gruppm\u00f6ten under kyrkom\u00f6tet f\u00f6r att i alla fall p\u00e5 det s\u00e4ttet kunna vara med och p\u00e5verka. Det \u00e4r s\u00e5 l\u00e5ng mitt mandat som ledamot av Svenska kyrkans h\u00f6gsta beslutande organ str\u00e4cker sig nu.<\/p>\n<p>&nbsp;<\/p>\n<p class=\"s3\">Inger Harlevi<\/p>\n<p>Kyrkom\u00f6tesledamot f\u00f6r POSK<\/p>\n<p>&nbsp;<\/p>\n","protected":false},"excerpt":{"rendered":"<p>Rapport fr\u00e5n kyrkom\u00f6tet 2000: \u00c5rets kyrkom\u00f6te inte v\u00e4rt att kallas kyrkom\u00f6te \u00c5rets Kyrkom\u00f6te f\u00f6rtj\u00e4nar inte att ben\u00e4mnas Kyrkom\u00f6te. 251 ledam\u00f6ter reduceras till 44; 44 ledam\u00f6ter som kommer att m\u00f6tas digitalt. D\u00e4rmed s\u00e5 f\u00f6rsvinner m\u00f6jligheterna till \u00f6verl\u00e4ggningar i fikapauser och under m\u00e5ltider. Det \u00e4r en r\u00e5sop mot den \u00f6ppna demokratin att g\u00f6ra p\u00e5 det h\u00e4r s\u00e4ttet. [&hellip;]<\/p>\n","protected":false},"author":1357,"featured_media":0,"parent":20,"menu_order":0,"comment_status":"closed","ping_status":"closed","template":"page-templates\/page-sidebar-left.php","meta":{"_acf_changed":false,"footnotes":""},"class_list":["post-134","page","type-page","status-publish","hentry"],"acf":[],"yoast_head":"<!-- This site is optimized with the Yoast SEO plugin v24.9 - https:\/\/yoast.com\/wordpress\/plugins\/seo\/ -->\n<title>Rapporter fr\u00e5n m\u00f6ten - STIFTSF\u00d6RENING Visby<\/title>\n<meta name=\"robots\" content=\"index, follow, max-snippet:-1, max-image-preview:large, max-video-preview:-1\" \/>\n<link rel=\"canonical\" href=\"https:\/\/www.posk.se\/visbystift\/startsidan-2\/__trashed\/\" \/>\n<meta property=\"og:locale\" content=\"sv_SE\" \/>\n<meta property=\"og:type\" content=\"article\" \/>\n<meta property=\"og:title\" content=\"Rapporter fr\u00e5n m\u00f6ten - STIFTSF\u00d6RENING Visby\" \/>\n<meta property=\"og:description\" content=\"Rapport fr\u00e5n kyrkom\u00f6tet 2000: \u00c5rets kyrkom\u00f6te inte v\u00e4rt att kallas kyrkom\u00f6te \u00c5rets Kyrkom\u00f6te f\u00f6rtj\u00e4nar inte att ben\u00e4mnas Kyrkom\u00f6te. 251 ledam\u00f6ter reduceras till 44; 44 ledam\u00f6ter som kommer att m\u00f6tas digitalt. D\u00e4rmed s\u00e5 f\u00f6rsvinner m\u00f6jligheterna till \u00f6verl\u00e4ggningar i fikapauser och under m\u00e5ltider. Det \u00e4r en r\u00e5sop mot den \u00f6ppna demokratin att g\u00f6ra p\u00e5 det h\u00e4r s\u00e4ttet. [&hellip;]\" \/>\n<meta property=\"og:url\" content=\"https:\/\/www.posk.se\/visbystift\/startsidan-2\/__trashed\/\" \/>\n<meta property=\"og:site_name\" content=\"STIFTSF\u00d6RENING Visby\" \/>\n<meta property=\"article:modified_time\" content=\"2020-09-16T05:30:20+00:00\" \/>\n<meta name=\"twitter:card\" content=\"summary_large_image\" \/>\n<meta name=\"twitter:label1\" content=\"Ber\u00e4knad l\u00e4stid\" \/>\n\t<meta name=\"twitter:data1\" content=\"2 minuter\" \/>\n<script type=\"application\/ld+json\" class=\"yoast-schema-graph\">{\"@context\":\"https:\/\/schema.org\",\"@graph\":[{\"@type\":\"WebPage\",\"@id\":\"https:\/\/www.posk.se\/visbystift\/startsidan-2\/__trashed\/\",\"url\":\"https:\/\/www.posk.se\/visbystift\/startsidan-2\/__trashed\/\",\"name\":\"Rapporter fr\u00e5n m\u00f6ten - STIFTSF\u00d6RENING Visby\",\"isPartOf\":{\"@id\":\"https:\/\/www.posk.se\/visbystift\/#website\"},\"datePublished\":\"2020-01-07T21:02:04+00:00\",\"dateModified\":\"2020-09-16T05:30:20+00:00\",\"breadcrumb\":{\"@id\":\"https:\/\/www.posk.se\/visbystift\/startsidan-2\/__trashed\/#breadcrumb\"},\"inLanguage\":\"sv-SE\",\"potentialAction\":[{\"@type\":\"ReadAction\",\"target\":[\"https:\/\/www.posk.se\/visbystift\/startsidan-2\/__trashed\/\"]}]},{\"@type\":\"BreadcrumbList\",\"@id\":\"https:\/\/www.posk.se\/visbystift\/startsidan-2\/__trashed\/#breadcrumb\",\"itemListElement\":[{\"@type\":\"ListItem\",\"position\":1,\"name\":\"Hem\",\"item\":\"https:\/\/www.posk.se\/visbystift\/\"},{\"@type\":\"ListItem\",\"position\":2,\"name\":\"Startsida\",\"item\":\"https:\/\/www.posk.se\/visbystift\/\"},{\"@type\":\"ListItem\",\"position\":3,\"name\":\"Rapporter fr\u00e5n m\u00f6ten\"}]},{\"@type\":\"WebSite\",\"@id\":\"https:\/\/www.posk.se\/visbystift\/#website\",\"url\":\"https:\/\/www.posk.se\/visbystift\/\",\"name\":\"STIFTSF\u00d6RENING Visby\",\"description\":\"Stiftsf\u00f6reningen f\u00f6r POSK i Visby stift\",\"potentialAction\":[{\"@type\":\"SearchAction\",\"target\":{\"@type\":\"EntryPoint\",\"urlTemplate\":\"https:\/\/www.posk.se\/visbystift\/?s={search_term_string}\"},\"query-input\":{\"@type\":\"PropertyValueSpecification\",\"valueRequired\":true,\"valueName\":\"search_term_string\"}}],\"inLanguage\":\"sv-SE\"}]}<\/script>\n<!-- \/ Yoast SEO plugin. -->","yoast_head_json":{"title":"Rapporter fr\u00e5n m\u00f6ten - STIFTSF\u00d6RENING Visby","robots":{"index":"index","follow":"follow","max-snippet":"max-snippet:-1","max-image-preview":"max-image-preview:large","max-video-preview":"max-video-preview:-1"},"canonical":"https:\/\/www.posk.se\/visbystift\/startsidan-2\/__trashed\/","og_locale":"sv_SE","og_type":"article","og_title":"Rapporter fr\u00e5n m\u00f6ten - STIFTSF\u00d6RENING Visby","og_description":"Rapport fr\u00e5n kyrkom\u00f6tet 2000: \u00c5rets kyrkom\u00f6te inte v\u00e4rt att kallas kyrkom\u00f6te \u00c5rets Kyrkom\u00f6te f\u00f6rtj\u00e4nar inte att ben\u00e4mnas Kyrkom\u00f6te. 251 ledam\u00f6ter reduceras till 44; 44 ledam\u00f6ter som kommer att m\u00f6tas digitalt. D\u00e4rmed s\u00e5 f\u00f6rsvinner m\u00f6jligheterna till \u00f6verl\u00e4ggningar i fikapauser och under m\u00e5ltider. Det \u00e4r en r\u00e5sop mot den \u00f6ppna demokratin att g\u00f6ra p\u00e5 det h\u00e4r s\u00e4ttet. [&hellip;]","og_url":"https:\/\/www.posk.se\/visbystift\/startsidan-2\/__trashed\/","og_site_name":"STIFTSF\u00d6RENING Visby","article_modified_time":"2020-09-16T05:30:20+00:00","twitter_card":"summary_large_image","twitter_misc":{"Ber\u00e4knad l\u00e4stid":"2 minuter"},"schema":{"@context":"https:\/\/schema.org","@graph":[{"@type":"WebPage","@id":"https:\/\/www.posk.se\/visbystift\/startsidan-2\/__trashed\/","url":"https:\/\/www.posk.se\/visbystift\/startsidan-2\/__trashed\/","name":"Rapporter fr\u00e5n m\u00f6ten - STIFTSF\u00d6RENING Visby","isPartOf":{"@id":"https:\/\/www.posk.se\/visbystift\/#website"},"datePublished":"2020-01-07T21:02:04+00:00","dateModified":"2020-09-16T05:30:20+00:00","breadcrumb":{"@id":"https:\/\/www.posk.se\/visbystift\/startsidan-2\/__trashed\/#breadcrumb"},"inLanguage":"sv-SE","potentialAction":[{"@type":"ReadAction","target":["https:\/\/www.posk.se\/visbystift\/startsidan-2\/__trashed\/"]}]},{"@type":"BreadcrumbList","@id":"https:\/\/www.posk.se\/visbystift\/startsidan-2\/__trashed\/#breadcrumb","itemListElement":[{"@type":"ListItem","position":1,"name":"Hem","item":"https:\/\/www.posk.se\/visbystift\/"},{"@type":"ListItem","position":2,"name":"Startsida","item":"https:\/\/www.posk.se\/visbystift\/"},{"@type":"ListItem","position":3,"name":"Rapporter fr\u00e5n m\u00f6ten"}]},{"@type":"WebSite","@id":"https:\/\/www.posk.se\/visbystift\/#website","url":"https:\/\/www.posk.se\/visbystift\/","name":"STIFTSF\u00d6RENING Visby","description":"Stiftsf\u00f6reningen f\u00f6r POSK i Visby stift","potentialAction":[{"@type":"SearchAction","target":{"@type":"EntryPoint","urlTemplate":"https:\/\/www.posk.se\/visbystift\/?s={search_term_string}"},"query-input":{"@type":"PropertyValueSpecification","valueRequired":true,"valueName":"search_term_string"}}],"inLanguage":"sv-SE"}]}},"_links":{"self":[{"href":"https:\/\/www.posk.se\/visbystift\/wp-json\/wp\/v2\/pages\/134","targetHints":{"allow":["GET"]}}],"collection":[{"href":"https:\/\/www.posk.se\/visbystift\/wp-json\/wp\/v2\/pages"}],"about":[{"href":"https:\/\/www.posk.se\/visbystift\/wp-json\/wp\/v2\/types\/page"}],"author":[{"embeddable":true,"href":"https:\/\/www.posk.se\/visbystift\/wp-json\/wp\/v2\/users\/1357"}],"replies":[{"embeddable":true,"href":"https:\/\/www.posk.se\/visbystift\/wp-json\/wp\/v2\/comments?post=134"}],"version-history":[{"count":9,"href":"https:\/\/www.posk.se\/visbystift\/wp-json\/wp\/v2\/pages\/134\/revisions"}],"predecessor-version":[{"id":183,"href":"https:\/\/www.posk.se\/visbystift\/wp-json\/wp\/v2\/pages\/134\/revisions\/183"}],"up":[{"embeddable":true,"href":"https:\/\/www.posk.se\/visbystift\/wp-json\/wp\/v2\/pages\/20"}],"wp:attachment":[{"href":"https:\/\/www.posk.se\/visbystift\/wp-json\/wp\/v2\/media?parent=134"}],"curies":[{"name":"wp","href":"https:\/\/api.w.org\/{rel}","templated":true}]}}