{"version":"1.0","provider_name":"STIFTSF\u00d6RENING Visby","provider_url":"https:\/\/www.posk.se\/visbystift","author_name":"rolandengkvist","author_url":"https:\/\/www.posk.se\/visbystift\/author\/rolandengkvist\/","title":"Debattartikel Vad f\u00e5r du f\u00f6r din kyrkoavgift? - STIFTSF\u00d6RENING Visby","type":"rich","width":600,"height":338,"html":"<blockquote class=\"wp-embedded-content\" data-secret=\"5xtOqdWPLo\"><a href=\"https:\/\/www.posk.se\/visbystift\/kyrkovalet-2021\/debattartikel-vad-far-du-for-din-kyrkoavgift\/\">Debattartikel Vad f\u00e5r du f\u00f6r din kyrkoavgift?<\/a><\/blockquote><iframe sandbox=\"allow-scripts\" security=\"restricted\" src=\"https:\/\/www.posk.se\/visbystift\/kyrkovalet-2021\/debattartikel-vad-far-du-for-din-kyrkoavgift\/embed\/#?secret=5xtOqdWPLo\" width=\"600\" height=\"338\" title=\"\u201dDebattartikel Vad f\u00e5r du f\u00f6r din kyrkoavgift?\u201d &ndash; STIFTSF\u00d6RENING Visby\" data-secret=\"5xtOqdWPLo\" frameborder=\"0\" marginwidth=\"0\" marginheight=\"0\" scrolling=\"no\" class=\"wp-embedded-content\"><\/iframe><script type=\"text\/javascript\">\n\/* <![CDATA[ *\/\n\/*! This file is auto-generated *\/\n!function(d,l){\"use strict\";l.querySelector&&d.addEventListener&&\"undefined\"!=typeof URL&&(d.wp=d.wp||{},d.wp.receiveEmbedMessage||(d.wp.receiveEmbedMessage=function(e){var t=e.data;if((t||t.secret||t.message||t.value)&&!\/[^a-zA-Z0-9]\/.test(t.secret)){for(var s,r,n,a=l.querySelectorAll('iframe[data-secret=\"'+t.secret+'\"]'),o=l.querySelectorAll('blockquote[data-secret=\"'+t.secret+'\"]'),c=new RegExp(\"^https?:$\",\"i\"),i=0;i<o.length;i++)o[i].style.display=\"none\";for(i=0;i<a.length;i++)s=a[i],e.source===s.contentWindow&&(s.removeAttribute(\"style\"),\"height\"===t.message?(1e3<(r=parseInt(t.value,10))?r=1e3:~~r<200&&(r=200),s.height=r):\"link\"===t.message&&(r=new URL(s.getAttribute(\"src\")),n=new URL(t.value),c.test(n.protocol))&&n.host===r.host&&l.activeElement===s&&(d.top.location.href=t.value))}},d.addEventListener(\"message\",d.wp.receiveEmbedMessage,!1),l.addEventListener(\"DOMContentLoaded\",function(){for(var e,t,s=l.querySelectorAll(\"iframe.wp-embedded-content\"),r=0;r<s.length;r++)(t=(e=s[r]).getAttribute(\"data-secret\"))||(t=Math.random().toString(36).substring(2,12),e.src+=\"#?secret=\"+t,e.setAttribute(\"data-secret\",t)),e.contentWindow.postMessage({message:\"ready\",secret:t},\"*\")},!1)))}(window,document);\n\/* ]]> *\/\n<\/script>\n","description":"Publicerad i Gotlandsmedia den 1 september 2021 Varf\u00f6r ska du vara medlem i Svenska kyrkan? Svenska kyrkans engagemang sp\u00e4nner \u00f6ver m\u00e5nga omr\u00e5den och f\u00f6ljer oss genom livet. Vi v\u00e4nder oss ofta till kyrkan n\u00e4r livet \u00e4r som sv\u00e5rast eller n\u00e4r vi \u00e4r som lyckligast. Vi v\u00e4nder oss ofta till kyrkan n\u00e4r vi \u00e4r i bottenl\u00f6s [&hellip;]"}