{"id":392,"date":"2021-06-28T23:35:15","date_gmt":"2021-06-28T21:35:15","guid":{"rendered":"https:\/\/www.posk.se\/uppsala\/?page_id=392"},"modified":"2025-12-11T15:32:06","modified_gmt":"2025-12-11T14:32:06","slug":"debattartiklar","status":"publish","type":"page","link":"https:\/\/www.posk.se\/uppsala\/debattartiklar\/","title":{"rendered":"Debattartiklar"},"content":{"rendered":"<h3><strong><span style=\"color: #ff0000\">Dags f\u00f6r de politiska partierna att l\u00e4mna kyrkan<\/span><\/strong><br \/>\n(Publicerad i UNT 21 augusti 2025)<\/h3>\n<p><img loading=\"lazy\" decoding=\"async\" class=\" wp-image-543\" src=\"https:\/\/www.posk.se\/uppsala\/wp-content\/uploads\/sites\/180\/2025\/08\/posk-debattartikel-unt-250821-300x243.jpeg\" alt=\"\" width=\"321\" height=\"260\" srcset=\"https:\/\/www.posk.se\/uppsala\/wp-content\/uploads\/sites\/180\/2025\/08\/posk-debattartikel-unt-250821-300x243.jpeg 300w, https:\/\/www.posk.se\/uppsala\/wp-content\/uploads\/sites\/180\/2025\/08\/posk-debattartikel-unt-250821-1024x830.jpeg 1024w, https:\/\/www.posk.se\/uppsala\/wp-content\/uploads\/sites\/180\/2025\/08\/posk-debattartikel-unt-250821-768x623.jpeg 768w, https:\/\/www.posk.se\/uppsala\/wp-content\/uploads\/sites\/180\/2025\/08\/posk-debattartikel-unt-250821-330x268.jpeg 330w, https:\/\/www.posk.se\/uppsala\/wp-content\/uploads\/sites\/180\/2025\/08\/posk-debattartikel-unt-250821.jpeg 1524w\" sizes=\"auto, (max-width: 321px) 100vw, 321px\" \/><\/p>\n<p>Svenska kyrkan skildes fr\u00e5n staten f\u00f6r 25 \u00e5r sedan. Tanken var att kyrkan inte l\u00e4ngre skulle vara en del av det politiska systemet i Sverige utan ha en sj\u00e4lvst\u00e4ndig roll i likhet med \u00f6vriga trossamfund och andra akt\u00f6rer i samh\u00e4llet. Kyrkans medlemmar skulle genom sina egna personliga engagemang och intressen styra kyrkan och dess utveckling.<\/p>\n<p>M\u00e5nga har accepterat beslutet och anpassat sig till de nya f\u00f6ruts\u00e4ttningarna. Tre politiska partier &#8211; Centerpartiet, Socialdemokraterna och Sverigedemokraterna &#8211; har dessv\u00e4rre inte accepterat konsekvenserna av beslutet. De f\u00f6rs\u00f6ker fortfarande beh\u00e5lla sitt partipolitiska grepp om kyrkan. Det har i grunden att g\u00f6ra med makt som partipolitik i grunden handlar om. F\u00f6ljden har blivit att delar av det partipolitiska systemets negativa sidor har blivit kvar inom kyrkan.<\/p>\n<p>D\u00e4rigenom blir det naturligt att ta med det politiska s\u00e4ttet att arbeta till kyrkan. Det inneb\u00e4r att st\u00e4lla olika politiska ideologier mot varandra, f\u00f6rs\u00f6ka skapa majoriteter och man\u00f6vrera f\u00f6r att den egna politiska ideologin skall kunna f\u00e5 genomslag ocks\u00e5 inom Svenska kyrkan. Valr\u00f6relsen inf\u00f6r kyrkovalen f\u00e5r f\u00f6r de politiska partierna extra styrka genom att den kan drivas med ekonomiskt och praktiskt underst\u00f6d fr\u00e5n partiorganisationen. Andra grupper som vill engagera sig som f\u00f6rtroendevalda kan inte r\u00e4kna med n\u00e5got s\u00e5dant underst\u00f6d, och ges d\u00e4rf\u00f6r s\u00e4mre f\u00f6ruts\u00e4ttningar att f\u00e5 fram sina budskap.<\/p>\n<p>Anna-Karin Hatt, Magdalena Andersson, Jimmie \u00c5kesson och deras politiska kollegor har en utomordentligt viktig uppgift i samh\u00e4llet, att representera sina v\u00e4ljare i de politiska organisationer &#8211; riksdag, regioner och kommuner &#8211; till vilka de \u00e4r valda. De \u00e4r hj\u00e4rtligt v\u00e4lkomna att ocks\u00e5 personligen engagera sig i Svenska kyrkan, men de ska h\u00e5lla sina politiska partier borta fr\u00e5n kyrkan. Lojaliteten f\u00f6r dem som verkar inom kyrkan ska vara kyrkans tro, bek\u00e4nnelse och l\u00e4ra, inte politiska ideologier, politiska partier och partiledare. Vi bejakar till fullo v\u00e5rt svenska demokratiska system. Vi ser det som en r\u00e4tt och en skyldighet f\u00f6r alla att sj\u00e4lva utnyttja sin r\u00f6str\u00e4tt till riksdag, region och kommun. Men var sak ska vara p\u00e5 sin plats!<\/p>\n<p>21 september \u00e4r det kyrkoval. Vi hoppas att v\u00e4jarna vill ge uttryck f\u00f6r en positiv utveckling av Svenska kyrkan genom att l\u00e4gga sina r\u00f6ster p\u00e5 de nomineringsgrupper som inte bygger sin grund p\u00e5 partipolitisk tillh\u00f6righet. Inf\u00f6r f\u00f6rra kyrkovalet 2021 uttryckte flera av Svenska kyrkans tidigare \u00e4rkebiskopar att utvecklingen inte har varit optimal sedan \u00e5r 2000. \u00c4rkebiskop emeritus KG Hammar menade att \u201dPartipolitiken \u00e4r destruktiv f\u00f6r kyrkan\u201d (Dagen 2021-07-29).<\/p>\n<p>V\u00e5r nomineringsgrupp &#8211; Partipolitiskt obundna i Svenska kyrkan (POSK) &#8211; vill att det ska vara kyrkan och dess medlemmar som s\u00e4tter m\u00e5len och ambitionerna i st\u00e4llet f\u00f6r politiska ideologier och politiska partier. Vi uppskattar och har ett bra samarbete med f\u00f6rtroendevalda ur de partipolitiska nomineringsgrupperna, men deras politiska partier har inget positivt att tillf\u00f6ra till det samarbetet. Vi menar att det \u00e4r m\u00e4nniskor som \u00e4r intresserade och villiga att aktivt engagera sig i Svenska kyrkan, utan partipolitisk p\u00e5verkan, som s\u00e4krast leder till m\u00e5let.<\/p>\n<p>Vi verkar f\u00f6r en kyrka d\u00e4r partipolitiken h\u00e5lls utanf\u00f6r och att Svenska kyrkan i st\u00e4llet pr\u00e4glas av m\u00e5ngfald och respekt d\u00e4r alla tillsammans str\u00e4var efter att uppn\u00e5 kyrkans syften och m\u00e5ls\u00e4ttningar.<\/p>\n<p>Anders Br\u00e4nnstr\u00f6m, Partipolitiskt Obundna i Svenska kyrkan<\/p>\n<p>Martin Nilsson, Partipolitiskt Obundna i Svenska kyrkan, Uppsala<\/p>\n<h3><strong><span style=\"color: #ff0000\">Kyrkan \u00e4r ingen plats att leka riksdag<\/span><\/strong><br \/>\n(Publiserad i UNT 9 juli 2021)<\/h3>\n<p><img loading=\"lazy\" decoding=\"async\" class=\"alignnone size-medium wp-image-471\" src=\"https:\/\/www.posk.se\/uppsala\/wp-content\/uploads\/sites\/180\/2021\/07\/unt-9-juli-2021-288x300.jpg\" alt=\"\" width=\"288\" height=\"300\" srcset=\"https:\/\/www.posk.se\/uppsala\/wp-content\/uploads\/sites\/180\/2021\/07\/unt-9-juli-2021-288x300.jpg 288w, https:\/\/www.posk.se\/uppsala\/wp-content\/uploads\/sites\/180\/2021\/07\/unt-9-juli-2021-983x1024.jpg 983w, https:\/\/www.posk.se\/uppsala\/wp-content\/uploads\/sites\/180\/2021\/07\/unt-9-juli-2021-768x800.jpg 768w, https:\/\/www.posk.se\/uppsala\/wp-content\/uploads\/sites\/180\/2021\/07\/unt-9-juli-2021-1474x1536.jpg 1474w, https:\/\/www.posk.se\/uppsala\/wp-content\/uploads\/sites\/180\/2021\/07\/unt-9-juli-2021-1965x2048.jpg 1965w, https:\/\/www.posk.se\/uppsala\/wp-content\/uploads\/sites\/180\/2021\/07\/unt-9-juli-2021-330x344.jpg 330w\" sizes=\"auto, (max-width: 288px) 100vw, 288px\" \/><\/p>\n<h3><strong><span style=\"color: #ff0000\">Ingen framtid utan ideellt engagemang i Svenska kyrkan<\/span><br \/>\n<\/strong>(Publicerad i Kyrkans Tidning nr 25\/26, 2021)<\/h3>\n<p>&nbsp;<\/p>\n<p>&nbsp;<\/p>\n<p>&nbsp;<\/p>\n<p><img loading=\"lazy\" decoding=\"async\" class=\"alignnone size-medium wp-image-440\" src=\"https:\/\/www.posk.se\/uppsala\/wp-content\/uploads\/sites\/180\/2021\/06\/kt-nr-25-26-2021-277x300.jpg\" alt=\"\" width=\"277\" height=\"300\" srcset=\"https:\/\/www.posk.se\/uppsala\/wp-content\/uploads\/sites\/180\/2021\/06\/kt-nr-25-26-2021-277x300.jpg 277w, https:\/\/www.posk.se\/uppsala\/wp-content\/uploads\/sites\/180\/2021\/06\/kt-nr-25-26-2021-768x833.jpg 768w, https:\/\/www.posk.se\/uppsala\/wp-content\/uploads\/sites\/180\/2021\/06\/kt-nr-25-26-2021-330x358.jpg 330w, https:\/\/www.posk.se\/uppsala\/wp-content\/uploads\/sites\/180\/2021\/06\/kt-nr-25-26-2021.jpg 796w\" sizes=\"auto, (max-width: 277px) 100vw, 277px\" \/><\/p>\n<p>F\u00f6r drygt 20 \u00e5r sedan \u00e4ndrades relationen mellan Svenska kyrkan och staten. \u00c4ven om vissa band fortfarande finns kvar \u00e4r Svenska kyrkan nu en egen organisation. Det betyder att vi som har ansvar i kyrkan b\u00e5de kan och m\u00e5ste t\u00e4nka nytt i m\u00e5nga avseenden samtidigt som vi bevarar det som \u00e4r v\u00e5r k\u00e4rna.<\/p>\n<p>V\u00e5r uppfattning \u00e4r att ideellt engagemang kommer att spela en \u00e4nnu st\u00f6rre roll i Svenska kyrkan i framtiden. Anst\u00e4llda kan inte ensamma bygga livskraftiga f\u00f6rsamlingar, och d\u00e4rf\u00f6r m\u00e5ste ideellt engagemang uppmuntras och ideella m\u00e5ste ges goda f\u00f6ruts\u00e4ttningar att utf\u00f6ra sina viktiga uppdrag. En god relation mellan anst\u00e4llda och ideella \u00e4r fundamental. Vi arbetar alla f\u00f6r kyrkan, men p\u00e5 olika s\u00e4tt, och ideella och anst\u00e4llda m\u00e5ste komplettera varandra.<\/p>\n<p>Ett s\u00e4tt att belysa vikten av ideella medarbetare \u00e4r att anknyta till Svenska kyrkans grundl\u00e4ggande uppgift och dess fyra dimensioner \u2013 gudstj\u00e4nst, undervisning, diakoni och mission.<\/p>\n<p>I gudstj\u00e4nsten har de ideella en given plats som kan bli \u00e4nnu tydligare i framtiden. Den st\u00f6rsta gruppen ideellt engagerade i gudstj\u00e4nsten \u00e4r sannolikt k\u00f6rs\u00e5ngare och andra musikaliskt aktiva, som f\u00e5r m\u00f6jlighet att bidra till ett levande gudstj\u00e4nstliv genom att ge av sin tid. Kyrkomusikens betydelse kan inte nog understrykas, och det kr\u00e4vs resurser f\u00f6r att denna stora ideella arena ska kunna forts\u00e4tta att v\u00e4xa. Gudstj\u00e4nstgrupper \u00e4r ett annat exempel p\u00e5 ett sammanhang d\u00e4r m\u00e4nniskor kan g\u00f6ra betydande ideella insatser och p\u00e5 s\u00e5 vis fr\u00e4mja en \u00f6kad delaktighet. Att k\u00e4nna att man f\u00e5r bidra och g\u00f6ra skillnad i f\u00f6rsamlingens liv kan ge en starkare f\u00f6rankring och en breddad representation kan ocks\u00e5 berika gudstj\u00e4nsterna. Det finns m\u00e5nga exempel p\u00e5 f\u00f6rsamlingar som arbetar aktivt med detta och som skulle kunna utg\u00f6ra positiva f\u00f6rebilder f\u00f6r andra.<\/p>\n<p>Kyrkans undervisning skulle \u00e4ven den kunna berikas \u00e4n mer av ideella. I dag har vi en mycket stor grupp ungdomar som \u00e4r ideellt engagerade som ledare i konfirmandarbetet, och det \u00e4r en enorm tillg\u00e5ng f\u00f6r kyrkan att de finns med och tar stort ansvar f\u00f6r undervisningen tillsammans med anst\u00e4lld personal. H\u00e4r blir det tydligt hur viktigt det \u00e4r att olika perspektiv och erfarenheter f\u00e5r plats, och det skulle kunna fungera p\u00e5 liknande s\u00e4tt i andra delar av undervisningsuppdraget.<\/p>\n<p>Diakoni \u00e4r \u00e4nnu ett omr\u00e5de d\u00e4r ideella redan i dag g\u00f6r stora och betydande insatser i f\u00f6rsamlingarna, vilket inte minst har synliggjorts under coronapandemin. Behovet av st\u00f6d och hj\u00e4lp bland samh\u00e4llets mest utsatta grupper kommer att vara mycket stort \u00e4ven n\u00e4r pandemin \u00e4r \u00f6ver, och det \u00e4r ibland pl\u00e5gsamt tydligt att institutioner p\u00e5 till exempel kommunal niv\u00e5 inte sj\u00e4lva kan m\u00f6ta dessa behov. Svenska kyrkans diakonala arbete g\u00f6r d\u00e5 en viktig skillnad f\u00f6r m\u00e5nga m\u00e4nniskor, och behovet av ideellt engagerade p\u00e5 detta omr\u00e5de kommer sannolikt att bli allt st\u00f6rre. D\u00e4rf\u00f6r beh\u00f6vs tydliga satsningar och genomt\u00e4nkta arbetss\u00e4tt som hj\u00e4lper ideella att hitta sin roll i detta viktiga arbete.<\/p>\n<p>Mission ger kanske associationer till att kristna \u00e5kte till fr\u00e4mmande l\u00e4nder f\u00f6r att omv\u00e4nda m\u00e4nniskor, men i dag beh\u00f6ver missionen \u00e4ga rum p\u00e5 hemmaplan, i de sammanhang d\u00e4r vi alla finns. Med utg\u00e5ngspunkt i Jesu ord i missionsbefallningen om att g\u00e5 ut i v\u00e4rlden och g\u00f6ra alla m\u00e4nniskor till l\u00e4rjungar handlar det om att ge m\u00e4nniskor en m\u00f6jlighet att komma till tro, leva i tro och hitta en plats i kyrkans gemenskap. Detta kan inte ske om inte varje kristen i m\u00f6tet med andra ber\u00e4ttar om sin tro och om hur ett kristet liv kan se ut. Ideellt engagerade med sina olika kunskaper, erfarenheter och egenskaper kan st\u00e4rka Svenska kyrkans mission bland m\u00e4nniskor p\u00e5 ett s\u00e4tt som avg\u00f6rande kompletterar och st\u00e4rker det arbete som pr\u00e4ster, diakoner och andra anst\u00e4llda kan uppn\u00e5. Genom de ideellas kontaktytor i samh\u00e4llet kan nya m\u00e4nniskor och nya grupper av m\u00e4nniskor hitta v\u00e4gen till kyrkan och f\u00f6rsamlingsgemenskapen.<\/p>\n<p>POSK vill att ideella medarbetare efterfr\u00e5gas, utbildas, uppmuntras och ges ansvar i Svenska kyrkans f\u00f6rsamlingar. D\u00e4rigenom kan vi \u00f6ka m\u00e5ngfalden, kompetensen, arbetsinsatserna och d\u00e4rmed kraften i v\u00e5r kyrka.<\/p>\n<p>Detta vill vi i POSK arbeta f\u00f6r under mandatperioden 2022\u20132025 och i framtiden.<\/p>\n<p>R\u00f6sta p\u00e5 POSK i kyrkovalet 2021 \u2013 f\u00f6r Svenska kyrkans skull \u2013 och v\u00e4lkommen att vara ideellt engagerad!<\/p>\n<p>Anders Br\u00e4nnstr\u00f6m<\/p>\n<p>Emma Hedlundh<\/p>\n<p>M\u00e5rten Sundmark<\/p>\n<p>POSK i Uppsala stift<\/p>\n","protected":false},"excerpt":{"rendered":"<p>Dags f\u00f6r de politiska partierna att l\u00e4mna kyrkan (Publicerad i UNT 21 augusti 2025) Svenska kyrkan skildes fr\u00e5n staten f\u00f6r 25 \u00e5r sedan. Tanken var att kyrkan inte l\u00e4ngre skulle vara en del av det politiska systemet i Sverige utan ha en sj\u00e4lvst\u00e4ndig roll i likhet med \u00f6vriga trossamfund och andra akt\u00f6rer i samh\u00e4llet. Kyrkans [&hellip;]<\/p>\n","protected":false},"author":1356,"featured_media":0,"parent":0,"menu_order":0,"comment_status":"closed","ping_status":"closed","template":"page-templates\/page-sidebar-left.php","meta":{"_acf_changed":false,"footnotes":""},"class_list":["post-392","page","type-page","status-publish","hentry"],"acf":[],"yoast_head":"<!-- This site is optimized with the Yoast SEO plugin v24.9 - https:\/\/yoast.com\/wordpress\/plugins\/seo\/ -->\n<title>Debattartiklar - Uppsala<\/title>\n<meta name=\"robots\" content=\"index, follow, max-snippet:-1, max-image-preview:large, max-video-preview:-1\" \/>\n<link rel=\"canonical\" href=\"https:\/\/www.posk.se\/uppsala\/debattartiklar\/\" \/>\n<meta property=\"og:locale\" content=\"sv_SE\" \/>\n<meta property=\"og:type\" content=\"article\" \/>\n<meta property=\"og:title\" content=\"Debattartiklar - Uppsala\" \/>\n<meta property=\"og:description\" content=\"Dags f\u00f6r de politiska partierna att l\u00e4mna kyrkan (Publicerad i UNT 21 augusti 2025) Svenska kyrkan skildes fr\u00e5n staten f\u00f6r 25 \u00e5r sedan. Tanken var att kyrkan inte l\u00e4ngre skulle vara en del av det politiska systemet i Sverige utan ha en sj\u00e4lvst\u00e4ndig roll i likhet med \u00f6vriga trossamfund och andra akt\u00f6rer i samh\u00e4llet. Kyrkans [&hellip;]\" \/>\n<meta property=\"og:url\" content=\"https:\/\/www.posk.se\/uppsala\/debattartiklar\/\" \/>\n<meta property=\"og:site_name\" content=\"Uppsala\" \/>\n<meta property=\"article:modified_time\" content=\"2025-12-11T14:32:06+00:00\" \/>\n<meta property=\"og:image\" content=\"https:\/\/www.posk.se\/uppsala\/wp-content\/uploads\/sites\/180\/2025\/08\/posk-debattartikel-unt-250821.jpeg\" \/>\n\t<meta property=\"og:image:width\" content=\"1524\" \/>\n\t<meta property=\"og:image:height\" content=\"1236\" \/>\n\t<meta property=\"og:image:type\" content=\"image\/jpeg\" \/>\n<meta name=\"twitter:card\" content=\"summary_large_image\" \/>\n<meta name=\"twitter:label1\" content=\"Ber\u00e4knad l\u00e4stid\" \/>\n\t<meta name=\"twitter:data1\" content=\"7 minuter\" \/>\n<script type=\"application\/ld+json\" class=\"yoast-schema-graph\">{\"@context\":\"https:\/\/schema.org\",\"@graph\":[{\"@type\":\"WebPage\",\"@id\":\"https:\/\/www.posk.se\/uppsala\/debattartiklar\/\",\"url\":\"https:\/\/www.posk.se\/uppsala\/debattartiklar\/\",\"name\":\"Debattartiklar - Uppsala\",\"isPartOf\":{\"@id\":\"https:\/\/www.posk.se\/uppsala\/#website\"},\"primaryImageOfPage\":{\"@id\":\"https:\/\/www.posk.se\/uppsala\/debattartiklar\/#primaryimage\"},\"image\":{\"@id\":\"https:\/\/www.posk.se\/uppsala\/debattartiklar\/#primaryimage\"},\"thumbnailUrl\":\"https:\/\/www.posk.se\/uppsala\/wp-content\/uploads\/sites\/180\/2025\/08\/posk-debattartikel-unt-250821-300x243.jpeg\",\"datePublished\":\"2021-06-28T21:35:15+00:00\",\"dateModified\":\"2025-12-11T14:32:06+00:00\",\"breadcrumb\":{\"@id\":\"https:\/\/www.posk.se\/uppsala\/debattartiklar\/#breadcrumb\"},\"inLanguage\":\"sv-SE\",\"potentialAction\":[{\"@type\":\"ReadAction\",\"target\":[\"https:\/\/www.posk.se\/uppsala\/debattartiklar\/\"]}]},{\"@type\":\"ImageObject\",\"inLanguage\":\"sv-SE\",\"@id\":\"https:\/\/www.posk.se\/uppsala\/debattartiklar\/#primaryimage\",\"url\":\"https:\/\/www.posk.se\/uppsala\/wp-content\/uploads\/sites\/180\/2025\/08\/posk-debattartikel-unt-250821.jpeg\",\"contentUrl\":\"https:\/\/www.posk.se\/uppsala\/wp-content\/uploads\/sites\/180\/2025\/08\/posk-debattartikel-unt-250821.jpeg\",\"width\":1524,\"height\":1236,\"caption\":\"Screenshot\"},{\"@type\":\"BreadcrumbList\",\"@id\":\"https:\/\/www.posk.se\/uppsala\/debattartiklar\/#breadcrumb\",\"itemListElement\":[{\"@type\":\"ListItem\",\"position\":1,\"name\":\"Hem\",\"item\":\"https:\/\/www.posk.se\/uppsala\/\"},{\"@type\":\"ListItem\",\"position\":2,\"name\":\"Debattartiklar\"}]},{\"@type\":\"WebSite\",\"@id\":\"https:\/\/www.posk.se\/uppsala\/#website\",\"url\":\"https:\/\/www.posk.se\/uppsala\/\",\"name\":\"Uppsala\",\"description\":\"POSK-grupp i Uppsala stift\",\"potentialAction\":[{\"@type\":\"SearchAction\",\"target\":{\"@type\":\"EntryPoint\",\"urlTemplate\":\"https:\/\/www.posk.se\/uppsala\/?s={search_term_string}\"},\"query-input\":{\"@type\":\"PropertyValueSpecification\",\"valueRequired\":true,\"valueName\":\"search_term_string\"}}],\"inLanguage\":\"sv-SE\"}]}<\/script>\n<!-- \/ Yoast SEO plugin. -->","yoast_head_json":{"title":"Debattartiklar - Uppsala","robots":{"index":"index","follow":"follow","max-snippet":"max-snippet:-1","max-image-preview":"max-image-preview:large","max-video-preview":"max-video-preview:-1"},"canonical":"https:\/\/www.posk.se\/uppsala\/debattartiklar\/","og_locale":"sv_SE","og_type":"article","og_title":"Debattartiklar - Uppsala","og_description":"Dags f\u00f6r de politiska partierna att l\u00e4mna kyrkan (Publicerad i UNT 21 augusti 2025) Svenska kyrkan skildes fr\u00e5n staten f\u00f6r 25 \u00e5r sedan. Tanken var att kyrkan inte l\u00e4ngre skulle vara en del av det politiska systemet i Sverige utan ha en sj\u00e4lvst\u00e4ndig roll i likhet med \u00f6vriga trossamfund och andra akt\u00f6rer i samh\u00e4llet. Kyrkans [&hellip;]","og_url":"https:\/\/www.posk.se\/uppsala\/debattartiklar\/","og_site_name":"Uppsala","article_modified_time":"2025-12-11T14:32:06+00:00","og_image":[{"width":1524,"height":1236,"url":"https:\/\/www.posk.se\/uppsala\/wp-content\/uploads\/sites\/180\/2025\/08\/posk-debattartikel-unt-250821.jpeg","type":"image\/jpeg"}],"twitter_card":"summary_large_image","twitter_misc":{"Ber\u00e4knad l\u00e4stid":"7 minuter"},"schema":{"@context":"https:\/\/schema.org","@graph":[{"@type":"WebPage","@id":"https:\/\/www.posk.se\/uppsala\/debattartiklar\/","url":"https:\/\/www.posk.se\/uppsala\/debattartiklar\/","name":"Debattartiklar - Uppsala","isPartOf":{"@id":"https:\/\/www.posk.se\/uppsala\/#website"},"primaryImageOfPage":{"@id":"https:\/\/www.posk.se\/uppsala\/debattartiklar\/#primaryimage"},"image":{"@id":"https:\/\/www.posk.se\/uppsala\/debattartiklar\/#primaryimage"},"thumbnailUrl":"https:\/\/www.posk.se\/uppsala\/wp-content\/uploads\/sites\/180\/2025\/08\/posk-debattartikel-unt-250821-300x243.jpeg","datePublished":"2021-06-28T21:35:15+00:00","dateModified":"2025-12-11T14:32:06+00:00","breadcrumb":{"@id":"https:\/\/www.posk.se\/uppsala\/debattartiklar\/#breadcrumb"},"inLanguage":"sv-SE","potentialAction":[{"@type":"ReadAction","target":["https:\/\/www.posk.se\/uppsala\/debattartiklar\/"]}]},{"@type":"ImageObject","inLanguage":"sv-SE","@id":"https:\/\/www.posk.se\/uppsala\/debattartiklar\/#primaryimage","url":"https:\/\/www.posk.se\/uppsala\/wp-content\/uploads\/sites\/180\/2025\/08\/posk-debattartikel-unt-250821.jpeg","contentUrl":"https:\/\/www.posk.se\/uppsala\/wp-content\/uploads\/sites\/180\/2025\/08\/posk-debattartikel-unt-250821.jpeg","width":1524,"height":1236,"caption":"Screenshot"},{"@type":"BreadcrumbList","@id":"https:\/\/www.posk.se\/uppsala\/debattartiklar\/#breadcrumb","itemListElement":[{"@type":"ListItem","position":1,"name":"Hem","item":"https:\/\/www.posk.se\/uppsala\/"},{"@type":"ListItem","position":2,"name":"Debattartiklar"}]},{"@type":"WebSite","@id":"https:\/\/www.posk.se\/uppsala\/#website","url":"https:\/\/www.posk.se\/uppsala\/","name":"Uppsala","description":"POSK-grupp i Uppsala stift","potentialAction":[{"@type":"SearchAction","target":{"@type":"EntryPoint","urlTemplate":"https:\/\/www.posk.se\/uppsala\/?s={search_term_string}"},"query-input":{"@type":"PropertyValueSpecification","valueRequired":true,"valueName":"search_term_string"}}],"inLanguage":"sv-SE"}]}},"_links":{"self":[{"href":"https:\/\/www.posk.se\/uppsala\/wp-json\/wp\/v2\/pages\/392","targetHints":{"allow":["GET"]}}],"collection":[{"href":"https:\/\/www.posk.se\/uppsala\/wp-json\/wp\/v2\/pages"}],"about":[{"href":"https:\/\/www.posk.se\/uppsala\/wp-json\/wp\/v2\/types\/page"}],"author":[{"embeddable":true,"href":"https:\/\/www.posk.se\/uppsala\/wp-json\/wp\/v2\/users\/1356"}],"replies":[{"embeddable":true,"href":"https:\/\/www.posk.se\/uppsala\/wp-json\/wp\/v2\/comments?post=392"}],"version-history":[{"count":15,"href":"https:\/\/www.posk.se\/uppsala\/wp-json\/wp\/v2\/pages\/392\/revisions"}],"predecessor-version":[{"id":777,"href":"https:\/\/www.posk.se\/uppsala\/wp-json\/wp\/v2\/pages\/392\/revisions\/777"}],"wp:attachment":[{"href":"https:\/\/www.posk.se\/uppsala\/wp-json\/wp\/v2\/media?parent=392"}],"curies":[{"name":"wp","href":"https:\/\/api.w.org\/{rel}","templated":true}]}}