{"id":139,"date":"2021-03-14T15:09:17","date_gmt":"2021-03-14T14:09:17","guid":{"rendered":"https:\/\/www.posk.se\/uppsala\/?page_id=139"},"modified":"2025-12-11T11:54:44","modified_gmt":"2025-12-11T10:54:44","slug":"kyrkofullmaktige","status":"publish","type":"page","link":"https:\/\/www.posk.se\/uppsala\/valda-till-uppdrag-2026-2029\/kyrkofullmaktige\/","title":{"rendered":"Kyrkofullm\u00e4ktige 2026-2029"},"content":{"rendered":"<h3>Ordinarie ledam\u00f6ter<\/h3>\n<p>1. Martin Nilsson, informat\u00f6r, Gamla Uppsala f\u00f6rsamling<\/p>\n<p>2. Anders Br\u00e4nnstr\u00f6m, strategisk r\u00e5dgivare, Domkyrkof\u00f6rsamlingen<\/p>\n<p>3. Christina Swedberg, bibliotikarie, Vaksala f\u00f6rsamling<\/p>\n<p>4. Maria Hillerdal, l\u00e4kare, Helga Trefaldighets f\u00f6rsamling.<\/p>\n<p>5. Lena Zeller B\u00e4ckstr\u00f6m, leg. gymnasiel\u00e4rare, Helga Trefaldighet<\/p>\n<p>6. Oscar Sk\u00e4remo, samordnare, Domkyrkof\u00f6rsamlingen<\/p>\n<p>7. Maria Eriksson, lantm\u00e4teriingenj\u00f6r, Helga Trefaldighet<\/p>\n<h3>Ers\u00e4ttare<\/h3>\n<ol>\n<li>Elisabeth Rehnman, h\u00f6rselr\u00e5dgivare, domkyrkof\u00f6rsamlingen<\/li>\n<li>Olof Bergendal, jurist, Gottsunda f\u00f6rsamling<\/li>\n<li>\u00a0Helena Bostr\u00f6m, banktj\u00e4nsteman, Gottsunda<\/li>\n<li>Arne Larsson, projektledare, Helga Trefaldighets f\u00f6rsamling<\/li>\n<\/ol>\n","protected":false},"excerpt":{"rendered":"<p>Ordinarie ledam\u00f6ter 1. Martin Nilsson, informat\u00f6r, Gamla Uppsala f\u00f6rsamling 2. Anders Br\u00e4nnstr\u00f6m, strategisk r\u00e5dgivare, Domkyrkof\u00f6rsamlingen 3. Christina Swedberg, bibliotikarie, Vaksala f\u00f6rsamling 4. Maria Hillerdal, l\u00e4kare, Helga Trefaldighets f\u00f6rsamling. 5. Lena Zeller B\u00e4ckstr\u00f6m, leg. gymnasiel\u00e4rare, Helga Trefaldighet 6. Oscar Sk\u00e4remo, samordnare, Domkyrkof\u00f6rsamlingen 7. Maria Eriksson, lantm\u00e4teriingenj\u00f6r, Helga Trefaldighet Ers\u00e4ttare Elisabeth Rehnman, h\u00f6rselr\u00e5dgivare, domkyrkof\u00f6rsamlingen Olof Bergendal, jurist, [&hellip;]<\/p>\n","protected":false},"author":154,"featured_media":170,"parent":174,"menu_order":0,"comment_status":"closed","ping_status":"closed","template":"page-templates\/page-sidebar-left.php","meta":{"_acf_changed":false,"footnotes":""},"class_list":["post-139","page","type-page","status-publish","has-post-thumbnail","hentry"],"acf":[],"yoast_head":"<!-- This site is optimized with the Yoast SEO plugin v24.9 - https:\/\/yoast.com\/wordpress\/plugins\/seo\/ -->\n<title>Kyrkofullm\u00e4ktige 2026-2029 - Uppsala<\/title>\n<meta name=\"robots\" content=\"index, follow, max-snippet:-1, max-image-preview:large, max-video-preview:-1\" \/>\n<link rel=\"canonical\" href=\"https:\/\/www.posk.se\/uppsala\/valda-till-uppdrag-2026-2029\/kyrkofullmaktige\/\" \/>\n<meta property=\"og:locale\" content=\"sv_SE\" \/>\n<meta property=\"og:type\" content=\"article\" \/>\n<meta property=\"og:title\" content=\"Kyrkofullm\u00e4ktige 2026-2029 - Uppsala\" \/>\n<meta property=\"og:description\" content=\"Ordinarie ledam\u00f6ter 1. Martin Nilsson, informat\u00f6r, Gamla Uppsala f\u00f6rsamling 2. Anders Br\u00e4nnstr\u00f6m, strategisk r\u00e5dgivare, Domkyrkof\u00f6rsamlingen 3. Christina Swedberg, bibliotikarie, Vaksala f\u00f6rsamling 4. Maria Hillerdal, l\u00e4kare, Helga Trefaldighets f\u00f6rsamling. 5. Lena Zeller B\u00e4ckstr\u00f6m, leg. gymnasiel\u00e4rare, Helga Trefaldighet 6. Oscar Sk\u00e4remo, samordnare, Domkyrkof\u00f6rsamlingen 7. Maria Eriksson, lantm\u00e4teriingenj\u00f6r, Helga Trefaldighet Ers\u00e4ttare Elisabeth Rehnman, h\u00f6rselr\u00e5dgivare, domkyrkof\u00f6rsamlingen Olof Bergendal, jurist, [&hellip;]\" \/>\n<meta property=\"og:url\" content=\"https:\/\/www.posk.se\/uppsala\/valda-till-uppdrag-2026-2029\/kyrkofullmaktige\/\" \/>\n<meta property=\"og:site_name\" content=\"Uppsala\" \/>\n<meta property=\"article:modified_time\" content=\"2025-12-11T10:54:44+00:00\" \/>\n<meta property=\"og:image\" content=\"https:\/\/www.posk.se\/uppsala\/wp-content\/uploads\/sites\/180\/2021\/03\/owen-michael-grech-iflzex6rnmi-unsplash-scaled.jpg\" \/>\n\t<meta property=\"og:image:width\" content=\"2560\" \/>\n\t<meta property=\"og:image:height\" content=\"1707\" \/>\n\t<meta property=\"og:image:type\" content=\"image\/jpeg\" \/>\n<meta name=\"twitter:card\" content=\"summary_large_image\" \/>\n<meta name=\"twitter:label1\" content=\"Ber\u00e4knad l\u00e4stid\" \/>\n\t<meta name=\"twitter:data1\" content=\"1 minut\" \/>\n<script type=\"application\/ld+json\" class=\"yoast-schema-graph\">{\"@context\":\"https:\/\/schema.org\",\"@graph\":[{\"@type\":\"WebPage\",\"@id\":\"https:\/\/www.posk.se\/uppsala\/valda-till-uppdrag-2026-2029\/kyrkofullmaktige\/\",\"url\":\"https:\/\/www.posk.se\/uppsala\/valda-till-uppdrag-2026-2029\/kyrkofullmaktige\/\",\"name\":\"Kyrkofullm\u00e4ktige 2026-2029 - Uppsala\",\"isPartOf\":{\"@id\":\"https:\/\/www.posk.se\/uppsala\/#website\"},\"primaryImageOfPage\":{\"@id\":\"https:\/\/www.posk.se\/uppsala\/valda-till-uppdrag-2026-2029\/kyrkofullmaktige\/#primaryimage\"},\"image\":{\"@id\":\"https:\/\/www.posk.se\/uppsala\/valda-till-uppdrag-2026-2029\/kyrkofullmaktige\/#primaryimage\"},\"thumbnailUrl\":\"https:\/\/www.posk.se\/uppsala\/wp-content\/uploads\/sites\/180\/2021\/03\/owen-michael-grech-iflzex6rnmi-unsplash-scaled.jpg\",\"datePublished\":\"2021-03-14T14:09:17+00:00\",\"dateModified\":\"2025-12-11T10:54:44+00:00\",\"breadcrumb\":{\"@id\":\"https:\/\/www.posk.se\/uppsala\/valda-till-uppdrag-2026-2029\/kyrkofullmaktige\/#breadcrumb\"},\"inLanguage\":\"sv-SE\",\"potentialAction\":[{\"@type\":\"ReadAction\",\"target\":[\"https:\/\/www.posk.se\/uppsala\/valda-till-uppdrag-2026-2029\/kyrkofullmaktige\/\"]}]},{\"@type\":\"ImageObject\",\"inLanguage\":\"sv-SE\",\"@id\":\"https:\/\/www.posk.se\/uppsala\/valda-till-uppdrag-2026-2029\/kyrkofullmaktige\/#primaryimage\",\"url\":\"https:\/\/www.posk.se\/uppsala\/wp-content\/uploads\/sites\/180\/2021\/03\/owen-michael-grech-iflzex6rnmi-unsplash-scaled.jpg\",\"contentUrl\":\"https:\/\/www.posk.se\/uppsala\/wp-content\/uploads\/sites\/180\/2021\/03\/owen-michael-grech-iflzex6rnmi-unsplash-scaled.jpg\",\"width\":2560,\"height\":1707},{\"@type\":\"BreadcrumbList\",\"@id\":\"https:\/\/www.posk.se\/uppsala\/valda-till-uppdrag-2026-2029\/kyrkofullmaktige\/#breadcrumb\",\"itemListElement\":[{\"@type\":\"ListItem\",\"position\":1,\"name\":\"Hem\",\"item\":\"https:\/\/www.posk.se\/uppsala\/\"},{\"@type\":\"ListItem\",\"position\":2,\"name\":\"Valda till uppdrag 2026-2029\",\"item\":\"https:\/\/www.posk.se\/uppsala\/valda-till-uppdrag-2026-2029\/\"},{\"@type\":\"ListItem\",\"position\":3,\"name\":\"Kyrkofullm\u00e4ktige 2026-2029\"}]},{\"@type\":\"WebSite\",\"@id\":\"https:\/\/www.posk.se\/uppsala\/#website\",\"url\":\"https:\/\/www.posk.se\/uppsala\/\",\"name\":\"Uppsala\",\"description\":\"POSK-grupp i Uppsala stift\",\"potentialAction\":[{\"@type\":\"SearchAction\",\"target\":{\"@type\":\"EntryPoint\",\"urlTemplate\":\"https:\/\/www.posk.se\/uppsala\/?s={search_term_string}\"},\"query-input\":{\"@type\":\"PropertyValueSpecification\",\"valueRequired\":true,\"valueName\":\"search_term_string\"}}],\"inLanguage\":\"sv-SE\"}]}<\/script>\n<!-- \/ Yoast SEO plugin. -->","yoast_head_json":{"title":"Kyrkofullm\u00e4ktige 2026-2029 - Uppsala","robots":{"index":"index","follow":"follow","max-snippet":"max-snippet:-1","max-image-preview":"max-image-preview:large","max-video-preview":"max-video-preview:-1"},"canonical":"https:\/\/www.posk.se\/uppsala\/valda-till-uppdrag-2026-2029\/kyrkofullmaktige\/","og_locale":"sv_SE","og_type":"article","og_title":"Kyrkofullm\u00e4ktige 2026-2029 - Uppsala","og_description":"Ordinarie ledam\u00f6ter 1. Martin Nilsson, informat\u00f6r, Gamla Uppsala f\u00f6rsamling 2. Anders Br\u00e4nnstr\u00f6m, strategisk r\u00e5dgivare, Domkyrkof\u00f6rsamlingen 3. Christina Swedberg, bibliotikarie, Vaksala f\u00f6rsamling 4. Maria Hillerdal, l\u00e4kare, Helga Trefaldighets f\u00f6rsamling. 5. Lena Zeller B\u00e4ckstr\u00f6m, leg. gymnasiel\u00e4rare, Helga Trefaldighet 6. Oscar Sk\u00e4remo, samordnare, Domkyrkof\u00f6rsamlingen 7. Maria Eriksson, lantm\u00e4teriingenj\u00f6r, Helga Trefaldighet Ers\u00e4ttare Elisabeth Rehnman, h\u00f6rselr\u00e5dgivare, domkyrkof\u00f6rsamlingen Olof Bergendal, jurist, [&hellip;]","og_url":"https:\/\/www.posk.se\/uppsala\/valda-till-uppdrag-2026-2029\/kyrkofullmaktige\/","og_site_name":"Uppsala","article_modified_time":"2025-12-11T10:54:44+00:00","og_image":[{"width":2560,"height":1707,"url":"https:\/\/www.posk.se\/uppsala\/wp-content\/uploads\/sites\/180\/2021\/03\/owen-michael-grech-iflzex6rnmi-unsplash-scaled.jpg","type":"image\/jpeg"}],"twitter_card":"summary_large_image","twitter_misc":{"Ber\u00e4knad l\u00e4stid":"1 minut"},"schema":{"@context":"https:\/\/schema.org","@graph":[{"@type":"WebPage","@id":"https:\/\/www.posk.se\/uppsala\/valda-till-uppdrag-2026-2029\/kyrkofullmaktige\/","url":"https:\/\/www.posk.se\/uppsala\/valda-till-uppdrag-2026-2029\/kyrkofullmaktige\/","name":"Kyrkofullm\u00e4ktige 2026-2029 - Uppsala","isPartOf":{"@id":"https:\/\/www.posk.se\/uppsala\/#website"},"primaryImageOfPage":{"@id":"https:\/\/www.posk.se\/uppsala\/valda-till-uppdrag-2026-2029\/kyrkofullmaktige\/#primaryimage"},"image":{"@id":"https:\/\/www.posk.se\/uppsala\/valda-till-uppdrag-2026-2029\/kyrkofullmaktige\/#primaryimage"},"thumbnailUrl":"https:\/\/www.posk.se\/uppsala\/wp-content\/uploads\/sites\/180\/2021\/03\/owen-michael-grech-iflzex6rnmi-unsplash-scaled.jpg","datePublished":"2021-03-14T14:09:17+00:00","dateModified":"2025-12-11T10:54:44+00:00","breadcrumb":{"@id":"https:\/\/www.posk.se\/uppsala\/valda-till-uppdrag-2026-2029\/kyrkofullmaktige\/#breadcrumb"},"inLanguage":"sv-SE","potentialAction":[{"@type":"ReadAction","target":["https:\/\/www.posk.se\/uppsala\/valda-till-uppdrag-2026-2029\/kyrkofullmaktige\/"]}]},{"@type":"ImageObject","inLanguage":"sv-SE","@id":"https:\/\/www.posk.se\/uppsala\/valda-till-uppdrag-2026-2029\/kyrkofullmaktige\/#primaryimage","url":"https:\/\/www.posk.se\/uppsala\/wp-content\/uploads\/sites\/180\/2021\/03\/owen-michael-grech-iflzex6rnmi-unsplash-scaled.jpg","contentUrl":"https:\/\/www.posk.se\/uppsala\/wp-content\/uploads\/sites\/180\/2021\/03\/owen-michael-grech-iflzex6rnmi-unsplash-scaled.jpg","width":2560,"height":1707},{"@type":"BreadcrumbList","@id":"https:\/\/www.posk.se\/uppsala\/valda-till-uppdrag-2026-2029\/kyrkofullmaktige\/#breadcrumb","itemListElement":[{"@type":"ListItem","position":1,"name":"Hem","item":"https:\/\/www.posk.se\/uppsala\/"},{"@type":"ListItem","position":2,"name":"Valda till uppdrag 2026-2029","item":"https:\/\/www.posk.se\/uppsala\/valda-till-uppdrag-2026-2029\/"},{"@type":"ListItem","position":3,"name":"Kyrkofullm\u00e4ktige 2026-2029"}]},{"@type":"WebSite","@id":"https:\/\/www.posk.se\/uppsala\/#website","url":"https:\/\/www.posk.se\/uppsala\/","name":"Uppsala","description":"POSK-grupp i Uppsala stift","potentialAction":[{"@type":"SearchAction","target":{"@type":"EntryPoint","urlTemplate":"https:\/\/www.posk.se\/uppsala\/?s={search_term_string}"},"query-input":{"@type":"PropertyValueSpecification","valueRequired":true,"valueName":"search_term_string"}}],"inLanguage":"sv-SE"}]}},"_links":{"self":[{"href":"https:\/\/www.posk.se\/uppsala\/wp-json\/wp\/v2\/pages\/139","targetHints":{"allow":["GET"]}}],"collection":[{"href":"https:\/\/www.posk.se\/uppsala\/wp-json\/wp\/v2\/pages"}],"about":[{"href":"https:\/\/www.posk.se\/uppsala\/wp-json\/wp\/v2\/types\/page"}],"author":[{"embeddable":true,"href":"https:\/\/www.posk.se\/uppsala\/wp-json\/wp\/v2\/users\/154"}],"replies":[{"embeddable":true,"href":"https:\/\/www.posk.se\/uppsala\/wp-json\/wp\/v2\/comments?post=139"}],"version-history":[{"count":10,"href":"https:\/\/www.posk.se\/uppsala\/wp-json\/wp\/v2\/pages\/139\/revisions"}],"predecessor-version":[{"id":772,"href":"https:\/\/www.posk.se\/uppsala\/wp-json\/wp\/v2\/pages\/139\/revisions\/772"}],"up":[{"embeddable":true,"href":"https:\/\/www.posk.se\/uppsala\/wp-json\/wp\/v2\/pages\/174"}],"wp:featuredmedia":[{"embeddable":true,"href":"https:\/\/www.posk.se\/uppsala\/wp-json\/wp\/v2\/media\/170"}],"wp:attachment":[{"href":"https:\/\/www.posk.se\/uppsala\/wp-json\/wp\/v2\/media?parent=139"}],"curies":[{"name":"wp","href":"https:\/\/api.w.org\/{rel}","templated":true}]}}