{"id":20,"date":"2016-07-20T10:34:55","date_gmt":"2016-07-20T08:34:55","guid":{"rendered":"https:\/\/www.posk.se\/ulricehamn\/?page_id=20"},"modified":"2026-04-16T18:53:07","modified_gmt":"2026-04-16T16:53:07","slug":"startsidan-2","status":"publish","type":"page","link":"https:\/\/www.posk.se\/ulricehamn\/","title":{"rendered":"Ulricehamns pastorat"},"content":{"rendered":"<h3 style=\"text-align: center\">Vi \u00e4r den st\u00f6rsta nomineringsgruppen i Ulricehamns pastorat.<\/h3>\n<h6 style=\"text-align: center\"><\/h6>\n<p>&nbsp;<\/p>\n<p>&nbsp;<\/p>\n<h6><strong><img loading=\"lazy\" decoding=\"async\" class=\"wp-image-172 size-full aligncenter\" src=\"https:\/\/www.posk.se\/ulricehamn\/wp-content\/uploads\/sites\/129\/2025\/06\/samlingsbild-posk-2025-webb.jpg\" alt=\"\" width=\"395\" height=\"652\" srcset=\"https:\/\/www.posk.se\/ulricehamn\/wp-content\/uploads\/sites\/129\/2025\/06\/samlingsbild-posk-2025-webb.jpg 395w, https:\/\/www.posk.se\/ulricehamn\/wp-content\/uploads\/sites\/129\/2025\/06\/samlingsbild-posk-2025-webb-182x300.jpg 182w, https:\/\/www.posk.se\/ulricehamn\/wp-content\/uploads\/sites\/129\/2025\/06\/samlingsbild-posk-2025-webb-303x500.jpg 303w\" sizes=\"auto, (max-width: 395px) 100vw, 395px\" \/><\/strong><\/h6>\n<p><strong>Anders Lahrin, Anna Smedberg, Berith Gunnarsson, Jan Oscar Jansson, Ingvar Klasson, William Boehm, Helena Rask, Sofia Sidenvik, Christer Spjuth, Maria Landgren, Helge Hesslefors, Inger Henriksson, Bj\u00f6rn Gotting, Christina Claeson, Karin L\u00f6\u00f6v, Urban Azelius, <\/strong><strong>Thomas Hjalmarsson, Sara Johansson, Mikael Ekman<\/strong><strong>.<\/strong><\/p>\n<p><strong>POSK i Ulricehamn<\/strong> vill samla alla de som vill verka som f\u00f6rtroendevalda inom Svenska kyrkan i hela v\u00e5rt pastorat oavsett allm\u00e4npolitisk tillh\u00f6righet. Huvudfr\u00e5gorna i v\u00e5r kyrka \u00e4r inte partipolitiska utan handlar om gemenskap i och f\u00f6r tro. Det som f\u00f6renar \u00e4r det kyrkliga engagemanget och viljan att verka f\u00f6r \u00f6ppenhet med plats f\u00f6r m\u00e4nniskor i alla \u00e5ldrar oavsett k\u00f6n, bakgrund och nationalitet.<\/p>\n<p>&nbsp;<\/p>\n<p>Vi vill arbeta f\u00f6r:<\/p>\n<ul>\n<li><u>att v\u00e5r kyrka ska vara en v\u00e4xtplats f\u00f6r kristen tro och gemenskap.<\/u> Vi vill skapa m\u00f6jligheter f\u00f6r m\u00f6tesplatser mellan m\u00e4nniskor d\u00e4r samtalet om livet och den kristna tron \u00e4r levande. Gudstj\u00e4nsten \u00e4r v\u00e5rt centrum d\u00e4r vi f\u00e5r h\u00e4mta kraft och inspiration. Det \u00e4r viktigt f\u00f6r oss att v\u00e5r kyrka f\u00f6rm\u00e5r att se till den enskildes behov.<\/li>\n<li><u>att de ideella krafterna uppmuntras och tas tillvara<\/u>. Engagemang och vilja att hj\u00e4lpa till och p\u00e5verka verksamheten \u00e4r viktigt. Vi vill att fler i alla \u00e5ldrar ska finna sin plats i f\u00f6rsamlingen. Vi har alla olika g\u00e5vor som vi beh\u00f6ver uppt\u00e4cka och ta tillvara och varje m\u00e4nniska \u00e4r en g\u00e5va till f\u00f6rsamlingen. \u00a0Musik \u00e4r en Guds g\u00e5va och en\u00a0omistlig\u00a0del av ett levande kyrkoliv. Kyrkomusiken, t ex som k\u00f6rs\u00e5ng, n\u00e5r alla \u00e5ldrar och \u00e4r en v\u00e4g till ideellt engagemang.<\/li>\n<li><u>en kyrka mitt i vardagen<\/u>. Det \u00e4r viktigt att kyrkan finns d\u00e4r m\u00e4nniskorna \u00e4r. Vi vill vara med och utveckla och inspirera till fortsatt gott diakonalt arbete. Vi \u00e4r glada \u00f6ver det som Svenska kyrkan i Ulricehamns pastorat g\u00f6r och vill st\u00f6dja fortsatt god utveckling. Hit h\u00f6r ocks\u00e5 det viktiga arbetet tillsammans med dem som nyligen kommit till v\u00e5rt land.<\/li>\n<li><u>en kyrka som \u00f6nskar samverka med andra lokala organisationer<\/u> inom idrott, kultur och inte minst med skolan. Ekumenik och samarbete med andra kyrkor och samfund \u00e4r ocks\u00e5 viktigt. Tillsammans verkar vi f\u00f6r levande f\u00f6rsamlingar i hela v\u00e5rt pastorat!<\/li>\n<li><u>en kyrka som ser fram\u00e5t. <\/u>\u00a0Vi kan inte blunda f\u00f6r de sv\u00e5ra fr\u00e5gor som grundar sig i ekonomi och som m\u00e5ste hanteras. Men en kyrka som vill fram\u00e5t satsar s\u00e4rskilt p\u00e5 barnen och de unga. Vi vill satsa p\u00e5 verksamheter, b\u00e4rande och fram\u00e5tsyftande, kanske i helt nya former.<\/li>\n<\/ul>\n<p>&nbsp;<\/p>\n<p><strong>Kontaktperson:<\/strong><\/p>\n<p>Helge Hesslefors 0703-122470<\/p>\n<p>Anders Lahrin 0705-585276<\/p>\n","protected":false},"excerpt":{"rendered":"<p>Vi \u00e4r den st\u00f6rsta nomineringsgruppen i Ulricehamns pastorat. &nbsp; &nbsp; Anders Lahrin, Anna Smedberg, Berith Gunnarsson, Jan Oscar Jansson, Ingvar Klasson, William Boehm, Helena Rask, Sofia Sidenvik, Christer Spjuth, Maria Landgren, Helge Hesslefors, Inger Henriksson, Bj\u00f6rn Gotting, Christina Claeson, Karin L\u00f6\u00f6v, Urban Azelius, Thomas Hjalmarsson, Sara Johansson, Mikael Ekman. POSK i Ulricehamn vill samla alla [&hellip;]<\/p>\n","protected":false},"author":1,"featured_media":0,"parent":0,"menu_order":0,"comment_status":"closed","ping_status":"closed","template":"page-templates\/page-sidebar-left.php","meta":{"_acf_changed":false,"footnotes":""},"class_list":["post-20","page","type-page","status-publish","hentry"],"acf":[],"yoast_head":"<!-- This site is optimized with the Yoast SEO plugin v24.9 - https:\/\/yoast.com\/wordpress\/plugins\/seo\/ -->\n<title>Ulricehamns pastorat - Ulricehamn<\/title>\n<meta name=\"robots\" content=\"index, follow, max-snippet:-1, max-image-preview:large, max-video-preview:-1\" \/>\n<link rel=\"canonical\" href=\"https:\/\/www.posk.se\/ulricehamn\/\" \/>\n<meta property=\"og:locale\" content=\"sv_SE\" \/>\n<meta property=\"og:type\" content=\"article\" \/>\n<meta property=\"og:title\" content=\"Ulricehamns pastorat - Ulricehamn\" \/>\n<meta property=\"og:description\" content=\"Vi \u00e4r den st\u00f6rsta nomineringsgruppen i Ulricehamns pastorat. &nbsp; &nbsp; Anders Lahrin, Anna Smedberg, Berith Gunnarsson, Jan Oscar Jansson, Ingvar Klasson, William Boehm, Helena Rask, Sofia Sidenvik, Christer Spjuth, Maria Landgren, Helge Hesslefors, Inger Henriksson, Bj\u00f6rn Gotting, Christina Claeson, Karin L\u00f6\u00f6v, Urban Azelius, Thomas Hjalmarsson, Sara Johansson, Mikael Ekman. POSK i Ulricehamn vill samla alla [&hellip;]\" \/>\n<meta property=\"og:url\" content=\"https:\/\/www.posk.se\/ulricehamn\/\" \/>\n<meta property=\"og:site_name\" content=\"Ulricehamn\" \/>\n<meta property=\"article:modified_time\" content=\"2026-04-16T16:53:07+00:00\" \/>\n<meta property=\"og:image\" content=\"https:\/\/www.posk.se\/ulricehamn\/wp-content\/uploads\/sites\/129\/2025\/06\/samlingsbild-posk-2025-webb.jpg\" \/>\n\t<meta property=\"og:image:width\" content=\"395\" \/>\n\t<meta property=\"og:image:height\" content=\"652\" \/>\n\t<meta property=\"og:image:type\" content=\"image\/jpeg\" \/>\n<meta name=\"twitter:card\" content=\"summary_large_image\" \/>\n<meta name=\"twitter:label1\" content=\"Ber\u00e4knad l\u00e4stid\" \/>\n\t<meta name=\"twitter:data1\" content=\"3 minuter\" \/>\n<script type=\"application\/ld+json\" class=\"yoast-schema-graph\">{\"@context\":\"https:\/\/schema.org\",\"@graph\":[{\"@type\":\"WebPage\",\"@id\":\"https:\/\/www.posk.se\/ulricehamn\/\",\"url\":\"https:\/\/www.posk.se\/ulricehamn\/\",\"name\":\"Ulricehamns pastorat - Ulricehamn\",\"isPartOf\":{\"@id\":\"https:\/\/www.posk.se\/ulricehamn\/#website\"},\"primaryImageOfPage\":{\"@id\":\"https:\/\/www.posk.se\/ulricehamn\/#primaryimage\"},\"image\":{\"@id\":\"https:\/\/www.posk.se\/ulricehamn\/#primaryimage\"},\"thumbnailUrl\":\"https:\/\/www.posk.se\/ulricehamn\/wp-content\/uploads\/sites\/129\/2025\/06\/samlingsbild-posk-2025-webb.jpg\",\"datePublished\":\"2016-07-20T08:34:55+00:00\",\"dateModified\":\"2026-04-16T16:53:07+00:00\",\"breadcrumb\":{\"@id\":\"https:\/\/www.posk.se\/ulricehamn\/#breadcrumb\"},\"inLanguage\":\"sv-SE\",\"potentialAction\":[{\"@type\":\"ReadAction\",\"target\":[\"https:\/\/www.posk.se\/ulricehamn\/\"]}]},{\"@type\":\"ImageObject\",\"inLanguage\":\"sv-SE\",\"@id\":\"https:\/\/www.posk.se\/ulricehamn\/#primaryimage\",\"url\":\"https:\/\/www.posk.se\/ulricehamn\/wp-content\/uploads\/sites\/129\/2025\/06\/samlingsbild-posk-2025-webb.jpg\",\"contentUrl\":\"https:\/\/www.posk.se\/ulricehamn\/wp-content\/uploads\/sites\/129\/2025\/06\/samlingsbild-posk-2025-webb.jpg\",\"width\":395,\"height\":652},{\"@type\":\"BreadcrumbList\",\"@id\":\"https:\/\/www.posk.se\/ulricehamn\/#breadcrumb\",\"itemListElement\":[{\"@type\":\"ListItem\",\"position\":1,\"name\":\"Hem\",\"item\":\"https:\/\/www.posk.se\/ulricehamn\/\"},{\"@type\":\"ListItem\",\"position\":2,\"name\":\"Ulricehamns pastorat\"}]},{\"@type\":\"WebSite\",\"@id\":\"https:\/\/www.posk.se\/ulricehamn\/#website\",\"url\":\"https:\/\/www.posk.se\/ulricehamn\/\",\"name\":\"Ulricehamn\",\"description\":\"POSK-grupp i Skara stift\",\"potentialAction\":[{\"@type\":\"SearchAction\",\"target\":{\"@type\":\"EntryPoint\",\"urlTemplate\":\"https:\/\/www.posk.se\/ulricehamn\/?s={search_term_string}\"},\"query-input\":{\"@type\":\"PropertyValueSpecification\",\"valueRequired\":true,\"valueName\":\"search_term_string\"}}],\"inLanguage\":\"sv-SE\"}]}<\/script>\n<!-- \/ Yoast SEO plugin. -->","yoast_head_json":{"title":"Ulricehamns pastorat - Ulricehamn","robots":{"index":"index","follow":"follow","max-snippet":"max-snippet:-1","max-image-preview":"max-image-preview:large","max-video-preview":"max-video-preview:-1"},"canonical":"https:\/\/www.posk.se\/ulricehamn\/","og_locale":"sv_SE","og_type":"article","og_title":"Ulricehamns pastorat - Ulricehamn","og_description":"Vi \u00e4r den st\u00f6rsta nomineringsgruppen i Ulricehamns pastorat. &nbsp; &nbsp; Anders Lahrin, Anna Smedberg, Berith Gunnarsson, Jan Oscar Jansson, Ingvar Klasson, William Boehm, Helena Rask, Sofia Sidenvik, Christer Spjuth, Maria Landgren, Helge Hesslefors, Inger Henriksson, Bj\u00f6rn Gotting, Christina Claeson, Karin L\u00f6\u00f6v, Urban Azelius, Thomas Hjalmarsson, Sara Johansson, Mikael Ekman. POSK i Ulricehamn vill samla alla [&hellip;]","og_url":"https:\/\/www.posk.se\/ulricehamn\/","og_site_name":"Ulricehamn","article_modified_time":"2026-04-16T16:53:07+00:00","og_image":[{"width":395,"height":652,"url":"https:\/\/www.posk.se\/ulricehamn\/wp-content\/uploads\/sites\/129\/2025\/06\/samlingsbild-posk-2025-webb.jpg","type":"image\/jpeg"}],"twitter_card":"summary_large_image","twitter_misc":{"Ber\u00e4knad l\u00e4stid":"3 minuter"},"schema":{"@context":"https:\/\/schema.org","@graph":[{"@type":"WebPage","@id":"https:\/\/www.posk.se\/ulricehamn\/","url":"https:\/\/www.posk.se\/ulricehamn\/","name":"Ulricehamns pastorat - Ulricehamn","isPartOf":{"@id":"https:\/\/www.posk.se\/ulricehamn\/#website"},"primaryImageOfPage":{"@id":"https:\/\/www.posk.se\/ulricehamn\/#primaryimage"},"image":{"@id":"https:\/\/www.posk.se\/ulricehamn\/#primaryimage"},"thumbnailUrl":"https:\/\/www.posk.se\/ulricehamn\/wp-content\/uploads\/sites\/129\/2025\/06\/samlingsbild-posk-2025-webb.jpg","datePublished":"2016-07-20T08:34:55+00:00","dateModified":"2026-04-16T16:53:07+00:00","breadcrumb":{"@id":"https:\/\/www.posk.se\/ulricehamn\/#breadcrumb"},"inLanguage":"sv-SE","potentialAction":[{"@type":"ReadAction","target":["https:\/\/www.posk.se\/ulricehamn\/"]}]},{"@type":"ImageObject","inLanguage":"sv-SE","@id":"https:\/\/www.posk.se\/ulricehamn\/#primaryimage","url":"https:\/\/www.posk.se\/ulricehamn\/wp-content\/uploads\/sites\/129\/2025\/06\/samlingsbild-posk-2025-webb.jpg","contentUrl":"https:\/\/www.posk.se\/ulricehamn\/wp-content\/uploads\/sites\/129\/2025\/06\/samlingsbild-posk-2025-webb.jpg","width":395,"height":652},{"@type":"BreadcrumbList","@id":"https:\/\/www.posk.se\/ulricehamn\/#breadcrumb","itemListElement":[{"@type":"ListItem","position":1,"name":"Hem","item":"https:\/\/www.posk.se\/ulricehamn\/"},{"@type":"ListItem","position":2,"name":"Ulricehamns pastorat"}]},{"@type":"WebSite","@id":"https:\/\/www.posk.se\/ulricehamn\/#website","url":"https:\/\/www.posk.se\/ulricehamn\/","name":"Ulricehamn","description":"POSK-grupp i Skara stift","potentialAction":[{"@type":"SearchAction","target":{"@type":"EntryPoint","urlTemplate":"https:\/\/www.posk.se\/ulricehamn\/?s={search_term_string}"},"query-input":{"@type":"PropertyValueSpecification","valueRequired":true,"valueName":"search_term_string"}}],"inLanguage":"sv-SE"}]}},"_links":{"self":[{"href":"https:\/\/www.posk.se\/ulricehamn\/wp-json\/wp\/v2\/pages\/20","targetHints":{"allow":["GET"]}}],"collection":[{"href":"https:\/\/www.posk.se\/ulricehamn\/wp-json\/wp\/v2\/pages"}],"about":[{"href":"https:\/\/www.posk.se\/ulricehamn\/wp-json\/wp\/v2\/types\/page"}],"author":[{"embeddable":true,"href":"https:\/\/www.posk.se\/ulricehamn\/wp-json\/wp\/v2\/users\/1"}],"replies":[{"embeddable":true,"href":"https:\/\/www.posk.se\/ulricehamn\/wp-json\/wp\/v2\/comments?post=20"}],"version-history":[{"count":24,"href":"https:\/\/www.posk.se\/ulricehamn\/wp-json\/wp\/v2\/pages\/20\/revisions"}],"predecessor-version":[{"id":268,"href":"https:\/\/www.posk.se\/ulricehamn\/wp-json\/wp\/v2\/pages\/20\/revisions\/268"}],"wp:attachment":[{"href":"https:\/\/www.posk.se\/ulricehamn\/wp-json\/wp\/v2\/media?parent=20"}],"curies":[{"name":"wp","href":"https:\/\/api.w.org\/{rel}","templated":true}]}}