{"id":97,"date":"2025-09-01T16:22:48","date_gmt":"2025-09-01T14:22:48","guid":{"rendered":"https:\/\/www.posk.se\/sydostra-jamtland\/?page_id=97"},"modified":"2025-09-01T16:22:48","modified_gmt":"2025-09-01T14:22:48","slug":"stiftsfullmaktige","status":"publish","type":"page","link":"https:\/\/www.posk.se\/sydostra-jamtland\/kandidater\/stiftsfullmaktige\/","title":{"rendered":"Stiftsfullm\u00e4ktige"},"content":{"rendered":"<p>V\u00e5ra kandidater till stiftsfullm\u00e4ktige i kyrkovalet 2025<\/p>\n<ol>\n<li><span style=\"font-weight: 400\">Leif Grip,<\/span> <span style=\"font-weight: 400\">Torp<\/span><\/li>\n<li><span style=\"font-weight: 400\">Lena Persson,<\/span> <span style=\"font-weight: 400\">Alsen<\/span><\/li>\n<li><span style=\"font-weight: 400\">Mikael Lind\u00e9,<\/span> <span style=\"font-weight: 400\">\u00c5s<\/span><\/li>\n<li><span style=\"font-weight: 400\">Py J\u00f6nsson,<\/span> <span style=\"font-weight: 400\">Brunflo<\/span><\/li>\n<li><span style=\"font-weight: 400\">H\u00e5kan Nilsson,<\/span> <span style=\"font-weight: 400\">\u00d6stersund<\/span><\/li>\n<li><span style=\"font-weight: 400\">Angelica Karlsson,<\/span> <span style=\"font-weight: 400\">Borgsj\u00f6-Haver\u00f6<\/span><\/li>\n<li><span style=\"font-weight: 400\">Andreas Idh,<\/span> <span style=\"font-weight: 400\">Sundsvall<\/span><\/li>\n<li><span style=\"font-weight: 400\">Knapp Anna Eriksson,<\/span> <span style=\"font-weight: 400\">H\u00e4rn\u00f6sand<\/span><\/li>\n<li><span style=\"font-weight: 400\">Joakim Johansson,<\/span> <span style=\"font-weight: 400\">Sundsvall<\/span><\/li>\n<li><span style=\"font-weight: 400\">Maria Nyberg St\u00e5hl,<\/span> <span style=\"font-weight: 400\">N\u00e4skott<\/span><\/li>\n<li><span style=\"font-weight: 400\">Anders Eriksson,<\/span> <span style=\"font-weight: 400\">\u00c5re<\/span><\/li>\n<li><span style=\"font-weight: 400\">Kerstin Lindh-Wallin,<\/span> <span style=\"font-weight: 400\">Kramfors<\/span><\/li>\n<li><span style=\"font-weight: 400\">Ulf Sundberg,<\/span> <span style=\"font-weight: 400\">Aln\u00f6<\/span><\/li>\n<li><span style=\"font-weight: 400\">Anki Edfeldt,<\/span> <span style=\"font-weight: 400\">J\u00e4rpen<\/span><\/li>\n<li><span style=\"font-weight: 400\">Max Thoursie,<\/span> <span style=\"font-weight: 400\">Duved<\/span><\/li>\n<li><span style=\"font-weight: 400\">Eva H\u00f6glin Eliasson,<\/span> <span style=\"font-weight: 400\">Hammerdal<\/span><\/li>\n<li><span style=\"font-weight: 400\">Niklas \u00c5berg,<\/span> <span style=\"font-weight: 400\">Sk\u00f6n<\/span><\/li>\n<li><span style=\"font-weight: 400\">Margit Persson,<\/span> <span style=\"font-weight: 400\">Torp<\/span><\/li>\n<li><span style=\"font-weight: 400\">G\u00f6ran Rudb\u00e4ck,<\/span> <span style=\"font-weight: 400\">Bodum<\/span><\/li>\n<li><span style=\"font-weight: 400\">Ulf W\u00e4rdell,<\/span> <span style=\"font-weight: 400\">\u00c5s<\/span><\/li>\n<li><span style=\"font-weight: 400\">Nils-Erik \u00d6stlund,<\/span> <span style=\"font-weight: 400\">Aln\u00f6<\/span><\/li>\n<li><span style=\"font-weight: 400\">Ingrid Torstensson,<\/span> <span style=\"font-weight: 400\">\u00c5s<\/span><\/li>\n<li><span style=\"font-weight: 400\">Bertil Persson,<\/span> <span style=\"font-weight: 400\">Fr\u00f6s\u00f6n<\/span><\/li>\n<li><span style=\"font-weight: 400\">Zaid Bahuo,<\/span> <span style=\"font-weight: 400\">Tuna-Attmar<\/span><\/li>\n<li><span style=\"font-weight: 400\">Lisa Whass,<\/span> <span style=\"font-weight: 400\">Asp\u00e5s<\/span><\/li>\n<\/ol>\n","protected":false},"excerpt":{"rendered":"<p>V\u00e5ra kandidater till stiftsfullm\u00e4ktige i kyrkovalet 2025 Leif Grip, Torp Lena Persson, Alsen Mikael Lind\u00e9, \u00c5s Py J\u00f6nsson, Brunflo H\u00e5kan Nilsson, \u00d6stersund Angelica Karlsson, Borgsj\u00f6-Haver\u00f6 Andreas Idh, Sundsvall Knapp Anna Eriksson, H\u00e4rn\u00f6sand Joakim Johansson, Sundsvall Maria Nyberg St\u00e5hl, N\u00e4skott Anders Eriksson, \u00c5re Kerstin Lindh-Wallin, Kramfors Ulf Sundberg, Aln\u00f6 Anki Edfeldt, J\u00e4rpen Max Thoursie, Duved Eva [&hellip;]<\/p>\n","protected":false},"author":1970,"featured_media":0,"parent":89,"menu_order":1,"comment_status":"closed","ping_status":"closed","template":"page-templates\/page-sidebar-left.php","meta":{"_acf_changed":false,"footnotes":""},"class_list":["post-97","page","type-page","status-publish","hentry"],"acf":[],"yoast_head":"<!-- This site is optimized with the Yoast SEO plugin v24.9 - https:\/\/yoast.com\/wordpress\/plugins\/seo\/ -->\n<title>Stiftsfullm\u00e4ktige - Syd\u00f6stra J\u00e4mtland<\/title>\n<meta name=\"robots\" content=\"index, follow, max-snippet:-1, max-image-preview:large, max-video-preview:-1\" \/>\n<link rel=\"canonical\" href=\"https:\/\/www.posk.se\/sydostra-jamtland\/kandidater\/stiftsfullmaktige\/\" \/>\n<meta property=\"og:locale\" content=\"sv_SE\" \/>\n<meta property=\"og:type\" content=\"article\" \/>\n<meta property=\"og:title\" content=\"Stiftsfullm\u00e4ktige - Syd\u00f6stra J\u00e4mtland\" \/>\n<meta property=\"og:description\" content=\"V\u00e5ra kandidater till stiftsfullm\u00e4ktige i kyrkovalet 2025 Leif Grip, Torp Lena Persson, Alsen Mikael Lind\u00e9, \u00c5s Py J\u00f6nsson, Brunflo H\u00e5kan Nilsson, \u00d6stersund Angelica Karlsson, Borgsj\u00f6-Haver\u00f6 Andreas Idh, Sundsvall Knapp Anna Eriksson, H\u00e4rn\u00f6sand Joakim Johansson, Sundsvall Maria Nyberg St\u00e5hl, N\u00e4skott Anders Eriksson, \u00c5re Kerstin Lindh-Wallin, Kramfors Ulf Sundberg, Aln\u00f6 Anki Edfeldt, J\u00e4rpen Max Thoursie, Duved Eva [&hellip;]\" \/>\n<meta property=\"og:url\" content=\"https:\/\/www.posk.se\/sydostra-jamtland\/kandidater\/stiftsfullmaktige\/\" \/>\n<meta property=\"og:site_name\" content=\"Syd\u00f6stra J\u00e4mtland\" \/>\n<meta name=\"twitter:card\" content=\"summary_large_image\" \/>\n<meta name=\"twitter:label1\" content=\"Ber\u00e4knad l\u00e4stid\" \/>\n\t<meta name=\"twitter:data1\" content=\"1 minut\" \/>\n<script type=\"application\/ld+json\" class=\"yoast-schema-graph\">{\"@context\":\"https:\/\/schema.org\",\"@graph\":[{\"@type\":\"WebPage\",\"@id\":\"https:\/\/www.posk.se\/sydostra-jamtland\/kandidater\/stiftsfullmaktige\/\",\"url\":\"https:\/\/www.posk.se\/sydostra-jamtland\/kandidater\/stiftsfullmaktige\/\",\"name\":\"Stiftsfullm\u00e4ktige - Syd\u00f6stra J\u00e4mtland\",\"isPartOf\":{\"@id\":\"https:\/\/www.posk.se\/sydostra-jamtland\/#website\"},\"datePublished\":\"2025-09-01T14:22:48+00:00\",\"breadcrumb\":{\"@id\":\"https:\/\/www.posk.se\/sydostra-jamtland\/kandidater\/stiftsfullmaktige\/#breadcrumb\"},\"inLanguage\":\"sv-SE\",\"potentialAction\":[{\"@type\":\"ReadAction\",\"target\":[\"https:\/\/www.posk.se\/sydostra-jamtland\/kandidater\/stiftsfullmaktige\/\"]}]},{\"@type\":\"BreadcrumbList\",\"@id\":\"https:\/\/www.posk.se\/sydostra-jamtland\/kandidater\/stiftsfullmaktige\/#breadcrumb\",\"itemListElement\":[{\"@type\":\"ListItem\",\"position\":1,\"name\":\"Hem\",\"item\":\"https:\/\/www.posk.se\/sydostra-jamtland\/\"},{\"@type\":\"ListItem\",\"position\":2,\"name\":\"Kandidater\",\"item\":\"https:\/\/www.posk.se\/sydostra-jamtland\/kandidater\/\"},{\"@type\":\"ListItem\",\"position\":3,\"name\":\"Stiftsfullm\u00e4ktige\"}]},{\"@type\":\"WebSite\",\"@id\":\"https:\/\/www.posk.se\/sydostra-jamtland\/#website\",\"url\":\"https:\/\/www.posk.se\/sydostra-jamtland\/\",\"name\":\"Syd\u00f6stra J\u00e4mtland\",\"description\":\"POSK-grupp i H\u00e4rn\u00f6sands stift\",\"potentialAction\":[{\"@type\":\"SearchAction\",\"target\":{\"@type\":\"EntryPoint\",\"urlTemplate\":\"https:\/\/www.posk.se\/sydostra-jamtland\/?s={search_term_string}\"},\"query-input\":{\"@type\":\"PropertyValueSpecification\",\"valueRequired\":true,\"valueName\":\"search_term_string\"}}],\"inLanguage\":\"sv-SE\"}]}<\/script>\n<!-- \/ Yoast SEO plugin. -->","yoast_head_json":{"title":"Stiftsfullm\u00e4ktige - Syd\u00f6stra J\u00e4mtland","robots":{"index":"index","follow":"follow","max-snippet":"max-snippet:-1","max-image-preview":"max-image-preview:large","max-video-preview":"max-video-preview:-1"},"canonical":"https:\/\/www.posk.se\/sydostra-jamtland\/kandidater\/stiftsfullmaktige\/","og_locale":"sv_SE","og_type":"article","og_title":"Stiftsfullm\u00e4ktige - Syd\u00f6stra J\u00e4mtland","og_description":"V\u00e5ra kandidater till stiftsfullm\u00e4ktige i kyrkovalet 2025 Leif Grip, Torp Lena Persson, Alsen Mikael Lind\u00e9, \u00c5s Py J\u00f6nsson, Brunflo H\u00e5kan Nilsson, \u00d6stersund Angelica Karlsson, Borgsj\u00f6-Haver\u00f6 Andreas Idh, Sundsvall Knapp Anna Eriksson, H\u00e4rn\u00f6sand Joakim Johansson, Sundsvall Maria Nyberg St\u00e5hl, N\u00e4skott Anders Eriksson, \u00c5re Kerstin Lindh-Wallin, Kramfors Ulf Sundberg, Aln\u00f6 Anki Edfeldt, J\u00e4rpen Max Thoursie, Duved Eva [&hellip;]","og_url":"https:\/\/www.posk.se\/sydostra-jamtland\/kandidater\/stiftsfullmaktige\/","og_site_name":"Syd\u00f6stra J\u00e4mtland","twitter_card":"summary_large_image","twitter_misc":{"Ber\u00e4knad l\u00e4stid":"1 minut"},"schema":{"@context":"https:\/\/schema.org","@graph":[{"@type":"WebPage","@id":"https:\/\/www.posk.se\/sydostra-jamtland\/kandidater\/stiftsfullmaktige\/","url":"https:\/\/www.posk.se\/sydostra-jamtland\/kandidater\/stiftsfullmaktige\/","name":"Stiftsfullm\u00e4ktige - Syd\u00f6stra J\u00e4mtland","isPartOf":{"@id":"https:\/\/www.posk.se\/sydostra-jamtland\/#website"},"datePublished":"2025-09-01T14:22:48+00:00","breadcrumb":{"@id":"https:\/\/www.posk.se\/sydostra-jamtland\/kandidater\/stiftsfullmaktige\/#breadcrumb"},"inLanguage":"sv-SE","potentialAction":[{"@type":"ReadAction","target":["https:\/\/www.posk.se\/sydostra-jamtland\/kandidater\/stiftsfullmaktige\/"]}]},{"@type":"BreadcrumbList","@id":"https:\/\/www.posk.se\/sydostra-jamtland\/kandidater\/stiftsfullmaktige\/#breadcrumb","itemListElement":[{"@type":"ListItem","position":1,"name":"Hem","item":"https:\/\/www.posk.se\/sydostra-jamtland\/"},{"@type":"ListItem","position":2,"name":"Kandidater","item":"https:\/\/www.posk.se\/sydostra-jamtland\/kandidater\/"},{"@type":"ListItem","position":3,"name":"Stiftsfullm\u00e4ktige"}]},{"@type":"WebSite","@id":"https:\/\/www.posk.se\/sydostra-jamtland\/#website","url":"https:\/\/www.posk.se\/sydostra-jamtland\/","name":"Syd\u00f6stra J\u00e4mtland","description":"POSK-grupp i H\u00e4rn\u00f6sands stift","potentialAction":[{"@type":"SearchAction","target":{"@type":"EntryPoint","urlTemplate":"https:\/\/www.posk.se\/sydostra-jamtland\/?s={search_term_string}"},"query-input":{"@type":"PropertyValueSpecification","valueRequired":true,"valueName":"search_term_string"}}],"inLanguage":"sv-SE"}]}},"_links":{"self":[{"href":"https:\/\/www.posk.se\/sydostra-jamtland\/wp-json\/wp\/v2\/pages\/97","targetHints":{"allow":["GET"]}}],"collection":[{"href":"https:\/\/www.posk.se\/sydostra-jamtland\/wp-json\/wp\/v2\/pages"}],"about":[{"href":"https:\/\/www.posk.se\/sydostra-jamtland\/wp-json\/wp\/v2\/types\/page"}],"author":[{"embeddable":true,"href":"https:\/\/www.posk.se\/sydostra-jamtland\/wp-json\/wp\/v2\/users\/1970"}],"replies":[{"embeddable":true,"href":"https:\/\/www.posk.se\/sydostra-jamtland\/wp-json\/wp\/v2\/comments?post=97"}],"version-history":[{"count":6,"href":"https:\/\/www.posk.se\/sydostra-jamtland\/wp-json\/wp\/v2\/pages\/97\/revisions"}],"predecessor-version":[{"id":103,"href":"https:\/\/www.posk.se\/sydostra-jamtland\/wp-json\/wp\/v2\/pages\/97\/revisions\/103"}],"up":[{"embeddable":true,"href":"https:\/\/www.posk.se\/sydostra-jamtland\/wp-json\/wp\/v2\/pages\/89"}],"wp:attachment":[{"href":"https:\/\/www.posk.se\/sydostra-jamtland\/wp-json\/wp\/v2\/media?parent=97"}],"curies":[{"name":"wp","href":"https:\/\/api.w.org\/{rel}","templated":true}]}}