{"id":85,"date":"2025-09-01T16:21:42","date_gmt":"2025-09-01T14:21:42","guid":{"rendered":"https:\/\/www.posk.se\/sydostra-jamtland\/?page_id=85"},"modified":"2025-09-01T16:21:42","modified_gmt":"2025-09-01T14:21:42","slug":"kyrkoval-2025","status":"publish","type":"page","link":"https:\/\/www.posk.se\/sydostra-jamtland\/kyrkoval-2025\/","title":{"rendered":"Kyrkoval 2025"},"content":{"rendered":"<p class=\"p1\"><b>V\u00e5ra kandidater p\u00e5 valsedeln 2025<\/b><\/p>\n<p><img loading=\"lazy\" decoding=\"async\" class=\"alignnone size-medium wp-image-116\" src=\"https:\/\/www.posk.se\/sydostra-jamtland\/wp-content\/uploads\/sites\/299\/2025\/09\/val-1-scaled-e1756736363474-300x262.jpeg\" alt=\"\" width=\"300\" height=\"262\" srcset=\"https:\/\/www.posk.se\/sydostra-jamtland\/wp-content\/uploads\/sites\/299\/2025\/09\/val-1-scaled-e1756736363474-300x262.jpeg 300w, https:\/\/www.posk.se\/sydostra-jamtland\/wp-content\/uploads\/sites\/299\/2025\/09\/val-1-scaled-e1756736363474-1024x895.jpeg 1024w, https:\/\/www.posk.se\/sydostra-jamtland\/wp-content\/uploads\/sites\/299\/2025\/09\/val-1-scaled-e1756736363474-768x671.jpeg 768w, https:\/\/www.posk.se\/sydostra-jamtland\/wp-content\/uploads\/sites\/299\/2025\/09\/val-1-scaled-e1756736363474-1536x1343.jpeg 1536w, https:\/\/www.posk.se\/sydostra-jamtland\/wp-content\/uploads\/sites\/299\/2025\/09\/val-1-scaled-e1756736363474-330x288.jpeg 330w, https:\/\/www.posk.se\/sydostra-jamtland\/wp-content\/uploads\/sites\/299\/2025\/09\/val-1-scaled-e1756736363474.jpeg 1826w\" sizes=\"auto, (max-width: 300px) 100vw, 300px\" \/><\/p>\n<p><a href=\"https:\/\/www.posk.se\/sydostra-jamtland\/kyrkofullmaktige\/\">Kyrkofu<\/a><a href=\"https:\/\/www.posk.se\/sydostra-jamtland\/kyrkofullmaktige\/\">llm\u00e4ktiges kandidatlista 2025<\/a><br \/>\n<a href=\"https:\/\/www.posk.se\/sydostra-jamtland\/stiftsfullmaktige\/\">Stiftsfullm\u00e4ktiges kandidatlista 2025<\/a><br \/>\n<a href=\"https:\/\/www.posk.se\/sydostra-jamtland\/kyrkomotet\/\">Kyrkom\u00f6tets kandidatlista 2025<\/a><\/p>\n<p class=\"p2\"><b>Information<\/b><span class=\"s4\"><br \/>\n<\/span>\u00a4\u00a0<a href=\"https:\/\/www.posk.se\/kyrkovalet\/\"><span class=\"s3\">Kyrkovalet 2025<\/span><\/a>\u00a0(Riks)<\/p>\n<p class=\"p2\"><b>Datum<\/b><span class=\"s4\"><br \/>\n<\/span>\u00a4\u00a0<i>R\u00f6stkort:<\/i>\u00a0Alla som har r\u00f6str\u00e4tt f\u00e5r ett r\u00f6stkort som skickas ut till folkbokf\u00f6ringsadressen. Du b\u00f6r ha f\u00e5tt ditt r\u00f6stkort\u00a0<span class=\"s5\"><b>senast 3\u00a0sept\u00a02025<\/b><\/span>.<span class=\"s4\"><br \/>\n<\/span>\u00a4 F\u00f6rtidsr\u00f6stningen sker mellan den 8\u201321 sept 2025.<span class=\"s4\"><br \/>\n<\/span>\u00a4 Valdagen \u00e4r s\u00f6ndag den 21 sept 2025.<\/p>\n<p class=\"p2\">\u2013 Mer information om kyrkovalet finns \u00e4ven p\u00e5 Svenska kyrkans webb,<span class=\"s4\"><br \/>\n<\/span>&gt;\u00a0<a href=\"https:\/\/www.svenskakyrkan.se\/kyrkoval\/\"><span class=\"s6\">Kyrkoval<\/span><\/a><span class=\"s4\"><br \/>\n<\/span><\/p>\n<p class=\"p2\">Om du \u00e4r intresserad av att veta mer om POSK, h\u00f6r g\u00e4rna av dig till oss f\u00f6r mer information.<span class=\"s4\"><br \/>\n<\/span><b>Kontakt: Py J\u00f6nsson<br \/>\n<\/b>pyjonsson@gmail.com<\/p>\n","protected":false},"excerpt":{"rendered":"<p>V\u00e5ra kandidater p\u00e5 valsedeln 2025 Kyrkofullm\u00e4ktiges kandidatlista 2025 Stiftsfullm\u00e4ktiges kandidatlista 2025 Kyrkom\u00f6tets kandidatlista 2025 Information \u00a4\u00a0Kyrkovalet 2025\u00a0(Riks) Datum \u00a4\u00a0R\u00f6stkort:\u00a0Alla som har r\u00f6str\u00e4tt f\u00e5r ett r\u00f6stkort som skickas ut till folkbokf\u00f6ringsadressen. Du b\u00f6r ha f\u00e5tt ditt r\u00f6stkort\u00a0senast 3\u00a0sept\u00a02025. \u00a4 F\u00f6rtidsr\u00f6stningen sker mellan den 8\u201321 sept 2025. \u00a4 Valdagen \u00e4r s\u00f6ndag den 21 sept 2025. \u2013 Mer [&hellip;]<\/p>\n","protected":false},"author":1970,"featured_media":112,"parent":0,"menu_order":3,"comment_status":"closed","ping_status":"closed","template":"page-templates\/page-sidebar-left.php","meta":{"_acf_changed":false,"footnotes":""},"class_list":["post-85","page","type-page","status-publish","has-post-thumbnail","hentry"],"acf":[],"yoast_head":"<!-- This site is optimized with the Yoast SEO plugin v24.9 - https:\/\/yoast.com\/wordpress\/plugins\/seo\/ -->\n<title>Kyrkoval 2025 - Syd\u00f6stra J\u00e4mtland<\/title>\n<meta name=\"robots\" content=\"index, follow, max-snippet:-1, max-image-preview:large, max-video-preview:-1\" \/>\n<link rel=\"canonical\" href=\"https:\/\/www.posk.se\/sydostra-jamtland\/kyrkoval-2025\/\" \/>\n<meta property=\"og:locale\" content=\"sv_SE\" \/>\n<meta property=\"og:type\" content=\"article\" \/>\n<meta property=\"og:title\" content=\"Kyrkoval 2025 - Syd\u00f6stra J\u00e4mtland\" \/>\n<meta property=\"og:description\" content=\"V\u00e5ra kandidater p\u00e5 valsedeln 2025 Kyrkofullm\u00e4ktiges kandidatlista 2025 Stiftsfullm\u00e4ktiges kandidatlista 2025 Kyrkom\u00f6tets kandidatlista 2025 Information \u00a4\u00a0Kyrkovalet 2025\u00a0(Riks) Datum \u00a4\u00a0R\u00f6stkort:\u00a0Alla som har r\u00f6str\u00e4tt f\u00e5r ett r\u00f6stkort som skickas ut till folkbokf\u00f6ringsadressen. Du b\u00f6r ha f\u00e5tt ditt r\u00f6stkort\u00a0senast 3\u00a0sept\u00a02025. \u00a4 F\u00f6rtidsr\u00f6stningen sker mellan den 8\u201321 sept 2025. \u00a4 Valdagen \u00e4r s\u00f6ndag den 21 sept 2025. \u2013 Mer [&hellip;]\" \/>\n<meta property=\"og:url\" content=\"https:\/\/www.posk.se\/sydostra-jamtland\/kyrkoval-2025\/\" \/>\n<meta property=\"og:site_name\" content=\"Syd\u00f6stra J\u00e4mtland\" \/>\n<meta property=\"og:image\" content=\"https:\/\/www.posk.se\/sydostra-jamtland\/wp-content\/uploads\/sites\/299\/2025\/09\/skarmavbild-2025-09-01-kl-154712.png\" \/>\n\t<meta property=\"og:image:width\" content=\"2524\" \/>\n\t<meta property=\"og:image:height\" content=\"796\" \/>\n\t<meta property=\"og:image:type\" content=\"image\/png\" \/>\n<meta name=\"twitter:card\" content=\"summary_large_image\" \/>\n<meta name=\"twitter:label1\" content=\"Ber\u00e4knad l\u00e4stid\" \/>\n\t<meta name=\"twitter:data1\" content=\"1 minut\" \/>\n<script type=\"application\/ld+json\" class=\"yoast-schema-graph\">{\"@context\":\"https:\/\/schema.org\",\"@graph\":[{\"@type\":\"WebPage\",\"@id\":\"https:\/\/www.posk.se\/sydostra-jamtland\/kyrkoval-2025\/\",\"url\":\"https:\/\/www.posk.se\/sydostra-jamtland\/kyrkoval-2025\/\",\"name\":\"Kyrkoval 2025 - Syd\u00f6stra J\u00e4mtland\",\"isPartOf\":{\"@id\":\"https:\/\/www.posk.se\/sydostra-jamtland\/#website\"},\"primaryImageOfPage\":{\"@id\":\"https:\/\/www.posk.se\/sydostra-jamtland\/kyrkoval-2025\/#primaryimage\"},\"image\":{\"@id\":\"https:\/\/www.posk.se\/sydostra-jamtland\/kyrkoval-2025\/#primaryimage\"},\"thumbnailUrl\":\"https:\/\/www.posk.se\/sydostra-jamtland\/wp-content\/uploads\/sites\/299\/2025\/09\/skarmavbild-2025-09-01-kl-154712.png\",\"datePublished\":\"2025-09-01T14:21:42+00:00\",\"breadcrumb\":{\"@id\":\"https:\/\/www.posk.se\/sydostra-jamtland\/kyrkoval-2025\/#breadcrumb\"},\"inLanguage\":\"sv-SE\",\"potentialAction\":[{\"@type\":\"ReadAction\",\"target\":[\"https:\/\/www.posk.se\/sydostra-jamtland\/kyrkoval-2025\/\"]}]},{\"@type\":\"ImageObject\",\"inLanguage\":\"sv-SE\",\"@id\":\"https:\/\/www.posk.se\/sydostra-jamtland\/kyrkoval-2025\/#primaryimage\",\"url\":\"https:\/\/www.posk.se\/sydostra-jamtland\/wp-content\/uploads\/sites\/299\/2025\/09\/skarmavbild-2025-09-01-kl-154712.png\",\"contentUrl\":\"https:\/\/www.posk.se\/sydostra-jamtland\/wp-content\/uploads\/sites\/299\/2025\/09\/skarmavbild-2025-09-01-kl-154712.png\",\"width\":2524,\"height\":796},{\"@type\":\"BreadcrumbList\",\"@id\":\"https:\/\/www.posk.se\/sydostra-jamtland\/kyrkoval-2025\/#breadcrumb\",\"itemListElement\":[{\"@type\":\"ListItem\",\"position\":1,\"name\":\"Hem\",\"item\":\"https:\/\/www.posk.se\/sydostra-jamtland\/\"},{\"@type\":\"ListItem\",\"position\":2,\"name\":\"Kyrkoval 2025\"}]},{\"@type\":\"WebSite\",\"@id\":\"https:\/\/www.posk.se\/sydostra-jamtland\/#website\",\"url\":\"https:\/\/www.posk.se\/sydostra-jamtland\/\",\"name\":\"Syd\u00f6stra J\u00e4mtland\",\"description\":\"POSK-grupp i H\u00e4rn\u00f6sands stift\",\"potentialAction\":[{\"@type\":\"SearchAction\",\"target\":{\"@type\":\"EntryPoint\",\"urlTemplate\":\"https:\/\/www.posk.se\/sydostra-jamtland\/?s={search_term_string}\"},\"query-input\":{\"@type\":\"PropertyValueSpecification\",\"valueRequired\":true,\"valueName\":\"search_term_string\"}}],\"inLanguage\":\"sv-SE\"}]}<\/script>\n<!-- \/ Yoast SEO plugin. -->","yoast_head_json":{"title":"Kyrkoval 2025 - Syd\u00f6stra J\u00e4mtland","robots":{"index":"index","follow":"follow","max-snippet":"max-snippet:-1","max-image-preview":"max-image-preview:large","max-video-preview":"max-video-preview:-1"},"canonical":"https:\/\/www.posk.se\/sydostra-jamtland\/kyrkoval-2025\/","og_locale":"sv_SE","og_type":"article","og_title":"Kyrkoval 2025 - Syd\u00f6stra J\u00e4mtland","og_description":"V\u00e5ra kandidater p\u00e5 valsedeln 2025 Kyrkofullm\u00e4ktiges kandidatlista 2025 Stiftsfullm\u00e4ktiges kandidatlista 2025 Kyrkom\u00f6tets kandidatlista 2025 Information \u00a4\u00a0Kyrkovalet 2025\u00a0(Riks) Datum \u00a4\u00a0R\u00f6stkort:\u00a0Alla som har r\u00f6str\u00e4tt f\u00e5r ett r\u00f6stkort som skickas ut till folkbokf\u00f6ringsadressen. Du b\u00f6r ha f\u00e5tt ditt r\u00f6stkort\u00a0senast 3\u00a0sept\u00a02025. \u00a4 F\u00f6rtidsr\u00f6stningen sker mellan den 8\u201321 sept 2025. \u00a4 Valdagen \u00e4r s\u00f6ndag den 21 sept 2025. \u2013 Mer [&hellip;]","og_url":"https:\/\/www.posk.se\/sydostra-jamtland\/kyrkoval-2025\/","og_site_name":"Syd\u00f6stra J\u00e4mtland","og_image":[{"width":2524,"height":796,"url":"https:\/\/www.posk.se\/sydostra-jamtland\/wp-content\/uploads\/sites\/299\/2025\/09\/skarmavbild-2025-09-01-kl-154712.png","type":"image\/png"}],"twitter_card":"summary_large_image","twitter_misc":{"Ber\u00e4knad l\u00e4stid":"1 minut"},"schema":{"@context":"https:\/\/schema.org","@graph":[{"@type":"WebPage","@id":"https:\/\/www.posk.se\/sydostra-jamtland\/kyrkoval-2025\/","url":"https:\/\/www.posk.se\/sydostra-jamtland\/kyrkoval-2025\/","name":"Kyrkoval 2025 - Syd\u00f6stra J\u00e4mtland","isPartOf":{"@id":"https:\/\/www.posk.se\/sydostra-jamtland\/#website"},"primaryImageOfPage":{"@id":"https:\/\/www.posk.se\/sydostra-jamtland\/kyrkoval-2025\/#primaryimage"},"image":{"@id":"https:\/\/www.posk.se\/sydostra-jamtland\/kyrkoval-2025\/#primaryimage"},"thumbnailUrl":"https:\/\/www.posk.se\/sydostra-jamtland\/wp-content\/uploads\/sites\/299\/2025\/09\/skarmavbild-2025-09-01-kl-154712.png","datePublished":"2025-09-01T14:21:42+00:00","breadcrumb":{"@id":"https:\/\/www.posk.se\/sydostra-jamtland\/kyrkoval-2025\/#breadcrumb"},"inLanguage":"sv-SE","potentialAction":[{"@type":"ReadAction","target":["https:\/\/www.posk.se\/sydostra-jamtland\/kyrkoval-2025\/"]}]},{"@type":"ImageObject","inLanguage":"sv-SE","@id":"https:\/\/www.posk.se\/sydostra-jamtland\/kyrkoval-2025\/#primaryimage","url":"https:\/\/www.posk.se\/sydostra-jamtland\/wp-content\/uploads\/sites\/299\/2025\/09\/skarmavbild-2025-09-01-kl-154712.png","contentUrl":"https:\/\/www.posk.se\/sydostra-jamtland\/wp-content\/uploads\/sites\/299\/2025\/09\/skarmavbild-2025-09-01-kl-154712.png","width":2524,"height":796},{"@type":"BreadcrumbList","@id":"https:\/\/www.posk.se\/sydostra-jamtland\/kyrkoval-2025\/#breadcrumb","itemListElement":[{"@type":"ListItem","position":1,"name":"Hem","item":"https:\/\/www.posk.se\/sydostra-jamtland\/"},{"@type":"ListItem","position":2,"name":"Kyrkoval 2025"}]},{"@type":"WebSite","@id":"https:\/\/www.posk.se\/sydostra-jamtland\/#website","url":"https:\/\/www.posk.se\/sydostra-jamtland\/","name":"Syd\u00f6stra J\u00e4mtland","description":"POSK-grupp i H\u00e4rn\u00f6sands stift","potentialAction":[{"@type":"SearchAction","target":{"@type":"EntryPoint","urlTemplate":"https:\/\/www.posk.se\/sydostra-jamtland\/?s={search_term_string}"},"query-input":{"@type":"PropertyValueSpecification","valueRequired":true,"valueName":"search_term_string"}}],"inLanguage":"sv-SE"}]}},"_links":{"self":[{"href":"https:\/\/www.posk.se\/sydostra-jamtland\/wp-json\/wp\/v2\/pages\/85","targetHints":{"allow":["GET"]}}],"collection":[{"href":"https:\/\/www.posk.se\/sydostra-jamtland\/wp-json\/wp\/v2\/pages"}],"about":[{"href":"https:\/\/www.posk.se\/sydostra-jamtland\/wp-json\/wp\/v2\/types\/page"}],"author":[{"embeddable":true,"href":"https:\/\/www.posk.se\/sydostra-jamtland\/wp-json\/wp\/v2\/users\/1970"}],"replies":[{"embeddable":true,"href":"https:\/\/www.posk.se\/sydostra-jamtland\/wp-json\/wp\/v2\/comments?post=85"}],"version-history":[{"count":11,"href":"https:\/\/www.posk.se\/sydostra-jamtland\/wp-json\/wp\/v2\/pages\/85\/revisions"}],"predecessor-version":[{"id":118,"href":"https:\/\/www.posk.se\/sydostra-jamtland\/wp-json\/wp\/v2\/pages\/85\/revisions\/118"}],"wp:featuredmedia":[{"embeddable":true,"href":"https:\/\/www.posk.se\/sydostra-jamtland\/wp-json\/wp\/v2\/media\/112"}],"wp:attachment":[{"href":"https:\/\/www.posk.se\/sydostra-jamtland\/wp-json\/wp\/v2\/media?parent=85"}],"curies":[{"name":"wp","href":"https:\/\/api.w.org\/{rel}","templated":true}]}}