{"id":5,"date":"2025-04-28T00:32:33","date_gmt":"2025-04-27T22:32:33","guid":{"rendered":"https:\/\/www.posk.se\/sydostra-jamtlands\/?page_id=5"},"modified":"2025-09-01T16:35:49","modified_gmt":"2025-09-01T14:35:49","slug":"startsidan","status":"publish","type":"page","link":"https:\/\/www.posk.se\/sydostra-jamtland\/","title":{"rendered":"Startsidan"},"content":{"rendered":"<p class=\"p1\">Nu \u00e4r det f\u00f6rsta g\u00e5ngen ni m\u00f6ter kandidater fr\u00e5n pastoratet som st\u00e4ller upp f\u00f6r nomineringsgruppen POSK i val till kyrkofullm\u00e4ktige och stiftsfullm\u00e4ktige.<br \/>\nEftersom det saknades en POSK-grupp i v\u00e5rt pastorat s\u00e5 blev f\u00f6rsta uppgiften att skapa en f\u00f6rening. Detta skedde nu under v\u00e5ren 2025 vilket medf\u00f6rt att vi inte hunnit engagera s\u00e5 m\u00e5nga kandidater \u00e4nnu men \u201dRom byggdes inte p\u00e5 en dag\u201d.<\/p>\n<p class=\"p1\">Syd\u00f6stra J\u00e4mtlands pastorat best\u00e5r av f\u00f6ljande f\u00f6rsamlingar:<br \/>\nBerg, Hack\u00e5s, Oviken-Myssj\u00f6, R\u00e4tan-Kl\u00f6vsj\u00f6, \u00c5sarne, Br\u00e4cke-Nyhem, Revsund-Sundsj\u00f6-Bodsj\u00f6, Brunflo med Torvalla, Lockne, Marieby, N\u00e4s, H\u00e4llesj\u00f6-H\u00e5sj\u00f6, Stugun, Borgvattnet, Fors och Ragunda.<\/p>\n<h4 class=\"&quot;kyrkovalet_se&quot;\">Kontaktperson:<\/h4>\n<p><strong>Py J\u00f6nsson<\/strong><\/p>\n<p>070-4320857<br \/>\npyjonsson@gmail.com<\/p>\n<p>&nbsp;<\/p>\n","protected":false},"excerpt":{"rendered":"<p>Nu \u00e4r det f\u00f6rsta g\u00e5ngen ni m\u00f6ter kandidater fr\u00e5n pastoratet som st\u00e4ller upp f\u00f6r nomineringsgruppen POSK i val till kyrkofullm\u00e4ktige och stiftsfullm\u00e4ktige. Eftersom det saknades en POSK-grupp i v\u00e5rt pastorat s\u00e5 blev f\u00f6rsta uppgiften att skapa en f\u00f6rening. Detta skedde nu under v\u00e5ren 2025 vilket medf\u00f6rt att vi inte hunnit engagera s\u00e5 m\u00e5nga kandidater \u00e4nnu [&hellip;]<\/p>\n","protected":false},"author":91,"featured_media":42,"parent":0,"menu_order":0,"comment_status":"closed","ping_status":"closed","template":"page-templates\/page-sidebar-left.php","meta":{"_acf_changed":false,"footnotes":""},"class_list":["post-5","page","type-page","status-publish","has-post-thumbnail","hentry"],"acf":[],"yoast_head":"<!-- This site is optimized with the Yoast SEO plugin v24.9 - https:\/\/yoast.com\/wordpress\/plugins\/seo\/ -->\n<title>Startsidan - Syd\u00f6stra J\u00e4mtland<\/title>\n<meta name=\"robots\" content=\"index, follow, max-snippet:-1, max-image-preview:large, max-video-preview:-1\" \/>\n<link rel=\"canonical\" href=\"https:\/\/www.posk.se\/sydostra-jamtland\/\" \/>\n<meta property=\"og:locale\" content=\"sv_SE\" \/>\n<meta property=\"og:type\" content=\"article\" \/>\n<meta property=\"og:title\" content=\"Startsidan - Syd\u00f6stra J\u00e4mtland\" \/>\n<meta property=\"og:description\" content=\"Nu \u00e4r det f\u00f6rsta g\u00e5ngen ni m\u00f6ter kandidater fr\u00e5n pastoratet som st\u00e4ller upp f\u00f6r nomineringsgruppen POSK i val till kyrkofullm\u00e4ktige och stiftsfullm\u00e4ktige. Eftersom det saknades en POSK-grupp i v\u00e5rt pastorat s\u00e5 blev f\u00f6rsta uppgiften att skapa en f\u00f6rening. Detta skedde nu under v\u00e5ren 2025 vilket medf\u00f6rt att vi inte hunnit engagera s\u00e5 m\u00e5nga kandidater \u00e4nnu [&hellip;]\" \/>\n<meta property=\"og:url\" content=\"https:\/\/www.posk.se\/sydostra-jamtland\/\" \/>\n<meta property=\"og:site_name\" content=\"Syd\u00f6stra J\u00e4mtland\" \/>\n<meta property=\"article:modified_time\" content=\"2025-09-01T14:35:49+00:00\" \/>\n<meta property=\"og:image\" content=\"https:\/\/www.posk.se\/sydostra-jamtland\/wp-content\/uploads\/sites\/299\/2025\/08\/img-8182-scaled-e1755202312125.jpeg\" \/>\n\t<meta property=\"og:image:width\" content=\"2560\" \/>\n\t<meta property=\"og:image:height\" content=\"1225\" \/>\n\t<meta property=\"og:image:type\" content=\"image\/jpeg\" \/>\n<meta name=\"twitter:card\" content=\"summary_large_image\" \/>\n<meta name=\"twitter:label1\" content=\"Ber\u00e4knad l\u00e4stid\" \/>\n\t<meta name=\"twitter:data1\" content=\"1 minut\" \/>\n<script type=\"application\/ld+json\" class=\"yoast-schema-graph\">{\"@context\":\"https:\/\/schema.org\",\"@graph\":[{\"@type\":\"WebPage\",\"@id\":\"https:\/\/www.posk.se\/sydostra-jamtland\/\",\"url\":\"https:\/\/www.posk.se\/sydostra-jamtland\/\",\"name\":\"Startsidan - Syd\u00f6stra J\u00e4mtland\",\"isPartOf\":{\"@id\":\"https:\/\/www.posk.se\/sydostra-jamtland\/#website\"},\"primaryImageOfPage\":{\"@id\":\"https:\/\/www.posk.se\/sydostra-jamtland\/#primaryimage\"},\"image\":{\"@id\":\"https:\/\/www.posk.se\/sydostra-jamtland\/#primaryimage\"},\"thumbnailUrl\":\"https:\/\/www.posk.se\/sydostra-jamtland\/wp-content\/uploads\/sites\/299\/2025\/08\/img-8182-scaled-e1755202312125.jpeg\",\"datePublished\":\"2025-04-27T22:32:33+00:00\",\"dateModified\":\"2025-09-01T14:35:49+00:00\",\"breadcrumb\":{\"@id\":\"https:\/\/www.posk.se\/sydostra-jamtland\/#breadcrumb\"},\"inLanguage\":\"sv-SE\",\"potentialAction\":[{\"@type\":\"ReadAction\",\"target\":[\"https:\/\/www.posk.se\/sydostra-jamtland\/\"]}]},{\"@type\":\"ImageObject\",\"inLanguage\":\"sv-SE\",\"@id\":\"https:\/\/www.posk.se\/sydostra-jamtland\/#primaryimage\",\"url\":\"https:\/\/www.posk.se\/sydostra-jamtland\/wp-content\/uploads\/sites\/299\/2025\/08\/img-8182-scaled-e1755202312125.jpeg\",\"contentUrl\":\"https:\/\/www.posk.se\/sydostra-jamtland\/wp-content\/uploads\/sites\/299\/2025\/08\/img-8182-scaled-e1755202312125.jpeg\",\"width\":2560,\"height\":1225,\"caption\":\"Bild \u00f6ver Storsj\u00f6n mot Oviken fr\u00e5n Hack\u00e5s kyrka. Foto: Py J\u00f6nsson\"},{\"@type\":\"BreadcrumbList\",\"@id\":\"https:\/\/www.posk.se\/sydostra-jamtland\/#breadcrumb\",\"itemListElement\":[{\"@type\":\"ListItem\",\"position\":1,\"name\":\"Hem\",\"item\":\"https:\/\/www.posk.se\/sydostra-jamtland\/\"},{\"@type\":\"ListItem\",\"position\":2,\"name\":\"Startsidan\"}]},{\"@type\":\"WebSite\",\"@id\":\"https:\/\/www.posk.se\/sydostra-jamtland\/#website\",\"url\":\"https:\/\/www.posk.se\/sydostra-jamtland\/\",\"name\":\"Syd\u00f6stra J\u00e4mtland\",\"description\":\"POSK-grupp i H\u00e4rn\u00f6sands stift\",\"potentialAction\":[{\"@type\":\"SearchAction\",\"target\":{\"@type\":\"EntryPoint\",\"urlTemplate\":\"https:\/\/www.posk.se\/sydostra-jamtland\/?s={search_term_string}\"},\"query-input\":{\"@type\":\"PropertyValueSpecification\",\"valueRequired\":true,\"valueName\":\"search_term_string\"}}],\"inLanguage\":\"sv-SE\"}]}<\/script>\n<!-- \/ Yoast SEO plugin. -->","yoast_head_json":{"title":"Startsidan - Syd\u00f6stra J\u00e4mtland","robots":{"index":"index","follow":"follow","max-snippet":"max-snippet:-1","max-image-preview":"max-image-preview:large","max-video-preview":"max-video-preview:-1"},"canonical":"https:\/\/www.posk.se\/sydostra-jamtland\/","og_locale":"sv_SE","og_type":"article","og_title":"Startsidan - Syd\u00f6stra J\u00e4mtland","og_description":"Nu \u00e4r det f\u00f6rsta g\u00e5ngen ni m\u00f6ter kandidater fr\u00e5n pastoratet som st\u00e4ller upp f\u00f6r nomineringsgruppen POSK i val till kyrkofullm\u00e4ktige och stiftsfullm\u00e4ktige. Eftersom det saknades en POSK-grupp i v\u00e5rt pastorat s\u00e5 blev f\u00f6rsta uppgiften att skapa en f\u00f6rening. Detta skedde nu under v\u00e5ren 2025 vilket medf\u00f6rt att vi inte hunnit engagera s\u00e5 m\u00e5nga kandidater \u00e4nnu [&hellip;]","og_url":"https:\/\/www.posk.se\/sydostra-jamtland\/","og_site_name":"Syd\u00f6stra J\u00e4mtland","article_modified_time":"2025-09-01T14:35:49+00:00","og_image":[{"width":2560,"height":1225,"url":"https:\/\/www.posk.se\/sydostra-jamtland\/wp-content\/uploads\/sites\/299\/2025\/08\/img-8182-scaled-e1755202312125.jpeg","type":"image\/jpeg"}],"twitter_card":"summary_large_image","twitter_misc":{"Ber\u00e4knad l\u00e4stid":"1 minut"},"schema":{"@context":"https:\/\/schema.org","@graph":[{"@type":"WebPage","@id":"https:\/\/www.posk.se\/sydostra-jamtland\/","url":"https:\/\/www.posk.se\/sydostra-jamtland\/","name":"Startsidan - Syd\u00f6stra J\u00e4mtland","isPartOf":{"@id":"https:\/\/www.posk.se\/sydostra-jamtland\/#website"},"primaryImageOfPage":{"@id":"https:\/\/www.posk.se\/sydostra-jamtland\/#primaryimage"},"image":{"@id":"https:\/\/www.posk.se\/sydostra-jamtland\/#primaryimage"},"thumbnailUrl":"https:\/\/www.posk.se\/sydostra-jamtland\/wp-content\/uploads\/sites\/299\/2025\/08\/img-8182-scaled-e1755202312125.jpeg","datePublished":"2025-04-27T22:32:33+00:00","dateModified":"2025-09-01T14:35:49+00:00","breadcrumb":{"@id":"https:\/\/www.posk.se\/sydostra-jamtland\/#breadcrumb"},"inLanguage":"sv-SE","potentialAction":[{"@type":"ReadAction","target":["https:\/\/www.posk.se\/sydostra-jamtland\/"]}]},{"@type":"ImageObject","inLanguage":"sv-SE","@id":"https:\/\/www.posk.se\/sydostra-jamtland\/#primaryimage","url":"https:\/\/www.posk.se\/sydostra-jamtland\/wp-content\/uploads\/sites\/299\/2025\/08\/img-8182-scaled-e1755202312125.jpeg","contentUrl":"https:\/\/www.posk.se\/sydostra-jamtland\/wp-content\/uploads\/sites\/299\/2025\/08\/img-8182-scaled-e1755202312125.jpeg","width":2560,"height":1225,"caption":"Bild \u00f6ver Storsj\u00f6n mot Oviken fr\u00e5n Hack\u00e5s kyrka. Foto: Py J\u00f6nsson"},{"@type":"BreadcrumbList","@id":"https:\/\/www.posk.se\/sydostra-jamtland\/#breadcrumb","itemListElement":[{"@type":"ListItem","position":1,"name":"Hem","item":"https:\/\/www.posk.se\/sydostra-jamtland\/"},{"@type":"ListItem","position":2,"name":"Startsidan"}]},{"@type":"WebSite","@id":"https:\/\/www.posk.se\/sydostra-jamtland\/#website","url":"https:\/\/www.posk.se\/sydostra-jamtland\/","name":"Syd\u00f6stra J\u00e4mtland","description":"POSK-grupp i H\u00e4rn\u00f6sands stift","potentialAction":[{"@type":"SearchAction","target":{"@type":"EntryPoint","urlTemplate":"https:\/\/www.posk.se\/sydostra-jamtland\/?s={search_term_string}"},"query-input":{"@type":"PropertyValueSpecification","valueRequired":true,"valueName":"search_term_string"}}],"inLanguage":"sv-SE"}]}},"_links":{"self":[{"href":"https:\/\/www.posk.se\/sydostra-jamtland\/wp-json\/wp\/v2\/pages\/5","targetHints":{"allow":["GET"]}}],"collection":[{"href":"https:\/\/www.posk.se\/sydostra-jamtland\/wp-json\/wp\/v2\/pages"}],"about":[{"href":"https:\/\/www.posk.se\/sydostra-jamtland\/wp-json\/wp\/v2\/types\/page"}],"author":[{"embeddable":true,"href":"https:\/\/www.posk.se\/sydostra-jamtland\/wp-json\/wp\/v2\/users\/91"}],"replies":[{"embeddable":true,"href":"https:\/\/www.posk.se\/sydostra-jamtland\/wp-json\/wp\/v2\/comments?post=5"}],"version-history":[{"count":10,"href":"https:\/\/www.posk.se\/sydostra-jamtland\/wp-json\/wp\/v2\/pages\/5\/revisions"}],"predecessor-version":[{"id":74,"href":"https:\/\/www.posk.se\/sydostra-jamtland\/wp-json\/wp\/v2\/pages\/5\/revisions\/74"}],"wp:featuredmedia":[{"embeddable":true,"href":"https:\/\/www.posk.se\/sydostra-jamtland\/wp-json\/wp\/v2\/media\/42"}],"wp:attachment":[{"href":"https:\/\/www.posk.se\/sydostra-jamtland\/wp-json\/wp\/v2\/media?parent=5"}],"curies":[{"name":"wp","href":"https:\/\/api.w.org\/{rel}","templated":true}]}}