{"id":45,"date":"2025-08-15T15:28:37","date_gmt":"2025-08-15T13:28:37","guid":{"rendered":"https:\/\/www.posk.se\/sydostra-jamtland\/?page_id=45"},"modified":"2025-08-15T15:29:27","modified_gmt":"2025-08-15T13:29:27","slug":"valprogram-2025","status":"publish","type":"page","link":"https:\/\/www.posk.se\/sydostra-jamtland\/valprogram-2025\/","title":{"rendered":"Valprogram"},"content":{"rendered":"<h4><span style=\"font-weight: 400;color: #db0812\">Om vi f\u00e5r f\u00f6rtroende vill vi s\u00e4rskilt verka f\u00f6r att:<\/span><\/h4>\n<p><strong>Gudstj\u00e4nsten<\/strong><span style=\"font-weight: 400\"><strong> \u00e4r f\u00f6rsamlingens puls<\/strong> och ges de resurser som beh\u00f6vs f\u00f6r att f\u00f6rsamlingslivet skall utvecklas och det kristna budskapet n\u00e5 fram till m\u00e4nniskor.<\/span><span style=\"font-weight: 400\"><br \/>\n<\/span><span style=\"font-weight: 400\">De m\u00e5nga frivilliga insatser som finns och lekm\u00e4nnens ansvar s\u00e5v\u00e4l i gudstj\u00e4nst som i f\u00f6rsamlingsarbete uppmuntras och st\u00e4rks.<\/span><\/p>\n<p><strong>Undervisning <\/strong><span style=\"font-weight: 400\"><strong>prioriteras<\/strong> genom \u00f6kade resurser f\u00f6r barn- och ungdomsarbetet, d\u00e5 dop och konfirmation \u00e4r avg\u00f6rande f\u00f6r kyrkans fortlevnad. Fortsatt satsning p\u00e5\u00a0 bibelstudiegrupper, k\u00f6rverksamhet, mm.<\/span><\/p>\n<p><strong>Diakonin <\/strong><span style=\"font-weight: 400\"><strong>f\u00e5r \u00f6kade resurser<\/strong> och det skapas st\u00f6rre plats f\u00f6r frivilligt engagemang med insatser f\u00f6r samh\u00e4llets svagaste grupper.<\/span><\/p>\n<p><b>Kyrkans<\/b> <b>musikaliska kulturarv <\/b><span style=\"font-weight: 400\"><strong>f\u00f6rvaltas<\/strong> och utvecklas.\u00a0<\/span><\/p>\n<p><b><\/b><b>H\u00e5llbarhet<\/b> <span style=\"font-weight: 400\"><strong>\u00e4r ledstj\u00e4rna f\u00f6r pastoratets arbete<\/strong>, s\u00e5v\u00e4l ekologiskt som socialt och ekonomiskt.\u00a0 Tex genom h\u00e5llbar energianv\u00e4ndning, milj\u00f6certifiering, god arbetsmilj\u00f6 f\u00f6r personalen och genom l\u00e5ngsiktiga ekonomiska m\u00e5l.<\/span><\/p>\n","protected":false},"excerpt":{"rendered":"<p>Om vi f\u00e5r f\u00f6rtroende vill vi s\u00e4rskilt verka f\u00f6r att: Gudstj\u00e4nsten \u00e4r f\u00f6rsamlingens puls och ges de resurser som beh\u00f6vs f\u00f6r att f\u00f6rsamlingslivet skall utvecklas och det kristna budskapet n\u00e5 fram till m\u00e4nniskor. De m\u00e5nga frivilliga insatser som finns och lekm\u00e4nnens ansvar s\u00e5v\u00e4l i gudstj\u00e4nst som i f\u00f6rsamlingsarbete uppmuntras och st\u00e4rks. Undervisning prioriteras genom \u00f6kade [&hellip;]<\/p>\n","protected":false},"author":1970,"featured_media":0,"parent":0,"menu_order":1,"comment_status":"closed","ping_status":"closed","template":"page-templates\/page-sidebar-left.php","meta":{"_acf_changed":false,"footnotes":""},"class_list":["post-45","page","type-page","status-publish","hentry"],"acf":[],"yoast_head":"<!-- This site is optimized with the Yoast SEO plugin v24.9 - https:\/\/yoast.com\/wordpress\/plugins\/seo\/ -->\n<title>Valprogram - Syd\u00f6stra J\u00e4mtland<\/title>\n<meta name=\"robots\" content=\"index, follow, max-snippet:-1, max-image-preview:large, max-video-preview:-1\" \/>\n<link rel=\"canonical\" href=\"https:\/\/www.posk.se\/sydostra-jamtland\/valprogram-2025\/\" \/>\n<meta property=\"og:locale\" content=\"sv_SE\" \/>\n<meta property=\"og:type\" content=\"article\" \/>\n<meta property=\"og:title\" content=\"Valprogram - Syd\u00f6stra J\u00e4mtland\" \/>\n<meta property=\"og:description\" content=\"Om vi f\u00e5r f\u00f6rtroende vill vi s\u00e4rskilt verka f\u00f6r att: Gudstj\u00e4nsten \u00e4r f\u00f6rsamlingens puls och ges de resurser som beh\u00f6vs f\u00f6r att f\u00f6rsamlingslivet skall utvecklas och det kristna budskapet n\u00e5 fram till m\u00e4nniskor. De m\u00e5nga frivilliga insatser som finns och lekm\u00e4nnens ansvar s\u00e5v\u00e4l i gudstj\u00e4nst som i f\u00f6rsamlingsarbete uppmuntras och st\u00e4rks. Undervisning prioriteras genom \u00f6kade [&hellip;]\" \/>\n<meta property=\"og:url\" content=\"https:\/\/www.posk.se\/sydostra-jamtland\/valprogram-2025\/\" \/>\n<meta property=\"og:site_name\" content=\"Syd\u00f6stra J\u00e4mtland\" \/>\n<meta property=\"article:modified_time\" content=\"2025-08-15T13:29:27+00:00\" \/>\n<meta name=\"twitter:card\" content=\"summary_large_image\" \/>\n<meta name=\"twitter:label1\" content=\"Ber\u00e4knad l\u00e4stid\" \/>\n\t<meta name=\"twitter:data1\" content=\"1 minut\" \/>\n<script type=\"application\/ld+json\" class=\"yoast-schema-graph\">{\"@context\":\"https:\/\/schema.org\",\"@graph\":[{\"@type\":\"WebPage\",\"@id\":\"https:\/\/www.posk.se\/sydostra-jamtland\/valprogram-2025\/\",\"url\":\"https:\/\/www.posk.se\/sydostra-jamtland\/valprogram-2025\/\",\"name\":\"Valprogram - Syd\u00f6stra J\u00e4mtland\",\"isPartOf\":{\"@id\":\"https:\/\/www.posk.se\/sydostra-jamtland\/#website\"},\"datePublished\":\"2025-08-15T13:28:37+00:00\",\"dateModified\":\"2025-08-15T13:29:27+00:00\",\"breadcrumb\":{\"@id\":\"https:\/\/www.posk.se\/sydostra-jamtland\/valprogram-2025\/#breadcrumb\"},\"inLanguage\":\"sv-SE\",\"potentialAction\":[{\"@type\":\"ReadAction\",\"target\":[\"https:\/\/www.posk.se\/sydostra-jamtland\/valprogram-2025\/\"]}]},{\"@type\":\"BreadcrumbList\",\"@id\":\"https:\/\/www.posk.se\/sydostra-jamtland\/valprogram-2025\/#breadcrumb\",\"itemListElement\":[{\"@type\":\"ListItem\",\"position\":1,\"name\":\"Hem\",\"item\":\"https:\/\/www.posk.se\/sydostra-jamtland\/\"},{\"@type\":\"ListItem\",\"position\":2,\"name\":\"Valprogram\"}]},{\"@type\":\"WebSite\",\"@id\":\"https:\/\/www.posk.se\/sydostra-jamtland\/#website\",\"url\":\"https:\/\/www.posk.se\/sydostra-jamtland\/\",\"name\":\"Syd\u00f6stra J\u00e4mtland\",\"description\":\"POSK-grupp i H\u00e4rn\u00f6sands stift\",\"potentialAction\":[{\"@type\":\"SearchAction\",\"target\":{\"@type\":\"EntryPoint\",\"urlTemplate\":\"https:\/\/www.posk.se\/sydostra-jamtland\/?s={search_term_string}\"},\"query-input\":{\"@type\":\"PropertyValueSpecification\",\"valueRequired\":true,\"valueName\":\"search_term_string\"}}],\"inLanguage\":\"sv-SE\"}]}<\/script>\n<!-- \/ Yoast SEO plugin. -->","yoast_head_json":{"title":"Valprogram - Syd\u00f6stra J\u00e4mtland","robots":{"index":"index","follow":"follow","max-snippet":"max-snippet:-1","max-image-preview":"max-image-preview:large","max-video-preview":"max-video-preview:-1"},"canonical":"https:\/\/www.posk.se\/sydostra-jamtland\/valprogram-2025\/","og_locale":"sv_SE","og_type":"article","og_title":"Valprogram - Syd\u00f6stra J\u00e4mtland","og_description":"Om vi f\u00e5r f\u00f6rtroende vill vi s\u00e4rskilt verka f\u00f6r att: Gudstj\u00e4nsten \u00e4r f\u00f6rsamlingens puls och ges de resurser som beh\u00f6vs f\u00f6r att f\u00f6rsamlingslivet skall utvecklas och det kristna budskapet n\u00e5 fram till m\u00e4nniskor. De m\u00e5nga frivilliga insatser som finns och lekm\u00e4nnens ansvar s\u00e5v\u00e4l i gudstj\u00e4nst som i f\u00f6rsamlingsarbete uppmuntras och st\u00e4rks. Undervisning prioriteras genom \u00f6kade [&hellip;]","og_url":"https:\/\/www.posk.se\/sydostra-jamtland\/valprogram-2025\/","og_site_name":"Syd\u00f6stra J\u00e4mtland","article_modified_time":"2025-08-15T13:29:27+00:00","twitter_card":"summary_large_image","twitter_misc":{"Ber\u00e4knad l\u00e4stid":"1 minut"},"schema":{"@context":"https:\/\/schema.org","@graph":[{"@type":"WebPage","@id":"https:\/\/www.posk.se\/sydostra-jamtland\/valprogram-2025\/","url":"https:\/\/www.posk.se\/sydostra-jamtland\/valprogram-2025\/","name":"Valprogram - Syd\u00f6stra J\u00e4mtland","isPartOf":{"@id":"https:\/\/www.posk.se\/sydostra-jamtland\/#website"},"datePublished":"2025-08-15T13:28:37+00:00","dateModified":"2025-08-15T13:29:27+00:00","breadcrumb":{"@id":"https:\/\/www.posk.se\/sydostra-jamtland\/valprogram-2025\/#breadcrumb"},"inLanguage":"sv-SE","potentialAction":[{"@type":"ReadAction","target":["https:\/\/www.posk.se\/sydostra-jamtland\/valprogram-2025\/"]}]},{"@type":"BreadcrumbList","@id":"https:\/\/www.posk.se\/sydostra-jamtland\/valprogram-2025\/#breadcrumb","itemListElement":[{"@type":"ListItem","position":1,"name":"Hem","item":"https:\/\/www.posk.se\/sydostra-jamtland\/"},{"@type":"ListItem","position":2,"name":"Valprogram"}]},{"@type":"WebSite","@id":"https:\/\/www.posk.se\/sydostra-jamtland\/#website","url":"https:\/\/www.posk.se\/sydostra-jamtland\/","name":"Syd\u00f6stra J\u00e4mtland","description":"POSK-grupp i H\u00e4rn\u00f6sands stift","potentialAction":[{"@type":"SearchAction","target":{"@type":"EntryPoint","urlTemplate":"https:\/\/www.posk.se\/sydostra-jamtland\/?s={search_term_string}"},"query-input":{"@type":"PropertyValueSpecification","valueRequired":true,"valueName":"search_term_string"}}],"inLanguage":"sv-SE"}]}},"_links":{"self":[{"href":"https:\/\/www.posk.se\/sydostra-jamtland\/wp-json\/wp\/v2\/pages\/45","targetHints":{"allow":["GET"]}}],"collection":[{"href":"https:\/\/www.posk.se\/sydostra-jamtland\/wp-json\/wp\/v2\/pages"}],"about":[{"href":"https:\/\/www.posk.se\/sydostra-jamtland\/wp-json\/wp\/v2\/types\/page"}],"author":[{"embeddable":true,"href":"https:\/\/www.posk.se\/sydostra-jamtland\/wp-json\/wp\/v2\/users\/1970"}],"replies":[{"embeddable":true,"href":"https:\/\/www.posk.se\/sydostra-jamtland\/wp-json\/wp\/v2\/comments?post=45"}],"version-history":[{"count":15,"href":"https:\/\/www.posk.se\/sydostra-jamtland\/wp-json\/wp\/v2\/pages\/45\/revisions"}],"predecessor-version":[{"id":60,"href":"https:\/\/www.posk.se\/sydostra-jamtland\/wp-json\/wp\/v2\/pages\/45\/revisions\/60"}],"wp:attachment":[{"href":"https:\/\/www.posk.se\/sydostra-jamtland\/wp-json\/wp\/v2\/media?parent=45"}],"curies":[{"name":"wp","href":"https:\/\/api.w.org\/{rel}","templated":true}]}}