{"id":104,"date":"2025-09-01T16:22:59","date_gmt":"2025-09-01T14:22:59","guid":{"rendered":"https:\/\/www.posk.se\/sydostra-jamtland\/?page_id=104"},"modified":"2025-09-01T16:22:59","modified_gmt":"2025-09-01T14:22:59","slug":"kyrkomotet","status":"publish","type":"page","link":"https:\/\/www.posk.se\/sydostra-jamtland\/kandidater\/kyrkomotet\/","title":{"rendered":"Kyrkom\u00f6tet"},"content":{"rendered":"<p>V\u00e5ra kandidater till kyrkom\u00f6tet i kyrkovalet 2025<\/p>\n<ol>\n<li><span style=\"font-weight: 400\">Knapp Anna Eriksson,<\/span> <span style=\"font-weight: 400\">Pr\u00e4st, H\u00e4rn\u00f6sand<\/span><\/li>\n<li><span style=\"font-weight: 400\">Elin Lockneus,<\/span> <span style=\"font-weight: 400\">Pr\u00e4st och Teologie doktor, Sundsvall<\/span><\/li>\n<li><span style=\"font-weight: 400\">Lena Birgitta Persson,<\/span> <span style=\"font-weight: 400\">IT-samordnare, Alsen<\/span><\/li>\n<li><span style=\"font-weight: 400\">H\u00e5kan Nilsson,<\/span> <span style=\"font-weight: 400\">Pr\u00e4st, \u00d6stersund<\/span><\/li>\n<li><span style=\"font-weight: 400\">Joakim Johansson,<\/span> <span style=\"font-weight: 400\">Pr\u00e4st, Sundsvall<\/span><\/li>\n<li><span style=\"font-weight: 400\">Leif Grip,<\/span> <span style=\"font-weight: 400\">Pension\u00e4r, f.d. Verksamhetschef, Fr\u00e4nsta<\/span><\/li>\n<li><span style=\"font-weight: 400\">Anja Moss,<\/span> <span style=\"font-weight: 400\">Sjuksk\u00f6terska, Sundsvall<\/span><\/li>\n<li><span style=\"font-weight: 400\">Mikael Lind\u00e9,<\/span> <span style=\"font-weight: 400\">Sjukgymnast, \u00c5s<\/span><\/li>\n<li><span style=\"font-weight: 400\">Maria Nyberg, St\u00e5hl<\/span> <span style=\"font-weight: 400\">Utredare, N\u00e4skott<\/span><\/li>\n<li><span style=\"font-weight: 400\">Andreas Idh,<\/span> <span style=\"font-weight: 400\">Diakoniassistent, Sundsvall<\/span><\/li>\n<li><span style=\"font-weight: 400\">Olof Hollmer,<\/span> <span style=\"font-weight: 400\">Egen f\u00f6retagare, Aln\u00f6<\/span><\/li>\n<li><span style=\"font-weight: 400\">Max Thoursie,<\/span> <span style=\"font-weight: 400\">Musiker, Duved<\/span><\/li>\n<li><span style=\"font-weight: 400\">Charina Hultman,<\/span> <span style=\"font-weight: 400\">Pension\u00e4r, Liden<\/span><\/li>\n<li><span style=\"font-weight: 400\">Ulf W\u00e4rdell,<\/span> <span style=\"font-weight: 400\">IT-konsult, \u00c5s<\/span><\/li>\n<li><span style=\"font-weight: 400\">Ingrid Torstensson,<\/span> <span style=\"font-weight: 400\">leg sjuksk\u00f6terska, \u00c5s<\/span><\/li>\n<li><span style=\"font-weight: 400\">Angelica Karlsson,<\/span> <span style=\"font-weight: 400\">Distriktssk\u00f6terska , Borgsj\u00f6 Haver\u00f6<\/span><\/li>\n<li><span style=\"font-weight: 400\">Anders Eriksson,<\/span> <span style=\"font-weight: 400\">Egen f\u00f6retagare, \u00c5re<\/span><\/li>\n<li><span style=\"font-weight: 400\">Margit Persson,<\/span> <span style=\"font-weight: 400\">Tandl\u00e4kare, Fr\u00e4nsta<\/span><\/li>\n<li><span style=\"font-weight: 400\">Zaid Bahuo,<\/span> <span style=\"font-weight: 400\">Tandl\u00e4kare, Tuna-Attmar<\/span><\/li>\n<li><span style=\"font-weight: 400\">Lisa Whass,<\/span> <span style=\"font-weight: 400\">Pension\u00e4r, Asp\u00e5s<\/span><\/li>\n<\/ol>\n","protected":false},"excerpt":{"rendered":"<p>V\u00e5ra kandidater till kyrkom\u00f6tet i kyrkovalet 2025 Knapp Anna Eriksson, Pr\u00e4st, H\u00e4rn\u00f6sand Elin Lockneus, Pr\u00e4st och Teologie doktor, Sundsvall Lena Birgitta Persson, IT-samordnare, Alsen H\u00e5kan Nilsson, Pr\u00e4st, \u00d6stersund Joakim Johansson, Pr\u00e4st, Sundsvall Leif Grip, Pension\u00e4r, f.d. Verksamhetschef, Fr\u00e4nsta Anja Moss, Sjuksk\u00f6terska, Sundsvall Mikael Lind\u00e9, Sjukgymnast, \u00c5s Maria Nyberg, St\u00e5hl Utredare, N\u00e4skott Andreas Idh, Diakoniassistent, Sundsvall [&hellip;]<\/p>\n","protected":false},"author":1970,"featured_media":0,"parent":89,"menu_order":2,"comment_status":"closed","ping_status":"closed","template":"page-templates\/page-sidebar-left.php","meta":{"_acf_changed":false,"footnotes":""},"class_list":["post-104","page","type-page","status-publish","hentry"],"acf":[],"yoast_head":"<!-- This site is optimized with the Yoast SEO plugin v24.9 - https:\/\/yoast.com\/wordpress\/plugins\/seo\/ -->\n<title>Kyrkom\u00f6tet - Syd\u00f6stra J\u00e4mtland<\/title>\n<meta name=\"robots\" content=\"index, follow, max-snippet:-1, max-image-preview:large, max-video-preview:-1\" \/>\n<link rel=\"canonical\" href=\"https:\/\/www.posk.se\/sydostra-jamtland\/kandidater\/kyrkomotet\/\" \/>\n<meta property=\"og:locale\" content=\"sv_SE\" \/>\n<meta property=\"og:type\" content=\"article\" \/>\n<meta property=\"og:title\" content=\"Kyrkom\u00f6tet - Syd\u00f6stra J\u00e4mtland\" \/>\n<meta property=\"og:description\" content=\"V\u00e5ra kandidater till kyrkom\u00f6tet i kyrkovalet 2025 Knapp Anna Eriksson, Pr\u00e4st, H\u00e4rn\u00f6sand Elin Lockneus, Pr\u00e4st och Teologie doktor, Sundsvall Lena Birgitta Persson, IT-samordnare, Alsen H\u00e5kan Nilsson, Pr\u00e4st, \u00d6stersund Joakim Johansson, Pr\u00e4st, Sundsvall Leif Grip, Pension\u00e4r, f.d. Verksamhetschef, Fr\u00e4nsta Anja Moss, Sjuksk\u00f6terska, Sundsvall Mikael Lind\u00e9, Sjukgymnast, \u00c5s Maria Nyberg, St\u00e5hl Utredare, N\u00e4skott Andreas Idh, Diakoniassistent, Sundsvall [&hellip;]\" \/>\n<meta property=\"og:url\" content=\"https:\/\/www.posk.se\/sydostra-jamtland\/kandidater\/kyrkomotet\/\" \/>\n<meta property=\"og:site_name\" content=\"Syd\u00f6stra J\u00e4mtland\" \/>\n<meta name=\"twitter:card\" content=\"summary_large_image\" \/>\n<meta name=\"twitter:label1\" content=\"Ber\u00e4knad l\u00e4stid\" \/>\n\t<meta name=\"twitter:data1\" content=\"1 minut\" \/>\n<script type=\"application\/ld+json\" class=\"yoast-schema-graph\">{\"@context\":\"https:\/\/schema.org\",\"@graph\":[{\"@type\":\"WebPage\",\"@id\":\"https:\/\/www.posk.se\/sydostra-jamtland\/kandidater\/kyrkomotet\/\",\"url\":\"https:\/\/www.posk.se\/sydostra-jamtland\/kandidater\/kyrkomotet\/\",\"name\":\"Kyrkom\u00f6tet - Syd\u00f6stra J\u00e4mtland\",\"isPartOf\":{\"@id\":\"https:\/\/www.posk.se\/sydostra-jamtland\/#website\"},\"datePublished\":\"2025-09-01T14:22:59+00:00\",\"breadcrumb\":{\"@id\":\"https:\/\/www.posk.se\/sydostra-jamtland\/kandidater\/kyrkomotet\/#breadcrumb\"},\"inLanguage\":\"sv-SE\",\"potentialAction\":[{\"@type\":\"ReadAction\",\"target\":[\"https:\/\/www.posk.se\/sydostra-jamtland\/kandidater\/kyrkomotet\/\"]}]},{\"@type\":\"BreadcrumbList\",\"@id\":\"https:\/\/www.posk.se\/sydostra-jamtland\/kandidater\/kyrkomotet\/#breadcrumb\",\"itemListElement\":[{\"@type\":\"ListItem\",\"position\":1,\"name\":\"Hem\",\"item\":\"https:\/\/www.posk.se\/sydostra-jamtland\/\"},{\"@type\":\"ListItem\",\"position\":2,\"name\":\"Kandidater\",\"item\":\"https:\/\/www.posk.se\/sydostra-jamtland\/kandidater\/\"},{\"@type\":\"ListItem\",\"position\":3,\"name\":\"Kyrkom\u00f6tet\"}]},{\"@type\":\"WebSite\",\"@id\":\"https:\/\/www.posk.se\/sydostra-jamtland\/#website\",\"url\":\"https:\/\/www.posk.se\/sydostra-jamtland\/\",\"name\":\"Syd\u00f6stra J\u00e4mtland\",\"description\":\"POSK-grupp i H\u00e4rn\u00f6sands stift\",\"potentialAction\":[{\"@type\":\"SearchAction\",\"target\":{\"@type\":\"EntryPoint\",\"urlTemplate\":\"https:\/\/www.posk.se\/sydostra-jamtland\/?s={search_term_string}\"},\"query-input\":{\"@type\":\"PropertyValueSpecification\",\"valueRequired\":true,\"valueName\":\"search_term_string\"}}],\"inLanguage\":\"sv-SE\"}]}<\/script>\n<!-- \/ Yoast SEO plugin. -->","yoast_head_json":{"title":"Kyrkom\u00f6tet - Syd\u00f6stra J\u00e4mtland","robots":{"index":"index","follow":"follow","max-snippet":"max-snippet:-1","max-image-preview":"max-image-preview:large","max-video-preview":"max-video-preview:-1"},"canonical":"https:\/\/www.posk.se\/sydostra-jamtland\/kandidater\/kyrkomotet\/","og_locale":"sv_SE","og_type":"article","og_title":"Kyrkom\u00f6tet - Syd\u00f6stra J\u00e4mtland","og_description":"V\u00e5ra kandidater till kyrkom\u00f6tet i kyrkovalet 2025 Knapp Anna Eriksson, Pr\u00e4st, H\u00e4rn\u00f6sand Elin Lockneus, Pr\u00e4st och Teologie doktor, Sundsvall Lena Birgitta Persson, IT-samordnare, Alsen H\u00e5kan Nilsson, Pr\u00e4st, \u00d6stersund Joakim Johansson, Pr\u00e4st, Sundsvall Leif Grip, Pension\u00e4r, f.d. Verksamhetschef, Fr\u00e4nsta Anja Moss, Sjuksk\u00f6terska, Sundsvall Mikael Lind\u00e9, Sjukgymnast, \u00c5s Maria Nyberg, St\u00e5hl Utredare, N\u00e4skott Andreas Idh, Diakoniassistent, Sundsvall [&hellip;]","og_url":"https:\/\/www.posk.se\/sydostra-jamtland\/kandidater\/kyrkomotet\/","og_site_name":"Syd\u00f6stra J\u00e4mtland","twitter_card":"summary_large_image","twitter_misc":{"Ber\u00e4knad l\u00e4stid":"1 minut"},"schema":{"@context":"https:\/\/schema.org","@graph":[{"@type":"WebPage","@id":"https:\/\/www.posk.se\/sydostra-jamtland\/kandidater\/kyrkomotet\/","url":"https:\/\/www.posk.se\/sydostra-jamtland\/kandidater\/kyrkomotet\/","name":"Kyrkom\u00f6tet - Syd\u00f6stra J\u00e4mtland","isPartOf":{"@id":"https:\/\/www.posk.se\/sydostra-jamtland\/#website"},"datePublished":"2025-09-01T14:22:59+00:00","breadcrumb":{"@id":"https:\/\/www.posk.se\/sydostra-jamtland\/kandidater\/kyrkomotet\/#breadcrumb"},"inLanguage":"sv-SE","potentialAction":[{"@type":"ReadAction","target":["https:\/\/www.posk.se\/sydostra-jamtland\/kandidater\/kyrkomotet\/"]}]},{"@type":"BreadcrumbList","@id":"https:\/\/www.posk.se\/sydostra-jamtland\/kandidater\/kyrkomotet\/#breadcrumb","itemListElement":[{"@type":"ListItem","position":1,"name":"Hem","item":"https:\/\/www.posk.se\/sydostra-jamtland\/"},{"@type":"ListItem","position":2,"name":"Kandidater","item":"https:\/\/www.posk.se\/sydostra-jamtland\/kandidater\/"},{"@type":"ListItem","position":3,"name":"Kyrkom\u00f6tet"}]},{"@type":"WebSite","@id":"https:\/\/www.posk.se\/sydostra-jamtland\/#website","url":"https:\/\/www.posk.se\/sydostra-jamtland\/","name":"Syd\u00f6stra J\u00e4mtland","description":"POSK-grupp i H\u00e4rn\u00f6sands stift","potentialAction":[{"@type":"SearchAction","target":{"@type":"EntryPoint","urlTemplate":"https:\/\/www.posk.se\/sydostra-jamtland\/?s={search_term_string}"},"query-input":{"@type":"PropertyValueSpecification","valueRequired":true,"valueName":"search_term_string"}}],"inLanguage":"sv-SE"}]}},"_links":{"self":[{"href":"https:\/\/www.posk.se\/sydostra-jamtland\/wp-json\/wp\/v2\/pages\/104","targetHints":{"allow":["GET"]}}],"collection":[{"href":"https:\/\/www.posk.se\/sydostra-jamtland\/wp-json\/wp\/v2\/pages"}],"about":[{"href":"https:\/\/www.posk.se\/sydostra-jamtland\/wp-json\/wp\/v2\/types\/page"}],"author":[{"embeddable":true,"href":"https:\/\/www.posk.se\/sydostra-jamtland\/wp-json\/wp\/v2\/users\/1970"}],"replies":[{"embeddable":true,"href":"https:\/\/www.posk.se\/sydostra-jamtland\/wp-json\/wp\/v2\/comments?post=104"}],"version-history":[{"count":4,"href":"https:\/\/www.posk.se\/sydostra-jamtland\/wp-json\/wp\/v2\/pages\/104\/revisions"}],"predecessor-version":[{"id":108,"href":"https:\/\/www.posk.se\/sydostra-jamtland\/wp-json\/wp\/v2\/pages\/104\/revisions\/108"}],"up":[{"embeddable":true,"href":"https:\/\/www.posk.se\/sydostra-jamtland\/wp-json\/wp\/v2\/pages\/89"}],"wp:attachment":[{"href":"https:\/\/www.posk.se\/sydostra-jamtland\/wp-json\/wp\/v2\/media?parent=104"}],"curies":[{"name":"wp","href":"https:\/\/api.w.org\/{rel}","templated":true}]}}