{"id":20,"date":"2016-07-19T12:59:34","date_gmt":"2016-07-19T10:59:34","guid":{"rendered":"https:\/\/www.posk.se\/sura-ramnas\/?page_id=20"},"modified":"2025-06-24T14:02:01","modified_gmt":"2025-06-24T12:02:01","slug":"startsidan","status":"publish","type":"page","link":"https:\/\/www.posk.se\/sura-ramnas\/","title":{"rendered":"Startsidan"},"content":{"rendered":"<p>POSKs funktion\u00e4rer i Sura-Ramn\u00e4s f\u00f6rsamling utg\u00e5r i sitt uppdrag som f\u00f6rtroendevalda enbart fr\u00e5n sitt engagemang f\u00f6r kyrkan. Vi vill lyfta upp s\u00e5dant som vi tycker \u00e4r relevant som r\u00f6relseriktning f\u00f6r v\u00e5r f\u00f6rsamling b\u00e5de som gudstj\u00e4nstfirande gemenskap och akt\u00f6r i det lokala samh\u00e4llet. <a href=\"https:\/\/www.posk.se\/sura-ramnas\/vad-vi-vill\/\" target=\"_blank\" rel=\"noopener\">L\u00e4s mer &#8230;<\/a><\/p>\n<p>F\u00f6r mer information kontakta g\u00e4rna:<\/p>\n<table style=\"border-collapse: collapse;width: 100%\" border=\"1\">\n<tbody>\n<tr style=\"height: 24px\">\n<td style=\"width: 33.3333%;height: 24px\">Johann Galic<\/td>\n<td style=\"width: 33.3333%;height: 24px\">073 714 43 35<\/td>\n<td style=\"width: 33.3333%;height: 24px\">johann.galic@telia.com<\/td>\n<\/tr>\n<tr style=\"height: 24px\">\n<td style=\"width: 33.3333%;height: 24px\">Marita Johansson Grimwade<\/td>\n<td style=\"width: 33.3333%;height: 24px\">070 279 22 54<\/td>\n<td style=\"width: 33.3333%;height: 24px\">maritajohansson2008@gmail.com<\/td>\n<\/tr>\n<tr style=\"height: 24px\">\n<td style=\"width: 33.3333%;height: 24px\">Katja Sundkvist<\/td>\n<td style=\"width: 33.3333%;height: 24px\">073 801 78 66<\/td>\n<td style=\"width: 33.3333%;height: 24px\">katjasun62@gmail.com<\/td>\n<\/tr>\n<\/tbody>\n<\/table>\n<p>&nbsp;<\/p>\n","protected":false},"excerpt":{"rendered":"<p>POSKs funktion\u00e4rer i Sura-Ramn\u00e4s f\u00f6rsamling utg\u00e5r i sitt uppdrag som f\u00f6rtroendevalda enbart fr\u00e5n sitt engagemang f\u00f6r kyrkan. Vi vill lyfta upp s\u00e5dant som vi tycker \u00e4r relevant som r\u00f6relseriktning f\u00f6r v\u00e5r f\u00f6rsamling b\u00e5de som gudstj\u00e4nstfirande gemenskap och akt\u00f6r i det lokala samh\u00e4llet. L\u00e4s mer &#8230; F\u00f6r mer information kontakta g\u00e4rna: Johann Galic 073 714 43 [&hellip;]<\/p>\n","protected":false},"author":1,"featured_media":220,"parent":0,"menu_order":0,"comment_status":"closed","ping_status":"closed","template":"single-posk_localgroup.php","meta":{"_acf_changed":false,"footnotes":""},"class_list":["post-20","page","type-page","status-publish","has-post-thumbnail","hentry"],"acf":[],"yoast_head":"<!-- This site is optimized with the Yoast SEO plugin v24.9 - https:\/\/yoast.com\/wordpress\/plugins\/seo\/ -->\n<title>Startsidan - Sura-Ramn\u00e4s<\/title>\n<meta name=\"robots\" content=\"index, follow, max-snippet:-1, max-image-preview:large, max-video-preview:-1\" \/>\n<link rel=\"canonical\" href=\"https:\/\/www.posk.se\/sura-ramnas\/\" \/>\n<meta property=\"og:locale\" content=\"sv_SE\" \/>\n<meta property=\"og:type\" content=\"article\" \/>\n<meta property=\"og:title\" content=\"Startsidan - Sura-Ramn\u00e4s\" \/>\n<meta property=\"og:description\" content=\"POSKs funktion\u00e4rer i Sura-Ramn\u00e4s f\u00f6rsamling utg\u00e5r i sitt uppdrag som f\u00f6rtroendevalda enbart fr\u00e5n sitt engagemang f\u00f6r kyrkan. Vi vill lyfta upp s\u00e5dant som vi tycker \u00e4r relevant som r\u00f6relseriktning f\u00f6r v\u00e5r f\u00f6rsamling b\u00e5de som gudstj\u00e4nstfirande gemenskap och akt\u00f6r i det lokala samh\u00e4llet. L\u00e4s mer &#8230; F\u00f6r mer information kontakta g\u00e4rna: Johann Galic 073 714 43 [&hellip;]\" \/>\n<meta property=\"og:url\" content=\"https:\/\/www.posk.se\/sura-ramnas\/\" \/>\n<meta property=\"og:site_name\" content=\"Sura-Ramn\u00e4s\" \/>\n<meta property=\"article:modified_time\" content=\"2025-06-24T12:02:01+00:00\" \/>\n<meta property=\"og:image\" content=\"https:\/\/www.posk.se\/sura-ramnas\/wp-content\/uploads\/sites\/196\/2025\/06\/gruppbild-1-scaled-e1750766159518.jpg\" \/>\n\t<meta property=\"og:image:width\" content=\"2484\" \/>\n\t<meta property=\"og:image:height\" content=\"532\" \/>\n\t<meta property=\"og:image:type\" content=\"image\/jpeg\" \/>\n<meta name=\"twitter:card\" content=\"summary_large_image\" \/>\n<meta name=\"twitter:label1\" content=\"Ber\u00e4knad l\u00e4stid\" \/>\n\t<meta name=\"twitter:data1\" content=\"1 minut\" \/>\n<script type=\"application\/ld+json\" class=\"yoast-schema-graph\">{\"@context\":\"https:\/\/schema.org\",\"@graph\":[{\"@type\":\"WebPage\",\"@id\":\"https:\/\/www.posk.se\/sura-ramnas\/\",\"url\":\"https:\/\/www.posk.se\/sura-ramnas\/\",\"name\":\"Startsidan - Sura-Ramn\u00e4s\",\"isPartOf\":{\"@id\":\"https:\/\/www.posk.se\/sura-ramnas\/#website\"},\"primaryImageOfPage\":{\"@id\":\"https:\/\/www.posk.se\/sura-ramnas\/#primaryimage\"},\"image\":{\"@id\":\"https:\/\/www.posk.se\/sura-ramnas\/#primaryimage\"},\"thumbnailUrl\":\"https:\/\/www.posk.se\/sura-ramnas\/wp-content\/uploads\/sites\/196\/2025\/06\/gruppbild-1-scaled-e1750766159518.jpg\",\"datePublished\":\"2016-07-19T10:59:34+00:00\",\"dateModified\":\"2025-06-24T12:02:01+00:00\",\"breadcrumb\":{\"@id\":\"https:\/\/www.posk.se\/sura-ramnas\/#breadcrumb\"},\"inLanguage\":\"sv-SE\",\"potentialAction\":[{\"@type\":\"ReadAction\",\"target\":[\"https:\/\/www.posk.se\/sura-ramnas\/\"]}]},{\"@type\":\"ImageObject\",\"inLanguage\":\"sv-SE\",\"@id\":\"https:\/\/www.posk.se\/sura-ramnas\/#primaryimage\",\"url\":\"https:\/\/www.posk.se\/sura-ramnas\/wp-content\/uploads\/sites\/196\/2025\/06\/gruppbild-1-scaled-e1750766159518.jpg\",\"contentUrl\":\"https:\/\/www.posk.se\/sura-ramnas\/wp-content\/uploads\/sites\/196\/2025\/06\/gruppbild-1-scaled-e1750766159518.jpg\",\"width\":2484,\"height\":532},{\"@type\":\"BreadcrumbList\",\"@id\":\"https:\/\/www.posk.se\/sura-ramnas\/#breadcrumb\",\"itemListElement\":[{\"@type\":\"ListItem\",\"position\":1,\"name\":\"Hem\",\"item\":\"https:\/\/www.posk.se\/sura-ramnas\/\"},{\"@type\":\"ListItem\",\"position\":2,\"name\":\"Startsidan\"}]},{\"@type\":\"WebSite\",\"@id\":\"https:\/\/www.posk.se\/sura-ramnas\/#website\",\"url\":\"https:\/\/www.posk.se\/sura-ramnas\/\",\"name\":\"Sura-Ramn\u00e4s\",\"description\":\"POSK-grupp i V\u00e4ster\u00e5s stift\",\"potentialAction\":[{\"@type\":\"SearchAction\",\"target\":{\"@type\":\"EntryPoint\",\"urlTemplate\":\"https:\/\/www.posk.se\/sura-ramnas\/?s={search_term_string}\"},\"query-input\":{\"@type\":\"PropertyValueSpecification\",\"valueRequired\":true,\"valueName\":\"search_term_string\"}}],\"inLanguage\":\"sv-SE\"}]}<\/script>\n<!-- \/ Yoast SEO plugin. -->","yoast_head_json":{"title":"Startsidan - Sura-Ramn\u00e4s","robots":{"index":"index","follow":"follow","max-snippet":"max-snippet:-1","max-image-preview":"max-image-preview:large","max-video-preview":"max-video-preview:-1"},"canonical":"https:\/\/www.posk.se\/sura-ramnas\/","og_locale":"sv_SE","og_type":"article","og_title":"Startsidan - Sura-Ramn\u00e4s","og_description":"POSKs funktion\u00e4rer i Sura-Ramn\u00e4s f\u00f6rsamling utg\u00e5r i sitt uppdrag som f\u00f6rtroendevalda enbart fr\u00e5n sitt engagemang f\u00f6r kyrkan. Vi vill lyfta upp s\u00e5dant som vi tycker \u00e4r relevant som r\u00f6relseriktning f\u00f6r v\u00e5r f\u00f6rsamling b\u00e5de som gudstj\u00e4nstfirande gemenskap och akt\u00f6r i det lokala samh\u00e4llet. L\u00e4s mer &#8230; F\u00f6r mer information kontakta g\u00e4rna: Johann Galic 073 714 43 [&hellip;]","og_url":"https:\/\/www.posk.se\/sura-ramnas\/","og_site_name":"Sura-Ramn\u00e4s","article_modified_time":"2025-06-24T12:02:01+00:00","og_image":[{"width":2484,"height":532,"url":"https:\/\/www.posk.se\/sura-ramnas\/wp-content\/uploads\/sites\/196\/2025\/06\/gruppbild-1-scaled-e1750766159518.jpg","type":"image\/jpeg"}],"twitter_card":"summary_large_image","twitter_misc":{"Ber\u00e4knad l\u00e4stid":"1 minut"},"schema":{"@context":"https:\/\/schema.org","@graph":[{"@type":"WebPage","@id":"https:\/\/www.posk.se\/sura-ramnas\/","url":"https:\/\/www.posk.se\/sura-ramnas\/","name":"Startsidan - Sura-Ramn\u00e4s","isPartOf":{"@id":"https:\/\/www.posk.se\/sura-ramnas\/#website"},"primaryImageOfPage":{"@id":"https:\/\/www.posk.se\/sura-ramnas\/#primaryimage"},"image":{"@id":"https:\/\/www.posk.se\/sura-ramnas\/#primaryimage"},"thumbnailUrl":"https:\/\/www.posk.se\/sura-ramnas\/wp-content\/uploads\/sites\/196\/2025\/06\/gruppbild-1-scaled-e1750766159518.jpg","datePublished":"2016-07-19T10:59:34+00:00","dateModified":"2025-06-24T12:02:01+00:00","breadcrumb":{"@id":"https:\/\/www.posk.se\/sura-ramnas\/#breadcrumb"},"inLanguage":"sv-SE","potentialAction":[{"@type":"ReadAction","target":["https:\/\/www.posk.se\/sura-ramnas\/"]}]},{"@type":"ImageObject","inLanguage":"sv-SE","@id":"https:\/\/www.posk.se\/sura-ramnas\/#primaryimage","url":"https:\/\/www.posk.se\/sura-ramnas\/wp-content\/uploads\/sites\/196\/2025\/06\/gruppbild-1-scaled-e1750766159518.jpg","contentUrl":"https:\/\/www.posk.se\/sura-ramnas\/wp-content\/uploads\/sites\/196\/2025\/06\/gruppbild-1-scaled-e1750766159518.jpg","width":2484,"height":532},{"@type":"BreadcrumbList","@id":"https:\/\/www.posk.se\/sura-ramnas\/#breadcrumb","itemListElement":[{"@type":"ListItem","position":1,"name":"Hem","item":"https:\/\/www.posk.se\/sura-ramnas\/"},{"@type":"ListItem","position":2,"name":"Startsidan"}]},{"@type":"WebSite","@id":"https:\/\/www.posk.se\/sura-ramnas\/#website","url":"https:\/\/www.posk.se\/sura-ramnas\/","name":"Sura-Ramn\u00e4s","description":"POSK-grupp i V\u00e4ster\u00e5s stift","potentialAction":[{"@type":"SearchAction","target":{"@type":"EntryPoint","urlTemplate":"https:\/\/www.posk.se\/sura-ramnas\/?s={search_term_string}"},"query-input":{"@type":"PropertyValueSpecification","valueRequired":true,"valueName":"search_term_string"}}],"inLanguage":"sv-SE"}]}},"_links":{"self":[{"href":"https:\/\/www.posk.se\/sura-ramnas\/wp-json\/wp\/v2\/pages\/20","targetHints":{"allow":["GET"]}}],"collection":[{"href":"https:\/\/www.posk.se\/sura-ramnas\/wp-json\/wp\/v2\/pages"}],"about":[{"href":"https:\/\/www.posk.se\/sura-ramnas\/wp-json\/wp\/v2\/types\/page"}],"author":[{"embeddable":true,"href":"https:\/\/www.posk.se\/sura-ramnas\/wp-json\/wp\/v2\/users\/1"}],"replies":[{"embeddable":true,"href":"https:\/\/www.posk.se\/sura-ramnas\/wp-json\/wp\/v2\/comments?post=20"}],"version-history":[{"count":41,"href":"https:\/\/www.posk.se\/sura-ramnas\/wp-json\/wp\/v2\/pages\/20\/revisions"}],"predecessor-version":[{"id":243,"href":"https:\/\/www.posk.se\/sura-ramnas\/wp-json\/wp\/v2\/pages\/20\/revisions\/243"}],"wp:featuredmedia":[{"embeddable":true,"href":"https:\/\/www.posk.se\/sura-ramnas\/wp-json\/wp\/v2\/media\/220"}],"wp:attachment":[{"href":"https:\/\/www.posk.se\/sura-ramnas\/wp-json\/wp\/v2\/media?parent=20"}],"curies":[{"name":"wp","href":"https:\/\/api.w.org\/{rel}","templated":true}]}}