{"id":20,"date":"2016-07-18T14:12:26","date_gmt":"2016-07-18T12:12:26","guid":{"rendered":"https:\/\/www.posk.se\/sundbyberg\/?page_id=20"},"modified":"2026-01-15T18:11:06","modified_gmt":"2026-01-15T17:11:06","slug":"rosta-pa-oss-i-kyrkovalet-8-21-sep-2025","status":"publish","type":"page","link":"https:\/\/www.posk.se\/sundbyberg\/","title":{"rendered":"Startsidan"},"content":{"rendered":"<p>L\u00e4s mer om hur Kyrkovalet 2025 g\u00e5r till hos Svenska Kyrkan p\u00e5 <a href=\"https:\/\/www.svenskakyrkan.se\/kyrkovalet\">S\u00e5 g\u00e5r det till<\/a><br \/>\nSamt l\u00e4s mer om vad vi p\u00e5 POSK arbetar f\u00f6r och vill i valet p\u00e5\u00a0<a href=\"https:\/\/www.posk.se\/kyrkovalet\/\">Posk i Kyrkovalet<\/a> och\u00a0<a href=\"https:\/\/www.posk.se\/vi-vill\/\">Vad Posk vill<\/a><\/p>\n<p>&nbsp;<\/p>\n<h2>V\u00e5r valfolder till Kyrkovalet 2025<\/h2>\n<p>&nbsp;<\/p>\n<p data-wp-editing=\"1\"><a href=\"https:\/\/www.posk.se\/sundbyberg\/wp-content\/uploads\/sites\/149\/2025\/07\/250624-ver-2-valfolder-1.pdf\"><img loading=\"lazy\" decoding=\"async\" class=\"alignnone wp-image-112\" src=\"https:\/\/www.posk.se\/sundbyberg\/wp-content\/uploads\/sites\/149\/2025\/08\/valfolder-sid-1-733x1024.jpg\" alt=\"\" width=\"446\" height=\"623\" srcset=\"https:\/\/www.posk.se\/sundbyberg\/wp-content\/uploads\/sites\/149\/2025\/08\/valfolder-sid-1-733x1024.jpg 733w, https:\/\/www.posk.se\/sundbyberg\/wp-content\/uploads\/sites\/149\/2025\/08\/valfolder-sid-1-215x300.jpg 215w, https:\/\/www.posk.se\/sundbyberg\/wp-content\/uploads\/sites\/149\/2025\/08\/valfolder-sid-1-330x461.jpg 330w, https:\/\/www.posk.se\/sundbyberg\/wp-content\/uploads\/sites\/149\/2025\/08\/valfolder-sid-1.jpg 762w\" sizes=\"auto, (max-width: 446px) 100vw, 446px\" \/><\/a>\u00a0 <a href=\"https:\/\/www.posk.se\/sundbyberg\/wp-content\/uploads\/sites\/149\/2025\/07\/250624-ver-2-valfolder-1.pdf\"><img loading=\"lazy\" decoding=\"async\" class=\"alignnone wp-image-111\" src=\"https:\/\/www.posk.se\/sundbyberg\/wp-content\/uploads\/sites\/149\/2025\/08\/valfolder-sid-2-725x1024.jpg\" alt=\"\" width=\"442\" height=\"624\" srcset=\"https:\/\/www.posk.se\/sundbyberg\/wp-content\/uploads\/sites\/149\/2025\/08\/valfolder-sid-2-725x1024.jpg 725w, https:\/\/www.posk.se\/sundbyberg\/wp-content\/uploads\/sites\/149\/2025\/08\/valfolder-sid-2-212x300.jpg 212w, https:\/\/www.posk.se\/sundbyberg\/wp-content\/uploads\/sites\/149\/2025\/08\/valfolder-sid-2-330x466.jpg 330w, https:\/\/www.posk.se\/sundbyberg\/wp-content\/uploads\/sites\/149\/2025\/08\/valfolder-sid-2.jpg 745w\" sizes=\"auto, (max-width: 442px) 100vw, 442px\" \/><\/a><\/p>\n<p><a href=\"https:\/\/www.posk.se\/sundbyberg\/wp-content\/uploads\/sites\/149\/2025\/07\/250624-ver-2-valfolder-1.pdf\"><img loading=\"lazy\" decoding=\"async\" class=\"alignnone wp-image-110\" src=\"https:\/\/www.posk.se\/sundbyberg\/wp-content\/uploads\/sites\/149\/2025\/08\/valfolder-sid-3-728x1024.jpg\" alt=\"\" width=\"453\" height=\"637\" srcset=\"https:\/\/www.posk.se\/sundbyberg\/wp-content\/uploads\/sites\/149\/2025\/08\/valfolder-sid-3-728x1024.jpg 728w, https:\/\/www.posk.se\/sundbyberg\/wp-content\/uploads\/sites\/149\/2025\/08\/valfolder-sid-3-213x300.jpg 213w, https:\/\/www.posk.se\/sundbyberg\/wp-content\/uploads\/sites\/149\/2025\/08\/valfolder-sid-3-330x464.jpg 330w, https:\/\/www.posk.se\/sundbyberg\/wp-content\/uploads\/sites\/149\/2025\/08\/valfolder-sid-3.jpg 758w\" sizes=\"auto, (max-width: 453px) 100vw, 453px\" \/><\/a> \u00a0<a href=\"https:\/\/www.posk.se\/sundbyberg\/wp-content\/uploads\/sites\/149\/2025\/07\/250624-ver-2-valfolder-1.pdf\"><img loading=\"lazy\" decoding=\"async\" class=\"alignnone wp-image-109\" src=\"https:\/\/www.posk.se\/sundbyberg\/wp-content\/uploads\/sites\/149\/2025\/08\/valfolder-sid-4-722x1024.jpg\" alt=\"\" width=\"450\" height=\"638\" srcset=\"https:\/\/www.posk.se\/sundbyberg\/wp-content\/uploads\/sites\/149\/2025\/08\/valfolder-sid-4-722x1024.jpg 722w, https:\/\/www.posk.se\/sundbyberg\/wp-content\/uploads\/sites\/149\/2025\/08\/valfolder-sid-4-212x300.jpg 212w, https:\/\/www.posk.se\/sundbyberg\/wp-content\/uploads\/sites\/149\/2025\/08\/valfolder-sid-4-330x468.jpg 330w, https:\/\/www.posk.se\/sundbyberg\/wp-content\/uploads\/sites\/149\/2025\/08\/valfolder-sid-4.jpg 742w\" sizes=\"auto, (max-width: 450px) 100vw, 450px\" \/><\/a><\/p>\n<h4>L\u00e4nk till foldern: <a href=\"https:\/\/www.posk.se\/sundbyberg\/wp-content\/uploads\/sites\/149\/2025\/07\/250624-ver-2-valfolder-1.pdf\">Valfolder Kyrkovalet 2025<\/a><\/h4>\n<p>&nbsp;<\/p>\n<h4>V\u00e5ra representanter i kyrkofullm\u00e4ktige:<\/h4>\n<p>Lars-Olov Samuelsson, ordinarie<\/p>\n<p>Maj-Stina Samuelsson, ordinarie<\/p>\n<p>George Nygren, ordinarie<\/p>\n<p>Gunilla Lindberg Karlsson, ordinarie<\/p>\n<p>Veronica Hammar, ordinarie<\/p>\n<p>Ann-Christin Ohlsson Larzenius, ordinarie<\/p>\n<p>Ginger Jureskog, ers\u00e4ttare<\/p>\n<p>Armin Panahi, ers\u00e4ttare<\/p>\n<p>Marianne Henryson, ers\u00e4ttare<\/p>\n<p>&nbsp;<\/p>\n<p>&nbsp;<\/p>\n<h4>Representanter i kyrkor\u00e5d<strong>:<\/strong><\/h4>\n<p>Lars-Olov Samuelsson, ordinarie<\/p>\n<p>George Nygren, ordinarie<\/p>\n<p>Maj-Stina Samuelsson, ers\u00e4ttare<\/p>\n<h4>Ordf\u00f6rande i f\u00f6reningen:<\/h4>\n<p>Maj-Stina Samuelsson<br \/>\nE-post: majstisam@gmail.com<\/p>\n<p>&nbsp;<\/p>\n","protected":false},"excerpt":{"rendered":"<p>L\u00e4s mer om hur Kyrkovalet 2025 g\u00e5r till hos Svenska Kyrkan p\u00e5 S\u00e5 g\u00e5r det till Samt l\u00e4s mer om vad vi p\u00e5 POSK arbetar f\u00f6r och vill i valet p\u00e5\u00a0Posk i Kyrkovalet och\u00a0Vad Posk vill &nbsp; V\u00e5r valfolder till Kyrkovalet 2025 &nbsp; \u00a0 \u00a0 L\u00e4nk till foldern: Valfolder Kyrkovalet 2025 &nbsp; V\u00e5ra representanter i [&hellip;]<\/p>\n","protected":false},"author":1,"featured_media":107,"parent":0,"menu_order":0,"comment_status":"closed","ping_status":"closed","template":"page-templates\/page-sidebar-left.php","meta":{"_acf_changed":false,"footnotes":""},"class_list":["post-20","page","type-page","status-publish","has-post-thumbnail","hentry"],"acf":[],"yoast_head":"<!-- This site is optimized with the Yoast SEO plugin v24.9 - https:\/\/yoast.com\/wordpress\/plugins\/seo\/ -->\n<title>R\u00f6sta p\u00e5 oss i Kyrkovalet 2025! - POSK i Sundbyberg -<\/title>\n<meta name=\"description\" content=\"R\u00f6sta p\u00e5 oss i Kyrkovalet 2025! POSK i Sundbyberg - Partipolitisk obundna i Svenska kyrkan. Vi vill driva f\u00f6r\u00e4ndring genom teologi, inte kommunpolitik.\" \/>\n<meta name=\"robots\" content=\"index, follow, max-snippet:-1, max-image-preview:large, max-video-preview:-1\" \/>\n<link rel=\"canonical\" href=\"https:\/\/www.posk.se\/sundbyberg\/\" \/>\n<meta property=\"og:locale\" content=\"sv_SE\" \/>\n<meta property=\"og:type\" content=\"article\" \/>\n<meta property=\"og:title\" content=\"R\u00f6sta p\u00e5 oss i Kyrkovalet 2025! - POSK i Sundbyberg -\" \/>\n<meta property=\"og:description\" content=\"R\u00f6sta p\u00e5 oss i Kyrkovalet 2025! POSK i Sundbyberg - Partipolitisk obundna i Svenska kyrkan. Vi vill driva f\u00f6r\u00e4ndring genom teologi, inte kommunpolitik.\" \/>\n<meta property=\"og:url\" content=\"https:\/\/www.posk.se\/sundbyberg\/\" \/>\n<meta property=\"og:site_name\" content=\"Sundbyberg\" \/>\n<meta property=\"article:modified_time\" content=\"2026-01-15T17:11:06+00:00\" \/>\n<meta property=\"og:image\" content=\"https:\/\/www.posk.se\/sundbyberg\/wp-content\/uploads\/sites\/149\/2025\/08\/banner-posk-scaled.jpeg\" \/>\n\t<meta property=\"og:image:width\" content=\"2560\" \/>\n\t<meta property=\"og:image:height\" content=\"1083\" \/>\n\t<meta property=\"og:image:type\" content=\"image\/jpeg\" \/>\n<meta name=\"twitter:card\" content=\"summary_large_image\" \/>\n<meta name=\"twitter:label1\" content=\"Ber\u00e4knad l\u00e4stid\" \/>\n\t<meta name=\"twitter:data1\" content=\"2 minuter\" \/>\n<script type=\"application\/ld+json\" class=\"yoast-schema-graph\">{\"@context\":\"https:\/\/schema.org\",\"@graph\":[{\"@type\":\"WebPage\",\"@id\":\"https:\/\/www.posk.se\/sundbyberg\/\",\"url\":\"https:\/\/www.posk.se\/sundbyberg\/\",\"name\":\"R\u00f6sta p\u00e5 oss i Kyrkovalet 2025! - POSK i Sundbyberg -\",\"isPartOf\":{\"@id\":\"https:\/\/www.posk.se\/sundbyberg\/#website\"},\"primaryImageOfPage\":{\"@id\":\"https:\/\/www.posk.se\/sundbyberg\/#primaryimage\"},\"image\":{\"@id\":\"https:\/\/www.posk.se\/sundbyberg\/#primaryimage\"},\"thumbnailUrl\":\"https:\/\/www.posk.se\/sundbyberg\/wp-content\/uploads\/sites\/149\/2025\/08\/banner-posk-scaled.jpeg\",\"datePublished\":\"2016-07-18T12:12:26+00:00\",\"dateModified\":\"2026-01-15T17:11:06+00:00\",\"description\":\"R\u00f6sta p\u00e5 oss i Kyrkovalet 2025! POSK i Sundbyberg - Partipolitisk obundna i Svenska kyrkan. Vi vill driva f\u00f6r\u00e4ndring genom teologi, inte kommunpolitik.\",\"breadcrumb\":{\"@id\":\"https:\/\/www.posk.se\/sundbyberg\/#breadcrumb\"},\"inLanguage\":\"sv-SE\",\"potentialAction\":[{\"@type\":\"ReadAction\",\"target\":[\"https:\/\/www.posk.se\/sundbyberg\/\"]}]},{\"@type\":\"ImageObject\",\"inLanguage\":\"sv-SE\",\"@id\":\"https:\/\/www.posk.se\/sundbyberg\/#primaryimage\",\"url\":\"https:\/\/www.posk.se\/sundbyberg\/wp-content\/uploads\/sites\/149\/2025\/08\/banner-posk-scaled.jpeg\",\"contentUrl\":\"https:\/\/www.posk.se\/sundbyberg\/wp-content\/uploads\/sites\/149\/2025\/08\/banner-posk-scaled.jpeg\",\"width\":2560,\"height\":1083},{\"@type\":\"BreadcrumbList\",\"@id\":\"https:\/\/www.posk.se\/sundbyberg\/#breadcrumb\",\"itemListElement\":[{\"@type\":\"ListItem\",\"position\":1,\"name\":\"Hem\",\"item\":\"https:\/\/www.posk.se\/sundbyberg\/\"},{\"@type\":\"ListItem\",\"position\":2,\"name\":\"Startsidan\"}]},{\"@type\":\"WebSite\",\"@id\":\"https:\/\/www.posk.se\/sundbyberg\/#website\",\"url\":\"https:\/\/www.posk.se\/sundbyberg\/\",\"name\":\"Sundbyberg\",\"description\":\"POSK-grupp i Stockholms stift\",\"potentialAction\":[{\"@type\":\"SearchAction\",\"target\":{\"@type\":\"EntryPoint\",\"urlTemplate\":\"https:\/\/www.posk.se\/sundbyberg\/?s={search_term_string}\"},\"query-input\":{\"@type\":\"PropertyValueSpecification\",\"valueRequired\":true,\"valueName\":\"search_term_string\"}}],\"inLanguage\":\"sv-SE\"}]}<\/script>\n<!-- \/ Yoast SEO plugin. -->","yoast_head_json":{"title":"R\u00f6sta p\u00e5 oss i Kyrkovalet 2025! - POSK i Sundbyberg -","description":"R\u00f6sta p\u00e5 oss i Kyrkovalet 2025! POSK i Sundbyberg - Partipolitisk obundna i Svenska kyrkan. Vi vill driva f\u00f6r\u00e4ndring genom teologi, inte kommunpolitik.","robots":{"index":"index","follow":"follow","max-snippet":"max-snippet:-1","max-image-preview":"max-image-preview:large","max-video-preview":"max-video-preview:-1"},"canonical":"https:\/\/www.posk.se\/sundbyberg\/","og_locale":"sv_SE","og_type":"article","og_title":"R\u00f6sta p\u00e5 oss i Kyrkovalet 2025! - POSK i Sundbyberg -","og_description":"R\u00f6sta p\u00e5 oss i Kyrkovalet 2025! POSK i Sundbyberg - Partipolitisk obundna i Svenska kyrkan. Vi vill driva f\u00f6r\u00e4ndring genom teologi, inte kommunpolitik.","og_url":"https:\/\/www.posk.se\/sundbyberg\/","og_site_name":"Sundbyberg","article_modified_time":"2026-01-15T17:11:06+00:00","og_image":[{"width":2560,"height":1083,"url":"https:\/\/www.posk.se\/sundbyberg\/wp-content\/uploads\/sites\/149\/2025\/08\/banner-posk-scaled.jpeg","type":"image\/jpeg"}],"twitter_card":"summary_large_image","twitter_misc":{"Ber\u00e4knad l\u00e4stid":"2 minuter"},"schema":{"@context":"https:\/\/schema.org","@graph":[{"@type":"WebPage","@id":"https:\/\/www.posk.se\/sundbyberg\/","url":"https:\/\/www.posk.se\/sundbyberg\/","name":"R\u00f6sta p\u00e5 oss i Kyrkovalet 2025! - POSK i Sundbyberg -","isPartOf":{"@id":"https:\/\/www.posk.se\/sundbyberg\/#website"},"primaryImageOfPage":{"@id":"https:\/\/www.posk.se\/sundbyberg\/#primaryimage"},"image":{"@id":"https:\/\/www.posk.se\/sundbyberg\/#primaryimage"},"thumbnailUrl":"https:\/\/www.posk.se\/sundbyberg\/wp-content\/uploads\/sites\/149\/2025\/08\/banner-posk-scaled.jpeg","datePublished":"2016-07-18T12:12:26+00:00","dateModified":"2026-01-15T17:11:06+00:00","description":"R\u00f6sta p\u00e5 oss i Kyrkovalet 2025! POSK i Sundbyberg - Partipolitisk obundna i Svenska kyrkan. Vi vill driva f\u00f6r\u00e4ndring genom teologi, inte kommunpolitik.","breadcrumb":{"@id":"https:\/\/www.posk.se\/sundbyberg\/#breadcrumb"},"inLanguage":"sv-SE","potentialAction":[{"@type":"ReadAction","target":["https:\/\/www.posk.se\/sundbyberg\/"]}]},{"@type":"ImageObject","inLanguage":"sv-SE","@id":"https:\/\/www.posk.se\/sundbyberg\/#primaryimage","url":"https:\/\/www.posk.se\/sundbyberg\/wp-content\/uploads\/sites\/149\/2025\/08\/banner-posk-scaled.jpeg","contentUrl":"https:\/\/www.posk.se\/sundbyberg\/wp-content\/uploads\/sites\/149\/2025\/08\/banner-posk-scaled.jpeg","width":2560,"height":1083},{"@type":"BreadcrumbList","@id":"https:\/\/www.posk.se\/sundbyberg\/#breadcrumb","itemListElement":[{"@type":"ListItem","position":1,"name":"Hem","item":"https:\/\/www.posk.se\/sundbyberg\/"},{"@type":"ListItem","position":2,"name":"Startsidan"}]},{"@type":"WebSite","@id":"https:\/\/www.posk.se\/sundbyberg\/#website","url":"https:\/\/www.posk.se\/sundbyberg\/","name":"Sundbyberg","description":"POSK-grupp i Stockholms stift","potentialAction":[{"@type":"SearchAction","target":{"@type":"EntryPoint","urlTemplate":"https:\/\/www.posk.se\/sundbyberg\/?s={search_term_string}"},"query-input":{"@type":"PropertyValueSpecification","valueRequired":true,"valueName":"search_term_string"}}],"inLanguage":"sv-SE"}]}},"_links":{"self":[{"href":"https:\/\/www.posk.se\/sundbyberg\/wp-json\/wp\/v2\/pages\/20","targetHints":{"allow":["GET"]}}],"collection":[{"href":"https:\/\/www.posk.se\/sundbyberg\/wp-json\/wp\/v2\/pages"}],"about":[{"href":"https:\/\/www.posk.se\/sundbyberg\/wp-json\/wp\/v2\/types\/page"}],"author":[{"embeddable":true,"href":"https:\/\/www.posk.se\/sundbyberg\/wp-json\/wp\/v2\/users\/1"}],"replies":[{"embeddable":true,"href":"https:\/\/www.posk.se\/sundbyberg\/wp-json\/wp\/v2\/comments?post=20"}],"version-history":[{"count":74,"href":"https:\/\/www.posk.se\/sundbyberg\/wp-json\/wp\/v2\/pages\/20\/revisions"}],"predecessor-version":[{"id":133,"href":"https:\/\/www.posk.se\/sundbyberg\/wp-json\/wp\/v2\/pages\/20\/revisions\/133"}],"wp:featuredmedia":[{"embeddable":true,"href":"https:\/\/www.posk.se\/sundbyberg\/wp-json\/wp\/v2\/media\/107"}],"wp:attachment":[{"href":"https:\/\/www.posk.se\/sundbyberg\/wp-json\/wp\/v2\/media?parent=20"}],"curies":[{"name":"wp","href":"https:\/\/api.w.org\/{rel}","templated":true}]}}