{"id":397,"date":"2018-09-25T19:14:32","date_gmt":"2018-09-25T17:14:32","guid":{"rendered":"https:\/\/www.posk.se\/stockholmsstift\/?page_id=397"},"modified":"2025-08-19T13:54:51","modified_gmt":"2025-08-19T11:54:51","slug":"bli-medlem","status":"publish","type":"page","link":"https:\/\/www.posk.se\/stockholmsstift\/om-posk\/bli-medlem\/","title":{"rendered":"Hur g\u00e5r man med?"},"content":{"rendered":"<h3>Bli en del av POSK!<\/h3>\n<p><img loading=\"lazy\" decoding=\"async\" class=\"size-full wp-image-1126 alignright\" src=\"https:\/\/www.posk.se\/stockholmsstift\/wp-content\/uploads\/sites\/131\/2025\/06\/vi-vill-bli-annu-fler.png\" alt=\"\" width=\"300\" height=\"221\" \/>Det \u00e4r inte l\u00e4ngre m\u00f6jligt att anm\u00e4la nya listor eller kandidater till kyrkovalet 2025, men det \u00e4r aldrig f\u00f6r sent att starta en lokal POSK-grupp och ett engagemang f\u00f6r POSK! Den obundna r\u00f6relsen beh\u00f6ver st\u00e4rkas f\u00f6r kyrkan ska kunna bli fri fr\u00e5n politiska partier och sekul\u00e4ra allm\u00e4npolitiska \u00e5sikter.<\/p>\n<h3>Varf\u00f6r starta en POSK-grupp?<\/h3>\n<p>Det kan finnas flera olika anledningar till att starta en POSK-grupp. Det kan vara irritation \u00f6ver att n\u00e5got inte fungerar eller bara viljan att aktivt vara med som f\u00f6rtroendevald utan partipolitisk inblandning. Oavsett vad det \u00e4r som driver er s\u00e5 \u00e4r ansvaret f\u00f6r f\u00f6rsamlingen eller pastoratet och engagemanget alltid det viktigaste. Utan m\u00e4nniskor som tar ansvar och vill vara med att styra och leda s\u00e5 f\u00f6rsvagas snabbt demokratin i Svenska kyrkan.<\/p>\n<p>F\u00f6rdelar med att starta en POSK-grupp \u00e4r att <strong>ni blir\u2026<\/strong><\/p>\n<ul>\n<li>en del av en st\u00f6rre gemenskap av engagerade f\u00f6rtroendevalda<\/li>\n<li>inbjudna till medlemsm\u00f6ten och tr\u00e4ffar f\u00f6r kunskap och inspiration<\/li>\n<\/ul>\n<p>\u2026 och <strong>ni f\u00e5r<\/strong><\/p>\n<ul>\n<li>m\u00f6jlighet att p\u00e5verka beslut p\u00e5 stiftsniv\u00e5 och nationell niv\u00e5<\/li>\n<li>tillg\u00e5ng till r\u00e5dgivning, tips, information och utbildningstillf\u00e4llen<\/li>\n<li>m\u00f6jlighet till bes\u00f6k av riks-POSK:s informat\u00f6r eller POSK:s stiftsstyrelserepresentanter f\u00f6r st\u00f6d och inspiration<\/li>\n<li>tillg\u00e5ng till hj\u00e4lp att sk\u00f6ta er ekonomihantering via POSK:s servicebyr\u00e5<\/li>\n<li>egen l\u00e4ttanv\u00e4nd webbsida p\u00e5 posk.se<\/li>\n<\/ul>\n<p>\u2026 och <strong>mycket mer!<\/strong><\/p>\n<p>Vi \u00e4r en bred organisation med stor frihet f\u00f6r de lokala grupperna att utforma sin verksamhet i den egna f\u00f6rsamlingen eller pastoratet. Vad vi st\u00e5r f\u00f6r som nationell grupp hittar du i v\u00e5r <a href=\"https:\/\/www.posk.se\/vi-vill\/program\/\"><u>vision och program<\/u><\/a>.<\/p>\n<p>Eftersom vi redan \u00e4r en etablerad nomineringsgrupp slipper ni g\u00f6ra allt det administrativa arbete som ni hade beh\u00f6vt om ni startat en frist\u00e5ende lokal grupp. Som POSK-grupp kan ni f\u00e5 svar p\u00e5 era fr\u00e5gor, uppmuntran, hj\u00e4lp och st\u00f6d. Ni blir en del av den obundna r\u00f6relsen och f\u00e5r en m\u00f6jlighet att p\u00e5verka beslut i stiftet och p\u00e5 nationell niv\u00e5. Dessa beslut har betydelse f\u00f6r f\u00f6rsamlingens ekonomi och f\u00f6ruts\u00e4ttningar p\u00e5 sikt.<\/p>\n<p>F\u00f6r att underl\u00e4tta f\u00f6r nya grupper att komma ig\u00e5ng har vi ocks\u00e5 ett startpaket som inneh\u00e5ller tips och r\u00e5d som vi hoppas att ni kan ha nytta av n\u00e4r ni kommit s\u00e5 l\u00e5ngt i tankarna.<\/p>\n<h3>Starta helt ny grupp<\/h3>\n<p>Vill du engagera dig i kyrkan och f\u00f6rsamlingen utan att beh\u00f6va tillh\u00f6ra ett politiskt parti? Tycker du att det k\u00e4nns viktigt att erbjuda v\u00e4ljarna i din f\u00f6rsamling ett alternativ till partiernas nomineringslistor i kyrkovalet? Har du en fr\u00e5ga som du brinner f\u00f6r och som de sittande nomineringsgrupperna verkar strunta i? D\u00e5 \u00e4r POSK n\u00e5got f\u00f6r dig!<\/p>\n<h3>Anslut befintlig obunden grupp<\/h3>\n<p>\u00c4r ni idag en obunden nomineringsgrupp som finns representerade lokalt i kyrkofullm\u00e4ktige? Skulle ni vilja bli del av ett st\u00f6rre sammanhang och ta del av de f\u00f6rdelar som finns med en obunden grupp som redan finns p\u00e5 b\u00e5de stiftsniv\u00e5 och i kyrkom\u00f6tet? D\u00e5 vill vi inbjuda er att bli en del av POSK och p\u00e5verka hela kyrkan!<\/p>\n<p>Tillsammans blir vi starka och kan p\u00e5 s\u00e5 s\u00e4tt snabbare minska den partipolitiska styrningen av Svenska kyrkan.\u00a0Vi rekommenderar att grupper som ansluter sig till oss\u00a0\u00e4ven byter namn till POSK. Detta har stora f\u00f6rdelar menar vi, men det \u00e4r inte n\u00e5got krav.<\/p>\n<h3>Bli enskild medlem<\/h3>\n<p>Om du saknar en lokal POSK-grupp i din f\u00f6rsamling\/pastorat och i nul\u00e4get inte kan eller vill starta en sj\u00e4lv, finns m\u00f6jlighet att bli enskild medlem i POSK.<\/p>\n<h3>Kontakta oss s\u00e5 ber\u00e4ttar vi mer!<\/h3>\n<p>Vill du starta en ny POSK-grupp, ansluta en befintlig obunden grupp till POSK eller bli enskild medlem? Funderar du \u00f6ver n\u00e5got eller vill veta mer? \u00a0Tveka inte att ta kontakt med oss!<\/p>\n<p><a href=\"mailto:info.stockholm@posk.se\">info.stockholm@posk.se<\/a><\/p>\n<p>&nbsp;<\/p>\n<h5>Varmt v\u00e4lkommen att vara med i POSK-gemenskapen!<\/h5>\n","protected":false},"excerpt":{"rendered":"<p>Bli en del av POSK! Det \u00e4r inte l\u00e4ngre m\u00f6jligt att anm\u00e4la nya listor eller kandidater till kyrkovalet 2025, men det \u00e4r aldrig f\u00f6r sent att starta en lokal POSK-grupp och ett engagemang f\u00f6r POSK! Den obundna r\u00f6relsen beh\u00f6ver st\u00e4rkas f\u00f6r kyrkan ska kunna bli fri fr\u00e5n politiska partier och sekul\u00e4ra allm\u00e4npolitiska \u00e5sikter. Varf\u00f6r starta [&hellip;]<\/p>\n","protected":false},"author":117,"featured_media":0,"parent":341,"menu_order":1,"comment_status":"closed","ping_status":"closed","template":"page-templates\/page-sidebar-left.php","meta":{"_acf_changed":false,"footnotes":""},"class_list":["post-397","page","type-page","status-publish","hentry"],"acf":[],"yoast_head":"<!-- This site is optimized with the Yoast SEO plugin v24.9 - https:\/\/yoast.com\/wordpress\/plugins\/seo\/ -->\n<title>Hur g\u00e5r man med? - STIFTSF\u00d6RENING Stockholm<\/title>\n<meta name=\"description\" content=\"Bli medlem i POSK, partipolitiskt obundna i Svenska kyrkan\" \/>\n<meta name=\"robots\" content=\"index, follow, max-snippet:-1, max-image-preview:large, max-video-preview:-1\" \/>\n<link rel=\"canonical\" href=\"https:\/\/www.posk.se\/stockholmsstift\/om-posk\/bli-medlem\/\" \/>\n<meta property=\"og:locale\" content=\"sv_SE\" \/>\n<meta property=\"og:type\" content=\"article\" \/>\n<meta property=\"og:title\" content=\"Hur g\u00e5r man med? - STIFTSF\u00d6RENING Stockholm\" \/>\n<meta property=\"og:description\" content=\"Bli medlem i POSK, partipolitiskt obundna i Svenska kyrkan\" \/>\n<meta property=\"og:url\" content=\"https:\/\/www.posk.se\/stockholmsstift\/om-posk\/bli-medlem\/\" \/>\n<meta property=\"og:site_name\" content=\"STIFTSF\u00d6RENING Stockholm\" \/>\n<meta property=\"article:modified_time\" content=\"2025-08-19T11:54:51+00:00\" \/>\n<meta property=\"og:image\" content=\"https:\/\/www.posk.se\/stockholmsstift\/wp-content\/uploads\/sites\/131\/2025\/06\/vi-vill-bli-annu-fler.png\" \/>\n\t<meta property=\"og:image:width\" content=\"300\" \/>\n\t<meta property=\"og:image:height\" content=\"221\" \/>\n\t<meta property=\"og:image:type\" content=\"image\/png\" \/>\n<meta name=\"twitter:card\" content=\"summary_large_image\" \/>\n<meta name=\"twitter:label1\" content=\"Ber\u00e4knad l\u00e4stid\" \/>\n\t<meta name=\"twitter:data1\" content=\"4 minuter\" \/>\n<script type=\"application\/ld+json\" class=\"yoast-schema-graph\">{\"@context\":\"https:\/\/schema.org\",\"@graph\":[{\"@type\":\"WebPage\",\"@id\":\"https:\/\/www.posk.se\/stockholmsstift\/om-posk\/bli-medlem\/\",\"url\":\"https:\/\/www.posk.se\/stockholmsstift\/om-posk\/bli-medlem\/\",\"name\":\"Hur g\u00e5r man med? - STIFTSF\u00d6RENING Stockholm\",\"isPartOf\":{\"@id\":\"https:\/\/www.posk.se\/stockholmsstift\/#website\"},\"primaryImageOfPage\":{\"@id\":\"https:\/\/www.posk.se\/stockholmsstift\/om-posk\/bli-medlem\/#primaryimage\"},\"image\":{\"@id\":\"https:\/\/www.posk.se\/stockholmsstift\/om-posk\/bli-medlem\/#primaryimage\"},\"thumbnailUrl\":\"https:\/\/www.posk.se\/stockholmsstift\/wp-content\/uploads\/sites\/131\/2025\/06\/vi-vill-bli-annu-fler.png\",\"datePublished\":\"2018-09-25T17:14:32+00:00\",\"dateModified\":\"2025-08-19T11:54:51+00:00\",\"description\":\"Bli medlem i POSK, partipolitiskt obundna i Svenska kyrkan\",\"breadcrumb\":{\"@id\":\"https:\/\/www.posk.se\/stockholmsstift\/om-posk\/bli-medlem\/#breadcrumb\"},\"inLanguage\":\"sv-SE\",\"potentialAction\":[{\"@type\":\"ReadAction\",\"target\":[\"https:\/\/www.posk.se\/stockholmsstift\/om-posk\/bli-medlem\/\"]}]},{\"@type\":\"ImageObject\",\"inLanguage\":\"sv-SE\",\"@id\":\"https:\/\/www.posk.se\/stockholmsstift\/om-posk\/bli-medlem\/#primaryimage\",\"url\":\"https:\/\/www.posk.se\/stockholmsstift\/wp-content\/uploads\/sites\/131\/2025\/06\/vi-vill-bli-annu-fler.png\",\"contentUrl\":\"https:\/\/www.posk.se\/stockholmsstift\/wp-content\/uploads\/sites\/131\/2025\/06\/vi-vill-bli-annu-fler.png\",\"width\":300,\"height\":221},{\"@type\":\"BreadcrumbList\",\"@id\":\"https:\/\/www.posk.se\/stockholmsstift\/om-posk\/bli-medlem\/#breadcrumb\",\"itemListElement\":[{\"@type\":\"ListItem\",\"position\":1,\"name\":\"Hem\",\"item\":\"https:\/\/www.posk.se\/stockholmsstift\/\"},{\"@type\":\"ListItem\",\"position\":2,\"name\":\"Om POSK\",\"item\":\"https:\/\/www.posk.se\/stockholmsstift\/om-posk\/\"},{\"@type\":\"ListItem\",\"position\":3,\"name\":\"Hur g\u00e5r man med?\"}]},{\"@type\":\"WebSite\",\"@id\":\"https:\/\/www.posk.se\/stockholmsstift\/#website\",\"url\":\"https:\/\/www.posk.se\/stockholmsstift\/\",\"name\":\"STIFTSF\u00d6RENING Stockholm\",\"description\":\"Stiftsf\u00f6reningen f\u00f6r POSK i Stockholms stift\",\"potentialAction\":[{\"@type\":\"SearchAction\",\"target\":{\"@type\":\"EntryPoint\",\"urlTemplate\":\"https:\/\/www.posk.se\/stockholmsstift\/?s={search_term_string}\"},\"query-input\":{\"@type\":\"PropertyValueSpecification\",\"valueRequired\":true,\"valueName\":\"search_term_string\"}}],\"inLanguage\":\"sv-SE\"}]}<\/script>\n<!-- \/ Yoast SEO plugin. -->","yoast_head_json":{"title":"Hur g\u00e5r man med? - STIFTSF\u00d6RENING Stockholm","description":"Bli medlem i POSK, partipolitiskt obundna i Svenska kyrkan","robots":{"index":"index","follow":"follow","max-snippet":"max-snippet:-1","max-image-preview":"max-image-preview:large","max-video-preview":"max-video-preview:-1"},"canonical":"https:\/\/www.posk.se\/stockholmsstift\/om-posk\/bli-medlem\/","og_locale":"sv_SE","og_type":"article","og_title":"Hur g\u00e5r man med? - STIFTSF\u00d6RENING Stockholm","og_description":"Bli medlem i POSK, partipolitiskt obundna i Svenska kyrkan","og_url":"https:\/\/www.posk.se\/stockholmsstift\/om-posk\/bli-medlem\/","og_site_name":"STIFTSF\u00d6RENING Stockholm","article_modified_time":"2025-08-19T11:54:51+00:00","og_image":[{"width":300,"height":221,"url":"https:\/\/www.posk.se\/stockholmsstift\/wp-content\/uploads\/sites\/131\/2025\/06\/vi-vill-bli-annu-fler.png","type":"image\/png"}],"twitter_card":"summary_large_image","twitter_misc":{"Ber\u00e4knad l\u00e4stid":"4 minuter"},"schema":{"@context":"https:\/\/schema.org","@graph":[{"@type":"WebPage","@id":"https:\/\/www.posk.se\/stockholmsstift\/om-posk\/bli-medlem\/","url":"https:\/\/www.posk.se\/stockholmsstift\/om-posk\/bli-medlem\/","name":"Hur g\u00e5r man med? - STIFTSF\u00d6RENING Stockholm","isPartOf":{"@id":"https:\/\/www.posk.se\/stockholmsstift\/#website"},"primaryImageOfPage":{"@id":"https:\/\/www.posk.se\/stockholmsstift\/om-posk\/bli-medlem\/#primaryimage"},"image":{"@id":"https:\/\/www.posk.se\/stockholmsstift\/om-posk\/bli-medlem\/#primaryimage"},"thumbnailUrl":"https:\/\/www.posk.se\/stockholmsstift\/wp-content\/uploads\/sites\/131\/2025\/06\/vi-vill-bli-annu-fler.png","datePublished":"2018-09-25T17:14:32+00:00","dateModified":"2025-08-19T11:54:51+00:00","description":"Bli medlem i POSK, partipolitiskt obundna i Svenska kyrkan","breadcrumb":{"@id":"https:\/\/www.posk.se\/stockholmsstift\/om-posk\/bli-medlem\/#breadcrumb"},"inLanguage":"sv-SE","potentialAction":[{"@type":"ReadAction","target":["https:\/\/www.posk.se\/stockholmsstift\/om-posk\/bli-medlem\/"]}]},{"@type":"ImageObject","inLanguage":"sv-SE","@id":"https:\/\/www.posk.se\/stockholmsstift\/om-posk\/bli-medlem\/#primaryimage","url":"https:\/\/www.posk.se\/stockholmsstift\/wp-content\/uploads\/sites\/131\/2025\/06\/vi-vill-bli-annu-fler.png","contentUrl":"https:\/\/www.posk.se\/stockholmsstift\/wp-content\/uploads\/sites\/131\/2025\/06\/vi-vill-bli-annu-fler.png","width":300,"height":221},{"@type":"BreadcrumbList","@id":"https:\/\/www.posk.se\/stockholmsstift\/om-posk\/bli-medlem\/#breadcrumb","itemListElement":[{"@type":"ListItem","position":1,"name":"Hem","item":"https:\/\/www.posk.se\/stockholmsstift\/"},{"@type":"ListItem","position":2,"name":"Om POSK","item":"https:\/\/www.posk.se\/stockholmsstift\/om-posk\/"},{"@type":"ListItem","position":3,"name":"Hur g\u00e5r man med?"}]},{"@type":"WebSite","@id":"https:\/\/www.posk.se\/stockholmsstift\/#website","url":"https:\/\/www.posk.se\/stockholmsstift\/","name":"STIFTSF\u00d6RENING Stockholm","description":"Stiftsf\u00f6reningen f\u00f6r POSK i Stockholms stift","potentialAction":[{"@type":"SearchAction","target":{"@type":"EntryPoint","urlTemplate":"https:\/\/www.posk.se\/stockholmsstift\/?s={search_term_string}"},"query-input":{"@type":"PropertyValueSpecification","valueRequired":true,"valueName":"search_term_string"}}],"inLanguage":"sv-SE"}]}},"_links":{"self":[{"href":"https:\/\/www.posk.se\/stockholmsstift\/wp-json\/wp\/v2\/pages\/397","targetHints":{"allow":["GET"]}}],"collection":[{"href":"https:\/\/www.posk.se\/stockholmsstift\/wp-json\/wp\/v2\/pages"}],"about":[{"href":"https:\/\/www.posk.se\/stockholmsstift\/wp-json\/wp\/v2\/types\/page"}],"author":[{"embeddable":true,"href":"https:\/\/www.posk.se\/stockholmsstift\/wp-json\/wp\/v2\/users\/117"}],"replies":[{"embeddable":true,"href":"https:\/\/www.posk.se\/stockholmsstift\/wp-json\/wp\/v2\/comments?post=397"}],"version-history":[{"count":23,"href":"https:\/\/www.posk.se\/stockholmsstift\/wp-json\/wp\/v2\/pages\/397\/revisions"}],"predecessor-version":[{"id":1200,"href":"https:\/\/www.posk.se\/stockholmsstift\/wp-json\/wp\/v2\/pages\/397\/revisions\/1200"}],"up":[{"embeddable":true,"href":"https:\/\/www.posk.se\/stockholmsstift\/wp-json\/wp\/v2\/pages\/341"}],"wp:attachment":[{"href":"https:\/\/www.posk.se\/stockholmsstift\/wp-json\/wp\/v2\/media?parent=397"}],"curies":[{"name":"wp","href":"https:\/\/api.w.org\/{rel}","templated":true}]}}