{"id":20,"date":"2016-07-15T23:15:28","date_gmt":"2016-07-15T21:15:28","guid":{"rendered":"https:\/\/www.posk.se\/stiftsforening-stockholm\/?page_id=20"},"modified":"2025-09-22T20:22:55","modified_gmt":"2025-09-22T18:22:55","slug":"startsidan-2","status":"publish","type":"page","link":"https:\/\/www.posk.se\/stockholmsstift\/","title":{"rendered":"Startsidan"},"content":{"rendered":"<h3>Tack!<\/h3>\n<h3><img loading=\"lazy\" decoding=\"async\" class=\"size-medium wp-image-1261 alignright\" src=\"https:\/\/www.posk.se\/stockholmsstift\/wp-content\/uploads\/sites\/131\/2025\/09\/tack-300x189.jpg\" alt=\"\" width=\"300\" height=\"189\" srcset=\"https:\/\/www.posk.se\/stockholmsstift\/wp-content\/uploads\/sites\/131\/2025\/09\/tack-300x189.jpg 300w, https:\/\/www.posk.se\/stockholmsstift\/wp-content\/uploads\/sites\/131\/2025\/09\/tack-1024x645.jpg 1024w, https:\/\/www.posk.se\/stockholmsstift\/wp-content\/uploads\/sites\/131\/2025\/09\/tack-768x484.jpg 768w, https:\/\/www.posk.se\/stockholmsstift\/wp-content\/uploads\/sites\/131\/2025\/09\/tack-330x208.jpg 330w, https:\/\/www.posk.se\/stockholmsstift\/wp-content\/uploads\/sites\/131\/2025\/09\/tack.jpg 1536w\" sizes=\"auto, (max-width: 300px) 100vw, 300px\" \/><\/h3>\n<p>Ett stort och innerligt tack till alla som har r\u00f6stat i kyrkovalet!<\/p>\n<p>Det prelimin\u00e4ra valresultatet visar att POSK f\u00e5tt 17,65 % av r\u00f6sterna till kyrkom\u00f6tet, 2021 fick vi 19,33%. Detta visar f\u00f6r tillf\u00e4llet en minskning av antalet mandat fr\u00e5n 47 stycken till 45.<\/p>\n<p>I Stockholms stift har POSK prelimin\u00e4rt f\u00e5tt 17,55 % av r\u00f6sterna vilket ger 16 mandat, j\u00e4mf\u00f6rt med 2021 \u00e5rs val d\u00e5 vi fick 18,91 % och 17 mandat.<\/p>\n<p>Valresultatet inneb\u00e4r att POSK bef\u00e4ster v\u00e5r st\u00e4llning som den n\u00e4st st\u00f6rsta gruppen i s\u00e5v\u00e4l kyrkom\u00f6tet som stiftsfullm\u00e4ktige och vi \u00e4r den klart st\u00f6rsta partipolitiskt obundna gruppen. Och runt om i Stockholms stift har lokala POSK-grupper gjort fantastiskt fina val.<\/p>\n<p>S\u00e5 varmt tack till alla som r\u00f6stat p\u00e5 POSK i kyrkovalet! Nu b\u00f6rjar det riktigt arbetet, nu n\u00e4r vi ska f\u00f6rvalta det f\u00f6rtroende som ni gett oss.<\/p>\n<p>Vi vill ocks\u00e5 rikta ett stort tack till alla poskare som arbetat i valr\u00f6relsen, tack f\u00f6r arbete, entusiasm och gl\u00f6d. Tillsammans bygger vi framtidens kyrka!<\/p>\n<hr \/>\n<h3>21 september: Valdagen \u00e4r h\u00e4r &#8211; g\u00e5 och r\u00f6sta!<\/h3>\n<p>Kyrkovaldagen \u00e4r \u00e4ntligen h\u00e4r. Vi har avslutat valr\u00f6relse och kampanjer, och har nu endast ett budskap:<\/p>\n<p><strong>G\u00e5 och r\u00f6sta!<\/strong> Din r\u00f6st \u00e4r viktig, Du \u00e4r viktig!<\/p>\n<h3><img loading=\"lazy\" decoding=\"async\" class=\"size-medium wp-image-1257 alignnone\" src=\"https:\/\/www.posk.se\/stockholmsstift\/wp-content\/uploads\/sites\/131\/2025\/09\/val-300x188.jpg\" alt=\"\" width=\"300\" height=\"188\" srcset=\"https:\/\/www.posk.se\/stockholmsstift\/wp-content\/uploads\/sites\/131\/2025\/09\/val-300x188.jpg 300w, https:\/\/www.posk.se\/stockholmsstift\/wp-content\/uploads\/sites\/131\/2025\/09\/val-768x481.jpg 768w, https:\/\/www.posk.se\/stockholmsstift\/wp-content\/uploads\/sites\/131\/2025\/09\/val-330x207.jpg 330w, https:\/\/www.posk.se\/stockholmsstift\/wp-content\/uploads\/sites\/131\/2025\/09\/val.jpg 936w\" sizes=\"auto, (max-width: 300px) 100vw, 300px\" \/> <img loading=\"lazy\" decoding=\"async\" class=\"size-medium wp-image-1258\" style=\"font-size: 16px\" src=\"https:\/\/www.posk.se\/stockholmsstift\/wp-content\/uploads\/sites\/131\/2025\/09\/valdag-300x188.jpg\" alt=\"\" width=\"300\" height=\"188\" srcset=\"https:\/\/www.posk.se\/stockholmsstift\/wp-content\/uploads\/sites\/131\/2025\/09\/valdag-300x188.jpg 300w, https:\/\/www.posk.se\/stockholmsstift\/wp-content\/uploads\/sites\/131\/2025\/09\/valdag-768x480.jpg 768w, https:\/\/www.posk.se\/stockholmsstift\/wp-content\/uploads\/sites\/131\/2025\/09\/valdag-330x206.jpg 330w, https:\/\/www.posk.se\/stockholmsstift\/wp-content\/uploads\/sites\/131\/2025\/09\/valdag.jpg 936w\" sizes=\"auto, (max-width: 300px) 100vw, 300px\" \/><\/h3>\n<hr \/>\n<h3>Vi l\u00e4ngtar efter en kyrka p\u00e5 egna ben<\/h3>\n<h3><img loading=\"lazy\" decoding=\"async\" class=\"size-medium wp-image-1233 alignright\" src=\"https:\/\/www.posk.se\/stockholmsstift\/wp-content\/uploads\/sites\/131\/2025\/09\/amanda-300x200.png\" alt=\"\" width=\"300\" height=\"200\" srcset=\"https:\/\/www.posk.se\/stockholmsstift\/wp-content\/uploads\/sites\/131\/2025\/09\/amanda-300x200.png 300w, https:\/\/www.posk.se\/stockholmsstift\/wp-content\/uploads\/sites\/131\/2025\/09\/amanda-1024x683.png 1024w, https:\/\/www.posk.se\/stockholmsstift\/wp-content\/uploads\/sites\/131\/2025\/09\/amanda-768x512.png 768w, https:\/\/www.posk.se\/stockholmsstift\/wp-content\/uploads\/sites\/131\/2025\/09\/amanda-1536x1024.png 1536w, https:\/\/www.posk.se\/stockholmsstift\/wp-content\/uploads\/sites\/131\/2025\/09\/amanda-330x220.png 330w, https:\/\/www.posk.se\/stockholmsstift\/wp-content\/uploads\/sites\/131\/2025\/09\/amanda.png 1920w\" sizes=\"auto, (max-width: 300px) 100vw, 300px\" \/><\/h3>\n<p>Amanda Carlshamre, ordf\u00f6rande f\u00f6r POSK, skriver om skillnaderna mellan kyrkovalet och det allm\u00e4nna valet. &#8221;Jag vet hur jag r\u00f6star i de allm\u00e4nna valen, men hur jag r\u00f6star i kyrkan \u00e4r annorlunda. F\u00f6r kyrkan \u00e4r annorlunda och har en grund jag varken kan eller vill p\u00e5verka, en grund som inte p\u00e5verkas av att det \u00e4r kyrkoval.&#8221;<\/p>\n<p><a href=\"https:\/\/www.posk.se\/2025\/09\/vi-langtar-efter-en-kyrka-pa-egna-ben\/\" target=\"_blank\" rel=\"noopener\">L\u00e4s hela texten h\u00e4r<\/a>.<\/p>\n<p>&nbsp;<\/p>\n<hr \/>\n<h3>\u00d6ppet brev till Anders Lindberg, Aftonbladet<\/h3>\n<div class=\"xdj266r x14z9mp xat24cr x1lziwak x1vvkbs x126k92a\">\n<p dir=\"auto\">Aftonbladet tar inte in repliker p\u00e5 ledartexter, h\u00e4r kommer d\u00e4rf\u00f6r ett \u00f6ppet brev till Anders Lindberg.<\/p>\n<p dir=\"auto\">&#8221;Anders Lindberg, ta inte i s\u00e5 att du spricker. Svenska kyrkans nuvarande system med partipolitiska grupper som st\u00e4ller upp i kyrkovalet splittrar kyrkan. Din ledare \u00e4r ett praktexempel p\u00e5 att vi inte kan ha det s\u00e5h\u00e4r, i en valr\u00f6relse som f\u00f6rd\u00f6mer och f\u00f6rdummar.<\/p>\n<p dir=\"auto\">Du skriver f\u00f6r en oberoende socialdemokratisk tidning och \u00e4ven jag vet att S g\u00e4rna sitter med i beslutande f\u00f6rsamlingar men Svenska kyrkan \u00e4r inte en institution att beh\u00e5lla makt \u00f6ver \u2013 hon \u00e4r en kyrka. &#8230; Det finns ett rike som \u00e4r st\u00f6rre och evigare \u00e4n det politiska \u2013 det rike som kyrkan ska vara en frist\u00e5ende r\u00f6st f\u00f6r. Fr\u00e5gan \u00e4r allts\u00e5 vilka vi b\u00e4st tror kan f\u00f6rverkliga Kyrkans uppdrag.&#8221;<\/p>\n<\/div>\n<p dir=\"auto\"><a href=\"https:\/\/www.posk.se\/2025\/09\/oppet-brev-till-anders-lindberg-2\/\" target=\"_blank\" rel=\"noopener\">L\u00e4s hela svaret fr\u00e5n POSK h\u00e4r<\/a>.<\/p>\n<div dir=\"auto\"><\/div>\n<hr \/>\n<h3><img loading=\"lazy\" decoding=\"async\" class=\"wp-image-1246 alignright\" src=\"https:\/\/www.posk.se\/stockholmsstift\/wp-content\/uploads\/sites\/131\/2025\/09\/skap-240x300.jpg\" alt=\"\" width=\"190\" height=\"238\" srcset=\"https:\/\/www.posk.se\/stockholmsstift\/wp-content\/uploads\/sites\/131\/2025\/09\/skap-240x300.jpg 240w, https:\/\/www.posk.se\/stockholmsstift\/wp-content\/uploads\/sites\/131\/2025\/09\/skap-819x1024.jpg 819w, https:\/\/www.posk.se\/stockholmsstift\/wp-content\/uploads\/sites\/131\/2025\/09\/skap-768x960.jpg 768w, https:\/\/www.posk.se\/stockholmsstift\/wp-content\/uploads\/sites\/131\/2025\/09\/skap-1229x1536.jpg 1229w, https:\/\/www.posk.se\/stockholmsstift\/wp-content\/uploads\/sites\/131\/2025\/09\/skap-330x413.jpg 330w, https:\/\/www.posk.se\/stockholmsstift\/wp-content\/uploads\/sites\/131\/2025\/09\/skap.jpg 1638w\" sizes=\"auto, (max-width: 190px) 100vw, 190px\" \/><\/h3>\n<h3>V\u00e4rna skapelsen<\/h3>\n<p>Som kristna har vi i uppdrag att f\u00f6rvalta och \u00e5teruppr\u00e4tta den skapelse Gud har gett oss och att leva h\u00e5llbart tillsammans med varandra. Klimatfr\u00e5gan m\u00e5ste tas p\u00e5 allvar, kyrkan ska inge hopp och uppmuntra till att ta ansvar. POSK vill att Svenska kyrkans arbete inom F\u00e4rdplan f\u00f6r klimatet utvecklas och fullf\u00f6ljs. P\u00e5 alla niv\u00e5er ska kyrkan str\u00e4va efter att leva upp till detta ansvar i f\u00f6rvaltning, konsumtion och resande.<\/p>\n<hr \/>\n<h3><img loading=\"lazy\" decoding=\"async\" class=\"wp-image-1254 alignright\" src=\"https:\/\/www.posk.se\/stockholmsstift\/wp-content\/uploads\/sites\/131\/2025\/09\/unga-240x300.jpg\" alt=\"\" width=\"383\" height=\"479\" srcset=\"https:\/\/www.posk.se\/stockholmsstift\/wp-content\/uploads\/sites\/131\/2025\/09\/unga-240x300.jpg 240w, https:\/\/www.posk.se\/stockholmsstift\/wp-content\/uploads\/sites\/131\/2025\/09\/unga-819x1024.jpg 819w, https:\/\/www.posk.se\/stockholmsstift\/wp-content\/uploads\/sites\/131\/2025\/09\/unga-768x960.jpg 768w, https:\/\/www.posk.se\/stockholmsstift\/wp-content\/uploads\/sites\/131\/2025\/09\/unga-1229x1536.jpg 1229w, https:\/\/www.posk.se\/stockholmsstift\/wp-content\/uploads\/sites\/131\/2025\/09\/unga-330x413.jpg 330w, https:\/\/www.posk.se\/stockholmsstift\/wp-content\/uploads\/sites\/131\/2025\/09\/unga.jpg 1638w\" sizes=\"auto, (max-width: 383px) 100vw, 383px\" \/><\/h3>\n<h3>Unga beh\u00f6vs i kyrkan &#8211; POSK g\u00f6r det m\u00f6jligt<\/h3>\n<p>P\u00e5 det h\u00e4r kollaget finns ett litet urval av v\u00e5ra kandidater runt om i landet! POSK verkar f\u00f6r att unga ska ha plats i beslutsfattande organ i Svenska kyrkan. Barn och unga \u00e4r inte bara kyrkans framtid &#8211; de \u00e4r ocks\u00e5 i allra h\u00f6gsta grad kyrkans nutid.<\/p>\n<p>&#8221;Vi som \u00e4r yngre kommer in med andra perspektiv och mer energi. Om kyrkan ska v\u00e4rna barn- och ungdomsarbetet s\u00e5 m\u00e5ste fler i den gruppen f\u00f6retr\u00e4das i den demokratiska processen.&#8221; Detta s\u00e4ger Axel G\u00f6thberg, Liding\u00f6 f\u00f6rsamling, som kandiderar f\u00f6r POSK i kyrkovalet. <a href=\"https:\/\/www.posk.se\/2025\/09\/unga-behovs-i-kyrkan-posk-gor-det-mojligt\" target=\"_blank\" rel=\"noopener\">L\u00e4nk till artikeln<\/a>.<\/p>\n<p><img loading=\"lazy\" decoding=\"async\" class=\"alignnone size-medium wp-image-1252\" src=\"https:\/\/www.posk.se\/stockholmsstift\/wp-content\/uploads\/sites\/131\/2025\/09\/ax-300x200.png\" alt=\"\" width=\"300\" height=\"200\" srcset=\"https:\/\/www.posk.se\/stockholmsstift\/wp-content\/uploads\/sites\/131\/2025\/09\/ax-300x200.png 300w, https:\/\/www.posk.se\/stockholmsstift\/wp-content\/uploads\/sites\/131\/2025\/09\/ax-1024x682.png 1024w, https:\/\/www.posk.se\/stockholmsstift\/wp-content\/uploads\/sites\/131\/2025\/09\/ax-768x512.png 768w, https:\/\/www.posk.se\/stockholmsstift\/wp-content\/uploads\/sites\/131\/2025\/09\/ax-330x220.png 330w, https:\/\/www.posk.se\/stockholmsstift\/wp-content\/uploads\/sites\/131\/2025\/09\/ax.png 1280w\" sizes=\"auto, (max-width: 300px) 100vw, 300px\" \/><\/p>\n<hr \/>\n<h3><img loading=\"lazy\" decoding=\"async\" class=\" wp-image-1245 alignright\" src=\"https:\/\/www.posk.se\/stockholmsstift\/wp-content\/uploads\/sites\/131\/2025\/09\/kall-240x300.jpg\" alt=\"\" width=\"190\" height=\"238\" srcset=\"https:\/\/www.posk.se\/stockholmsstift\/wp-content\/uploads\/sites\/131\/2025\/09\/kall-240x300.jpg 240w, https:\/\/www.posk.se\/stockholmsstift\/wp-content\/uploads\/sites\/131\/2025\/09\/kall-819x1024.jpg 819w, https:\/\/www.posk.se\/stockholmsstift\/wp-content\/uploads\/sites\/131\/2025\/09\/kall-768x960.jpg 768w, https:\/\/www.posk.se\/stockholmsstift\/wp-content\/uploads\/sites\/131\/2025\/09\/kall-1229x1536.jpg 1229w, https:\/\/www.posk.se\/stockholmsstift\/wp-content\/uploads\/sites\/131\/2025\/09\/kall-330x413.jpg 330w, https:\/\/www.posk.se\/stockholmsstift\/wp-content\/uploads\/sites\/131\/2025\/09\/kall.jpg 1638w\" sizes=\"auto, (max-width: 190px) 100vw, 190px\" \/><\/h3>\n<h3>Kallelse och rekrytering<\/h3>\n<p>De gudstj\u00e4nstfirande gemenskaperna \u00e4r basen f\u00f6r rekrytering till tj\u00e4nst inom kyrkan. POSK menar att f\u00f6rsamlingarna beh\u00f6ver arbeta strategiskt med hur de kan vara en rekryterande milj\u00f6. Att finna de som har en kallelse att bli kyrkoarbetare \u00e4r en viktig uppgift i alla f\u00f6rsamlingar och stift. POSK vill verka f\u00f6r m\u00f6jligheten att g\u00f6ra ett trainee-\u00e5r i hela Svenska kyrkan som ett s\u00e4tt att pr\u00f6va ett kyrkligt arbete och att antalet utbildningsplatser f\u00f6r profilyrken speglar framtida behov.<\/p>\n<hr \/>\n<h3>Titta h\u00e4r!<\/h3>\n<div dir=\"auto\">Under veckan syns POSK lite extra i kollektivtrafiken i Stockholmsregionen. Kyrkovalet p\u00e5g\u00e5r f\u00f6r fullt. Har du inte r\u00f6stat \u00e4n? Det \u00e4r dags nu! F\u00f6r en kyrka, fri fr\u00e5n partipolitik!<\/div>\n<div dir=\"auto\"><\/div>\n<div dir=\"auto\"><\/div>\n<div dir=\"auto\"><img loading=\"lazy\" decoding=\"async\" class=\"alignnone wp-image-1247\" src=\"https:\/\/www.posk.se\/stockholmsstift\/wp-content\/uploads\/sites\/131\/2025\/09\/x-225x300.jpg\" alt=\"\" width=\"165\" height=\"220\" srcset=\"https:\/\/www.posk.se\/stockholmsstift\/wp-content\/uploads\/sites\/131\/2025\/09\/x-225x300.jpg 225w, https:\/\/www.posk.se\/stockholmsstift\/wp-content\/uploads\/sites\/131\/2025\/09\/x-768x1024.jpg 768w, https:\/\/www.posk.se\/stockholmsstift\/wp-content\/uploads\/sites\/131\/2025\/09\/x-1152x1536.jpg 1152w, https:\/\/www.posk.se\/stockholmsstift\/wp-content\/uploads\/sites\/131\/2025\/09\/x-330x440.jpg 330w, https:\/\/www.posk.se\/stockholmsstift\/wp-content\/uploads\/sites\/131\/2025\/09\/x.jpg 1536w\" sizes=\"auto, (max-width: 165px) 100vw, 165px\" \/> <img loading=\"lazy\" decoding=\"async\" class=\"alignnone wp-image-1248\" src=\"https:\/\/www.posk.se\/stockholmsstift\/wp-content\/uploads\/sites\/131\/2025\/09\/xx-225x300.jpg\" alt=\"\" width=\"165\" height=\"220\" srcset=\"https:\/\/www.posk.se\/stockholmsstift\/wp-content\/uploads\/sites\/131\/2025\/09\/xx-225x300.jpg 225w, https:\/\/www.posk.se\/stockholmsstift\/wp-content\/uploads\/sites\/131\/2025\/09\/xx-768x1024.jpg 768w, https:\/\/www.posk.se\/stockholmsstift\/wp-content\/uploads\/sites\/131\/2025\/09\/xx-1152x1536.jpg 1152w, https:\/\/www.posk.se\/stockholmsstift\/wp-content\/uploads\/sites\/131\/2025\/09\/xx-330x440.jpg 330w, https:\/\/www.posk.se\/stockholmsstift\/wp-content\/uploads\/sites\/131\/2025\/09\/xx.jpg 1536w\" sizes=\"auto, (max-width: 165px) 100vw, 165px\" \/> <img loading=\"lazy\" decoding=\"async\" class=\"alignnone wp-image-1249\" src=\"https:\/\/www.posk.se\/stockholmsstift\/wp-content\/uploads\/sites\/131\/2025\/09\/xxx-225x300.jpg\" alt=\"\" width=\"165\" height=\"220\" srcset=\"https:\/\/www.posk.se\/stockholmsstift\/wp-content\/uploads\/sites\/131\/2025\/09\/xxx-225x300.jpg 225w, https:\/\/www.posk.se\/stockholmsstift\/wp-content\/uploads\/sites\/131\/2025\/09\/xxx-768x1024.jpg 768w, https:\/\/www.posk.se\/stockholmsstift\/wp-content\/uploads\/sites\/131\/2025\/09\/xxx-1152x1536.jpg 1152w, https:\/\/www.posk.se\/stockholmsstift\/wp-content\/uploads\/sites\/131\/2025\/09\/xxx-330x440.jpg 330w, https:\/\/www.posk.se\/stockholmsstift\/wp-content\/uploads\/sites\/131\/2025\/09\/xxx.jpg 1536w\" sizes=\"auto, (max-width: 165px) 100vw, 165px\" \/> <img loading=\"lazy\" decoding=\"async\" class=\"alignnone wp-image-1250\" src=\"https:\/\/www.posk.se\/stockholmsstift\/wp-content\/uploads\/sites\/131\/2025\/09\/xxxx-225x300.jpg\" alt=\"\" width=\"165\" height=\"220\" srcset=\"https:\/\/www.posk.se\/stockholmsstift\/wp-content\/uploads\/sites\/131\/2025\/09\/xxxx-225x300.jpg 225w, https:\/\/www.posk.se\/stockholmsstift\/wp-content\/uploads\/sites\/131\/2025\/09\/xxxx-768x1024.jpg 768w, https:\/\/www.posk.se\/stockholmsstift\/wp-content\/uploads\/sites\/131\/2025\/09\/xxxx-1152x1536.jpg 1152w, https:\/\/www.posk.se\/stockholmsstift\/wp-content\/uploads\/sites\/131\/2025\/09\/xxxx-330x440.jpg 330w, https:\/\/www.posk.se\/stockholmsstift\/wp-content\/uploads\/sites\/131\/2025\/09\/xxxx.jpg 1536w\" sizes=\"auto, (max-width: 165px) 100vw, 165px\" \/><\/div>\n<div dir=\"auto\"><\/div>\n<hr \/>\n<h3>Heja m\u00e5ngfald!<img loading=\"lazy\" decoding=\"async\" class=\"wp-image-1190 alignright\" src=\"https:\/\/www.posk.se\/stockholmsstift\/wp-content\/uploads\/sites\/131\/2025\/08\/heja-mangfald-240x300.jpg\" alt=\"\" width=\"190\" height=\"238\" srcset=\"https:\/\/www.posk.se\/stockholmsstift\/wp-content\/uploads\/sites\/131\/2025\/08\/heja-mangfald-240x300.jpg 240w, https:\/\/www.posk.se\/stockholmsstift\/wp-content\/uploads\/sites\/131\/2025\/08\/heja-mangfald-819x1024.jpg 819w, https:\/\/www.posk.se\/stockholmsstift\/wp-content\/uploads\/sites\/131\/2025\/08\/heja-mangfald-768x960.jpg 768w, https:\/\/www.posk.se\/stockholmsstift\/wp-content\/uploads\/sites\/131\/2025\/08\/heja-mangfald-1229x1536.jpg 1229w, https:\/\/www.posk.se\/stockholmsstift\/wp-content\/uploads\/sites\/131\/2025\/08\/heja-mangfald-330x413.jpg 330w, https:\/\/www.posk.se\/stockholmsstift\/wp-content\/uploads\/sites\/131\/2025\/08\/heja-mangfald.jpg 1638w\" sizes=\"auto, (max-width: 190px) 100vw, 190px\" \/><\/h3>\n<p>Alla, och d\u00e5 menar vi verkligen <span style=\"text-decoration: underline\">alla<\/span>, ska m\u00f6tas med respekt och v\u00e4lkomnas i Svenska kyrkan. POSK st\u00e5r upp f\u00f6r allas lika v\u00e4rde och vi v\u00e4rdes\u00e4tter den m\u00e5ngfald som finns i Svenska kyrkan &#8211; den berikar!<\/p>\n<p>&nbsp;<\/p>\n<p>&nbsp;<\/p>\n<hr \/>\n<h3>Tre snabba fr\u00e5gor till Toivo Sj\u00f6r\u00e9n<\/h3>\n<p><strong>Varf\u00f6r ska man r\u00f6sta p\u00e5 er nomineringsgrupp i stiftsfullm\u00e4ktigevalet?<\/strong><\/p>\n<h3><img loading=\"lazy\" decoding=\"async\" class=\"size-medium wp-image-1097 alignright\" src=\"https:\/\/www.posk.se\/stockholmsstift\/wp-content\/uploads\/sites\/131\/2021\/09\/toivo-199x300.jpg\" alt=\"\" width=\"199\" height=\"300\" srcset=\"https:\/\/www.posk.se\/stockholmsstift\/wp-content\/uploads\/sites\/131\/2021\/09\/toivo-199x300.jpg 199w, https:\/\/www.posk.se\/stockholmsstift\/wp-content\/uploads\/sites\/131\/2021\/09\/toivo-679x1024.jpg 679w, https:\/\/www.posk.se\/stockholmsstift\/wp-content\/uploads\/sites\/131\/2021\/09\/toivo-768x1158.jpg 768w, https:\/\/www.posk.se\/stockholmsstift\/wp-content\/uploads\/sites\/131\/2021\/09\/toivo-330x498.jpg 330w, https:\/\/www.posk.se\/stockholmsstift\/wp-content\/uploads\/sites\/131\/2021\/09\/toivo.jpg 860w\" sizes=\"auto, (max-width: 199px) 100vw, 199px\" \/><\/h3>\n<p>Ett fritt stift utan partipolitik. Precis som p\u00e5 riksniv\u00e5 och lokal niv\u00e5, tycker vi inte att stiftet ska styras av partipolitik.<\/p>\n<p>Stiftet genom biskopen spelar en viktig roll f\u00f6r den dubbla ansvarslinjen. Inom ramarna f\u00f6r Svenska kyrkan b\u00f6r stor m\u00e5ngfald bejakas i f\u00f6rsamlingarnas verksamhet.<\/p>\n<p>Vi vill att stiftet ska vara inriktat p\u00e5 att hj\u00e4lpa f\u00f6rsamlingarna eller l\u00f6sa gemensamma uppgifter som de inte kan l\u00f6sa sj\u00e4lva eller som b\u00e4ttre l\u00f6ses gemensamt (t.ex. st\u00f6d till sjukhuspr\u00e4ster eller kriminalv\u00e5rd). En central uppgift \u00e4r att s\u00e4kra rekryteringen av pr\u00e4ster och diakoner.<\/p>\n<p>Stiftet ska inte driva egen verksamhet.<\/p>\n<p>Stiftet ska vara \u00e5terh\u00e5llsamt n\u00e4r det g\u00e4ller arvodering. Endast tunga poster b\u00f6r f\u00e5 ett mindre arvode &#8211; i \u00f6vrigt beh\u00f6vs ingen arvodering.<\/p>\n<p>Stopp f\u00f6r h\u00f6jningar av stiftsavgiften. I framtiden m\u00e5ste stiftet spara, p\u00e5 samma s\u00e4tt som f\u00f6rsamlingarna m\u00e5ste prioritera i sin verksamhet.<\/p>\n<p>Stiftets kapital ska inte anv\u00e4ndas som n\u00e5got extra utan vara en del av stiftets l\u00e5ngsiktiga f\u00f6rvaltning.<\/p>\n<p>Ansvarsfull skogsf\u00f6rvaltning av pr\u00e4stl\u00f6netillg\u00e5ngarnas skog \u00e4r en sj\u00e4lvklarhet.<\/p>\n<p><strong>Vilken \u00e4r den viktigaste fr\u00e5gan f\u00f6r Stockholms stift de kommande fyra \u00e5ren?<\/strong><\/p>\n<p>En av kyrkans viktigaste uppgift under kommande \u00e5r \u00e4r att f\u00e5 fler d\u00f6pta. Det g\u00e4ller b\u00e5de barn och vuxna. H\u00e4r kan stiftet hj\u00e4lpa till med att sprida framg\u00e5ngsexemplen och tillsammans med f\u00f6rsamlingarna hitta nya strategier f\u00f6r att \u00f6ka antalet dop.<\/p>\n<p><strong>Vilken \u00e4r den st\u00f6rsta utmaning Svenska kyrkan generellt st\u00e5r inf\u00f6r och vad vill ni g\u00f6ra \u00e5t den?<\/strong><\/p>\n<p>Den st\u00f6rsta utmaningen \u00e4r att f\u00e5 fler d\u00f6pta. Det g\u00e4ller b\u00e5de barn och vuxna. Vi kan beh\u00f6va en s\u00e4rskild dopliturgi f\u00f6r vuxna. Riksniv\u00e5, stift och f\u00f6rsamlingar b\u00f6r samverka f\u00f6r att sprida de goda exemplen och hitta nya v\u00e4gar f\u00f6r att ta till vara den \u00f6kande nyfikenheten p\u00e5 den kristna tron. Ekonomin kommer att bli s\u00e4mre men vi kommer fortfarande ha mycket stora resurser. Det inneb\u00e4r att vi m\u00e5ste g\u00f6ra tydliga prioriteringar och anv\u00e4nda v\u00e5ra resurser p\u00e5 r\u00e4tt s\u00e4tt. Vi m\u00e5ste vara tydliga med vad v\u00e5r huvuduppgift \u00e4r.<\/p>\n<hr \/>\n<h3><img loading=\"lazy\" decoding=\"async\" class=\" wp-image-1229 alignright\" src=\"https:\/\/www.posk.se\/stockholmsstift\/wp-content\/uploads\/sites\/131\/2025\/09\/stark-240x300.jpg\" alt=\"\" width=\"190\" height=\"238\" srcset=\"https:\/\/www.posk.se\/stockholmsstift\/wp-content\/uploads\/sites\/131\/2025\/09\/stark-240x300.jpg 240w, https:\/\/www.posk.se\/stockholmsstift\/wp-content\/uploads\/sites\/131\/2025\/09\/stark-819x1024.jpg 819w, https:\/\/www.posk.se\/stockholmsstift\/wp-content\/uploads\/sites\/131\/2025\/09\/stark-768x960.jpg 768w, https:\/\/www.posk.se\/stockholmsstift\/wp-content\/uploads\/sites\/131\/2025\/09\/stark-1229x1536.jpg 1229w, https:\/\/www.posk.se\/stockholmsstift\/wp-content\/uploads\/sites\/131\/2025\/09\/stark-330x413.jpg 330w, https:\/\/www.posk.se\/stockholmsstift\/wp-content\/uploads\/sites\/131\/2025\/09\/stark.jpg 1638w\" sizes=\"auto, (max-width: 190px) 100vw, 190px\" \/><\/h3>\n<h3>St\u00e4rk den kristna gemenskapen<\/h3>\n<p>POSK vill uppmuntra f\u00f6rsamlingarna att arbeta mer aktivt ekumeniskt f\u00f6r att st\u00e4rka den kristna gemenskapen. Lokalt sker detta genom samverkan mellan f\u00f6rsamlingar som tillh\u00f6r olika kyrkor och samfund, och nationellt i Sveriges kristna r\u00e5d. F\u00f6rsamlingarna beh\u00f6ver ha vetskap och kunskap om de ekumeniska dokument som Svenska kyrkan har undertecknat, s\u00e5 att den f\u00f6rdjupade kyrkosyn och teologi som kommer till uttryck d\u00e4r kan genomsyra Svenska kyrkans tro, liv och organisation.<\/p>\n<hr \/>\n<h3><img loading=\"lazy\" decoding=\"async\" class=\" wp-image-1226 alignright\" src=\"https:\/\/www.posk.se\/stockholmsstift\/wp-content\/uploads\/sites\/131\/2025\/09\/larande-240x300.jpg\" alt=\"\" width=\"190\" height=\"238\" srcset=\"https:\/\/www.posk.se\/stockholmsstift\/wp-content\/uploads\/sites\/131\/2025\/09\/larande-240x300.jpg 240w, https:\/\/www.posk.se\/stockholmsstift\/wp-content\/uploads\/sites\/131\/2025\/09\/larande-819x1024.jpg 819w, https:\/\/www.posk.se\/stockholmsstift\/wp-content\/uploads\/sites\/131\/2025\/09\/larande-768x960.jpg 768w, https:\/\/www.posk.se\/stockholmsstift\/wp-content\/uploads\/sites\/131\/2025\/09\/larande-1229x1536.jpg 1229w, https:\/\/www.posk.se\/stockholmsstift\/wp-content\/uploads\/sites\/131\/2025\/09\/larande-330x413.jpg 330w, https:\/\/www.posk.se\/stockholmsstift\/wp-content\/uploads\/sites\/131\/2025\/09\/larande.jpg 1638w\" sizes=\"auto, (max-width: 190px) 100vw, 190px\" \/><\/h3>\n<h3>L\u00e4rande och undervisning<\/h3>\n<p>Kyrkan beh\u00f6ver vara en v\u00e4xtplats f\u00f6r tro d\u00e4r det finns m\u00f6jlighet till undervisning genom hela livet. POSK vill d\u00e4rf\u00f6r att varje f\u00f6rsamling och pastorat ska ha en genomt\u00e4nkt plan f\u00f6r l\u00e4rande och undervisning fr\u00e5n sm\u00e5barns\u00e5ren till vuxen \u00e5lder. Det kan handla om undervisning i gudstj\u00e4nsten, genom konfirmation, i bibelstudiegrupper, katekumenat, f\u00f6rel\u00e4sningar eller s\u00f6ndagsskolor.<\/p>\n<p>&nbsp;<\/p>\n<hr \/>\n<h3><img loading=\"lazy\" decoding=\"async\" class=\" wp-image-1227 alignright\" src=\"https:\/\/www.posk.se\/stockholmsstift\/wp-content\/uploads\/sites\/131\/2025\/09\/skog-240x300.jpg\" alt=\"\" width=\"190\" height=\"238\" srcset=\"https:\/\/www.posk.se\/stockholmsstift\/wp-content\/uploads\/sites\/131\/2025\/09\/skog-240x300.jpg 240w, https:\/\/www.posk.se\/stockholmsstift\/wp-content\/uploads\/sites\/131\/2025\/09\/skog-819x1024.jpg 819w, https:\/\/www.posk.se\/stockholmsstift\/wp-content\/uploads\/sites\/131\/2025\/09\/skog-768x960.jpg 768w, https:\/\/www.posk.se\/stockholmsstift\/wp-content\/uploads\/sites\/131\/2025\/09\/skog-1229x1536.jpg 1229w, https:\/\/www.posk.se\/stockholmsstift\/wp-content\/uploads\/sites\/131\/2025\/09\/skog-330x413.jpg 330w, https:\/\/www.posk.se\/stockholmsstift\/wp-content\/uploads\/sites\/131\/2025\/09\/skog.jpg 1638w\" sizes=\"auto, (max-width: 190px) 100vw, 190px\" \/><\/h3>\n<h3>Ett h\u00e5llbart skogsbruk<\/h3>\n<p>POSK vill att Svenska kyrkan tar ett tydligt ansvar f\u00f6r ett h\u00e5llbart skogsbruk. Vi menar d\u00e4rf\u00f6r att all egendomsf\u00f6rvaltning ska vara l\u00e5ngsiktig, effektiv och bedrivas p\u00e5 ett etiskt och ekologiskt ansvarsfullt s\u00e4tt och d\u00e4rmed fr\u00e4mja biologisk m\u00e5ngfald.<\/p>\n<p>&nbsp;<\/p>\n<p>&nbsp;<\/p>\n<hr \/>\n<h3>Med f\u00f6rsamlingen och Kristus i centrum<\/h3>\n<h3><img loading=\"lazy\" decoding=\"async\" class=\"size-medium wp-image-1233 alignright\" src=\"https:\/\/www.posk.se\/stockholmsstift\/wp-content\/uploads\/sites\/131\/2025\/09\/amanda-300x200.png\" alt=\"\" width=\"300\" height=\"200\" srcset=\"https:\/\/www.posk.se\/stockholmsstift\/wp-content\/uploads\/sites\/131\/2025\/09\/amanda-300x200.png 300w, https:\/\/www.posk.se\/stockholmsstift\/wp-content\/uploads\/sites\/131\/2025\/09\/amanda-1024x683.png 1024w, https:\/\/www.posk.se\/stockholmsstift\/wp-content\/uploads\/sites\/131\/2025\/09\/amanda-768x512.png 768w, https:\/\/www.posk.se\/stockholmsstift\/wp-content\/uploads\/sites\/131\/2025\/09\/amanda-1536x1024.png 1536w, https:\/\/www.posk.se\/stockholmsstift\/wp-content\/uploads\/sites\/131\/2025\/09\/amanda-330x220.png 330w, https:\/\/www.posk.se\/stockholmsstift\/wp-content\/uploads\/sites\/131\/2025\/09\/amanda.png 1920w\" sizes=\"auto, (max-width: 300px) 100vw, 300px\" \/><\/h3>\n<p>N\u00e4r kyrkovalet nu startat och valr\u00f6relsen p\u00e5g\u00e5r skriver Amanda Carlshamre om vikten av att f\u00f6rverkliga kyrkans uppdrag ytterligare med f\u00f6rsamlingen, gemenskapen och Kristus i centrum.<\/p>\n<p><a href=\"https:\/\/www.posk.se\/2025\/09\/med-forsamlingen-och-kristus-i-centrum\/\" target=\"_blank\" rel=\"noopener\">L\u00e4s artikeln h\u00e4r<\/a>.<\/p>\n<p>Amanda Carlshamre \u00e4r riksordf\u00f6rande f\u00f6r POSK och v\u00e5r kandidat nr 1 till kyrkom\u00f6tet.<\/p>\n<p>&nbsp;<\/p>\n<hr \/>\n<h3><img loading=\"lazy\" decoding=\"async\" class=\"wp-image-1225 alignright\" src=\"https:\/\/www.posk.se\/stockholmsstift\/wp-content\/uploads\/sites\/131\/2025\/09\/ideell-240x300.jpg\" alt=\"\" width=\"190\" height=\"238\" srcset=\"https:\/\/www.posk.se\/stockholmsstift\/wp-content\/uploads\/sites\/131\/2025\/09\/ideell-240x300.jpg 240w, https:\/\/www.posk.se\/stockholmsstift\/wp-content\/uploads\/sites\/131\/2025\/09\/ideell-819x1024.jpg 819w, https:\/\/www.posk.se\/stockholmsstift\/wp-content\/uploads\/sites\/131\/2025\/09\/ideell-768x960.jpg 768w, https:\/\/www.posk.se\/stockholmsstift\/wp-content\/uploads\/sites\/131\/2025\/09\/ideell-1229x1536.jpg 1229w, https:\/\/www.posk.se\/stockholmsstift\/wp-content\/uploads\/sites\/131\/2025\/09\/ideell-330x413.jpg 330w, https:\/\/www.posk.se\/stockholmsstift\/wp-content\/uploads\/sites\/131\/2025\/09\/ideell.jpg 1638w\" sizes=\"auto, (max-width: 190px) 100vw, 190px\" \/><\/h3>\n<h3>St\u00e4rk det ideella arbetet<\/h3>\n<p>POSK vill att olika former av idealitet st\u00e4rks i Svenska kyrkan. Det \u00e4r viktigt att b\u00f6negrupper, k\u00f6rer, studiegrupper och praktiskt arbete med gudstj\u00e4nst, undervisning, diakoni och mission b\u00e4rs av f\u00f6rsamlingsmedlemmar och anst\u00e4llda medarbetare tillsammans. Det \u00e4r en fr\u00e5ga om trov\u00e4rdighet att ideella medarbetare efterfr\u00e5gas, utbildas, uppmuntras och ges ansvar i f\u00f6rsamlingarna.<\/p>\n<p>&nbsp;<\/p>\n<hr \/>\n<h3><img loading=\"lazy\" decoding=\"async\" class=\" wp-image-1231 alignright\" style=\"font-size: 16px\" src=\"https:\/\/www.posk.se\/stockholmsstift\/wp-content\/uploads\/sites\/131\/2025\/09\/fullsizerender-232x300.jpg\" alt=\"\" width=\"190\" height=\"246\" srcset=\"https:\/\/www.posk.se\/stockholmsstift\/wp-content\/uploads\/sites\/131\/2025\/09\/fullsizerender-232x300.jpg 232w, https:\/\/www.posk.se\/stockholmsstift\/wp-content\/uploads\/sites\/131\/2025\/09\/fullsizerender-791x1024.jpg 791w, https:\/\/www.posk.se\/stockholmsstift\/wp-content\/uploads\/sites\/131\/2025\/09\/fullsizerender-768x994.jpg 768w, https:\/\/www.posk.se\/stockholmsstift\/wp-content\/uploads\/sites\/131\/2025\/09\/fullsizerender-1187x1536.jpg 1187w, https:\/\/www.posk.se\/stockholmsstift\/wp-content\/uploads\/sites\/131\/2025\/09\/fullsizerender-1583x2048.jpg 1583w, https:\/\/www.posk.se\/stockholmsstift\/wp-content\/uploads\/sites\/131\/2025\/09\/fullsizerender-330x427.jpg 330w, https:\/\/www.posk.se\/stockholmsstift\/wp-content\/uploads\/sites\/131\/2025\/09\/fullsizerender.jpg 1848w\" sizes=\"auto, (max-width: 190px) 100vw, 190px\" \/><\/h3>\n<h3>Ny valarbetare i Stockholms stift<\/h3>\n<p>L\u00e4s mer om POSK\u00a0 i Kampanjtidningen.<\/p>\n<p>Delas ut med Kyrkans tidning.<\/p>\n<p>&nbsp;<\/p>\n<p>&nbsp;<\/p>\n<p>&nbsp;<\/p>\n<hr \/>\n<h3>Nu kan du r\u00f6sta i kyrkovalet!<img loading=\"lazy\" decoding=\"async\" class=\" wp-image-1222 alignright\" src=\"https:\/\/www.posk.se\/stockholmsstift\/wp-content\/uploads\/sites\/131\/2025\/09\/nu-rosta-240x300.jpg\" alt=\"\" width=\"190\" height=\"238\" srcset=\"https:\/\/www.posk.se\/stockholmsstift\/wp-content\/uploads\/sites\/131\/2025\/09\/nu-rosta-240x300.jpg 240w, https:\/\/www.posk.se\/stockholmsstift\/wp-content\/uploads\/sites\/131\/2025\/09\/nu-rosta-819x1024.jpg 819w, https:\/\/www.posk.se\/stockholmsstift\/wp-content\/uploads\/sites\/131\/2025\/09\/nu-rosta-768x960.jpg 768w, https:\/\/www.posk.se\/stockholmsstift\/wp-content\/uploads\/sites\/131\/2025\/09\/nu-rosta-1229x1536.jpg 1229w, https:\/\/www.posk.se\/stockholmsstift\/wp-content\/uploads\/sites\/131\/2025\/09\/nu-rosta-330x413.jpg 330w, https:\/\/www.posk.se\/stockholmsstift\/wp-content\/uploads\/sites\/131\/2025\/09\/nu-rosta.jpg 1638w\" sizes=\"auto, (max-width: 190px) 100vw, 190px\" \/><\/h3>\n<p>Nu kan du f\u00f6rtidsr\u00f6sta f\u00f6r en kyrka fri fr\u00e5n partipolitik!<br class=\"html-br\" \/><br class=\"html-br\" \/>Den 8\u201321 september g\u00e5r det att g\u00f6ra detta i en lokal f\u00f6r f\u00f6rtidsr\u00f6stning n\u00e5gonstans \u00f6ver hela landet. H\u00e4r hittar du alla lokaler och \u00f6ppettider: <span class=\"html-span xdj266r x14z9mp xat24cr x1lziwak xexx8yu xyri2b x18d9i69 x1c1uobl x1hl2dhg x16tdsg8 x1vvkbs\"><a class=\"x1i10hfl xjbqb8w x1ejq31n x18oe1m7 x1sy0etr xstzfhl x972fbf x10w94by x1qhh985 x14e42zd x9f619 x1ypdohk xt0psk2 x3ct3a4 xdj266r x14z9mp xat24cr x1lziwak xexx8yu xyri2b x18d9i69 x1c1uobl x16tdsg8 x1hl2dhg xggy1nq x1a2a7pz xkrqix3 x1sur9pj x1fey0fg x1s688f\" role=\"link\" href=\"https:\/\/www.svenskakyrkan.se\/kyrkoval\/hitta-din-lokal\" target=\"_blank\" rel=\"nofollow noopener\">www.svenskakyrkan.se\/kyrkoval\/hitta-din-lokal<\/a><\/span><\/p>\n<h3><\/h3>\n<p>&nbsp;<\/p>\n<hr \/>\n<h3>Kyrkomusikens kraft<img loading=\"lazy\" decoding=\"async\" class=\"wp-image-1223 alignright\" src=\"https:\/\/www.posk.se\/stockholmsstift\/wp-content\/uploads\/sites\/131\/2025\/09\/musik-240x300.jpg\" alt=\"\" width=\"190\" height=\"238\" srcset=\"https:\/\/www.posk.se\/stockholmsstift\/wp-content\/uploads\/sites\/131\/2025\/09\/musik-240x300.jpg 240w, https:\/\/www.posk.se\/stockholmsstift\/wp-content\/uploads\/sites\/131\/2025\/09\/musik-819x1024.jpg 819w, https:\/\/www.posk.se\/stockholmsstift\/wp-content\/uploads\/sites\/131\/2025\/09\/musik-768x960.jpg 768w, https:\/\/www.posk.se\/stockholmsstift\/wp-content\/uploads\/sites\/131\/2025\/09\/musik-1229x1536.jpg 1229w, https:\/\/www.posk.se\/stockholmsstift\/wp-content\/uploads\/sites\/131\/2025\/09\/musik-330x413.jpg 330w, https:\/\/www.posk.se\/stockholmsstift\/wp-content\/uploads\/sites\/131\/2025\/09\/musik.jpg 1638w\" sizes=\"auto, (max-width: 190px) 100vw, 190px\" \/><\/h3>\n<p>I Svenska kyrkan samspelar ett professionellt musikliv med f\u00f6rsamlingss\u00e5ng d\u00e4r alla kan delta och uttrycka sin kristna tro. K\u00f6rs\u00e5ngen har stor betydelse som folkr\u00f6relse och POSK menar att k\u00f6rs\u00e5ng och kyrkomusik ocks\u00e5 b\u00f6r ge plats f\u00f6r unga. Rekryteringen av kyrkomusiker beh\u00f6ver st\u00e4rkas och ungdomar ska tidigt uppmuntras och f\u00e5 m\u00f6jlighet att sjunga och spela. POSK vill att fler kyrkomusiker har instrumentalundervisning i sina tj\u00e4nster.<\/p>\n<p>&nbsp;<\/p>\n<hr \/>\n<h3>Tillsammans mot valvinst!<\/h3>\n<p>L\u00f6rdagen den 23 augusti samlades ett 40-tal medlemmar fr\u00e5n stiftets lokala POSK-grupper till ett medlemsm\u00f6te med temat <strong><em>Valspurt<\/em><\/strong>. Vi fick lyssna till kampanjtips, dela erfarenheter och gemensamt peppa varandra inf\u00f6r den valr\u00f6relse som nu \u00e4r ig\u00e5ng p\u00e5 riktigt!<\/p>\n<p>Ett stort tack till alla som kom och till V\u00e4stermalms f\u00f6rsamling f\u00f6r att vi fick h\u00e5lla till i det fina f\u00f6rsamlingshuset.<\/p>\n<h3><img loading=\"lazy\" decoding=\"async\" class=\"alignnone size-medium wp-image-1211\" src=\"https:\/\/www.posk.se\/stockholmsstift\/wp-content\/uploads\/sites\/131\/2025\/08\/img-2162-225x300.jpg\" alt=\"\" width=\"225\" height=\"300\" srcset=\"https:\/\/www.posk.se\/stockholmsstift\/wp-content\/uploads\/sites\/131\/2025\/08\/img-2162-225x300.jpg 225w, https:\/\/www.posk.se\/stockholmsstift\/wp-content\/uploads\/sites\/131\/2025\/08\/img-2162-768x1024.jpg 768w, https:\/\/www.posk.se\/stockholmsstift\/wp-content\/uploads\/sites\/131\/2025\/08\/img-2162-1152x1536.jpg 1152w, https:\/\/www.posk.se\/stockholmsstift\/wp-content\/uploads\/sites\/131\/2025\/08\/img-2162-1536x2048.jpg 1536w, https:\/\/www.posk.se\/stockholmsstift\/wp-content\/uploads\/sites\/131\/2025\/08\/img-2162-330x440.jpg 330w, https:\/\/www.posk.se\/stockholmsstift\/wp-content\/uploads\/sites\/131\/2025\/08\/img-2162-scaled.jpg 1920w\" sizes=\"auto, (max-width: 225px) 100vw, 225px\" \/> <img loading=\"lazy\" decoding=\"async\" class=\"alignnone size-medium wp-image-1216\" src=\"https:\/\/www.posk.se\/stockholmsstift\/wp-content\/uploads\/sites\/131\/2025\/08\/img-2171-225x300.jpg\" alt=\"\" width=\"225\" height=\"300\" srcset=\"https:\/\/www.posk.se\/stockholmsstift\/wp-content\/uploads\/sites\/131\/2025\/08\/img-2171-225x300.jpg 225w, https:\/\/www.posk.se\/stockholmsstift\/wp-content\/uploads\/sites\/131\/2025\/08\/img-2171-768x1024.jpg 768w, https:\/\/www.posk.se\/stockholmsstift\/wp-content\/uploads\/sites\/131\/2025\/08\/img-2171-1152x1536.jpg 1152w, https:\/\/www.posk.se\/stockholmsstift\/wp-content\/uploads\/sites\/131\/2025\/08\/img-2171-1536x2048.jpg 1536w, https:\/\/www.posk.se\/stockholmsstift\/wp-content\/uploads\/sites\/131\/2025\/08\/img-2171-330x440.jpg 330w, https:\/\/www.posk.se\/stockholmsstift\/wp-content\/uploads\/sites\/131\/2025\/08\/img-2171-scaled.jpg 1920w\" sizes=\"auto, (max-width: 225px) 100vw, 225px\" \/> <img loading=\"lazy\" decoding=\"async\" class=\"alignnone size-medium wp-image-1214\" src=\"https:\/\/www.posk.se\/stockholmsstift\/wp-content\/uploads\/sites\/131\/2025\/08\/img-2168-225x300.jpg\" alt=\"\" width=\"225\" height=\"300\" srcset=\"https:\/\/www.posk.se\/stockholmsstift\/wp-content\/uploads\/sites\/131\/2025\/08\/img-2168-225x300.jpg 225w, https:\/\/www.posk.se\/stockholmsstift\/wp-content\/uploads\/sites\/131\/2025\/08\/img-2168-768x1024.jpg 768w, https:\/\/www.posk.se\/stockholmsstift\/wp-content\/uploads\/sites\/131\/2025\/08\/img-2168-1152x1536.jpg 1152w, https:\/\/www.posk.se\/stockholmsstift\/wp-content\/uploads\/sites\/131\/2025\/08\/img-2168-1536x2048.jpg 1536w, https:\/\/www.posk.se\/stockholmsstift\/wp-content\/uploads\/sites\/131\/2025\/08\/img-2168-330x440.jpg 330w, https:\/\/www.posk.se\/stockholmsstift\/wp-content\/uploads\/sites\/131\/2025\/08\/img-2168-scaled.jpg 1920w\" sizes=\"auto, (max-width: 225px) 100vw, 225px\" \/><\/h3>\n<h3><img loading=\"lazy\" decoding=\"async\" class=\"alignnone wp-image-1213\" src=\"https:\/\/www.posk.se\/stockholmsstift\/wp-content\/uploads\/sites\/131\/2025\/08\/img-2165-300x225.jpg\" alt=\"\" width=\"297\" height=\"223\" srcset=\"https:\/\/www.posk.se\/stockholmsstift\/wp-content\/uploads\/sites\/131\/2025\/08\/img-2165-300x225.jpg 300w, https:\/\/www.posk.se\/stockholmsstift\/wp-content\/uploads\/sites\/131\/2025\/08\/img-2165-1024x768.jpg 1024w, https:\/\/www.posk.se\/stockholmsstift\/wp-content\/uploads\/sites\/131\/2025\/08\/img-2165-768x576.jpg 768w, https:\/\/www.posk.se\/stockholmsstift\/wp-content\/uploads\/sites\/131\/2025\/08\/img-2165-1536x1152.jpg 1536w, https:\/\/www.posk.se\/stockholmsstift\/wp-content\/uploads\/sites\/131\/2025\/08\/img-2165-2048x1536.jpg 2048w, https:\/\/www.posk.se\/stockholmsstift\/wp-content\/uploads\/sites\/131\/2025\/08\/img-2165-330x248.jpg 330w\" sizes=\"auto, (max-width: 297px) 100vw, 297px\" \/> \u00a0<img loading=\"lazy\" decoding=\"async\" class=\"alignnone wp-image-1215\" src=\"https:\/\/www.posk.se\/stockholmsstift\/wp-content\/uploads\/sites\/131\/2025\/08\/img-2169-225x300.jpg\" alt=\"\" width=\"168\" height=\"224\" srcset=\"https:\/\/www.posk.se\/stockholmsstift\/wp-content\/uploads\/sites\/131\/2025\/08\/img-2169-225x300.jpg 225w, https:\/\/www.posk.se\/stockholmsstift\/wp-content\/uploads\/sites\/131\/2025\/08\/img-2169-768x1024.jpg 768w, https:\/\/www.posk.se\/stockholmsstift\/wp-content\/uploads\/sites\/131\/2025\/08\/img-2169-1152x1536.jpg 1152w, https:\/\/www.posk.se\/stockholmsstift\/wp-content\/uploads\/sites\/131\/2025\/08\/img-2169-1536x2048.jpg 1536w, https:\/\/www.posk.se\/stockholmsstift\/wp-content\/uploads\/sites\/131\/2025\/08\/img-2169-330x440.jpg 330w, https:\/\/www.posk.se\/stockholmsstift\/wp-content\/uploads\/sites\/131\/2025\/08\/img-2169-scaled.jpg 1920w\" sizes=\"auto, (max-width: 168px) 100vw, 168px\" \/>\u00a0 <img loading=\"lazy\" decoding=\"async\" class=\"alignnone wp-image-1217\" src=\"https:\/\/www.posk.se\/stockholmsstift\/wp-content\/uploads\/sites\/131\/2025\/08\/img-2172-225x300.jpg\" alt=\"\" width=\"167\" height=\"222\" srcset=\"https:\/\/www.posk.se\/stockholmsstift\/wp-content\/uploads\/sites\/131\/2025\/08\/img-2172-225x300.jpg 225w, https:\/\/www.posk.se\/stockholmsstift\/wp-content\/uploads\/sites\/131\/2025\/08\/img-2172-768x1024.jpg 768w, https:\/\/www.posk.se\/stockholmsstift\/wp-content\/uploads\/sites\/131\/2025\/08\/img-2172-1152x1536.jpg 1152w, https:\/\/www.posk.se\/stockholmsstift\/wp-content\/uploads\/sites\/131\/2025\/08\/img-2172-1536x2048.jpg 1536w, https:\/\/www.posk.se\/stockholmsstift\/wp-content\/uploads\/sites\/131\/2025\/08\/img-2172-330x440.jpg 330w, https:\/\/www.posk.se\/stockholmsstift\/wp-content\/uploads\/sites\/131\/2025\/08\/img-2172-scaled.jpg 1920w\" sizes=\"auto, (max-width: 167px) 100vw, 167px\" \/><\/h3>\n<h3><\/h3>\n<p>&nbsp;<\/p>\n<hr \/>\n<h3><img loading=\"lazy\" decoding=\"async\" class=\"size-medium wp-image-1209 alignright\" src=\"https:\/\/www.posk.se\/stockholmsstift\/wp-content\/uploads\/sites\/131\/2025\/08\/toivo-debatt-300x200.png\" alt=\"\" width=\"300\" height=\"200\" srcset=\"https:\/\/www.posk.se\/stockholmsstift\/wp-content\/uploads\/sites\/131\/2025\/08\/toivo-debatt-300x200.png 300w, https:\/\/www.posk.se\/stockholmsstift\/wp-content\/uploads\/sites\/131\/2025\/08\/toivo-debatt-1024x683.png 1024w, https:\/\/www.posk.se\/stockholmsstift\/wp-content\/uploads\/sites\/131\/2025\/08\/toivo-debatt-768x512.png 768w, https:\/\/www.posk.se\/stockholmsstift\/wp-content\/uploads\/sites\/131\/2025\/08\/toivo-debatt-1536x1024.png 1536w, https:\/\/www.posk.se\/stockholmsstift\/wp-content\/uploads\/sites\/131\/2025\/08\/toivo-debatt-330x220.png 330w, https:\/\/www.posk.se\/stockholmsstift\/wp-content\/uploads\/sites\/131\/2025\/08\/toivo-debatt.png 1920w\" sizes=\"auto, (max-width: 300px) 100vw, 300px\" \/><\/h3>\n<h3>Debattartikel av Toivo Sj\u00f6r\u00e9n<\/h3>\n<p>I en debattartikel lyfter Toivo Sj\u00f6r\u00e9n, ordf\u00f6rande f\u00f6r POSK i Stockholms stift, flera viktiga framtidsfr\u00e5gor f\u00f6r Svenska kyrkan att ta tag i under de n\u00e4rmaste mandatperioderna.<\/p>\n<p><a href=\"https:\/\/www.posk.se\/2025\/08\/mycket-att-ta-tag-i-for-svenska-kyrkan\/?fbclid=IwY2xjawMWVT9leHRuA2FlbQIxMQABHgSh_UwsKKx_y0kQlnCPEJ68QtCab5KW2GeExRXaE0BvMcSDWjmeMJ618Bw__aem_JGDl97Z94kCFkhqbF-xwug\" target=\"_blank\" rel=\"noopener\">L\u00e4s artikeln h\u00e4r<\/a>.<\/p>\n<p>&nbsp;<\/p>\n<hr \/>\n<h3><img loading=\"lazy\" decoding=\"async\" class=\" wp-image-1207 alignright\" src=\"https:\/\/www.posk.se\/stockholmsstift\/wp-content\/uploads\/sites\/131\/2025\/08\/en-manad-kvar-240x300.jpg\" alt=\"\" width=\"190\" height=\"238\" srcset=\"https:\/\/www.posk.se\/stockholmsstift\/wp-content\/uploads\/sites\/131\/2025\/08\/en-manad-kvar-240x300.jpg 240w, https:\/\/www.posk.se\/stockholmsstift\/wp-content\/uploads\/sites\/131\/2025\/08\/en-manad-kvar-819x1024.jpg 819w, https:\/\/www.posk.se\/stockholmsstift\/wp-content\/uploads\/sites\/131\/2025\/08\/en-manad-kvar-768x960.jpg 768w, https:\/\/www.posk.se\/stockholmsstift\/wp-content\/uploads\/sites\/131\/2025\/08\/en-manad-kvar-1229x1536.jpg 1229w, https:\/\/www.posk.se\/stockholmsstift\/wp-content\/uploads\/sites\/131\/2025\/08\/en-manad-kvar-330x413.jpg 330w, https:\/\/www.posk.se\/stockholmsstift\/wp-content\/uploads\/sites\/131\/2025\/08\/en-manad-kvar.jpg 1638w\" sizes=\"auto, (max-width: 190px) 100vw, 190px\" \/><\/h3>\n<h3>Idag 21 augusti \u00e4r det en m\u00e5nad kvar!<\/h3>\n<p>POSK har visionerna f\u00f6r framtidens kyrka! Idag \u00e4r det en m\u00e5nad kvar till valdagen den 21 september, men redan fr\u00e5n den 8 september har du som tillh\u00f6r Svenska kyrkan och \u00e4r \u00f6ver 16 \u00e5r m\u00f6jlighet att f\u00f6rtidsr\u00f6sta. R\u00f6sta f\u00f6r en fri kyrka!<\/p>\n<p>&nbsp;<\/p>\n<p>&nbsp;<\/p>\n<hr \/>\n<h3>Ekumeniska veckan i Stockholm<\/h3>\n<p><img loading=\"lazy\" decoding=\"async\" class=\"size-medium wp-image-1203 alignright\" src=\"https:\/\/www.posk.se\/stockholmsstift\/wp-content\/uploads\/sites\/131\/2025\/08\/ekumeniska-veckan-300x169.jpg\" alt=\"\" width=\"300\" height=\"169\" srcset=\"https:\/\/www.posk.se\/stockholmsstift\/wp-content\/uploads\/sites\/131\/2025\/08\/ekumeniska-veckan-300x169.jpg 300w, https:\/\/www.posk.se\/stockholmsstift\/wp-content\/uploads\/sites\/131\/2025\/08\/ekumeniska-veckan-330x186.jpg 330w, https:\/\/www.posk.se\/stockholmsstift\/wp-content\/uploads\/sites\/131\/2025\/08\/ekumeniska-veckan.jpg 640w\" sizes=\"auto, (max-width: 300px) 100vw, 300px\" \/><\/p>\n<p>Mellan den 18\u201324 augusti p\u00e5g\u00e5r den Ekumeniska veckan i Stockholm. D\u00e5 h\u00f6gtidligh\u00e5ller Sveriges kristna r\u00e5d 100-\u00e5rsminnet av det stora ekumeniska Stockholmsm\u00f6tet fr\u00e5n 1925 och dess fokus p\u00e5 fred och gemenskap.<\/p>\n<p>Det var 1925 som d\u00e5varande \u00e4rkebiskop Nathan S\u00f6derblom bj\u00f6d in till det ekumeniska m\u00f6te som blev en viktig milstolpe f\u00f6r den ekumeniska r\u00f6relsen. Ett stort antal internationella f\u00f6retr\u00e4dare f\u00f6r ortodoxa och protestantiska kyrkor samlades d\u00e5 till m\u00f6tet d\u00e4r freden stod i centrum.<\/p>\n<p>Grunden till att detta 100-\u00e5rsminne nu uppm\u00e4rksammas \u00e4r en motion fr\u00e5n tre POSKare. Det var till kyrkom\u00f6tet 2017 som Anders Roos, Marie Ryd\u00e9n Davoust och Anders Brunnstedt l\u00e4mnade in motionen med f\u00f6rslaget: \u201datt uppdra till kyrkostyrelsen att p\u00e5 l\u00e4mpligt s\u00e4tt h\u00f6gtidligh\u00e5lla det ekumeniska m\u00f6tet i Stockholm 1925, l\u00e4mpligen \u00e5r 2025.\u201d<\/p>\n<p>Motionen togs v\u00e4l emot och ett enigt kyrkom\u00f6te sl\u00f6t upp bakom.<\/p>\n<p><strong>Nu \u00e4r det allts\u00e5 dags<\/strong> och i Stockholm anordnas i veckan \u00f6ver 70 seminarier, lovs\u00e5ngsgudstj\u00e4nst och en h\u00f6gtidsgudstj\u00e4nst med inbjudna internationella kyrkoledare och g\u00e4ster.\u00a0<a href=\"https:\/\/www.skr.org\/program-ekumeniska-veckan-i-stockholm\/\" target=\"_blank\" rel=\"noopener\">Programmet i sin helhet finns att l\u00e4sa p\u00e5 Sveriges kristna r\u00e5ds hemsida.<\/a><\/p>\n<p><strong>POSK skriver i sitt <a href=\"https:\/\/www.posk.se\/vi-vill\/program\/#ekumenik\" target=\"_blank\" rel=\"noopener\">program<\/a>:<\/strong>\u00a0Som en f\u00f6ljd av v\u00e5r bek\u00e4nnelse om en enda allm\u00e4nnelig kyrka \u00e4r det av s\u00e4rskild vikt att ekumenisk dialog f\u00e5r pr\u00e4gla den fortsatta teologiska och liturgiska f\u00f6rdjupningen utan att g\u00f6ra avkall p\u00e5 v\u00e5r evangelisk-lutherska identitet. POSK vill uppmuntra f\u00f6rsamlingarna att arbeta mer aktivt ekumeniskt f\u00f6r att st\u00e4rka den kristna gemenskapen.<\/p>\n<hr \/>\n<p><img loading=\"lazy\" decoding=\"async\" class=\"wp-image-1187 alignright\" src=\"https:\/\/www.posk.se\/stockholmsstift\/wp-content\/uploads\/sites\/131\/2025\/08\/plats-for-unga-240x300.jpg\" alt=\"\" width=\"190\" height=\"238\" srcset=\"https:\/\/www.posk.se\/stockholmsstift\/wp-content\/uploads\/sites\/131\/2025\/08\/plats-for-unga-240x300.jpg 240w, https:\/\/www.posk.se\/stockholmsstift\/wp-content\/uploads\/sites\/131\/2025\/08\/plats-for-unga-819x1024.jpg 819w, https:\/\/www.posk.se\/stockholmsstift\/wp-content\/uploads\/sites\/131\/2025\/08\/plats-for-unga-768x960.jpg 768w, https:\/\/www.posk.se\/stockholmsstift\/wp-content\/uploads\/sites\/131\/2025\/08\/plats-for-unga-1229x1536.jpg 1229w, https:\/\/www.posk.se\/stockholmsstift\/wp-content\/uploads\/sites\/131\/2025\/08\/plats-for-unga-330x413.jpg 330w, https:\/\/www.posk.se\/stockholmsstift\/wp-content\/uploads\/sites\/131\/2025\/08\/plats-for-unga.jpg 1638w\" sizes=\"auto, (max-width: 190px) 100vw, 190px\" \/><\/p>\n<h3>Plats f\u00f6r unga<\/h3>\n<p>Ungas plats och delaktighet i f\u00f6rsamlingslivet \u00e4r avg\u00f6rande f\u00f6r samh\u00f6righeten med kyrkan. Det kan ske genom konfirmandtiden, i k\u00f6rer, som ungdomsledare eller i olika former av praktiskt eller diakonalt arbete.<\/p>\n<p>POSK vill st\u00e4rka barn- och ungdomsorganisationer inom Svenska kyrkan och vill att fler personer under 30 \u00e5r har plats i beslutsfattande organ.<\/p>\n<p>&nbsp;<\/p>\n<hr \/>\n<h3><img loading=\"lazy\" decoding=\"async\" class=\"wp-image-1189 alignright\" src=\"https:\/\/www.posk.se\/stockholmsstift\/wp-content\/uploads\/sites\/131\/2025\/08\/forsamlingen-i-centrum-240x300.jpg\" alt=\"\" width=\"190\" height=\"238\" srcset=\"https:\/\/www.posk.se\/stockholmsstift\/wp-content\/uploads\/sites\/131\/2025\/08\/forsamlingen-i-centrum-240x300.jpg 240w, https:\/\/www.posk.se\/stockholmsstift\/wp-content\/uploads\/sites\/131\/2025\/08\/forsamlingen-i-centrum-819x1024.jpg 819w, https:\/\/www.posk.se\/stockholmsstift\/wp-content\/uploads\/sites\/131\/2025\/08\/forsamlingen-i-centrum-768x960.jpg 768w, https:\/\/www.posk.se\/stockholmsstift\/wp-content\/uploads\/sites\/131\/2025\/08\/forsamlingen-i-centrum-1229x1536.jpg 1229w, https:\/\/www.posk.se\/stockholmsstift\/wp-content\/uploads\/sites\/131\/2025\/08\/forsamlingen-i-centrum-330x413.jpg 330w, https:\/\/www.posk.se\/stockholmsstift\/wp-content\/uploads\/sites\/131\/2025\/08\/forsamlingen-i-centrum.jpg 1638w\" sizes=\"auto, (max-width: 190px) 100vw, 190px\" \/>F\u00f6rsamlingen i centrum<\/h3>\n<p>I f\u00f6rsamlingen blir kyrkans grunduppdrag verklighet. H\u00e4r m\u00f6ter m\u00e4nniskor sin kyrka i gl\u00e4dje och sorg, genom gudstj\u00e4nster, dop, konfirmation och begravningar. POSK vill bygga levande f\u00f6rsamlingar d\u00e4r m\u00e4nniskor v\u00e4lkomnas till delaktighet i f\u00f6rsamlingslivet och d\u00e4r beslut fattas s\u00e5 n\u00e4ra verksamheten och medlemmarna som m\u00f6jligt.<\/p>\n<h3><\/h3>\n<p>&nbsp;<\/p>\n<hr \/>\n<p><img loading=\"lazy\" decoding=\"async\" class=\" wp-image-1192 alignright\" src=\"https:\/\/www.posk.se\/stockholmsstift\/wp-content\/uploads\/sites\/131\/2025\/08\/nytt-valsystem-240x300.jpg\" alt=\"\" width=\"190\" height=\"238\" srcset=\"https:\/\/www.posk.se\/stockholmsstift\/wp-content\/uploads\/sites\/131\/2025\/08\/nytt-valsystem-240x300.jpg 240w, https:\/\/www.posk.se\/stockholmsstift\/wp-content\/uploads\/sites\/131\/2025\/08\/nytt-valsystem-819x1024.jpg 819w, https:\/\/www.posk.se\/stockholmsstift\/wp-content\/uploads\/sites\/131\/2025\/08\/nytt-valsystem-768x960.jpg 768w, https:\/\/www.posk.se\/stockholmsstift\/wp-content\/uploads\/sites\/131\/2025\/08\/nytt-valsystem-1229x1536.jpg 1229w, https:\/\/www.posk.se\/stockholmsstift\/wp-content\/uploads\/sites\/131\/2025\/08\/nytt-valsystem-330x413.jpg 330w, https:\/\/www.posk.se\/stockholmsstift\/wp-content\/uploads\/sites\/131\/2025\/08\/nytt-valsystem.jpg 1638w\" sizes=\"auto, (max-width: 190px) 100vw, 190px\" \/><\/p>\n<h3>Dags f\u00f6r ett nytt valsystem<\/h3>\n<p>POSK vill att Svenska kyrkan reformerar och f\u00f6renklar sin organisation och sitt valsystem. Vi vill arbeta f\u00f6r ett demokratiskt, billigare och enklare valsystem som b\u00e4ttre speglar Svenska kyrkans kyrkosyn, med direkta val till kyrkofullm\u00e4ktige och indirekta val till stift och kyrkom\u00f6tet. Kyrkans beslut b\u00f6r i h\u00f6gre grad fattas i gemenskap och enighet av ledam\u00f6ter som representerar sina respektive f\u00f6rsamlingar och stift, inte sekul\u00e4ra politiska partier. Vi ska vara \u00e5terh\u00e5llsamma med arvodering av f\u00f6rtroendeuppdrag.<\/p>\n<p>&nbsp;<\/p>\n<p><img loading=\"lazy\" decoding=\"async\" class=\"wp-image-1204 alignright\" src=\"https:\/\/www.posk.se\/stockholmsstift\/wp-content\/uploads\/sites\/131\/2025\/08\/amanda-1-263x300.jpg\" alt=\"\" width=\"190\" height=\"217\" srcset=\"https:\/\/www.posk.se\/stockholmsstift\/wp-content\/uploads\/sites\/131\/2025\/08\/amanda-1-263x300.jpg 263w, https:\/\/www.posk.se\/stockholmsstift\/wp-content\/uploads\/sites\/131\/2025\/08\/amanda-1-898x1024.jpg 898w, https:\/\/www.posk.se\/stockholmsstift\/wp-content\/uploads\/sites\/131\/2025\/08\/amanda-1-768x876.jpg 768w, https:\/\/www.posk.se\/stockholmsstift\/wp-content\/uploads\/sites\/131\/2025\/08\/amanda-1-330x376.jpg 330w, https:\/\/www.posk.se\/stockholmsstift\/wp-content\/uploads\/sites\/131\/2025\/08\/amanda-1.jpg 1010w\" sizes=\"auto, (max-width: 190px) 100vw, 190px\" \/><\/p>\n<h3>Amanda Carlshamre i debatt om kyrkans valsystem<\/h3>\n<p>I podcasten <em>Makten och h\u00e4rligheten <\/em>kan du h\u00f6ra POSK:s ordf\u00f6rande Amanda Carlshamre i debatt med Jesper Eneroth som \u00e4r gruppledare f\u00f6r Socialdemokraterna i kyrkom\u00f6tet.<\/p>\n<p>I 59 minuter samtalas det under fr\u00e5gan:\u00a0<em>En h\u00e5llbar demokrati \u2013 ska Sv<\/em><em>enska kyrkan byta valsystem till indirekta val? <\/em>F\u00f6r POSK \u00e4r det ett sj\u00e4lvklart JA p\u00e5 fr\u00e5gan, medan Socialdemokraterna vill beh\u00e5lla det system med direkta val som \u00e4r en kopia \u00f6ver hur det fungerar i de allm\u00e4nna valen.<\/p>\n<p>F\u00f6r POSK \u00e4r det en fr\u00e5ga om kyrkosyn att \u00e5terg\u00e5 till indirekta val till stiftsfullm\u00e4ktige och kyrkom\u00f6tet men beh\u00e5lla direkta val till kyrkofullm\u00e4ktige. F\u00f6rsamlingen \u00e4r kyrkans grundl\u00e4ggande enhet. Att stiftsfullm\u00e4ktiges och kyrkom\u00f6tets ledam\u00f6ter har f\u00f6rsamlingsf\u00f6rankring och goda kunskaper om f\u00f6rsamlingslivet \u00e4r avg\u00f6rande f\u00f6r deras insatser och g\u00f6r att deras beslut l\u00e4ttare uppfattas som legitima.<\/p>\n<p><a href=\"https:\/\/open.spotify.com\/episode\/6IMAhTiS7ZamvtTnHqLXt8?si=4XZo79HiTVCVqJJ5y5YqLg&amp;nd=1&amp;dlsi=beaa3f2165ee49ad\" target=\"_blank\" rel=\"noopener\">I podcasten p\u00e5 Spotify kan du lyssna p\u00e5 hela debatten mellan Amanda Carlshamre och Jesper Eneroth<\/a>.<\/p>\n<hr \/>\n<h3><img loading=\"lazy\" decoding=\"async\" class=\"wp-image-1188 alignright\" src=\"https:\/\/www.posk.se\/stockholmsstift\/wp-content\/uploads\/sites\/131\/2025\/08\/posks-vision-240x300.jpg\" alt=\"\" width=\"191\" height=\"239\" srcset=\"https:\/\/www.posk.se\/stockholmsstift\/wp-content\/uploads\/sites\/131\/2025\/08\/posks-vision-240x300.jpg 240w, https:\/\/www.posk.se\/stockholmsstift\/wp-content\/uploads\/sites\/131\/2025\/08\/posks-vision-819x1024.jpg 819w, https:\/\/www.posk.se\/stockholmsstift\/wp-content\/uploads\/sites\/131\/2025\/08\/posks-vision-768x960.jpg 768w, https:\/\/www.posk.se\/stockholmsstift\/wp-content\/uploads\/sites\/131\/2025\/08\/posks-vision-1229x1536.jpg 1229w, https:\/\/www.posk.se\/stockholmsstift\/wp-content\/uploads\/sites\/131\/2025\/08\/posks-vision-330x413.jpg 330w, https:\/\/www.posk.se\/stockholmsstift\/wp-content\/uploads\/sites\/131\/2025\/08\/posks-vision.jpg 1638w\" sizes=\"auto, (max-width: 191px) 100vw, 191px\" \/><\/h3>\n<h3>POSK:s vision<\/h3>\n<p>POSK:s vision \u00e4r att Svenska kyrkan ska vara en gemenskap som speglar Guds vilja i gudstj\u00e4nst och liv och som talar tydligt om Jesus Kristus.<\/p>\n<p>&nbsp;<\/p>\n<p>&nbsp;<\/p>\n<hr \/>\n<h3>Vill du vara med?<\/h3>\n<p>Till oss \u00e4r alla v\u00e4lkomna som vill engagera sig som f\u00f6rtroendevalda i Svenska kyrkan utan att knyta det engagemanget till ett parti. I POSK finns givetvis personer med politiska \u00e5sikter, men vi l\u00e5ter inte allm\u00e4npolitiska \u00e5sikter och partiprogram avg\u00f6ra fr\u00e5gor som r\u00f6r Svenska kyrkan. Klicka <a href=\"https:\/\/www.posk.se\/stockholmsstift\/om-posk\/bli-medlem\/\" target=\"_blank\" rel=\"noopener\">h\u00e4r<\/a> f\u00f6r mer information om hur Du kan engagera dig eller bli medlem.<\/p>\n","protected":false},"excerpt":{"rendered":"<p>Tack! Ett stort och innerligt tack till alla som har r\u00f6stat i kyrkovalet! Det prelimin\u00e4ra valresultatet visar att POSK f\u00e5tt 17,65 % av r\u00f6sterna till kyrkom\u00f6tet, 2021 fick vi 19,33%. Detta visar f\u00f6r tillf\u00e4llet en minskning av antalet mandat fr\u00e5n 47 stycken till 45. I Stockholms stift har POSK prelimin\u00e4rt f\u00e5tt 17,55 % av r\u00f6sterna [&hellip;]<\/p>\n","protected":false},"author":1,"featured_media":1201,"parent":0,"menu_order":0,"comment_status":"closed","ping_status":"closed","template":"page-templates\/page-sidebar-left.php","meta":{"_acf_changed":false,"footnotes":""},"class_list":["post-20","page","type-page","status-publish","has-post-thumbnail","hentry"],"acf":[],"yoast_head":"<!-- This site is optimized with the Yoast SEO plugin v24.9 - https:\/\/yoast.com\/wordpress\/plugins\/seo\/ -->\n<title>Startsidan - STIFTSF\u00d6RENING Stockholm<\/title>\n<meta name=\"robots\" content=\"index, follow, max-snippet:-1, max-image-preview:large, max-video-preview:-1\" \/>\n<link rel=\"canonical\" href=\"https:\/\/www.posk.se\/stockholmsstift\/\" \/>\n<meta property=\"og:locale\" content=\"sv_SE\" \/>\n<meta property=\"og:type\" content=\"article\" \/>\n<meta property=\"og:title\" content=\"Startsidan - STIFTSF\u00d6RENING Stockholm\" \/>\n<meta property=\"og:description\" content=\"Tack! Ett stort och innerligt tack till alla som har r\u00f6stat i kyrkovalet! Det prelimin\u00e4ra valresultatet visar att POSK f\u00e5tt 17,65 % av r\u00f6sterna till kyrkom\u00f6tet, 2021 fick vi 19,33%. Detta visar f\u00f6r tillf\u00e4llet en minskning av antalet mandat fr\u00e5n 47 stycken till 45. I Stockholms stift har POSK prelimin\u00e4rt f\u00e5tt 17,55 % av r\u00f6sterna [&hellip;]\" \/>\n<meta property=\"og:url\" content=\"https:\/\/www.posk.se\/stockholmsstift\/\" \/>\n<meta property=\"og:site_name\" content=\"STIFTSF\u00d6RENING Stockholm\" \/>\n<meta property=\"article:modified_time\" content=\"2025-09-22T18:22:55+00:00\" \/>\n<meta property=\"og:image\" content=\"https:\/\/www.posk.se\/stockholmsstift\/wp-content\/uploads\/sites\/131\/2025\/08\/storkyrkan-1024x749.png\" \/>\n\t<meta property=\"og:image:width\" content=\"1024\" \/>\n\t<meta property=\"og:image:height\" content=\"749\" \/>\n\t<meta property=\"og:image:type\" content=\"image\/png\" \/>\n<meta name=\"twitter:card\" content=\"summary_large_image\" \/>\n<meta name=\"twitter:label1\" content=\"Ber\u00e4knad l\u00e4stid\" \/>\n\t<meta name=\"twitter:data1\" content=\"19 minuter\" \/>\n<script type=\"application\/ld+json\" class=\"yoast-schema-graph\">{\"@context\":\"https:\/\/schema.org\",\"@graph\":[{\"@type\":\"WebPage\",\"@id\":\"https:\/\/www.posk.se\/stockholmsstift\/\",\"url\":\"https:\/\/www.posk.se\/stockholmsstift\/\",\"name\":\"Startsidan - STIFTSF\u00d6RENING Stockholm\",\"isPartOf\":{\"@id\":\"https:\/\/www.posk.se\/stockholmsstift\/#website\"},\"primaryImageOfPage\":{\"@id\":\"https:\/\/www.posk.se\/stockholmsstift\/#primaryimage\"},\"image\":{\"@id\":\"https:\/\/www.posk.se\/stockholmsstift\/#primaryimage\"},\"thumbnailUrl\":\"https:\/\/www.posk.se\/stockholmsstift\/wp-content\/uploads\/sites\/131\/2025\/08\/storkyrkan.png\",\"datePublished\":\"2016-07-15T21:15:28+00:00\",\"dateModified\":\"2025-09-22T18:22:55+00:00\",\"breadcrumb\":{\"@id\":\"https:\/\/www.posk.se\/stockholmsstift\/#breadcrumb\"},\"inLanguage\":\"sv-SE\",\"potentialAction\":[{\"@type\":\"ReadAction\",\"target\":[\"https:\/\/www.posk.se\/stockholmsstift\/\"]}]},{\"@type\":\"ImageObject\",\"inLanguage\":\"sv-SE\",\"@id\":\"https:\/\/www.posk.se\/stockholmsstift\/#primaryimage\",\"url\":\"https:\/\/www.posk.se\/stockholmsstift\/wp-content\/uploads\/sites\/131\/2025\/08\/storkyrkan.png\",\"contentUrl\":\"https:\/\/www.posk.se\/stockholmsstift\/wp-content\/uploads\/sites\/131\/2025\/08\/storkyrkan.png\",\"width\":2048,\"height\":1497},{\"@type\":\"BreadcrumbList\",\"@id\":\"https:\/\/www.posk.se\/stockholmsstift\/#breadcrumb\",\"itemListElement\":[{\"@type\":\"ListItem\",\"position\":1,\"name\":\"Hem\",\"item\":\"https:\/\/www.posk.se\/stockholmsstift\/\"},{\"@type\":\"ListItem\",\"position\":2,\"name\":\"Startsidan\"}]},{\"@type\":\"WebSite\",\"@id\":\"https:\/\/www.posk.se\/stockholmsstift\/#website\",\"url\":\"https:\/\/www.posk.se\/stockholmsstift\/\",\"name\":\"STIFTSF\u00d6RENING Stockholm\",\"description\":\"Stiftsf\u00f6reningen f\u00f6r POSK i Stockholms stift\",\"potentialAction\":[{\"@type\":\"SearchAction\",\"target\":{\"@type\":\"EntryPoint\",\"urlTemplate\":\"https:\/\/www.posk.se\/stockholmsstift\/?s={search_term_string}\"},\"query-input\":{\"@type\":\"PropertyValueSpecification\",\"valueRequired\":true,\"valueName\":\"search_term_string\"}}],\"inLanguage\":\"sv-SE\"}]}<\/script>\n<!-- \/ Yoast SEO plugin. -->","yoast_head_json":{"title":"Startsidan - STIFTSF\u00d6RENING Stockholm","robots":{"index":"index","follow":"follow","max-snippet":"max-snippet:-1","max-image-preview":"max-image-preview:large","max-video-preview":"max-video-preview:-1"},"canonical":"https:\/\/www.posk.se\/stockholmsstift\/","og_locale":"sv_SE","og_type":"article","og_title":"Startsidan - STIFTSF\u00d6RENING Stockholm","og_description":"Tack! Ett stort och innerligt tack till alla som har r\u00f6stat i kyrkovalet! Det prelimin\u00e4ra valresultatet visar att POSK f\u00e5tt 17,65 % av r\u00f6sterna till kyrkom\u00f6tet, 2021 fick vi 19,33%. Detta visar f\u00f6r tillf\u00e4llet en minskning av antalet mandat fr\u00e5n 47 stycken till 45. I Stockholms stift har POSK prelimin\u00e4rt f\u00e5tt 17,55 % av r\u00f6sterna [&hellip;]","og_url":"https:\/\/www.posk.se\/stockholmsstift\/","og_site_name":"STIFTSF\u00d6RENING Stockholm","article_modified_time":"2025-09-22T18:22:55+00:00","og_image":[{"width":1024,"height":749,"url":"https:\/\/www.posk.se\/stockholmsstift\/wp-content\/uploads\/sites\/131\/2025\/08\/storkyrkan-1024x749.png","type":"image\/png"}],"twitter_card":"summary_large_image","twitter_misc":{"Ber\u00e4knad l\u00e4stid":"19 minuter"},"schema":{"@context":"https:\/\/schema.org","@graph":[{"@type":"WebPage","@id":"https:\/\/www.posk.se\/stockholmsstift\/","url":"https:\/\/www.posk.se\/stockholmsstift\/","name":"Startsidan - STIFTSF\u00d6RENING Stockholm","isPartOf":{"@id":"https:\/\/www.posk.se\/stockholmsstift\/#website"},"primaryImageOfPage":{"@id":"https:\/\/www.posk.se\/stockholmsstift\/#primaryimage"},"image":{"@id":"https:\/\/www.posk.se\/stockholmsstift\/#primaryimage"},"thumbnailUrl":"https:\/\/www.posk.se\/stockholmsstift\/wp-content\/uploads\/sites\/131\/2025\/08\/storkyrkan.png","datePublished":"2016-07-15T21:15:28+00:00","dateModified":"2025-09-22T18:22:55+00:00","breadcrumb":{"@id":"https:\/\/www.posk.se\/stockholmsstift\/#breadcrumb"},"inLanguage":"sv-SE","potentialAction":[{"@type":"ReadAction","target":["https:\/\/www.posk.se\/stockholmsstift\/"]}]},{"@type":"ImageObject","inLanguage":"sv-SE","@id":"https:\/\/www.posk.se\/stockholmsstift\/#primaryimage","url":"https:\/\/www.posk.se\/stockholmsstift\/wp-content\/uploads\/sites\/131\/2025\/08\/storkyrkan.png","contentUrl":"https:\/\/www.posk.se\/stockholmsstift\/wp-content\/uploads\/sites\/131\/2025\/08\/storkyrkan.png","width":2048,"height":1497},{"@type":"BreadcrumbList","@id":"https:\/\/www.posk.se\/stockholmsstift\/#breadcrumb","itemListElement":[{"@type":"ListItem","position":1,"name":"Hem","item":"https:\/\/www.posk.se\/stockholmsstift\/"},{"@type":"ListItem","position":2,"name":"Startsidan"}]},{"@type":"WebSite","@id":"https:\/\/www.posk.se\/stockholmsstift\/#website","url":"https:\/\/www.posk.se\/stockholmsstift\/","name":"STIFTSF\u00d6RENING Stockholm","description":"Stiftsf\u00f6reningen f\u00f6r POSK i Stockholms stift","potentialAction":[{"@type":"SearchAction","target":{"@type":"EntryPoint","urlTemplate":"https:\/\/www.posk.se\/stockholmsstift\/?s={search_term_string}"},"query-input":{"@type":"PropertyValueSpecification","valueRequired":true,"valueName":"search_term_string"}}],"inLanguage":"sv-SE"}]}},"_links":{"self":[{"href":"https:\/\/www.posk.se\/stockholmsstift\/wp-json\/wp\/v2\/pages\/20","targetHints":{"allow":["GET"]}}],"collection":[{"href":"https:\/\/www.posk.se\/stockholmsstift\/wp-json\/wp\/v2\/pages"}],"about":[{"href":"https:\/\/www.posk.se\/stockholmsstift\/wp-json\/wp\/v2\/types\/page"}],"author":[{"embeddable":true,"href":"https:\/\/www.posk.se\/stockholmsstift\/wp-json\/wp\/v2\/users\/1"}],"replies":[{"embeddable":true,"href":"https:\/\/www.posk.se\/stockholmsstift\/wp-json\/wp\/v2\/comments?post=20"}],"version-history":[{"count":78,"href":"https:\/\/www.posk.se\/stockholmsstift\/wp-json\/wp\/v2\/pages\/20\/revisions"}],"predecessor-version":[{"id":1263,"href":"https:\/\/www.posk.se\/stockholmsstift\/wp-json\/wp\/v2\/pages\/20\/revisions\/1263"}],"wp:featuredmedia":[{"embeddable":true,"href":"https:\/\/www.posk.se\/stockholmsstift\/wp-json\/wp\/v2\/media\/1201"}],"wp:attachment":[{"href":"https:\/\/www.posk.se\/stockholmsstift\/wp-json\/wp\/v2\/media?parent=20"}],"curies":[{"name":"wp","href":"https:\/\/api.w.org\/{rel}","templated":true}]}}