{"id":501,"date":"2025-10-10T11:25:43","date_gmt":"2025-10-10T09:25:43","guid":{"rendered":"https:\/\/www.posk.se\/soderkoping-st-anna\/?page_id=501"},"modified":"2025-10-19T23:18:48","modified_gmt":"2025-10-19T21:18:48","slug":"fortroendevalda-2026-2029","status":"publish","type":"page","link":"https:\/\/www.posk.se\/soderkoping-st-anna\/fortroendevalda-2026-2029\/","title":{"rendered":"F\u00f6rtroendevalda 2026-2029"},"content":{"rendered":"<p><strong>Kyrkofullm\u00e4ktige<\/strong><br \/>\n<em>Ordinarie ledam\u00f6ter<\/em><br \/>\nBeate Palm Scherl [<a href=\"https:\/\/www.posk.se\/soderkoping-st-anna\/kandidatpresentationer\/beate-palm-scherl\/\">&gt;<\/a>]<br \/>\nRoland Nilsson [<a href=\"https:\/\/www.posk.se\/soderkoping-st-anna\/kandidatpresentationer\/roland-nilsson\/\">&gt;<\/a>]<br \/>\nAnnika Altn\u00e4s [<a href=\"https:\/\/www.posk.se\/soderkoping-st-anna\/kandidatpresentationer\/annika-altnas\/\">&gt;<\/a>]<br \/>\nCarl-Johan Ivarsson [<a href=\"https:\/\/www.posk.se\/soderkoping-st-anna\/kandidatpresentationer\/carl-johan-ivarsson\/\">&gt;<\/a>]<br \/>\nKerstin Elg [<a href=\"https:\/\/www.posk.se\/soderkoping-st-anna\/kandidatpresentationer\/kerstin-elg\/\">&gt;<\/a>]<br \/>\nRolf Engwall [<a href=\"https:\/\/www.posk.se\/soderkoping-st-anna\/kandidatpresentationer\/rolf-engwall\/\">&gt;<\/a>]<br \/>\nPernilla (Pia) Asplund [<a href=\"https:\/\/www.posk.se\/soderkoping-st-anna\/kandidatpresentationer\/pernilla-pia-asplund\/\">&gt;<\/a>]<br \/>\nKarl-Gunnar Fr\u00e4mberg [<a href=\"https:\/\/www.posk.se\/soderkoping-st-anna\/kandidatpresentationer\/karl-gunnar-framberg\/\">&gt;<\/a>]<br \/>\nAnnika Pihl [<a href=\"https:\/\/www.posk.se\/soderkoping-st-anna\/kandidatpresentationer\/annika-pihl\/\">&gt;<\/a>]<br \/>\nGunnar Norl\u00e9n [<a href=\"https:\/\/www.posk.se\/soderkoping-st-anna\/kandidatpresentationer\/gunnar-norlen\/\">&gt;<\/a>]<br \/>\nMagnus Berge [<a href=\"https:\/\/www.posk.se\/soderkoping-st-anna\/kandidatpresentationer\/magnus-berge\/\">&gt;<\/a>]<br \/>\nTommy R\u00f6din [<a href=\"https:\/\/www.posk.se\/soderkoping-st-anna\/kandidatpresentationer\/tommy-rodin\/\">&gt;<\/a>]<br \/>\nAnnsofie Hermansson [<a href=\"https:\/\/www.posk.se\/soderkoping-st-anna\/kandidatpresentationer\/annsofie-hermansson\/\">&gt;<\/a>]<br \/>\nNiklas Schultz [<a href=\"https:\/\/www.posk.se\/soderkoping-st-anna\/kandidatpresentationer\/niklas-schultz\/\">&gt;<\/a>]<br \/>\nGunnel Svensson [<a href=\"https:\/\/www.posk.se\/soderkoping-st-anna\/kandidatpresentationer\/gunnel-svensson\/\">&gt;<\/a>]<\/p>\n<p><i>Ers\u00e4ttare<\/i><br \/>\n1. Anne Sophie Norl\u00e9n [<a href=\"https:\/\/www.posk.se\/soderkoping-st-anna\/kandidatpresentationer\/anne-sophie-norlen\/\">&gt;<\/a>]<br \/>\n2. Sture Josephsson [<a href=\"https:\/\/www.posk.se\/soderkoping-st-anna\/kandidatpresentationer\/sture-josephsson\/\">&gt;<\/a>]<br \/>\n3. Charlotte Flodin<br \/>\n4. Marianne Bokblad [<a href=\"https:\/\/www.posk.se\/soderkoping-st-anna\/kandidatpresentationer\/marianne-bokblad\/\">&gt;<\/a>]<br \/>\n5. Christer Jonasson Pihl<br \/>\n6. Christer Sundstrand<br \/>\n7. P\u00e4r Flodin<br \/>\n8. Berit Fr\u00e4mberg<br \/>\n.<br \/>\nK\u00e4lla: <a href=\"https:\/\/kyrkoval.svenskakyrkan.se\/Valresultat2025\/slutg\/Visning\/Resultat\/Forsamling.aspx?StiftID=3&amp;ValomradeId=10203&amp;ValtypId=8\" target=\"_blank\" rel=\"noopener\">Valresultat<\/a> (<i>kyrkoval.svenskakyrkan.se<\/i>)<\/p>\n<hr \/>\n<p style=\"text-align: right\">Verktyg f\u00f6r ber\u00e4kning av indirekta val<br \/>\n<a href=\"https:\/\/www.svenskakyrkan.se\/valwebben\/indirekta-val\" target=\"_blank\" rel=\"noopener\">L\u00e4s mer<\/a> {<a href=\"https:\/\/webapp.svenskakyrkan.se\/miscapp\/v1\/client\/indirektaval\/#\/?stiftId=1\" target=\"_blank\" rel=\"noopener\">Verktyget<\/a>}<\/p>\n","protected":false},"excerpt":{"rendered":"<p>Kyrkofullm\u00e4ktige Ordinarie ledam\u00f6ter Beate Palm Scherl [&gt;] Roland Nilsson [&gt;] Annika Altn\u00e4s [&gt;] Carl-Johan Ivarsson [&gt;] Kerstin Elg [&gt;] Rolf Engwall [&gt;] Pernilla (Pia) Asplund [&gt;] Karl-Gunnar Fr\u00e4mberg [&gt;] Annika Pihl [&gt;] Gunnar Norl\u00e9n [&gt;] Magnus Berge [&gt;] Tommy R\u00f6din [&gt;] Annsofie Hermansson [&gt;] Niklas Schultz [&gt;] Gunnel Svensson [&gt;] Ers\u00e4ttare 1. Anne Sophie Norl\u00e9n [&hellip;]<\/p>\n","protected":false},"author":104,"featured_media":337,"parent":0,"menu_order":1,"comment_status":"closed","ping_status":"closed","template":"page-templates\/page-sidebar-left.php","meta":{"_acf_changed":false,"footnotes":""},"class_list":["post-501","page","type-page","status-publish","has-post-thumbnail","hentry"],"acf":[],"yoast_head":"<!-- This site is optimized with the Yoast SEO plugin v24.9 - https:\/\/yoast.com\/wordpress\/plugins\/seo\/ -->\n<title>F\u00f6rtroendevalda 2026-2029 - S\u00f6derk\u00f6ping S:t Anna<\/title>\n<meta name=\"robots\" content=\"index, follow, max-snippet:-1, max-image-preview:large, max-video-preview:-1\" \/>\n<link rel=\"canonical\" href=\"https:\/\/www.posk.se\/soderkoping-st-anna\/fortroendevalda-2026-2029\/\" \/>\n<meta property=\"og:locale\" content=\"sv_SE\" \/>\n<meta property=\"og:type\" content=\"article\" \/>\n<meta property=\"og:title\" content=\"F\u00f6rtroendevalda 2026-2029 - S\u00f6derk\u00f6ping S:t Anna\" \/>\n<meta property=\"og:description\" content=\"Kyrkofullm\u00e4ktige Ordinarie ledam\u00f6ter Beate Palm Scherl [&gt;] Roland Nilsson [&gt;] Annika Altn\u00e4s [&gt;] Carl-Johan Ivarsson [&gt;] Kerstin Elg [&gt;] Rolf Engwall [&gt;] Pernilla (Pia) Asplund [&gt;] Karl-Gunnar Fr\u00e4mberg [&gt;] Annika Pihl [&gt;] Gunnar Norl\u00e9n [&gt;] Magnus Berge [&gt;] Tommy R\u00f6din [&gt;] Annsofie Hermansson [&gt;] Niklas Schultz [&gt;] Gunnel Svensson [&gt;] Ers\u00e4ttare 1. Anne Sophie Norl\u00e9n [&hellip;]\" \/>\n<meta property=\"og:url\" content=\"https:\/\/www.posk.se\/soderkoping-st-anna\/fortroendevalda-2026-2029\/\" \/>\n<meta property=\"og:site_name\" content=\"S\u00f6derk\u00f6ping S:t Anna\" \/>\n<meta property=\"article:modified_time\" content=\"2025-10-19T21:18:48+00:00\" \/>\n<meta property=\"og:image\" content=\"https:\/\/www.posk.se\/soderkoping-st-anna\/wp-content\/uploads\/sites\/80\/2025\/06\/img-7151.jpeg\" \/>\n\t<meta property=\"og:image:width\" content=\"1920\" \/>\n\t<meta property=\"og:image:height\" content=\"1245\" \/>\n\t<meta property=\"og:image:type\" content=\"image\/jpeg\" \/>\n<meta name=\"twitter:card\" content=\"summary_large_image\" \/>\n<meta name=\"twitter:label1\" content=\"Ber\u00e4knad l\u00e4stid\" \/>\n\t<meta name=\"twitter:data1\" content=\"1 minut\" \/>\n<script type=\"application\/ld+json\" class=\"yoast-schema-graph\">{\"@context\":\"https:\/\/schema.org\",\"@graph\":[{\"@type\":\"WebPage\",\"@id\":\"https:\/\/www.posk.se\/soderkoping-st-anna\/fortroendevalda-2026-2029\/\",\"url\":\"https:\/\/www.posk.se\/soderkoping-st-anna\/fortroendevalda-2026-2029\/\",\"name\":\"F\u00f6rtroendevalda 2026-2029 - S\u00f6derk\u00f6ping S:t Anna\",\"isPartOf\":{\"@id\":\"https:\/\/www.posk.se\/soderkoping-st-anna\/#website\"},\"primaryImageOfPage\":{\"@id\":\"https:\/\/www.posk.se\/soderkoping-st-anna\/fortroendevalda-2026-2029\/#primaryimage\"},\"image\":{\"@id\":\"https:\/\/www.posk.se\/soderkoping-st-anna\/fortroendevalda-2026-2029\/#primaryimage\"},\"thumbnailUrl\":\"https:\/\/www.posk.se\/soderkoping-st-anna\/wp-content\/uploads\/sites\/80\/2025\/06\/img-7151.jpeg\",\"datePublished\":\"2025-10-10T09:25:43+00:00\",\"dateModified\":\"2025-10-19T21:18:48+00:00\",\"breadcrumb\":{\"@id\":\"https:\/\/www.posk.se\/soderkoping-st-anna\/fortroendevalda-2026-2029\/#breadcrumb\"},\"inLanguage\":\"sv-SE\",\"potentialAction\":[{\"@type\":\"ReadAction\",\"target\":[\"https:\/\/www.posk.se\/soderkoping-st-anna\/fortroendevalda-2026-2029\/\"]}]},{\"@type\":\"ImageObject\",\"inLanguage\":\"sv-SE\",\"@id\":\"https:\/\/www.posk.se\/soderkoping-st-anna\/fortroendevalda-2026-2029\/#primaryimage\",\"url\":\"https:\/\/www.posk.se\/soderkoping-st-anna\/wp-content\/uploads\/sites\/80\/2025\/06\/img-7151.jpeg\",\"contentUrl\":\"https:\/\/www.posk.se\/soderkoping-st-anna\/wp-content\/uploads\/sites\/80\/2025\/06\/img-7151.jpeg\",\"width\":1920,\"height\":1245},{\"@type\":\"BreadcrumbList\",\"@id\":\"https:\/\/www.posk.se\/soderkoping-st-anna\/fortroendevalda-2026-2029\/#breadcrumb\",\"itemListElement\":[{\"@type\":\"ListItem\",\"position\":1,\"name\":\"Hem\",\"item\":\"https:\/\/www.posk.se\/soderkoping-st-anna\/\"},{\"@type\":\"ListItem\",\"position\":2,\"name\":\"F\u00f6rtroendevalda 2026-2029\"}]},{\"@type\":\"WebSite\",\"@id\":\"https:\/\/www.posk.se\/soderkoping-st-anna\/#website\",\"url\":\"https:\/\/www.posk.se\/soderkoping-st-anna\/\",\"name\":\"S\u00f6derk\u00f6ping S:t Anna\",\"description\":\"POSK-grupp i Link\u00f6pings stift\",\"potentialAction\":[{\"@type\":\"SearchAction\",\"target\":{\"@type\":\"EntryPoint\",\"urlTemplate\":\"https:\/\/www.posk.se\/soderkoping-st-anna\/?s={search_term_string}\"},\"query-input\":{\"@type\":\"PropertyValueSpecification\",\"valueRequired\":true,\"valueName\":\"search_term_string\"}}],\"inLanguage\":\"sv-SE\"}]}<\/script>\n<!-- \/ Yoast SEO plugin. -->","yoast_head_json":{"title":"F\u00f6rtroendevalda 2026-2029 - S\u00f6derk\u00f6ping S:t Anna","robots":{"index":"index","follow":"follow","max-snippet":"max-snippet:-1","max-image-preview":"max-image-preview:large","max-video-preview":"max-video-preview:-1"},"canonical":"https:\/\/www.posk.se\/soderkoping-st-anna\/fortroendevalda-2026-2029\/","og_locale":"sv_SE","og_type":"article","og_title":"F\u00f6rtroendevalda 2026-2029 - S\u00f6derk\u00f6ping S:t Anna","og_description":"Kyrkofullm\u00e4ktige Ordinarie ledam\u00f6ter Beate Palm Scherl [&gt;] Roland Nilsson [&gt;] Annika Altn\u00e4s [&gt;] Carl-Johan Ivarsson [&gt;] Kerstin Elg [&gt;] Rolf Engwall [&gt;] Pernilla (Pia) Asplund [&gt;] Karl-Gunnar Fr\u00e4mberg [&gt;] Annika Pihl [&gt;] Gunnar Norl\u00e9n [&gt;] Magnus Berge [&gt;] Tommy R\u00f6din [&gt;] Annsofie Hermansson [&gt;] Niklas Schultz [&gt;] Gunnel Svensson [&gt;] Ers\u00e4ttare 1. Anne Sophie Norl\u00e9n [&hellip;]","og_url":"https:\/\/www.posk.se\/soderkoping-st-anna\/fortroendevalda-2026-2029\/","og_site_name":"S\u00f6derk\u00f6ping S:t Anna","article_modified_time":"2025-10-19T21:18:48+00:00","og_image":[{"width":1920,"height":1245,"url":"https:\/\/www.posk.se\/soderkoping-st-anna\/wp-content\/uploads\/sites\/80\/2025\/06\/img-7151.jpeg","type":"image\/jpeg"}],"twitter_card":"summary_large_image","twitter_misc":{"Ber\u00e4knad l\u00e4stid":"1 minut"},"schema":{"@context":"https:\/\/schema.org","@graph":[{"@type":"WebPage","@id":"https:\/\/www.posk.se\/soderkoping-st-anna\/fortroendevalda-2026-2029\/","url":"https:\/\/www.posk.se\/soderkoping-st-anna\/fortroendevalda-2026-2029\/","name":"F\u00f6rtroendevalda 2026-2029 - S\u00f6derk\u00f6ping S:t Anna","isPartOf":{"@id":"https:\/\/www.posk.se\/soderkoping-st-anna\/#website"},"primaryImageOfPage":{"@id":"https:\/\/www.posk.se\/soderkoping-st-anna\/fortroendevalda-2026-2029\/#primaryimage"},"image":{"@id":"https:\/\/www.posk.se\/soderkoping-st-anna\/fortroendevalda-2026-2029\/#primaryimage"},"thumbnailUrl":"https:\/\/www.posk.se\/soderkoping-st-anna\/wp-content\/uploads\/sites\/80\/2025\/06\/img-7151.jpeg","datePublished":"2025-10-10T09:25:43+00:00","dateModified":"2025-10-19T21:18:48+00:00","breadcrumb":{"@id":"https:\/\/www.posk.se\/soderkoping-st-anna\/fortroendevalda-2026-2029\/#breadcrumb"},"inLanguage":"sv-SE","potentialAction":[{"@type":"ReadAction","target":["https:\/\/www.posk.se\/soderkoping-st-anna\/fortroendevalda-2026-2029\/"]}]},{"@type":"ImageObject","inLanguage":"sv-SE","@id":"https:\/\/www.posk.se\/soderkoping-st-anna\/fortroendevalda-2026-2029\/#primaryimage","url":"https:\/\/www.posk.se\/soderkoping-st-anna\/wp-content\/uploads\/sites\/80\/2025\/06\/img-7151.jpeg","contentUrl":"https:\/\/www.posk.se\/soderkoping-st-anna\/wp-content\/uploads\/sites\/80\/2025\/06\/img-7151.jpeg","width":1920,"height":1245},{"@type":"BreadcrumbList","@id":"https:\/\/www.posk.se\/soderkoping-st-anna\/fortroendevalda-2026-2029\/#breadcrumb","itemListElement":[{"@type":"ListItem","position":1,"name":"Hem","item":"https:\/\/www.posk.se\/soderkoping-st-anna\/"},{"@type":"ListItem","position":2,"name":"F\u00f6rtroendevalda 2026-2029"}]},{"@type":"WebSite","@id":"https:\/\/www.posk.se\/soderkoping-st-anna\/#website","url":"https:\/\/www.posk.se\/soderkoping-st-anna\/","name":"S\u00f6derk\u00f6ping S:t Anna","description":"POSK-grupp i Link\u00f6pings stift","potentialAction":[{"@type":"SearchAction","target":{"@type":"EntryPoint","urlTemplate":"https:\/\/www.posk.se\/soderkoping-st-anna\/?s={search_term_string}"},"query-input":{"@type":"PropertyValueSpecification","valueRequired":true,"valueName":"search_term_string"}}],"inLanguage":"sv-SE"}]}},"_links":{"self":[{"href":"https:\/\/www.posk.se\/soderkoping-st-anna\/wp-json\/wp\/v2\/pages\/501","targetHints":{"allow":["GET"]}}],"collection":[{"href":"https:\/\/www.posk.se\/soderkoping-st-anna\/wp-json\/wp\/v2\/pages"}],"about":[{"href":"https:\/\/www.posk.se\/soderkoping-st-anna\/wp-json\/wp\/v2\/types\/page"}],"author":[{"embeddable":true,"href":"https:\/\/www.posk.se\/soderkoping-st-anna\/wp-json\/wp\/v2\/users\/104"}],"replies":[{"embeddable":true,"href":"https:\/\/www.posk.se\/soderkoping-st-anna\/wp-json\/wp\/v2\/comments?post=501"}],"version-history":[{"count":49,"href":"https:\/\/www.posk.se\/soderkoping-st-anna\/wp-json\/wp\/v2\/pages\/501\/revisions"}],"predecessor-version":[{"id":554,"href":"https:\/\/www.posk.se\/soderkoping-st-anna\/wp-json\/wp\/v2\/pages\/501\/revisions\/554"}],"wp:featuredmedia":[{"embeddable":true,"href":"https:\/\/www.posk.se\/soderkoping-st-anna\/wp-json\/wp\/v2\/media\/337"}],"wp:attachment":[{"href":"https:\/\/www.posk.se\/soderkoping-st-anna\/wp-json\/wp\/v2\/media?parent=501"}],"curies":[{"name":"wp","href":"https:\/\/api.w.org\/{rel}","templated":true}]}}