{"id":320,"date":"2025-06-07T01:29:31","date_gmt":"2025-06-06T23:29:31","guid":{"rendered":"https:\/\/www.posk.se\/soderkoping-st-anna\/?page_id=320"},"modified":"2025-08-22T00:48:48","modified_gmt":"2025-08-21T22:48:48","slug":"program","status":"publish","type":"page","link":"https:\/\/www.posk.se\/soderkoping-st-anna\/program\/","title":{"rendered":"Program 2026-2029"},"content":{"rendered":"<p class=\"p1\"><strong><span class=\"s1\">Vad \u00e4r <span style=\"color: #db0812\">P<span style=\"color: #ffcc00\">O<\/span>SK<\/span>?<br \/>\n<\/span><\/strong><span class=\"s1\"><strong><span style=\"color: #db0812\">P<span style=\"color: #ffcc00\">O<\/span>SK <\/span><\/strong><\/span>\u00e4r det enda alternativet att r\u00f6sta p\u00e5 f\u00f6r dig som vill att kyrkan ska vara fri fr\u00e5n partipolitik. <span style=\"color: #db0812\">Kyrkans v\u00e4rdegrund<\/span> ska inte p\u00e5verkas av partipolitiska id\u00e9er och ideologiska gr\u00e4nser.<\/p>\n<p><strong><span class=\"s1\">Vad vill <span style=\"color: #db0812\">P<span style=\"color: #ffcc00\">O<\/span>SK<\/span>?<br \/>\n<\/span><\/strong><span class=\"s1\"><strong><span style=\"color: #db0812\">P<span style=\"color: #ffcc00\">O<\/span>SK <\/span><\/strong>vill forts\u00e4tta leda kyrkans organisation utifr\u00e5n v\u00e5r <span style=\"color: #db0812\">kristna v\u00e4rdegrund<\/span>; fri fr\u00e5n partipolitisk, fri fr\u00e5n partipolitiska v\u00e4rderingar och argument. Genom att l\u00e4gga din r\u00f6st p\u00e5 <strong><span style=\"color: #db0812\">P<span style=\"color: #ffcc00\">O<\/span>SK <\/span><\/strong> i kyrkovalet den 21 september bidrar du till att S\u00f6derk\u00f6ping Sankt Anna f\u00f6rsamling kan f\u00e5 en fortsatt majoritet av <span style=\"color: #db0812\">partipolitiskt obundna<\/span> f\u00f6rtroendevalda som leder organisationen. <\/span>Vi vill att kyrkan skall utvecklas och p\u00e5verkas av de som \u00e4r medlemmar och som \u00e4r engagerade i kyrklig verksamhet. Detta arbete ska forts\u00e4tta pr\u00e4glas av gemenskap i alla led och v\u00e5r <span style=\"color: #db0812\">kristina v\u00e4rdegrund<\/span> f\u00f6r att alltid ha som m\u00e5l att vara en <span style=\"color: #db0812\">folkkyrka<\/span> n\u00e4ra dig.<\/p>\n<p class=\"p1\"><strong><span class=\"s1\">Vad g\u00f6r <span style=\"color: #db0812\">P<span style=\"color: #ffcc00\">O<\/span>SK<\/span>?<br \/>\n<\/span><\/strong><span class=\"s1\"><strong><span style=\"color: #db0812\">P<span style=\"color: #ffcc00\">O<\/span>SK <\/span><\/strong><\/span>vill forts\u00e4tta arbetet som vi under flera mandatperioder genomf\u00f6rt med majoritet i kyrkor\u00e5det och kyrkofullm\u00e4ktige. Vi arbetar n\u00e4ra och tillsammans med s\u00e5v\u00e4l anst\u00e4llda som f\u00f6rtroendevalda med stor lyh\u00f6rdhet och respekt f\u00f6r den kunskap och engagemang som finns inom f\u00f6rsamlingen. Strategiska beslut tas och prioriteringar g\u00f6rs utifr\u00e5n <span style=\"color: #db0812\">l\u00e5ngsiktighet<\/span>, ansvar f\u00f6r s\u00e5v\u00e4l f\u00f6rsamlingen som v\u00e5rt <span style=\"color: #db0812\">kulturarv<\/span> och behovet av <span style=\"color: #db0812\">samh\u00e4llsnytta<\/span>. Stor h\u00e4nsyn tas ocks\u00e5 till ekonomisk och <span style=\"color: #db0812\">milj\u00f6m\u00e4ssig h\u00e5llbarhet<\/span>.<\/p>\n<p class=\"p1\"><span style=\"color: #db0812\"><strong><span class=\"s1\">Varf\u00f6r ska du r\u00f6sta p\u00e5 POSK i kyrkovalet till S\u00f6derk\u00f6ping Sankt Anna f\u00f6rsamling 21 september 2025?<\/span><\/strong><\/span><\/p>\n<p class=\"p1\"><span class=\"s1\">Partipolitisk Obundna i Svenska kyrkan, POSK, har som vision att vara en folkets kyrka d\u00e4r alla kan k\u00e4nna sig v\u00e4lkomna och finna gemenskap, stilla och trygghet.<\/span><\/p>\n<p class=\"p1\"><span class=\"s1\"><strong><span style=\"color: #db0812\">P<span style=\"color: #ffcc00\">O<\/span>SK <\/span><\/strong>vill f\u00f6rmedla att Svenska kyrkan har sin v\u00e4rdegrund i kristen tro och \u00e4r en del i den v\u00e4rldsvida kyrkan.<\/span><\/p>\n<p class=\"p1\"><span class=\"s1\"><strong><span style=\"color: #db0812\">P<span style=\"color: #ffcc00\">O<\/span>SK <\/span><\/strong>vill arbeta f\u00f6r en kyrka fri fr\u00e5n partipolitik.<\/span><\/p>\n<p class=\"p1\"><span class=\"s1\"><strong><span style=\"color: #db0812\">P<span style=\"color: #ffcc00\">O<\/span>SK <\/span><\/strong>vill att kyrkan v\u00e4rnar om alla m\u00e4nniskors lika v\u00e4rde.<\/span><\/p>\n<p class=\"p1\"><span class=\"s1\"><strong><span style=\"color: #db0812\">P<span style=\"color: #ffcc00\">O<\/span>SK <\/span><\/strong>vill f\u00f6rdjupa det ekumeniska samarbetet och vara brobyggare mellan kyrkor och m\u00e4nniskor av olika tro och etnicitet.<\/span><\/p>\n<p class=\"p1\"><span class=\"s1\"><strong><span style=\"color: #db0812\">P<span style=\"color: #ffcc00\">O<\/span>SK <\/span><\/strong>vill att det firas gudstj\u00e4nster i hela f\u00f6rsamlingen och vill st\u00f6dja arbetet med lokala sockenr\u00e5d i f\u00f6rsamlingen.<\/span><\/p>\n<p class=\"p1\"><span class=\"s1\"><strong><span style=\"color: #db0812\">P<span style=\"color: #ffcc00\">O<\/span>SK <\/span><\/strong>vill forts\u00e4tta satsa p\u00e5 arbetet f\u00f6r barn, konfirmander och unga vuxna. Den unga generationen \u00e4r kyrkans framtid.<\/span><\/p>\n<p class=\"p1\"><span class=\"s1\"><strong><span style=\"color: #db0812\">P<span style=\"color: #ffcc00\">O<\/span>SK <\/span><\/strong>vill satsa p\u00e5 musik b\u00e5de med konserter och med f\u00f6rsamlingens olika k\u00f6rer f\u00f6r s\u00e5v\u00e4l vuxna som barn.<\/span><\/p>\n<p class=\"p1\"><span class=\"s1\"><strong><span style=\"color: #db0812\">P<span style=\"color: #ffcc00\">O<\/span>SK <\/span><\/strong>vill forts\u00e4tta att utveckla diakonin och gemenskapen i hela f\u00f6rsamlingen och st\u00f6dja m\u00e4nniskor med olika behov.<\/span><\/p>\n<p class=\"p1\"><span class=\"s1\"><strong><span style=\"color: #db0812\">P<span style=\"color: #ffcc00\">O<\/span>SK <\/span><\/strong>vill fr\u00e4mja det internationella arbetet i f\u00f6rsamlingen.<br \/>\n.<\/span><\/p>\n<hr \/>\n<p>\u00a4 Lokalt program 2026-2029 {<i>S\u00e5 h\u00e4r ser v\u00e5r programfolder ut!<\/i>}<\/p>\n<table style=\"border-collapse: collapse;width: 100%\" border=\"1\">\n<tbody>\n<tr>\n<td style=\"width: 50%\">Sidan A (<a href=\"https:\/\/www.posk.se\/soderkoping-st-anna\/wp-content\/uploads\/sites\/80\/2025\/08\/folder-2025-v4-4-1.jpg\" target=\"_blank\" rel=\"noopener\">bild<\/a>)<\/td>\n<td style=\"width: 50%\">Sidan B (<a href=\"https:\/\/www.posk.se\/soderkoping-st-anna\/wp-content\/uploads\/sites\/80\/2025\/08\/folder-2025-v4-2-3.jpg\" target=\"_blank\" rel=\"noopener\">bild<\/a>)<\/td>\n<\/tr>\n<tr>\n<td style=\"width: 50%\"><a href=\"https:\/\/www.posk.se\/soderkoping-st-anna\/wp-content\/uploads\/sites\/80\/2025\/08\/folder-2025-v4-4-1.jpg\" target=\"_blank\" rel=\"noopener\"><img loading=\"lazy\" decoding=\"async\" class=\"alignnone wp-image-460 size-medium\" src=\"https:\/\/www.posk.se\/soderkoping-st-anna\/wp-content\/uploads\/sites\/80\/2025\/08\/folder-2025-v4-4-1-300x212.jpg\" alt=\"\" width=\"300\" height=\"212\" srcset=\"https:\/\/www.posk.se\/soderkoping-st-anna\/wp-content\/uploads\/sites\/80\/2025\/08\/folder-2025-v4-4-1-300x212.jpg 300w, https:\/\/www.posk.se\/soderkoping-st-anna\/wp-content\/uploads\/sites\/80\/2025\/08\/folder-2025-v4-4-1-1024x724.jpg 1024w, https:\/\/www.posk.se\/soderkoping-st-anna\/wp-content\/uploads\/sites\/80\/2025\/08\/folder-2025-v4-4-1-768x543.jpg 768w, https:\/\/www.posk.se\/soderkoping-st-anna\/wp-content\/uploads\/sites\/80\/2025\/08\/folder-2025-v4-4-1-1536x1086.jpg 1536w, https:\/\/www.posk.se\/soderkoping-st-anna\/wp-content\/uploads\/sites\/80\/2025\/08\/folder-2025-v4-4-1-2048x1448.jpg 2048w, https:\/\/www.posk.se\/soderkoping-st-anna\/wp-content\/uploads\/sites\/80\/2025\/08\/folder-2025-v4-4-1-330x233.jpg 330w\" sizes=\"auto, (max-width: 300px) 100vw, 300px\" \/><\/a><\/td>\n<td style=\"width: 50%\"><a href=\"https:\/\/www.posk.se\/soderkoping-st-anna\/wp-content\/uploads\/sites\/80\/2025\/08\/folder-2025-v4-2-3.jpg\" target=\"_blank\" rel=\"noopener\"><img loading=\"lazy\" decoding=\"async\" class=\"alignnone wp-image-461 size-medium\" src=\"https:\/\/www.posk.se\/soderkoping-st-anna\/wp-content\/uploads\/sites\/80\/2025\/08\/folder-2025-v4-2-3-300x212.jpg\" alt=\"\" width=\"300\" height=\"212\" srcset=\"https:\/\/www.posk.se\/soderkoping-st-anna\/wp-content\/uploads\/sites\/80\/2025\/08\/folder-2025-v4-2-3-300x212.jpg 300w, https:\/\/www.posk.se\/soderkoping-st-anna\/wp-content\/uploads\/sites\/80\/2025\/08\/folder-2025-v4-2-3-1024x724.jpg 1024w, https:\/\/www.posk.se\/soderkoping-st-anna\/wp-content\/uploads\/sites\/80\/2025\/08\/folder-2025-v4-2-3-768x543.jpg 768w, https:\/\/www.posk.se\/soderkoping-st-anna\/wp-content\/uploads\/sites\/80\/2025\/08\/folder-2025-v4-2-3-1536x1086.jpg 1536w, https:\/\/www.posk.se\/soderkoping-st-anna\/wp-content\/uploads\/sites\/80\/2025\/08\/folder-2025-v4-2-3-2048x1448.jpg 2048w, https:\/\/www.posk.se\/soderkoping-st-anna\/wp-content\/uploads\/sites\/80\/2025\/08\/folder-2025-v4-2-3-330x233.jpg 330w\" sizes=\"auto, (max-width: 300px) 100vw, 300px\" \/><\/a><\/td>\n<\/tr>\n<\/tbody>\n<\/table>\n<p>\u00a4 <a href=\"https:\/\/www.posk.se\/linkopingsstift\/kyrkoval\/program\/\" target=\"_blank\" rel=\"noopener\">Program 2026-2029<\/a> (stift)<br \/>\n\u00a4 <a href=\"https:\/\/www.posk.se\/vi-vill\/kortprogram\/\" target=\"_blank\" rel=\"noopener\">Vision och kortprogram 2026-2029<\/a> (<em>Riks<\/em>)<br \/>\n\u00a4 <a href=\"https:\/\/www.posk.se\/vi-vill\/program\/\" target=\"_blank\" rel=\"noopener noreferrer\">Vision och program 2026-2029<\/a> (<em>Riks<\/em>)<\/p>\n","protected":false},"excerpt":{"rendered":"<p>Vad \u00e4r POSK? POSK \u00e4r det enda alternativet att r\u00f6sta p\u00e5 f\u00f6r dig som vill att kyrkan ska vara fri fr\u00e5n partipolitik. Kyrkans v\u00e4rdegrund ska inte p\u00e5verkas av partipolitiska id\u00e9er och ideologiska gr\u00e4nser. Vad vill POSK? POSK vill forts\u00e4tta leda kyrkans organisation utifr\u00e5n v\u00e5r kristna v\u00e4rdegrund; fri fr\u00e5n partipolitisk, fri fr\u00e5n partipolitiska v\u00e4rderingar och argument. [&hellip;]<\/p>\n","protected":false},"author":104,"featured_media":457,"parent":0,"menu_order":2,"comment_status":"closed","ping_status":"closed","template":"page-templates\/page-sidebar-left.php","meta":{"_acf_changed":false,"footnotes":""},"class_list":["post-320","page","type-page","status-publish","has-post-thumbnail","hentry"],"acf":[],"yoast_head":"<!-- This site is optimized with the Yoast SEO plugin v24.9 - https:\/\/yoast.com\/wordpress\/plugins\/seo\/ -->\n<title>Program 2026-2029 - S\u00f6derk\u00f6ping S:t Anna<\/title>\n<meta name=\"robots\" content=\"index, follow, max-snippet:-1, max-image-preview:large, max-video-preview:-1\" \/>\n<link rel=\"canonical\" href=\"https:\/\/www.posk.se\/soderkoping-st-anna\/program\/\" \/>\n<meta property=\"og:locale\" content=\"sv_SE\" \/>\n<meta property=\"og:type\" content=\"article\" \/>\n<meta property=\"og:title\" content=\"Program 2026-2029 - S\u00f6derk\u00f6ping S:t Anna\" \/>\n<meta property=\"og:description\" content=\"Vad \u00e4r POSK? POSK \u00e4r det enda alternativet att r\u00f6sta p\u00e5 f\u00f6r dig som vill att kyrkan ska vara fri fr\u00e5n partipolitik. Kyrkans v\u00e4rdegrund ska inte p\u00e5verkas av partipolitiska id\u00e9er och ideologiska gr\u00e4nser. Vad vill POSK? POSK vill forts\u00e4tta leda kyrkans organisation utifr\u00e5n v\u00e5r kristna v\u00e4rdegrund; fri fr\u00e5n partipolitisk, fri fr\u00e5n partipolitiska v\u00e4rderingar och argument. [&hellip;]\" \/>\n<meta property=\"og:url\" content=\"https:\/\/www.posk.se\/soderkoping-st-anna\/program\/\" \/>\n<meta property=\"og:site_name\" content=\"S\u00f6derk\u00f6ping S:t Anna\" \/>\n<meta property=\"article:modified_time\" content=\"2025-08-21T22:48:48+00:00\" \/>\n<meta property=\"og:image\" content=\"https:\/\/www.posk.se\/soderkoping-st-anna\/wp-content\/uploads\/sites\/80\/2025\/08\/20230926-110543-scaled.jpg\" \/>\n\t<meta property=\"og:image:width\" content=\"2560\" \/>\n\t<meta property=\"og:image:height\" content=\"1442\" \/>\n\t<meta property=\"og:image:type\" content=\"image\/jpeg\" \/>\n<meta name=\"twitter:card\" content=\"summary_large_image\" \/>\n<meta name=\"twitter:label1\" content=\"Ber\u00e4knad l\u00e4stid\" \/>\n\t<meta name=\"twitter:data1\" content=\"3 minuter\" \/>\n<script type=\"application\/ld+json\" class=\"yoast-schema-graph\">{\"@context\":\"https:\/\/schema.org\",\"@graph\":[{\"@type\":\"WebPage\",\"@id\":\"https:\/\/www.posk.se\/soderkoping-st-anna\/program\/\",\"url\":\"https:\/\/www.posk.se\/soderkoping-st-anna\/program\/\",\"name\":\"Program 2026-2029 - S\u00f6derk\u00f6ping S:t Anna\",\"isPartOf\":{\"@id\":\"https:\/\/www.posk.se\/soderkoping-st-anna\/#website\"},\"primaryImageOfPage\":{\"@id\":\"https:\/\/www.posk.se\/soderkoping-st-anna\/program\/#primaryimage\"},\"image\":{\"@id\":\"https:\/\/www.posk.se\/soderkoping-st-anna\/program\/#primaryimage\"},\"thumbnailUrl\":\"https:\/\/www.posk.se\/soderkoping-st-anna\/wp-content\/uploads\/sites\/80\/2025\/08\/20230926-110543-scaled.jpg\",\"datePublished\":\"2025-06-06T23:29:31+00:00\",\"dateModified\":\"2025-08-21T22:48:48+00:00\",\"breadcrumb\":{\"@id\":\"https:\/\/www.posk.se\/soderkoping-st-anna\/program\/#breadcrumb\"},\"inLanguage\":\"sv-SE\",\"potentialAction\":[{\"@type\":\"ReadAction\",\"target\":[\"https:\/\/www.posk.se\/soderkoping-st-anna\/program\/\"]}]},{\"@type\":\"ImageObject\",\"inLanguage\":\"sv-SE\",\"@id\":\"https:\/\/www.posk.se\/soderkoping-st-anna\/program\/#primaryimage\",\"url\":\"https:\/\/www.posk.se\/soderkoping-st-anna\/wp-content\/uploads\/sites\/80\/2025\/08\/20230926-110543-scaled.jpg\",\"contentUrl\":\"https:\/\/www.posk.se\/soderkoping-st-anna\/wp-content\/uploads\/sites\/80\/2025\/08\/20230926-110543-scaled.jpg\",\"width\":2560,\"height\":1442},{\"@type\":\"BreadcrumbList\",\"@id\":\"https:\/\/www.posk.se\/soderkoping-st-anna\/program\/#breadcrumb\",\"itemListElement\":[{\"@type\":\"ListItem\",\"position\":1,\"name\":\"Hem\",\"item\":\"https:\/\/www.posk.se\/soderkoping-st-anna\/\"},{\"@type\":\"ListItem\",\"position\":2,\"name\":\"Program 2026-2029\"}]},{\"@type\":\"WebSite\",\"@id\":\"https:\/\/www.posk.se\/soderkoping-st-anna\/#website\",\"url\":\"https:\/\/www.posk.se\/soderkoping-st-anna\/\",\"name\":\"S\u00f6derk\u00f6ping S:t Anna\",\"description\":\"POSK-grupp i Link\u00f6pings stift\",\"potentialAction\":[{\"@type\":\"SearchAction\",\"target\":{\"@type\":\"EntryPoint\",\"urlTemplate\":\"https:\/\/www.posk.se\/soderkoping-st-anna\/?s={search_term_string}\"},\"query-input\":{\"@type\":\"PropertyValueSpecification\",\"valueRequired\":true,\"valueName\":\"search_term_string\"}}],\"inLanguage\":\"sv-SE\"}]}<\/script>\n<!-- \/ Yoast SEO plugin. -->","yoast_head_json":{"title":"Program 2026-2029 - S\u00f6derk\u00f6ping S:t Anna","robots":{"index":"index","follow":"follow","max-snippet":"max-snippet:-1","max-image-preview":"max-image-preview:large","max-video-preview":"max-video-preview:-1"},"canonical":"https:\/\/www.posk.se\/soderkoping-st-anna\/program\/","og_locale":"sv_SE","og_type":"article","og_title":"Program 2026-2029 - S\u00f6derk\u00f6ping S:t Anna","og_description":"Vad \u00e4r POSK? POSK \u00e4r det enda alternativet att r\u00f6sta p\u00e5 f\u00f6r dig som vill att kyrkan ska vara fri fr\u00e5n partipolitik. Kyrkans v\u00e4rdegrund ska inte p\u00e5verkas av partipolitiska id\u00e9er och ideologiska gr\u00e4nser. Vad vill POSK? POSK vill forts\u00e4tta leda kyrkans organisation utifr\u00e5n v\u00e5r kristna v\u00e4rdegrund; fri fr\u00e5n partipolitisk, fri fr\u00e5n partipolitiska v\u00e4rderingar och argument. [&hellip;]","og_url":"https:\/\/www.posk.se\/soderkoping-st-anna\/program\/","og_site_name":"S\u00f6derk\u00f6ping S:t Anna","article_modified_time":"2025-08-21T22:48:48+00:00","og_image":[{"width":2560,"height":1442,"url":"https:\/\/www.posk.se\/soderkoping-st-anna\/wp-content\/uploads\/sites\/80\/2025\/08\/20230926-110543-scaled.jpg","type":"image\/jpeg"}],"twitter_card":"summary_large_image","twitter_misc":{"Ber\u00e4knad l\u00e4stid":"3 minuter"},"schema":{"@context":"https:\/\/schema.org","@graph":[{"@type":"WebPage","@id":"https:\/\/www.posk.se\/soderkoping-st-anna\/program\/","url":"https:\/\/www.posk.se\/soderkoping-st-anna\/program\/","name":"Program 2026-2029 - S\u00f6derk\u00f6ping S:t Anna","isPartOf":{"@id":"https:\/\/www.posk.se\/soderkoping-st-anna\/#website"},"primaryImageOfPage":{"@id":"https:\/\/www.posk.se\/soderkoping-st-anna\/program\/#primaryimage"},"image":{"@id":"https:\/\/www.posk.se\/soderkoping-st-anna\/program\/#primaryimage"},"thumbnailUrl":"https:\/\/www.posk.se\/soderkoping-st-anna\/wp-content\/uploads\/sites\/80\/2025\/08\/20230926-110543-scaled.jpg","datePublished":"2025-06-06T23:29:31+00:00","dateModified":"2025-08-21T22:48:48+00:00","breadcrumb":{"@id":"https:\/\/www.posk.se\/soderkoping-st-anna\/program\/#breadcrumb"},"inLanguage":"sv-SE","potentialAction":[{"@type":"ReadAction","target":["https:\/\/www.posk.se\/soderkoping-st-anna\/program\/"]}]},{"@type":"ImageObject","inLanguage":"sv-SE","@id":"https:\/\/www.posk.se\/soderkoping-st-anna\/program\/#primaryimage","url":"https:\/\/www.posk.se\/soderkoping-st-anna\/wp-content\/uploads\/sites\/80\/2025\/08\/20230926-110543-scaled.jpg","contentUrl":"https:\/\/www.posk.se\/soderkoping-st-anna\/wp-content\/uploads\/sites\/80\/2025\/08\/20230926-110543-scaled.jpg","width":2560,"height":1442},{"@type":"BreadcrumbList","@id":"https:\/\/www.posk.se\/soderkoping-st-anna\/program\/#breadcrumb","itemListElement":[{"@type":"ListItem","position":1,"name":"Hem","item":"https:\/\/www.posk.se\/soderkoping-st-anna\/"},{"@type":"ListItem","position":2,"name":"Program 2026-2029"}]},{"@type":"WebSite","@id":"https:\/\/www.posk.se\/soderkoping-st-anna\/#website","url":"https:\/\/www.posk.se\/soderkoping-st-anna\/","name":"S\u00f6derk\u00f6ping S:t Anna","description":"POSK-grupp i Link\u00f6pings stift","potentialAction":[{"@type":"SearchAction","target":{"@type":"EntryPoint","urlTemplate":"https:\/\/www.posk.se\/soderkoping-st-anna\/?s={search_term_string}"},"query-input":{"@type":"PropertyValueSpecification","valueRequired":true,"valueName":"search_term_string"}}],"inLanguage":"sv-SE"}]}},"_links":{"self":[{"href":"https:\/\/www.posk.se\/soderkoping-st-anna\/wp-json\/wp\/v2\/pages\/320","targetHints":{"allow":["GET"]}}],"collection":[{"href":"https:\/\/www.posk.se\/soderkoping-st-anna\/wp-json\/wp\/v2\/pages"}],"about":[{"href":"https:\/\/www.posk.se\/soderkoping-st-anna\/wp-json\/wp\/v2\/types\/page"}],"author":[{"embeddable":true,"href":"https:\/\/www.posk.se\/soderkoping-st-anna\/wp-json\/wp\/v2\/users\/104"}],"replies":[{"embeddable":true,"href":"https:\/\/www.posk.se\/soderkoping-st-anna\/wp-json\/wp\/v2\/comments?post=320"}],"version-history":[{"count":28,"href":"https:\/\/www.posk.se\/soderkoping-st-anna\/wp-json\/wp\/v2\/pages\/320\/revisions"}],"predecessor-version":[{"id":481,"href":"https:\/\/www.posk.se\/soderkoping-st-anna\/wp-json\/wp\/v2\/pages\/320\/revisions\/481"}],"wp:featuredmedia":[{"embeddable":true,"href":"https:\/\/www.posk.se\/soderkoping-st-anna\/wp-json\/wp\/v2\/media\/457"}],"wp:attachment":[{"href":"https:\/\/www.posk.se\/soderkoping-st-anna\/wp-json\/wp\/v2\/media?parent=320"}],"curies":[{"name":"wp","href":"https:\/\/api.w.org\/{rel}","templated":true}]}}