{"id":59,"date":"2017-09-02T15:41:54","date_gmt":"2017-09-02T13:41:54","guid":{"rendered":"https:\/\/www.posk.se\/skelleftea-pastorat\/?page_id=59"},"modified":"2025-06-26T11:13:19","modified_gmt":"2025-06-26T09:13:19","slug":"kandidater-till-kyrkomote-och-stift","status":"publish","type":"page","link":"https:\/\/www.posk.se\/skelleftea-pastorat\/kandidater-till-kyrkomote-och-stift\/","title":{"rendered":"V\u00e5ra kandidater till kyrkom\u00f6te och stift"},"content":{"rendered":"<p>Detta \u00e4r v\u00e5ra kandidater till kyrkom\u00f6te och stiftsfullm\u00e4ktige.<\/p>\n<h2>Kyrkom\u00f6tet<\/h2>\n<table class=\"table table-hover ng-scope\" style=\"width: 591px\">\n<tbody class=\"ng-scope\">\n<tr>\n<td class=\"col-xs-1 ng-binding\" style=\"width: 41px\">4<\/td>\n<td class=\"col-xs-4 ng-binding\" style=\"width: 176px\">Albin Vidmark<\/td>\n<td class=\"ng-binding\" style=\"width: 449px\">barnsk\u00f6tare, Skellefte\u00e5 landsf\u00f6rsamling<\/td>\n<\/tr>\n<tr>\n<td class=\"col-xs-1 ng-binding\" style=\"width: 41px\">12<\/td>\n<td class=\"col-xs-4 ng-binding\" style=\"width: 176px\">Rolf Wikman<\/td>\n<td class=\"ng-binding\" style=\"width: 449px\">f\u00f6retagare, Skellefte\u00e5 landsf\u00f6rsamling<\/td>\n<\/tr>\n<tr>\n<td class=\"col-xs-1 ng-binding\" style=\"width: 41px\">21<\/td>\n<td class=\"col-xs-4 ng-binding\" style=\"width: 176px\">Roger Larsson<\/td>\n<td class=\"ng-binding\" style=\"width: 449px\">civilingenj\u00f6r\/l\u00e4rare, Skellefte\u00e5 Sankt Olovs f\u00f6rsamling<\/td>\n<\/tr>\n<tr>\n<td class=\"col-xs-1 ng-binding\" style=\"width: 41px\">35<\/td>\n<td class=\"col-xs-4 ng-binding\" style=\"width: 176px\">Carin Hasslow<\/td>\n<td class=\"ng-binding\" style=\"width: 449px\">pr\u00e4st, Skellefte\u00e5 landsf\u00f6rsamling<\/td>\n<\/tr>\n<\/tbody>\n<\/table>\n<h2>Stiftsfullm\u00e4ktige i Lule\u00e5 stift<\/h2>\n<table class=\"table table-hover ng-scope\" style=\"width: 542px\">\n<tbody class=\"ng-scope\">\n<tr>\n<td class=\"col-xs-1 ng-binding\" style=\"width: 45px\">3<\/td>\n<td class=\"col-xs-4 ng-binding\" style=\"width: 170px\">Rolf Wikman<\/td>\n<td class=\"ng-binding\" style=\"width: 452px\">f\u00f6retagare, Skellefte\u00e5 landsf\u00f6rsamling<\/td>\n<\/tr>\n<tr>\n<td class=\"col-xs-1 ng-binding\" style=\"width: 45px\">6<\/td>\n<td class=\"col-xs-4 ng-binding\" style=\"width: 170px\">Malin Lindahl<\/td>\n<td class=\"ng-binding\" style=\"width: 452px\">f\u00f6rsamlingspedagog, K\u00e5gedalens f\u00f6rsamling<\/td>\n<\/tr>\n<tr>\n<td class=\"col-xs-1 ng-binding\" style=\"width: 45px\">8<\/td>\n<td class=\"col-xs-4 ng-binding\" style=\"width: 170px\">Katrin Lundmark<\/td>\n<td class=\"ng-binding\" style=\"width: 452px\">handledare, Skellefte\u00e5 landsf\u00f6rsamling<\/td>\n<\/tr>\n<tr>\n<td class=\"col-xs-1 ng-binding\" style=\"width: 45px\">11<\/td>\n<td class=\"col-xs-4 ng-binding\" style=\"width: 170px\">Cathrine Eiderh\u00e4ll<\/td>\n<td class=\"ng-binding\" style=\"width: 452px\">f\u00f6rsamlingspedagog, Byske-F\u00e4llfors f\u00f6rsamling<\/td>\n<\/tr>\n<tr>\n<td class=\"col-xs-1 ng-binding\" style=\"width: 45px\">12<\/td>\n<td class=\"col-xs-4 ng-binding\" style=\"width: 170px\">Thomas Burstr\u00f6m<\/td>\n<td class=\"ng-binding\" style=\"width: 452px\">konstrukt\u00f6r, J\u00f6rn-Bolidens f\u00f6rsamling<\/td>\n<\/tr>\n<tr>\n<td class=\"col-xs-1 ng-binding\" style=\"width: 45px\">17<\/td>\n<td class=\"col-xs-4 ng-binding\" style=\"width: 170px\">Rosalie Keller<\/td>\n<td class=\"ng-binding\" style=\"width: 452px\">Byske-F\u00e4llfors f\u00f6rsamling<\/td>\n<\/tr>\n<tr>\n<td class=\"col-xs-1 ng-binding\" style=\"width: 45px\">23<\/td>\n<td class=\"col-xs-4 ng-binding\" style=\"width: 170px\">Elisabeth Engberg<\/td>\n<td class=\"ng-binding\" style=\"width: 452px\">forskare, Skellefte\u00e5 landsf\u00f6rsamling<\/td>\n<\/tr>\n<\/tbody>\n<\/table>\n<h2>Kandidatpresentationer f\u00f6r Kyrkom\u00f6te och Stift<\/h2>\n<p><a href=\"https:\/\/www.posk.se\/luleastift\/kandidatpresentationer\/\">https:\/\/www.posk.se\/luleastift\/kandidatpresentationer\/<\/a><\/p>\n","protected":false},"excerpt":{"rendered":"<p>Detta \u00e4r v\u00e5ra kandidater till kyrkom\u00f6te och stiftsfullm\u00e4ktige. Kyrkom\u00f6tet 4 Albin Vidmark barnsk\u00f6tare, Skellefte\u00e5 landsf\u00f6rsamling 12 Rolf Wikman f\u00f6retagare, Skellefte\u00e5 landsf\u00f6rsamling 21 Roger Larsson civilingenj\u00f6r\/l\u00e4rare, Skellefte\u00e5 Sankt Olovs f\u00f6rsamling 35 Carin Hasslow pr\u00e4st, Skellefte\u00e5 landsf\u00f6rsamling Stiftsfullm\u00e4ktige i Lule\u00e5 stift 3 Rolf Wikman f\u00f6retagare, Skellefte\u00e5 landsf\u00f6rsamling 6 Malin Lindahl f\u00f6rsamlingspedagog, K\u00e5gedalens f\u00f6rsamling 8 Katrin Lundmark handledare, [&hellip;]<\/p>\n","protected":false},"author":118,"featured_media":0,"parent":0,"menu_order":2,"comment_status":"closed","ping_status":"closed","template":"page-templates\/page-sidebar-left.php","meta":{"_acf_changed":false,"footnotes":""},"class_list":["post-59","page","type-page","status-publish","hentry"],"acf":[],"yoast_head":"<!-- This site is optimized with the Yoast SEO plugin v24.9 - https:\/\/yoast.com\/wordpress\/plugins\/seo\/ -->\n<title>V\u00e5ra kandidater till kyrkom\u00f6te och stift - Skellefte\u00e5 pastorat<\/title>\n<meta name=\"robots\" content=\"index, follow, max-snippet:-1, max-image-preview:large, max-video-preview:-1\" \/>\n<link rel=\"canonical\" href=\"https:\/\/www.posk.se\/skelleftea-pastorat\/kandidater-till-kyrkomote-och-stift\/\" \/>\n<meta property=\"og:locale\" content=\"sv_SE\" \/>\n<meta property=\"og:type\" content=\"article\" \/>\n<meta property=\"og:title\" content=\"V\u00e5ra kandidater till kyrkom\u00f6te och stift - Skellefte\u00e5 pastorat\" \/>\n<meta property=\"og:description\" content=\"Detta \u00e4r v\u00e5ra kandidater till kyrkom\u00f6te och stiftsfullm\u00e4ktige. Kyrkom\u00f6tet 4 Albin Vidmark barnsk\u00f6tare, Skellefte\u00e5 landsf\u00f6rsamling 12 Rolf Wikman f\u00f6retagare, Skellefte\u00e5 landsf\u00f6rsamling 21 Roger Larsson civilingenj\u00f6r\/l\u00e4rare, Skellefte\u00e5 Sankt Olovs f\u00f6rsamling 35 Carin Hasslow pr\u00e4st, Skellefte\u00e5 landsf\u00f6rsamling Stiftsfullm\u00e4ktige i Lule\u00e5 stift 3 Rolf Wikman f\u00f6retagare, Skellefte\u00e5 landsf\u00f6rsamling 6 Malin Lindahl f\u00f6rsamlingspedagog, K\u00e5gedalens f\u00f6rsamling 8 Katrin Lundmark handledare, [&hellip;]\" \/>\n<meta property=\"og:url\" content=\"https:\/\/www.posk.se\/skelleftea-pastorat\/kandidater-till-kyrkomote-och-stift\/\" \/>\n<meta property=\"og:site_name\" content=\"Skellefte\u00e5 pastorat\" \/>\n<meta property=\"article:modified_time\" content=\"2025-06-26T09:13:19+00:00\" \/>\n<meta name=\"twitter:card\" content=\"summary_large_image\" \/>\n<meta name=\"twitter:label1\" content=\"Ber\u00e4knad l\u00e4stid\" \/>\n\t<meta name=\"twitter:data1\" content=\"1 minut\" \/>\n<script type=\"application\/ld+json\" class=\"yoast-schema-graph\">{\"@context\":\"https:\/\/schema.org\",\"@graph\":[{\"@type\":\"WebPage\",\"@id\":\"https:\/\/www.posk.se\/skelleftea-pastorat\/kandidater-till-kyrkomote-och-stift\/\",\"url\":\"https:\/\/www.posk.se\/skelleftea-pastorat\/kandidater-till-kyrkomote-och-stift\/\",\"name\":\"V\u00e5ra kandidater till kyrkom\u00f6te och stift - Skellefte\u00e5 pastorat\",\"isPartOf\":{\"@id\":\"https:\/\/www.posk.se\/skelleftea-pastorat\/#website\"},\"datePublished\":\"2017-09-02T13:41:54+00:00\",\"dateModified\":\"2025-06-26T09:13:19+00:00\",\"breadcrumb\":{\"@id\":\"https:\/\/www.posk.se\/skelleftea-pastorat\/kandidater-till-kyrkomote-och-stift\/#breadcrumb\"},\"inLanguage\":\"sv-SE\",\"potentialAction\":[{\"@type\":\"ReadAction\",\"target\":[\"https:\/\/www.posk.se\/skelleftea-pastorat\/kandidater-till-kyrkomote-och-stift\/\"]}]},{\"@type\":\"BreadcrumbList\",\"@id\":\"https:\/\/www.posk.se\/skelleftea-pastorat\/kandidater-till-kyrkomote-och-stift\/#breadcrumb\",\"itemListElement\":[{\"@type\":\"ListItem\",\"position\":1,\"name\":\"Hem\",\"item\":\"https:\/\/www.posk.se\/skelleftea-pastorat\/\"},{\"@type\":\"ListItem\",\"position\":2,\"name\":\"V\u00e5ra kandidater till kyrkom\u00f6te och stift\"}]},{\"@type\":\"WebSite\",\"@id\":\"https:\/\/www.posk.se\/skelleftea-pastorat\/#website\",\"url\":\"https:\/\/www.posk.se\/skelleftea-pastorat\/\",\"name\":\"Skellefte\u00e5 pastorat\",\"description\":\"POSK-grupp i Lule\u00e5 stift\",\"potentialAction\":[{\"@type\":\"SearchAction\",\"target\":{\"@type\":\"EntryPoint\",\"urlTemplate\":\"https:\/\/www.posk.se\/skelleftea-pastorat\/?s={search_term_string}\"},\"query-input\":{\"@type\":\"PropertyValueSpecification\",\"valueRequired\":true,\"valueName\":\"search_term_string\"}}],\"inLanguage\":\"sv-SE\"}]}<\/script>\n<!-- \/ Yoast SEO plugin. -->","yoast_head_json":{"title":"V\u00e5ra kandidater till kyrkom\u00f6te och stift - Skellefte\u00e5 pastorat","robots":{"index":"index","follow":"follow","max-snippet":"max-snippet:-1","max-image-preview":"max-image-preview:large","max-video-preview":"max-video-preview:-1"},"canonical":"https:\/\/www.posk.se\/skelleftea-pastorat\/kandidater-till-kyrkomote-och-stift\/","og_locale":"sv_SE","og_type":"article","og_title":"V\u00e5ra kandidater till kyrkom\u00f6te och stift - Skellefte\u00e5 pastorat","og_description":"Detta \u00e4r v\u00e5ra kandidater till kyrkom\u00f6te och stiftsfullm\u00e4ktige. Kyrkom\u00f6tet 4 Albin Vidmark barnsk\u00f6tare, Skellefte\u00e5 landsf\u00f6rsamling 12 Rolf Wikman f\u00f6retagare, Skellefte\u00e5 landsf\u00f6rsamling 21 Roger Larsson civilingenj\u00f6r\/l\u00e4rare, Skellefte\u00e5 Sankt Olovs f\u00f6rsamling 35 Carin Hasslow pr\u00e4st, Skellefte\u00e5 landsf\u00f6rsamling Stiftsfullm\u00e4ktige i Lule\u00e5 stift 3 Rolf Wikman f\u00f6retagare, Skellefte\u00e5 landsf\u00f6rsamling 6 Malin Lindahl f\u00f6rsamlingspedagog, K\u00e5gedalens f\u00f6rsamling 8 Katrin Lundmark handledare, [&hellip;]","og_url":"https:\/\/www.posk.se\/skelleftea-pastorat\/kandidater-till-kyrkomote-och-stift\/","og_site_name":"Skellefte\u00e5 pastorat","article_modified_time":"2025-06-26T09:13:19+00:00","twitter_card":"summary_large_image","twitter_misc":{"Ber\u00e4knad l\u00e4stid":"1 minut"},"schema":{"@context":"https:\/\/schema.org","@graph":[{"@type":"WebPage","@id":"https:\/\/www.posk.se\/skelleftea-pastorat\/kandidater-till-kyrkomote-och-stift\/","url":"https:\/\/www.posk.se\/skelleftea-pastorat\/kandidater-till-kyrkomote-och-stift\/","name":"V\u00e5ra kandidater till kyrkom\u00f6te och stift - Skellefte\u00e5 pastorat","isPartOf":{"@id":"https:\/\/www.posk.se\/skelleftea-pastorat\/#website"},"datePublished":"2017-09-02T13:41:54+00:00","dateModified":"2025-06-26T09:13:19+00:00","breadcrumb":{"@id":"https:\/\/www.posk.se\/skelleftea-pastorat\/kandidater-till-kyrkomote-och-stift\/#breadcrumb"},"inLanguage":"sv-SE","potentialAction":[{"@type":"ReadAction","target":["https:\/\/www.posk.se\/skelleftea-pastorat\/kandidater-till-kyrkomote-och-stift\/"]}]},{"@type":"BreadcrumbList","@id":"https:\/\/www.posk.se\/skelleftea-pastorat\/kandidater-till-kyrkomote-och-stift\/#breadcrumb","itemListElement":[{"@type":"ListItem","position":1,"name":"Hem","item":"https:\/\/www.posk.se\/skelleftea-pastorat\/"},{"@type":"ListItem","position":2,"name":"V\u00e5ra kandidater till kyrkom\u00f6te och stift"}]},{"@type":"WebSite","@id":"https:\/\/www.posk.se\/skelleftea-pastorat\/#website","url":"https:\/\/www.posk.se\/skelleftea-pastorat\/","name":"Skellefte\u00e5 pastorat","description":"POSK-grupp i Lule\u00e5 stift","potentialAction":[{"@type":"SearchAction","target":{"@type":"EntryPoint","urlTemplate":"https:\/\/www.posk.se\/skelleftea-pastorat\/?s={search_term_string}"},"query-input":{"@type":"PropertyValueSpecification","valueRequired":true,"valueName":"search_term_string"}}],"inLanguage":"sv-SE"}]}},"_links":{"self":[{"href":"https:\/\/www.posk.se\/skelleftea-pastorat\/wp-json\/wp\/v2\/pages\/59","targetHints":{"allow":["GET"]}}],"collection":[{"href":"https:\/\/www.posk.se\/skelleftea-pastorat\/wp-json\/wp\/v2\/pages"}],"about":[{"href":"https:\/\/www.posk.se\/skelleftea-pastorat\/wp-json\/wp\/v2\/types\/page"}],"author":[{"embeddable":true,"href":"https:\/\/www.posk.se\/skelleftea-pastorat\/wp-json\/wp\/v2\/users\/118"}],"replies":[{"embeddable":true,"href":"https:\/\/www.posk.se\/skelleftea-pastorat\/wp-json\/wp\/v2\/comments?post=59"}],"version-history":[{"count":15,"href":"https:\/\/www.posk.se\/skelleftea-pastorat\/wp-json\/wp\/v2\/pages\/59\/revisions"}],"predecessor-version":[{"id":253,"href":"https:\/\/www.posk.se\/skelleftea-pastorat\/wp-json\/wp\/v2\/pages\/59\/revisions\/253"}],"wp:attachment":[{"href":"https:\/\/www.posk.se\/skelleftea-pastorat\/wp-json\/wp\/v2\/media?parent=59"}],"curies":[{"name":"wp","href":"https:\/\/api.w.org\/{rel}","templated":true}]}}