{"id":48,"date":"2025-08-25T11:36:50","date_gmt":"2025-08-25T09:36:50","guid":{"rendered":"https:\/\/www.posk.se\/ranea\/?page_id=48"},"modified":"2025-08-25T11:36:50","modified_gmt":"2025-08-25T09:36:50","slug":"vi-vill","status":"publish","type":"page","link":"https:\/\/www.posk.se\/ranea\/vi-vill\/","title":{"rendered":"Vi vill"},"content":{"rendered":"<h2><span style=\"color: #db0812\">POSK i R\u00e5ne\u00e5 vill arbeta f\u00f6r:\u00a0<\/span><\/h2>\n<p><span style=\"color: #000000\"> \ud83d\udd38 Vi v\u00e4rnar om att <strong data-start=\"633\" data-end=\"691\">R\u00e5ne\u00e5 f\u00f6rsamling ska forts\u00e4tta vara en egen f\u00f6rsamling<\/strong> \u2013 n\u00e4ra m\u00e4nniskorna, med lokal f\u00f6rankring och verkligt inflytande.<\/span><br data-start=\"757\" data-end=\"760\" \/><span style=\"color: #000000\">\ud83d\udd38 Vi vill att kyrkan ska vara <strong data-start=\"791\" data-end=\"817\">en trygg plats i livet<\/strong>, s\u00e4rskilt i sv\u00e5ra stunder \u2013 \u00f6ppen f\u00f6r alla, utan krav eller d\u00f6mande.<\/span><br data-start=\"886\" data-end=\"889\" \/><span style=\"color: #000000\">\ud83d\udd38 Vi arbetar f\u00f6r att <strong data-start=\"911\" data-end=\"961\">ungdomar och unga vuxna ska k\u00e4nna sig v\u00e4lkomna<\/strong>, lyssnade p\u00e5 och hemma i kyrkan.<\/span><br data-start=\"994\" data-end=\"997\" \/><span style=\"color: #000000\">\ud83d\udd38 Vi tror p\u00e5 <strong data-start=\"1011\" data-end=\"1037\">en kyrka med variation<\/strong> \u2013 d\u00e4r veckoprogrammet speglar v\u00e5ra olika behov: barngrupper, samtalskv\u00e4llar, gudstj\u00e4nster och k\u00f6rer.<\/span><br data-start=\"1138\" data-end=\"1141\" \/><span style=\"color: #000000\">\ud83d\udd38 Vi tar ansvar \u2013 b\u00e5de f\u00f6r <strong data-start=\"1169\" data-end=\"1231\">v\u00e5ra kyrkog\u00e5rdar, v\u00e5ra kyrkorum och v\u00e5r gemensamma framtid<\/strong>.<\/span><br data-start=\"1232\" data-end=\"1235\" \/><span style=\"color: #000000\">\ud83d\udd38 Vi st\u00e5r f\u00f6r en kyrka <strong data-start=\"1259\" data-end=\"1284\">fri fr\u00e5n partipolitik<\/strong>, d\u00e4r beslut grundas i <strong data-start=\"1307\" data-end=\"1356\">tro, tradition och engagemang \u2013 inte ideologi<\/strong>.<\/span><\/p>\n<p data-start=\"1359\" data-end=\"1494\">\ud83d\udd4a Vi vill forts\u00e4tta bygga en kyrka som <strong data-start=\"1399\" data-end=\"1493\">st\u00e5r upp f\u00f6r m\u00e4nniskors v\u00e4rde, skapar hopp, och b\u00e4r med sig b\u00e5de tradition och framtidstro<\/strong>.<\/p>\n","protected":false},"excerpt":{"rendered":"<p>POSK i R\u00e5ne\u00e5 vill arbeta f\u00f6r:\u00a0 \ud83d\udd38 Vi v\u00e4rnar om att R\u00e5ne\u00e5 f\u00f6rsamling ska forts\u00e4tta vara en egen f\u00f6rsamling \u2013 n\u00e4ra m\u00e4nniskorna, med lokal f\u00f6rankring och verkligt inflytande.\ud83d\udd38 Vi vill att kyrkan ska vara en trygg plats i livet, s\u00e4rskilt i sv\u00e5ra stunder \u2013 \u00f6ppen f\u00f6r alla, utan krav eller d\u00f6mande.\ud83d\udd38 Vi arbetar f\u00f6r att [&hellip;]<\/p>\n","protected":false},"author":1718,"featured_media":0,"parent":0,"menu_order":3,"comment_status":"closed","ping_status":"closed","template":"page-templates\/page-sidebar-left.php","meta":{"_acf_changed":false,"footnotes":""},"class_list":["post-48","page","type-page","status-publish","hentry"],"acf":[],"yoast_head":"<!-- This site is optimized with the Yoast SEO plugin v24.9 - https:\/\/yoast.com\/wordpress\/plugins\/seo\/ -->\n<title>Vi vill - R\u00e5ne\u00e5<\/title>\n<meta name=\"robots\" content=\"index, follow, max-snippet:-1, max-image-preview:large, max-video-preview:-1\" \/>\n<link rel=\"canonical\" href=\"https:\/\/www.posk.se\/ranea\/vi-vill\/\" \/>\n<meta property=\"og:locale\" content=\"sv_SE\" \/>\n<meta property=\"og:type\" content=\"article\" \/>\n<meta property=\"og:title\" content=\"Vi vill - R\u00e5ne\u00e5\" \/>\n<meta property=\"og:description\" content=\"POSK i R\u00e5ne\u00e5 vill arbeta f\u00f6r:\u00a0 \ud83d\udd38 Vi v\u00e4rnar om att R\u00e5ne\u00e5 f\u00f6rsamling ska forts\u00e4tta vara en egen f\u00f6rsamling \u2013 n\u00e4ra m\u00e4nniskorna, med lokal f\u00f6rankring och verkligt inflytande.\ud83d\udd38 Vi vill att kyrkan ska vara en trygg plats i livet, s\u00e4rskilt i sv\u00e5ra stunder \u2013 \u00f6ppen f\u00f6r alla, utan krav eller d\u00f6mande.\ud83d\udd38 Vi arbetar f\u00f6r att [&hellip;]\" \/>\n<meta property=\"og:url\" content=\"https:\/\/www.posk.se\/ranea\/vi-vill\/\" \/>\n<meta property=\"og:site_name\" content=\"R\u00e5ne\u00e5\" \/>\n<meta name=\"twitter:card\" content=\"summary_large_image\" \/>\n<meta name=\"twitter:label1\" content=\"Ber\u00e4knad l\u00e4stid\" \/>\n\t<meta name=\"twitter:data1\" content=\"1 minut\" \/>\n<script type=\"application\/ld+json\" class=\"yoast-schema-graph\">{\"@context\":\"https:\/\/schema.org\",\"@graph\":[{\"@type\":\"WebPage\",\"@id\":\"https:\/\/www.posk.se\/ranea\/vi-vill\/\",\"url\":\"https:\/\/www.posk.se\/ranea\/vi-vill\/\",\"name\":\"Vi vill - R\u00e5ne\u00e5\",\"isPartOf\":{\"@id\":\"https:\/\/www.posk.se\/ranea\/#website\"},\"datePublished\":\"2025-08-25T09:36:50+00:00\",\"breadcrumb\":{\"@id\":\"https:\/\/www.posk.se\/ranea\/vi-vill\/#breadcrumb\"},\"inLanguage\":\"sv-SE\",\"potentialAction\":[{\"@type\":\"ReadAction\",\"target\":[\"https:\/\/www.posk.se\/ranea\/vi-vill\/\"]}]},{\"@type\":\"BreadcrumbList\",\"@id\":\"https:\/\/www.posk.se\/ranea\/vi-vill\/#breadcrumb\",\"itemListElement\":[{\"@type\":\"ListItem\",\"position\":1,\"name\":\"Hem\",\"item\":\"https:\/\/www.posk.se\/ranea\/\"},{\"@type\":\"ListItem\",\"position\":2,\"name\":\"Vi vill\"}]},{\"@type\":\"WebSite\",\"@id\":\"https:\/\/www.posk.se\/ranea\/#website\",\"url\":\"https:\/\/www.posk.se\/ranea\/\",\"name\":\"R\u00e5ne\u00e5\",\"description\":\"POSK-grupp i Lule\u00e5 stift\",\"potentialAction\":[{\"@type\":\"SearchAction\",\"target\":{\"@type\":\"EntryPoint\",\"urlTemplate\":\"https:\/\/www.posk.se\/ranea\/?s={search_term_string}\"},\"query-input\":{\"@type\":\"PropertyValueSpecification\",\"valueRequired\":true,\"valueName\":\"search_term_string\"}}],\"inLanguage\":\"sv-SE\"}]}<\/script>\n<!-- \/ Yoast SEO plugin. -->","yoast_head_json":{"title":"Vi vill - R\u00e5ne\u00e5","robots":{"index":"index","follow":"follow","max-snippet":"max-snippet:-1","max-image-preview":"max-image-preview:large","max-video-preview":"max-video-preview:-1"},"canonical":"https:\/\/www.posk.se\/ranea\/vi-vill\/","og_locale":"sv_SE","og_type":"article","og_title":"Vi vill - R\u00e5ne\u00e5","og_description":"POSK i R\u00e5ne\u00e5 vill arbeta f\u00f6r:\u00a0 \ud83d\udd38 Vi v\u00e4rnar om att R\u00e5ne\u00e5 f\u00f6rsamling ska forts\u00e4tta vara en egen f\u00f6rsamling \u2013 n\u00e4ra m\u00e4nniskorna, med lokal f\u00f6rankring och verkligt inflytande.\ud83d\udd38 Vi vill att kyrkan ska vara en trygg plats i livet, s\u00e4rskilt i sv\u00e5ra stunder \u2013 \u00f6ppen f\u00f6r alla, utan krav eller d\u00f6mande.\ud83d\udd38 Vi arbetar f\u00f6r att [&hellip;]","og_url":"https:\/\/www.posk.se\/ranea\/vi-vill\/","og_site_name":"R\u00e5ne\u00e5","twitter_card":"summary_large_image","twitter_misc":{"Ber\u00e4knad l\u00e4stid":"1 minut"},"schema":{"@context":"https:\/\/schema.org","@graph":[{"@type":"WebPage","@id":"https:\/\/www.posk.se\/ranea\/vi-vill\/","url":"https:\/\/www.posk.se\/ranea\/vi-vill\/","name":"Vi vill - R\u00e5ne\u00e5","isPartOf":{"@id":"https:\/\/www.posk.se\/ranea\/#website"},"datePublished":"2025-08-25T09:36:50+00:00","breadcrumb":{"@id":"https:\/\/www.posk.se\/ranea\/vi-vill\/#breadcrumb"},"inLanguage":"sv-SE","potentialAction":[{"@type":"ReadAction","target":["https:\/\/www.posk.se\/ranea\/vi-vill\/"]}]},{"@type":"BreadcrumbList","@id":"https:\/\/www.posk.se\/ranea\/vi-vill\/#breadcrumb","itemListElement":[{"@type":"ListItem","position":1,"name":"Hem","item":"https:\/\/www.posk.se\/ranea\/"},{"@type":"ListItem","position":2,"name":"Vi vill"}]},{"@type":"WebSite","@id":"https:\/\/www.posk.se\/ranea\/#website","url":"https:\/\/www.posk.se\/ranea\/","name":"R\u00e5ne\u00e5","description":"POSK-grupp i Lule\u00e5 stift","potentialAction":[{"@type":"SearchAction","target":{"@type":"EntryPoint","urlTemplate":"https:\/\/www.posk.se\/ranea\/?s={search_term_string}"},"query-input":{"@type":"PropertyValueSpecification","valueRequired":true,"valueName":"search_term_string"}}],"inLanguage":"sv-SE"}]}},"_links":{"self":[{"href":"https:\/\/www.posk.se\/ranea\/wp-json\/wp\/v2\/pages\/48","targetHints":{"allow":["GET"]}}],"collection":[{"href":"https:\/\/www.posk.se\/ranea\/wp-json\/wp\/v2\/pages"}],"about":[{"href":"https:\/\/www.posk.se\/ranea\/wp-json\/wp\/v2\/types\/page"}],"author":[{"embeddable":true,"href":"https:\/\/www.posk.se\/ranea\/wp-json\/wp\/v2\/users\/1718"}],"replies":[{"embeddable":true,"href":"https:\/\/www.posk.se\/ranea\/wp-json\/wp\/v2\/comments?post=48"}],"version-history":[{"count":9,"href":"https:\/\/www.posk.se\/ranea\/wp-json\/wp\/v2\/pages\/48\/revisions"}],"predecessor-version":[{"id":175,"href":"https:\/\/www.posk.se\/ranea\/wp-json\/wp\/v2\/pages\/48\/revisions\/175"}],"wp:attachment":[{"href":"https:\/\/www.posk.se\/ranea\/wp-json\/wp\/v2\/media?parent=48"}],"curies":[{"name":"wp","href":"https:\/\/api.w.org\/{rel}","templated":true}]}}