{"id":20,"date":"2016-07-12T14:11:57","date_gmt":"2016-07-12T12:11:57","guid":{"rendered":"https:\/\/www.posk.se\/rada\/?page_id=20"},"modified":"2025-09-10T18:40:34","modified_gmt":"2025-09-10T16:40:34","slug":"startsidan-2","status":"publish","type":"page","link":"https:\/\/www.posk.se\/rada\/","title":{"rendered":"Startsidan"},"content":{"rendered":"<h2><b>POSK i R\u00e5da F\u00f6rsamlings prioriterade fr\u00e5gor:<\/b><\/h2>\n<h3>Levande och v\u00e4lkomnande f\u00f6rsamling<\/h3>\n<p><span style=\"font-weight: 400\">St\u00f6dja f\u00f6rsamlingen i sitt arbete med att vara levande f\u00f6rsamling som \u00e4r en viktig akt\u00f6r i v\u00e5rt samh\u00e4lle. K<\/span><span style=\"font-weight: 400\">yrkan ska alltid ska vara de utsattas r\u00f6st och vara redo att v\u00e4lkomna varje m\u00e4nniska.<\/span><\/p>\n<h3>Musik<\/h3>\n<p><span style=\"font-weight: 400\">K\u00f6rs\u00e5ng och kyrkomusik lyfts fram som viktiga b\u00e4rare av det kristna budskapet.\u00a0<\/span><\/p>\n<h3>H\u00e5llbar utveckling<\/h3>\n<p><span style=\"font-weight: 400\">Att R\u00e5da f\u00f6rsamling tar ansvar f\u00f6r skapelsen genom att v\u00e4rna natur och milj\u00f6, samt minskar sin klimatp\u00e5verkan.\u00a0<\/span><\/p>\n<h3>En fri kyrka<\/h3>\n<p><span style=\"font-weight: 400\">POSK arbetar f\u00f6r att partiernas inflytande \u00f6ver Svenska kyrkan m\u00e5ste upph\u00f6ra. Svenska kyrkans beslutsfattare ska vara demokratiskt valda och f\u00f6retr\u00e4da f\u00f6rsamlingar, inte politiska partier. Vi vill arbeta f\u00f6r att alla f\u00f6rtroendevalda \u00e4r engagerade i f\u00f6rsamlingen och dess verksamhet s\u00e5 att besluten som fattas \u00e4r verksamhetsn\u00e4ra och fr\u00e4mjar f\u00f6rsamlingen.\u00a0<\/span><\/p>\n<h3>Kulturarv<\/h3>\n<p><span style=\"font-weight: 400\">V\u00e4rna det viktiga kulturarv som v\u00e5r kyrka och kyrkog\u00e5rd utg\u00f6r och att kyrkan h\u00e5lls \u00f6ppen med h\u00f6g tillg\u00e4nglighet f\u00f6r alla<\/span><\/p>\n<h3>Ideellt arbete<\/h3>\n<p><span style=\"font-weight: 400\">Att ideella medarbetare efterfr\u00e5gas, utbildas, uppmuntras och ges ansvar.<\/span><\/p>\n<h4>Kontakt<\/h4>\n<p>Karin Lagerstr\u00f6m, ordf\u00f6rande POSK i R\u00e5da F\u00f6rsamling<\/p>\n<p>karinlagerstrm@gmail.com<\/p>\n<h4>L\u00e4nkar<br \/>\n<a href=\"https:\/\/www.posk.se\/rada\/kandidatpresentationer\/\">Kandidatpresentationer kyrkoval 2025<\/a><\/h4>\n<p>&nbsp;<\/p>\n","protected":false},"excerpt":{"rendered":"<p>POSK i R\u00e5da F\u00f6rsamlings prioriterade fr\u00e5gor: Levande och v\u00e4lkomnande f\u00f6rsamling St\u00f6dja f\u00f6rsamlingen i sitt arbete med att vara levande f\u00f6rsamling som \u00e4r en viktig akt\u00f6r i v\u00e5rt samh\u00e4lle. Kyrkan ska alltid ska vara de utsattas r\u00f6st och vara redo att v\u00e4lkomna varje m\u00e4nniska. Musik K\u00f6rs\u00e5ng och kyrkomusik lyfts fram som viktiga b\u00e4rare av det kristna [&hellip;]<\/p>\n","protected":false},"author":1,"featured_media":21,"parent":0,"menu_order":0,"comment_status":"closed","ping_status":"closed","template":"page-templates\/page-sidebar-left.php","meta":{"_acf_changed":false,"footnotes":""},"class_list":["post-20","page","type-page","status-publish","has-post-thumbnail","hentry"],"acf":[],"yoast_head":"<!-- This site is optimized with the Yoast SEO plugin v24.9 - https:\/\/yoast.com\/wordpress\/plugins\/seo\/ -->\n<title>Startsidan - R\u00e5da<\/title>\n<meta name=\"robots\" content=\"index, follow, max-snippet:-1, max-image-preview:large, max-video-preview:-1\" \/>\n<link rel=\"canonical\" href=\"https:\/\/www.posk.se\/rada\/\" \/>\n<meta property=\"og:locale\" content=\"sv_SE\" \/>\n<meta property=\"og:type\" content=\"article\" \/>\n<meta property=\"og:title\" content=\"Startsidan - R\u00e5da\" \/>\n<meta property=\"og:description\" content=\"POSK i R\u00e5da F\u00f6rsamlings prioriterade fr\u00e5gor: Levande och v\u00e4lkomnande f\u00f6rsamling St\u00f6dja f\u00f6rsamlingen i sitt arbete med att vara levande f\u00f6rsamling som \u00e4r en viktig akt\u00f6r i v\u00e5rt samh\u00e4lle. Kyrkan ska alltid ska vara de utsattas r\u00f6st och vara redo att v\u00e4lkomna varje m\u00e4nniska. Musik K\u00f6rs\u00e5ng och kyrkomusik lyfts fram som viktiga b\u00e4rare av det kristna [&hellip;]\" \/>\n<meta property=\"og:url\" content=\"https:\/\/www.posk.se\/rada\/\" \/>\n<meta property=\"og:site_name\" content=\"R\u00e5da\" \/>\n<meta property=\"article:modified_time\" content=\"2025-09-10T16:40:34+00:00\" \/>\n<meta property=\"og:image\" content=\"https:\/\/www.posk.se\/rada\/wp-content\/uploads\/sites\/42\/2016\/07\/3527425021933822075_1359459840760.jpg\" \/>\n\t<meta property=\"og:image:width\" content=\"300\" \/>\n\t<meta property=\"og:image:height\" content=\"200\" \/>\n\t<meta property=\"og:image:type\" content=\"image\/jpeg\" \/>\n<meta name=\"twitter:card\" content=\"summary_large_image\" \/>\n<meta name=\"twitter:label1\" content=\"Ber\u00e4knad l\u00e4stid\" \/>\n\t<meta name=\"twitter:data1\" content=\"2 minuter\" \/>\n<script type=\"application\/ld+json\" class=\"yoast-schema-graph\">{\"@context\":\"https:\/\/schema.org\",\"@graph\":[{\"@type\":\"WebPage\",\"@id\":\"https:\/\/www.posk.se\/rada\/\",\"url\":\"https:\/\/www.posk.se\/rada\/\",\"name\":\"Startsidan - R\u00e5da\",\"isPartOf\":{\"@id\":\"https:\/\/www.posk.se\/rada\/#website\"},\"primaryImageOfPage\":{\"@id\":\"https:\/\/www.posk.se\/rada\/#primaryimage\"},\"image\":{\"@id\":\"https:\/\/www.posk.se\/rada\/#primaryimage\"},\"thumbnailUrl\":\"https:\/\/www.posk.se\/rada\/wp-content\/uploads\/sites\/42\/2016\/07\/3527425021933822075_1359459840760.jpg\",\"datePublished\":\"2016-07-12T12:11:57+00:00\",\"dateModified\":\"2025-09-10T16:40:34+00:00\",\"breadcrumb\":{\"@id\":\"https:\/\/www.posk.se\/rada\/#breadcrumb\"},\"inLanguage\":\"sv-SE\",\"potentialAction\":[{\"@type\":\"ReadAction\",\"target\":[\"https:\/\/www.posk.se\/rada\/\"]}]},{\"@type\":\"ImageObject\",\"inLanguage\":\"sv-SE\",\"@id\":\"https:\/\/www.posk.se\/rada\/#primaryimage\",\"url\":\"https:\/\/www.posk.se\/rada\/wp-content\/uploads\/sites\/42\/2016\/07\/3527425021933822075_1359459840760.jpg\",\"contentUrl\":\"https:\/\/www.posk.se\/rada\/wp-content\/uploads\/sites\/42\/2016\/07\/3527425021933822075_1359459840760.jpg\",\"width\":300,\"height\":200},{\"@type\":\"BreadcrumbList\",\"@id\":\"https:\/\/www.posk.se\/rada\/#breadcrumb\",\"itemListElement\":[{\"@type\":\"ListItem\",\"position\":1,\"name\":\"Hem\",\"item\":\"https:\/\/www.posk.se\/rada\/\"},{\"@type\":\"ListItem\",\"position\":2,\"name\":\"Startsidan\"}]},{\"@type\":\"WebSite\",\"@id\":\"https:\/\/www.posk.se\/rada\/#website\",\"url\":\"https:\/\/www.posk.se\/rada\/\",\"name\":\"R\u00e5da\",\"description\":\"POSK-grupp i G\u00f6teborgs stift\",\"potentialAction\":[{\"@type\":\"SearchAction\",\"target\":{\"@type\":\"EntryPoint\",\"urlTemplate\":\"https:\/\/www.posk.se\/rada\/?s={search_term_string}\"},\"query-input\":{\"@type\":\"PropertyValueSpecification\",\"valueRequired\":true,\"valueName\":\"search_term_string\"}}],\"inLanguage\":\"sv-SE\"}]}<\/script>\n<!-- \/ Yoast SEO plugin. -->","yoast_head_json":{"title":"Startsidan - R\u00e5da","robots":{"index":"index","follow":"follow","max-snippet":"max-snippet:-1","max-image-preview":"max-image-preview:large","max-video-preview":"max-video-preview:-1"},"canonical":"https:\/\/www.posk.se\/rada\/","og_locale":"sv_SE","og_type":"article","og_title":"Startsidan - R\u00e5da","og_description":"POSK i R\u00e5da F\u00f6rsamlings prioriterade fr\u00e5gor: Levande och v\u00e4lkomnande f\u00f6rsamling St\u00f6dja f\u00f6rsamlingen i sitt arbete med att vara levande f\u00f6rsamling som \u00e4r en viktig akt\u00f6r i v\u00e5rt samh\u00e4lle. Kyrkan ska alltid ska vara de utsattas r\u00f6st och vara redo att v\u00e4lkomna varje m\u00e4nniska. Musik K\u00f6rs\u00e5ng och kyrkomusik lyfts fram som viktiga b\u00e4rare av det kristna [&hellip;]","og_url":"https:\/\/www.posk.se\/rada\/","og_site_name":"R\u00e5da","article_modified_time":"2025-09-10T16:40:34+00:00","og_image":[{"width":300,"height":200,"url":"https:\/\/www.posk.se\/rada\/wp-content\/uploads\/sites\/42\/2016\/07\/3527425021933822075_1359459840760.jpg","type":"image\/jpeg"}],"twitter_card":"summary_large_image","twitter_misc":{"Ber\u00e4knad l\u00e4stid":"2 minuter"},"schema":{"@context":"https:\/\/schema.org","@graph":[{"@type":"WebPage","@id":"https:\/\/www.posk.se\/rada\/","url":"https:\/\/www.posk.se\/rada\/","name":"Startsidan - R\u00e5da","isPartOf":{"@id":"https:\/\/www.posk.se\/rada\/#website"},"primaryImageOfPage":{"@id":"https:\/\/www.posk.se\/rada\/#primaryimage"},"image":{"@id":"https:\/\/www.posk.se\/rada\/#primaryimage"},"thumbnailUrl":"https:\/\/www.posk.se\/rada\/wp-content\/uploads\/sites\/42\/2016\/07\/3527425021933822075_1359459840760.jpg","datePublished":"2016-07-12T12:11:57+00:00","dateModified":"2025-09-10T16:40:34+00:00","breadcrumb":{"@id":"https:\/\/www.posk.se\/rada\/#breadcrumb"},"inLanguage":"sv-SE","potentialAction":[{"@type":"ReadAction","target":["https:\/\/www.posk.se\/rada\/"]}]},{"@type":"ImageObject","inLanguage":"sv-SE","@id":"https:\/\/www.posk.se\/rada\/#primaryimage","url":"https:\/\/www.posk.se\/rada\/wp-content\/uploads\/sites\/42\/2016\/07\/3527425021933822075_1359459840760.jpg","contentUrl":"https:\/\/www.posk.se\/rada\/wp-content\/uploads\/sites\/42\/2016\/07\/3527425021933822075_1359459840760.jpg","width":300,"height":200},{"@type":"BreadcrumbList","@id":"https:\/\/www.posk.se\/rada\/#breadcrumb","itemListElement":[{"@type":"ListItem","position":1,"name":"Hem","item":"https:\/\/www.posk.se\/rada\/"},{"@type":"ListItem","position":2,"name":"Startsidan"}]},{"@type":"WebSite","@id":"https:\/\/www.posk.se\/rada\/#website","url":"https:\/\/www.posk.se\/rada\/","name":"R\u00e5da","description":"POSK-grupp i G\u00f6teborgs stift","potentialAction":[{"@type":"SearchAction","target":{"@type":"EntryPoint","urlTemplate":"https:\/\/www.posk.se\/rada\/?s={search_term_string}"},"query-input":{"@type":"PropertyValueSpecification","valueRequired":true,"valueName":"search_term_string"}}],"inLanguage":"sv-SE"}]}},"_links":{"self":[{"href":"https:\/\/www.posk.se\/rada\/wp-json\/wp\/v2\/pages\/20","targetHints":{"allow":["GET"]}}],"collection":[{"href":"https:\/\/www.posk.se\/rada\/wp-json\/wp\/v2\/pages"}],"about":[{"href":"https:\/\/www.posk.se\/rada\/wp-json\/wp\/v2\/types\/page"}],"author":[{"embeddable":true,"href":"https:\/\/www.posk.se\/rada\/wp-json\/wp\/v2\/users\/1"}],"replies":[{"embeddable":true,"href":"https:\/\/www.posk.se\/rada\/wp-json\/wp\/v2\/comments?post=20"}],"version-history":[{"count":43,"href":"https:\/\/www.posk.se\/rada\/wp-json\/wp\/v2\/pages\/20\/revisions"}],"predecessor-version":[{"id":269,"href":"https:\/\/www.posk.se\/rada\/wp-json\/wp\/v2\/pages\/20\/revisions\/269"}],"wp:featuredmedia":[{"embeddable":true,"href":"https:\/\/www.posk.se\/rada\/wp-json\/wp\/v2\/media\/21"}],"wp:attachment":[{"href":"https:\/\/www.posk.se\/rada\/wp-json\/wp\/v2\/media?parent=20"}],"curies":[{"name":"wp","href":"https:\/\/api.w.org\/{rel}","templated":true}]}}