{"id":1379,"date":"2023-02-22T15:35:14","date_gmt":"2023-02-22T14:35:14","guid":{"rendered":"https:\/\/www.posk.se\/ostersund\/?page_id=1379"},"modified":"2025-08-05T23:29:36","modified_gmt":"2025-08-05T21:29:36","slug":"kyrkofullmaktige-i-ostersund","status":"publish","type":"page","link":"https:\/\/www.posk.se\/ostersund\/kyrkofullmaktige-i-ostersund\/","title":{"rendered":"Kyrkofullm\u00e4ktige"},"content":{"rendered":"<p>Vid val till Kyrkofullm\u00e4ktige i \u00d6stersund h\u00f6sten 2021 r\u00f6stade 18,4 procent av de r\u00f6stber\u00e4ttigade i Kommunen.<br \/>\nUtfallet i mandat blev f\u00f6ljande efter nomineringsgrupperna:<br \/>\n(S)13<br \/>\nPOSK 8<br \/>\n(c) 4<br \/>\nba) 3<br \/>\noch<br \/>\nVISK 2<\/p>\n<p>Ordf\u00f6rande i kyrkfullm\u00e4ktige \u00e4r Stefan Fax (s) och f\u00f6rste vice ordf\u00f6rande Patrik Andersson (c) och andre vice ordf\u00f6rande H\u00e5kan Nilsson (POSK).<\/p>\n","protected":false},"excerpt":{"rendered":"<p>Vid val till Kyrkofullm\u00e4ktige i \u00d6stersund h\u00f6sten 2021 r\u00f6stade 18,4 procent av de r\u00f6stber\u00e4ttigade i Kommunen. Utfallet i mandat blev f\u00f6ljande efter nomineringsgrupperna: (S)13 POSK 8 (c) 4 ba) 3 och VISK 2 Ordf\u00f6rande i kyrkfullm\u00e4ktige \u00e4r Stefan Fax (s) och f\u00f6rste vice ordf\u00f6rande Patrik Andersson (c) och andre vice ordf\u00f6rande H\u00e5kan Nilsson (POSK).<\/p>\n","protected":false},"author":1410,"featured_media":0,"parent":0,"menu_order":9,"comment_status":"closed","ping_status":"closed","template":"page-templates\/page-sidebar-left.php","meta":{"_acf_changed":false,"footnotes":""},"class_list":["post-1379","page","type-page","status-publish","hentry"],"acf":[],"yoast_head":"<!-- This site is optimized with the Yoast SEO plugin v24.9 - https:\/\/yoast.com\/wordpress\/plugins\/seo\/ -->\n<title>Kyrkofullm\u00e4ktige - \u00d6stersund<\/title>\n<meta name=\"robots\" content=\"index, follow, max-snippet:-1, max-image-preview:large, max-video-preview:-1\" \/>\n<link rel=\"canonical\" href=\"https:\/\/www.posk.se\/ostersund\/kyrkofullmaktige-i-ostersund\/\" \/>\n<meta property=\"og:locale\" content=\"sv_SE\" \/>\n<meta property=\"og:type\" content=\"article\" \/>\n<meta property=\"og:title\" content=\"Kyrkofullm\u00e4ktige - \u00d6stersund\" \/>\n<meta property=\"og:description\" content=\"Vid val till Kyrkofullm\u00e4ktige i \u00d6stersund h\u00f6sten 2021 r\u00f6stade 18,4 procent av de r\u00f6stber\u00e4ttigade i Kommunen. Utfallet i mandat blev f\u00f6ljande efter nomineringsgrupperna: (S)13 POSK 8 (c) 4 ba) 3 och VISK 2 Ordf\u00f6rande i kyrkfullm\u00e4ktige \u00e4r Stefan Fax (s) och f\u00f6rste vice ordf\u00f6rande Patrik Andersson (c) och andre vice ordf\u00f6rande H\u00e5kan Nilsson (POSK).\" \/>\n<meta property=\"og:url\" content=\"https:\/\/www.posk.se\/ostersund\/kyrkofullmaktige-i-ostersund\/\" \/>\n<meta property=\"og:site_name\" content=\"\u00d6stersund\" \/>\n<meta property=\"article:modified_time\" content=\"2025-08-05T21:29:36+00:00\" \/>\n<meta name=\"twitter:card\" content=\"summary_large_image\" \/>\n<meta name=\"twitter:label1\" content=\"Ber\u00e4knad l\u00e4stid\" \/>\n\t<meta name=\"twitter:data1\" content=\"1 minut\" \/>\n<script type=\"application\/ld+json\" class=\"yoast-schema-graph\">{\"@context\":\"https:\/\/schema.org\",\"@graph\":[{\"@type\":\"WebPage\",\"@id\":\"https:\/\/www.posk.se\/ostersund\/kyrkofullmaktige-i-ostersund\/\",\"url\":\"https:\/\/www.posk.se\/ostersund\/kyrkofullmaktige-i-ostersund\/\",\"name\":\"Kyrkofullm\u00e4ktige - \u00d6stersund\",\"isPartOf\":{\"@id\":\"https:\/\/www.posk.se\/ostersund\/#website\"},\"datePublished\":\"2023-02-22T14:35:14+00:00\",\"dateModified\":\"2025-08-05T21:29:36+00:00\",\"breadcrumb\":{\"@id\":\"https:\/\/www.posk.se\/ostersund\/kyrkofullmaktige-i-ostersund\/#breadcrumb\"},\"inLanguage\":\"sv-SE\",\"potentialAction\":[{\"@type\":\"ReadAction\",\"target\":[\"https:\/\/www.posk.se\/ostersund\/kyrkofullmaktige-i-ostersund\/\"]}]},{\"@type\":\"BreadcrumbList\",\"@id\":\"https:\/\/www.posk.se\/ostersund\/kyrkofullmaktige-i-ostersund\/#breadcrumb\",\"itemListElement\":[{\"@type\":\"ListItem\",\"position\":1,\"name\":\"Hem\",\"item\":\"https:\/\/www.posk.se\/ostersund\/\"},{\"@type\":\"ListItem\",\"position\":2,\"name\":\"Kyrkofullm\u00e4ktige\"}]},{\"@type\":\"WebSite\",\"@id\":\"https:\/\/www.posk.se\/ostersund\/#website\",\"url\":\"https:\/\/www.posk.se\/ostersund\/\",\"name\":\"\u00d6stersund\",\"description\":\"POSK-grupp i H\u00e4rn\u00f6sands stift\",\"potentialAction\":[{\"@type\":\"SearchAction\",\"target\":{\"@type\":\"EntryPoint\",\"urlTemplate\":\"https:\/\/www.posk.se\/ostersund\/?s={search_term_string}\"},\"query-input\":{\"@type\":\"PropertyValueSpecification\",\"valueRequired\":true,\"valueName\":\"search_term_string\"}}],\"inLanguage\":\"sv-SE\"}]}<\/script>\n<!-- \/ Yoast SEO plugin. -->","yoast_head_json":{"title":"Kyrkofullm\u00e4ktige - \u00d6stersund","robots":{"index":"index","follow":"follow","max-snippet":"max-snippet:-1","max-image-preview":"max-image-preview:large","max-video-preview":"max-video-preview:-1"},"canonical":"https:\/\/www.posk.se\/ostersund\/kyrkofullmaktige-i-ostersund\/","og_locale":"sv_SE","og_type":"article","og_title":"Kyrkofullm\u00e4ktige - \u00d6stersund","og_description":"Vid val till Kyrkofullm\u00e4ktige i \u00d6stersund h\u00f6sten 2021 r\u00f6stade 18,4 procent av de r\u00f6stber\u00e4ttigade i Kommunen. Utfallet i mandat blev f\u00f6ljande efter nomineringsgrupperna: (S)13 POSK 8 (c) 4 ba) 3 och VISK 2 Ordf\u00f6rande i kyrkfullm\u00e4ktige \u00e4r Stefan Fax (s) och f\u00f6rste vice ordf\u00f6rande Patrik Andersson (c) och andre vice ordf\u00f6rande H\u00e5kan Nilsson (POSK).","og_url":"https:\/\/www.posk.se\/ostersund\/kyrkofullmaktige-i-ostersund\/","og_site_name":"\u00d6stersund","article_modified_time":"2025-08-05T21:29:36+00:00","twitter_card":"summary_large_image","twitter_misc":{"Ber\u00e4knad l\u00e4stid":"1 minut"},"schema":{"@context":"https:\/\/schema.org","@graph":[{"@type":"WebPage","@id":"https:\/\/www.posk.se\/ostersund\/kyrkofullmaktige-i-ostersund\/","url":"https:\/\/www.posk.se\/ostersund\/kyrkofullmaktige-i-ostersund\/","name":"Kyrkofullm\u00e4ktige - \u00d6stersund","isPartOf":{"@id":"https:\/\/www.posk.se\/ostersund\/#website"},"datePublished":"2023-02-22T14:35:14+00:00","dateModified":"2025-08-05T21:29:36+00:00","breadcrumb":{"@id":"https:\/\/www.posk.se\/ostersund\/kyrkofullmaktige-i-ostersund\/#breadcrumb"},"inLanguage":"sv-SE","potentialAction":[{"@type":"ReadAction","target":["https:\/\/www.posk.se\/ostersund\/kyrkofullmaktige-i-ostersund\/"]}]},{"@type":"BreadcrumbList","@id":"https:\/\/www.posk.se\/ostersund\/kyrkofullmaktige-i-ostersund\/#breadcrumb","itemListElement":[{"@type":"ListItem","position":1,"name":"Hem","item":"https:\/\/www.posk.se\/ostersund\/"},{"@type":"ListItem","position":2,"name":"Kyrkofullm\u00e4ktige"}]},{"@type":"WebSite","@id":"https:\/\/www.posk.se\/ostersund\/#website","url":"https:\/\/www.posk.se\/ostersund\/","name":"\u00d6stersund","description":"POSK-grupp i H\u00e4rn\u00f6sands stift","potentialAction":[{"@type":"SearchAction","target":{"@type":"EntryPoint","urlTemplate":"https:\/\/www.posk.se\/ostersund\/?s={search_term_string}"},"query-input":{"@type":"PropertyValueSpecification","valueRequired":true,"valueName":"search_term_string"}}],"inLanguage":"sv-SE"}]}},"_links":{"self":[{"href":"https:\/\/www.posk.se\/ostersund\/wp-json\/wp\/v2\/pages\/1379","targetHints":{"allow":["GET"]}}],"collection":[{"href":"https:\/\/www.posk.se\/ostersund\/wp-json\/wp\/v2\/pages"}],"about":[{"href":"https:\/\/www.posk.se\/ostersund\/wp-json\/wp\/v2\/types\/page"}],"author":[{"embeddable":true,"href":"https:\/\/www.posk.se\/ostersund\/wp-json\/wp\/v2\/users\/1410"}],"replies":[{"embeddable":true,"href":"https:\/\/www.posk.se\/ostersund\/wp-json\/wp\/v2\/comments?post=1379"}],"version-history":[{"count":10,"href":"https:\/\/www.posk.se\/ostersund\/wp-json\/wp\/v2\/pages\/1379\/revisions"}],"predecessor-version":[{"id":1698,"href":"https:\/\/www.posk.se\/ostersund\/wp-json\/wp\/v2\/pages\/1379\/revisions\/1698"}],"wp:attachment":[{"href":"https:\/\/www.posk.se\/ostersund\/wp-json\/wp\/v2\/media?parent=1379"}],"curies":[{"name":"wp","href":"https:\/\/api.w.org\/{rel}","templated":true}]}}