{"id":617,"date":"2018-09-25T23:29:38","date_gmt":"2018-09-25T21:29:38","guid":{"rendered":"https:\/\/www.posk.se\/osteraker\/?page_id=617"},"modified":"2021-08-16T22:30:48","modified_gmt":"2021-08-16T20:30:48","slug":"lokalt-program","status":"publish","type":"page","link":"https:\/\/www.posk.se\/osteraker\/program\/lokalt-program\/","title":{"rendered":"Lokalt Program"},"content":{"rendered":"<p>&nbsp;<\/p>\n<table>\n<tbody>\n<tr>\n<td width=\"302\">\n<p>\u00a0 \u00a0 \u00a0 \u00a0 <img loading=\"lazy\" decoding=\"async\" class=\"alignnone wp-image-628\" src=\"https:\/\/www.posk.se\/osteraker\/wp-content\/uploads\/sites\/141\/2018\/09\/tro-hopp-o-karlek.jpg\" alt=\"\" width=\"218\" height=\"218\" srcset=\"https:\/\/www.posk.se\/osteraker\/wp-content\/uploads\/sites\/141\/2018\/09\/tro-hopp-o-karlek.jpg 283w, https:\/\/www.posk.se\/osteraker\/wp-content\/uploads\/sites\/141\/2018\/09\/tro-hopp-o-karlek-150x150.jpg 150w, https:\/\/www.posk.se\/osteraker\/wp-content\/uploads\/sites\/141\/2018\/09\/tro-hopp-o-karlek-197x197.jpg 197w\" sizes=\"auto, (max-width: 218px) 100vw, 218px\" \/><\/p>\n<p>&nbsp;<\/p>\n<h1>POSK i \u00d6ster\u00e5ker<\/h1>\n<h2>POSK \u2013 en kraft att r\u00e4kna med<\/h2>\n<p>Partipolitiskt obundna i Svenska kyrkan samlar f\u00f6rtroendevalda som vill ta ansvar i Svenska kyrkan utan att vara bundna till ett allm\u00e4npolitiskt parti.\u00a0\u00a0\u00a0\u00a0 POSK finns \u00f6ver hela landet. Vi \u00e4r n\u00e4st st\u00f6rsta grupp i kyrkom\u00f6tet och den st\u00f6rsta obundna gruppen. <strong>\u00a0<\/strong><\/p>\n<h1>Program f\u00f6r POSK i \u00d6ster\u00e5ker<\/h1>\n<p>Vi vill prioritera f\u00f6ljande:<\/p>\n<h2>Gudstj\u00e4nst<\/h2>\n<ul>\n<li>\u00d6ppna kyrkor f\u00f6r alla.<\/li>\n<li>Aktivt gudstj\u00e4nstliv i pastoratets alla fem kyrkor<strong>. &#8211; <\/strong>Alternativa gudstj\u00e4nstformer med varierande tid och plats.<\/li>\n<\/ul>\n<p>&nbsp;<\/p>\n<p><strong>\u00a0\u00a0\u00a0\u00a0\u00a0\u00a0\u00a0\u00a0\u00a0\u00a0\u00a0\u00a0\u00a0\u00a0<\/strong><\/p>\n<p>&nbsp;<\/td>\n<td width=\"302\">\n<h2>Undervisning<\/h2>\n<ul>\n<li>Ut\u00f6ka barn- och ungdomsverksamheten.<\/li>\n<li>F\u00f6rl\u00e4gga verksamhet \u00e4ven i nybyggda omr\u00e5den.<\/li>\n<li>\u00d6ka intresset f\u00f6r konfirmandundervisningen.<\/li>\n<li>Sprida kunskap om dopets betydelse.<\/li>\n<\/ul>\n<h2>Diakoni<\/h2>\n<ul>\n<li>Upps\u00f6kande verksamhet f\u00f6r beh\u00f6vande.<\/li>\n<li>Vidmakth\u00e5lla resurser f\u00f6r en god krishantering.<\/li>\n<li>St\u00f6dja och utveckla frivilligarbetet.<\/li>\n<li>St\u00f6djande verksamhet f\u00f6r nyanl\u00e4nda. &#8211; Omtanke om v\u00e5ra \u00e4ldre med s\u00e4rskilt fokus p\u00e5 ensamhet och utanf\u00f6rskap.<\/li>\n<\/ul>\n<h2>Mission<\/h2>\n<ul>\n<li>Skapa m\u00f6tesplatser, exempelvis \u00f6ppna f\u00f6rsamlingshem, pilgrimsleder och diskussionsgrupper.<\/li>\n<li>Synligg\u00f6ra kyrkan i olika sammanhang.<\/li>\n<li>Fortsatt fr\u00e4mjande av internationellt arbete.<\/li>\n<\/ul>\n<h2>Organisation<\/h2>\n<ul>\n<li>Kyrkan ska styras av kunniga, engagerade och intresserade personer, inte genom partipolitik. &#8211; Varje f\u00f6rsamling i pastoratet ska ha stort\u00a0\u00a0\u00a0 sj\u00e4lvbest\u00e4mmande.<\/li>\n<li>God arbetsmilj\u00f6 f\u00f6r kyrkans anst\u00e4llda.<\/li>\n<\/ul>\n<h1>Kontakta oss<\/h1>\n<p>Anders Lindhoff 0708-681651 <u>posk.osteraker@gmail.com<\/u> <a href=\"https:\/\/www.posk.se\/osteraker\">\u00a0<\/a><a href=\"https:\/\/www.posk.se\/osteraker\">www.posk.se\/osteraker<\/a> \u00a0\u00a0<a href=\"https:\/\/www.posk.se\/\">www.posk.se<\/a> <strong>\u00a0\u00a0\u00a0\u00a0\u00a0\u00a0\u00a0<\/strong><a href=\"http:\/\/www.svenskakyrkan.se\/kyrkoval\">www.svenskakyrkan.se\/kyrkoval<\/a><\/p>\n<p><strong><br \/>\n<\/strong><strong>\u00a0 \u00a0<img loading=\"lazy\" decoding=\"async\" class=\"alignnone wp-image-126\" src=\"https:\/\/www.posk.se\/osteraker\/wp-content\/uploads\/sites\/141\/2017\/03\/posk-logo-v1.png\" alt=\"\" width=\"217\" height=\"77\" \/>\u00a0<\/strong><\/p>\n<p>&nbsp;<\/td>\n<\/tr>\n<\/tbody>\n<\/table>\n<p>&nbsp;<\/p>\n","protected":false},"excerpt":{"rendered":"<p>&nbsp; \u00a0 \u00a0 \u00a0 \u00a0 &nbsp; POSK i \u00d6ster\u00e5ker POSK \u2013 en kraft att r\u00e4kna med Partipolitiskt obundna i Svenska kyrkan samlar f\u00f6rtroendevalda som vill ta ansvar i Svenska kyrkan utan att vara bundna till ett allm\u00e4npolitiskt parti.\u00a0\u00a0\u00a0\u00a0 POSK finns \u00f6ver hela landet. Vi \u00e4r n\u00e4st st\u00f6rsta grupp i kyrkom\u00f6tet och den st\u00f6rsta obundna gruppen. [&hellip;]<\/p>\n","protected":false},"author":117,"featured_media":0,"parent":163,"menu_order":1,"comment_status":"closed","ping_status":"closed","template":"page-templates\/page-sidebar-left.php","meta":{"_acf_changed":false,"footnotes":""},"class_list":["post-617","page","type-page","status-publish","hentry"],"acf":[],"yoast_head":"<!-- This site is optimized with the Yoast SEO plugin v24.9 - https:\/\/yoast.com\/wordpress\/plugins\/seo\/ -->\n<title>Lokalt Program - \u00d6ster\u00e5ker<\/title>\n<meta name=\"robots\" content=\"index, follow, max-snippet:-1, max-image-preview:large, max-video-preview:-1\" \/>\n<link rel=\"canonical\" href=\"https:\/\/www.posk.se\/osteraker\/program\/lokalt-program\/\" \/>\n<meta property=\"og:locale\" content=\"sv_SE\" \/>\n<meta property=\"og:type\" content=\"article\" \/>\n<meta property=\"og:title\" content=\"Lokalt Program - \u00d6ster\u00e5ker\" \/>\n<meta property=\"og:description\" content=\"&nbsp; \u00a0 \u00a0 \u00a0 \u00a0 &nbsp; POSK i \u00d6ster\u00e5ker POSK \u2013 en kraft att r\u00e4kna med Partipolitiskt obundna i Svenska kyrkan samlar f\u00f6rtroendevalda som vill ta ansvar i Svenska kyrkan utan att vara bundna till ett allm\u00e4npolitiskt parti.\u00a0\u00a0\u00a0\u00a0 POSK finns \u00f6ver hela landet. Vi \u00e4r n\u00e4st st\u00f6rsta grupp i kyrkom\u00f6tet och den st\u00f6rsta obundna gruppen. [&hellip;]\" \/>\n<meta property=\"og:url\" content=\"https:\/\/www.posk.se\/osteraker\/program\/lokalt-program\/\" \/>\n<meta property=\"og:site_name\" content=\"\u00d6ster\u00e5ker\" \/>\n<meta property=\"article:modified_time\" content=\"2021-08-16T20:30:48+00:00\" \/>\n<meta property=\"og:image\" content=\"https:\/\/www.posk.se\/osteraker\/wp-content\/uploads\/sites\/141\/2018\/09\/tro-hopp-o-karlek.jpg\" \/>\n<meta name=\"twitter:card\" content=\"summary_large_image\" \/>\n<meta name=\"twitter:label1\" content=\"Ber\u00e4knad l\u00e4stid\" \/>\n\t<meta name=\"twitter:data1\" content=\"2 minuter\" \/>\n<script type=\"application\/ld+json\" class=\"yoast-schema-graph\">{\"@context\":\"https:\/\/schema.org\",\"@graph\":[{\"@type\":\"WebPage\",\"@id\":\"https:\/\/www.posk.se\/osteraker\/program\/lokalt-program\/\",\"url\":\"https:\/\/www.posk.se\/osteraker\/program\/lokalt-program\/\",\"name\":\"Lokalt Program - \u00d6ster\u00e5ker\",\"isPartOf\":{\"@id\":\"https:\/\/www.posk.se\/osteraker\/#website\"},\"primaryImageOfPage\":{\"@id\":\"https:\/\/www.posk.se\/osteraker\/program\/lokalt-program\/#primaryimage\"},\"image\":{\"@id\":\"https:\/\/www.posk.se\/osteraker\/program\/lokalt-program\/#primaryimage\"},\"thumbnailUrl\":\"https:\/\/www.posk.se\/osteraker\/wp-content\/uploads\/sites\/141\/2018\/09\/tro-hopp-o-karlek.jpg\",\"datePublished\":\"2018-09-25T21:29:38+00:00\",\"dateModified\":\"2021-08-16T20:30:48+00:00\",\"breadcrumb\":{\"@id\":\"https:\/\/www.posk.se\/osteraker\/program\/lokalt-program\/#breadcrumb\"},\"inLanguage\":\"sv-SE\",\"potentialAction\":[{\"@type\":\"ReadAction\",\"target\":[\"https:\/\/www.posk.se\/osteraker\/program\/lokalt-program\/\"]}]},{\"@type\":\"ImageObject\",\"inLanguage\":\"sv-SE\",\"@id\":\"https:\/\/www.posk.se\/osteraker\/program\/lokalt-program\/#primaryimage\",\"url\":\"https:\/\/www.posk.se\/osteraker\/wp-content\/uploads\/sites\/141\/2018\/09\/tro-hopp-o-karlek.jpg\",\"contentUrl\":\"https:\/\/www.posk.se\/osteraker\/wp-content\/uploads\/sites\/141\/2018\/09\/tro-hopp-o-karlek.jpg\",\"width\":283,\"height\":283},{\"@type\":\"BreadcrumbList\",\"@id\":\"https:\/\/www.posk.se\/osteraker\/program\/lokalt-program\/#breadcrumb\",\"itemListElement\":[{\"@type\":\"ListItem\",\"position\":1,\"name\":\"Hem\",\"item\":\"https:\/\/www.posk.se\/osteraker\/\"},{\"@type\":\"ListItem\",\"position\":2,\"name\":\"Program\",\"item\":\"https:\/\/www.posk.se\/osteraker\/program\/\"},{\"@type\":\"ListItem\",\"position\":3,\"name\":\"Lokalt Program\"}]},{\"@type\":\"WebSite\",\"@id\":\"https:\/\/www.posk.se\/osteraker\/#website\",\"url\":\"https:\/\/www.posk.se\/osteraker\/\",\"name\":\"\u00d6ster\u00e5ker\",\"description\":\"POSK-grupp i Stockholms stift\",\"potentialAction\":[{\"@type\":\"SearchAction\",\"target\":{\"@type\":\"EntryPoint\",\"urlTemplate\":\"https:\/\/www.posk.se\/osteraker\/?s={search_term_string}\"},\"query-input\":{\"@type\":\"PropertyValueSpecification\",\"valueRequired\":true,\"valueName\":\"search_term_string\"}}],\"inLanguage\":\"sv-SE\"}]}<\/script>\n<!-- \/ Yoast SEO plugin. -->","yoast_head_json":{"title":"Lokalt Program - \u00d6ster\u00e5ker","robots":{"index":"index","follow":"follow","max-snippet":"max-snippet:-1","max-image-preview":"max-image-preview:large","max-video-preview":"max-video-preview:-1"},"canonical":"https:\/\/www.posk.se\/osteraker\/program\/lokalt-program\/","og_locale":"sv_SE","og_type":"article","og_title":"Lokalt Program - \u00d6ster\u00e5ker","og_description":"&nbsp; \u00a0 \u00a0 \u00a0 \u00a0 &nbsp; POSK i \u00d6ster\u00e5ker POSK \u2013 en kraft att r\u00e4kna med Partipolitiskt obundna i Svenska kyrkan samlar f\u00f6rtroendevalda som vill ta ansvar i Svenska kyrkan utan att vara bundna till ett allm\u00e4npolitiskt parti.\u00a0\u00a0\u00a0\u00a0 POSK finns \u00f6ver hela landet. Vi \u00e4r n\u00e4st st\u00f6rsta grupp i kyrkom\u00f6tet och den st\u00f6rsta obundna gruppen. [&hellip;]","og_url":"https:\/\/www.posk.se\/osteraker\/program\/lokalt-program\/","og_site_name":"\u00d6ster\u00e5ker","article_modified_time":"2021-08-16T20:30:48+00:00","og_image":[{"url":"https:\/\/www.posk.se\/osteraker\/wp-content\/uploads\/sites\/141\/2018\/09\/tro-hopp-o-karlek.jpg","type":"","width":"","height":""}],"twitter_card":"summary_large_image","twitter_misc":{"Ber\u00e4knad l\u00e4stid":"2 minuter"},"schema":{"@context":"https:\/\/schema.org","@graph":[{"@type":"WebPage","@id":"https:\/\/www.posk.se\/osteraker\/program\/lokalt-program\/","url":"https:\/\/www.posk.se\/osteraker\/program\/lokalt-program\/","name":"Lokalt Program - \u00d6ster\u00e5ker","isPartOf":{"@id":"https:\/\/www.posk.se\/osteraker\/#website"},"primaryImageOfPage":{"@id":"https:\/\/www.posk.se\/osteraker\/program\/lokalt-program\/#primaryimage"},"image":{"@id":"https:\/\/www.posk.se\/osteraker\/program\/lokalt-program\/#primaryimage"},"thumbnailUrl":"https:\/\/www.posk.se\/osteraker\/wp-content\/uploads\/sites\/141\/2018\/09\/tro-hopp-o-karlek.jpg","datePublished":"2018-09-25T21:29:38+00:00","dateModified":"2021-08-16T20:30:48+00:00","breadcrumb":{"@id":"https:\/\/www.posk.se\/osteraker\/program\/lokalt-program\/#breadcrumb"},"inLanguage":"sv-SE","potentialAction":[{"@type":"ReadAction","target":["https:\/\/www.posk.se\/osteraker\/program\/lokalt-program\/"]}]},{"@type":"ImageObject","inLanguage":"sv-SE","@id":"https:\/\/www.posk.se\/osteraker\/program\/lokalt-program\/#primaryimage","url":"https:\/\/www.posk.se\/osteraker\/wp-content\/uploads\/sites\/141\/2018\/09\/tro-hopp-o-karlek.jpg","contentUrl":"https:\/\/www.posk.se\/osteraker\/wp-content\/uploads\/sites\/141\/2018\/09\/tro-hopp-o-karlek.jpg","width":283,"height":283},{"@type":"BreadcrumbList","@id":"https:\/\/www.posk.se\/osteraker\/program\/lokalt-program\/#breadcrumb","itemListElement":[{"@type":"ListItem","position":1,"name":"Hem","item":"https:\/\/www.posk.se\/osteraker\/"},{"@type":"ListItem","position":2,"name":"Program","item":"https:\/\/www.posk.se\/osteraker\/program\/"},{"@type":"ListItem","position":3,"name":"Lokalt Program"}]},{"@type":"WebSite","@id":"https:\/\/www.posk.se\/osteraker\/#website","url":"https:\/\/www.posk.se\/osteraker\/","name":"\u00d6ster\u00e5ker","description":"POSK-grupp i Stockholms stift","potentialAction":[{"@type":"SearchAction","target":{"@type":"EntryPoint","urlTemplate":"https:\/\/www.posk.se\/osteraker\/?s={search_term_string}"},"query-input":{"@type":"PropertyValueSpecification","valueRequired":true,"valueName":"search_term_string"}}],"inLanguage":"sv-SE"}]}},"_links":{"self":[{"href":"https:\/\/www.posk.se\/osteraker\/wp-json\/wp\/v2\/pages\/617","targetHints":{"allow":["GET"]}}],"collection":[{"href":"https:\/\/www.posk.se\/osteraker\/wp-json\/wp\/v2\/pages"}],"about":[{"href":"https:\/\/www.posk.se\/osteraker\/wp-json\/wp\/v2\/types\/page"}],"author":[{"embeddable":true,"href":"https:\/\/www.posk.se\/osteraker\/wp-json\/wp\/v2\/users\/117"}],"replies":[{"embeddable":true,"href":"https:\/\/www.posk.se\/osteraker\/wp-json\/wp\/v2\/comments?post=617"}],"version-history":[{"count":7,"href":"https:\/\/www.posk.se\/osteraker\/wp-json\/wp\/v2\/pages\/617\/revisions"}],"predecessor-version":[{"id":712,"href":"https:\/\/www.posk.se\/osteraker\/wp-json\/wp\/v2\/pages\/617\/revisions\/712"}],"up":[{"embeddable":true,"href":"https:\/\/www.posk.se\/osteraker\/wp-json\/wp\/v2\/pages\/163"}],"wp:attachment":[{"href":"https:\/\/www.posk.se\/osteraker\/wp-json\/wp\/v2\/media?parent=617"}],"curies":[{"name":"wp","href":"https:\/\/api.w.org\/{rel}","templated":true}]}}