{"id":59,"date":"2017-04-22T19:15:32","date_gmt":"2017-04-22T17:15:32","guid":{"rendered":"https:\/\/www.posk.se\/gbg-posk-pa-oster\/?page_id=59"},"modified":"2020-12-27T12:51:25","modified_gmt":"2020-12-27T11:51:25","slug":"program-mandatperioden-2018-2021","status":"publish","type":"page","link":"https:\/\/www.posk.se\/orgryte-pastorat\/kyrkoval\/kyrkoval-17-september\/program-mandatperioden-2018-2021\/","title":{"rendered":"Program f\u00f6r mandatperioden 2018-2021"},"content":{"rendered":"<div class=\"page\" title=\"Page 1\">\n<div class=\"layoutArea\">\n<div class=\"column\">\n<div class=\"page\" title=\"Page 2\">\n<div class=\"section\">\n<div class=\"layoutArea\">\n<div class=\"column\">\n<p>I kyrkovalet 2013, fick POSK 38 mandat i kyrkom\u00f6tet och vid valet 2017 42 mandat och \u00e4r d\u00e4rmed fortsatt n\u00e4st st\u00f6rsta grupp i kyrkom\u00f6tet. I och med detta har vi st\u00f6rre m\u00f6jlighet att driva v\u00e5ra fr\u00e5gor. L\u00e4s POSKs vision och program p\u00e5 riksniv\u00e5 d\u00e4r vi beskriver hur vi vill vara med och ta ansvar p\u00e5 alla niv\u00e5er i Svenska kyrkan. <a href=\"https:\/\/www.posk.se\/vi-vill\/vision-och-program\/\">www.posk.se\/vi-vill\/vision-och-program\/<\/a><\/p>\n<h3>POSK \u2013 har som vision att Svenska kyrkan ska vara en gemenskap som speglar Guds vilja i gudstj\u00e4nst och liv och som talar tydligt om Jesus Kristus.<\/h3>\n<p>POSK vill att svenska kyrkan ska<\/p>\n<p>\u2022 erbjuda n\u00e4rvaro, gemenskap och v\u00e4xt.<br \/>\n\u2022 f\u00f6rmedla befrielse, hopp och livsmod.<br \/>\n\u2022 se och ta vara pa\u030a varje m\u00e4nniska som en g\u00e5va i f\u00f6rsamlingens liv.<br \/>\n\u2022 respektera individen och gl\u00e4djas \u00e5t m\u00e5ngfalden.<br \/>\n\u2022 vara en profetisk r\u00f6st i samh\u00e4llet och visa p\u00e5 ett liv i r\u00e4ttvisa och frihet.<br \/>\n\u2022 vara en brobyggare mellan kyrkor.<br \/>\n\u2022 str\u00e4va efter en sann och \u00f6ppen dialog mellan m\u00e4nniskor av olika tro.<\/p>\n<p>POSK bygger den kyrka som Sverige beh\u00f6ver, och ser till att den finns d\u00e4r den beh\u00f6vs. POSK har ide\u0301erna f\u00f6r framtiden och vill leda utvecklingen i riktning mot en kyrka som rymmer m\u00e5ngfald och pr\u00e4glas av respekt.<\/p>\n<\/div>\n<\/div>\n<\/div>\n<\/div>\n<h3>M\u00e5ngfald i gudstj\u00e4nsterna<\/h3>\n<p>Gudstj\u00e4nsterna \u00e4r navet f\u00f6r all v\u00e5r kristna verksamhet \u2013 utan gudstj\u00e4nst ingen f\u00f6rsamling. POSK vill ha minst en gudstj\u00e4nst i varje f\u00f6rsamling varje s\u00f6ndag. Vi vill sl\u00e5 vakt om m\u00e5ngfald och utveckla gudstj\u00e4nstlivet i v\u00e5ra sex kyrkor. Alla v\u00e5ra kyrkor \u00e4r tillg\u00e4ngliga f\u00f6r dop, br\u00f6llop och begravning.<\/p>\n<h3>Att tro med h\u00e4nderna<\/h3>\n<p>Samarbetet och samordningen av det diakonala arbetet f\u00f6r v\u00e5ra fyra f\u00f6rsamlingar \u00e4r viktigt f\u00f6r att m\u00f6ta alla v\u00e5ra boende p\u00e5 \u00d6ster. POSK vill forts\u00e4tta att utveckla det samarbetet. Flera diakonala verksamheter i G\u00f6teborg (tex G\u00f6teborgs kyrkliga stadsmission, Kyrkans jourtj\u00e4nst, Kyrkans familjer\u00e5dgivning och S:t Lukas) har en spetskompetens ut\u00f6ver den kompetens som\u00a0 finns lokalt i v\u00e5ra f\u00f6rsamlingar. POSK p\u00e5 \u00d6ster vill forts\u00e4tta att ge ett kraftigt st\u00f6d till dessa diakonala verksamheter.<\/p>\n<h3>Musiken i v\u00e5ra f\u00f6rsamlingar<\/h3>\n<p>V\u00e5ra fyra f\u00f6rsamlingar har m\u00e5nga str\u00e4ngar p\u00e5 sin lyra och en bred och omfattande musikalisk kompetens. Dels handlar det om alla som \u00e4r ut\u00f6vare av musiken, men det handlar ocks\u00e5 lika mycket om dem som kommer och lyssnar och tar del av v\u00e5rt rika kulturella utbud. Vi i POSK kommer att ge fortsatt st\u00f6d till den musikaliska verksamhet som innefattar verksamhet f\u00f6r m\u00e5nga m\u00e5lgrupper och \u00e5ldrar i alla v\u00e5ra f\u00f6rsamlingar.<\/p>\n<h3>Barn och unga<\/h3>\n<p>Alla olika yrkesgrupper i f\u00f6rsamlingarna beh\u00f6ver samarbeta \u00f6ver f\u00f6rsamlingsgr\u00e4nserna f\u00f6r att b\u00e4st m\u00f6ta barn och ungdomar i v\u00e5ra f\u00f6rsamlingar. Det handlar om att samordna verksamhet f\u00f6r barn, skola, konfirmander och ungdomar. POSK vill skapa en milj\u00f6 d\u00e4r barn och unga kan k\u00e4nna sig hemma och v\u00e4xa i sin tro.<\/p>\n<h3>Sjukhuskyrkan p\u00e5 \u00d6stra sjukhuset<\/h3>\n<p>Sjukhuskyrkan st\u00f6ttar patienter, anh\u00f6riga och personal n\u00e4r det \u00e4r livskris och i livets sv\u00e5ra stunder. F\u00f6r att s\u00e4kerst\u00e4lla h\u00f6g kvalitet vill POSK att det avs\u00e4tts tillr\u00e4ckliga medel.<\/p>\n<\/div>\n<\/div>\n<\/div>\n<p><a href=\"https:\/\/www.posk.se\/gbg-posk-pa-oster\/wp-content\/uploads\/sites\/29\/2017\/04\/posk-pacc8a-occ88sterver5-dragen.pdf\">posk-pa-osterver5-dragen<\/a><\/p>\n","protected":false},"excerpt":{"rendered":"<p>I kyrkovalet 2013, fick POSK 38 mandat i kyrkom\u00f6tet och vid valet 2017 42 mandat och \u00e4r d\u00e4rmed fortsatt n\u00e4st st\u00f6rsta grupp i kyrkom\u00f6tet. I och med detta har vi st\u00f6rre m\u00f6jlighet att driva v\u00e5ra fr\u00e5gor. L\u00e4s POSKs vision och program p\u00e5 riksniv\u00e5 d\u00e4r vi beskriver hur vi vill vara med och ta ansvar p\u00e5 [&hellip;]<\/p>\n","protected":false},"author":76,"featured_media":0,"parent":66,"menu_order":0,"comment_status":"closed","ping_status":"closed","template":"page-templates\/page-sidebar-left.php","meta":{"_acf_changed":false,"footnotes":""},"class_list":["post-59","page","type-page","status-publish","hentry"],"acf":[],"yoast_head":"<!-- This site is optimized with the Yoast SEO plugin v24.9 - https:\/\/yoast.com\/wordpress\/plugins\/seo\/ -->\n<title>Program f\u00f6r mandatperioden 2018-2021 - \u00d6rgryte pastorat<\/title>\n<meta name=\"robots\" content=\"index, follow, max-snippet:-1, max-image-preview:large, max-video-preview:-1\" \/>\n<link rel=\"canonical\" href=\"https:\/\/www.posk.se\/orgryte-pastorat\/kyrkoval\/kyrkoval-17-september\/program-mandatperioden-2018-2021\/\" \/>\n<meta property=\"og:locale\" content=\"sv_SE\" \/>\n<meta property=\"og:type\" content=\"article\" \/>\n<meta property=\"og:title\" content=\"Program f\u00f6r mandatperioden 2018-2021 - \u00d6rgryte pastorat\" \/>\n<meta property=\"og:description\" content=\"I kyrkovalet 2013, fick POSK 38 mandat i kyrkom\u00f6tet och vid valet 2017 42 mandat och \u00e4r d\u00e4rmed fortsatt n\u00e4st st\u00f6rsta grupp i kyrkom\u00f6tet. I och med detta har vi st\u00f6rre m\u00f6jlighet att driva v\u00e5ra fr\u00e5gor. L\u00e4s POSKs vision och program p\u00e5 riksniv\u00e5 d\u00e4r vi beskriver hur vi vill vara med och ta ansvar p\u00e5 [&hellip;]\" \/>\n<meta property=\"og:url\" content=\"https:\/\/www.posk.se\/orgryte-pastorat\/kyrkoval\/kyrkoval-17-september\/program-mandatperioden-2018-2021\/\" \/>\n<meta property=\"og:site_name\" content=\"\u00d6rgryte pastorat\" \/>\n<meta property=\"article:modified_time\" content=\"2020-12-27T11:51:25+00:00\" \/>\n<meta name=\"twitter:card\" content=\"summary_large_image\" \/>\n<meta name=\"twitter:label1\" content=\"Ber\u00e4knad l\u00e4stid\" \/>\n\t<meta name=\"twitter:data1\" content=\"3 minuter\" \/>\n<script type=\"application\/ld+json\" class=\"yoast-schema-graph\">{\"@context\":\"https:\/\/schema.org\",\"@graph\":[{\"@type\":\"WebPage\",\"@id\":\"https:\/\/www.posk.se\/orgryte-pastorat\/kyrkoval\/kyrkoval-17-september\/program-mandatperioden-2018-2021\/\",\"url\":\"https:\/\/www.posk.se\/orgryte-pastorat\/kyrkoval\/kyrkoval-17-september\/program-mandatperioden-2018-2021\/\",\"name\":\"Program f\u00f6r mandatperioden 2018-2021 - \u00d6rgryte pastorat\",\"isPartOf\":{\"@id\":\"https:\/\/www.posk.se\/orgryte-pastorat\/#website\"},\"datePublished\":\"2017-04-22T17:15:32+00:00\",\"dateModified\":\"2020-12-27T11:51:25+00:00\",\"breadcrumb\":{\"@id\":\"https:\/\/www.posk.se\/orgryte-pastorat\/kyrkoval\/kyrkoval-17-september\/program-mandatperioden-2018-2021\/#breadcrumb\"},\"inLanguage\":\"sv-SE\",\"potentialAction\":[{\"@type\":\"ReadAction\",\"target\":[\"https:\/\/www.posk.se\/orgryte-pastorat\/kyrkoval\/kyrkoval-17-september\/program-mandatperioden-2018-2021\/\"]}]},{\"@type\":\"BreadcrumbList\",\"@id\":\"https:\/\/www.posk.se\/orgryte-pastorat\/kyrkoval\/kyrkoval-17-september\/program-mandatperioden-2018-2021\/#breadcrumb\",\"itemListElement\":[{\"@type\":\"ListItem\",\"position\":1,\"name\":\"Hem\",\"item\":\"https:\/\/www.posk.se\/orgryte-pastorat\/\"},{\"@type\":\"ListItem\",\"position\":2,\"name\":\"Kyrkoval\",\"item\":\"https:\/\/www.posk.se\/orgryte-pastorat\/kyrkoval\/\"},{\"@type\":\"ListItem\",\"position\":3,\"name\":\"Kyrkoval 2017\",\"item\":\"https:\/\/www.posk.se\/orgryte-pastorat\/kyrkoval\/kyrkoval-17-september\/\"},{\"@type\":\"ListItem\",\"position\":4,\"name\":\"Program f\u00f6r mandatperioden 2018-2021\"}]},{\"@type\":\"WebSite\",\"@id\":\"https:\/\/www.posk.se\/orgryte-pastorat\/#website\",\"url\":\"https:\/\/www.posk.se\/orgryte-pastorat\/\",\"name\":\"\u00d6rgryte pastorat\",\"description\":\"POSK-grupp i G\u00f6teborgs stift\",\"potentialAction\":[{\"@type\":\"SearchAction\",\"target\":{\"@type\":\"EntryPoint\",\"urlTemplate\":\"https:\/\/www.posk.se\/orgryte-pastorat\/?s={search_term_string}\"},\"query-input\":{\"@type\":\"PropertyValueSpecification\",\"valueRequired\":true,\"valueName\":\"search_term_string\"}}],\"inLanguage\":\"sv-SE\"}]}<\/script>\n<!-- \/ Yoast SEO plugin. -->","yoast_head_json":{"title":"Program f\u00f6r mandatperioden 2018-2021 - \u00d6rgryte pastorat","robots":{"index":"index","follow":"follow","max-snippet":"max-snippet:-1","max-image-preview":"max-image-preview:large","max-video-preview":"max-video-preview:-1"},"canonical":"https:\/\/www.posk.se\/orgryte-pastorat\/kyrkoval\/kyrkoval-17-september\/program-mandatperioden-2018-2021\/","og_locale":"sv_SE","og_type":"article","og_title":"Program f\u00f6r mandatperioden 2018-2021 - \u00d6rgryte pastorat","og_description":"I kyrkovalet 2013, fick POSK 38 mandat i kyrkom\u00f6tet och vid valet 2017 42 mandat och \u00e4r d\u00e4rmed fortsatt n\u00e4st st\u00f6rsta grupp i kyrkom\u00f6tet. I och med detta har vi st\u00f6rre m\u00f6jlighet att driva v\u00e5ra fr\u00e5gor. L\u00e4s POSKs vision och program p\u00e5 riksniv\u00e5 d\u00e4r vi beskriver hur vi vill vara med och ta ansvar p\u00e5 [&hellip;]","og_url":"https:\/\/www.posk.se\/orgryte-pastorat\/kyrkoval\/kyrkoval-17-september\/program-mandatperioden-2018-2021\/","og_site_name":"\u00d6rgryte pastorat","article_modified_time":"2020-12-27T11:51:25+00:00","twitter_card":"summary_large_image","twitter_misc":{"Ber\u00e4knad l\u00e4stid":"3 minuter"},"schema":{"@context":"https:\/\/schema.org","@graph":[{"@type":"WebPage","@id":"https:\/\/www.posk.se\/orgryte-pastorat\/kyrkoval\/kyrkoval-17-september\/program-mandatperioden-2018-2021\/","url":"https:\/\/www.posk.se\/orgryte-pastorat\/kyrkoval\/kyrkoval-17-september\/program-mandatperioden-2018-2021\/","name":"Program f\u00f6r mandatperioden 2018-2021 - \u00d6rgryte pastorat","isPartOf":{"@id":"https:\/\/www.posk.se\/orgryte-pastorat\/#website"},"datePublished":"2017-04-22T17:15:32+00:00","dateModified":"2020-12-27T11:51:25+00:00","breadcrumb":{"@id":"https:\/\/www.posk.se\/orgryte-pastorat\/kyrkoval\/kyrkoval-17-september\/program-mandatperioden-2018-2021\/#breadcrumb"},"inLanguage":"sv-SE","potentialAction":[{"@type":"ReadAction","target":["https:\/\/www.posk.se\/orgryte-pastorat\/kyrkoval\/kyrkoval-17-september\/program-mandatperioden-2018-2021\/"]}]},{"@type":"BreadcrumbList","@id":"https:\/\/www.posk.se\/orgryte-pastorat\/kyrkoval\/kyrkoval-17-september\/program-mandatperioden-2018-2021\/#breadcrumb","itemListElement":[{"@type":"ListItem","position":1,"name":"Hem","item":"https:\/\/www.posk.se\/orgryte-pastorat\/"},{"@type":"ListItem","position":2,"name":"Kyrkoval","item":"https:\/\/www.posk.se\/orgryte-pastorat\/kyrkoval\/"},{"@type":"ListItem","position":3,"name":"Kyrkoval 2017","item":"https:\/\/www.posk.se\/orgryte-pastorat\/kyrkoval\/kyrkoval-17-september\/"},{"@type":"ListItem","position":4,"name":"Program f\u00f6r mandatperioden 2018-2021"}]},{"@type":"WebSite","@id":"https:\/\/www.posk.se\/orgryte-pastorat\/#website","url":"https:\/\/www.posk.se\/orgryte-pastorat\/","name":"\u00d6rgryte pastorat","description":"POSK-grupp i G\u00f6teborgs stift","potentialAction":[{"@type":"SearchAction","target":{"@type":"EntryPoint","urlTemplate":"https:\/\/www.posk.se\/orgryte-pastorat\/?s={search_term_string}"},"query-input":{"@type":"PropertyValueSpecification","valueRequired":true,"valueName":"search_term_string"}}],"inLanguage":"sv-SE"}]}},"_links":{"self":[{"href":"https:\/\/www.posk.se\/orgryte-pastorat\/wp-json\/wp\/v2\/pages\/59","targetHints":{"allow":["GET"]}}],"collection":[{"href":"https:\/\/www.posk.se\/orgryte-pastorat\/wp-json\/wp\/v2\/pages"}],"about":[{"href":"https:\/\/www.posk.se\/orgryte-pastorat\/wp-json\/wp\/v2\/types\/page"}],"author":[{"embeddable":true,"href":"https:\/\/www.posk.se\/orgryte-pastorat\/wp-json\/wp\/v2\/users\/76"}],"replies":[{"embeddable":true,"href":"https:\/\/www.posk.se\/orgryte-pastorat\/wp-json\/wp\/v2\/comments?post=59"}],"version-history":[{"count":8,"href":"https:\/\/www.posk.se\/orgryte-pastorat\/wp-json\/wp\/v2\/pages\/59\/revisions"}],"predecessor-version":[{"id":315,"href":"https:\/\/www.posk.se\/orgryte-pastorat\/wp-json\/wp\/v2\/pages\/59\/revisions\/315"}],"up":[{"embeddable":true,"href":"https:\/\/www.posk.se\/orgryte-pastorat\/wp-json\/wp\/v2\/pages\/66"}],"wp:attachment":[{"href":"https:\/\/www.posk.se\/orgryte-pastorat\/wp-json\/wp\/v2\/media?parent=59"}],"curies":[{"name":"wp","href":"https:\/\/api.w.org\/{rel}","templated":true}]}}