{"id":53,"date":"2017-04-22T18:39:28","date_gmt":"2017-04-22T16:39:28","guid":{"rendered":"https:\/\/www.posk.se\/gbg-posk-pa-oster\/?page_id=53"},"modified":"2017-09-03T07:13:45","modified_gmt":"2017-09-03T05:13:45","slug":"kandidater-till-kyrkofullmaktige","status":"publish","type":"page","link":"https:\/\/www.posk.se\/orgryte-pastorat\/kyrkoval\/kyrkoval-17-september\/kandidater-till-kyrkofullmaktige\/","title":{"rendered":"Kandidater till kyrkofullm\u00e4ktige"},"content":{"rendered":"<p>Via l\u00e4nken nedan kan du l\u00e4sa en l\u00e4ngre presentation av alla kandidaterna<\/p>\n<p><a href=\"https:\/\/www.posk.se\/orgryte-pastorat\/kandidatpresentationer\/\">https:\/\/www.posk.se\/orgryte-pastorat\/kandidatpresentationer\/<\/a><\/p>\n<p><iframe loading=\"lazy\" title=\"Carina Etander Rimborg, H\u00e4rlanda f\u00f6rsamling\" width=\"500\" height=\"281\" src=\"https:\/\/www.youtube.com\/embed\/1dL-u0h-yIA?feature=oembed\" frameborder=\"0\" allow=\"accelerometer; autoplay; clipboard-write; encrypted-media; gyroscope; picture-in-picture; web-share\" referrerpolicy=\"strict-origin-when-cross-origin\" allowfullscreen><\/iframe><\/p>\n<p><strong>H\u00e4r \u00e4r alla kandidaterna<\/strong><\/p>\n<ol>\n<li><a href=\"https:\/\/www.posk.se\/orgryte-pastorat\/kandidatpresentationer\/carina-etander-rimborg\/\">Carina Etander Rimborg, 1964, kommunikat\u00f6r<\/a><\/li>\n<li><a href=\"https:\/\/www.posk.se\/orgryte-pastorat\/kandidatpresentationer\/meri-brandel\/\">Meri Brandel, 1956, civilekonom, kyrkv\u00e4rd<\/a><\/li>\n<li><a href=\"https:\/\/www.posk.se\/orgryte-pastorat\/kandidatpresentationer\/nils-olof-ericsson\/\">Nils Olof Ericsson, 1945, l\u00e4rare, kyrkv\u00e4rd<\/a><\/li>\n<li><a href=\"https:\/\/www.posk.se\/orgryte-pastorat\/kandidatpresentationer\/stina-knutsson\/\">Stina Knutsson, 1954, kyrkv\u00e4rd<\/a><\/li>\n<li><a href=\"https:\/\/www.posk.se\/orgryte-pastorat\/kandidatpresentationer\/mikael-palmqvist\/\">Mikael Palmqvist, 1974, l\u00e4rare<\/a><\/li>\n<li>Ann Margret Hamrin, 1944, socionom, kyrkv\u00e4rd<\/li>\n<li><a href=\"https:\/\/www.posk.se\/orgryte-pastorat\/kandidatpresentationer\/lennart-nilsson-2\/\">Lennart Nilsson, 1952, civilingenj\u00f6r<\/a><\/li>\n<li>Mart Saar, 1947, civilekonom<\/li>\n<li>Ludwig Halldner, 1997, studerande<\/li>\n<li>Emma Dahlgren Mensah, 1979, l\u00e4kare, kyrkv\u00e4rd<\/li>\n<li><a href=\"https:\/\/www.posk.se\/orgryte-pastorat\/kandidatpresentationer\/inger-mjornvall\/\">Inger Mj\u00f6rnvall, 1949, kyrkv\u00e4rd<\/a><\/li>\n<li>Margareta Unander, 1942, l\u00e4kare, kyrkv\u00e4rd<\/li>\n<li>I<a href=\"https:\/\/www.posk.se\/orgryte-pastorat\/kandidatpresentationer\/irene-sjolander\/\">r\u00e9ne Sj\u00f6lander, 1948, kyrkv\u00e4rd<\/a><\/li>\n<li>Kent Ehrnberg, 1941, ingenj\u00f6r, kyrkv\u00e4rd<\/li>\n<li>Lars-\u00c5ke Johansson, 1954, diakon<\/li>\n<li>Anna-Carin Legler, 1966, f\u00f6rskoll\u00e4rare<\/li>\n<li>Karin Hagelberg, 1950, beteendevetare, kyrkv\u00e4rd<\/li>\n<li>Maud Backman, 1955, civilekonom<\/li>\n<li><a href=\"https:\/\/www.posk.se\/orgryte-pastorat\/kandidatpresentationer\/anders-gotborgh\/\">Anders G\u00f6tborg, 1946, fil och teol kand, kyrkv\u00e4rd<\/a><\/li>\n<li><a href=\"https:\/\/www.posk.se\/orgryte-pastorat\/kandidatpresentationer\/ingvar-kaarlsson\/\">Ingvar Karlsson, 1941, docent, \u00f6verl\u00e4kare<\/a><\/li>\n<li><a href=\"https:\/\/www.posk.se\/orgryte-pastorat\/kandidatpresentationer\/mats-rimborg\/\">Mats Rimborg, 1958, civilingenj\u00f6r<\/a><\/li>\n<li>Christina Skoglund, 1965, arbetsterapeut, kyrkv\u00e4rd<\/li>\n<li>\u00c5ke Lennar, 1944, psykolog<\/li>\n<li>Riitta Naamanka, 1960, kundombud<\/li>\n<li>Anders Ekberg, 1967, docent<\/li>\n<li><a href=\"https:\/\/www.posk.se\/orgryte-pastorat\/kandidatpresentationer\/birgitta-anden\/\">Birgitta And\u00e9n, 1948, f\u00f6rskoll\u00e4rare<\/a><\/li>\n<li>Nisse Cr\u00fcsell, 1948, diakon, kyrkv\u00e4rd<\/li>\n<li>Cecilia Reimal, 1973, studerande, kyrkv\u00e4rd<\/li>\n<li>Krister I:son Lundin, 1940, prost<\/li>\n<li>Bertil J\u00f6nsson, 1943, civilekonom<\/li>\n<li>Christina Forsstr\u00f6m, 1946, civilingenj\u00f6r, kyrkv\u00e4rd<\/li>\n<li>Dick Sj\u00f6lander, 1945, ingenj\u00f6r<\/li>\n<\/ol>\n<p>Valsedeln f\u00f6r stiftsfullm\u00e4ktigevalet i \u00d6rgryte och Nyl\u00f6se\u00a0 valkrets och<br \/>\nvalsedeln f\u00f6r kyrkom\u00f6tetsval finns\u00a0<strong><a href=\"https:\/\/www.posk.se\/goteborgsstift\/kyrkoval-2017\/\">h\u00e4r<\/a><\/strong>.<\/p>\n<p><iframe loading=\"lazy\" title=\"Hans-Olof Andre\u0301n - Bryt partipolitiseringen\" width=\"500\" height=\"281\" src=\"https:\/\/www.youtube.com\/embed\/O7fmt-MDnY8?feature=oembed\" frameborder=\"0\" allow=\"accelerometer; autoplay; clipboard-write; encrypted-media; gyroscope; picture-in-picture; web-share\" referrerpolicy=\"strict-origin-when-cross-origin\" allowfullscreen><\/iframe><\/p>\n","protected":false},"excerpt":{"rendered":"<p>Via l\u00e4nken nedan kan du l\u00e4sa en l\u00e4ngre presentation av alla kandidaterna https:\/\/www.posk.se\/orgryte-pastorat\/kandidatpresentationer\/ H\u00e4r \u00e4r alla kandidaterna Carina Etander Rimborg, 1964, kommunikat\u00f6r Meri Brandel, 1956, civilekonom, kyrkv\u00e4rd Nils Olof Ericsson, 1945, l\u00e4rare, kyrkv\u00e4rd Stina Knutsson, 1954, kyrkv\u00e4rd Mikael Palmqvist, 1974, l\u00e4rare Ann Margret Hamrin, 1944, socionom, kyrkv\u00e4rd Lennart Nilsson, 1952, civilingenj\u00f6r Mart Saar, 1947, civilekonom [&hellip;]<\/p>\n","protected":false},"author":76,"featured_media":55,"parent":66,"menu_order":1,"comment_status":"closed","ping_status":"closed","template":"page-templates\/page-sidebar-left.php","meta":{"_acf_changed":false,"footnotes":""},"class_list":["post-53","page","type-page","status-publish","has-post-thumbnail","hentry"],"acf":[],"yoast_head":"<!-- This site is optimized with the Yoast SEO plugin v24.9 - https:\/\/yoast.com\/wordpress\/plugins\/seo\/ -->\n<title>Kandidater till kyrkofullm\u00e4ktige - \u00d6rgryte pastorat<\/title>\n<meta name=\"robots\" content=\"index, follow, max-snippet:-1, max-image-preview:large, max-video-preview:-1\" \/>\n<link rel=\"canonical\" href=\"https:\/\/www.posk.se\/orgryte-pastorat\/kyrkoval\/kyrkoval-17-september\/kandidater-till-kyrkofullmaktige\/\" \/>\n<meta property=\"og:locale\" content=\"sv_SE\" \/>\n<meta property=\"og:type\" content=\"article\" \/>\n<meta property=\"og:title\" content=\"Kandidater till kyrkofullm\u00e4ktige - \u00d6rgryte pastorat\" \/>\n<meta property=\"og:description\" content=\"Via l\u00e4nken nedan kan du l\u00e4sa en l\u00e4ngre presentation av alla kandidaterna https:\/\/www.posk.se\/orgryte-pastorat\/kandidatpresentationer\/ H\u00e4r \u00e4r alla kandidaterna Carina Etander Rimborg, 1964, kommunikat\u00f6r Meri Brandel, 1956, civilekonom, kyrkv\u00e4rd Nils Olof Ericsson, 1945, l\u00e4rare, kyrkv\u00e4rd Stina Knutsson, 1954, kyrkv\u00e4rd Mikael Palmqvist, 1974, l\u00e4rare Ann Margret Hamrin, 1944, socionom, kyrkv\u00e4rd Lennart Nilsson, 1952, civilingenj\u00f6r Mart Saar, 1947, civilekonom [&hellip;]\" \/>\n<meta property=\"og:url\" content=\"https:\/\/www.posk.se\/orgryte-pastorat\/kyrkoval\/kyrkoval-17-september\/kandidater-till-kyrkofullmaktige\/\" \/>\n<meta property=\"og:site_name\" content=\"\u00d6rgryte pastorat\" \/>\n<meta property=\"article:modified_time\" content=\"2017-09-03T05:13:45+00:00\" \/>\n<meta property=\"og:image\" content=\"https:\/\/www.posk.se\/orgryte-pastorat\/wp-content\/uploads\/sites\/29\/2017\/04\/kyrkoval_2017_svensk_cmyk.jpg\" \/>\n\t<meta property=\"og:image:width\" content=\"326\" \/>\n\t<meta property=\"og:image:height\" content=\"98\" \/>\n\t<meta property=\"og:image:type\" content=\"image\/jpeg\" \/>\n<meta name=\"twitter:card\" content=\"summary_large_image\" \/>\n<meta name=\"twitter:label1\" content=\"Ber\u00e4knad l\u00e4stid\" \/>\n\t<meta name=\"twitter:data1\" content=\"1 minut\" \/>\n<script type=\"application\/ld+json\" class=\"yoast-schema-graph\">{\"@context\":\"https:\/\/schema.org\",\"@graph\":[{\"@type\":\"WebPage\",\"@id\":\"https:\/\/www.posk.se\/orgryte-pastorat\/kyrkoval\/kyrkoval-17-september\/kandidater-till-kyrkofullmaktige\/\",\"url\":\"https:\/\/www.posk.se\/orgryte-pastorat\/kyrkoval\/kyrkoval-17-september\/kandidater-till-kyrkofullmaktige\/\",\"name\":\"Kandidater till kyrkofullm\u00e4ktige - \u00d6rgryte pastorat\",\"isPartOf\":{\"@id\":\"https:\/\/www.posk.se\/orgryte-pastorat\/#website\"},\"primaryImageOfPage\":{\"@id\":\"https:\/\/www.posk.se\/orgryte-pastorat\/kyrkoval\/kyrkoval-17-september\/kandidater-till-kyrkofullmaktige\/#primaryimage\"},\"image\":{\"@id\":\"https:\/\/www.posk.se\/orgryte-pastorat\/kyrkoval\/kyrkoval-17-september\/kandidater-till-kyrkofullmaktige\/#primaryimage\"},\"thumbnailUrl\":\"https:\/\/www.posk.se\/orgryte-pastorat\/wp-content\/uploads\/sites\/29\/2017\/04\/kyrkoval_2017_svensk_cmyk.jpg\",\"datePublished\":\"2017-04-22T16:39:28+00:00\",\"dateModified\":\"2017-09-03T05:13:45+00:00\",\"breadcrumb\":{\"@id\":\"https:\/\/www.posk.se\/orgryte-pastorat\/kyrkoval\/kyrkoval-17-september\/kandidater-till-kyrkofullmaktige\/#breadcrumb\"},\"inLanguage\":\"sv-SE\",\"potentialAction\":[{\"@type\":\"ReadAction\",\"target\":[\"https:\/\/www.posk.se\/orgryte-pastorat\/kyrkoval\/kyrkoval-17-september\/kandidater-till-kyrkofullmaktige\/\"]}]},{\"@type\":\"ImageObject\",\"inLanguage\":\"sv-SE\",\"@id\":\"https:\/\/www.posk.se\/orgryte-pastorat\/kyrkoval\/kyrkoval-17-september\/kandidater-till-kyrkofullmaktige\/#primaryimage\",\"url\":\"https:\/\/www.posk.se\/orgryte-pastorat\/wp-content\/uploads\/sites\/29\/2017\/04\/kyrkoval_2017_svensk_cmyk.jpg\",\"contentUrl\":\"https:\/\/www.posk.se\/orgryte-pastorat\/wp-content\/uploads\/sites\/29\/2017\/04\/kyrkoval_2017_svensk_cmyk.jpg\",\"width\":326,\"height\":98},{\"@type\":\"BreadcrumbList\",\"@id\":\"https:\/\/www.posk.se\/orgryte-pastorat\/kyrkoval\/kyrkoval-17-september\/kandidater-till-kyrkofullmaktige\/#breadcrumb\",\"itemListElement\":[{\"@type\":\"ListItem\",\"position\":1,\"name\":\"Hem\",\"item\":\"https:\/\/www.posk.se\/orgryte-pastorat\/\"},{\"@type\":\"ListItem\",\"position\":2,\"name\":\"Kyrkoval\",\"item\":\"https:\/\/www.posk.se\/orgryte-pastorat\/kyrkoval\/\"},{\"@type\":\"ListItem\",\"position\":3,\"name\":\"Kyrkoval 2017\",\"item\":\"https:\/\/www.posk.se\/orgryte-pastorat\/kyrkoval\/kyrkoval-17-september\/\"},{\"@type\":\"ListItem\",\"position\":4,\"name\":\"Kandidater till kyrkofullm\u00e4ktige\"}]},{\"@type\":\"WebSite\",\"@id\":\"https:\/\/www.posk.se\/orgryte-pastorat\/#website\",\"url\":\"https:\/\/www.posk.se\/orgryte-pastorat\/\",\"name\":\"\u00d6rgryte pastorat\",\"description\":\"POSK-grupp i G\u00f6teborgs stift\",\"potentialAction\":[{\"@type\":\"SearchAction\",\"target\":{\"@type\":\"EntryPoint\",\"urlTemplate\":\"https:\/\/www.posk.se\/orgryte-pastorat\/?s={search_term_string}\"},\"query-input\":{\"@type\":\"PropertyValueSpecification\",\"valueRequired\":true,\"valueName\":\"search_term_string\"}}],\"inLanguage\":\"sv-SE\"}]}<\/script>\n<!-- \/ Yoast SEO plugin. -->","yoast_head_json":{"title":"Kandidater till kyrkofullm\u00e4ktige - \u00d6rgryte pastorat","robots":{"index":"index","follow":"follow","max-snippet":"max-snippet:-1","max-image-preview":"max-image-preview:large","max-video-preview":"max-video-preview:-1"},"canonical":"https:\/\/www.posk.se\/orgryte-pastorat\/kyrkoval\/kyrkoval-17-september\/kandidater-till-kyrkofullmaktige\/","og_locale":"sv_SE","og_type":"article","og_title":"Kandidater till kyrkofullm\u00e4ktige - \u00d6rgryte pastorat","og_description":"Via l\u00e4nken nedan kan du l\u00e4sa en l\u00e4ngre presentation av alla kandidaterna https:\/\/www.posk.se\/orgryte-pastorat\/kandidatpresentationer\/ H\u00e4r \u00e4r alla kandidaterna Carina Etander Rimborg, 1964, kommunikat\u00f6r Meri Brandel, 1956, civilekonom, kyrkv\u00e4rd Nils Olof Ericsson, 1945, l\u00e4rare, kyrkv\u00e4rd Stina Knutsson, 1954, kyrkv\u00e4rd Mikael Palmqvist, 1974, l\u00e4rare Ann Margret Hamrin, 1944, socionom, kyrkv\u00e4rd Lennart Nilsson, 1952, civilingenj\u00f6r Mart Saar, 1947, civilekonom [&hellip;]","og_url":"https:\/\/www.posk.se\/orgryte-pastorat\/kyrkoval\/kyrkoval-17-september\/kandidater-till-kyrkofullmaktige\/","og_site_name":"\u00d6rgryte pastorat","article_modified_time":"2017-09-03T05:13:45+00:00","og_image":[{"width":326,"height":98,"url":"https:\/\/www.posk.se\/orgryte-pastorat\/wp-content\/uploads\/sites\/29\/2017\/04\/kyrkoval_2017_svensk_cmyk.jpg","type":"image\/jpeg"}],"twitter_card":"summary_large_image","twitter_misc":{"Ber\u00e4knad l\u00e4stid":"1 minut"},"schema":{"@context":"https:\/\/schema.org","@graph":[{"@type":"WebPage","@id":"https:\/\/www.posk.se\/orgryte-pastorat\/kyrkoval\/kyrkoval-17-september\/kandidater-till-kyrkofullmaktige\/","url":"https:\/\/www.posk.se\/orgryte-pastorat\/kyrkoval\/kyrkoval-17-september\/kandidater-till-kyrkofullmaktige\/","name":"Kandidater till kyrkofullm\u00e4ktige - \u00d6rgryte pastorat","isPartOf":{"@id":"https:\/\/www.posk.se\/orgryte-pastorat\/#website"},"primaryImageOfPage":{"@id":"https:\/\/www.posk.se\/orgryte-pastorat\/kyrkoval\/kyrkoval-17-september\/kandidater-till-kyrkofullmaktige\/#primaryimage"},"image":{"@id":"https:\/\/www.posk.se\/orgryte-pastorat\/kyrkoval\/kyrkoval-17-september\/kandidater-till-kyrkofullmaktige\/#primaryimage"},"thumbnailUrl":"https:\/\/www.posk.se\/orgryte-pastorat\/wp-content\/uploads\/sites\/29\/2017\/04\/kyrkoval_2017_svensk_cmyk.jpg","datePublished":"2017-04-22T16:39:28+00:00","dateModified":"2017-09-03T05:13:45+00:00","breadcrumb":{"@id":"https:\/\/www.posk.se\/orgryte-pastorat\/kyrkoval\/kyrkoval-17-september\/kandidater-till-kyrkofullmaktige\/#breadcrumb"},"inLanguage":"sv-SE","potentialAction":[{"@type":"ReadAction","target":["https:\/\/www.posk.se\/orgryte-pastorat\/kyrkoval\/kyrkoval-17-september\/kandidater-till-kyrkofullmaktige\/"]}]},{"@type":"ImageObject","inLanguage":"sv-SE","@id":"https:\/\/www.posk.se\/orgryte-pastorat\/kyrkoval\/kyrkoval-17-september\/kandidater-till-kyrkofullmaktige\/#primaryimage","url":"https:\/\/www.posk.se\/orgryte-pastorat\/wp-content\/uploads\/sites\/29\/2017\/04\/kyrkoval_2017_svensk_cmyk.jpg","contentUrl":"https:\/\/www.posk.se\/orgryte-pastorat\/wp-content\/uploads\/sites\/29\/2017\/04\/kyrkoval_2017_svensk_cmyk.jpg","width":326,"height":98},{"@type":"BreadcrumbList","@id":"https:\/\/www.posk.se\/orgryte-pastorat\/kyrkoval\/kyrkoval-17-september\/kandidater-till-kyrkofullmaktige\/#breadcrumb","itemListElement":[{"@type":"ListItem","position":1,"name":"Hem","item":"https:\/\/www.posk.se\/orgryte-pastorat\/"},{"@type":"ListItem","position":2,"name":"Kyrkoval","item":"https:\/\/www.posk.se\/orgryte-pastorat\/kyrkoval\/"},{"@type":"ListItem","position":3,"name":"Kyrkoval 2017","item":"https:\/\/www.posk.se\/orgryte-pastorat\/kyrkoval\/kyrkoval-17-september\/"},{"@type":"ListItem","position":4,"name":"Kandidater till kyrkofullm\u00e4ktige"}]},{"@type":"WebSite","@id":"https:\/\/www.posk.se\/orgryte-pastorat\/#website","url":"https:\/\/www.posk.se\/orgryte-pastorat\/","name":"\u00d6rgryte pastorat","description":"POSK-grupp i G\u00f6teborgs stift","potentialAction":[{"@type":"SearchAction","target":{"@type":"EntryPoint","urlTemplate":"https:\/\/www.posk.se\/orgryte-pastorat\/?s={search_term_string}"},"query-input":{"@type":"PropertyValueSpecification","valueRequired":true,"valueName":"search_term_string"}}],"inLanguage":"sv-SE"}]}},"_links":{"self":[{"href":"https:\/\/www.posk.se\/orgryte-pastorat\/wp-json\/wp\/v2\/pages\/53","targetHints":{"allow":["GET"]}}],"collection":[{"href":"https:\/\/www.posk.se\/orgryte-pastorat\/wp-json\/wp\/v2\/pages"}],"about":[{"href":"https:\/\/www.posk.se\/orgryte-pastorat\/wp-json\/wp\/v2\/types\/page"}],"author":[{"embeddable":true,"href":"https:\/\/www.posk.se\/orgryte-pastorat\/wp-json\/wp\/v2\/users\/76"}],"replies":[{"embeddable":true,"href":"https:\/\/www.posk.se\/orgryte-pastorat\/wp-json\/wp\/v2\/comments?post=53"}],"version-history":[{"count":10,"href":"https:\/\/www.posk.se\/orgryte-pastorat\/wp-json\/wp\/v2\/pages\/53\/revisions"}],"predecessor-version":[{"id":163,"href":"https:\/\/www.posk.se\/orgryte-pastorat\/wp-json\/wp\/v2\/pages\/53\/revisions\/163"}],"up":[{"embeddable":true,"href":"https:\/\/www.posk.se\/orgryte-pastorat\/wp-json\/wp\/v2\/pages\/66"}],"wp:featuredmedia":[{"embeddable":true,"href":"https:\/\/www.posk.se\/orgryte-pastorat\/wp-json\/wp\/v2\/media\/55"}],"wp:attachment":[{"href":"https:\/\/www.posk.se\/orgryte-pastorat\/wp-json\/wp\/v2\/media?parent=53"}],"curies":[{"name":"wp","href":"https:\/\/api.w.org\/{rel}","templated":true}]}}