{"id":202,"date":"2018-02-12T00:00:08","date_gmt":"2018-02-11T23:00:08","guid":{"rendered":"https:\/\/www.posk.se\/orgryte-pastorat\/?page_id=202"},"modified":"2018-03-31T08:13:27","modified_gmt":"2018-03-31T06:13:27","slug":"arsmote-2018","status":"publish","type":"page","link":"https:\/\/www.posk.se\/orgryte-pastorat\/arsmote\/arsmote-2018\/","title":{"rendered":"\u00c5rsm\u00f6te 2018"},"content":{"rendered":"<p>Kallelse till alla POSK:are i Bj\u00f6rkek\u00e4rr, S:t Pauli, H\u00e4rlanda och \u00d6rgryte f\u00f6rsamlingar.<\/p>\n<h1><em>Kallelse till \u00e5rsm\u00f6te 2018 med POSK p\u00e5 \u00d6ster<\/em><\/h1>\n<h3><em>M\u00e5ndag 26 mars kl 18:30 i \u00d6rgryte f\u00f6rsamlingshem, Lilla salen. G\u00e4st \u00e4r POSKs riksordf\u00f6rande Hans-Olof Andr\u00e9n.<\/em><\/h3>\n<p><strong>F\u00f6redragningslista<\/strong><\/p>\n<ol>\n<li>\u00c5rsm\u00f6tets \u00f6ppnande och fastst\u00e4llande om beh\u00f6riga utlysande. <em>(enligt \u00a7 6 i \u00a0\u00a0\u00a0\u00a0\u00a0\u00a0\u00a0\u00a0\u00a0\u00a0\u00a0\u00a0\u00a0\u00a0 stadgarna ska kallelsen skickas ut tv\u00e5 veckor i f\u00f6rv\u00e4g).<\/em><\/li>\n<li>Val av m\u00f6tesordf\u00f6rande<\/li>\n<li>Val av protokollsf\u00f6rare<\/li>\n<li>Val av tv\u00e5 protokollsjusterare<\/li>\n<li>Fastst\u00e4llande av r\u00f6stl\u00e4ngd<\/li>\n<li>Redog\u00f6relse f\u00f6r verksamhetsber\u00e4ttelsen f\u00f6r 2017<\/li>\n<li>Fastst\u00e4llande av resultat- och balansr\u00e4kning<\/li>\n<li>Ansvarsfrihet f\u00f6r styrelsen avseende f\u00f6reg\u00e5ende \u00e5rs f\u00f6rvaltning<\/li>\n<li>Val av styrelseordf\u00f6rande f\u00f6r tiden fram till n\u00e4sta \u00e5rsm\u00f6te<\/li>\n<li>Val av styrelseledam\u00f6ter och ers\u00e4ttare enligt \u00a7 7<\/li>\n<li>Val av tv\u00e5 revisorer och tv\u00e5 ers\u00e4ttare f\u00f6r tiden fram till n\u00e4sta \u00e5rsm\u00f6te<br \/>\n(<em>Styrelsen f\u00f6resl\u00e5r avsteg fr\u00e5n stadgarna och att bara v\u00e4lja en ers\u00e4ttare)<\/em><\/li>\n<li>Val av valberedning och sammankallande f\u00f6r denna<\/li>\n<li>Fastst\u00e4llande av medlemsavgift f\u00f6r f\u00f6reningen<\/li>\n<li>Val av ev. ombud till medlemsm\u00f6te f\u00f6r stiftsf\u00f6reningen POSK i G\u00f6teborgs stift<\/li>\n<li>\u00d6vriga \u00e4renden v\u00e4ckta av styrelsen eller av medlem<\/li>\n<li>M\u00f6tets avslutande<\/li>\n<\/ol>\n<p>Styrelsen f\u00f6resl\u00e5r of\u00f6r\u00e4ndrad medlemsavgift f\u00f6r 2018 (120 kronor per medlem).<\/p>\n<p>P\u00e5 styrelsens uppdrag<\/p>\n<p><strong><em>\/Carina Etander Rimborg<\/em><\/strong><\/p>\n<p><strong><em>ordf\u00f6rande<\/em><\/strong><\/p>\n<h3>POSK-m\u00f6ten som alla medlemmar \u00e4r v\u00e4lkomna att n\u00e4rvara p\u00e5.<\/h3>\n<p><em>Den 3-4 februari kunde alla POSKare \u00e5ka p\u00e5 POSKs kyrkodagar i N\u00e4ssj\u00f6. Information om detta hade l\u00e4mnats genom POSK-bulletinen och p\u00e5 POSKs webbsida. <\/em><\/p>\n<p><em>F\u00e5r du inte POSK-bulletinen s\u00e5 anm\u00e4l din e-post till <a href=\"info@posk.se\">info@posk.se.<\/a><\/em><\/p>\n<ul>\n<li><strong>M\u00e5ndag 19 mars<\/strong> genomf\u00f6rs POSK i G\u00f6teborg sitt \u00e5rsm\u00f6te i Sk\u00e5r kyrka kl 19:00. Alla \u00e4r v\u00e4lkomna och POSK p\u00e5 \u00d6ster \u00e4r v\u00e4rdar f\u00f6r m\u00f6tet.<\/li>\n<li><strong>M\u00e5ndag 26 mars<\/strong> genomf\u00f6rs POSK p\u00e5 \u00d6sters \u00e5rsm\u00f6te i \u00d6rgryte f\u00f6rsamlingshem, Lilla salen 18:30. G\u00e4st \u00e4r Hans-Olof Andr\u00e9n, Riks-POSKs ordf\u00f6rande, som ber\u00e4ttar om POSK. (se kallelsen ovan)<\/li>\n<li><strong>L\u00f6rdag 21 april<\/strong> genomf\u00f6rs POSK i G\u00f6teborgs stifts \u00e5rsm\u00f6te i Carl-Johans f\u00f6rsamlingshem. G\u00e4st \u00e4r biskop Susanne Rappmann som h\u00e5ller f\u00f6redrag.<\/li>\n<li><strong>L\u00f6rdag 5 maj<\/strong> (tid kommer) genomf\u00f6rs riks-POSKs \u00e5rsm\u00f6te i Sk\u00f6vde.<\/li>\n<\/ul>\n<p>Skriv upp datumen och kom!<\/p>\n<h1><strong><em>\u00c5rsber\u00e4ttelse f\u00f6r POSK p\u00e5 \u00d6ster 2017<\/em><\/strong><\/h1>\n<p><em>Den 28 april 2015 i H\u00e4rlanda f\u00f6rsamlingshem bildades POSK p\u00e5 \u00d6ster av det som varit POSK i Bj\u00f6rkek\u00e4rr, H\u00e4rlanda, Sankt Pauli och \u00d6rgryte f\u00f6rsamlingar.<\/em><\/p>\n<p>\u00c5rsm\u00f6te (<em>samt nomineringsm\u00f6te inf\u00f6r kyrkovalet<\/em>) f\u00f6r 2017 h\u00f6lls 16 mars i H\u00e4rlanda f\u00f6rsamlingshem.<br \/>\nEnligt stadgarna ska styrelsen best\u00e5 av ordf\u00f6rande och sex ledam\u00f6ter. I styrelsen ska det finnas minst en representant som \u00e4r aktiv i Bj\u00f6rkek\u00e4rrs, H\u00e4rlanda, S:t Pauli och \u00d6rgryte f\u00f6rsamling.<br \/>\n\u00c5rsm\u00f6tet beslutade att v\u00e4lja<\/p>\n<ul>\n<li>Carina Etander Rimborg till POSK p\u00e5 \u00d6sters ordf\u00f6rande (omval) och till ordinarie i styrelsen<\/li>\n<li>Inger Mj\u00f6rnvall, Bj\u00f6rkek\u00e4rr (omval)<\/li>\n<li>Ir\u00e9ne Sj\u00f6lander, Bj\u00f6rkek\u00e4rr (omval)<\/li>\n<li>Anders G\u00f6tborg, H\u00e4rlanda (omval)<\/li>\n<li>Lennart Nilsson, H\u00e4rlanda (omval)<\/li>\n<li>Ingvar Karlsson, \u00d6rgryte (omval)<\/li>\n<li>Karin Hagelberg, \u00d6rgryte (omval)<\/li>\n<li>Nils Olof Ericsson S:t Pauli (nyval)<br \/>\n<em>och till ers\u00e4ttare i styrelsen v\u00e4lja<\/em><\/li>\n<li>Stina Knutsson, H\u00e4rlanda (omval)<\/li>\n<li>Emma Dahlgren Mensah, Bj\u00f6rkek\u00e4rr (nyval)<\/li>\n<\/ul>\n<p>Styrelsen beslutade att inom sig v\u00e4lja Lennart Nilsson till vice ordf\u00f6rande, Inger Mj\u00f6rnvall till sekreterare och Irene Sj\u00f6lander till kass\u00f6r.<\/p>\n<p>Styrelsen har haft \u00e5tta m\u00f6ten 2017: 16\/1, 27\/2, 16\/3 (\u00e5rsm\u00f6te + konstituerande m\u00f6te), 12\/4, 16\/5, 14\/8, 3\/9 och 28\/10.<\/p>\n<p>Under hela 2017 har fokus i f\u00f6rsamlingarna och det kommande pastoratet varit uppbyggnaden av den nya organisationen och uppdelningen av samf\u00e4lligheten. Det har tagit mycket kraft och tid av de f\u00f6rtroendevalda som haft ansvar f\u00f6r dessa uppgifter.<\/p>\n<h3>Kyrkovalet 17 september 2017<\/h3>\n<p>Under 2017 har styrelsen i POSK p\u00e5 \u00d6ster haft fokus p\u00e5 kyrkovalet den 17 september.<\/p>\n<p>Det har bland annat handlat om att g\u00f6ra en kandidatlista till kyrkofullm\u00e4ktige f\u00f6r \u00d6rgryte pastorat. F\u00f6r detta \u00e4ndam\u00e5l h\u00f6lls ett nomineringsm\u00f6te den 16 mars d\u00e4r de 14 n\u00e4rvarande medlemmarna fick chansen att tycka till om det f\u00f6rslag som styrelsen tagit fram. I den processen skulle h\u00e4nsyn tas till flera faktorer: f\u00f6rsamling, erfarenhet, \u00e5lder och k\u00f6n.<\/p>\n<p>Styrelsen hade tagit fram ett gemensamt program som fastst\u00e4lldes p\u00e5 \u00e5rsm\u00f6tet. Detta program l\u00e4t styrelsen sedan trycka upp i A6-format f\u00f6r utdelning och man best\u00e4llde ocks\u00e5 den kyrkovalstidning som riks-POSK tagit fram. Dessutom satte styrelsen in en annons i den lokala tidningen \u201d\u00d6rgryte &amp; H\u00e4rlanda Posten\u201d.<\/p>\n<p>P\u00e5 internet har information funnits om f\u00f6reningen, styrelsen, samt v\u00e5r kandidatlista till kyrkofullm\u00e4ktige.<\/p>\n<p><strong>www.posk.se\/orgryte-pastorat\/<\/strong><\/p>\n<p>Carina Etander Rimborg deltog i den valdebatt som ordnades av valn\u00e4mnden i H\u00e4rlanda f\u00f6rsamling den 3 september.<\/p>\n<p>Under september sattes det upp valaffischer runt om i \u00d6rgryte pastorat.<\/p>\n<p>Under valdagen var POSK:are representerade vid alla vallokaler under hela s\u00f6ndagen.<\/p>\n<p>\u00d6ver hela landet var det ett rekordh\u00f6gt valdeltagande. I \u00d6rgryte pastorat gick 20,75 procent av de r\u00f6stber\u00e4ttigade och r\u00f6stade.<\/p>\n<p>Resultatet av kyrkovalet blev:\u00a0\u00a0\u00a0\u00a0\u00a0\u00a0\u00a0\u00a0\u00a0\u00a0\u00a0\u00a0\u00a0\u00a0\u00a0\u00a0\u00a0\u00a0\u00a0\u00a0\u00a0 \u00a0\u00a0\u00a0\u00a0\u00a0\u00a0 %\u00a0\u00a0\u00a0\u00a0\u00a0\u00a0\u00a0\u00a0\u00a0\u00a0\u00a0\u00a0\u00a0\u00a0\u00a0\u00a0\u00a0\u00a0\u00a0\u00a0\u00a0 \u00a0\u00a0 R\u00f6ster\u00a0\u00a0\u00a0\u00a0\u00a0\u00a0\u00a0\u00a0\u00a0\u00a0\u00a0\u00a0\u00a0\u00a0\u00a0\u00a0\u00a0\u00a0\u00a0\u00a0\u00a0 Mandat<\/p>\n<table>\n<tbody>\n<tr>\n<td><a href=\"http:\/\/www.socialdemokraterna.se\/svenskakyrkan\">Arbetarepartiet &#8211; Socialdemokraterna<\/a> (S)<\/td>\n<td>28,18<\/td>\n<td>\u00a0\u00a0 1729<\/td>\n<td>\u00a0\u00a0\u00a0\u00a0 10<\/td>\n<\/tr>\n<tr>\n<td><a href=\"http:\/\/www.fiskarna.net\">Fria liberaler i Svenska kyrkan FiSK<\/a> (FiSK)<\/td>\n<td>7,35<\/td>\n<td>451<\/td>\n<td>3<\/td>\n<\/tr>\n<tr>\n<td><a href=\"http:\/\/www.frimodigkyrka.se\">Frimodig kyrka<\/a> (FK)<\/td>\n<td>6,93<\/td>\n<td>425<\/td>\n<td>2<\/td>\n<\/tr>\n<tr>\n<td><a href=\"http:\/\/www.posk.se\">Partipolitiskt obundna i Svenska kyrkan<\/a> (POSK)<\/td>\n<td>21,52<\/td>\n<td>1320<\/td>\n<td>7<\/td>\n<\/tr>\n<tr>\n<td><a href=\"http:\/\/www.oppenkyrka.se\">\u00d6ppen kyrka &#8212; en kyrka f\u00f6r alla<\/a> (\u00d6KA)<\/td>\n<td>36,02<\/td>\n<td>2210<\/td>\n<td>13<\/td>\n<\/tr>\n<\/tbody>\n<\/table>\n<p>POSK blev tredje st\u00f6rsta grupp och det \u00e4r ett resultat som inte \u00e4r s\u00e5 bra som vi hade \u00f6nskat eller r\u00e4knat med.<\/p>\n<p>www.posk.se\/orgryte-pastorat\/valda-ledamoter\/<\/p>\n<p>Ordinarie ledam\u00f6ter f\u00f6r POSK i \u00d6rgryte pastorats <strong>kyrkofullm\u00e4ktige<\/strong> \u00e4r:<\/p>\n<ul>\n<li>Carina Etander Rimborg (2:e vice ordf\u00f6rande)<\/li>\n<li>Meri Brandel<\/li>\n<li>Nils Olof Ericsson<\/li>\n<li>Stina Knutsson<\/li>\n<li>Mikael Palmqvist<\/li>\n<li>Ann Margret Hamrin<\/li>\n<li>Lennart Nilsson<\/li>\n<\/ul>\n<p>Ers\u00e4ttare \u00e4r:<\/p>\n<ul>\n<li>Mart Saar<\/li>\n<li>Ludwig Halldner<\/li>\n<li>Emma Dahlgren Mensah<\/li>\n<li>Inger Mj\u00f6rnvall<\/li>\n<\/ul>\n<h3>F\u00f6rsamlingsr\u00e5den:<\/h3>\n<p>Nomineringsm\u00f6ten f\u00f6r f\u00f6rsamlingsr\u00e5den genomf\u00f6rdes den 26 november i de fyra f\u00f6rsamlingarna. F\u00f6r dessa m\u00f6ten var IDAU (indelningsdelegerades arbetsutskott) ansvariga.<\/p>\n<p>De nomineringar som togs fram vid dessa m\u00f6ten l\u00e4mnades till kyrkofullm\u00e4ktiges valberedning, som sammanst\u00e4llde ett f\u00f6rslag.<\/p>\n<p>Det blev ett f\u00f6rslag som inte tog h\u00e4nsyn till de lokala nomineringarna i f\u00f6rsamlingarna och POSK:s representant i valberedningen reserverade sig mot valberedningens f\u00f6rslag. Detsamma gjorde hela POSK-gruppen tillsammans med Frimodig kyrka vid kyrkofullm\u00e4ktiges sammantr\u00e4de, d\u00e4r f\u00f6rsamlingsr\u00e5den uts\u00e5gs. Kyrkofullm\u00e4ktige uts\u00e5g f\u00f6rsamlingsr\u00e5den enligt valberedningens f\u00f6rslag. F\u00f6rsamlingsr\u00e5den \u00e4r valda p\u00e5 tv\u00e5 \u00e5r.<\/p>\n<p><strong>www.posk.se\/orgryte-pastorat\/valda-ledamoter\/<\/strong><\/p>\n<h3>Kyrkor\u00e5det:<\/h3>\n<p>Kyrkofullm\u00e4ktige uts\u00e5g ocks\u00e5 kyrkor\u00e5det enligt valberedningens f\u00f6rslag. I kyrkor\u00e5det har POSK f\u00e5tt tv\u00e5 ordinarie platser och tv\u00e5 ers\u00e4ttare. V\u00e5ra ordinarie ledam\u00f6ter \u00e4r Meri Brandel (som ocks\u00e5 \u00e4r 2:e vice ordf\u00f6rande) och Stina Knutsson. V\u00e5ra ers\u00e4ttare \u00e4r Mart Saar och<br \/>\nNils Olof Ericsson. POSK har d\u00e4rmed en representant fr\u00e5n varje f\u00f6rsamling i kyrkor\u00e5det.<\/p>\n<p><strong>www.posk.se\/orgryte-pastorat\/valda-ledamoter\/<\/strong><\/p>\n<h3>\u00d6vriga POSK-m\u00f6ten<\/h3>\n<p>Representanter f\u00f6r styrelsen har ocks\u00e5 varit n\u00e4rvarande vid POSK:s h\u00f6stm\u00f6te och \u00e5rsm\u00f6te, och vid riks-POSK:s \u00e5rsm\u00f6te.<\/p>\n<p>Carina Etander Rimborg sitter ocks\u00e5 i kyrkom\u00f6tet och \u00e4r d\u00e4r 2:e vice ordf\u00f6rande.<\/p>\n<p>Mats Rimborg \u00e4r kass\u00f6r i riks-POSK:s styrelse, samt ordf\u00f6rande i POSK i G\u00f6teborgs stift.<\/p>\n<h3>Medlemmar och ekonomi<\/h3>\n<p>Den 31 december 2017 hade f\u00f6reningen 44 betalande medlemmar. Som sig b\u00f6r s\u00e5 har styrelsen anv\u00e4nt pengarna i kassan f\u00f6r valarbetet och det fanns endast 1 076 kronor kvar i kassan vid utg\u00e5ngen av 2017.<\/p>\n<p>Nu g\u00e4ller det att bygga upp den organisation som beh\u00f6vs inf\u00f6r n\u00e4sta val, b\u00e5de i medlemmar och ekonomi.<\/p>\n<p><strong><em>P\u00e5 styrelsens uppdrag <\/em><\/strong><\/p>\n<p><strong><em>\/Carina Etander Rimborg ordf\u00f6rande <\/em><\/strong><\/p>\n","protected":false},"excerpt":{"rendered":"<p>Kallelse till alla POSK:are i Bj\u00f6rkek\u00e4rr, S:t Pauli, H\u00e4rlanda och \u00d6rgryte f\u00f6rsamlingar. Kallelse till \u00e5rsm\u00f6te 2018 med POSK p\u00e5 \u00d6ster M\u00e5ndag 26 mars kl 18:30 i \u00d6rgryte f\u00f6rsamlingshem, Lilla salen. G\u00e4st \u00e4r POSKs riksordf\u00f6rande Hans-Olof Andr\u00e9n. F\u00f6redragningslista \u00c5rsm\u00f6tets \u00f6ppnande och fastst\u00e4llande om beh\u00f6riga utlysande. (enligt \u00a7 6 i \u00a0\u00a0\u00a0\u00a0\u00a0\u00a0\u00a0\u00a0\u00a0\u00a0\u00a0\u00a0\u00a0\u00a0 stadgarna ska kallelsen skickas ut tv\u00e5 [&hellip;]<\/p>\n","protected":false},"author":76,"featured_media":0,"parent":191,"menu_order":7,"comment_status":"closed","ping_status":"closed","template":"page-templates\/page-sidebar-left.php","meta":{"_acf_changed":false,"footnotes":""},"class_list":["post-202","page","type-page","status-publish","hentry"],"acf":[],"yoast_head":"<!-- This site is optimized with the Yoast SEO plugin v24.9 - https:\/\/yoast.com\/wordpress\/plugins\/seo\/ -->\n<title>\u00c5rsm\u00f6te 2018 - \u00d6rgryte pastorat<\/title>\n<meta name=\"robots\" content=\"index, follow, max-snippet:-1, max-image-preview:large, max-video-preview:-1\" \/>\n<link rel=\"canonical\" href=\"https:\/\/www.posk.se\/orgryte-pastorat\/arsmote\/arsmote-2018\/\" \/>\n<meta property=\"og:locale\" content=\"sv_SE\" \/>\n<meta property=\"og:type\" content=\"article\" \/>\n<meta property=\"og:title\" content=\"\u00c5rsm\u00f6te 2018 - \u00d6rgryte pastorat\" \/>\n<meta property=\"og:description\" content=\"Kallelse till alla POSK:are i Bj\u00f6rkek\u00e4rr, S:t Pauli, H\u00e4rlanda och \u00d6rgryte f\u00f6rsamlingar. Kallelse till \u00e5rsm\u00f6te 2018 med POSK p\u00e5 \u00d6ster M\u00e5ndag 26 mars kl 18:30 i \u00d6rgryte f\u00f6rsamlingshem, Lilla salen. G\u00e4st \u00e4r POSKs riksordf\u00f6rande Hans-Olof Andr\u00e9n. F\u00f6redragningslista \u00c5rsm\u00f6tets \u00f6ppnande och fastst\u00e4llande om beh\u00f6riga utlysande. (enligt \u00a7 6 i \u00a0\u00a0\u00a0\u00a0\u00a0\u00a0\u00a0\u00a0\u00a0\u00a0\u00a0\u00a0\u00a0\u00a0 stadgarna ska kallelsen skickas ut tv\u00e5 [&hellip;]\" \/>\n<meta property=\"og:url\" content=\"https:\/\/www.posk.se\/orgryte-pastorat\/arsmote\/arsmote-2018\/\" \/>\n<meta property=\"og:site_name\" content=\"\u00d6rgryte pastorat\" \/>\n<meta property=\"article:modified_time\" content=\"2018-03-31T06:13:27+00:00\" \/>\n<meta name=\"twitter:card\" content=\"summary_large_image\" \/>\n<meta name=\"twitter:label1\" content=\"Ber\u00e4knad l\u00e4stid\" \/>\n\t<meta name=\"twitter:data1\" content=\"7 minuter\" \/>\n<script type=\"application\/ld+json\" class=\"yoast-schema-graph\">{\"@context\":\"https:\/\/schema.org\",\"@graph\":[{\"@type\":\"WebPage\",\"@id\":\"https:\/\/www.posk.se\/orgryte-pastorat\/arsmote\/arsmote-2018\/\",\"url\":\"https:\/\/www.posk.se\/orgryte-pastorat\/arsmote\/arsmote-2018\/\",\"name\":\"\u00c5rsm\u00f6te 2018 - \u00d6rgryte pastorat\",\"isPartOf\":{\"@id\":\"https:\/\/www.posk.se\/orgryte-pastorat\/#website\"},\"datePublished\":\"2018-02-11T23:00:08+00:00\",\"dateModified\":\"2018-03-31T06:13:27+00:00\",\"breadcrumb\":{\"@id\":\"https:\/\/www.posk.se\/orgryte-pastorat\/arsmote\/arsmote-2018\/#breadcrumb\"},\"inLanguage\":\"sv-SE\",\"potentialAction\":[{\"@type\":\"ReadAction\",\"target\":[\"https:\/\/www.posk.se\/orgryte-pastorat\/arsmote\/arsmote-2018\/\"]}]},{\"@type\":\"BreadcrumbList\",\"@id\":\"https:\/\/www.posk.se\/orgryte-pastorat\/arsmote\/arsmote-2018\/#breadcrumb\",\"itemListElement\":[{\"@type\":\"ListItem\",\"position\":1,\"name\":\"Hem\",\"item\":\"https:\/\/www.posk.se\/orgryte-pastorat\/\"},{\"@type\":\"ListItem\",\"position\":2,\"name\":\"\u00c5rsm\u00f6ten\",\"item\":\"https:\/\/www.posk.se\/orgryte-pastorat\/arsmote\/\"},{\"@type\":\"ListItem\",\"position\":3,\"name\":\"\u00c5rsm\u00f6te 2018\"}]},{\"@type\":\"WebSite\",\"@id\":\"https:\/\/www.posk.se\/orgryte-pastorat\/#website\",\"url\":\"https:\/\/www.posk.se\/orgryte-pastorat\/\",\"name\":\"\u00d6rgryte pastorat\",\"description\":\"POSK-grupp i G\u00f6teborgs stift\",\"potentialAction\":[{\"@type\":\"SearchAction\",\"target\":{\"@type\":\"EntryPoint\",\"urlTemplate\":\"https:\/\/www.posk.se\/orgryte-pastorat\/?s={search_term_string}\"},\"query-input\":{\"@type\":\"PropertyValueSpecification\",\"valueRequired\":true,\"valueName\":\"search_term_string\"}}],\"inLanguage\":\"sv-SE\"}]}<\/script>\n<!-- \/ Yoast SEO plugin. -->","yoast_head_json":{"title":"\u00c5rsm\u00f6te 2018 - \u00d6rgryte pastorat","robots":{"index":"index","follow":"follow","max-snippet":"max-snippet:-1","max-image-preview":"max-image-preview:large","max-video-preview":"max-video-preview:-1"},"canonical":"https:\/\/www.posk.se\/orgryte-pastorat\/arsmote\/arsmote-2018\/","og_locale":"sv_SE","og_type":"article","og_title":"\u00c5rsm\u00f6te 2018 - \u00d6rgryte pastorat","og_description":"Kallelse till alla POSK:are i Bj\u00f6rkek\u00e4rr, S:t Pauli, H\u00e4rlanda och \u00d6rgryte f\u00f6rsamlingar. Kallelse till \u00e5rsm\u00f6te 2018 med POSK p\u00e5 \u00d6ster M\u00e5ndag 26 mars kl 18:30 i \u00d6rgryte f\u00f6rsamlingshem, Lilla salen. G\u00e4st \u00e4r POSKs riksordf\u00f6rande Hans-Olof Andr\u00e9n. F\u00f6redragningslista \u00c5rsm\u00f6tets \u00f6ppnande och fastst\u00e4llande om beh\u00f6riga utlysande. (enligt \u00a7 6 i \u00a0\u00a0\u00a0\u00a0\u00a0\u00a0\u00a0\u00a0\u00a0\u00a0\u00a0\u00a0\u00a0\u00a0 stadgarna ska kallelsen skickas ut tv\u00e5 [&hellip;]","og_url":"https:\/\/www.posk.se\/orgryte-pastorat\/arsmote\/arsmote-2018\/","og_site_name":"\u00d6rgryte pastorat","article_modified_time":"2018-03-31T06:13:27+00:00","twitter_card":"summary_large_image","twitter_misc":{"Ber\u00e4knad l\u00e4stid":"7 minuter"},"schema":{"@context":"https:\/\/schema.org","@graph":[{"@type":"WebPage","@id":"https:\/\/www.posk.se\/orgryte-pastorat\/arsmote\/arsmote-2018\/","url":"https:\/\/www.posk.se\/orgryte-pastorat\/arsmote\/arsmote-2018\/","name":"\u00c5rsm\u00f6te 2018 - \u00d6rgryte pastorat","isPartOf":{"@id":"https:\/\/www.posk.se\/orgryte-pastorat\/#website"},"datePublished":"2018-02-11T23:00:08+00:00","dateModified":"2018-03-31T06:13:27+00:00","breadcrumb":{"@id":"https:\/\/www.posk.se\/orgryte-pastorat\/arsmote\/arsmote-2018\/#breadcrumb"},"inLanguage":"sv-SE","potentialAction":[{"@type":"ReadAction","target":["https:\/\/www.posk.se\/orgryte-pastorat\/arsmote\/arsmote-2018\/"]}]},{"@type":"BreadcrumbList","@id":"https:\/\/www.posk.se\/orgryte-pastorat\/arsmote\/arsmote-2018\/#breadcrumb","itemListElement":[{"@type":"ListItem","position":1,"name":"Hem","item":"https:\/\/www.posk.se\/orgryte-pastorat\/"},{"@type":"ListItem","position":2,"name":"\u00c5rsm\u00f6ten","item":"https:\/\/www.posk.se\/orgryte-pastorat\/arsmote\/"},{"@type":"ListItem","position":3,"name":"\u00c5rsm\u00f6te 2018"}]},{"@type":"WebSite","@id":"https:\/\/www.posk.se\/orgryte-pastorat\/#website","url":"https:\/\/www.posk.se\/orgryte-pastorat\/","name":"\u00d6rgryte pastorat","description":"POSK-grupp i G\u00f6teborgs stift","potentialAction":[{"@type":"SearchAction","target":{"@type":"EntryPoint","urlTemplate":"https:\/\/www.posk.se\/orgryte-pastorat\/?s={search_term_string}"},"query-input":{"@type":"PropertyValueSpecification","valueRequired":true,"valueName":"search_term_string"}}],"inLanguage":"sv-SE"}]}},"_links":{"self":[{"href":"https:\/\/www.posk.se\/orgryte-pastorat\/wp-json\/wp\/v2\/pages\/202","targetHints":{"allow":["GET"]}}],"collection":[{"href":"https:\/\/www.posk.se\/orgryte-pastorat\/wp-json\/wp\/v2\/pages"}],"about":[{"href":"https:\/\/www.posk.se\/orgryte-pastorat\/wp-json\/wp\/v2\/types\/page"}],"author":[{"embeddable":true,"href":"https:\/\/www.posk.se\/orgryte-pastorat\/wp-json\/wp\/v2\/users\/76"}],"replies":[{"embeddable":true,"href":"https:\/\/www.posk.se\/orgryte-pastorat\/wp-json\/wp\/v2\/comments?post=202"}],"version-history":[{"count":8,"href":"https:\/\/www.posk.se\/orgryte-pastorat\/wp-json\/wp\/v2\/pages\/202\/revisions"}],"predecessor-version":[{"id":222,"href":"https:\/\/www.posk.se\/orgryte-pastorat\/wp-json\/wp\/v2\/pages\/202\/revisions\/222"}],"up":[{"embeddable":true,"href":"https:\/\/www.posk.se\/orgryte-pastorat\/wp-json\/wp\/v2\/pages\/191"}],"wp:attachment":[{"href":"https:\/\/www.posk.se\/orgryte-pastorat\/wp-json\/wp\/v2\/media?parent=202"}],"curies":[{"name":"wp","href":"https:\/\/api.w.org\/{rel}","templated":true}]}}