{"id":539,"date":"2025-03-14T20:35:45","date_gmt":"2025-03-14T19:35:45","guid":{"rendered":"https:\/\/www.posk.se\/orebro\/?page_id=539"},"modified":"2025-04-27T20:42:24","modified_gmt":"2025-04-27T18:42:24","slug":"for-mandatperioden-2026-2029","status":"publish","type":"page","link":"https:\/\/www.posk.se\/orebro\/valprogram\/for-mandatperioden-2026-2029\/","title":{"rendered":"F\u00f6r mandatperioden 2026\u20132029"},"content":{"rendered":"<h3><strong>Vision och program mandatperioden 2026-2029<\/strong><\/h3>\n<p><strong><a href=\"https:\/\/www.posk.se\/orebro\/wp-content\/uploads\/sites\/157\/2025\/03\/vision-och-program-mandatperioden-2025-2029.pdf\">Vision och program mandatperioden 2025-2029<\/a><\/strong><\/p>\n<p>&nbsp;<\/p>\n<h3><strong><span style=\"color: #993300\">Om programmet<\/span><\/strong><\/h3>\n<h3><strong><span style=\"color: #993300\">POSKs vision och uppdrag g\u00e4ller hela Svenska kyrkan.<\/span><\/strong><\/h3>\n<h5>Programmet beskriver vad POSK s\u00e4rskilt vill<br \/>\narbeta med och f\u00f6r\u00e4ndra, och de \u00e4mnen som behandlas p\u00e5verkar alla kyrkans demokratiska niv\u00e5er,<br \/>\n\u00e4ven om merparten handlar om s\u00e5dant som beslutas p\u00e5 nationell niv\u00e5.<\/h5>\n<h5>Programmet anv\u00e4nds som information till alla som r\u00f6star i kyrkovalet och till lokala grupper, som<br \/>\nv\u00e4gledning f\u00f6r nya kandidater och f\u00f6rtroendevalda, och som hj\u00e4lp \u00e5t alla engagerade att reflektera<br \/>\n\u00f6ver Svenska kyrkans framtid.<\/h5>\n<p>&nbsp;<\/p>\n<p><img loading=\"lazy\" decoding=\"async\" class=\"alignnone size-large wp-image-540\" src=\"https:\/\/www.posk.se\/orebro\/wp-content\/uploads\/sites\/157\/2025\/03\/1741980724482-744x1024.jpg\" alt=\"\" width=\"744\" height=\"1024\" srcset=\"https:\/\/www.posk.se\/orebro\/wp-content\/uploads\/sites\/157\/2025\/03\/1741980724482-744x1024.jpg 744w, https:\/\/www.posk.se\/orebro\/wp-content\/uploads\/sites\/157\/2025\/03\/1741980724482-218x300.jpg 218w, https:\/\/www.posk.se\/orebro\/wp-content\/uploads\/sites\/157\/2025\/03\/1741980724482-768x1057.jpg 768w, https:\/\/www.posk.se\/orebro\/wp-content\/uploads\/sites\/157\/2025\/03\/1741980724482-330x454.jpg 330w, https:\/\/www.posk.se\/orebro\/wp-content\/uploads\/sites\/157\/2025\/03\/1741980724482.jpg 1080w\" sizes=\"auto, (max-width: 744px) 100vw, 744px\" \/><\/p>\n","protected":false},"excerpt":{"rendered":"<p>Vision och program mandatperioden 2026-2029 Vision och program mandatperioden 2025-2029 &nbsp; Om programmet POSKs vision och uppdrag g\u00e4ller hela Svenska kyrkan. Programmet beskriver vad POSK s\u00e4rskilt vill arbeta med och f\u00f6r\u00e4ndra, och de \u00e4mnen som behandlas p\u00e5verkar alla kyrkans demokratiska niv\u00e5er, \u00e4ven om merparten handlar om s\u00e5dant som beslutas p\u00e5 nationell niv\u00e5. Programmet anv\u00e4nds som [&hellip;]<\/p>\n","protected":false},"author":1908,"featured_media":0,"parent":260,"menu_order":1,"comment_status":"closed","ping_status":"closed","template":"","meta":{"_acf_changed":false,"footnotes":""},"class_list":["post-539","page","type-page","status-publish","hentry"],"acf":[],"yoast_head":"<!-- This site is optimized with the Yoast SEO plugin v24.9 - https:\/\/yoast.com\/wordpress\/plugins\/seo\/ -->\n<title>F\u00f6r mandatperioden 2026\u20132029 - \u00d6rebro<\/title>\n<meta name=\"robots\" content=\"index, follow, max-snippet:-1, max-image-preview:large, max-video-preview:-1\" \/>\n<link rel=\"canonical\" href=\"https:\/\/www.posk.se\/orebro\/valprogram\/for-mandatperioden-2026-2029\/\" \/>\n<meta property=\"og:locale\" content=\"sv_SE\" \/>\n<meta property=\"og:type\" content=\"article\" \/>\n<meta property=\"og:title\" content=\"F\u00f6r mandatperioden 2026\u20132029 - \u00d6rebro\" \/>\n<meta property=\"og:description\" content=\"Vision och program mandatperioden 2026-2029 Vision och program mandatperioden 2025-2029 &nbsp; Om programmet POSKs vision och uppdrag g\u00e4ller hela Svenska kyrkan. Programmet beskriver vad POSK s\u00e4rskilt vill arbeta med och f\u00f6r\u00e4ndra, och de \u00e4mnen som behandlas p\u00e5verkar alla kyrkans demokratiska niv\u00e5er, \u00e4ven om merparten handlar om s\u00e5dant som beslutas p\u00e5 nationell niv\u00e5. Programmet anv\u00e4nds som [&hellip;]\" \/>\n<meta property=\"og:url\" content=\"https:\/\/www.posk.se\/orebro\/valprogram\/for-mandatperioden-2026-2029\/\" \/>\n<meta property=\"og:site_name\" content=\"\u00d6rebro\" \/>\n<meta property=\"article:modified_time\" content=\"2025-04-27T18:42:24+00:00\" \/>\n<meta property=\"og:image\" content=\"https:\/\/www.posk.se\/orebro\/wp-content\/uploads\/sites\/157\/2025\/03\/1741980724482.jpg\" \/>\n\t<meta property=\"og:image:width\" content=\"1080\" \/>\n\t<meta property=\"og:image:height\" content=\"1487\" \/>\n\t<meta property=\"og:image:type\" content=\"image\/jpeg\" \/>\n<meta name=\"twitter:card\" content=\"summary_large_image\" \/>\n<meta name=\"twitter:label1\" content=\"Ber\u00e4knad l\u00e4stid\" \/>\n\t<meta name=\"twitter:data1\" content=\"1 minut\" \/>\n<script type=\"application\/ld+json\" class=\"yoast-schema-graph\">{\"@context\":\"https:\/\/schema.org\",\"@graph\":[{\"@type\":\"WebPage\",\"@id\":\"https:\/\/www.posk.se\/orebro\/valprogram\/for-mandatperioden-2026-2029\/\",\"url\":\"https:\/\/www.posk.se\/orebro\/valprogram\/for-mandatperioden-2026-2029\/\",\"name\":\"F\u00f6r mandatperioden 2026\u20132029 - \u00d6rebro\",\"isPartOf\":{\"@id\":\"https:\/\/www.posk.se\/orebro\/#website\"},\"primaryImageOfPage\":{\"@id\":\"https:\/\/www.posk.se\/orebro\/valprogram\/for-mandatperioden-2026-2029\/#primaryimage\"},\"image\":{\"@id\":\"https:\/\/www.posk.se\/orebro\/valprogram\/for-mandatperioden-2026-2029\/#primaryimage\"},\"thumbnailUrl\":\"https:\/\/www.posk.se\/orebro\/wp-content\/uploads\/sites\/157\/2025\/03\/1741980724482-744x1024.jpg\",\"datePublished\":\"2025-03-14T19:35:45+00:00\",\"dateModified\":\"2025-04-27T18:42:24+00:00\",\"breadcrumb\":{\"@id\":\"https:\/\/www.posk.se\/orebro\/valprogram\/for-mandatperioden-2026-2029\/#breadcrumb\"},\"inLanguage\":\"sv-SE\",\"potentialAction\":[{\"@type\":\"ReadAction\",\"target\":[\"https:\/\/www.posk.se\/orebro\/valprogram\/for-mandatperioden-2026-2029\/\"]}]},{\"@type\":\"ImageObject\",\"inLanguage\":\"sv-SE\",\"@id\":\"https:\/\/www.posk.se\/orebro\/valprogram\/for-mandatperioden-2026-2029\/#primaryimage\",\"url\":\"https:\/\/www.posk.se\/orebro\/wp-content\/uploads\/sites\/157\/2025\/03\/1741980724482.jpg\",\"contentUrl\":\"https:\/\/www.posk.se\/orebro\/wp-content\/uploads\/sites\/157\/2025\/03\/1741980724482.jpg\",\"width\":1080,\"height\":1487},{\"@type\":\"BreadcrumbList\",\"@id\":\"https:\/\/www.posk.se\/orebro\/valprogram\/for-mandatperioden-2026-2029\/#breadcrumb\",\"itemListElement\":[{\"@type\":\"ListItem\",\"position\":1,\"name\":\"Hem\",\"item\":\"https:\/\/www.posk.se\/orebro\/\"},{\"@type\":\"ListItem\",\"position\":2,\"name\":\"Valprogram\",\"item\":\"https:\/\/www.posk.se\/orebro\/valprogram\/\"},{\"@type\":\"ListItem\",\"position\":3,\"name\":\"F\u00f6r mandatperioden 2026\u20132029\"}]},{\"@type\":\"WebSite\",\"@id\":\"https:\/\/www.posk.se\/orebro\/#website\",\"url\":\"https:\/\/www.posk.se\/orebro\/\",\"name\":\"\u00d6rebro\",\"description\":\"POSK-grupp i Str\u00e4ngn\u00e4s stift\",\"potentialAction\":[{\"@type\":\"SearchAction\",\"target\":{\"@type\":\"EntryPoint\",\"urlTemplate\":\"https:\/\/www.posk.se\/orebro\/?s={search_term_string}\"},\"query-input\":{\"@type\":\"PropertyValueSpecification\",\"valueRequired\":true,\"valueName\":\"search_term_string\"}}],\"inLanguage\":\"sv-SE\"}]}<\/script>\n<!-- \/ Yoast SEO plugin. -->","yoast_head_json":{"title":"F\u00f6r mandatperioden 2026\u20132029 - \u00d6rebro","robots":{"index":"index","follow":"follow","max-snippet":"max-snippet:-1","max-image-preview":"max-image-preview:large","max-video-preview":"max-video-preview:-1"},"canonical":"https:\/\/www.posk.se\/orebro\/valprogram\/for-mandatperioden-2026-2029\/","og_locale":"sv_SE","og_type":"article","og_title":"F\u00f6r mandatperioden 2026\u20132029 - \u00d6rebro","og_description":"Vision och program mandatperioden 2026-2029 Vision och program mandatperioden 2025-2029 &nbsp; Om programmet POSKs vision och uppdrag g\u00e4ller hela Svenska kyrkan. Programmet beskriver vad POSK s\u00e4rskilt vill arbeta med och f\u00f6r\u00e4ndra, och de \u00e4mnen som behandlas p\u00e5verkar alla kyrkans demokratiska niv\u00e5er, \u00e4ven om merparten handlar om s\u00e5dant som beslutas p\u00e5 nationell niv\u00e5. Programmet anv\u00e4nds som [&hellip;]","og_url":"https:\/\/www.posk.se\/orebro\/valprogram\/for-mandatperioden-2026-2029\/","og_site_name":"\u00d6rebro","article_modified_time":"2025-04-27T18:42:24+00:00","og_image":[{"width":1080,"height":1487,"url":"https:\/\/www.posk.se\/orebro\/wp-content\/uploads\/sites\/157\/2025\/03\/1741980724482.jpg","type":"image\/jpeg"}],"twitter_card":"summary_large_image","twitter_misc":{"Ber\u00e4knad l\u00e4stid":"1 minut"},"schema":{"@context":"https:\/\/schema.org","@graph":[{"@type":"WebPage","@id":"https:\/\/www.posk.se\/orebro\/valprogram\/for-mandatperioden-2026-2029\/","url":"https:\/\/www.posk.se\/orebro\/valprogram\/for-mandatperioden-2026-2029\/","name":"F\u00f6r mandatperioden 2026\u20132029 - \u00d6rebro","isPartOf":{"@id":"https:\/\/www.posk.se\/orebro\/#website"},"primaryImageOfPage":{"@id":"https:\/\/www.posk.se\/orebro\/valprogram\/for-mandatperioden-2026-2029\/#primaryimage"},"image":{"@id":"https:\/\/www.posk.se\/orebro\/valprogram\/for-mandatperioden-2026-2029\/#primaryimage"},"thumbnailUrl":"https:\/\/www.posk.se\/orebro\/wp-content\/uploads\/sites\/157\/2025\/03\/1741980724482-744x1024.jpg","datePublished":"2025-03-14T19:35:45+00:00","dateModified":"2025-04-27T18:42:24+00:00","breadcrumb":{"@id":"https:\/\/www.posk.se\/orebro\/valprogram\/for-mandatperioden-2026-2029\/#breadcrumb"},"inLanguage":"sv-SE","potentialAction":[{"@type":"ReadAction","target":["https:\/\/www.posk.se\/orebro\/valprogram\/for-mandatperioden-2026-2029\/"]}]},{"@type":"ImageObject","inLanguage":"sv-SE","@id":"https:\/\/www.posk.se\/orebro\/valprogram\/for-mandatperioden-2026-2029\/#primaryimage","url":"https:\/\/www.posk.se\/orebro\/wp-content\/uploads\/sites\/157\/2025\/03\/1741980724482.jpg","contentUrl":"https:\/\/www.posk.se\/orebro\/wp-content\/uploads\/sites\/157\/2025\/03\/1741980724482.jpg","width":1080,"height":1487},{"@type":"BreadcrumbList","@id":"https:\/\/www.posk.se\/orebro\/valprogram\/for-mandatperioden-2026-2029\/#breadcrumb","itemListElement":[{"@type":"ListItem","position":1,"name":"Hem","item":"https:\/\/www.posk.se\/orebro\/"},{"@type":"ListItem","position":2,"name":"Valprogram","item":"https:\/\/www.posk.se\/orebro\/valprogram\/"},{"@type":"ListItem","position":3,"name":"F\u00f6r mandatperioden 2026\u20132029"}]},{"@type":"WebSite","@id":"https:\/\/www.posk.se\/orebro\/#website","url":"https:\/\/www.posk.se\/orebro\/","name":"\u00d6rebro","description":"POSK-grupp i Str\u00e4ngn\u00e4s stift","potentialAction":[{"@type":"SearchAction","target":{"@type":"EntryPoint","urlTemplate":"https:\/\/www.posk.se\/orebro\/?s={search_term_string}"},"query-input":{"@type":"PropertyValueSpecification","valueRequired":true,"valueName":"search_term_string"}}],"inLanguage":"sv-SE"}]}},"_links":{"self":[{"href":"https:\/\/www.posk.se\/orebro\/wp-json\/wp\/v2\/pages\/539","targetHints":{"allow":["GET"]}}],"collection":[{"href":"https:\/\/www.posk.se\/orebro\/wp-json\/wp\/v2\/pages"}],"about":[{"href":"https:\/\/www.posk.se\/orebro\/wp-json\/wp\/v2\/types\/page"}],"author":[{"embeddable":true,"href":"https:\/\/www.posk.se\/orebro\/wp-json\/wp\/v2\/users\/1908"}],"replies":[{"embeddable":true,"href":"https:\/\/www.posk.se\/orebro\/wp-json\/wp\/v2\/comments?post=539"}],"version-history":[{"count":17,"href":"https:\/\/www.posk.se\/orebro\/wp-json\/wp\/v2\/pages\/539\/revisions"}],"predecessor-version":[{"id":710,"href":"https:\/\/www.posk.se\/orebro\/wp-json\/wp\/v2\/pages\/539\/revisions\/710"}],"up":[{"embeddable":true,"href":"https:\/\/www.posk.se\/orebro\/wp-json\/wp\/v2\/pages\/260"}],"wp:attachment":[{"href":"https:\/\/www.posk.se\/orebro\/wp-json\/wp\/v2\/media?parent=539"}],"curies":[{"name":"wp","href":"https:\/\/api.w.org\/{rel}","templated":true}]}}