{"id":421,"date":"2025-03-05T09:02:41","date_gmt":"2025-03-05T08:02:41","guid":{"rendered":"https:\/\/www.posk.se\/orebro\/?page_id=421"},"modified":"2025-04-09T10:17:55","modified_gmt":"2025-04-09T08:17:55","slug":"posks-representanter-i-kyrkofullmaktige","status":"publish","type":"page","link":"https:\/\/www.posk.se\/orebro\/om-oss\/posks-representanter-i-kyrkofullmaktige\/","title":{"rendered":"POSKs representanter i Kyrkofullm\u00e4ktige"},"content":{"rendered":"<h4 class=\"p1\"><span class=\"s1\">Hans Fredlund, ledamot<\/span><\/h4>\n<h4 class=\"p1\"><span class=\"s1\">Gabriel Sj\u00f6lin, ledamot<\/span><\/h4>\n<h4 class=\"p1\"><span class=\"s1\">Marianne Sindmark, ledamot<\/span><\/h4>\n<h4 class=\"p1\"><span class=\"s1\">Torkel Freed, ledamot<\/span><\/h4>\n<h4 class=\"p1\"><span class=\"s1\">Karin Helmker, ledamot<\/span><\/h4>\n<h4 class=\"p1\"><span class=\"s1\">Ingmar N\u00e4slund, ledamot<\/span><\/h4>\n<h4 class=\"p1\"><span class=\"s1\">Margareta Grape, ledamot<\/span><\/h4>\n<h4 class=\"p1\"><span class=\"s1\">Leif Hjalmarsson, ledamot<\/span><\/h4>\n<h4 class=\"p1\"><span class=\"s1\">Kristina Lindfors, ledamot<\/span><\/h4>\n<h4 class=\"p1\"><span class=\"s1\">Curt Gustavsson, ledamot<\/span><\/h4>\n<h4 class=\"p1\"><span class=\"s1\">Elisabeth Lindsta, ledamot<\/span><\/h4>\n<h4 class=\"p1\"><span class=\"s1\">Linus \u00d6holm, ledamot<\/span><\/h4>\n<h4 class=\"p1\"><span class=\"s1\">Addiswa Stenstr\u00f6m, ledamot<\/span><\/h4>\n<h4 class=\"p1\"><span class=\"s1\">Johan Unger, ledamot<\/span><\/h4>\n<h4 class=\"p1\"><span class=\"s1\">Henrik Johansson, ers\u00e4ttare<\/span><\/h4>\n<h4 class=\"p1\"><span class=\"s1\">Margareta Bratt, ers\u00e4ttare<\/span><\/h4>\n<h4 class=\"p1\"><span class=\"s1\">G\u00f6ran H Johansson, ers\u00e4ttare<\/span><\/h4>\n<h4 class=\"p1\"><span class=\"s1\">Ingmari Rudin Gustavsson, ers\u00e4ttare<\/span><\/h4>\n<h4 class=\"p1\"><span class=\"s1\">Lisbeth Hjalmarsson, ers\u00e4ttare<\/span><\/h4>\n<h4 class=\"p1\"><span class=\"s1\">Alazar Menghestu, ers\u00e4ttare<\/span><\/h4>\n<h4 class=\"p1\"><span class=\"s1\">Paula Guldbrand, ers\u00e4ttare<\/span><\/h4>\n<h4 class=\"p1\"><span class=\"s1\">Ingvar Lundqvist, ers\u00e4ttare<\/span><\/h4>\n<h4><\/h4>\n<p><img loading=\"lazy\" decoding=\"async\" class=\"alignnone wp-image-360\" src=\"https:\/\/www.posk.se\/orebro\/wp-content\/uploads\/sites\/157\/2025\/03\/incollage-20230412-084056750-1024x819.jpg\" alt=\"\" width=\"613\" height=\"490\" srcset=\"https:\/\/www.posk.se\/orebro\/wp-content\/uploads\/sites\/157\/2025\/03\/incollage-20230412-084056750-1024x819.jpg 1024w, https:\/\/www.posk.se\/orebro\/wp-content\/uploads\/sites\/157\/2025\/03\/incollage-20230412-084056750-300x240.jpg 300w, https:\/\/www.posk.se\/orebro\/wp-content\/uploads\/sites\/157\/2025\/03\/incollage-20230412-084056750-768x614.jpg 768w, https:\/\/www.posk.se\/orebro\/wp-content\/uploads\/sites\/157\/2025\/03\/incollage-20230412-084056750-1536x1229.jpg 1536w, https:\/\/www.posk.se\/orebro\/wp-content\/uploads\/sites\/157\/2025\/03\/incollage-20230412-084056750-330x264.jpg 330w, https:\/\/www.posk.se\/orebro\/wp-content\/uploads\/sites\/157\/2025\/03\/incollage-20230412-084056750.jpg 2048w\" sizes=\"auto, (max-width: 613px) 100vw, 613px\" \/><\/p>\n","protected":false},"excerpt":{"rendered":"<p>Hans Fredlund, ledamot Gabriel Sj\u00f6lin, ledamot Marianne Sindmark, ledamot Torkel Freed, ledamot Karin Helmker, ledamot Ingmar N\u00e4slund, ledamot Margareta Grape, ledamot Leif Hjalmarsson, ledamot Kristina Lindfors, ledamot Curt Gustavsson, ledamot Elisabeth Lindsta, ledamot Linus \u00d6holm, ledamot Addiswa Stenstr\u00f6m, ledamot Johan Unger, ledamot Henrik Johansson, ers\u00e4ttare Margareta Bratt, ers\u00e4ttare G\u00f6ran H Johansson, ers\u00e4ttare Ingmari Rudin Gustavsson, [&hellip;]<\/p>\n","protected":false},"author":1908,"featured_media":0,"parent":84,"menu_order":2,"comment_status":"closed","ping_status":"closed","template":"","meta":{"_acf_changed":false,"footnotes":""},"class_list":["post-421","page","type-page","status-publish","hentry"],"acf":[],"yoast_head":"<!-- This site is optimized with the Yoast SEO plugin v24.9 - https:\/\/yoast.com\/wordpress\/plugins\/seo\/ -->\n<title>POSKs representanter i Kyrkofullm\u00e4ktige - \u00d6rebro<\/title>\n<meta name=\"robots\" content=\"index, follow, max-snippet:-1, max-image-preview:large, max-video-preview:-1\" \/>\n<link rel=\"canonical\" href=\"https:\/\/www.posk.se\/orebro\/om-oss\/posks-representanter-i-kyrkofullmaktige\/\" \/>\n<meta property=\"og:locale\" content=\"sv_SE\" \/>\n<meta property=\"og:type\" content=\"article\" \/>\n<meta property=\"og:title\" content=\"POSKs representanter i Kyrkofullm\u00e4ktige - \u00d6rebro\" \/>\n<meta property=\"og:description\" content=\"Hans Fredlund, ledamot Gabriel Sj\u00f6lin, ledamot Marianne Sindmark, ledamot Torkel Freed, ledamot Karin Helmker, ledamot Ingmar N\u00e4slund, ledamot Margareta Grape, ledamot Leif Hjalmarsson, ledamot Kristina Lindfors, ledamot Curt Gustavsson, ledamot Elisabeth Lindsta, ledamot Linus \u00d6holm, ledamot Addiswa Stenstr\u00f6m, ledamot Johan Unger, ledamot Henrik Johansson, ers\u00e4ttare Margareta Bratt, ers\u00e4ttare G\u00f6ran H Johansson, ers\u00e4ttare Ingmari Rudin Gustavsson, [&hellip;]\" \/>\n<meta property=\"og:url\" content=\"https:\/\/www.posk.se\/orebro\/om-oss\/posks-representanter-i-kyrkofullmaktige\/\" \/>\n<meta property=\"og:site_name\" content=\"\u00d6rebro\" \/>\n<meta property=\"article:modified_time\" content=\"2025-04-09T08:17:55+00:00\" \/>\n<meta property=\"og:image\" content=\"https:\/\/www.posk.se\/orebro\/wp-content\/uploads\/sites\/157\/2025\/03\/incollage-20230412-084056750.jpg\" \/>\n\t<meta property=\"og:image:width\" content=\"2048\" \/>\n\t<meta property=\"og:image:height\" content=\"1638\" \/>\n\t<meta property=\"og:image:type\" content=\"image\/jpeg\" \/>\n<meta name=\"twitter:card\" content=\"summary_large_image\" \/>\n<meta name=\"twitter:label1\" content=\"Ber\u00e4knad l\u00e4stid\" \/>\n\t<meta name=\"twitter:data1\" content=\"1 minut\" \/>\n<script type=\"application\/ld+json\" class=\"yoast-schema-graph\">{\"@context\":\"https:\/\/schema.org\",\"@graph\":[{\"@type\":\"WebPage\",\"@id\":\"https:\/\/www.posk.se\/orebro\/om-oss\/posks-representanter-i-kyrkofullmaktige\/\",\"url\":\"https:\/\/www.posk.se\/orebro\/om-oss\/posks-representanter-i-kyrkofullmaktige\/\",\"name\":\"POSKs representanter i Kyrkofullm\u00e4ktige - \u00d6rebro\",\"isPartOf\":{\"@id\":\"https:\/\/www.posk.se\/orebro\/#website\"},\"primaryImageOfPage\":{\"@id\":\"https:\/\/www.posk.se\/orebro\/om-oss\/posks-representanter-i-kyrkofullmaktige\/#primaryimage\"},\"image\":{\"@id\":\"https:\/\/www.posk.se\/orebro\/om-oss\/posks-representanter-i-kyrkofullmaktige\/#primaryimage\"},\"thumbnailUrl\":\"https:\/\/www.posk.se\/orebro\/wp-content\/uploads\/sites\/157\/2025\/03\/incollage-20230412-084056750-1024x819.jpg\",\"datePublished\":\"2025-03-05T08:02:41+00:00\",\"dateModified\":\"2025-04-09T08:17:55+00:00\",\"breadcrumb\":{\"@id\":\"https:\/\/www.posk.se\/orebro\/om-oss\/posks-representanter-i-kyrkofullmaktige\/#breadcrumb\"},\"inLanguage\":\"sv-SE\",\"potentialAction\":[{\"@type\":\"ReadAction\",\"target\":[\"https:\/\/www.posk.se\/orebro\/om-oss\/posks-representanter-i-kyrkofullmaktige\/\"]}]},{\"@type\":\"ImageObject\",\"inLanguage\":\"sv-SE\",\"@id\":\"https:\/\/www.posk.se\/orebro\/om-oss\/posks-representanter-i-kyrkofullmaktige\/#primaryimage\",\"url\":\"https:\/\/www.posk.se\/orebro\/wp-content\/uploads\/sites\/157\/2025\/03\/incollage-20230412-084056750.jpg\",\"contentUrl\":\"https:\/\/www.posk.se\/orebro\/wp-content\/uploads\/sites\/157\/2025\/03\/incollage-20230412-084056750.jpg\",\"width\":2048,\"height\":1638},{\"@type\":\"BreadcrumbList\",\"@id\":\"https:\/\/www.posk.se\/orebro\/om-oss\/posks-representanter-i-kyrkofullmaktige\/#breadcrumb\",\"itemListElement\":[{\"@type\":\"ListItem\",\"position\":1,\"name\":\"Hem\",\"item\":\"https:\/\/www.posk.se\/orebro\/\"},{\"@type\":\"ListItem\",\"position\":2,\"name\":\"Styrelsen f\u00f6r POSK \u00d6rebro\",\"item\":\"https:\/\/www.posk.se\/orebro\/om-oss\/\"},{\"@type\":\"ListItem\",\"position\":3,\"name\":\"POSKs representanter i Kyrkofullm\u00e4ktige\"}]},{\"@type\":\"WebSite\",\"@id\":\"https:\/\/www.posk.se\/orebro\/#website\",\"url\":\"https:\/\/www.posk.se\/orebro\/\",\"name\":\"\u00d6rebro\",\"description\":\"POSK-grupp i Str\u00e4ngn\u00e4s stift\",\"potentialAction\":[{\"@type\":\"SearchAction\",\"target\":{\"@type\":\"EntryPoint\",\"urlTemplate\":\"https:\/\/www.posk.se\/orebro\/?s={search_term_string}\"},\"query-input\":{\"@type\":\"PropertyValueSpecification\",\"valueRequired\":true,\"valueName\":\"search_term_string\"}}],\"inLanguage\":\"sv-SE\"}]}<\/script>\n<!-- \/ Yoast SEO plugin. -->","yoast_head_json":{"title":"POSKs representanter i Kyrkofullm\u00e4ktige - \u00d6rebro","robots":{"index":"index","follow":"follow","max-snippet":"max-snippet:-1","max-image-preview":"max-image-preview:large","max-video-preview":"max-video-preview:-1"},"canonical":"https:\/\/www.posk.se\/orebro\/om-oss\/posks-representanter-i-kyrkofullmaktige\/","og_locale":"sv_SE","og_type":"article","og_title":"POSKs representanter i Kyrkofullm\u00e4ktige - \u00d6rebro","og_description":"Hans Fredlund, ledamot Gabriel Sj\u00f6lin, ledamot Marianne Sindmark, ledamot Torkel Freed, ledamot Karin Helmker, ledamot Ingmar N\u00e4slund, ledamot Margareta Grape, ledamot Leif Hjalmarsson, ledamot Kristina Lindfors, ledamot Curt Gustavsson, ledamot Elisabeth Lindsta, ledamot Linus \u00d6holm, ledamot Addiswa Stenstr\u00f6m, ledamot Johan Unger, ledamot Henrik Johansson, ers\u00e4ttare Margareta Bratt, ers\u00e4ttare G\u00f6ran H Johansson, ers\u00e4ttare Ingmari Rudin Gustavsson, [&hellip;]","og_url":"https:\/\/www.posk.se\/orebro\/om-oss\/posks-representanter-i-kyrkofullmaktige\/","og_site_name":"\u00d6rebro","article_modified_time":"2025-04-09T08:17:55+00:00","og_image":[{"width":2048,"height":1638,"url":"https:\/\/www.posk.se\/orebro\/wp-content\/uploads\/sites\/157\/2025\/03\/incollage-20230412-084056750.jpg","type":"image\/jpeg"}],"twitter_card":"summary_large_image","twitter_misc":{"Ber\u00e4knad l\u00e4stid":"1 minut"},"schema":{"@context":"https:\/\/schema.org","@graph":[{"@type":"WebPage","@id":"https:\/\/www.posk.se\/orebro\/om-oss\/posks-representanter-i-kyrkofullmaktige\/","url":"https:\/\/www.posk.se\/orebro\/om-oss\/posks-representanter-i-kyrkofullmaktige\/","name":"POSKs representanter i Kyrkofullm\u00e4ktige - \u00d6rebro","isPartOf":{"@id":"https:\/\/www.posk.se\/orebro\/#website"},"primaryImageOfPage":{"@id":"https:\/\/www.posk.se\/orebro\/om-oss\/posks-representanter-i-kyrkofullmaktige\/#primaryimage"},"image":{"@id":"https:\/\/www.posk.se\/orebro\/om-oss\/posks-representanter-i-kyrkofullmaktige\/#primaryimage"},"thumbnailUrl":"https:\/\/www.posk.se\/orebro\/wp-content\/uploads\/sites\/157\/2025\/03\/incollage-20230412-084056750-1024x819.jpg","datePublished":"2025-03-05T08:02:41+00:00","dateModified":"2025-04-09T08:17:55+00:00","breadcrumb":{"@id":"https:\/\/www.posk.se\/orebro\/om-oss\/posks-representanter-i-kyrkofullmaktige\/#breadcrumb"},"inLanguage":"sv-SE","potentialAction":[{"@type":"ReadAction","target":["https:\/\/www.posk.se\/orebro\/om-oss\/posks-representanter-i-kyrkofullmaktige\/"]}]},{"@type":"ImageObject","inLanguage":"sv-SE","@id":"https:\/\/www.posk.se\/orebro\/om-oss\/posks-representanter-i-kyrkofullmaktige\/#primaryimage","url":"https:\/\/www.posk.se\/orebro\/wp-content\/uploads\/sites\/157\/2025\/03\/incollage-20230412-084056750.jpg","contentUrl":"https:\/\/www.posk.se\/orebro\/wp-content\/uploads\/sites\/157\/2025\/03\/incollage-20230412-084056750.jpg","width":2048,"height":1638},{"@type":"BreadcrumbList","@id":"https:\/\/www.posk.se\/orebro\/om-oss\/posks-representanter-i-kyrkofullmaktige\/#breadcrumb","itemListElement":[{"@type":"ListItem","position":1,"name":"Hem","item":"https:\/\/www.posk.se\/orebro\/"},{"@type":"ListItem","position":2,"name":"Styrelsen f\u00f6r POSK \u00d6rebro","item":"https:\/\/www.posk.se\/orebro\/om-oss\/"},{"@type":"ListItem","position":3,"name":"POSKs representanter i Kyrkofullm\u00e4ktige"}]},{"@type":"WebSite","@id":"https:\/\/www.posk.se\/orebro\/#website","url":"https:\/\/www.posk.se\/orebro\/","name":"\u00d6rebro","description":"POSK-grupp i Str\u00e4ngn\u00e4s stift","potentialAction":[{"@type":"SearchAction","target":{"@type":"EntryPoint","urlTemplate":"https:\/\/www.posk.se\/orebro\/?s={search_term_string}"},"query-input":{"@type":"PropertyValueSpecification","valueRequired":true,"valueName":"search_term_string"}}],"inLanguage":"sv-SE"}]}},"_links":{"self":[{"href":"https:\/\/www.posk.se\/orebro\/wp-json\/wp\/v2\/pages\/421","targetHints":{"allow":["GET"]}}],"collection":[{"href":"https:\/\/www.posk.se\/orebro\/wp-json\/wp\/v2\/pages"}],"about":[{"href":"https:\/\/www.posk.se\/orebro\/wp-json\/wp\/v2\/types\/page"}],"author":[{"embeddable":true,"href":"https:\/\/www.posk.se\/orebro\/wp-json\/wp\/v2\/users\/1908"}],"replies":[{"embeddable":true,"href":"https:\/\/www.posk.se\/orebro\/wp-json\/wp\/v2\/comments?post=421"}],"version-history":[{"count":6,"href":"https:\/\/www.posk.se\/orebro\/wp-json\/wp\/v2\/pages\/421\/revisions"}],"predecessor-version":[{"id":704,"href":"https:\/\/www.posk.se\/orebro\/wp-json\/wp\/v2\/pages\/421\/revisions\/704"}],"up":[{"embeddable":true,"href":"https:\/\/www.posk.se\/orebro\/wp-json\/wp\/v2\/pages\/84"}],"wp:attachment":[{"href":"https:\/\/www.posk.se\/orebro\/wp-json\/wp\/v2\/media?parent=421"}],"curies":[{"name":"wp","href":"https:\/\/api.w.org\/{rel}","templated":true}]}}