{"id":290,"date":"2025-03-01T23:35:50","date_gmt":"2025-03-01T22:35:50","guid":{"rendered":"https:\/\/www.posk.se\/orebro\/?page_id=290"},"modified":"2025-09-09T15:22:20","modified_gmt":"2025-09-09T13:22:20","slug":"valfragor","status":"publish","type":"page","link":"https:\/\/www.posk.se\/orebro\/valfragor\/","title":{"rendered":"Valfr\u00e5gor"},"content":{"rendered":"<h2 class=\"hero__title\"><span style=\"color: #c43131\"><strong>Fem fr\u00e5gor till de som vill styra Svenska kyrkan i \u00d6rebro.<\/strong><\/span><\/h2>\n<h4><a href=\"https:\/\/www.svenskakyrkan.se\/orebro\/nyheter\/fem-fragor-till-de-som-vill-styra-svenska-kyrkan-i-orebro\"><strong>L\u00e4nk till pastoratets hemsida.<\/strong><\/a> Med svar fr\u00e5n de \u00f6vriga nomineringsgrupperna i pastoratet.<\/h4>\n<p>&nbsp;<\/p>\n<h4><span style=\"color: #eb1c1c\">\u00a0<span style=\"color: #c43131\"><strong>\u00a0 \u00a0H\u00e4r \u00e4r v\u00e5ra svar:<\/strong><\/span><\/span><\/h4>\n<ol>\n<li>\n<h4><span style=\"color: #000000\"><span style=\"font-family: DM Sans, sans-serif\"><span style=\"font-size: large\"><b>Vad utm\u00e4rker er syn p\u00e5 Svenska kyrkan? <\/b><\/span><\/span><\/span><span style=\"font-family: Arial, sans-serif\"><span style=\"font-size: medium\"><span style=\"color: #ff3333\"><b>Svar: <\/b><\/span><span style=\"color: #000000\">N\u00e4r du kliver in i kyrkan ska det k\u00e4nnas som att landa \u2013 som att komma hem. Ett hem d\u00e4r du f\u00e5r vara den du \u00e4r. En \u00f6ppen och v\u00e4lkomnande plats f\u00f6r dig som tror, s\u00f6ker eller bara beh\u00f6ver andas. Grunden \u00e4r dopet och gemenskapen i Kristus \u2013 i gudstj\u00e4nster, n\u00e4r n\u00e5gon g\u00e5r in i kyrkan och t\u00e4nder ljus, i dop, vigslar och begravningar, i m\u00f6ten, i grupper f\u00f6r olika \u00e5ldrar, och i k\u00f6rer. Kyrkan ska m\u00e4rkas i b\u00f6n och beslut, vara n\u00e4ra i vardagen, b\u00e4ra hopp, st\u00e5 upp f\u00f6r de svaga \u2013 och finnas d\u00e4r i b\u00e5de sorg och gl\u00e4dje. Vi vill bygga en kyrka som b\u00e4rs av tro, inte partipolitik.<\/span> <\/span><\/span><\/h4>\n<\/li>\n<li>\n<h4><span style=\"color: #000000\"><span style=\"font-family: Arial, sans-serif\"><span style=\"font-size: medium\"><b>Vilka tre lokala omr\u00e5den\/fr\u00e5gor \u00e4r viktigast f\u00f6r er nomineringsgrupp den kommande mandatperioden? <\/b><\/span><\/span><\/span><span style=\"font-family: Arial, sans-serif\"><span style=\"font-size: medium\"><span style=\"color: #ff3333\"><b>Svar:<\/b><\/span><span style=\"color: #000000\"> A) Att du ska kunna hitta en plats i kyrkan, oavsett \u00e5lder, k\u00f6n, livssituation eller identitet. Vi vill utveckla kyrkans m\u00e5ngfaldsarbete. Vi vill ge m\u00f6jligheter f\u00f6r fler barn och unga att uppt\u00e4cka kyrkan, genom musik, samtal och livsn\u00e4ra gudstj\u00e4nster. Dopet ska vara enkelt \u2013 inget krav, men alltid en inbjudan.\u00a0<\/span>B<span style=\"color: #000000\">) Att kyrkan finns n\u00e4r livet \u00e4r sv\u00e5rt. Vi vill bygga upp fler strukturer f\u00f6r ideella, st\u00e4rka samarbetet med Stadsmissionen och utreda m\u00f6jligheten till ett v\u00e5rd boende med kristen profil. <\/span>C<span style=\"color: #000000\">) Att din f\u00f6rsamling f\u00e5r vara just din. Vi vill ge f\u00f6rsamlingsr\u00e5den mer ansvar, s\u00e5 att beslut fattas d\u00e4r m\u00e4nniskor bor och lever.<\/span> <\/span><\/span><\/h4>\n<\/li>\n<li>\n<h4><span style=\"color: #000000\"><span style=\"font-family: Arial, sans-serif\"><span style=\"font-size: medium\"><b>I \u00d6rebro finns en stor bredd av olika kristna och andra religi\u00f6sa grupper. Hur b\u00f6r Svenska kyrkan i \u00d6rebro f\u00f6rh\u00e5lla sig till det? <\/b><\/span><\/span><\/span><span style=\"font-family: Arial, sans-serif\"><span style=\"font-size: medium\"><span style=\"color: #ff3333\"><b>Svar:<\/b><\/span><span style=\"color: #000000\"> Vi vill att kyrkan ska st\u00e5 f\u00f6r tro, hopp och k\u00e4rlek \u2013 tydlig i sitt budskap och lyh\u00f6rd i m\u00f6tet med andra. Vi beh\u00f6ver inte tro p\u00e5 samma s\u00e4tt, men vi ska respektera varandra. I en stad d\u00e4r olika trosinriktningar lever sida vid sida, beh\u00f6ver Svenska kyrkan st\u00e5 trygg i sin tro och samtidigt m\u00f6ta andra med respekt, \u00f6ppenhet och samarbete \u2013 s\u00e4rskilt i fr\u00e5gor d\u00e4r vi kan g\u00f6ra gemensam nytta. D\u00e4rf\u00f6r vill vi att Svenska kyrkan i \u00d6rebro forts\u00e4tter vara aktiv i \u00d6rebro kristna r\u00e5d, sjukhuskyrkan och andra samarbeten d\u00e4r tro leder till gemenskap, inte gr\u00e4nser.<\/span> <\/span><\/span><\/h4>\n<\/li>\n<li>\n<h4><span style=\"color: #000000\"><span style=\"font-family: Arial, sans-serif\"><span style=\"font-size: medium\"><b>Hur vill ni arbeta f\u00f6r att m\u00f6ta det v\u00e4xande intresset f\u00f6r andlighet och existentiella fr\u00e5gor, som finns inte minst bland unga personer i \u00d6rebro? <\/b><\/span><\/span><\/span><span style=\"font-family: Arial, sans-serif\"><span style=\"font-size: medium\"><span style=\"color: #ff3333\"><b>Svar: <\/b><\/span><span style=\"color: #000000\">Vi vill att kyrkan tydligt ska ta sin plats i det existentiella samtalet. Kyrkan ska erbjuda \u00f6ppna m\u00f6tesplatser f\u00f6r samtal om livets stora fr\u00e5gor \u2013 tro, mening, identitet och hopp. Vi vill m\u00f6ta ungas andliga s\u00f6kande med respekt, samtal och gemenskap, och skapa milj\u00f6er d\u00e4r fr\u00e5gor f\u00e5r st\u00e4llas och tro f\u00e5r v\u00e4xa. Vi vill att kyrkan i \u00d6rebro forts\u00e4tter satsa p\u00e5 konfirmation, ungdomsgudstj\u00e4nster och kreativa m\u00f6ten , och skapar festivaler, samtal och ledarskap d\u00e4r unga f\u00e5r vara med och forma framtidens kyrka.<\/span> <\/span><\/span><\/h4>\n<\/li>\n<li>\n<h4><span style=\"color: #000000\"><span style=\"font-family: Arial, sans-serif\"><span style=\"font-size: medium\"><b>P\u00e5 vilket s\u00e4tt kan Svenska kyrkan i \u00d6rebro bringa hopp och g\u00f6ra skillnad f\u00f6r de personer som lever i fattigdom, ensamhet eller utanf\u00f6rskap?\u00a0<\/b><\/span><\/span><\/span><span style=\"font-family: Arial, sans-serif\"><span style=\"font-size: medium\"><span style=\"color: #ff3333\"><b>Svar:<\/b><\/span><span style=\"color: #000000\"> N\u00e4r livet g\u00f6r ont ska kyrkan vara n\u00e4ra. Kyrkans diakoni \u00e4r ett uttryck f\u00f6r evangeliet. Genom att se varje m\u00e4nniska, agera i k\u00e4rlek och lyssna med respekt, kan kyrkan g\u00f6ra skillnad f\u00f6r dem som annars l\u00e4tt blir osynliga. Det g\u00e4ller b\u00e5de lokalt och globalt. Vi vill v\u00e4rna Svenska kyrkans internationella arbete och engagemang f\u00f6r m\u00e4nskliga r\u00e4ttigheter, demokrati och v\u00e4rdighet. Vi vill att kyrkan i \u00d6rebro forts\u00e4tter utveckla ett n\u00e4tverk av omsorg, med sj\u00e4lav\u00e5rd, gemenskap, samtalsst\u00f6d och plats f\u00f6r tr\u00f6st och hopp. D\u00e4rf\u00f6r vill vi st\u00e4rka samarbetet med \u00d6rebro stadsmission, S:t Lukas och familjer\u00e5dgivningen, samt skapa b\u00e4ttre f\u00f6ruts\u00e4ttningar f\u00f6r ideella i det diakonala arbetet. <\/span><\/span><\/span><\/h4>\n<\/li>\n<\/ol>\n<h3><span style=\"font-family: Arial, sans-serif\"><span style=\"font-size: medium\">\u00a0 \u00a0 <\/span><\/span><strong><a href=\"https:\/\/www.posk.se\/orebro\/wp-content\/uploads\/sites\/157\/2025\/09\/5-fragor-svenska-kyrkan.pdf\">5 Fr\u00e5gor svenska kyrkan<\/a><\/strong><\/h3>\n<h5><img loading=\"lazy\" decoding=\"async\" class=\"alignnone wp-image-352\" src=\"https:\/\/www.posk.se\/orebro\/wp-content\/uploads\/sites\/157\/2025\/03\/posk.jpg\" alt=\"\" width=\"529\" height=\"213\" srcset=\"https:\/\/www.posk.se\/orebro\/wp-content\/uploads\/sites\/157\/2025\/03\/posk.jpg 569w, https:\/\/www.posk.se\/orebro\/wp-content\/uploads\/sites\/157\/2025\/03\/posk-300x121.jpg 300w, https:\/\/www.posk.se\/orebro\/wp-content\/uploads\/sites\/157\/2025\/03\/posk-330x133.jpg 330w\" sizes=\"auto, (max-width: 529px) 100vw, 529px\" \/>\u00a0 \u00a0 \u00a0 \u00a0 <img loading=\"lazy\" decoding=\"async\" class=\"alignnone wp-image-1072\" src=\"https:\/\/www.posk.se\/orebro\/wp-content\/uploads\/sites\/157\/2025\/09\/image-1024x1024.png\" alt=\"\" width=\"185\" height=\"185\" srcset=\"https:\/\/www.posk.se\/orebro\/wp-content\/uploads\/sites\/157\/2025\/09\/image-1024x1024.png 1024w, https:\/\/www.posk.se\/orebro\/wp-content\/uploads\/sites\/157\/2025\/09\/image-300x300.png 300w, https:\/\/www.posk.se\/orebro\/wp-content\/uploads\/sites\/157\/2025\/09\/image-150x150.png 150w, https:\/\/www.posk.se\/orebro\/wp-content\/uploads\/sites\/157\/2025\/09\/image-768x768.png 768w, https:\/\/www.posk.se\/orebro\/wp-content\/uploads\/sites\/157\/2025\/09\/image-1536x1536.png 1536w, https:\/\/www.posk.se\/orebro\/wp-content\/uploads\/sites\/157\/2025\/09\/image-2048x2048.png 2048w, https:\/\/www.posk.se\/orebro\/wp-content\/uploads\/sites\/157\/2025\/09\/image-197x197.png 197w, https:\/\/www.posk.se\/orebro\/wp-content\/uploads\/sites\/157\/2025\/09\/image-330x330.png 330w\" sizes=\"auto, (max-width: 185px) 100vw, 185px\" \/><\/h5>\n","protected":false},"excerpt":{"rendered":"<p>Fem fr\u00e5gor till de som vill styra Svenska kyrkan i \u00d6rebro. L\u00e4nk till pastoratets hemsida. Med svar fr\u00e5n de \u00f6vriga nomineringsgrupperna i pastoratet. &nbsp; \u00a0\u00a0 \u00a0H\u00e4r \u00e4r v\u00e5ra svar: Vad utm\u00e4rker er syn p\u00e5 Svenska kyrkan? Svar: N\u00e4r du kliver in i kyrkan ska det k\u00e4nnas som att landa \u2013 som att komma hem. Ett [&hellip;]<\/p>\n","protected":false},"author":1908,"featured_media":0,"parent":0,"menu_order":0,"comment_status":"closed","ping_status":"closed","template":"","meta":{"_acf_changed":false,"footnotes":""},"class_list":["post-290","page","type-page","status-publish","hentry"],"acf":[],"yoast_head":"<!-- This site is optimized with the Yoast SEO plugin v24.9 - https:\/\/yoast.com\/wordpress\/plugins\/seo\/ -->\n<title>Valfr\u00e5gor - \u00d6rebro<\/title>\n<meta name=\"robots\" content=\"index, follow, max-snippet:-1, max-image-preview:large, max-video-preview:-1\" \/>\n<link rel=\"canonical\" href=\"https:\/\/www.posk.se\/orebro\/valfragor\/\" \/>\n<meta property=\"og:locale\" content=\"sv_SE\" \/>\n<meta property=\"og:type\" content=\"article\" \/>\n<meta property=\"og:title\" content=\"Valfr\u00e5gor - \u00d6rebro\" \/>\n<meta property=\"og:description\" content=\"Fem fr\u00e5gor till de som vill styra Svenska kyrkan i \u00d6rebro. L\u00e4nk till pastoratets hemsida. Med svar fr\u00e5n de \u00f6vriga nomineringsgrupperna i pastoratet. &nbsp; \u00a0\u00a0 \u00a0H\u00e4r \u00e4r v\u00e5ra svar: Vad utm\u00e4rker er syn p\u00e5 Svenska kyrkan? Svar: N\u00e4r du kliver in i kyrkan ska det k\u00e4nnas som att landa \u2013 som att komma hem. Ett [&hellip;]\" \/>\n<meta property=\"og:url\" content=\"https:\/\/www.posk.se\/orebro\/valfragor\/\" \/>\n<meta property=\"og:site_name\" content=\"\u00d6rebro\" \/>\n<meta property=\"article:modified_time\" content=\"2025-09-09T13:22:20+00:00\" \/>\n<meta property=\"og:image\" content=\"https:\/\/www.posk.se\/orebro\/wp-content\/uploads\/sites\/157\/2025\/03\/posk.jpg\" \/>\n\t<meta property=\"og:image:width\" content=\"569\" \/>\n\t<meta property=\"og:image:height\" content=\"229\" \/>\n\t<meta property=\"og:image:type\" content=\"image\/jpeg\" \/>\n<meta name=\"twitter:card\" content=\"summary_large_image\" \/>\n<meta name=\"twitter:label1\" content=\"Ber\u00e4knad l\u00e4stid\" \/>\n\t<meta name=\"twitter:data1\" content=\"4 minuter\" \/>\n<script type=\"application\/ld+json\" class=\"yoast-schema-graph\">{\"@context\":\"https:\/\/schema.org\",\"@graph\":[{\"@type\":\"WebPage\",\"@id\":\"https:\/\/www.posk.se\/orebro\/valfragor\/\",\"url\":\"https:\/\/www.posk.se\/orebro\/valfragor\/\",\"name\":\"Valfr\u00e5gor - \u00d6rebro\",\"isPartOf\":{\"@id\":\"https:\/\/www.posk.se\/orebro\/#website\"},\"primaryImageOfPage\":{\"@id\":\"https:\/\/www.posk.se\/orebro\/valfragor\/#primaryimage\"},\"image\":{\"@id\":\"https:\/\/www.posk.se\/orebro\/valfragor\/#primaryimage\"},\"thumbnailUrl\":\"https:\/\/www.posk.se\/orebro\/wp-content\/uploads\/sites\/157\/2025\/03\/posk.jpg\",\"datePublished\":\"2025-03-01T22:35:50+00:00\",\"dateModified\":\"2025-09-09T13:22:20+00:00\",\"breadcrumb\":{\"@id\":\"https:\/\/www.posk.se\/orebro\/valfragor\/#breadcrumb\"},\"inLanguage\":\"sv-SE\",\"potentialAction\":[{\"@type\":\"ReadAction\",\"target\":[\"https:\/\/www.posk.se\/orebro\/valfragor\/\"]}]},{\"@type\":\"ImageObject\",\"inLanguage\":\"sv-SE\",\"@id\":\"https:\/\/www.posk.se\/orebro\/valfragor\/#primaryimage\",\"url\":\"https:\/\/www.posk.se\/orebro\/wp-content\/uploads\/sites\/157\/2025\/03\/posk.jpg\",\"contentUrl\":\"https:\/\/www.posk.se\/orebro\/wp-content\/uploads\/sites\/157\/2025\/03\/posk.jpg\",\"width\":569,\"height\":229},{\"@type\":\"BreadcrumbList\",\"@id\":\"https:\/\/www.posk.se\/orebro\/valfragor\/#breadcrumb\",\"itemListElement\":[{\"@type\":\"ListItem\",\"position\":1,\"name\":\"Hem\",\"item\":\"https:\/\/www.posk.se\/orebro\/\"},{\"@type\":\"ListItem\",\"position\":2,\"name\":\"Valfr\u00e5gor\"}]},{\"@type\":\"WebSite\",\"@id\":\"https:\/\/www.posk.se\/orebro\/#website\",\"url\":\"https:\/\/www.posk.se\/orebro\/\",\"name\":\"\u00d6rebro\",\"description\":\"POSK-grupp i Str\u00e4ngn\u00e4s stift\",\"potentialAction\":[{\"@type\":\"SearchAction\",\"target\":{\"@type\":\"EntryPoint\",\"urlTemplate\":\"https:\/\/www.posk.se\/orebro\/?s={search_term_string}\"},\"query-input\":{\"@type\":\"PropertyValueSpecification\",\"valueRequired\":true,\"valueName\":\"search_term_string\"}}],\"inLanguage\":\"sv-SE\"}]}<\/script>\n<!-- \/ Yoast SEO plugin. -->","yoast_head_json":{"title":"Valfr\u00e5gor - \u00d6rebro","robots":{"index":"index","follow":"follow","max-snippet":"max-snippet:-1","max-image-preview":"max-image-preview:large","max-video-preview":"max-video-preview:-1"},"canonical":"https:\/\/www.posk.se\/orebro\/valfragor\/","og_locale":"sv_SE","og_type":"article","og_title":"Valfr\u00e5gor - \u00d6rebro","og_description":"Fem fr\u00e5gor till de som vill styra Svenska kyrkan i \u00d6rebro. L\u00e4nk till pastoratets hemsida. Med svar fr\u00e5n de \u00f6vriga nomineringsgrupperna i pastoratet. &nbsp; \u00a0\u00a0 \u00a0H\u00e4r \u00e4r v\u00e5ra svar: Vad utm\u00e4rker er syn p\u00e5 Svenska kyrkan? Svar: N\u00e4r du kliver in i kyrkan ska det k\u00e4nnas som att landa \u2013 som att komma hem. Ett [&hellip;]","og_url":"https:\/\/www.posk.se\/orebro\/valfragor\/","og_site_name":"\u00d6rebro","article_modified_time":"2025-09-09T13:22:20+00:00","og_image":[{"width":569,"height":229,"url":"https:\/\/www.posk.se\/orebro\/wp-content\/uploads\/sites\/157\/2025\/03\/posk.jpg","type":"image\/jpeg"}],"twitter_card":"summary_large_image","twitter_misc":{"Ber\u00e4knad l\u00e4stid":"4 minuter"},"schema":{"@context":"https:\/\/schema.org","@graph":[{"@type":"WebPage","@id":"https:\/\/www.posk.se\/orebro\/valfragor\/","url":"https:\/\/www.posk.se\/orebro\/valfragor\/","name":"Valfr\u00e5gor - \u00d6rebro","isPartOf":{"@id":"https:\/\/www.posk.se\/orebro\/#website"},"primaryImageOfPage":{"@id":"https:\/\/www.posk.se\/orebro\/valfragor\/#primaryimage"},"image":{"@id":"https:\/\/www.posk.se\/orebro\/valfragor\/#primaryimage"},"thumbnailUrl":"https:\/\/www.posk.se\/orebro\/wp-content\/uploads\/sites\/157\/2025\/03\/posk.jpg","datePublished":"2025-03-01T22:35:50+00:00","dateModified":"2025-09-09T13:22:20+00:00","breadcrumb":{"@id":"https:\/\/www.posk.se\/orebro\/valfragor\/#breadcrumb"},"inLanguage":"sv-SE","potentialAction":[{"@type":"ReadAction","target":["https:\/\/www.posk.se\/orebro\/valfragor\/"]}]},{"@type":"ImageObject","inLanguage":"sv-SE","@id":"https:\/\/www.posk.se\/orebro\/valfragor\/#primaryimage","url":"https:\/\/www.posk.se\/orebro\/wp-content\/uploads\/sites\/157\/2025\/03\/posk.jpg","contentUrl":"https:\/\/www.posk.se\/orebro\/wp-content\/uploads\/sites\/157\/2025\/03\/posk.jpg","width":569,"height":229},{"@type":"BreadcrumbList","@id":"https:\/\/www.posk.se\/orebro\/valfragor\/#breadcrumb","itemListElement":[{"@type":"ListItem","position":1,"name":"Hem","item":"https:\/\/www.posk.se\/orebro\/"},{"@type":"ListItem","position":2,"name":"Valfr\u00e5gor"}]},{"@type":"WebSite","@id":"https:\/\/www.posk.se\/orebro\/#website","url":"https:\/\/www.posk.se\/orebro\/","name":"\u00d6rebro","description":"POSK-grupp i Str\u00e4ngn\u00e4s stift","potentialAction":[{"@type":"SearchAction","target":{"@type":"EntryPoint","urlTemplate":"https:\/\/www.posk.se\/orebro\/?s={search_term_string}"},"query-input":{"@type":"PropertyValueSpecification","valueRequired":true,"valueName":"search_term_string"}}],"inLanguage":"sv-SE"}]}},"_links":{"self":[{"href":"https:\/\/www.posk.se\/orebro\/wp-json\/wp\/v2\/pages\/290","targetHints":{"allow":["GET"]}}],"collection":[{"href":"https:\/\/www.posk.se\/orebro\/wp-json\/wp\/v2\/pages"}],"about":[{"href":"https:\/\/www.posk.se\/orebro\/wp-json\/wp\/v2\/types\/page"}],"author":[{"embeddable":true,"href":"https:\/\/www.posk.se\/orebro\/wp-json\/wp\/v2\/users\/1908"}],"replies":[{"embeddable":true,"href":"https:\/\/www.posk.se\/orebro\/wp-json\/wp\/v2\/comments?post=290"}],"version-history":[{"count":52,"href":"https:\/\/www.posk.se\/orebro\/wp-json\/wp\/v2\/pages\/290\/revisions"}],"predecessor-version":[{"id":1101,"href":"https:\/\/www.posk.se\/orebro\/wp-json\/wp\/v2\/pages\/290\/revisions\/1101"}],"wp:attachment":[{"href":"https:\/\/www.posk.se\/orebro\/wp-json\/wp\/v2\/media?parent=290"}],"curies":[{"name":"wp","href":"https:\/\/api.w.org\/{rel}","templated":true}]}}