{"id":1033,"date":"2025-08-21T10:58:37","date_gmt":"2025-08-21T08:58:37","guid":{"rendered":"https:\/\/www.posk.se\/orebro\/?page_id=1033"},"modified":"2025-08-25T17:26:32","modified_gmt":"2025-08-25T15:26:32","slug":"stiftfullmaktige","status":"publish","type":"page","link":"https:\/\/www.posk.se\/orebro\/stiftfullmaktige\/","title":{"rendered":"Kandidater till Stiftsfullm\u00e4ktige"},"content":{"rendered":"<h1><strong><span style=\"color: #bf1f1f\">Norra N\u00e4rkes valkrets kandidater.<\/span><\/strong><\/h1>\n<h2><span style=\"color: #c72626\">Svenska Kyrkan. Kandidater i kyrkovalet.<\/span><\/h2>\n<h3>L\u00e4nk till Svenska kyrkan. <strong><a href=\"https:\/\/kandidatvisning.svenskakyrkan.se\/\">https:\/\/kandidatvisning.svenskakyrkan.se\/<\/a><\/strong><\/h3>\n<h3>L\u00e4s mer om nomineringsgruppen p\u00e5 deras egen webbsida: <strong><a href=\"https:\/\/www.posk.se\/orebro\/kandidatpresentationer\">https:\/\/www.posk.se\/orebro\/kandidatpresentationer<\/a><\/strong><\/h3>\n<p><img loading=\"lazy\" decoding=\"async\" class=\"alignnone wp-image-1051\" src=\"https:\/\/www.posk.se\/orebro\/wp-content\/uploads\/sites\/157\/2025\/08\/norra-narikes-valkrets.jpg\" alt=\"\" width=\"1009\" height=\"799\" srcset=\"https:\/\/www.posk.se\/orebro\/wp-content\/uploads\/sites\/157\/2025\/08\/norra-narikes-valkrets.jpg 731w, https:\/\/www.posk.se\/orebro\/wp-content\/uploads\/sites\/157\/2025\/08\/norra-narikes-valkrets-300x238.jpg 300w, https:\/\/www.posk.se\/orebro\/wp-content\/uploads\/sites\/157\/2025\/08\/norra-narikes-valkrets-330x261.jpg 330w\" sizes=\"auto, (max-width: 1009px) 100vw, 1009px\" \/><\/p>\n<h2><\/h2>\n<h5><img loading=\"lazy\" decoding=\"async\" class=\"alignnone wp-image-1052\" src=\"https:\/\/www.posk.se\/orebro\/wp-content\/uploads\/sites\/157\/2025\/08\/21-posk-4-farg-transp-bakgrund-scaled-1-1024x427.jpg\" alt=\"\" width=\"1000\" height=\"417\" srcset=\"https:\/\/www.posk.se\/orebro\/wp-content\/uploads\/sites\/157\/2025\/08\/21-posk-4-farg-transp-bakgrund-scaled-1-1024x427.jpg 1024w, https:\/\/www.posk.se\/orebro\/wp-content\/uploads\/sites\/157\/2025\/08\/21-posk-4-farg-transp-bakgrund-scaled-1-300x125.jpg 300w, https:\/\/www.posk.se\/orebro\/wp-content\/uploads\/sites\/157\/2025\/08\/21-posk-4-farg-transp-bakgrund-scaled-1-768x320.jpg 768w, https:\/\/www.posk.se\/orebro\/wp-content\/uploads\/sites\/157\/2025\/08\/21-posk-4-farg-transp-bakgrund-scaled-1-1536x641.jpg 1536w, https:\/\/www.posk.se\/orebro\/wp-content\/uploads\/sites\/157\/2025\/08\/21-posk-4-farg-transp-bakgrund-scaled-1-2048x854.jpg 2048w, https:\/\/www.posk.se\/orebro\/wp-content\/uploads\/sites\/157\/2025\/08\/21-posk-4-farg-transp-bakgrund-scaled-1-330x138.jpg 330w\" sizes=\"auto, (max-width: 1000px) 100vw, 1000px\" \/><\/h5>\n","protected":false},"excerpt":{"rendered":"<p>Norra N\u00e4rkes valkrets kandidater. Svenska Kyrkan. Kandidater i kyrkovalet. L\u00e4nk till Svenska kyrkan. https:\/\/kandidatvisning.svenskakyrkan.se\/ L\u00e4s mer om nomineringsgruppen p\u00e5 deras egen webbsida: https:\/\/www.posk.se\/orebro\/kandidatpresentationer<\/p>\n","protected":false},"author":1950,"featured_media":0,"parent":0,"menu_order":1,"comment_status":"closed","ping_status":"closed","template":"","meta":{"_acf_changed":false,"footnotes":""},"class_list":["post-1033","page","type-page","status-publish","hentry"],"acf":[],"yoast_head":"<!-- This site is optimized with the Yoast SEO plugin v24.9 - https:\/\/yoast.com\/wordpress\/plugins\/seo\/ -->\n<title>Kandidater till Stiftsfullm\u00e4ktige - \u00d6rebro<\/title>\n<meta name=\"robots\" content=\"index, follow, max-snippet:-1, max-image-preview:large, max-video-preview:-1\" \/>\n<link rel=\"canonical\" href=\"https:\/\/www.posk.se\/orebro\/stiftfullmaktige\/\" \/>\n<meta property=\"og:locale\" content=\"sv_SE\" \/>\n<meta property=\"og:type\" content=\"article\" \/>\n<meta property=\"og:title\" content=\"Kandidater till Stiftsfullm\u00e4ktige - \u00d6rebro\" \/>\n<meta property=\"og:description\" content=\"Norra N\u00e4rkes valkrets kandidater. Svenska Kyrkan. Kandidater i kyrkovalet. L\u00e4nk till Svenska kyrkan. https:\/\/kandidatvisning.svenskakyrkan.se\/ L\u00e4s mer om nomineringsgruppen p\u00e5 deras egen webbsida: https:\/\/www.posk.se\/orebro\/kandidatpresentationer\" \/>\n<meta property=\"og:url\" content=\"https:\/\/www.posk.se\/orebro\/stiftfullmaktige\/\" \/>\n<meta property=\"og:site_name\" content=\"\u00d6rebro\" \/>\n<meta property=\"article:modified_time\" content=\"2025-08-25T15:26:32+00:00\" \/>\n<meta property=\"og:image\" content=\"https:\/\/www.posk.se\/orebro\/wp-content\/uploads\/sites\/157\/2025\/08\/norra-narikes-valkrets.jpg\" \/>\n\t<meta property=\"og:image:width\" content=\"731\" \/>\n\t<meta property=\"og:image:height\" content=\"579\" \/>\n\t<meta property=\"og:image:type\" content=\"image\/jpeg\" \/>\n<meta name=\"twitter:card\" content=\"summary_large_image\" \/>\n<meta name=\"twitter:label1\" content=\"Ber\u00e4knad l\u00e4stid\" \/>\n\t<meta name=\"twitter:data1\" content=\"1 minut\" \/>\n<script type=\"application\/ld+json\" class=\"yoast-schema-graph\">{\"@context\":\"https:\/\/schema.org\",\"@graph\":[{\"@type\":\"WebPage\",\"@id\":\"https:\/\/www.posk.se\/orebro\/stiftfullmaktige\/\",\"url\":\"https:\/\/www.posk.se\/orebro\/stiftfullmaktige\/\",\"name\":\"Kandidater till Stiftsfullm\u00e4ktige - \u00d6rebro\",\"isPartOf\":{\"@id\":\"https:\/\/www.posk.se\/orebro\/#website\"},\"primaryImageOfPage\":{\"@id\":\"https:\/\/www.posk.se\/orebro\/stiftfullmaktige\/#primaryimage\"},\"image\":{\"@id\":\"https:\/\/www.posk.se\/orebro\/stiftfullmaktige\/#primaryimage\"},\"thumbnailUrl\":\"https:\/\/www.posk.se\/orebro\/wp-content\/uploads\/sites\/157\/2025\/08\/norra-narikes-valkrets.jpg\",\"datePublished\":\"2025-08-21T08:58:37+00:00\",\"dateModified\":\"2025-08-25T15:26:32+00:00\",\"breadcrumb\":{\"@id\":\"https:\/\/www.posk.se\/orebro\/stiftfullmaktige\/#breadcrumb\"},\"inLanguage\":\"sv-SE\",\"potentialAction\":[{\"@type\":\"ReadAction\",\"target\":[\"https:\/\/www.posk.se\/orebro\/stiftfullmaktige\/\"]}]},{\"@type\":\"ImageObject\",\"inLanguage\":\"sv-SE\",\"@id\":\"https:\/\/www.posk.se\/orebro\/stiftfullmaktige\/#primaryimage\",\"url\":\"https:\/\/www.posk.se\/orebro\/wp-content\/uploads\/sites\/157\/2025\/08\/norra-narikes-valkrets.jpg\",\"contentUrl\":\"https:\/\/www.posk.se\/orebro\/wp-content\/uploads\/sites\/157\/2025\/08\/norra-narikes-valkrets.jpg\",\"width\":731,\"height\":579},{\"@type\":\"BreadcrumbList\",\"@id\":\"https:\/\/www.posk.se\/orebro\/stiftfullmaktige\/#breadcrumb\",\"itemListElement\":[{\"@type\":\"ListItem\",\"position\":1,\"name\":\"Hem\",\"item\":\"https:\/\/www.posk.se\/orebro\/\"},{\"@type\":\"ListItem\",\"position\":2,\"name\":\"Kandidater till Stiftsfullm\u00e4ktige\"}]},{\"@type\":\"WebSite\",\"@id\":\"https:\/\/www.posk.se\/orebro\/#website\",\"url\":\"https:\/\/www.posk.se\/orebro\/\",\"name\":\"\u00d6rebro\",\"description\":\"POSK-grupp i Str\u00e4ngn\u00e4s stift\",\"potentialAction\":[{\"@type\":\"SearchAction\",\"target\":{\"@type\":\"EntryPoint\",\"urlTemplate\":\"https:\/\/www.posk.se\/orebro\/?s={search_term_string}\"},\"query-input\":{\"@type\":\"PropertyValueSpecification\",\"valueRequired\":true,\"valueName\":\"search_term_string\"}}],\"inLanguage\":\"sv-SE\"}]}<\/script>\n<!-- \/ Yoast SEO plugin. -->","yoast_head_json":{"title":"Kandidater till Stiftsfullm\u00e4ktige - \u00d6rebro","robots":{"index":"index","follow":"follow","max-snippet":"max-snippet:-1","max-image-preview":"max-image-preview:large","max-video-preview":"max-video-preview:-1"},"canonical":"https:\/\/www.posk.se\/orebro\/stiftfullmaktige\/","og_locale":"sv_SE","og_type":"article","og_title":"Kandidater till Stiftsfullm\u00e4ktige - \u00d6rebro","og_description":"Norra N\u00e4rkes valkrets kandidater. Svenska Kyrkan. Kandidater i kyrkovalet. L\u00e4nk till Svenska kyrkan. https:\/\/kandidatvisning.svenskakyrkan.se\/ L\u00e4s mer om nomineringsgruppen p\u00e5 deras egen webbsida: https:\/\/www.posk.se\/orebro\/kandidatpresentationer","og_url":"https:\/\/www.posk.se\/orebro\/stiftfullmaktige\/","og_site_name":"\u00d6rebro","article_modified_time":"2025-08-25T15:26:32+00:00","og_image":[{"width":731,"height":579,"url":"https:\/\/www.posk.se\/orebro\/wp-content\/uploads\/sites\/157\/2025\/08\/norra-narikes-valkrets.jpg","type":"image\/jpeg"}],"twitter_card":"summary_large_image","twitter_misc":{"Ber\u00e4knad l\u00e4stid":"1 minut"},"schema":{"@context":"https:\/\/schema.org","@graph":[{"@type":"WebPage","@id":"https:\/\/www.posk.se\/orebro\/stiftfullmaktige\/","url":"https:\/\/www.posk.se\/orebro\/stiftfullmaktige\/","name":"Kandidater till Stiftsfullm\u00e4ktige - \u00d6rebro","isPartOf":{"@id":"https:\/\/www.posk.se\/orebro\/#website"},"primaryImageOfPage":{"@id":"https:\/\/www.posk.se\/orebro\/stiftfullmaktige\/#primaryimage"},"image":{"@id":"https:\/\/www.posk.se\/orebro\/stiftfullmaktige\/#primaryimage"},"thumbnailUrl":"https:\/\/www.posk.se\/orebro\/wp-content\/uploads\/sites\/157\/2025\/08\/norra-narikes-valkrets.jpg","datePublished":"2025-08-21T08:58:37+00:00","dateModified":"2025-08-25T15:26:32+00:00","breadcrumb":{"@id":"https:\/\/www.posk.se\/orebro\/stiftfullmaktige\/#breadcrumb"},"inLanguage":"sv-SE","potentialAction":[{"@type":"ReadAction","target":["https:\/\/www.posk.se\/orebro\/stiftfullmaktige\/"]}]},{"@type":"ImageObject","inLanguage":"sv-SE","@id":"https:\/\/www.posk.se\/orebro\/stiftfullmaktige\/#primaryimage","url":"https:\/\/www.posk.se\/orebro\/wp-content\/uploads\/sites\/157\/2025\/08\/norra-narikes-valkrets.jpg","contentUrl":"https:\/\/www.posk.se\/orebro\/wp-content\/uploads\/sites\/157\/2025\/08\/norra-narikes-valkrets.jpg","width":731,"height":579},{"@type":"BreadcrumbList","@id":"https:\/\/www.posk.se\/orebro\/stiftfullmaktige\/#breadcrumb","itemListElement":[{"@type":"ListItem","position":1,"name":"Hem","item":"https:\/\/www.posk.se\/orebro\/"},{"@type":"ListItem","position":2,"name":"Kandidater till Stiftsfullm\u00e4ktige"}]},{"@type":"WebSite","@id":"https:\/\/www.posk.se\/orebro\/#website","url":"https:\/\/www.posk.se\/orebro\/","name":"\u00d6rebro","description":"POSK-grupp i Str\u00e4ngn\u00e4s stift","potentialAction":[{"@type":"SearchAction","target":{"@type":"EntryPoint","urlTemplate":"https:\/\/www.posk.se\/orebro\/?s={search_term_string}"},"query-input":{"@type":"PropertyValueSpecification","valueRequired":true,"valueName":"search_term_string"}}],"inLanguage":"sv-SE"}]}},"_links":{"self":[{"href":"https:\/\/www.posk.se\/orebro\/wp-json\/wp\/v2\/pages\/1033","targetHints":{"allow":["GET"]}}],"collection":[{"href":"https:\/\/www.posk.se\/orebro\/wp-json\/wp\/v2\/pages"}],"about":[{"href":"https:\/\/www.posk.se\/orebro\/wp-json\/wp\/v2\/types\/page"}],"author":[{"embeddable":true,"href":"https:\/\/www.posk.se\/orebro\/wp-json\/wp\/v2\/users\/1950"}],"replies":[{"embeddable":true,"href":"https:\/\/www.posk.se\/orebro\/wp-json\/wp\/v2\/comments?post=1033"}],"version-history":[{"count":19,"href":"https:\/\/www.posk.se\/orebro\/wp-json\/wp\/v2\/pages\/1033\/revisions"}],"predecessor-version":[{"id":1058,"href":"https:\/\/www.posk.se\/orebro\/wp-json\/wp\/v2\/pages\/1033\/revisions\/1058"}],"wp:attachment":[{"href":"https:\/\/www.posk.se\/orebro\/wp-json\/wp\/v2\/media?parent=1033"}],"curies":[{"name":"wp","href":"https:\/\/api.w.org\/{rel}","templated":true}]}}