{"id":1999,"date":"2025-10-10T10:00:52","date_gmt":"2025-10-10T08:00:52","guid":{"rendered":"https:\/\/www.posk.se\/motala\/?page_id=1999"},"modified":"2025-12-19T16:19:05","modified_gmt":"2025-12-19T15:19:05","slug":"fortroendevalda-2026-2029","status":"publish","type":"page","link":"https:\/\/www.posk.se\/motala\/fortroendevalda-2026-2029\/","title":{"rendered":"F\u00f6rtroendevalda 2026-2029"},"content":{"rendered":"<p style=\"text-align: right\">{uppdaterad <span style=\"color: #ff0000\">2025-12-12<\/span>}<\/p>\n<p><strong>Kyrkofullm\u00e4ktige <\/strong>(<a href=\"https:\/\/www.svenskakyrkan.se\/motala\/\" target=\"_blank\" rel=\"noopener\">&gt;&gt;<\/a>) {<em>R\u00f6str\u00e4kning klart, 2025-10-10<\/em>}<br \/>\n<em>Ordinarie ledam\u00f6ter<\/em><span style=\"color: #ff0000\"><strong>*<\/strong><\/span><br \/>\nLena Bj\u00f6rnst\u00e5hl (1) [<a href=\"https:\/\/www.posk.se\/motala\/kandidatpresentationer\/lena-bjornstahl\/\">&gt;<\/a>]<br \/>\nKenneth S\u00f6derman (3) [<a href=\"https:\/\/www.posk.se\/motala\/kandidatpresentationer\/kenneth-soderman\/\">&gt;<\/a>]<br \/>\nBritt-Marie Westin (5) [<a href=\"https:\/\/www.posk.se\/motala\/kandidatpresentationer\/britt-mari-westin\/\">&gt;<\/a>]<br \/>\nTanja Ronkainen (7) [<a href=\"https:\/\/www.posk.se\/motala\/kandidatpresentationer\/tanja-ronkainen\/\">&gt;<\/a>]<br \/>\nKjell Fransson (11) [<a href=\"https:\/\/www.posk.se\/motala\/kandidatpresentationer\/kjell-fransson\/\">&gt;<\/a>]<br \/>\nLars-Johan Sunnerberg (13) [<a href=\"https:\/\/www.posk.se\/motala\/kandidatpresentationer\/lars-johan-sunnerberg\/\">&gt;<\/a>]<br \/>\nIngela Lidholm (15) [<a href=\"https:\/\/www.posk.se\/motala\/kandidatpresentationer\/ingela-lidholm\/\">&gt;<\/a>]<br \/>\nMonica Fransson (17)<br \/>\nAnnika Landoff (22)<br \/>\nUrban Nilsson (24) [<a href=\"https:\/\/www.posk.se\/motala\/kandidatpresentationer\/urban-nilsson\/\">&gt;<\/a>]<\/p>\n<p><em>Ers\u00e4ttare<\/em><br \/>\n1. Stefan Karlsson [<a href=\"https:\/\/www.posk.se\/motala\/kandidatpresentationer\/stefan-karlsson\/\">&gt;<\/a>]<br \/>\n2. Lina Ellehammer [<a href=\"https:\/\/www.posk.se\/motala\/kandidatpresentationer\/lina-ellehammer\/\">&gt;<\/a>]<br \/>\n3. Sten Westberg [<a href=\"https:\/\/www.posk.se\/motala\/kandidatpresentationer\/sten-westberg\/\">&gt;<\/a>]<br \/>\n4. Gun Jareblad<br \/>\n5. Ingegerd Carlman [<a href=\"https:\/\/www.posk.se\/motala\/kandidatpresentationer\/ingegerd-carlman\/\">&gt;<\/a>]<\/p>\n<p><strong>Kyrkofullm\u00e4ktiges presidium<\/strong><br \/>\nKjell Fransson, 2:e vice ordf\u00f6rande, ledamot<\/p>\n<p><strong>Kyrkofullm\u00e4ktiges valberedning<\/strong><br \/>\nAnnika Landoff, ledamot<br \/>\nHelena Mellberg, ers\u00e4ttare<\/p>\n<p><strong>Kyrkofullm\u00e4ktiges revisorer<\/strong><br \/>\nJan-Olof Andersson, ledamot<br \/>\nLeif Lindahl, ers\u00e4ttare<\/p>\n<p><strong>Kyrkor\u00e5det <\/strong>(<a href=\"https:\/\/www.svenskakyrkan.se\/motala\/\" target=\"_blank\" rel=\"noopener\">&gt;&gt;<\/a>)<br \/>\n<em>Ordinarie ledam\u00f6ter<\/em><br \/>\nKenneth S\u00f6derman<br \/>\nLena Bj\u00f6rnst\u00e5hl<br \/>\nBritt-Marie Westin<br \/>\nTanja Ronkainen<\/p>\n<p><em>Ers\u00e4ttare<span style=\"color: #ff0000\"><strong>**<\/strong><\/span><\/em><br \/>\n1.\u00a0Kjell Fransson<br \/>\n2. Lars-Johan Sunnerberg<br \/>\n3.\u00a0Ingela Lidholm<br \/>\n4.\u00a0Monica Fransson<\/p>\n<p><strong>Kyrkor\u00e5dets presidium<\/strong><br \/>\nKenneth S\u00f6derman, ordf\u00f6rande, ledamot<br \/>\nLena Bj\u00f6rnst\u00e5hl, vice ordf\u00f6rande, ledamot<\/p>\n<p><strong>Kyrkor\u00e5dets arbetsutskott<\/strong><br \/>\n<em>Ordinarie ledam\u00f6ter<\/em><br \/>\nKenneth S\u00f6derman, ordf\u00f6rande<br \/>\nLena Bj\u00f6rnst\u00e5hl, vice ordf\u00f6rande<\/p>\n<p><em>Ers\u00e4ttare<span style=\"color: #ff0000\"><strong>**<\/strong><\/span><\/em><br \/>\n1. Britt-Marie Westin<br \/>\n2. Tanja Ronkainen<\/p>\n<p><strong>Valn\u00e4mnden<\/strong><br \/>\n<em>Ordinarie ledam\u00f6ter<\/em><br \/>\nKenneth S\u00f6derman<br \/>\nLena Bj\u00f6rnst\u00e5hl<\/p>\n<p><em>Ers\u00e4ttare<span style=\"color: #ff0000\"><strong>**<\/strong><\/span><\/em><br \/>\n1. Britt-Marie Westin<br \/>\n2. Tanja Ronkainen<\/p>\n<p><strong>Valn\u00e4mndens presidium<\/strong><br \/>\nKenneth S\u00f6derman, ordf\u00f6rande, ledamot<br \/>\nLena Bj\u00f6rnst\u00e5hl, vice ordf\u00f6rande, ledamot<\/p>\n<p><strong>Grifteg\u00e5rdsutskott<\/strong> (<a href=\"https:\/\/www.svenskakyrkan.se\/motala\/\" target=\"_blank\" rel=\"noopener\">&gt;&gt;<\/a>)<br \/>\n<em>Ordinarie ledam\u00f6ter<\/em><br \/>\nTanja Ronkainen<br \/>\nUrban Nilsson<br \/>\nLars-Johan Sunnerberg<\/p>\n<p><em>Ers\u00e4ttare<span style=\"color: #ff0000\"><strong>**<\/strong><\/span><\/em><br \/>\n1. Annika Qvarfordth<br \/>\n2. Kjell Fransson<br \/>\n3. P\u00e4ivi Pyk\u00e4l\u00e4inen<\/p>\n<p><strong>Grifteg\u00e5rdsutskottets presidium<\/strong><br \/>\nTanja Ronkainen, vice ordf\u00f6rande, ledamot<\/p>\n<p><strong>F\u00f6rskoleutskott<\/strong> (<a href=\"https:\/\/www.svenskakyrkan.se\/motala\/\" target=\"_blank\" rel=\"noopener\">&gt;&gt;<\/a>)<br \/>\n<em>Ordinarie ledam\u00f6ter<\/em><br \/>\nBritt-Marie Westin<\/p>\n<p><em>Ers\u00e4ttare<span style=\"color: #ff0000\"><strong>**<\/strong><\/span><\/em><br \/>\n1. Lina Ellehammer<br \/>\n2. Lena Bj\u00f6rnst\u00e5hl<\/p>\n<p><strong>F\u00f6rskoleutskottets presidium<\/strong><br \/>\nBritt-Marie Westin, ordf\u00f6rande, ledamot<\/p>\n<p><strong>Sverigefinska arbetsgruppen<\/strong><br \/>\nTanja Ronkainen, ledamot<\/p>\n<p><strong>Ombud f\u00f6r Skao Svenska kyrkans arbetsgivarorganisation i Link\u00f6pings stift<\/strong>\u00a0(<a href=\"https:\/\/www.skao.se\/\" target=\"_blank\" rel=\"noopener\">&gt;&gt;<\/a>)<br \/>\n{<em>Arbetsgivarkonferenen<\/em>}<br \/>\nKjell Fransson, ordinarie<br \/>\nBritt-Marie Westin, ers\u00e4ttare<\/p>\n<p>{<em>Arbetsgivarfullm\u00e4ktige, \u00a02022-06-01\u20142026-05-31<\/em>}<br \/>\nLena Bj\u00f6rnst\u00e5l, ordinarie<br \/>\n<span style=\"color: #999999\">{<em>Arbetsgivarfullm\u00e4ktige, \u00a02026-06-01\u20142030-05-31<\/em>}<\/span><br \/>\n<span style=\"color: #999999\">\u2026\u2026, ordinarie\/ers\u00e4ttare ?<\/span><\/p>\n<p><strong>Ombud f\u00f6r Hela m\u00e4nniskan i Motala-Vadstena<\/strong>\u00a0(<a href=\"http:\/\/www.helamanniskan.se\/\" target=\"_blank\" rel=\"noopener\">&gt;&gt;<\/a>)<br \/>\nUrban Nilsson, ordinarie<br \/>\nSilva Peltekian, ers\u00e4ttare<\/p>\n<p><strong>Ombud f\u00f6r Hela m\u00e4nniskan i \u00d6sterg\u00f6tland<\/strong> (<a href=\"http:\/\/www.helamanniskan.se\/\" target=\"_blank\" rel=\"noopener\">&gt;&gt;<\/a>)<br \/>\nUrban Nilsson, ordinarie<br \/>\nStefan Karlsson, ers\u00e4ttare<\/p>\n<p><strong>Ombud f\u00f6r Sensus \u00d6stra G\u00f6taland<\/strong>\u00a0(<a href=\"https:\/\/www.sensus.se\/\" target=\"_blank\" rel=\"noopener\">&gt;&gt;<\/a>)<br \/>\nLars-Johan Sunnerberg, ordinarie<\/p>\n<p><strong>Ombud f\u00f6r Motala kristna samarbetsr\u00e5d<\/strong><br \/>\nIngela Lidholm, ordinarie<br \/>\nKajsa Timm Gustafsson, ers\u00e4ttare<\/p>\n<p><strong>Diakoniombud<\/strong><br \/>\nIngela Lidholm, ers\u00e4ttare<\/p>\n<p><strong>Ombud f\u00f6r Svenska kyrkan i utlandet i Link\u00f6pings stift<\/strong> (<a href=\"https:\/\/www.svenskakyrkan.se\/skut\/\" target=\"_blank\" rel=\"noopener\">&gt;&gt;<\/a>)<br \/>\nStefan Karlsson, ordinarie<br \/>\nIngegerd Carlman, ers\u00e4ttare<\/p>\n<p><strong>Styrelsen f\u00f6r stiftelsen Hjalmar och Augusta Lundbergs stipendiefond<\/strong><br \/>\nLina Ellehammer, ledamot<\/p>\n<p><strong>Styrelsen f\u00f6r stiftelsen Dubergska fonden<\/strong><br \/>\nLina Ellehammer, ledamot<\/p>\n<p><strong>Styrelsen f\u00f6r stiftelsen Direkt\u00f6r Gustaf R\u00e5hl\u00e9ns donationsfond<\/strong><br \/>\nKjell Fransson, ledamot<\/p>\n<p><em><strong>\u00a0 \u00a0<span style=\"color: #ff0000\">*<\/span><\/strong>) Invald ordning \u2013 ( )<\/em><br \/>\n<em><strong>\u00a0 \u00a0<span style=\"color: #ff0000\">**<\/span><\/strong>) Ers\u00e4tter i nummerordning.<\/em><\/p>\n<p>.<br \/>\nK\u00e4lla: <a href=\"https:\/\/kyrkoval.svenskakyrkan.se\/Valresultat2025\/slutg\/Visning\/Resultat\/Forsamling.aspx?StiftID=3&amp;ValomradeId=383&amp;ValtypId=8\" target=\"_blank\" rel=\"noopener\">Valresultat<\/a> (<em>kyrkoval.svenskakyrkan.se<\/em>)<\/p>\n<hr \/>\n<p class=\"p1\"><span class=\"s2\"><strong>Stiftsfullm\u00e4ktige<\/strong> {i <em>Link\u00f6pings stift, V\u00e4tterbygdens kontrakts valkrets<\/em>} (<a href=\"https:\/\/www.svenskakyrkan.se\/linkopingsstift\/stiftsfullmaktige\" target=\"_blank\" rel=\"noopener\">&gt;&gt;<\/a>) (<a href=\"https:\/\/www.posk.se\/linkopingsstift\/fortroendevalda-2026-2029\/\" target=\"_blank\" rel=\"noopener\">POSK<\/a>) {uppdaterad 2025-10-09}<br \/>\n<em>Ordinarie ledam\u00f6ter<span style=\"color: #ff0000\"><strong>***<\/strong><\/span><\/em><\/span><span class=\"s3\"><br \/>\nJohan Garde, Mj\u00f6lby (18) [<a href=\"https:\/\/www.posk.se\/linkopingsstift\/kandidatpresentationer\/johan-garde\/\" target=\"_blank\" rel=\"noopener\">&gt;<\/a>]<br \/>\nCarina Sundstrand \u00c5sman, Vadstena (20) [<a href=\"https:\/\/www.posk.se\/linkopingsstift\/kandidatpresentationer\/carina-sundstrand-asman\/\" target=\"_blank\" rel=\"noopener\">&gt;<\/a>]<br \/>\nLars-Johan Sunnerberg, Motala (23) [<a href=\"https:\/\/www.posk.se\/linkopingsstift\/kandidatpresentationer\/lars-johan-sunnerberg\/\" target=\"_blank\" rel=\"noopener\">&gt;<\/a>]<br \/>\nKristina Selvin, Mj\u00f6lby (25) [<a href=\"https:\/\/www.posk.se\/linkopingsstift\/kandidatpresentationer\/kristina-selvin\/\" target=\"_blank\" rel=\"noopener\">&gt;<\/a>]<br \/>\n<\/span><\/p>\n<p><span class=\"s4\">\u00a0 <span style=\"color: #ff0000\">***<\/span><\/span><span class=\"s2\">) <em>Invald ordning<\/em> \u2013 ( ) <\/span><\/p>\n<p class=\"p1\"><span class=\"s2\"><em>Ers\u00e4ttare<\/em>\u00a0<\/span><span class=\"s3\"><br \/>\n1. Ted Balkert, Vadstena<br \/>\n2. Eva-Lotta Kalman, Borensberg<br \/>\n.<br \/>\nK\u00e4lla: <a href=\"https:\/\/kyrkoval.svenskakyrkan.se\/Valresultat2025\/slutg\/Visning\/Resultat\/Stiftsfullmaktige.aspx?TabIndex=1&amp;StiftId=3\" target=\"_blank\" rel=\"noopener\">Valresultat<\/a> (<em>kyrkoval.svenskakyrkan.se<\/em>)<\/span><\/p>\n<hr \/>\n<p><strong>KYRKOFULLM\u00c4KTIGE<\/strong> (Motala f\u00f6rsamling)<br \/>\n<em>Kyrkovals resultat f\u00f6r POSK i Motala f\u00f6rsamlings valkrets<\/em><\/p>\n<p><strong>\u00c5r | % | Antal | Mandat<\/strong><br \/>\n2025 | 40,92 | 793 | 10<br \/>\n2021 | 42,25 | 902 | 11<br \/>\n2017 | 23,54 | 540 | 7<br \/>\n2013 | 22,73 | 411 | 7<br \/>\n2009 | 17,37 | 331 | 5<br \/>\n2005 | \u201d<em>vilande som POSK-grupp<\/em>\u201d<br \/>\n2001 | 21,24 | 523 | 6<\/p>\n<hr \/>\n<p style=\"text-align: right\">Verktyg f\u00f6r ber\u00e4kning av indirekta val<br \/>\n<a href=\"https:\/\/www.svenskakyrkan.se\/valwebben\/indirekta-val\" target=\"_blank\" rel=\"noopener\">L\u00e4s mer<\/a> {<a href=\"https:\/\/webapp.svenskakyrkan.se\/miscapp\/v1\/client\/indirektaval\/#\/?stiftId=1\" target=\"_blank\" rel=\"noopener\">Verktyget<\/a>}<\/p>\n","protected":false},"excerpt":{"rendered":"<p>{uppdaterad 2025-12-12} Kyrkofullm\u00e4ktige (&gt;&gt;) {R\u00f6str\u00e4kning klart, 2025-10-10} Ordinarie ledam\u00f6ter* Lena Bj\u00f6rnst\u00e5hl (1) [&gt;] Kenneth S\u00f6derman (3) [&gt;] Britt-Marie Westin (5) [&gt;] Tanja Ronkainen (7) [&gt;] Kjell Fransson (11) [&gt;] Lars-Johan Sunnerberg (13) [&gt;] Ingela Lidholm (15) [&gt;] Monica Fransson (17) Annika Landoff (22) Urban Nilsson (24) [&gt;] Ers\u00e4ttare 1. Stefan Karlsson [&gt;] 2. Lina Ellehammer [&hellip;]<\/p>\n","protected":false},"author":104,"featured_media":1851,"parent":0,"menu_order":1,"comment_status":"closed","ping_status":"closed","template":"page-templates\/page-sidebar-left.php","meta":{"_acf_changed":false,"footnotes":""},"class_list":["post-1999","page","type-page","status-publish","has-post-thumbnail","hentry"],"acf":[],"yoast_head":"<!-- This site is optimized with the Yoast SEO plugin v24.9 - https:\/\/yoast.com\/wordpress\/plugins\/seo\/ -->\n<title>F\u00f6rtroendevalda 2026-2029 - Motala<\/title>\n<meta name=\"robots\" content=\"index, follow, max-snippet:-1, max-image-preview:large, max-video-preview:-1\" \/>\n<link rel=\"canonical\" href=\"https:\/\/www.posk.se\/motala\/fortroendevalda-2026-2029\/\" \/>\n<meta property=\"og:locale\" content=\"sv_SE\" \/>\n<meta property=\"og:type\" content=\"article\" \/>\n<meta property=\"og:title\" content=\"F\u00f6rtroendevalda 2026-2029 - Motala\" \/>\n<meta property=\"og:description\" content=\"{uppdaterad 2025-12-12} Kyrkofullm\u00e4ktige (&gt;&gt;) {R\u00f6str\u00e4kning klart, 2025-10-10} Ordinarie ledam\u00f6ter* Lena Bj\u00f6rnst\u00e5hl (1) [&gt;] Kenneth S\u00f6derman (3) [&gt;] Britt-Marie Westin (5) [&gt;] Tanja Ronkainen (7) [&gt;] Kjell Fransson (11) [&gt;] Lars-Johan Sunnerberg (13) [&gt;] Ingela Lidholm (15) [&gt;] Monica Fransson (17) Annika Landoff (22) Urban Nilsson (24) [&gt;] Ers\u00e4ttare 1. Stefan Karlsson [&gt;] 2. Lina Ellehammer [&hellip;]\" \/>\n<meta property=\"og:url\" content=\"https:\/\/www.posk.se\/motala\/fortroendevalda-2026-2029\/\" \/>\n<meta property=\"og:site_name\" content=\"Motala\" \/>\n<meta property=\"article:modified_time\" content=\"2025-12-19T15:19:05+00:00\" \/>\n<meta property=\"og:image\" content=\"https:\/\/www.posk.se\/motala\/wp-content\/uploads\/sites\/74\/2025\/08\/posk-7210-scaled.jpg\" \/>\n\t<meta property=\"og:image:width\" content=\"2560\" \/>\n\t<meta property=\"og:image:height\" content=\"1707\" \/>\n\t<meta property=\"og:image:type\" content=\"image\/jpeg\" \/>\n<meta name=\"twitter:card\" content=\"summary_large_image\" \/>\n<meta name=\"twitter:label1\" content=\"Ber\u00e4knad l\u00e4stid\" \/>\n\t<meta name=\"twitter:data1\" content=\"3 minuter\" \/>\n<script type=\"application\/ld+json\" class=\"yoast-schema-graph\">{\"@context\":\"https:\/\/schema.org\",\"@graph\":[{\"@type\":\"WebPage\",\"@id\":\"https:\/\/www.posk.se\/motala\/fortroendevalda-2026-2029\/\",\"url\":\"https:\/\/www.posk.se\/motala\/fortroendevalda-2026-2029\/\",\"name\":\"F\u00f6rtroendevalda 2026-2029 - Motala\",\"isPartOf\":{\"@id\":\"https:\/\/www.posk.se\/motala\/#website\"},\"primaryImageOfPage\":{\"@id\":\"https:\/\/www.posk.se\/motala\/fortroendevalda-2026-2029\/#primaryimage\"},\"image\":{\"@id\":\"https:\/\/www.posk.se\/motala\/fortroendevalda-2026-2029\/#primaryimage\"},\"thumbnailUrl\":\"https:\/\/www.posk.se\/motala\/wp-content\/uploads\/sites\/74\/2025\/08\/posk-7210-scaled.jpg\",\"datePublished\":\"2025-10-10T08:00:52+00:00\",\"dateModified\":\"2025-12-19T15:19:05+00:00\",\"breadcrumb\":{\"@id\":\"https:\/\/www.posk.se\/motala\/fortroendevalda-2026-2029\/#breadcrumb\"},\"inLanguage\":\"sv-SE\",\"potentialAction\":[{\"@type\":\"ReadAction\",\"target\":[\"https:\/\/www.posk.se\/motala\/fortroendevalda-2026-2029\/\"]}]},{\"@type\":\"ImageObject\",\"inLanguage\":\"sv-SE\",\"@id\":\"https:\/\/www.posk.se\/motala\/fortroendevalda-2026-2029\/#primaryimage\",\"url\":\"https:\/\/www.posk.se\/motala\/wp-content\/uploads\/sites\/74\/2025\/08\/posk-7210-scaled.jpg\",\"contentUrl\":\"https:\/\/www.posk.se\/motala\/wp-content\/uploads\/sites\/74\/2025\/08\/posk-7210-scaled.jpg\",\"width\":2560,\"height\":1707},{\"@type\":\"BreadcrumbList\",\"@id\":\"https:\/\/www.posk.se\/motala\/fortroendevalda-2026-2029\/#breadcrumb\",\"itemListElement\":[{\"@type\":\"ListItem\",\"position\":1,\"name\":\"Hem\",\"item\":\"https:\/\/www.posk.se\/motala\/\"},{\"@type\":\"ListItem\",\"position\":2,\"name\":\"F\u00f6rtroendevalda 2026-2029\"}]},{\"@type\":\"WebSite\",\"@id\":\"https:\/\/www.posk.se\/motala\/#website\",\"url\":\"https:\/\/www.posk.se\/motala\/\",\"name\":\"Motala\",\"description\":\"POSK-grupp i Link\u00f6pings stift\",\"potentialAction\":[{\"@type\":\"SearchAction\",\"target\":{\"@type\":\"EntryPoint\",\"urlTemplate\":\"https:\/\/www.posk.se\/motala\/?s={search_term_string}\"},\"query-input\":{\"@type\":\"PropertyValueSpecification\",\"valueRequired\":true,\"valueName\":\"search_term_string\"}}],\"inLanguage\":\"sv-SE\"}]}<\/script>\n<!-- \/ Yoast SEO plugin. -->","yoast_head_json":{"title":"F\u00f6rtroendevalda 2026-2029 - Motala","robots":{"index":"index","follow":"follow","max-snippet":"max-snippet:-1","max-image-preview":"max-image-preview:large","max-video-preview":"max-video-preview:-1"},"canonical":"https:\/\/www.posk.se\/motala\/fortroendevalda-2026-2029\/","og_locale":"sv_SE","og_type":"article","og_title":"F\u00f6rtroendevalda 2026-2029 - Motala","og_description":"{uppdaterad 2025-12-12} Kyrkofullm\u00e4ktige (&gt;&gt;) {R\u00f6str\u00e4kning klart, 2025-10-10} Ordinarie ledam\u00f6ter* Lena Bj\u00f6rnst\u00e5hl (1) [&gt;] Kenneth S\u00f6derman (3) [&gt;] Britt-Marie Westin (5) [&gt;] Tanja Ronkainen (7) [&gt;] Kjell Fransson (11) [&gt;] Lars-Johan Sunnerberg (13) [&gt;] Ingela Lidholm (15) [&gt;] Monica Fransson (17) Annika Landoff (22) Urban Nilsson (24) [&gt;] Ers\u00e4ttare 1. Stefan Karlsson [&gt;] 2. Lina Ellehammer [&hellip;]","og_url":"https:\/\/www.posk.se\/motala\/fortroendevalda-2026-2029\/","og_site_name":"Motala","article_modified_time":"2025-12-19T15:19:05+00:00","og_image":[{"width":2560,"height":1707,"url":"https:\/\/www.posk.se\/motala\/wp-content\/uploads\/sites\/74\/2025\/08\/posk-7210-scaled.jpg","type":"image\/jpeg"}],"twitter_card":"summary_large_image","twitter_misc":{"Ber\u00e4knad l\u00e4stid":"3 minuter"},"schema":{"@context":"https:\/\/schema.org","@graph":[{"@type":"WebPage","@id":"https:\/\/www.posk.se\/motala\/fortroendevalda-2026-2029\/","url":"https:\/\/www.posk.se\/motala\/fortroendevalda-2026-2029\/","name":"F\u00f6rtroendevalda 2026-2029 - Motala","isPartOf":{"@id":"https:\/\/www.posk.se\/motala\/#website"},"primaryImageOfPage":{"@id":"https:\/\/www.posk.se\/motala\/fortroendevalda-2026-2029\/#primaryimage"},"image":{"@id":"https:\/\/www.posk.se\/motala\/fortroendevalda-2026-2029\/#primaryimage"},"thumbnailUrl":"https:\/\/www.posk.se\/motala\/wp-content\/uploads\/sites\/74\/2025\/08\/posk-7210-scaled.jpg","datePublished":"2025-10-10T08:00:52+00:00","dateModified":"2025-12-19T15:19:05+00:00","breadcrumb":{"@id":"https:\/\/www.posk.se\/motala\/fortroendevalda-2026-2029\/#breadcrumb"},"inLanguage":"sv-SE","potentialAction":[{"@type":"ReadAction","target":["https:\/\/www.posk.se\/motala\/fortroendevalda-2026-2029\/"]}]},{"@type":"ImageObject","inLanguage":"sv-SE","@id":"https:\/\/www.posk.se\/motala\/fortroendevalda-2026-2029\/#primaryimage","url":"https:\/\/www.posk.se\/motala\/wp-content\/uploads\/sites\/74\/2025\/08\/posk-7210-scaled.jpg","contentUrl":"https:\/\/www.posk.se\/motala\/wp-content\/uploads\/sites\/74\/2025\/08\/posk-7210-scaled.jpg","width":2560,"height":1707},{"@type":"BreadcrumbList","@id":"https:\/\/www.posk.se\/motala\/fortroendevalda-2026-2029\/#breadcrumb","itemListElement":[{"@type":"ListItem","position":1,"name":"Hem","item":"https:\/\/www.posk.se\/motala\/"},{"@type":"ListItem","position":2,"name":"F\u00f6rtroendevalda 2026-2029"}]},{"@type":"WebSite","@id":"https:\/\/www.posk.se\/motala\/#website","url":"https:\/\/www.posk.se\/motala\/","name":"Motala","description":"POSK-grupp i Link\u00f6pings stift","potentialAction":[{"@type":"SearchAction","target":{"@type":"EntryPoint","urlTemplate":"https:\/\/www.posk.se\/motala\/?s={search_term_string}"},"query-input":{"@type":"PropertyValueSpecification","valueRequired":true,"valueName":"search_term_string"}}],"inLanguage":"sv-SE"}]}},"_links":{"self":[{"href":"https:\/\/www.posk.se\/motala\/wp-json\/wp\/v2\/pages\/1999","targetHints":{"allow":["GET"]}}],"collection":[{"href":"https:\/\/www.posk.se\/motala\/wp-json\/wp\/v2\/pages"}],"about":[{"href":"https:\/\/www.posk.se\/motala\/wp-json\/wp\/v2\/types\/page"}],"author":[{"embeddable":true,"href":"https:\/\/www.posk.se\/motala\/wp-json\/wp\/v2\/users\/104"}],"replies":[{"embeddable":true,"href":"https:\/\/www.posk.se\/motala\/wp-json\/wp\/v2\/comments?post=1999"}],"version-history":[{"count":68,"href":"https:\/\/www.posk.se\/motala\/wp-json\/wp\/v2\/pages\/1999\/revisions"}],"predecessor-version":[{"id":2102,"href":"https:\/\/www.posk.se\/motala\/wp-json\/wp\/v2\/pages\/1999\/revisions\/2102"}],"wp:featuredmedia":[{"embeddable":true,"href":"https:\/\/www.posk.se\/motala\/wp-json\/wp\/v2\/media\/1851"}],"wp:attachment":[{"href":"https:\/\/www.posk.se\/motala\/wp-json\/wp\/v2\/media?parent=1999"}],"curies":[{"name":"wp","href":"https:\/\/api.w.org\/{rel}","templated":true}]}}