{"id":20,"date":"2016-07-20T10:35:12","date_gmt":"2016-07-20T08:35:12","guid":{"rendered":"https:\/\/www.posk.se\/mariestad\/?page_id=20"},"modified":"2025-08-27T21:56:41","modified_gmt":"2025-08-27T19:56:41","slug":"startsidan-2","status":"publish","type":"page","link":"https:\/\/www.posk.se\/mariestad\/","title":{"rendered":"Mariestads f\u00f6rsamling"},"content":{"rendered":"<h4 style=\"text-align: center\">Vi \u00e4r den st\u00f6rsta nomineringsgruppen i Mariestads f\u00f6rsamling.<\/h4>\n<h6 style=\"text-align: center\">F\u00f6r att se valresultatet klicka <a href=\"https:\/\/kyrkoval.svenskakyrkan.se\/Valresultat2021\/slutg\/Visning\/Resultat\/Forsamling.aspx?StiftID=4&amp;ValomradeId=7469&amp;ValtypId=8\">h\u00e4r<\/a><\/h6>\n<h3><\/h3>\n<h3><\/h3>\n<h3><\/h3>\n<h2 style=\"text-align: center\"><span style=\"color: #db0812\"><strong>Handlingsprogram i Mariestad <\/strong><\/span><\/h2>\n<h2 style=\"text-align: center\"><span style=\"color: #db0812\"><strong>2026\u2013 2029<\/strong><\/span><\/h2>\n<p>&nbsp;<\/p>\n<p>POSK \u00e4r en demokratisk riksorganisation f\u00f6r grupper och enskilda som vill ta det viktiga ansvaret som f\u00f6rtroendevalda i Svenska kyrkan utan att binda sig till n\u00e5got allm\u00e4npolitiskt parti. I Mariestads f\u00f6rsamling har POSK varit representerat i kyrkofullm\u00e4ktige och kyrkor\u00e5d sedan 1992.<\/p>\n<p>En viktig fr\u00e5ga f\u00f6r POSK \u00e4r att skapa m\u00f6jligheter f\u00f6r och uppmuntra m\u00e4nniskor med engagemang i Svenska kyrkan att ocks\u00e5 ta ansvar som f\u00f6rtroendevalda. POSK:s kandidater \u00e4r alltid partipolitiskt obundna i de kyrkliga sammanhangen, men kan ocks\u00e5 vara allm\u00e4npolitiskt aktiva och i de sammanhangen f\u00f6retr\u00e4da ett allm\u00e4npolitiskt parti.<\/p>\n<p>POSK vill att Svenska kyrkan ska vara en \u00f6ppen och fri kyrka. Vi vill att kyrkliga val ska bli personval, och ha sin utg\u00e5ngspunkt i f\u00f6rsamling och stift. Nuvarande valsystem \u00e4r dyrt och gagnar inte id\u00e9n om personval som modell f\u00f6r kyrkliga val. I ett f\u00f6rsta steg b\u00f6r d\u00e4rf\u00f6r direkta val till kyrkom\u00f6tet avskaffas och stiftets representanter utses av stiftsfullm\u00e4ktige. Nuvarande system \u00f6ppnar f\u00f6r nomineringsgrupper utan f\u00f6rankring i en f\u00f6rsamling.<\/p>\n<p>POSK i Mariestad vill lyfta fram och arbeta f\u00f6r:<\/p>\n<p>\u2022 att f\u00f6rsamlingsmedlemmarna ges m\u00f6jlighet att p\u00e5verka gudstj\u00e4nsternasutformning<\/p>\n<p>\u2022 att f\u00f6rsamlingen forts\u00e4tter satsa p\u00e5 musik och andra kulturformer<\/p>\n<p>\u2022 att forum skapas s\u00e5 att f\u00f6rsamlingsmedlemmarnas id\u00e9er och synpunkter kan f\u00f6ras fram till f\u00f6rtroendevalda och anst\u00e4llda<\/p>\n<p>\u2022 att f\u00f6rsamlingen kommunicerar att Svenska kyrkan \u00e4r en modern \u00f6ppen kyrka, en viktig part i samh\u00e4llet och en plats f\u00f6r alla.<\/p>\n<p>\u2022 att f\u00f6rsamlingens milj\u00f6arbete forts\u00e4tter<\/p>\n<p>\u2022 att utveckla f\u00f6rsamlingens barn och ungdomsverksamhet<\/p>\n<p>\u2022 att samarbetet mellan olika kyrkor (ekumeniken) fr\u00e4mjas<\/p>\n<p>\u2022 att f\u00f6rsamlingen har ett diakonalt f\u00f6rh\u00e5llningss\u00e4tt och m\u00f6ter m\u00e4nniskorna i deras vardag.<\/p>\n<p>\u2022 att f\u00f6rsamlingen erbjuder grupper f\u00f6r studier, friskv\u00e5rd och samtal i livets olika skeden<\/p>\n<p>\u2022 att andliga f\u00f6rdjupningsm\u00f6jligheter erbjuds<\/p>\n<p>\u2022 att f\u00f6rsamlingen engagerar sig f\u00f6r m\u00e4nniskor i hela v\u00e4rlden<\/p>\n<p>\u2022 att verka f\u00f6r utbytet med kyrkor i andra l\u00e4nder.<\/p>\n<p>Kontakta oss g\u00e4rna om du vill veta mer!<\/p>\n<p>Du kan v\u00e4nda dig till Claes-Henrik Martinsson (<a href=\"mailto:c-h.martinsson@telia.com\">c-h.martinsson@telia.com<\/a>, 0706-58 09 09) eller till Johannes Ekstr\u00f6m (<a href=\"mailto:johannes.ekstrom.posk@telia.com\">johannes.ekstrom.posk@telia.com<\/a>, <a href=\"tel:0709-509955\">0709-509955<\/a>).<\/p>\n<p>Adress till Mariestads f\u00f6rsamling:<\/p>\n<p><a href=\"https:\/\/www.svenskakyrkan.se\/mariestad\">https:\/\/www.svenskakyrkan.se\/mariestad<\/a><\/p>\n<p>&nbsp;<\/p>\n","protected":false},"excerpt":{"rendered":"<p>Vi \u00e4r den st\u00f6rsta nomineringsgruppen i Mariestads f\u00f6rsamling. F\u00f6r att se valresultatet klicka h\u00e4r Handlingsprogram i Mariestad 2026\u2013 2029 &nbsp; POSK \u00e4r en demokratisk riksorganisation f\u00f6r grupper och enskilda som vill ta det viktiga ansvaret som f\u00f6rtroendevalda i Svenska kyrkan utan att binda sig till n\u00e5got allm\u00e4npolitiskt parti. I Mariestads f\u00f6rsamling har POSK varit representerat [&hellip;]<\/p>\n","protected":false},"author":1,"featured_media":260,"parent":0,"menu_order":0,"comment_status":"closed","ping_status":"closed","template":"page-templates\/page-sidebar-left.php","meta":{"_acf_changed":false,"footnotes":""},"class_list":["post-20","page","type-page","status-publish","has-post-thumbnail","hentry"],"acf":[],"yoast_head":"<!-- This site is optimized with the Yoast SEO plugin v24.9 - https:\/\/yoast.com\/wordpress\/plugins\/seo\/ -->\n<title>Mariestads f\u00f6rsamling - Mariestad<\/title>\n<meta name=\"robots\" content=\"index, follow, max-snippet:-1, max-image-preview:large, max-video-preview:-1\" \/>\n<link rel=\"canonical\" href=\"https:\/\/www.posk.se\/mariestad\/\" \/>\n<meta property=\"og:locale\" content=\"sv_SE\" \/>\n<meta property=\"og:type\" content=\"article\" \/>\n<meta property=\"og:title\" content=\"Mariestads f\u00f6rsamling - Mariestad\" \/>\n<meta property=\"og:description\" content=\"Vi \u00e4r den st\u00f6rsta nomineringsgruppen i Mariestads f\u00f6rsamling. F\u00f6r att se valresultatet klicka h\u00e4r Handlingsprogram i Mariestad 2026\u2013 2029 &nbsp; POSK \u00e4r en demokratisk riksorganisation f\u00f6r grupper och enskilda som vill ta det viktiga ansvaret som f\u00f6rtroendevalda i Svenska kyrkan utan att binda sig till n\u00e5got allm\u00e4npolitiskt parti. I Mariestads f\u00f6rsamling har POSK varit representerat [&hellip;]\" \/>\n<meta property=\"og:url\" content=\"https:\/\/www.posk.se\/mariestad\/\" \/>\n<meta property=\"og:site_name\" content=\"Mariestad\" \/>\n<meta property=\"article:modified_time\" content=\"2025-08-27T19:56:41+00:00\" \/>\n<meta property=\"og:image\" content=\"https:\/\/www.posk.se\/mariestad\/wp-content\/uploads\/sites\/125\/2025\/06\/img-9603-scaled.jpeg\" \/>\n\t<meta property=\"og:image:width\" content=\"2560\" \/>\n\t<meta property=\"og:image:height\" content=\"1920\" \/>\n\t<meta property=\"og:image:type\" content=\"image\/jpeg\" \/>\n<meta name=\"twitter:card\" content=\"summary_large_image\" \/>\n<meta name=\"twitter:label1\" content=\"Ber\u00e4knad l\u00e4stid\" \/>\n\t<meta name=\"twitter:data1\" content=\"2 minuter\" \/>\n<script type=\"application\/ld+json\" class=\"yoast-schema-graph\">{\"@context\":\"https:\/\/schema.org\",\"@graph\":[{\"@type\":\"WebPage\",\"@id\":\"https:\/\/www.posk.se\/mariestad\/\",\"url\":\"https:\/\/www.posk.se\/mariestad\/\",\"name\":\"Mariestads f\u00f6rsamling - Mariestad\",\"isPartOf\":{\"@id\":\"https:\/\/www.posk.se\/mariestad\/#website\"},\"primaryImageOfPage\":{\"@id\":\"https:\/\/www.posk.se\/mariestad\/#primaryimage\"},\"image\":{\"@id\":\"https:\/\/www.posk.se\/mariestad\/#primaryimage\"},\"thumbnailUrl\":\"https:\/\/www.posk.se\/mariestad\/wp-content\/uploads\/sites\/125\/2025\/06\/img-9603-scaled.jpeg\",\"datePublished\":\"2016-07-20T08:35:12+00:00\",\"dateModified\":\"2025-08-27T19:56:41+00:00\",\"breadcrumb\":{\"@id\":\"https:\/\/www.posk.se\/mariestad\/#breadcrumb\"},\"inLanguage\":\"sv-SE\",\"potentialAction\":[{\"@type\":\"ReadAction\",\"target\":[\"https:\/\/www.posk.se\/mariestad\/\"]}]},{\"@type\":\"ImageObject\",\"inLanguage\":\"sv-SE\",\"@id\":\"https:\/\/www.posk.se\/mariestad\/#primaryimage\",\"url\":\"https:\/\/www.posk.se\/mariestad\/wp-content\/uploads\/sites\/125\/2025\/06\/img-9603-scaled.jpeg\",\"contentUrl\":\"https:\/\/www.posk.se\/mariestad\/wp-content\/uploads\/sites\/125\/2025\/06\/img-9603-scaled.jpeg\",\"width\":2560,\"height\":1920},{\"@type\":\"BreadcrumbList\",\"@id\":\"https:\/\/www.posk.se\/mariestad\/#breadcrumb\",\"itemListElement\":[{\"@type\":\"ListItem\",\"position\":1,\"name\":\"Hem\",\"item\":\"https:\/\/www.posk.se\/mariestad\/\"},{\"@type\":\"ListItem\",\"position\":2,\"name\":\"Mariestads f\u00f6rsamling\"}]},{\"@type\":\"WebSite\",\"@id\":\"https:\/\/www.posk.se\/mariestad\/#website\",\"url\":\"https:\/\/www.posk.se\/mariestad\/\",\"name\":\"Mariestad\",\"description\":\"POSK-grupp i Skara stift\",\"potentialAction\":[{\"@type\":\"SearchAction\",\"target\":{\"@type\":\"EntryPoint\",\"urlTemplate\":\"https:\/\/www.posk.se\/mariestad\/?s={search_term_string}\"},\"query-input\":{\"@type\":\"PropertyValueSpecification\",\"valueRequired\":true,\"valueName\":\"search_term_string\"}}],\"inLanguage\":\"sv-SE\"}]}<\/script>\n<!-- \/ Yoast SEO plugin. -->","yoast_head_json":{"title":"Mariestads f\u00f6rsamling - Mariestad","robots":{"index":"index","follow":"follow","max-snippet":"max-snippet:-1","max-image-preview":"max-image-preview:large","max-video-preview":"max-video-preview:-1"},"canonical":"https:\/\/www.posk.se\/mariestad\/","og_locale":"sv_SE","og_type":"article","og_title":"Mariestads f\u00f6rsamling - Mariestad","og_description":"Vi \u00e4r den st\u00f6rsta nomineringsgruppen i Mariestads f\u00f6rsamling. F\u00f6r att se valresultatet klicka h\u00e4r Handlingsprogram i Mariestad 2026\u2013 2029 &nbsp; POSK \u00e4r en demokratisk riksorganisation f\u00f6r grupper och enskilda som vill ta det viktiga ansvaret som f\u00f6rtroendevalda i Svenska kyrkan utan att binda sig till n\u00e5got allm\u00e4npolitiskt parti. I Mariestads f\u00f6rsamling har POSK varit representerat [&hellip;]","og_url":"https:\/\/www.posk.se\/mariestad\/","og_site_name":"Mariestad","article_modified_time":"2025-08-27T19:56:41+00:00","og_image":[{"width":2560,"height":1920,"url":"https:\/\/www.posk.se\/mariestad\/wp-content\/uploads\/sites\/125\/2025\/06\/img-9603-scaled.jpeg","type":"image\/jpeg"}],"twitter_card":"summary_large_image","twitter_misc":{"Ber\u00e4knad l\u00e4stid":"2 minuter"},"schema":{"@context":"https:\/\/schema.org","@graph":[{"@type":"WebPage","@id":"https:\/\/www.posk.se\/mariestad\/","url":"https:\/\/www.posk.se\/mariestad\/","name":"Mariestads f\u00f6rsamling - Mariestad","isPartOf":{"@id":"https:\/\/www.posk.se\/mariestad\/#website"},"primaryImageOfPage":{"@id":"https:\/\/www.posk.se\/mariestad\/#primaryimage"},"image":{"@id":"https:\/\/www.posk.se\/mariestad\/#primaryimage"},"thumbnailUrl":"https:\/\/www.posk.se\/mariestad\/wp-content\/uploads\/sites\/125\/2025\/06\/img-9603-scaled.jpeg","datePublished":"2016-07-20T08:35:12+00:00","dateModified":"2025-08-27T19:56:41+00:00","breadcrumb":{"@id":"https:\/\/www.posk.se\/mariestad\/#breadcrumb"},"inLanguage":"sv-SE","potentialAction":[{"@type":"ReadAction","target":["https:\/\/www.posk.se\/mariestad\/"]}]},{"@type":"ImageObject","inLanguage":"sv-SE","@id":"https:\/\/www.posk.se\/mariestad\/#primaryimage","url":"https:\/\/www.posk.se\/mariestad\/wp-content\/uploads\/sites\/125\/2025\/06\/img-9603-scaled.jpeg","contentUrl":"https:\/\/www.posk.se\/mariestad\/wp-content\/uploads\/sites\/125\/2025\/06\/img-9603-scaled.jpeg","width":2560,"height":1920},{"@type":"BreadcrumbList","@id":"https:\/\/www.posk.se\/mariestad\/#breadcrumb","itemListElement":[{"@type":"ListItem","position":1,"name":"Hem","item":"https:\/\/www.posk.se\/mariestad\/"},{"@type":"ListItem","position":2,"name":"Mariestads f\u00f6rsamling"}]},{"@type":"WebSite","@id":"https:\/\/www.posk.se\/mariestad\/#website","url":"https:\/\/www.posk.se\/mariestad\/","name":"Mariestad","description":"POSK-grupp i Skara stift","potentialAction":[{"@type":"SearchAction","target":{"@type":"EntryPoint","urlTemplate":"https:\/\/www.posk.se\/mariestad\/?s={search_term_string}"},"query-input":{"@type":"PropertyValueSpecification","valueRequired":true,"valueName":"search_term_string"}}],"inLanguage":"sv-SE"}]}},"_links":{"self":[{"href":"https:\/\/www.posk.se\/mariestad\/wp-json\/wp\/v2\/pages\/20","targetHints":{"allow":["GET"]}}],"collection":[{"href":"https:\/\/www.posk.se\/mariestad\/wp-json\/wp\/v2\/pages"}],"about":[{"href":"https:\/\/www.posk.se\/mariestad\/wp-json\/wp\/v2\/types\/page"}],"author":[{"embeddable":true,"href":"https:\/\/www.posk.se\/mariestad\/wp-json\/wp\/v2\/users\/1"}],"replies":[{"embeddable":true,"href":"https:\/\/www.posk.se\/mariestad\/wp-json\/wp\/v2\/comments?post=20"}],"version-history":[{"count":22,"href":"https:\/\/www.posk.se\/mariestad\/wp-json\/wp\/v2\/pages\/20\/revisions"}],"predecessor-version":[{"id":346,"href":"https:\/\/www.posk.se\/mariestad\/wp-json\/wp\/v2\/pages\/20\/revisions\/346"}],"wp:featuredmedia":[{"embeddable":true,"href":"https:\/\/www.posk.se\/mariestad\/wp-json\/wp\/v2\/media\/260"}],"wp:attachment":[{"href":"https:\/\/www.posk.se\/mariestad\/wp-json\/wp\/v2\/media?parent=20"}],"curies":[{"name":"wp","href":"https:\/\/api.w.org\/{rel}","templated":true}]}}