{"id":471,"date":"2025-08-30T21:41:21","date_gmt":"2025-08-30T19:41:21","guid":{"rendered":"https:\/\/www.posk.se\/lund\/?page_id=471"},"modified":"2025-09-13T23:52:03","modified_gmt":"2025-09-13T21:52:03","slug":"valdokument-presenterade-i-valrorelsen-2025","status":"publish","type":"page","link":"https:\/\/www.posk.se\/lund\/valdokument-presenterade-i-valrorelsen-2025\/","title":{"rendered":"Valdokument presenterade i valr\u00f6relsen 2025"},"content":{"rendered":"<h2>V\u00e5r lokala Valbroschyr f\u00f6r POSK Lund &#8211; en pdf som \u00f6ppnas i ny sida:<\/h2>\n<ul>\n<li><a href=\"https:\/\/www.posk.se\/lund\/wp-content\/uploads\/sites\/109\/2025\/08\/valbroschyr-posk-2025-slutversion.pdf\" target=\"_blank\" rel=\"noopener\">POSK Lund valbroschyr<\/a><\/li>\n<\/ul>\n<h2>Dokument p\u00e5 Facebook h\u00e4r som pdf &#8211; \u00f6ppnas i ny sida:<\/h2>\n<ul>\n<li><a href=\"https:\/\/www.posk.se\/lund\/wp-content\/uploads\/sites\/109\/2025\/08\/20250718-vad-vi-vill-i-lund-start.pdf\" target=\"_blank\" rel=\"noopener\">20250718 Vad vi vill i Lund<\/a><\/li>\n<li><a href=\"https:\/\/www.posk.se\/lund\/wp-content\/uploads\/sites\/109\/2025\/08\/20250730-vad-vi-vill-i-lund-linero.pdf\" target=\"_blank\" rel=\"noopener\">20250730 Vad vill vill i Lund &#8211; f\u00f6rsamlingshemmet p\u00e5 Linero<\/a><\/li>\n<li><a href=\"https:\/\/www.kyrkanstidning.se\/debatt\/lunds-pastorat-brister-i-det-diakonala-arbetet-unga?fbclid=IwY2xjawMgNaBleHRuA2FlbQIxMQABHp0vQrmHCiJj60bPziUTzLThDvFolB-b6jP103xYMdWlTNuCXk-LV6qeVrSQ_aem_mndpblX1k5UeJ73tuQteHQ\" target=\"_blank\" rel=\"noopener\">20250804 Artikel i Kyrkans tidning om samtalsmottagning f\u00f6r unga\u00a0 &#8211; du dirigeras till artikeln i ny sida<\/a><\/li>\n<li><a href=\"https:\/\/www.posk.se\/lund\/wp-content\/uploads\/sites\/109\/2025\/08\/vad-vi-vill-i-lund-samtalsmottagning.pdf\" target=\"_blank\" rel=\"noopener\">20250818 Samtalsmottagning f\u00f6r unga<\/a><\/li>\n<li><a href=\"https:\/\/www.posk.se\/lund\/wp-content\/uploads\/sites\/109\/2025\/08\/20250821-vad-vi-vill-i-lund-kandidater.pdf\" target=\"_blank\" rel=\"noopener\">20250821 POSKs kandidater till kyrkofullm\u00e4ktige i Lund<\/a><\/li>\n<li><a href=\"https:\/\/www.posk.se\/lund\/wp-content\/uploads\/sites\/109\/2025\/08\/20250816-vad-vi-vill-i-lund-anvanda-pengarna-2.pdf\" target=\"_blank\" rel=\"noopener\">20250901 POSKs syn p\u00e5 Lunds pastorats ekonomi<\/a><\/li>\n<\/ul>\n<h2>L\u00e4nk till v\u00e5ra filmer p\u00e5 Facebook &#8211; \u00f6ppnas i ny sida:<\/h2>\n<ol>\n<li><a href=\"https:\/\/www.facebook.com\/share\/v\/18QLziisWm\/\" target=\"_blank\" rel=\"noopener\">20 aug<\/a><\/li>\n<li><a href=\"https:\/\/www.facebook.com\/share\/v\/14KNRzWZ1mE\/\" target=\"_blank\" rel=\"noopener\">22 aug<\/a><\/li>\n<li><a href=\"https:\/\/www.facebook.com\/share\/v\/14LbNxfSGQc\/\" target=\"_blank\" rel=\"noopener\">23 aug<\/a><\/li>\n<li><a href=\"https:\/\/www.facebook.com\/share\/v\/16sR4pPsBq\/\" target=\"_blank\" rel=\"noopener\">24 aug<\/a><\/li>\n<li><a href=\"https:\/\/www.facebook.com\/share\/v\/19Wqu8Sm5Q\/\" target=\"_blank\" rel=\"noopener\">25 aug<\/a><\/li>\n<li><a href=\"https:\/\/www.facebook.com\/share\/v\/1CEqWRff3y\/\" target=\"_blank\" rel=\"noopener\">26 aug<\/a><\/li>\n<li><a href=\"https:\/\/www.facebook.com\/share\/v\/19hQRbGRSa\/\" target=\"_blank\" rel=\"noopener\">27 aug<\/a><\/li>\n<\/ol>\n<h2>Ins\u00e4ndare:<\/h2>\n<p>2025-09-12 har vi en ins\u00e4ndare p\u00e5 Lundasidan i Sydsvenskan kring vad POSK vill med kyrkan i Lund:\u00a0<a href=\"https:\/\/www.sydsvenskan.se\/2025-09-10\/stoppa-nedlaggningen-av-forsamlingsgarden\/\" target=\"_blank\" rel=\"noopener\">https:\/\/www.sydsvenskan.se\/2025-09-10\/stoppa-nedlaggningen-av-forsamlingsgarden\/<\/a><\/p>\n","protected":false},"excerpt":{"rendered":"<p>V\u00e5r lokala Valbroschyr f\u00f6r POSK Lund &#8211; en pdf som \u00f6ppnas i ny sida: POSK Lund valbroschyr Dokument p\u00e5 Facebook h\u00e4r som pdf &#8211; \u00f6ppnas i ny sida: 20250718 Vad vi vill i Lund 20250730 Vad vill vill i Lund &#8211; f\u00f6rsamlingshemmet p\u00e5 Linero 20250804 Artikel i Kyrkans tidning om samtalsmottagning f\u00f6r unga\u00a0 &#8211; du [&hellip;]<\/p>\n","protected":false},"author":1399,"featured_media":0,"parent":0,"menu_order":0,"comment_status":"closed","ping_status":"closed","template":"page-templates\/page-sidebar-left.php","meta":{"_acf_changed":false,"footnotes":""},"class_list":["post-471","page","type-page","status-publish","hentry"],"acf":[],"yoast_head":"<!-- This site is optimized with the Yoast SEO plugin v24.9 - https:\/\/yoast.com\/wordpress\/plugins\/seo\/ -->\n<title>Valdokument presenterade i valr\u00f6relsen 2025 - Lund<\/title>\n<meta name=\"robots\" content=\"index, follow, max-snippet:-1, max-image-preview:large, max-video-preview:-1\" \/>\n<link rel=\"canonical\" href=\"https:\/\/www.posk.se\/lund\/valdokument-presenterade-i-valrorelsen-2025\/\" \/>\n<meta property=\"og:locale\" content=\"sv_SE\" \/>\n<meta property=\"og:type\" content=\"article\" \/>\n<meta property=\"og:title\" content=\"Valdokument presenterade i valr\u00f6relsen 2025 - Lund\" \/>\n<meta property=\"og:description\" content=\"V\u00e5r lokala Valbroschyr f\u00f6r POSK Lund &#8211; en pdf som \u00f6ppnas i ny sida: POSK Lund valbroschyr Dokument p\u00e5 Facebook h\u00e4r som pdf &#8211; \u00f6ppnas i ny sida: 20250718 Vad vi vill i Lund 20250730 Vad vill vill i Lund &#8211; f\u00f6rsamlingshemmet p\u00e5 Linero 20250804 Artikel i Kyrkans tidning om samtalsmottagning f\u00f6r unga\u00a0 &#8211; du [&hellip;]\" \/>\n<meta property=\"og:url\" content=\"https:\/\/www.posk.se\/lund\/valdokument-presenterade-i-valrorelsen-2025\/\" \/>\n<meta property=\"og:site_name\" content=\"Lund\" \/>\n<meta property=\"article:modified_time\" content=\"2025-09-13T21:52:03+00:00\" \/>\n<meta name=\"twitter:card\" content=\"summary_large_image\" \/>\n<meta name=\"twitter:label1\" content=\"Ber\u00e4knad l\u00e4stid\" \/>\n\t<meta name=\"twitter:data1\" content=\"1 minut\" \/>\n<script type=\"application\/ld+json\" class=\"yoast-schema-graph\">{\"@context\":\"https:\/\/schema.org\",\"@graph\":[{\"@type\":\"WebPage\",\"@id\":\"https:\/\/www.posk.se\/lund\/valdokument-presenterade-i-valrorelsen-2025\/\",\"url\":\"https:\/\/www.posk.se\/lund\/valdokument-presenterade-i-valrorelsen-2025\/\",\"name\":\"Valdokument presenterade i valr\u00f6relsen 2025 - Lund\",\"isPartOf\":{\"@id\":\"https:\/\/www.posk.se\/lund\/#website\"},\"datePublished\":\"2025-08-30T19:41:21+00:00\",\"dateModified\":\"2025-09-13T21:52:03+00:00\",\"breadcrumb\":{\"@id\":\"https:\/\/www.posk.se\/lund\/valdokument-presenterade-i-valrorelsen-2025\/#breadcrumb\"},\"inLanguage\":\"sv-SE\",\"potentialAction\":[{\"@type\":\"ReadAction\",\"target\":[\"https:\/\/www.posk.se\/lund\/valdokument-presenterade-i-valrorelsen-2025\/\"]}]},{\"@type\":\"BreadcrumbList\",\"@id\":\"https:\/\/www.posk.se\/lund\/valdokument-presenterade-i-valrorelsen-2025\/#breadcrumb\",\"itemListElement\":[{\"@type\":\"ListItem\",\"position\":1,\"name\":\"Hem\",\"item\":\"https:\/\/www.posk.se\/lund\/\"},{\"@type\":\"ListItem\",\"position\":2,\"name\":\"Valdokument presenterade i valr\u00f6relsen 2025\"}]},{\"@type\":\"WebSite\",\"@id\":\"https:\/\/www.posk.se\/lund\/#website\",\"url\":\"https:\/\/www.posk.se\/lund\/\",\"name\":\"Lund\",\"description\":\"POSK-grupp i Lunds stift\",\"potentialAction\":[{\"@type\":\"SearchAction\",\"target\":{\"@type\":\"EntryPoint\",\"urlTemplate\":\"https:\/\/www.posk.se\/lund\/?s={search_term_string}\"},\"query-input\":{\"@type\":\"PropertyValueSpecification\",\"valueRequired\":true,\"valueName\":\"search_term_string\"}}],\"inLanguage\":\"sv-SE\"}]}<\/script>\n<!-- \/ Yoast SEO plugin. -->","yoast_head_json":{"title":"Valdokument presenterade i valr\u00f6relsen 2025 - Lund","robots":{"index":"index","follow":"follow","max-snippet":"max-snippet:-1","max-image-preview":"max-image-preview:large","max-video-preview":"max-video-preview:-1"},"canonical":"https:\/\/www.posk.se\/lund\/valdokument-presenterade-i-valrorelsen-2025\/","og_locale":"sv_SE","og_type":"article","og_title":"Valdokument presenterade i valr\u00f6relsen 2025 - Lund","og_description":"V\u00e5r lokala Valbroschyr f\u00f6r POSK Lund &#8211; en pdf som \u00f6ppnas i ny sida: POSK Lund valbroschyr Dokument p\u00e5 Facebook h\u00e4r som pdf &#8211; \u00f6ppnas i ny sida: 20250718 Vad vi vill i Lund 20250730 Vad vill vill i Lund &#8211; f\u00f6rsamlingshemmet p\u00e5 Linero 20250804 Artikel i Kyrkans tidning om samtalsmottagning f\u00f6r unga\u00a0 &#8211; du [&hellip;]","og_url":"https:\/\/www.posk.se\/lund\/valdokument-presenterade-i-valrorelsen-2025\/","og_site_name":"Lund","article_modified_time":"2025-09-13T21:52:03+00:00","twitter_card":"summary_large_image","twitter_misc":{"Ber\u00e4knad l\u00e4stid":"1 minut"},"schema":{"@context":"https:\/\/schema.org","@graph":[{"@type":"WebPage","@id":"https:\/\/www.posk.se\/lund\/valdokument-presenterade-i-valrorelsen-2025\/","url":"https:\/\/www.posk.se\/lund\/valdokument-presenterade-i-valrorelsen-2025\/","name":"Valdokument presenterade i valr\u00f6relsen 2025 - Lund","isPartOf":{"@id":"https:\/\/www.posk.se\/lund\/#website"},"datePublished":"2025-08-30T19:41:21+00:00","dateModified":"2025-09-13T21:52:03+00:00","breadcrumb":{"@id":"https:\/\/www.posk.se\/lund\/valdokument-presenterade-i-valrorelsen-2025\/#breadcrumb"},"inLanguage":"sv-SE","potentialAction":[{"@type":"ReadAction","target":["https:\/\/www.posk.se\/lund\/valdokument-presenterade-i-valrorelsen-2025\/"]}]},{"@type":"BreadcrumbList","@id":"https:\/\/www.posk.se\/lund\/valdokument-presenterade-i-valrorelsen-2025\/#breadcrumb","itemListElement":[{"@type":"ListItem","position":1,"name":"Hem","item":"https:\/\/www.posk.se\/lund\/"},{"@type":"ListItem","position":2,"name":"Valdokument presenterade i valr\u00f6relsen 2025"}]},{"@type":"WebSite","@id":"https:\/\/www.posk.se\/lund\/#website","url":"https:\/\/www.posk.se\/lund\/","name":"Lund","description":"POSK-grupp i Lunds stift","potentialAction":[{"@type":"SearchAction","target":{"@type":"EntryPoint","urlTemplate":"https:\/\/www.posk.se\/lund\/?s={search_term_string}"},"query-input":{"@type":"PropertyValueSpecification","valueRequired":true,"valueName":"search_term_string"}}],"inLanguage":"sv-SE"}]}},"_links":{"self":[{"href":"https:\/\/www.posk.se\/lund\/wp-json\/wp\/v2\/pages\/471","targetHints":{"allow":["GET"]}}],"collection":[{"href":"https:\/\/www.posk.se\/lund\/wp-json\/wp\/v2\/pages"}],"about":[{"href":"https:\/\/www.posk.se\/lund\/wp-json\/wp\/v2\/types\/page"}],"author":[{"embeddable":true,"href":"https:\/\/www.posk.se\/lund\/wp-json\/wp\/v2\/users\/1399"}],"replies":[{"embeddable":true,"href":"https:\/\/www.posk.se\/lund\/wp-json\/wp\/v2\/comments?post=471"}],"version-history":[{"count":13,"href":"https:\/\/www.posk.se\/lund\/wp-json\/wp\/v2\/pages\/471\/revisions"}],"predecessor-version":[{"id":495,"href":"https:\/\/www.posk.se\/lund\/wp-json\/wp\/v2\/pages\/471\/revisions\/495"}],"wp:attachment":[{"href":"https:\/\/www.posk.se\/lund\/wp-json\/wp\/v2\/media?parent=471"}],"curies":[{"name":"wp","href":"https:\/\/api.w.org\/{rel}","templated":true}]}}