{"id":20,"date":"2016-07-20T10:35:20","date_gmt":"2016-07-20T08:35:20","guid":{"rendered":"https:\/\/www.posk.se\/lidkoping\/?page_id=20"},"modified":"2025-11-07T08:32:30","modified_gmt":"2025-11-07T07:32:30","slug":"startsidan-2","status":"publish","type":"page","link":"https:\/\/www.posk.se\/lidkoping\/","title":{"rendered":"Lidk\u00f6pings f\u00f6rsamling"},"content":{"rendered":"<h3>Tr\u00e4ffar under 2026:<\/h3>\n<ul>\n<li>3 mars<\/li>\n<li>5 maj<\/li>\n<li>22 september<\/li>\n<li>3 november<\/li>\n<\/ul>\n<p>Vi tr\u00e4ffas kl. 17.30 i Nicolaig\u00e5rden. V\u00e4lkomna!<\/p>\n<h3 style=\"text-align: center\"><strong><span style=\"color: #db0812\">Handlingsprogram f\u00f6r POSK Lidk\u00f6pings f\u00f6rsamling, 2026-2029.<\/span><\/strong><\/h3>\n<p><span style=\"color: #db0812\">Vision<\/span><\/p>\n<p><em>POSK vill att Svenska kyrkan ska vara en gemenskap som speglar Guds vilja i gudstj\u00e4nst och liv och som talar tydligt om Jesus Kristus<\/em><\/p>\n<p><span style=\"color: #db0812\">POSK Lidk\u00f6pings f\u00f6rsamling vill&#8230;<\/span><\/p>\n<ul>\n<li>verka f\u00f6r alla m\u00e4nniskors lika v\u00e4rde och att kyrkan \u00e4r en plats d\u00e4r alla kan k\u00e4nna trygghet och acceptans<\/li>\n<li>att det \u00e4r enkelt att ta del av gemenskapen genom ett brett utbud av gudstj\u00e4nster och verksamheter, och s\u00e4rskilt utveckla satsningen p\u00e5 k\u00f6rer, orgelelever, f\u00f6r\u00e4ldrar- och barnverksamhet, konfirmander och unga vuxna<\/li>\n<li>att kyrkan ska ge m\u00f6jlighet till samtal och bidra med verktyg till att diskutera livsfr\u00e5gor och kristen tro<\/li>\n<li>att Nicolaikyrkan och Nicolaig\u00e5rden h\u00e5lls \u00f6ppna dagligen med riklig verksamhet f\u00f6r alla \u00e5ldrar, och att Mariag\u00e5rden och St Sigfridskyrkan \u00e4r samlingsplatser i respektive stadsdel<\/li>\n<li>st\u00f6tta det viktiga sociala arbetet som g\u00f6rs b\u00e5de i f\u00f6rsamlingens diakonala verksamhet och tillsammans med andra akt\u00f6rer<\/li>\n<li>att med utg\u00e5ngspunkt i dopets uppdrag ge fler ideella m\u00f6jligheter att utveckla och ansvara f\u00f6r aktiviteter och gudstj\u00e4nster, s\u00e4rskilt konfirmander och unga ledare<\/li>\n<li>ha ett rikligt samarbete med EFS-kyrkan<\/li>\n<li>verka f\u00f6r en r\u00e4ttvis v\u00e4rld, m\u00e4nskliga r\u00e4ttigheter, f\u00f6r fred- och icke v\u00e5ld via ACT Svenska kyrkan<\/li>\n<li>forts\u00e4tta arbeta enligt Svenska kyrkans f\u00e4rdplan f\u00f6r klimatet<\/li>\n<\/ul>\n","protected":false},"excerpt":{"rendered":"<p>Tr\u00e4ffar under 2026: 3 mars 5 maj 22 september 3 november Vi tr\u00e4ffas kl. 17.30 i Nicolaig\u00e5rden. V\u00e4lkomna! Handlingsprogram f\u00f6r POSK Lidk\u00f6pings f\u00f6rsamling, 2026-2029. Vision POSK vill att Svenska kyrkan ska vara en gemenskap som speglar Guds vilja i gudstj\u00e4nst och liv och som talar tydligt om Jesus Kristus POSK Lidk\u00f6pings f\u00f6rsamling vill&#8230; verka f\u00f6r [&hellip;]<\/p>\n","protected":false},"author":1,"featured_media":0,"parent":0,"menu_order":0,"comment_status":"closed","ping_status":"closed","template":"page-templates\/page-sidebar-left.php","meta":{"_acf_changed":false,"footnotes":""},"class_list":["post-20","page","type-page","status-publish","hentry"],"acf":[],"yoast_head":"<!-- This site is optimized with the Yoast SEO plugin v24.9 - https:\/\/yoast.com\/wordpress\/plugins\/seo\/ -->\n<title>Lidk\u00f6pings f\u00f6rsamling - Lidk\u00f6ping<\/title>\n<meta name=\"robots\" content=\"index, follow, max-snippet:-1, max-image-preview:large, max-video-preview:-1\" \/>\n<link rel=\"canonical\" href=\"https:\/\/www.posk.se\/lidkoping\/\" \/>\n<meta property=\"og:locale\" content=\"sv_SE\" \/>\n<meta property=\"og:type\" content=\"article\" \/>\n<meta property=\"og:title\" content=\"Lidk\u00f6pings f\u00f6rsamling - Lidk\u00f6ping\" \/>\n<meta property=\"og:description\" content=\"Tr\u00e4ffar under 2026: 3 mars 5 maj 22 september 3 november Vi tr\u00e4ffas kl. 17.30 i Nicolaig\u00e5rden. V\u00e4lkomna! Handlingsprogram f\u00f6r POSK Lidk\u00f6pings f\u00f6rsamling, 2026-2029. Vision POSK vill att Svenska kyrkan ska vara en gemenskap som speglar Guds vilja i gudstj\u00e4nst och liv och som talar tydligt om Jesus Kristus POSK Lidk\u00f6pings f\u00f6rsamling vill&#8230; verka f\u00f6r [&hellip;]\" \/>\n<meta property=\"og:url\" content=\"https:\/\/www.posk.se\/lidkoping\/\" \/>\n<meta property=\"og:site_name\" content=\"Lidk\u00f6ping\" \/>\n<meta property=\"article:modified_time\" content=\"2025-11-07T07:32:30+00:00\" \/>\n<meta name=\"twitter:card\" content=\"summary_large_image\" \/>\n<meta name=\"twitter:label1\" content=\"Ber\u00e4knad l\u00e4stid\" \/>\n\t<meta name=\"twitter:data1\" content=\"2 minuter\" \/>\n<script type=\"application\/ld+json\" class=\"yoast-schema-graph\">{\"@context\":\"https:\/\/schema.org\",\"@graph\":[{\"@type\":\"WebPage\",\"@id\":\"https:\/\/www.posk.se\/lidkoping\/\",\"url\":\"https:\/\/www.posk.se\/lidkoping\/\",\"name\":\"Lidk\u00f6pings f\u00f6rsamling - Lidk\u00f6ping\",\"isPartOf\":{\"@id\":\"https:\/\/www.posk.se\/lidkoping\/#website\"},\"datePublished\":\"2016-07-20T08:35:20+00:00\",\"dateModified\":\"2025-11-07T07:32:30+00:00\",\"breadcrumb\":{\"@id\":\"https:\/\/www.posk.se\/lidkoping\/#breadcrumb\"},\"inLanguage\":\"sv-SE\",\"potentialAction\":[{\"@type\":\"ReadAction\",\"target\":[\"https:\/\/www.posk.se\/lidkoping\/\"]}]},{\"@type\":\"BreadcrumbList\",\"@id\":\"https:\/\/www.posk.se\/lidkoping\/#breadcrumb\",\"itemListElement\":[{\"@type\":\"ListItem\",\"position\":1,\"name\":\"Hem\",\"item\":\"https:\/\/www.posk.se\/lidkoping\/\"},{\"@type\":\"ListItem\",\"position\":2,\"name\":\"Lidk\u00f6pings f\u00f6rsamling\"}]},{\"@type\":\"WebSite\",\"@id\":\"https:\/\/www.posk.se\/lidkoping\/#website\",\"url\":\"https:\/\/www.posk.se\/lidkoping\/\",\"name\":\"Lidk\u00f6ping\",\"description\":\"POSK-grupp i Skara stift\",\"potentialAction\":[{\"@type\":\"SearchAction\",\"target\":{\"@type\":\"EntryPoint\",\"urlTemplate\":\"https:\/\/www.posk.se\/lidkoping\/?s={search_term_string}\"},\"query-input\":{\"@type\":\"PropertyValueSpecification\",\"valueRequired\":true,\"valueName\":\"search_term_string\"}}],\"inLanguage\":\"sv-SE\"}]}<\/script>\n<!-- \/ Yoast SEO plugin. -->","yoast_head_json":{"title":"Lidk\u00f6pings f\u00f6rsamling - Lidk\u00f6ping","robots":{"index":"index","follow":"follow","max-snippet":"max-snippet:-1","max-image-preview":"max-image-preview:large","max-video-preview":"max-video-preview:-1"},"canonical":"https:\/\/www.posk.se\/lidkoping\/","og_locale":"sv_SE","og_type":"article","og_title":"Lidk\u00f6pings f\u00f6rsamling - Lidk\u00f6ping","og_description":"Tr\u00e4ffar under 2026: 3 mars 5 maj 22 september 3 november Vi tr\u00e4ffas kl. 17.30 i Nicolaig\u00e5rden. V\u00e4lkomna! Handlingsprogram f\u00f6r POSK Lidk\u00f6pings f\u00f6rsamling, 2026-2029. Vision POSK vill att Svenska kyrkan ska vara en gemenskap som speglar Guds vilja i gudstj\u00e4nst och liv och som talar tydligt om Jesus Kristus POSK Lidk\u00f6pings f\u00f6rsamling vill&#8230; verka f\u00f6r [&hellip;]","og_url":"https:\/\/www.posk.se\/lidkoping\/","og_site_name":"Lidk\u00f6ping","article_modified_time":"2025-11-07T07:32:30+00:00","twitter_card":"summary_large_image","twitter_misc":{"Ber\u00e4knad l\u00e4stid":"2 minuter"},"schema":{"@context":"https:\/\/schema.org","@graph":[{"@type":"WebPage","@id":"https:\/\/www.posk.se\/lidkoping\/","url":"https:\/\/www.posk.se\/lidkoping\/","name":"Lidk\u00f6pings f\u00f6rsamling - Lidk\u00f6ping","isPartOf":{"@id":"https:\/\/www.posk.se\/lidkoping\/#website"},"datePublished":"2016-07-20T08:35:20+00:00","dateModified":"2025-11-07T07:32:30+00:00","breadcrumb":{"@id":"https:\/\/www.posk.se\/lidkoping\/#breadcrumb"},"inLanguage":"sv-SE","potentialAction":[{"@type":"ReadAction","target":["https:\/\/www.posk.se\/lidkoping\/"]}]},{"@type":"BreadcrumbList","@id":"https:\/\/www.posk.se\/lidkoping\/#breadcrumb","itemListElement":[{"@type":"ListItem","position":1,"name":"Hem","item":"https:\/\/www.posk.se\/lidkoping\/"},{"@type":"ListItem","position":2,"name":"Lidk\u00f6pings f\u00f6rsamling"}]},{"@type":"WebSite","@id":"https:\/\/www.posk.se\/lidkoping\/#website","url":"https:\/\/www.posk.se\/lidkoping\/","name":"Lidk\u00f6ping","description":"POSK-grupp i Skara stift","potentialAction":[{"@type":"SearchAction","target":{"@type":"EntryPoint","urlTemplate":"https:\/\/www.posk.se\/lidkoping\/?s={search_term_string}"},"query-input":{"@type":"PropertyValueSpecification","valueRequired":true,"valueName":"search_term_string"}}],"inLanguage":"sv-SE"}]}},"_links":{"self":[{"href":"https:\/\/www.posk.se\/lidkoping\/wp-json\/wp\/v2\/pages\/20","targetHints":{"allow":["GET"]}}],"collection":[{"href":"https:\/\/www.posk.se\/lidkoping\/wp-json\/wp\/v2\/pages"}],"about":[{"href":"https:\/\/www.posk.se\/lidkoping\/wp-json\/wp\/v2\/types\/page"}],"author":[{"embeddable":true,"href":"https:\/\/www.posk.se\/lidkoping\/wp-json\/wp\/v2\/users\/1"}],"replies":[{"embeddable":true,"href":"https:\/\/www.posk.se\/lidkoping\/wp-json\/wp\/v2\/comments?post=20"}],"version-history":[{"count":41,"href":"https:\/\/www.posk.se\/lidkoping\/wp-json\/wp\/v2\/pages\/20\/revisions"}],"predecessor-version":[{"id":466,"href":"https:\/\/www.posk.se\/lidkoping\/wp-json\/wp\/v2\/pages\/20\/revisions\/466"}],"wp:attachment":[{"href":"https:\/\/www.posk.se\/lidkoping\/wp-json\/wp\/v2\/media?parent=20"}],"curies":[{"name":"wp","href":"https:\/\/api.w.org\/{rel}","templated":true}]}}