{"id":21,"date":"2017-08-12T14:18:23","date_gmt":"2017-08-12T12:18:23","guid":{"rendered":"https:\/\/www.posk.se\/kristinehamn\/?page_id=21"},"modified":"2025-09-01T08:18:49","modified_gmt":"2025-09-01T06:18:49","slug":"program","status":"publish","type":"page","link":"https:\/\/www.posk.se\/kristinehamn\/program\/","title":{"rendered":"Program"},"content":{"rendered":"<h1>POSK i Kristinehamn vill ha ett levande f\u00f6rsamlingsliv<\/h1>\n<p><b>POSK i Kristinehamn vill ha ett levande f\u00f6rsamlingsliv<\/b><\/p>\n<p><span style=\"font-weight: 400\">\u201dF\u00f6rsamlingens grundl\u00e4ggande uppgift \u00e4r att\u00a0<\/span><b>fira gudstj\u00e4nst, bedriva undervisning samt ut\u00f6va diakoni och mission<\/b><span style=\"font-weight: 400\">. Syftet \u00e4r att m\u00e4nniskor ska komma till tro p\u00e5 Kristus och leva i tro, en kristen gemenskap skapas och f\u00f6rdjupas, Guds rike utbredas och skapelsen \u00e5teruppr\u00e4ttas.\u201d \u2013\u00a0<\/span><i><span style=\"font-weight: 400\">Kyrkoordningen, 2010 s. 44<\/span><\/i><\/p>\n<p><span style=\"font-weight: 400\">Med detta som bakgrund och med POSK:s vision att Svenska kyrkan ska vara en gemenskap som speglar Guds vilja i gudstj\u00e4nst och liv och som tydligt talar om Jesus Kristus vill vi i Kristinehamns f\u00f6rsamling arbeta f\u00f6r:<\/span><\/p>\n<ul>\n<li style=\"font-weight: 400\"><b>ett gudstj\u00e4nst- och f\u00f6rsamlingsliv som ber\u00f6r, som vi l\u00e4ngtar till, som ger hopp och som utmanar och inspirerar till att levandeg\u00f6ra evangeliet i ord och handling<\/b><\/li>\n<\/ul>\n<p><span style=\"font-weight: 400\">Vi som representerar POSK \u00e4r engagerade f\u00f6rsamlingsbor som du m\u00f6ter i din kyrka som aktiva gudstj\u00e4nstdeltagare.<\/span><\/p>\n<p><span style=\"font-weight: 400\">Vi vill anv\u00e4nda oss av <\/span><b>kyrkomusikens kraft<\/b><span style=\"font-weight: 400\"> och \u00f6nskar d\u00e4rf\u00f6r att varje huvudgudstj\u00e4nst har n\u00e5gon form av k\u00f6rmedverkan som f\u00f6rst\u00e4rker f\u00f6rsamlingss\u00e5ngen. Detta ansvar kan delas med s\u00e5ngare, k\u00f6rer och musiker fr\u00e5n bygden som helhet.<\/span><\/p>\n<p><span style=\"font-weight: 400\">Vi \u00f6nskar att gudstj\u00e4nsten ska vara ett st\u00e4lle d\u00e4r vi m\u00f6ter Gud och d\u00e4r alla \u00e5ldrar tr\u00e4ffas i en varm och k\u00e4rleksfull gemenskap.<\/span><\/p>\n<p><span style=\"font-weight: 400\">Vi vill att de gudstj\u00e4nstfirande gemenskaperna ska bli en naturlig bas f\u00f6r rekrytering till tj\u00e4nst inom kyrkan.<\/span><\/p>\n<p><span style=\"font-weight: 400\">Vi \u00f6nskar att gudstj\u00e4nstfirare fr\u00e5n alla l\u00e4nder ska k\u00e4nna sig v\u00e4lkomna och delaktiga.<\/span><\/p>\n<p><span style=\"font-weight: 400\">Vi vill g\u00f6ra det l\u00e4ttare f\u00f6r nya eller ovana kyrkobes\u00f6kare att v\u00e5ga komma till kyrkan eller andra verksamheter inom kyrkan.<\/span><\/p>\n<p><span style=\"font-weight: 400\">Vi vill att gudstj\u00e4nsterna i kyrkorna ska kompletteras med gudstj\u00e4nster p\u00e5 \u201dov\u00e4ntade st\u00e4llen\u201d d\u00e4r m\u00e4nniskor finns, g\u00e4rna ocks\u00e5 friluftsgudstj\u00e4nster, pilgrimsvandringar osv.<\/span><\/p>\n<p><span style=\"font-weight: 400\">Vi vill v\u00e4rna om gudstj\u00e4nster och annan verksamhet kring <\/span><b>f\u00f6rsamlingens alla kyrkor<\/b><span style=\"font-weight: 400\">: Bj\u00f6rneborg, Kristinehamn, Rudskoga, Visnum, Visnums-Kil och \u00d6lme.<\/span><\/p>\n<p><span style=\"font-weight: 400\">Eftersom de tidigare fem f\u00f6rsamlingarna slagits ihop till en f\u00f6rsamling blir det s\u00e4rskilt viktigt att v\u00e4rna om gudstj\u00e4nstfirarnas inflytande i verksamheten i alla v\u00e5ra kyrkor. De ideella kyrkgrupper som \u00e4r knutna till varje kyrka b\u00f6r f\u00e5 m\u00f6jlighet att yttra sig i de beslut som r\u00f6r den lokala verksamheten.<\/span><\/p>\n<ul>\n<li style=\"font-weight: 400\"><b>en undervisande gemenskap redan n\u00e4r barnen \u00e4r sm\u00e5 och som sedan f\u00f6ljer i en obruten kedja genom alla \u00e5ldrar.<\/b><\/li>\n<\/ul>\n<p><span style=\"font-weight: 400\">Vi brinner f\u00f6r <\/span><b>barn- och familjeverksamhet<\/b><span style=\"font-weight: 400\">, konfirmander och unga ledare. F\u00f6rsamlingens omfattande <\/span><b>konfirmandverksamhet<\/b><span style=\"font-weight: 400\"> \u00e4r vi stolta \u00f6ver och den ska bibeh\u00e5llas, inklusive den \u00e5terkommande Polenresan.<\/span><\/p>\n<p><span style=\"font-weight: 400\">Undervisande samlingar f\u00f6r vuxna m\u00e5ste ocks\u00e5 h\u00e5llas regelbundet d\u00e4r man kan hitta och <\/span><b>f\u00f6rdjupa sin tro<\/b><span style=\"font-weight: 400\">. Ett exempel \u00e4r \u201dhemgrupper\u201d d\u00e4r man l\u00e4ser och reflekterar \u00f6ver Bibeln tillsammans.<\/span><\/p>\n<ul>\n<li style=\"font-weight: 400\"><b>en k\u00e4rlekens diakoni d\u00e4r vi alla \u00f6vas i omsorg och omtanke om varandra.<\/b><\/li>\n<\/ul>\n<p><span style=\"font-weight: 400\">Vi vill att m\u00e4nniskor ska k\u00e4nna att det finns en lyssnande medm\u00e4nniska och att f\u00f6rsamlingen har pr\u00e4ster, diakoner och andra medarbetare som lyssnar och handlar n\u00e4r n\u00f6den och krisen drabbar oss. Detta g\u00e4ller s\u00e5v\u00e4l bofasta som flyktingar och tillf\u00e4lliga bes\u00f6kare oavsett trosbakgrund och \u00e5lder.<\/span><\/p>\n<p><span style=\"font-weight: 400\">Vi vill att kyrkan ska vara n\u00e4rvarande i m\u00e4nniskors vardag genom en upps\u00f6kande diakoni. Exempelvis till gamla och sjuka och genom n\u00e4rvaro p\u00e5 stan, i sk\u00e4rg\u00e5rden etc under helgkv\u00e4llar.<\/span><\/p>\n<p><span style=\"font-weight: 400\">Vi beh\u00f6ver v\u00e4rna en diakoni som lever s\u00e5 n\u00e4ra stadens och bygdens puls s\u00e5 att diakonin kan komplettera b\u00e5de kommunens och regionens arbete. Ett exempel \u00e4r f\u00f6rsamlingens viktiga arbete genom Hela M\u00e4nniskan.<\/span><\/p>\n<p><span style=\"font-weight: 400\">Diakonin ska k\u00e4nnetecknas av mod och civilkurage n\u00e4r m\u00e4nniskov\u00e4rdet hotas och n\u00e4r grupper i samh\u00e4llet st\u00e4lls mot varandra. D\u00e4rf\u00f6r \u00e4r ocks\u00e5 dialogen med andra religioner betydelsefull.<\/span><\/p>\n<p><span style=\"font-weight: 400\">Vi \u00e4r m\u00e5na om att v\u00e4rna <\/span><b>alla m\u00e4nniskors lika v\u00e4rde<\/b><span style=\"font-weight: 400\">.<\/span><\/p>\n<p><span style=\"font-weight: 400\">M\u00e4nniskors olika bakgrunder och erfarenheter berikar f\u00f6rsamlingens liv. Integration \u00e4r betydelsefullt i samh\u00e4llet och f\u00f6r Svenska kyrkan. Vi \u00e4r stolta \u00f6ver v\u00e5rt spr\u00e5kcaf\u00e9 som en viktig del i det lokala integrationsarbetet.<\/span><\/p>\n<ul>\n<li style=\"font-weight: 400\"><b>att leva i mission som inneb\u00e4r att vi \u00f6vas att tala tro och dela liv s\u00e5 att m\u00e4nniskor kommer till tro och uppt\u00e4cker att gudstro och omsorg om andra h\u00f6r samman.<\/b><\/li>\n<\/ul>\n<p><span style=\"font-weight: 400\">I v\u00e5r f\u00f6rsamling ska det vara h\u00f6gt i tak. Alla m\u00e4nniskor ska v\u00e4lkomnas och k\u00e4nna sig hemma vilka de \u00e4n \u00e4r \u2013 oavsett exempelvis bakgrund, etnicitet och sexualitet. Detta bl.a. genom metoden <\/span><b>Regnb\u00e5gsnyckeln <\/b><span style=\"font-weight: 400\">d\u00e4r vi vill verka f\u00f6r fortsatt arbete och f\u00f6rdjupning.<\/span><\/p>\n<p><span style=\"font-weight: 400\">Vi vill att verksamheten vid\u00a0<\/span><b>kyrkans sommarhem P\u00e4rlan<\/b><span style=\"font-weight: 400\">\u00a0ska utvecklas f\u00f6r gemenskap \u00e5ret om och planeras s\u00e5 att kaf\u00e9, kapell och \u00f6vrig verksamhet upplevs som en enhet. P\u00e4rlan ska vara en levande m\u00f6tesplats f\u00f6r mission och gemenskap som lockar b\u00e5de f\u00f6rsamlingsbor och tillresta. Alla ska f\u00f6rst\u00e5 att det \u00e4r Svenska kyrkan som \u00e4r huvudman.<\/span><\/p>\n<p><span style=\"font-weight: 400\">I alla sammanhang vi n\u00e4mnt \u00e4r\u00a0<\/span><b>s\u00e5ng-och musiklivet viktigt<\/b><span style=\"font-weight: 400\">. Vi \u00f6nskar v\u00e4rna om den m\u00e5ngfald vi har med \u201dbredd och spets\u201d d\u00e4r m\u00e4nskliga r\u00f6ster, genrer och alla instrument f\u00e5r ta plats. Vi vill l\u00e5ta kreativiteten fl\u00f6da och l\u00e5ta bredden ut\u00f6kas med tex gospelk\u00f6r, kompgrupper och lovs\u00e5ngsgudstj\u00e4nster. Vill vill ocks\u00e5 verka f\u00f6r att f\u00f6rsamlingens musiker har orgelelever i sin tj\u00e4nst. M\u00e5l: 5 elever i \u00e5ldersspannet 10-18 \u00e5r.<\/span><\/p>\n<p><span style=\"font-weight: 400\">Vi vill uppmuntra inte minst unga att bilda olika former av musikgrupper d\u00e4r ny kristen s\u00e5ng och musik kan skapas.<\/span><\/p>\n<p><span style=\"font-weight: 400\">Vi vill betona att vi med k\u00e4nsla och stor h\u00e4nsyn vill\u00a0<\/span><b>v\u00e5rda f\u00f6rsamlingens kyrkor<\/b><span style=\"font-weight: 400\">\u00a0som heliga rum byggda f\u00f6r stillhet, b\u00f6n, gudstj\u00e4nst och gemenskap. Vi \u00e4r v\u00e4l medvetna om vad kyrkorna som byggnader betyder f\u00f6r m\u00e4nniskor.<\/span><\/p>\n<p><span style=\"font-weight: 400\">Vi vill g\u00f6ra allt f\u00f6r att\u00a0<\/span><b>de olika kristna f\u00f6rsamlingarna i de olika samfunden<\/b><span style=\"font-weight: 400\">\u00a0ska finna varandra i en f\u00f6rdjupande gemenskap i b\u00f6n och gudstj\u00e4nst. Detta kan ske t ex genom Kristinehamns samkristna r\u00e5d, deltagande i ekumeniska samlingar, utbyte av s\u00e5ng och musikgrupper och gemensamma manifestationer.<\/span><\/p>\n<p><span style=\"font-weight: 400\">Vi vill medverka till att kontakterna med andra\u00a0<\/span><b>kyrkor utomlands<\/b><span style=\"font-weight: 400\">\u00a0utvecklas f\u00f6r att vidga perspektiven ut mot v\u00e4rlden och f\u00f6r att h\u00e4mta hem erfarenheter.<\/span><\/p>\n<p><span style=\"font-weight: 400\">Vi \u00f6nskar att v\u00e5r f\u00f6rsamling inleder en process som g\u00f6r att vi f\u00f6ljer etappm\u00e5len i Svenska kyrkans <\/span><b>f\u00e4rdplan f\u00f6r klimatet<\/b><span style=\"font-weight: 400\"> och att vi kontinuerligt lyfter andliga, existentiella och praktiska aspekter n\u00e4r det g\u00e4ller den st\u00f6rsta gemensamma utmaningen som m\u00e4nskligheten st\u00e5tt inf\u00f6r. Vi vill verka f\u00f6r klimatsmarta l\u00f6sningar.<\/span><\/p>\n<p><span style=\"font-weight: 400\">Vi vill betona att ett levande f\u00f6rsamlingsliv skapar vi tillsammans. D\u00e4rf\u00f6r vill vi arbeta f\u00f6r att v\u00e5r f\u00f6rsamling tar till vara\u00a0<\/span><b>m\u00e5ngfalden<\/b><span style=\"font-weight: 400\">\u00a0och ser denna som en rikedom.\u00a0\u00a0<\/span><\/p>\n","protected":false},"excerpt":{"rendered":"<p>POSK i Kristinehamn vill ha ett levande f\u00f6rsamlingsliv POSK i Kristinehamn vill ha ett levande f\u00f6rsamlingsliv \u201dF\u00f6rsamlingens grundl\u00e4ggande uppgift \u00e4r att\u00a0fira gudstj\u00e4nst, bedriva undervisning samt ut\u00f6va diakoni och mission. Syftet \u00e4r att m\u00e4nniskor ska komma till tro p\u00e5 Kristus och leva i tro, en kristen gemenskap skapas och f\u00f6rdjupas, Guds rike utbredas och skapelsen \u00e5teruppr\u00e4ttas.\u201d [&hellip;]<\/p>\n","protected":false},"author":140,"featured_media":22,"parent":0,"menu_order":2,"comment_status":"closed","ping_status":"closed","template":"page-templates\/page-sidebar-left.php","meta":{"_acf_changed":false,"footnotes":""},"class_list":["post-21","page","type-page","status-publish","has-post-thumbnail","hentry"],"acf":[],"yoast_head":"<!-- This site is optimized with the Yoast SEO plugin v24.9 - https:\/\/yoast.com\/wordpress\/plugins\/seo\/ -->\n<title>Program - Kristinehamn<\/title>\n<meta name=\"robots\" content=\"index, follow, max-snippet:-1, max-image-preview:large, max-video-preview:-1\" \/>\n<link rel=\"canonical\" href=\"https:\/\/www.posk.se\/kristinehamn\/program\/\" \/>\n<meta property=\"og:locale\" content=\"sv_SE\" \/>\n<meta property=\"og:type\" content=\"article\" \/>\n<meta property=\"og:title\" content=\"Program - Kristinehamn\" \/>\n<meta property=\"og:description\" content=\"POSK i Kristinehamn vill ha ett levande f\u00f6rsamlingsliv POSK i Kristinehamn vill ha ett levande f\u00f6rsamlingsliv \u201dF\u00f6rsamlingens grundl\u00e4ggande uppgift \u00e4r att\u00a0fira gudstj\u00e4nst, bedriva undervisning samt ut\u00f6va diakoni och mission. Syftet \u00e4r att m\u00e4nniskor ska komma till tro p\u00e5 Kristus och leva i tro, en kristen gemenskap skapas och f\u00f6rdjupas, Guds rike utbredas och skapelsen \u00e5teruppr\u00e4ttas.\u201d [&hellip;]\" \/>\n<meta property=\"og:url\" content=\"https:\/\/www.posk.se\/kristinehamn\/program\/\" \/>\n<meta property=\"og:site_name\" content=\"Kristinehamn\" \/>\n<meta property=\"article:modified_time\" content=\"2025-09-01T06:18:49+00:00\" \/>\n<meta property=\"og:image\" content=\"https:\/\/www.posk.se\/kristinehamn\/wp-content\/uploads\/sites\/227\/2017\/08\/header-1-e1502540257876-1024x829.jpg\" \/>\n\t<meta property=\"og:image:width\" content=\"1024\" \/>\n\t<meta property=\"og:image:height\" content=\"829\" \/>\n\t<meta property=\"og:image:type\" content=\"image\/jpeg\" \/>\n<meta name=\"twitter:card\" content=\"summary_large_image\" \/>\n<meta name=\"twitter:label1\" content=\"Ber\u00e4knad l\u00e4stid\" \/>\n\t<meta name=\"twitter:data1\" content=\"6 minuter\" \/>\n<script type=\"application\/ld+json\" class=\"yoast-schema-graph\">{\"@context\":\"https:\/\/schema.org\",\"@graph\":[{\"@type\":\"WebPage\",\"@id\":\"https:\/\/www.posk.se\/kristinehamn\/program\/\",\"url\":\"https:\/\/www.posk.se\/kristinehamn\/program\/\",\"name\":\"Program - Kristinehamn\",\"isPartOf\":{\"@id\":\"https:\/\/www.posk.se\/kristinehamn\/#website\"},\"primaryImageOfPage\":{\"@id\":\"https:\/\/www.posk.se\/kristinehamn\/program\/#primaryimage\"},\"image\":{\"@id\":\"https:\/\/www.posk.se\/kristinehamn\/program\/#primaryimage\"},\"thumbnailUrl\":\"https:\/\/www.posk.se\/kristinehamn\/wp-content\/uploads\/sites\/227\/2017\/08\/header-1-e1502540257876.jpg\",\"datePublished\":\"2017-08-12T12:18:23+00:00\",\"dateModified\":\"2025-09-01T06:18:49+00:00\",\"breadcrumb\":{\"@id\":\"https:\/\/www.posk.se\/kristinehamn\/program\/#breadcrumb\"},\"inLanguage\":\"sv-SE\",\"potentialAction\":[{\"@type\":\"ReadAction\",\"target\":[\"https:\/\/www.posk.se\/kristinehamn\/program\/\"]}]},{\"@type\":\"ImageObject\",\"inLanguage\":\"sv-SE\",\"@id\":\"https:\/\/www.posk.se\/kristinehamn\/program\/#primaryimage\",\"url\":\"https:\/\/www.posk.se\/kristinehamn\/wp-content\/uploads\/sites\/227\/2017\/08\/header-1-e1502540257876.jpg\",\"contentUrl\":\"https:\/\/www.posk.se\/kristinehamn\/wp-content\/uploads\/sites\/227\/2017\/08\/header-1-e1502540257876.jpg\",\"width\":3442,\"height\":2788},{\"@type\":\"BreadcrumbList\",\"@id\":\"https:\/\/www.posk.se\/kristinehamn\/program\/#breadcrumb\",\"itemListElement\":[{\"@type\":\"ListItem\",\"position\":1,\"name\":\"Hem\",\"item\":\"https:\/\/www.posk.se\/kristinehamn\/\"},{\"@type\":\"ListItem\",\"position\":2,\"name\":\"Program\"}]},{\"@type\":\"WebSite\",\"@id\":\"https:\/\/www.posk.se\/kristinehamn\/#website\",\"url\":\"https:\/\/www.posk.se\/kristinehamn\/\",\"name\":\"Kristinehamn\",\"description\":\"POSK-grupp i Karlstads stift\",\"potentialAction\":[{\"@type\":\"SearchAction\",\"target\":{\"@type\":\"EntryPoint\",\"urlTemplate\":\"https:\/\/www.posk.se\/kristinehamn\/?s={search_term_string}\"},\"query-input\":{\"@type\":\"PropertyValueSpecification\",\"valueRequired\":true,\"valueName\":\"search_term_string\"}}],\"inLanguage\":\"sv-SE\"}]}<\/script>\n<!-- \/ Yoast SEO plugin. -->","yoast_head_json":{"title":"Program - Kristinehamn","robots":{"index":"index","follow":"follow","max-snippet":"max-snippet:-1","max-image-preview":"max-image-preview:large","max-video-preview":"max-video-preview:-1"},"canonical":"https:\/\/www.posk.se\/kristinehamn\/program\/","og_locale":"sv_SE","og_type":"article","og_title":"Program - Kristinehamn","og_description":"POSK i Kristinehamn vill ha ett levande f\u00f6rsamlingsliv POSK i Kristinehamn vill ha ett levande f\u00f6rsamlingsliv \u201dF\u00f6rsamlingens grundl\u00e4ggande uppgift \u00e4r att\u00a0fira gudstj\u00e4nst, bedriva undervisning samt ut\u00f6va diakoni och mission. Syftet \u00e4r att m\u00e4nniskor ska komma till tro p\u00e5 Kristus och leva i tro, en kristen gemenskap skapas och f\u00f6rdjupas, Guds rike utbredas och skapelsen \u00e5teruppr\u00e4ttas.\u201d [&hellip;]","og_url":"https:\/\/www.posk.se\/kristinehamn\/program\/","og_site_name":"Kristinehamn","article_modified_time":"2025-09-01T06:18:49+00:00","og_image":[{"width":1024,"height":829,"url":"https:\/\/www.posk.se\/kristinehamn\/wp-content\/uploads\/sites\/227\/2017\/08\/header-1-e1502540257876-1024x829.jpg","type":"image\/jpeg"}],"twitter_card":"summary_large_image","twitter_misc":{"Ber\u00e4knad l\u00e4stid":"6 minuter"},"schema":{"@context":"https:\/\/schema.org","@graph":[{"@type":"WebPage","@id":"https:\/\/www.posk.se\/kristinehamn\/program\/","url":"https:\/\/www.posk.se\/kristinehamn\/program\/","name":"Program - Kristinehamn","isPartOf":{"@id":"https:\/\/www.posk.se\/kristinehamn\/#website"},"primaryImageOfPage":{"@id":"https:\/\/www.posk.se\/kristinehamn\/program\/#primaryimage"},"image":{"@id":"https:\/\/www.posk.se\/kristinehamn\/program\/#primaryimage"},"thumbnailUrl":"https:\/\/www.posk.se\/kristinehamn\/wp-content\/uploads\/sites\/227\/2017\/08\/header-1-e1502540257876.jpg","datePublished":"2017-08-12T12:18:23+00:00","dateModified":"2025-09-01T06:18:49+00:00","breadcrumb":{"@id":"https:\/\/www.posk.se\/kristinehamn\/program\/#breadcrumb"},"inLanguage":"sv-SE","potentialAction":[{"@type":"ReadAction","target":["https:\/\/www.posk.se\/kristinehamn\/program\/"]}]},{"@type":"ImageObject","inLanguage":"sv-SE","@id":"https:\/\/www.posk.se\/kristinehamn\/program\/#primaryimage","url":"https:\/\/www.posk.se\/kristinehamn\/wp-content\/uploads\/sites\/227\/2017\/08\/header-1-e1502540257876.jpg","contentUrl":"https:\/\/www.posk.se\/kristinehamn\/wp-content\/uploads\/sites\/227\/2017\/08\/header-1-e1502540257876.jpg","width":3442,"height":2788},{"@type":"BreadcrumbList","@id":"https:\/\/www.posk.se\/kristinehamn\/program\/#breadcrumb","itemListElement":[{"@type":"ListItem","position":1,"name":"Hem","item":"https:\/\/www.posk.se\/kristinehamn\/"},{"@type":"ListItem","position":2,"name":"Program"}]},{"@type":"WebSite","@id":"https:\/\/www.posk.se\/kristinehamn\/#website","url":"https:\/\/www.posk.se\/kristinehamn\/","name":"Kristinehamn","description":"POSK-grupp i Karlstads stift","potentialAction":[{"@type":"SearchAction","target":{"@type":"EntryPoint","urlTemplate":"https:\/\/www.posk.se\/kristinehamn\/?s={search_term_string}"},"query-input":{"@type":"PropertyValueSpecification","valueRequired":true,"valueName":"search_term_string"}}],"inLanguage":"sv-SE"}]}},"_links":{"self":[{"href":"https:\/\/www.posk.se\/kristinehamn\/wp-json\/wp\/v2\/pages\/21","targetHints":{"allow":["GET"]}}],"collection":[{"href":"https:\/\/www.posk.se\/kristinehamn\/wp-json\/wp\/v2\/pages"}],"about":[{"href":"https:\/\/www.posk.se\/kristinehamn\/wp-json\/wp\/v2\/types\/page"}],"author":[{"embeddable":true,"href":"https:\/\/www.posk.se\/kristinehamn\/wp-json\/wp\/v2\/users\/140"}],"replies":[{"embeddable":true,"href":"https:\/\/www.posk.se\/kristinehamn\/wp-json\/wp\/v2\/comments?post=21"}],"version-history":[{"count":17,"href":"https:\/\/www.posk.se\/kristinehamn\/wp-json\/wp\/v2\/pages\/21\/revisions"}],"predecessor-version":[{"id":531,"href":"https:\/\/www.posk.se\/kristinehamn\/wp-json\/wp\/v2\/pages\/21\/revisions\/531"}],"wp:featuredmedia":[{"embeddable":true,"href":"https:\/\/www.posk.se\/kristinehamn\/wp-json\/wp\/v2\/media\/22"}],"wp:attachment":[{"href":"https:\/\/www.posk.se\/kristinehamn\/wp-json\/wp\/v2\/media?parent=21"}],"curies":[{"name":"wp","href":"https:\/\/api.w.org\/{rel}","templated":true}]}}