{"id":80,"date":"2025-06-25T11:20:01","date_gmt":"2025-06-25T09:20:01","guid":{"rendered":"https:\/\/www.posk.se\/jarna\/?page_id=80"},"modified":"2025-08-24T13:20:35","modified_gmt":"2025-08-24T11:20:35","slug":"kandidater-2025","status":"publish","type":"page","link":"https:\/\/www.posk.se\/jarna\/kandidater-2025\/","title":{"rendered":"Kandidater 2025"},"content":{"rendered":"<h3>Kandidater<\/h3>\n<p>Inf\u00f6r kyrkovalet \u2013 den 21 september 2025 \u2013 gl\u00e4ds vi \u00e5t att ha f\u00e5tt m\u00e5nga nya medlemmar och v\u00e5r kandidatlista till kyrkofullm\u00e4ktige \u00e4r f\u00f6ljande:<\/p>\n<table style=\"height: 408px\">\n<tbody>\n<tr>\n<td style=\"width: 59px\">1<\/td>\n<td style=\"width: 168px\">Lars Steffansson<\/td>\n<td style=\"width: 287px\">Egenf\u00f6retagare, Vansbro<\/td>\n<\/tr>\n<tr>\n<td style=\"width: 59px\" width=\"85\">2<\/td>\n<td style=\"width: 168px\" width=\"304\">Bo Jonsson<\/td>\n<td style=\"width: 287px\" width=\"461\">Skiftledare, Dala-J\u00e4rna<\/td>\n<\/tr>\n<tr>\n<td style=\"width: 59px\">3<\/td>\n<td style=\"width: 168px\">Martina Berglund<\/td>\n<td style=\"width: 287px\">\u00a0Leg. L\u00e4rare, Dala-J\u00e4rna<\/td>\n<\/tr>\n<tr>\n<td style=\"width: 59px\">4<\/td>\n<td style=\"width: 168px\">Torsten Larsson<\/td>\n<td style=\"width: 287px\">Ekonom, Dala-J\u00e4rna<\/td>\n<\/tr>\n<tr>\n<td style=\"width: 59px\">5<\/td>\n<td style=\"width: 168px\">Ann Tysk<\/td>\n<td style=\"width: 287px\">F\u00f6rskoll\u00e4rare\u00a0 N\u00e5s<\/td>\n<\/tr>\n<tr>\n<td style=\"width: 59px\">6<\/td>\n<td style=\"width: 168px\">Karin Pers<\/td>\n<td style=\"width: 287px\">Undersk\u00f6terska, Dala- J\u00e4rna<\/td>\n<\/tr>\n<tr>\n<td style=\"width: 59px\">7<\/td>\n<td style=\"width: 168px\">Inga-Britt Ohlsson<\/td>\n<td style=\"width: 287px\">F\u00f6rsamlingsassistent, Vansbro<\/td>\n<\/tr>\n<tr>\n<td style=\"width: 59px\">8<\/td>\n<td style=\"width: 168px\">Curt Tysk<\/td>\n<td style=\"width: 287px\">\u00d6verl\u00e4kare, N\u00e5s<\/td>\n<\/tr>\n<tr>\n<td style=\"width: 59px\">9<\/td>\n<td style=\"width: 168px\">Britt-Marie Wiklund<\/td>\n<td style=\"width: 287px\">F\u00f6rskoll\u00e4rare,\u00a0 N\u00e5s<\/td>\n<\/tr>\n<tr>\n<td style=\"width: 59px\">10<\/td>\n<td style=\"width: 168px\">Erik Andersson<\/td>\n<td style=\"width: 287px\">Fastighetssk\u00f6tare, Dala-J\u00e4rna<\/td>\n<\/tr>\n<tr>\n<td style=\"width: 59px\">11<\/td>\n<td style=\"width: 168px\">Ewa-Stina W\u00e4sthed<\/td>\n<td style=\"width: 287px\">Barnsk\u00f6tare, Dala-J\u00e4rna<\/td>\n<\/tr>\n<tr>\n<td style=\"width: 59px\">12<\/td>\n<td style=\"width: 168px\">Emma Sj\u00f6berg<\/td>\n<td style=\"width: 287px\">Boendest\u00f6djare, Vansbro<\/td>\n<\/tr>\n<tr>\n<td style=\"width: 59px\">13<\/td>\n<td style=\"width: 168px\">Anders Hammarqvist<\/td>\n<td style=\"width: 287px\">Bensinmacksarbetare, N\u00e5s<\/td>\n<\/tr>\n<tr>\n<td style=\"width: 59px\">14<\/td>\n<td style=\"width: 168px\">Dan Herbertsson<\/td>\n<td style=\"width: 287px\">Ytbehandlare, Dala-j\u00e4rna<\/td>\n<\/tr>\n<tr>\n<td style=\"width: 59px\">15<\/td>\n<td style=\"width: 168px\">Esmeralda Hansson<\/td>\n<td style=\"width: 287px\">Student, Dala-J\u00e4rna<\/td>\n<\/tr>\n<tr>\n<td style=\"width: 59px\">16<\/td>\n<td style=\"width: 168px\">Anneli Jonsson<\/td>\n<td style=\"width: 287px\">Personlig assistent, Dala-J\u00e4rna<\/td>\n<\/tr>\n<tr>\n<td style=\"width: 59px\">17<\/td>\n<td style=\"width: 168px\">Caroline Brorsson<\/td>\n<td style=\"width: 287px\">Danspedagog, \u00c4ppelbo<\/td>\n<\/tr>\n<tr>\n<td style=\"width: 59px\">18<\/td>\n<td style=\"width: 168px\">Olivia \u00c4hdel<\/td>\n<td style=\"width: 287px\">Verksamhetsutvecklare,\u00a0 \u00c4ppelbo<\/td>\n<\/tr>\n<\/tbody>\n<\/table>\n<p>&nbsp;<\/p>\n","protected":false},"excerpt":{"rendered":"<p>Kandidater Inf\u00f6r kyrkovalet \u2013 den 21 september 2025 \u2013 gl\u00e4ds vi \u00e5t att ha f\u00e5tt m\u00e5nga nya medlemmar och v\u00e5r kandidatlista till kyrkofullm\u00e4ktige \u00e4r f\u00f6ljande: 1 Lars Steffansson Egenf\u00f6retagare, Vansbro 2 Bo Jonsson Skiftledare, Dala-J\u00e4rna 3 Martina Berglund \u00a0Leg. L\u00e4rare, Dala-J\u00e4rna 4 Torsten Larsson Ekonom, Dala-J\u00e4rna 5 Ann Tysk F\u00f6rskoll\u00e4rare\u00a0 N\u00e5s 6 Karin Pers Undersk\u00f6terska, [&hellip;]<\/p>\n","protected":false},"author":74,"featured_media":0,"parent":0,"menu_order":0,"comment_status":"closed","ping_status":"closed","template":"page-templates\/page-sidebar-left.php","meta":{"_acf_changed":false,"footnotes":""},"class_list":["post-80","page","type-page","status-publish","hentry"],"acf":[],"yoast_head":"<!-- This site is optimized with the Yoast SEO plugin v24.9 - https:\/\/yoast.com\/wordpress\/plugins\/seo\/ -->\n<title>Kandidater 2025 - J\u00e4rna<\/title>\n<meta name=\"robots\" content=\"index, follow, max-snippet:-1, max-image-preview:large, max-video-preview:-1\" \/>\n<link rel=\"canonical\" href=\"https:\/\/www.posk.se\/jarna\/kandidater-2025\/\" \/>\n<meta property=\"og:locale\" content=\"sv_SE\" \/>\n<meta property=\"og:type\" content=\"article\" \/>\n<meta property=\"og:title\" content=\"Kandidater 2025 - J\u00e4rna\" \/>\n<meta property=\"og:description\" content=\"Kandidater Inf\u00f6r kyrkovalet \u2013 den 21 september 2025 \u2013 gl\u00e4ds vi \u00e5t att ha f\u00e5tt m\u00e5nga nya medlemmar och v\u00e5r kandidatlista till kyrkofullm\u00e4ktige \u00e4r f\u00f6ljande: 1 Lars Steffansson Egenf\u00f6retagare, Vansbro 2 Bo Jonsson Skiftledare, Dala-J\u00e4rna 3 Martina Berglund \u00a0Leg. L\u00e4rare, Dala-J\u00e4rna 4 Torsten Larsson Ekonom, Dala-J\u00e4rna 5 Ann Tysk F\u00f6rskoll\u00e4rare\u00a0 N\u00e5s 6 Karin Pers Undersk\u00f6terska, [&hellip;]\" \/>\n<meta property=\"og:url\" content=\"https:\/\/www.posk.se\/jarna\/kandidater-2025\/\" \/>\n<meta property=\"og:site_name\" content=\"J\u00e4rna\" \/>\n<meta property=\"article:modified_time\" content=\"2025-08-24T11:20:35+00:00\" \/>\n<meta name=\"twitter:card\" content=\"summary_large_image\" \/>\n<meta name=\"twitter:label1\" content=\"Ber\u00e4knad l\u00e4stid\" \/>\n\t<meta name=\"twitter:data1\" content=\"1 minut\" \/>\n<script type=\"application\/ld+json\" class=\"yoast-schema-graph\">{\"@context\":\"https:\/\/schema.org\",\"@graph\":[{\"@type\":\"WebPage\",\"@id\":\"https:\/\/www.posk.se\/jarna\/kandidater-2025\/\",\"url\":\"https:\/\/www.posk.se\/jarna\/kandidater-2025\/\",\"name\":\"Kandidater 2025 - J\u00e4rna\",\"isPartOf\":{\"@id\":\"https:\/\/www.posk.se\/jarna\/#website\"},\"datePublished\":\"2025-06-25T09:20:01+00:00\",\"dateModified\":\"2025-08-24T11:20:35+00:00\",\"breadcrumb\":{\"@id\":\"https:\/\/www.posk.se\/jarna\/kandidater-2025\/#breadcrumb\"},\"inLanguage\":\"sv-SE\",\"potentialAction\":[{\"@type\":\"ReadAction\",\"target\":[\"https:\/\/www.posk.se\/jarna\/kandidater-2025\/\"]}]},{\"@type\":\"BreadcrumbList\",\"@id\":\"https:\/\/www.posk.se\/jarna\/kandidater-2025\/#breadcrumb\",\"itemListElement\":[{\"@type\":\"ListItem\",\"position\":1,\"name\":\"Hem\",\"item\":\"https:\/\/www.posk.se\/jarna\/\"},{\"@type\":\"ListItem\",\"position\":2,\"name\":\"Kandidater 2025\"}]},{\"@type\":\"WebSite\",\"@id\":\"https:\/\/www.posk.se\/jarna\/#website\",\"url\":\"https:\/\/www.posk.se\/jarna\/\",\"name\":\"J\u00e4rna\",\"description\":\"POSK-grupp i V\u00e4ster\u00e5s stift\",\"potentialAction\":[{\"@type\":\"SearchAction\",\"target\":{\"@type\":\"EntryPoint\",\"urlTemplate\":\"https:\/\/www.posk.se\/jarna\/?s={search_term_string}\"},\"query-input\":{\"@type\":\"PropertyValueSpecification\",\"valueRequired\":true,\"valueName\":\"search_term_string\"}}],\"inLanguage\":\"sv-SE\"}]}<\/script>\n<!-- \/ Yoast SEO plugin. -->","yoast_head_json":{"title":"Kandidater 2025 - J\u00e4rna","robots":{"index":"index","follow":"follow","max-snippet":"max-snippet:-1","max-image-preview":"max-image-preview:large","max-video-preview":"max-video-preview:-1"},"canonical":"https:\/\/www.posk.se\/jarna\/kandidater-2025\/","og_locale":"sv_SE","og_type":"article","og_title":"Kandidater 2025 - J\u00e4rna","og_description":"Kandidater Inf\u00f6r kyrkovalet \u2013 den 21 september 2025 \u2013 gl\u00e4ds vi \u00e5t att ha f\u00e5tt m\u00e5nga nya medlemmar och v\u00e5r kandidatlista till kyrkofullm\u00e4ktige \u00e4r f\u00f6ljande: 1 Lars Steffansson Egenf\u00f6retagare, Vansbro 2 Bo Jonsson Skiftledare, Dala-J\u00e4rna 3 Martina Berglund \u00a0Leg. L\u00e4rare, Dala-J\u00e4rna 4 Torsten Larsson Ekonom, Dala-J\u00e4rna 5 Ann Tysk F\u00f6rskoll\u00e4rare\u00a0 N\u00e5s 6 Karin Pers Undersk\u00f6terska, [&hellip;]","og_url":"https:\/\/www.posk.se\/jarna\/kandidater-2025\/","og_site_name":"J\u00e4rna","article_modified_time":"2025-08-24T11:20:35+00:00","twitter_card":"summary_large_image","twitter_misc":{"Ber\u00e4knad l\u00e4stid":"1 minut"},"schema":{"@context":"https:\/\/schema.org","@graph":[{"@type":"WebPage","@id":"https:\/\/www.posk.se\/jarna\/kandidater-2025\/","url":"https:\/\/www.posk.se\/jarna\/kandidater-2025\/","name":"Kandidater 2025 - J\u00e4rna","isPartOf":{"@id":"https:\/\/www.posk.se\/jarna\/#website"},"datePublished":"2025-06-25T09:20:01+00:00","dateModified":"2025-08-24T11:20:35+00:00","breadcrumb":{"@id":"https:\/\/www.posk.se\/jarna\/kandidater-2025\/#breadcrumb"},"inLanguage":"sv-SE","potentialAction":[{"@type":"ReadAction","target":["https:\/\/www.posk.se\/jarna\/kandidater-2025\/"]}]},{"@type":"BreadcrumbList","@id":"https:\/\/www.posk.se\/jarna\/kandidater-2025\/#breadcrumb","itemListElement":[{"@type":"ListItem","position":1,"name":"Hem","item":"https:\/\/www.posk.se\/jarna\/"},{"@type":"ListItem","position":2,"name":"Kandidater 2025"}]},{"@type":"WebSite","@id":"https:\/\/www.posk.se\/jarna\/#website","url":"https:\/\/www.posk.se\/jarna\/","name":"J\u00e4rna","description":"POSK-grupp i V\u00e4ster\u00e5s stift","potentialAction":[{"@type":"SearchAction","target":{"@type":"EntryPoint","urlTemplate":"https:\/\/www.posk.se\/jarna\/?s={search_term_string}"},"query-input":{"@type":"PropertyValueSpecification","valueRequired":true,"valueName":"search_term_string"}}],"inLanguage":"sv-SE"}]}},"_links":{"self":[{"href":"https:\/\/www.posk.se\/jarna\/wp-json\/wp\/v2\/pages\/80","targetHints":{"allow":["GET"]}}],"collection":[{"href":"https:\/\/www.posk.se\/jarna\/wp-json\/wp\/v2\/pages"}],"about":[{"href":"https:\/\/www.posk.se\/jarna\/wp-json\/wp\/v2\/types\/page"}],"author":[{"embeddable":true,"href":"https:\/\/www.posk.se\/jarna\/wp-json\/wp\/v2\/users\/74"}],"replies":[{"embeddable":true,"href":"https:\/\/www.posk.se\/jarna\/wp-json\/wp\/v2\/comments?post=80"}],"version-history":[{"count":11,"href":"https:\/\/www.posk.se\/jarna\/wp-json\/wp\/v2\/pages\/80\/revisions"}],"predecessor-version":[{"id":146,"href":"https:\/\/www.posk.se\/jarna\/wp-json\/wp\/v2\/pages\/80\/revisions\/146"}],"wp:attachment":[{"href":"https:\/\/www.posk.se\/jarna\/wp-json\/wp\/v2\/media?parent=80"}],"curies":[{"name":"wp","href":"https:\/\/api.w.org\/{rel}","templated":true}]}}