{"id":20,"date":"2016-07-15T23:15:53","date_gmt":"2016-07-15T21:15:53","guid":{"rendered":"https:\/\/www.posk.se\/hagersten\/?page_id=20"},"modified":"2025-07-02T16:13:34","modified_gmt":"2025-07-02T14:13:34","slug":"startsidan-2","status":"publish","type":"page","link":"https:\/\/www.posk.se\/hagersten\/","title":{"rendered":"Startsidan"},"content":{"rendered":"<p><em><strong>H\u00c4R \u00c4R V\u00c5RA KANDIDATER I KYRKOVALET\u00a0 2025<br \/>\nLars<\/strong><\/em><em><strong>-Olof (LO) Landin <\/strong>(civ.ek., gruppledare, kyrkor\u00e5d)<strong>, Eva Beijer <\/strong>(leg.l\u00e4k., kyrkor\u00e5d, kyrkv\u00e4rd)<strong>,<br \/>\nAgneta Landin <\/strong>(universitetsadjunkt, kyrkor\u00e5d, kyrkv\u00e4rd)<strong>, Per Larsson <\/strong><\/em>(leg.l\u00e4k., kyrkor\u00e5d, kyrkv\u00e4rd),<br \/>\n<em><strong>Peedu Ots <\/strong>(civ.ek., fastighetsutskottet), <strong>Kristina W\u00e4nblom <\/strong><\/em>(utg.chef Verbum), <em><strong>Jonas Bodin<\/strong><\/em> (diakon),<br \/>\n<em><strong>Cecilia Landin <\/strong><\/em>(admin,chef hotell)\u00a0 <em><strong>Michael Roop <\/strong><\/em>(civ.ek. k\u00f6rs\u00e5ngare), <em><strong>Maximilian Bj\u00f6rst\u00e9n <\/strong><\/em>(supporttekniker)<em><strong>,<br \/>\nAnne-Marie Bergstr\u00f6m <\/strong><\/em>(fd \u00e5klagare), <em><strong>Marianne Themptander <\/strong><\/em>(n\u00e4mndeman)<em><strong>, Olof Beijer Lundberg <\/strong><\/em>(sjuksk\u00f6terska, scoutledare), <em><strong>Cecilia Hermfelt<\/strong><\/em> (barnmorska) och <em><strong>Eva Jarenius <\/strong>(<\/em>fd kanslichef Svenska kyrkan).<em><strong><br \/>\n<\/strong><\/em><\/p>\n<p><img loading=\"lazy\" decoding=\"async\" class=\"alignnone wp-image-42\" src=\"https:\/\/www.posk.se\/hagersten\/wp-content\/uploads\/sites\/137\/2017\/08\/lolandin-2013-258x300.jpg\" alt=\"\" width=\"117\" height=\"136\" srcset=\"https:\/\/www.posk.se\/hagersten\/wp-content\/uploads\/sites\/137\/2017\/08\/lolandin-2013-258x300.jpg 258w, https:\/\/www.posk.se\/hagersten\/wp-content\/uploads\/sites\/137\/2017\/08\/lolandin-2013-768x894.jpg 768w, https:\/\/www.posk.se\/hagersten\/wp-content\/uploads\/sites\/137\/2017\/08\/lolandin-2013-330x384.jpg 330w, https:\/\/www.posk.se\/hagersten\/wp-content\/uploads\/sites\/137\/2017\/08\/lolandin-2013.jpg 773w\" sizes=\"auto, (max-width: 117px) 100vw, 117px\" \/><br \/>\nKontaktperson:<br \/>\n<strong><em>Lars-Olof (LO)\u00a0 Landin<br \/>\n<\/em><\/strong>Tel: 0708-125 467<br \/>\n<a href=\"mailto:LO.Landin@ebc.se\">LO.Landin@ebc.se\u00a0<\/a><\/p>\n<p><strong><em>H\u00e4r finns vi:<br \/>\n<\/em><\/strong>F\u00f6lj oss p\u00e5 Facebook <a href=\"https:\/\/www.facebook.com\/LevandeForsamlingHagersten\/\" target=\"_blank\" rel=\"noopener\">Levande F\u00f6rsamling H\u00e4gersten<\/a><br \/>\n<strong><em><br \/>\n<\/em><\/strong><\/p>\n<h6>Toppbild: Uppenbarelsekyrkan, H\u00e4gersten. Foto: Holger.Ellgaard &#8211; <a href=\"https:\/\/commons.wikimedia.org\/w\/index.php?curid=10626960\">Eget arbete, CC BY-SA 3.0<\/a>,<\/h6>\n","protected":false},"excerpt":{"rendered":"<p>H\u00c4R \u00c4R V\u00c5RA KANDIDATER I KYRKOVALET\u00a0 2025 Lars-Olof (LO) Landin (civ.ek., gruppledare, kyrkor\u00e5d), Eva Beijer (leg.l\u00e4k., kyrkor\u00e5d, kyrkv\u00e4rd), Agneta Landin (universitetsadjunkt, kyrkor\u00e5d, kyrkv\u00e4rd), Per Larsson (leg.l\u00e4k., kyrkor\u00e5d, kyrkv\u00e4rd), Peedu Ots (civ.ek., fastighetsutskottet), Kristina W\u00e4nblom (utg.chef Verbum), Jonas Bodin (diakon), Cecilia Landin (admin,chef hotell)\u00a0 Michael Roop (civ.ek. k\u00f6rs\u00e5ngare), Maximilian Bj\u00f6rst\u00e9n (supporttekniker), Anne-Marie Bergstr\u00f6m (fd \u00e5klagare), Marianne [&hellip;]<\/p>\n","protected":false},"author":1,"featured_media":33,"parent":0,"menu_order":0,"comment_status":"closed","ping_status":"closed","template":"page-templates\/page-sidebar-left.php","meta":{"_acf_changed":false,"footnotes":""},"class_list":["post-20","page","type-page","status-publish","has-post-thumbnail","hentry"],"acf":[],"yoast_head":"<!-- This site is optimized with the Yoast SEO plugin v24.9 - https:\/\/yoast.com\/wordpress\/plugins\/seo\/ -->\n<title>Startsidan - H\u00e4gersten<\/title>\n<meta name=\"robots\" content=\"index, follow, max-snippet:-1, max-image-preview:large, max-video-preview:-1\" \/>\n<link rel=\"canonical\" href=\"https:\/\/www.posk.se\/hagersten\/\" \/>\n<meta property=\"og:locale\" content=\"sv_SE\" \/>\n<meta property=\"og:type\" content=\"article\" \/>\n<meta property=\"og:title\" content=\"Startsidan - H\u00e4gersten\" \/>\n<meta property=\"og:description\" content=\"H\u00c4R \u00c4R V\u00c5RA KANDIDATER I KYRKOVALET\u00a0 2025 Lars-Olof (LO) Landin (civ.ek., gruppledare, kyrkor\u00e5d), Eva Beijer (leg.l\u00e4k., kyrkor\u00e5d, kyrkv\u00e4rd), Agneta Landin (universitetsadjunkt, kyrkor\u00e5d, kyrkv\u00e4rd), Per Larsson (leg.l\u00e4k., kyrkor\u00e5d, kyrkv\u00e4rd), Peedu Ots (civ.ek., fastighetsutskottet), Kristina W\u00e4nblom (utg.chef Verbum), Jonas Bodin (diakon), Cecilia Landin (admin,chef hotell)\u00a0 Michael Roop (civ.ek. k\u00f6rs\u00e5ngare), Maximilian Bj\u00f6rst\u00e9n (supporttekniker), Anne-Marie Bergstr\u00f6m (fd \u00e5klagare), Marianne [&hellip;]\" \/>\n<meta property=\"og:url\" content=\"https:\/\/www.posk.se\/hagersten\/\" \/>\n<meta property=\"og:site_name\" content=\"H\u00e4gersten\" \/>\n<meta property=\"article:modified_time\" content=\"2025-07-02T14:13:34+00:00\" \/>\n<meta property=\"og:image\" content=\"https:\/\/www.posk.se\/hagersten\/wp-content\/uploads\/sites\/137\/2016\/07\/1200px-uppenbarelsekyrkan_hagersten_2010i-e1504106010586.jpg\" \/>\n\t<meta property=\"og:image:width\" content=\"1200\" \/>\n\t<meta property=\"og:image:height\" content=\"333\" \/>\n\t<meta property=\"og:image:type\" content=\"image\/jpeg\" \/>\n<meta name=\"twitter:card\" content=\"summary_large_image\" \/>\n<meta name=\"twitter:label1\" content=\"Ber\u00e4knad l\u00e4stid\" \/>\n\t<meta name=\"twitter:data1\" content=\"1 minut\" \/>\n<script type=\"application\/ld+json\" class=\"yoast-schema-graph\">{\"@context\":\"https:\/\/schema.org\",\"@graph\":[{\"@type\":\"WebPage\",\"@id\":\"https:\/\/www.posk.se\/hagersten\/\",\"url\":\"https:\/\/www.posk.se\/hagersten\/\",\"name\":\"Startsidan - H\u00e4gersten\",\"isPartOf\":{\"@id\":\"https:\/\/www.posk.se\/hagersten\/#website\"},\"primaryImageOfPage\":{\"@id\":\"https:\/\/www.posk.se\/hagersten\/#primaryimage\"},\"image\":{\"@id\":\"https:\/\/www.posk.se\/hagersten\/#primaryimage\"},\"thumbnailUrl\":\"https:\/\/www.posk.se\/hagersten\/wp-content\/uploads\/sites\/137\/2016\/07\/1200px-uppenbarelsekyrkan_hagersten_2010i-e1504106010586.jpg\",\"datePublished\":\"2016-07-15T21:15:53+00:00\",\"dateModified\":\"2025-07-02T14:13:34+00:00\",\"breadcrumb\":{\"@id\":\"https:\/\/www.posk.se\/hagersten\/#breadcrumb\"},\"inLanguage\":\"sv-SE\",\"potentialAction\":[{\"@type\":\"ReadAction\",\"target\":[\"https:\/\/www.posk.se\/hagersten\/\"]}]},{\"@type\":\"ImageObject\",\"inLanguage\":\"sv-SE\",\"@id\":\"https:\/\/www.posk.se\/hagersten\/#primaryimage\",\"url\":\"https:\/\/www.posk.se\/hagersten\/wp-content\/uploads\/sites\/137\/2016\/07\/1200px-uppenbarelsekyrkan_hagersten_2010i-e1504106010586.jpg\",\"contentUrl\":\"https:\/\/www.posk.se\/hagersten\/wp-content\/uploads\/sites\/137\/2016\/07\/1200px-uppenbarelsekyrkan_hagersten_2010i-e1504106010586.jpg\",\"width\":1200,\"height\":333},{\"@type\":\"BreadcrumbList\",\"@id\":\"https:\/\/www.posk.se\/hagersten\/#breadcrumb\",\"itemListElement\":[{\"@type\":\"ListItem\",\"position\":1,\"name\":\"Hem\",\"item\":\"https:\/\/www.posk.se\/hagersten\/\"},{\"@type\":\"ListItem\",\"position\":2,\"name\":\"Startsidan\"}]},{\"@type\":\"WebSite\",\"@id\":\"https:\/\/www.posk.se\/hagersten\/#website\",\"url\":\"https:\/\/www.posk.se\/hagersten\/\",\"name\":\"H\u00e4gersten\",\"description\":\"POSK-grupp i Stockholms stift\",\"potentialAction\":[{\"@type\":\"SearchAction\",\"target\":{\"@type\":\"EntryPoint\",\"urlTemplate\":\"https:\/\/www.posk.se\/hagersten\/?s={search_term_string}\"},\"query-input\":{\"@type\":\"PropertyValueSpecification\",\"valueRequired\":true,\"valueName\":\"search_term_string\"}}],\"inLanguage\":\"sv-SE\"}]}<\/script>\n<!-- \/ Yoast SEO plugin. -->","yoast_head_json":{"title":"Startsidan - H\u00e4gersten","robots":{"index":"index","follow":"follow","max-snippet":"max-snippet:-1","max-image-preview":"max-image-preview:large","max-video-preview":"max-video-preview:-1"},"canonical":"https:\/\/www.posk.se\/hagersten\/","og_locale":"sv_SE","og_type":"article","og_title":"Startsidan - H\u00e4gersten","og_description":"H\u00c4R \u00c4R V\u00c5RA KANDIDATER I KYRKOVALET\u00a0 2025 Lars-Olof (LO) Landin (civ.ek., gruppledare, kyrkor\u00e5d), Eva Beijer (leg.l\u00e4k., kyrkor\u00e5d, kyrkv\u00e4rd), Agneta Landin (universitetsadjunkt, kyrkor\u00e5d, kyrkv\u00e4rd), Per Larsson (leg.l\u00e4k., kyrkor\u00e5d, kyrkv\u00e4rd), Peedu Ots (civ.ek., fastighetsutskottet), Kristina W\u00e4nblom (utg.chef Verbum), Jonas Bodin (diakon), Cecilia Landin (admin,chef hotell)\u00a0 Michael Roop (civ.ek. k\u00f6rs\u00e5ngare), Maximilian Bj\u00f6rst\u00e9n (supporttekniker), Anne-Marie Bergstr\u00f6m (fd \u00e5klagare), Marianne [&hellip;]","og_url":"https:\/\/www.posk.se\/hagersten\/","og_site_name":"H\u00e4gersten","article_modified_time":"2025-07-02T14:13:34+00:00","og_image":[{"width":1200,"height":333,"url":"https:\/\/www.posk.se\/hagersten\/wp-content\/uploads\/sites\/137\/2016\/07\/1200px-uppenbarelsekyrkan_hagersten_2010i-e1504106010586.jpg","type":"image\/jpeg"}],"twitter_card":"summary_large_image","twitter_misc":{"Ber\u00e4knad l\u00e4stid":"1 minut"},"schema":{"@context":"https:\/\/schema.org","@graph":[{"@type":"WebPage","@id":"https:\/\/www.posk.se\/hagersten\/","url":"https:\/\/www.posk.se\/hagersten\/","name":"Startsidan - H\u00e4gersten","isPartOf":{"@id":"https:\/\/www.posk.se\/hagersten\/#website"},"primaryImageOfPage":{"@id":"https:\/\/www.posk.se\/hagersten\/#primaryimage"},"image":{"@id":"https:\/\/www.posk.se\/hagersten\/#primaryimage"},"thumbnailUrl":"https:\/\/www.posk.se\/hagersten\/wp-content\/uploads\/sites\/137\/2016\/07\/1200px-uppenbarelsekyrkan_hagersten_2010i-e1504106010586.jpg","datePublished":"2016-07-15T21:15:53+00:00","dateModified":"2025-07-02T14:13:34+00:00","breadcrumb":{"@id":"https:\/\/www.posk.se\/hagersten\/#breadcrumb"},"inLanguage":"sv-SE","potentialAction":[{"@type":"ReadAction","target":["https:\/\/www.posk.se\/hagersten\/"]}]},{"@type":"ImageObject","inLanguage":"sv-SE","@id":"https:\/\/www.posk.se\/hagersten\/#primaryimage","url":"https:\/\/www.posk.se\/hagersten\/wp-content\/uploads\/sites\/137\/2016\/07\/1200px-uppenbarelsekyrkan_hagersten_2010i-e1504106010586.jpg","contentUrl":"https:\/\/www.posk.se\/hagersten\/wp-content\/uploads\/sites\/137\/2016\/07\/1200px-uppenbarelsekyrkan_hagersten_2010i-e1504106010586.jpg","width":1200,"height":333},{"@type":"BreadcrumbList","@id":"https:\/\/www.posk.se\/hagersten\/#breadcrumb","itemListElement":[{"@type":"ListItem","position":1,"name":"Hem","item":"https:\/\/www.posk.se\/hagersten\/"},{"@type":"ListItem","position":2,"name":"Startsidan"}]},{"@type":"WebSite","@id":"https:\/\/www.posk.se\/hagersten\/#website","url":"https:\/\/www.posk.se\/hagersten\/","name":"H\u00e4gersten","description":"POSK-grupp i Stockholms stift","potentialAction":[{"@type":"SearchAction","target":{"@type":"EntryPoint","urlTemplate":"https:\/\/www.posk.se\/hagersten\/?s={search_term_string}"},"query-input":{"@type":"PropertyValueSpecification","valueRequired":true,"valueName":"search_term_string"}}],"inLanguage":"sv-SE"}]}},"_links":{"self":[{"href":"https:\/\/www.posk.se\/hagersten\/wp-json\/wp\/v2\/pages\/20","targetHints":{"allow":["GET"]}}],"collection":[{"href":"https:\/\/www.posk.se\/hagersten\/wp-json\/wp\/v2\/pages"}],"about":[{"href":"https:\/\/www.posk.se\/hagersten\/wp-json\/wp\/v2\/types\/page"}],"author":[{"embeddable":true,"href":"https:\/\/www.posk.se\/hagersten\/wp-json\/wp\/v2\/users\/1"}],"replies":[{"embeddable":true,"href":"https:\/\/www.posk.se\/hagersten\/wp-json\/wp\/v2\/comments?post=20"}],"version-history":[{"count":43,"href":"https:\/\/www.posk.se\/hagersten\/wp-json\/wp\/v2\/pages\/20\/revisions"}],"predecessor-version":[{"id":89,"href":"https:\/\/www.posk.se\/hagersten\/wp-json\/wp\/v2\/pages\/20\/revisions\/89"}],"wp:featuredmedia":[{"embeddable":true,"href":"https:\/\/www.posk.se\/hagersten\/wp-json\/wp\/v2\/media\/33"}],"wp:attachment":[{"href":"https:\/\/www.posk.se\/hagersten\/wp-json\/wp\/v2\/media?parent=20"}],"curies":[{"name":"wp","href":"https:\/\/api.w.org\/{rel}","templated":true}]}}