{"id":392,"date":"2025-09-10T00:44:13","date_gmt":"2025-09-09T22:44:13","guid":{"rendered":"https:\/\/www.posk.se\/gavle\/?page_id=392"},"modified":"2025-09-11T23:25:14","modified_gmt":"2025-09-11T21:25:14","slug":"tema-2025-larande","status":"publish","type":"page","link":"https:\/\/www.posk.se\/gavle\/teman\/tema-2025-larande\/","title":{"rendered":"Tema 2025: L\u00e4rande"},"content":{"rendered":"<h3>Sju tankar om l\u00e4rande<\/h3>\n<p><img loading=\"lazy\" decoding=\"async\" class=\"alignnone size-medium wp-image-393\" src=\"https:\/\/www.posk.se\/gavle\/wp-content\/uploads\/sites\/170\/2025\/09\/larande2025-1-293x300.jpg\" alt=\"\" width=\"293\" height=\"300\" srcset=\"https:\/\/www.posk.se\/gavle\/wp-content\/uploads\/sites\/170\/2025\/09\/larande2025-1-293x300.jpg 293w, https:\/\/www.posk.se\/gavle\/wp-content\/uploads\/sites\/170\/2025\/09\/larande2025-1-999x1024.jpg 999w, https:\/\/www.posk.se\/gavle\/wp-content\/uploads\/sites\/170\/2025\/09\/larande2025-1-768x787.jpg 768w, https:\/\/www.posk.se\/gavle\/wp-content\/uploads\/sites\/170\/2025\/09\/larande2025-1-1499x1536.jpg 1499w, https:\/\/www.posk.se\/gavle\/wp-content\/uploads\/sites\/170\/2025\/09\/larande2025-1-1998x2048.jpg 1998w, https:\/\/www.posk.se\/gavle\/wp-content\/uploads\/sites\/170\/2025\/09\/larande2025-1-330x338.jpg 330w\" sizes=\"auto, (max-width: 293px) 100vw, 293px\" \/><\/p>\n<p>1.<\/p>\n<p>Vad t\u00e4nker du n\u00e4r du h\u00f6r ordet kyrka, Gud, tro? Har n\u00e5gon st\u00e4llt n\u00e5gon s\u00e5dan fr\u00e5ga till dig? Ja det t\u00e5l att t\u00e4nka p\u00e5 innan man svarar. Men s\u00e5 intressant att fundera \u00f6ver och f\u00f6rs\u00f6ka s\u00e4tta ord p\u00e5. Och t\u00e4nk att h\u00f6ra n\u00e5gon annan svara p\u00e5 samma fr\u00e5ga, s\u00e5 sp\u00e4nnande. Det finns m\u00e5nga funderingar man skulle vilja prata med andra om, vrida och v\u00e4nda p\u00e5 olika tankar i en trygg milj\u00f6.<\/p>\n<p>D\u00e4rf\u00f6r vill vi verka f\u00f6r m\u00e5nga m\u00f6jligheter att tr\u00e4ffas f\u00f6r att samtala och l\u00e4ra om livet.<\/p>\n<p>Vi \u00e4r POSK, Partipolitiskt Obundna i Svenska Kyrkan, i G\u00e4vle.<\/p>\n<p><img loading=\"lazy\" decoding=\"async\" class=\"alignnone size-medium wp-image-395\" src=\"https:\/\/www.posk.se\/gavle\/wp-content\/uploads\/sites\/170\/2025\/09\/larande2025-2-redigerad-285x300.jpg\" alt=\"\" width=\"285\" height=\"300\" srcset=\"https:\/\/www.posk.se\/gavle\/wp-content\/uploads\/sites\/170\/2025\/09\/larande2025-2-redigerad-285x300.jpg 285w, https:\/\/www.posk.se\/gavle\/wp-content\/uploads\/sites\/170\/2025\/09\/larande2025-2-redigerad-973x1024.jpg 973w, https:\/\/www.posk.se\/gavle\/wp-content\/uploads\/sites\/170\/2025\/09\/larande2025-2-redigerad-768x808.jpg 768w, https:\/\/www.posk.se\/gavle\/wp-content\/uploads\/sites\/170\/2025\/09\/larande2025-2-redigerad-1459x1536.jpg 1459w, https:\/\/www.posk.se\/gavle\/wp-content\/uploads\/sites\/170\/2025\/09\/larande2025-2-redigerad-1946x2048.jpg 1946w, https:\/\/www.posk.se\/gavle\/wp-content\/uploads\/sites\/170\/2025\/09\/larande2025-2-redigerad-330x347.jpg 330w\" sizes=\"auto, (max-width: 285px) 100vw, 285px\" \/><\/p>\n<p>2.<\/p>\n<p>Man l\u00e4r s\u00e5 l\u00e4nge man lever.<\/p>\n<p>Hur kan jag l\u00e4ra mig om s\u00e5dant man inte pratar om i skolan? Om tro, livet, Gud, kyrka och s\u00e5dant? Genom fikastunder, gudstj\u00e4nster, studiegrupper, ungkv\u00e4llar, samtal, k\u00f6rs\u00e5ng, konfirmandgrupper f\u00f6r b\u00e5de ungdomar och vuxna, sorgegrupper, funkistr\u00e4ffar, \u00f6ppen kyrka och m\u00e5nga andra sorters m\u00f6tesplatser f\u00e5r vi m\u00f6jlighet att l\u00e4ra oss mer genom hela livet.<\/p>\n<p>D\u00e4rf\u00f6r vill vi verka f\u00f6r att det alltid ska finnas olika verksamheter i f\u00f6rsamlingen f\u00f6r m\u00e4nniskor som vill forts\u00e4tta leva och l\u00e4ra.<\/p>\n<p>Vi \u00e4r POSK, Partipolitiskt Obundna i Svenska Kyrkan, i G\u00e4vle.<\/p>\n<p><img loading=\"lazy\" decoding=\"async\" class=\"alignnone size-medium wp-image-396\" src=\"https:\/\/www.posk.se\/gavle\/wp-content\/uploads\/sites\/170\/2025\/09\/larande2025-3-300x225.jpg\" alt=\"\" width=\"300\" height=\"225\" srcset=\"https:\/\/www.posk.se\/gavle\/wp-content\/uploads\/sites\/170\/2025\/09\/larande2025-3-300x225.jpg 300w, https:\/\/www.posk.se\/gavle\/wp-content\/uploads\/sites\/170\/2025\/09\/larande2025-3-1024x768.jpg 1024w, https:\/\/www.posk.se\/gavle\/wp-content\/uploads\/sites\/170\/2025\/09\/larande2025-3-768x576.jpg 768w, https:\/\/www.posk.se\/gavle\/wp-content\/uploads\/sites\/170\/2025\/09\/larande2025-3-1536x1152.jpg 1536w, https:\/\/www.posk.se\/gavle\/wp-content\/uploads\/sites\/170\/2025\/09\/larande2025-3-2048x1536.jpg 2048w, https:\/\/www.posk.se\/gavle\/wp-content\/uploads\/sites\/170\/2025\/09\/larande2025-3-330x248.jpg 330w\" sizes=\"auto, (max-width: 300px) 100vw, 300px\" \/><\/p>\n<p>3.<\/p>\n<p>Kyrkan \u00e4r beroende av m\u00e4nniskor som vill engagera sig. Som ideell i Svenska kyrkan blir du tagen i anspr\u00e5k och f\u00e5r m\u00f6jlighet att g\u00f6ra en insats f\u00f6r andra p\u00e5 det s\u00e4tt just du \u00e4r bra p\u00e5. Det finns m\u00e5nga uppgifter som vi beh\u00f6ver hj\u00e4lpas \u00e5t med. Tillsammans kan vi g\u00f6ra s\u00e5 mycket mer och som ideell f\u00e5r du m\u00f6jlighet att prova p\u00e5 och v\u00e4xa med uppgiften.<\/p>\n<p>D\u00e4rf\u00f6r vill vi verka f\u00f6r en bra organisation f\u00f6r ideella inom kyrkan d\u00e4r man f\u00e5r v\u00e4xa med sitt uppdrag.<\/p>\n<p>Vi \u00e4r POSK, Partipolitiskt Obundna i Svenska Kyrkan, i G\u00e4vle.<\/p>\n<p><img loading=\"lazy\" decoding=\"async\" class=\"alignnone size-medium wp-image-397\" src=\"https:\/\/www.posk.se\/gavle\/wp-content\/uploads\/sites\/170\/2025\/09\/larande2025-4-300x225.jpg\" alt=\"\" width=\"300\" height=\"225\" srcset=\"https:\/\/www.posk.se\/gavle\/wp-content\/uploads\/sites\/170\/2025\/09\/larande2025-4-300x225.jpg 300w, https:\/\/www.posk.se\/gavle\/wp-content\/uploads\/sites\/170\/2025\/09\/larande2025-4-1024x768.jpg 1024w, https:\/\/www.posk.se\/gavle\/wp-content\/uploads\/sites\/170\/2025\/09\/larande2025-4-768x576.jpg 768w, https:\/\/www.posk.se\/gavle\/wp-content\/uploads\/sites\/170\/2025\/09\/larande2025-4-1536x1152.jpg 1536w, https:\/\/www.posk.se\/gavle\/wp-content\/uploads\/sites\/170\/2025\/09\/larande2025-4-2048x1536.jpg 2048w, https:\/\/www.posk.se\/gavle\/wp-content\/uploads\/sites\/170\/2025\/09\/larande2025-4-330x248.jpg 330w\" sizes=\"auto, (max-width: 300px) 100vw, 300px\" \/><\/p>\n<p>4.<\/p>\n<p>Musik har varit viktigt f\u00f6r m\u00e4nniskor genom hela historien. I f\u00f6rsamlingen ska man kunna m\u00f6ta olika sorters musik, konserter av olika slag, k\u00f6rer d\u00e4r man sj\u00e4lv f\u00e5r chans att sjunga och l\u00e4ra sig mer om musik, eller bara lyssna, gudstj\u00e4nster d\u00e4r musik och psalms\u00e5ng b\u00e4r temat och v\u00e4cker nya tankar, tillf\u00e4llen d\u00e4r man kan f\u00f6rdjupa sig i texter i s\u00e5nger och psalmer eller kanske g\u00f6ra egna texter eller musik. Allt detta utan att det ska kosta dyra avgifter eller intr\u00e4den.<\/p>\n<p>D\u00e4rf\u00f6r vill vi verka f\u00f6r att kyrkan ska forts\u00e4tta ha kompetenta musiker anst\u00e4llda i f\u00f6rsamlingen och d\u00e4rigenom kunna erbjuda ett varierat utbud av musik och s\u00e5ng d\u00e4r vi l\u00e4r och v\u00e4xer tillsammans.<\/p>\n<p>Vi \u00e4r POSK, Partipolitiskt Obundna i Svenska Kyrkan, i G\u00e4vle.<\/p>\n<p><img loading=\"lazy\" decoding=\"async\" class=\"alignnone size-medium wp-image-398\" src=\"https:\/\/www.posk.se\/gavle\/wp-content\/uploads\/sites\/170\/2025\/09\/larande2025-5-225x300.jpg\" alt=\"\" width=\"225\" height=\"300\" srcset=\"https:\/\/www.posk.se\/gavle\/wp-content\/uploads\/sites\/170\/2025\/09\/larande2025-5-225x300.jpg 225w, https:\/\/www.posk.se\/gavle\/wp-content\/uploads\/sites\/170\/2025\/09\/larande2025-5-768x1024.jpg 768w, https:\/\/www.posk.se\/gavle\/wp-content\/uploads\/sites\/170\/2025\/09\/larande2025-5-1152x1536.jpg 1152w, https:\/\/www.posk.se\/gavle\/wp-content\/uploads\/sites\/170\/2025\/09\/larande2025-5-1536x2048.jpg 1536w, https:\/\/www.posk.se\/gavle\/wp-content\/uploads\/sites\/170\/2025\/09\/larande2025-5-330x440.jpg 330w, https:\/\/www.posk.se\/gavle\/wp-content\/uploads\/sites\/170\/2025\/09\/larande2025-5-scaled.jpg 1920w\" sizes=\"auto, (max-width: 225px) 100vw, 225px\" \/><\/p>\n<p>5.<\/p>\n<p>I kyrkan \u00e4r gudstj\u00e4nst en grundpelare. I gudstj\u00e4nsten f\u00e5r vi tillsammans m\u00f6ta Gud och varandra, sjunga och be tillsammans och ta del av f\u00f6rkunnelsen, undervisning om vad tro kan inneb\u00e4ra i v\u00e5ra liv. Vi beh\u00f6ver olika former av gudstj\u00e4nster p\u00e5 olika tider och platser under veckan f\u00f6r att det ska vara l\u00e4tt att delta och man ska k\u00e4nna sig v\u00e4lkommen.<\/p>\n<p>D\u00e4rf\u00f6r vill vi verka f\u00f6r ett omv\u00e4xlande och rikt gudstj\u00e4nstliv i f\u00f6rsamlingen.<\/p>\n<p>Vi \u00e4r POSK, Partipolitiskt Obundna i Svenska Kyrkan, i G\u00e4vle.<\/p>\n<p><img loading=\"lazy\" decoding=\"async\" class=\"alignnone size-medium wp-image-400\" src=\"https:\/\/www.posk.se\/gavle\/wp-content\/uploads\/sites\/170\/2025\/09\/larande2025-6-redigerad-225x300.jpg\" alt=\"\" width=\"225\" height=\"300\" srcset=\"https:\/\/www.posk.se\/gavle\/wp-content\/uploads\/sites\/170\/2025\/09\/larande2025-6-redigerad-225x300.jpg 225w, https:\/\/www.posk.se\/gavle\/wp-content\/uploads\/sites\/170\/2025\/09\/larande2025-6-redigerad-768x1024.jpg 768w, https:\/\/www.posk.se\/gavle\/wp-content\/uploads\/sites\/170\/2025\/09\/larande2025-6-redigerad-1152x1536.jpg 1152w, https:\/\/www.posk.se\/gavle\/wp-content\/uploads\/sites\/170\/2025\/09\/larande2025-6-redigerad-1536x2048.jpg 1536w, https:\/\/www.posk.se\/gavle\/wp-content\/uploads\/sites\/170\/2025\/09\/larande2025-6-redigerad-330x440.jpg 330w, https:\/\/www.posk.se\/gavle\/wp-content\/uploads\/sites\/170\/2025\/09\/larande2025-6-redigerad-scaled.jpg 1920w\" sizes=\"auto, (max-width: 225px) 100vw, 225px\" \/><\/p>\n<p>6.<\/p>\n<p>Barn och unga \u00e4r ocks\u00e5 en av grundpelarna i kyrkan. De \u00e4r v\u00e5r nutid och v\u00e5r framtid. I en tid d\u00e4r intresset f\u00f6r kyrkan v\u00e4xer \u00e4r det viktigt att finnas f\u00f6r barn och unga och skapa trygga rum f\u00f6r m\u00f6ten, b\u00e5de i kyrkans lokaler och p\u00e5 andra platser d\u00e4r barn och unga finns. D\u00e4r beh\u00f6ver det ocks\u00e5 finnas trygga vuxna som har tid att lyssna. Som konfirmand f\u00e5r man m\u00f6jlighet att l\u00e4ra mer om livet, Gud och tro och det beh\u00f6ver finnas m\u00f6jlighet till\u00a0 konfirmation b\u00e5de f\u00f6r unga och vuxna.<\/p>\n<p>D\u00e4rf\u00f6r vill vi verka f\u00f6r trygga rum och trygga vuxna f\u00f6r barn och ungdomar i f\u00f6rsamlingen.<\/p>\n<p>Vi \u00e4r POSK, Partipolitiskt Obundna i Svenska Kyrkan, i G\u00e4vle.<\/p>\n<p><img loading=\"lazy\" decoding=\"async\" class=\"alignnone size-medium wp-image-401\" src=\"https:\/\/www.posk.se\/gavle\/wp-content\/uploads\/sites\/170\/2025\/09\/larande2025-7-225x300.jpg\" alt=\"\" width=\"225\" height=\"300\" srcset=\"https:\/\/www.posk.se\/gavle\/wp-content\/uploads\/sites\/170\/2025\/09\/larande2025-7-225x300.jpg 225w, https:\/\/www.posk.se\/gavle\/wp-content\/uploads\/sites\/170\/2025\/09\/larande2025-7-768x1024.jpg 768w, https:\/\/www.posk.se\/gavle\/wp-content\/uploads\/sites\/170\/2025\/09\/larande2025-7-1152x1536.jpg 1152w, https:\/\/www.posk.se\/gavle\/wp-content\/uploads\/sites\/170\/2025\/09\/larande2025-7-1536x2048.jpg 1536w, https:\/\/www.posk.se\/gavle\/wp-content\/uploads\/sites\/170\/2025\/09\/larande2025-7-330x440.jpg 330w, https:\/\/www.posk.se\/gavle\/wp-content\/uploads\/sites\/170\/2025\/09\/larande2025-7-scaled.jpg 1920w\" sizes=\"auto, (max-width: 225px) 100vw, 225px\" \/><\/p>\n<p>7.<\/p>\n<p>Vi h\u00f6r i medier idag att intresset f\u00f6r kyrka och tro v\u00e4xer i Sverige b\u00e5de bland unga och vuxna. I kyrkan beh\u00f6ver vi m\u00f6tesplatser som ger oss tillf\u00e4llen att l\u00e4ra oss om tro och att v\u00e4xa tillsammans.<\/p>\n<p>N\u00e4r jag f\u00f6rs\u00f6ker formulera hur jag t\u00e4nker kring en fr\u00e5ga kan jag uppt\u00e4cka n\u00e5got som jag inte t\u00e4nkt p\u00e5 tidigare. Om jag dessutom f\u00e5r h\u00f6ra hur n\u00e5gon annan t\u00e4nker kring samma sak \u00f6ppnas nya s\u00e4tt att t\u00e4nka och tro f\u00f6r mig. T\u00e4nk att f\u00e5 forts\u00e4tta v\u00e4xa genom hela livet!<\/p>\n<p>D\u00e4rf\u00f6r vill vi verka f\u00f6r att kyrkan ska vara till f\u00f6r att m\u00e4nniskor ska kunna forts\u00e4tta l\u00e4ra och v\u00e4xa genom hela livet.<\/p>\n<p>Vi \u00e4r POSK, Partipolitiskt Obundna i Svenska Kyrkan, i G\u00e4vle.<\/p>\n","protected":false},"excerpt":{"rendered":"<p>Sju tankar om l\u00e4rande 1. Vad t\u00e4nker du n\u00e4r du h\u00f6r ordet kyrka, Gud, tro? Har n\u00e5gon st\u00e4llt n\u00e5gon s\u00e5dan fr\u00e5ga till dig? Ja det t\u00e5l att t\u00e4nka p\u00e5 innan man svarar. Men s\u00e5 intressant att fundera \u00f6ver och f\u00f6rs\u00f6ka s\u00e4tta ord p\u00e5. Och t\u00e4nk att h\u00f6ra n\u00e5gon annan svara p\u00e5 samma fr\u00e5ga, s\u00e5 sp\u00e4nnande. [&hellip;]<\/p>\n","protected":false},"author":1391,"featured_media":0,"parent":361,"menu_order":3,"comment_status":"closed","ping_status":"closed","template":"page-templates\/page-sidebar-left.php","meta":{"_acf_changed":false,"footnotes":""},"class_list":["post-392","page","type-page","status-publish","hentry"],"acf":[],"yoast_head":"<!-- This site is optimized with the Yoast SEO plugin v24.9 - https:\/\/yoast.com\/wordpress\/plugins\/seo\/ -->\n<title>Tema 2025: L\u00e4rande - G\u00e4vle<\/title>\n<meta name=\"robots\" content=\"index, follow, max-snippet:-1, max-image-preview:large, max-video-preview:-1\" \/>\n<link rel=\"canonical\" href=\"https:\/\/www.posk.se\/gavle\/teman\/tema-2025-larande\/\" \/>\n<meta property=\"og:locale\" content=\"sv_SE\" \/>\n<meta property=\"og:type\" content=\"article\" \/>\n<meta property=\"og:title\" content=\"Tema 2025: L\u00e4rande - G\u00e4vle\" \/>\n<meta property=\"og:description\" content=\"Sju tankar om l\u00e4rande 1. Vad t\u00e4nker du n\u00e4r du h\u00f6r ordet kyrka, Gud, tro? Har n\u00e5gon st\u00e4llt n\u00e5gon s\u00e5dan fr\u00e5ga till dig? Ja det t\u00e5l att t\u00e4nka p\u00e5 innan man svarar. Men s\u00e5 intressant att fundera \u00f6ver och f\u00f6rs\u00f6ka s\u00e4tta ord p\u00e5. Och t\u00e4nk att h\u00f6ra n\u00e5gon annan svara p\u00e5 samma fr\u00e5ga, s\u00e5 sp\u00e4nnande. [&hellip;]\" \/>\n<meta property=\"og:url\" content=\"https:\/\/www.posk.se\/gavle\/teman\/tema-2025-larande\/\" \/>\n<meta property=\"og:site_name\" content=\"G\u00e4vle\" \/>\n<meta property=\"article:modified_time\" content=\"2025-09-11T21:25:14+00:00\" \/>\n<meta property=\"og:image\" content=\"https:\/\/www.posk.se\/gavle\/wp-content\/uploads\/sites\/170\/2025\/09\/larande2025-1-scaled.jpg\" \/>\n\t<meta property=\"og:image:width\" content=\"2498\" \/>\n\t<meta property=\"og:image:height\" content=\"2560\" \/>\n\t<meta property=\"og:image:type\" content=\"image\/jpeg\" \/>\n<meta name=\"twitter:card\" content=\"summary_large_image\" \/>\n<meta name=\"twitter:label1\" content=\"Ber\u00e4knad l\u00e4stid\" \/>\n\t<meta name=\"twitter:data1\" content=\"6 minuter\" \/>\n<script type=\"application\/ld+json\" class=\"yoast-schema-graph\">{\"@context\":\"https:\/\/schema.org\",\"@graph\":[{\"@type\":\"WebPage\",\"@id\":\"https:\/\/www.posk.se\/gavle\/teman\/tema-2025-larande\/\",\"url\":\"https:\/\/www.posk.se\/gavle\/teman\/tema-2025-larande\/\",\"name\":\"Tema 2025: L\u00e4rande - G\u00e4vle\",\"isPartOf\":{\"@id\":\"https:\/\/www.posk.se\/gavle\/#website\"},\"primaryImageOfPage\":{\"@id\":\"https:\/\/www.posk.se\/gavle\/teman\/tema-2025-larande\/#primaryimage\"},\"image\":{\"@id\":\"https:\/\/www.posk.se\/gavle\/teman\/tema-2025-larande\/#primaryimage\"},\"thumbnailUrl\":\"https:\/\/www.posk.se\/gavle\/wp-content\/uploads\/sites\/170\/2025\/09\/larande2025-1-293x300.jpg\",\"datePublished\":\"2025-09-09T22:44:13+00:00\",\"dateModified\":\"2025-09-11T21:25:14+00:00\",\"breadcrumb\":{\"@id\":\"https:\/\/www.posk.se\/gavle\/teman\/tema-2025-larande\/#breadcrumb\"},\"inLanguage\":\"sv-SE\",\"potentialAction\":[{\"@type\":\"ReadAction\",\"target\":[\"https:\/\/www.posk.se\/gavle\/teman\/tema-2025-larande\/\"]}]},{\"@type\":\"ImageObject\",\"inLanguage\":\"sv-SE\",\"@id\":\"https:\/\/www.posk.se\/gavle\/teman\/tema-2025-larande\/#primaryimage\",\"url\":\"https:\/\/www.posk.se\/gavle\/wp-content\/uploads\/sites\/170\/2025\/09\/larande2025-1-scaled.jpg\",\"contentUrl\":\"https:\/\/www.posk.se\/gavle\/wp-content\/uploads\/sites\/170\/2025\/09\/larande2025-1-scaled.jpg\",\"width\":2498,\"height\":2560},{\"@type\":\"BreadcrumbList\",\"@id\":\"https:\/\/www.posk.se\/gavle\/teman\/tema-2025-larande\/#breadcrumb\",\"itemListElement\":[{\"@type\":\"ListItem\",\"position\":1,\"name\":\"Hem\",\"item\":\"https:\/\/www.posk.se\/gavle\/\"},{\"@type\":\"ListItem\",\"position\":2,\"name\":\"Teman\",\"item\":\"https:\/\/www.posk.se\/gavle\/teman\/\"},{\"@type\":\"ListItem\",\"position\":3,\"name\":\"Tema 2025: L\u00e4rande\"}]},{\"@type\":\"WebSite\",\"@id\":\"https:\/\/www.posk.se\/gavle\/#website\",\"url\":\"https:\/\/www.posk.se\/gavle\/\",\"name\":\"G\u00e4vle\",\"description\":\"POSK-grupp i Uppsala stift\",\"potentialAction\":[{\"@type\":\"SearchAction\",\"target\":{\"@type\":\"EntryPoint\",\"urlTemplate\":\"https:\/\/www.posk.se\/gavle\/?s={search_term_string}\"},\"query-input\":{\"@type\":\"PropertyValueSpecification\",\"valueRequired\":true,\"valueName\":\"search_term_string\"}}],\"inLanguage\":\"sv-SE\"}]}<\/script>\n<!-- \/ Yoast SEO plugin. -->","yoast_head_json":{"title":"Tema 2025: L\u00e4rande - G\u00e4vle","robots":{"index":"index","follow":"follow","max-snippet":"max-snippet:-1","max-image-preview":"max-image-preview:large","max-video-preview":"max-video-preview:-1"},"canonical":"https:\/\/www.posk.se\/gavle\/teman\/tema-2025-larande\/","og_locale":"sv_SE","og_type":"article","og_title":"Tema 2025: L\u00e4rande - G\u00e4vle","og_description":"Sju tankar om l\u00e4rande 1. Vad t\u00e4nker du n\u00e4r du h\u00f6r ordet kyrka, Gud, tro? Har n\u00e5gon st\u00e4llt n\u00e5gon s\u00e5dan fr\u00e5ga till dig? Ja det t\u00e5l att t\u00e4nka p\u00e5 innan man svarar. Men s\u00e5 intressant att fundera \u00f6ver och f\u00f6rs\u00f6ka s\u00e4tta ord p\u00e5. Och t\u00e4nk att h\u00f6ra n\u00e5gon annan svara p\u00e5 samma fr\u00e5ga, s\u00e5 sp\u00e4nnande. [&hellip;]","og_url":"https:\/\/www.posk.se\/gavle\/teman\/tema-2025-larande\/","og_site_name":"G\u00e4vle","article_modified_time":"2025-09-11T21:25:14+00:00","og_image":[{"width":2498,"height":2560,"url":"https:\/\/www.posk.se\/gavle\/wp-content\/uploads\/sites\/170\/2025\/09\/larande2025-1-scaled.jpg","type":"image\/jpeg"}],"twitter_card":"summary_large_image","twitter_misc":{"Ber\u00e4knad l\u00e4stid":"6 minuter"},"schema":{"@context":"https:\/\/schema.org","@graph":[{"@type":"WebPage","@id":"https:\/\/www.posk.se\/gavle\/teman\/tema-2025-larande\/","url":"https:\/\/www.posk.se\/gavle\/teman\/tema-2025-larande\/","name":"Tema 2025: L\u00e4rande - G\u00e4vle","isPartOf":{"@id":"https:\/\/www.posk.se\/gavle\/#website"},"primaryImageOfPage":{"@id":"https:\/\/www.posk.se\/gavle\/teman\/tema-2025-larande\/#primaryimage"},"image":{"@id":"https:\/\/www.posk.se\/gavle\/teman\/tema-2025-larande\/#primaryimage"},"thumbnailUrl":"https:\/\/www.posk.se\/gavle\/wp-content\/uploads\/sites\/170\/2025\/09\/larande2025-1-293x300.jpg","datePublished":"2025-09-09T22:44:13+00:00","dateModified":"2025-09-11T21:25:14+00:00","breadcrumb":{"@id":"https:\/\/www.posk.se\/gavle\/teman\/tema-2025-larande\/#breadcrumb"},"inLanguage":"sv-SE","potentialAction":[{"@type":"ReadAction","target":["https:\/\/www.posk.se\/gavle\/teman\/tema-2025-larande\/"]}]},{"@type":"ImageObject","inLanguage":"sv-SE","@id":"https:\/\/www.posk.se\/gavle\/teman\/tema-2025-larande\/#primaryimage","url":"https:\/\/www.posk.se\/gavle\/wp-content\/uploads\/sites\/170\/2025\/09\/larande2025-1-scaled.jpg","contentUrl":"https:\/\/www.posk.se\/gavle\/wp-content\/uploads\/sites\/170\/2025\/09\/larande2025-1-scaled.jpg","width":2498,"height":2560},{"@type":"BreadcrumbList","@id":"https:\/\/www.posk.se\/gavle\/teman\/tema-2025-larande\/#breadcrumb","itemListElement":[{"@type":"ListItem","position":1,"name":"Hem","item":"https:\/\/www.posk.se\/gavle\/"},{"@type":"ListItem","position":2,"name":"Teman","item":"https:\/\/www.posk.se\/gavle\/teman\/"},{"@type":"ListItem","position":3,"name":"Tema 2025: L\u00e4rande"}]},{"@type":"WebSite","@id":"https:\/\/www.posk.se\/gavle\/#website","url":"https:\/\/www.posk.se\/gavle\/","name":"G\u00e4vle","description":"POSK-grupp i Uppsala stift","potentialAction":[{"@type":"SearchAction","target":{"@type":"EntryPoint","urlTemplate":"https:\/\/www.posk.se\/gavle\/?s={search_term_string}"},"query-input":{"@type":"PropertyValueSpecification","valueRequired":true,"valueName":"search_term_string"}}],"inLanguage":"sv-SE"}]}},"_links":{"self":[{"href":"https:\/\/www.posk.se\/gavle\/wp-json\/wp\/v2\/pages\/392","targetHints":{"allow":["GET"]}}],"collection":[{"href":"https:\/\/www.posk.se\/gavle\/wp-json\/wp\/v2\/pages"}],"about":[{"href":"https:\/\/www.posk.se\/gavle\/wp-json\/wp\/v2\/types\/page"}],"author":[{"embeddable":true,"href":"https:\/\/www.posk.se\/gavle\/wp-json\/wp\/v2\/users\/1391"}],"replies":[{"embeddable":true,"href":"https:\/\/www.posk.se\/gavle\/wp-json\/wp\/v2\/comments?post=392"}],"version-history":[{"count":3,"href":"https:\/\/www.posk.se\/gavle\/wp-json\/wp\/v2\/pages\/392\/revisions"}],"predecessor-version":[{"id":407,"href":"https:\/\/www.posk.se\/gavle\/wp-json\/wp\/v2\/pages\/392\/revisions\/407"}],"up":[{"embeddable":true,"href":"https:\/\/www.posk.se\/gavle\/wp-json\/wp\/v2\/pages\/361"}],"wp:attachment":[{"href":"https:\/\/www.posk.se\/gavle\/wp-json\/wp\/v2\/media?parent=392"}],"curies":[{"name":"wp","href":"https:\/\/api.w.org\/{rel}","templated":true}]}}