{"id":382,"date":"2025-09-10T00:44:00","date_gmt":"2025-09-09T22:44:00","guid":{"rendered":"https:\/\/www.posk.se\/gavle\/?page_id=382"},"modified":"2025-09-10T00:44:00","modified_gmt":"2025-09-09T22:44:00","slug":"tema-2025-diakoni","status":"publish","type":"page","link":"https:\/\/www.posk.se\/gavle\/teman\/tema-2025-diakoni\/","title":{"rendered":"Tema 2025: Diakoni"},"content":{"rendered":"<h3>Sju tankar om diakoni<\/h3>\n<p><img loading=\"lazy\" decoding=\"async\" class=\"alignnone size-medium wp-image-383\" src=\"https:\/\/www.posk.se\/gavle\/wp-content\/uploads\/sites\/170\/2025\/09\/diakoni2025-1-208x300.jpg\" alt=\"\" width=\"208\" height=\"300\" srcset=\"https:\/\/www.posk.se\/gavle\/wp-content\/uploads\/sites\/170\/2025\/09\/diakoni2025-1-208x300.jpg 208w, https:\/\/www.posk.se\/gavle\/wp-content\/uploads\/sites\/170\/2025\/09\/diakoni2025-1-711x1024.jpg 711w, https:\/\/www.posk.se\/gavle\/wp-content\/uploads\/sites\/170\/2025\/09\/diakoni2025-1-768x1106.jpg 768w, https:\/\/www.posk.se\/gavle\/wp-content\/uploads\/sites\/170\/2025\/09\/diakoni2025-1-1067x1536.jpg 1067w, https:\/\/www.posk.se\/gavle\/wp-content\/uploads\/sites\/170\/2025\/09\/diakoni2025-1-330x475.jpg 330w, https:\/\/www.posk.se\/gavle\/wp-content\/uploads\/sites\/170\/2025\/09\/diakoni2025-1.jpg 1096w\" sizes=\"auto, (max-width: 208px) 100vw, 208px\" \/><\/p>\n<p>1.<\/p>\n<p>Solidaritet och omsorg om varje m\u00e4nniska som beh\u00f6ver st\u00f6d och hj\u00e4lp kallas f\u00f6r diakoni i kyrkans v\u00e4rld.<br \/>\nDiakoni \u00e4r en del av varje f\u00f6rsamlings grundl\u00e4ggande uppdrag och ett praktiskt uttryck f\u00f6r den kristna tron.<\/p>\n<p>N\u00e4r samh\u00e4llets skyddsn\u00e4t inte alltid r\u00e4cker till kan diakonin f\u00f6r och tillsammans med utsatta m\u00e4nniskor vara livsavg\u00f6rande.<br \/>\nInga journaler. Inga avgifter.<br \/>\nAlla \u00e4r v\u00e4lkomna oavsett tro eller medlemskap.<br \/>\nDet \u00e4r en del av kyrkans diakoni.<\/p>\n<p>D\u00e4rf\u00f6r vill vi satsa p\u00e5 kyrkans diakoni idag och i framtiden.<br \/>\nVi \u00e4r POSK, Partipolitiskt Obundna i Svenska kyrkan, i G\u00e4vle.<\/p>\n<p><img loading=\"lazy\" decoding=\"async\" class=\"alignnone size-medium wp-image-384\" src=\"https:\/\/www.posk.se\/gavle\/wp-content\/uploads\/sites\/170\/2025\/09\/diakoni2025-2-225x300.jpg\" alt=\"\" width=\"225\" height=\"300\" srcset=\"https:\/\/www.posk.se\/gavle\/wp-content\/uploads\/sites\/170\/2025\/09\/diakoni2025-2-225x300.jpg 225w, https:\/\/www.posk.se\/gavle\/wp-content\/uploads\/sites\/170\/2025\/09\/diakoni2025-2-330x440.jpg 330w, https:\/\/www.posk.se\/gavle\/wp-content\/uploads\/sites\/170\/2025\/09\/diakoni2025-2.jpg 768w\" sizes=\"auto, (max-width: 225px) 100vw, 225px\" \/><\/p>\n<p>2.<\/p>\n<p>Ensam \u00e4r inte stark. Livet kan f\u00f6r\u00e4ndras p\u00e5 en sekund.<br \/>\nEn sorg kan med tiden bli l\u00e4ttare att b\u00e4ra, men saknaden efter den som funnits och det som varit finns \u00e4nd\u00e5 d\u00e4r.<\/p>\n<p>N\u00e4r allvarliga h\u00e4ndelser intr\u00e4ffar och vi beh\u00f6ver n\u00e5got att h\u00e5lla sig till finns kyrkan d\u00e4r.<br \/>\nF\u00f6r tr\u00f6st och st\u00f6d. F\u00f6r att t\u00e4nda ljus.<br \/>\nF\u00f6r att uttrycka tankar och fr\u00e5gor; vrede och sorg.<br \/>\nF\u00f6r n\u00e5gon att tala med eller bara sitta tyst tillsammans med.<br \/>\nMed en diakon eller pr\u00e4st. Med Gud.<\/p>\n<p>Inga journaler. Inga avgifter.<br \/>\nAlla \u00e4r v\u00e4lkomna oavsett tro eller medlemskap.<br \/>\nDet \u00e4r en del av kyrkans diakoni.<\/p>\n<p>D\u00e4rf\u00f6r vill vi satsa p\u00e5 kyrkans diakoni idag och i framtiden.<br \/>\nVi \u00e4r POSK, Partipolitiskt Obundna i Svenska kyrkan, i G\u00e4vle.<\/p>\n<p><img loading=\"lazy\" decoding=\"async\" class=\"alignnone size-medium wp-image-385\" src=\"https:\/\/www.posk.se\/gavle\/wp-content\/uploads\/sites\/170\/2025\/09\/diakoni2025-3-225x300.jpg\" alt=\"\" width=\"225\" height=\"300\" srcset=\"https:\/\/www.posk.se\/gavle\/wp-content\/uploads\/sites\/170\/2025\/09\/diakoni2025-3-225x300.jpg 225w, https:\/\/www.posk.se\/gavle\/wp-content\/uploads\/sites\/170\/2025\/09\/diakoni2025-3-330x440.jpg 330w, https:\/\/www.posk.se\/gavle\/wp-content\/uploads\/sites\/170\/2025\/09\/diakoni2025-3-rotated.jpg 480w\" sizes=\"auto, (max-width: 225px) 100vw, 225px\" \/><\/p>\n<p>3.<\/p>\n<p>Kyrkan ska finnas d\u00e4r n\u00e4r kriser drabbar enskilda, familjer och hela samh\u00e4llet.<br \/>\nF\u00f6rsamlingen ing\u00e5r i samh\u00e4llets krisberedskap.<\/p>\n<p>Diakoner och pr\u00e4ster har utbildning f\u00f6r att hantera kriser.<br \/>\nVolont\u00e4rer kan g\u00f6ra viktiga insatser n\u00e4r m\u00e5nga har drabbats.<br \/>\nKyrkorummet och f\u00f6rsamlingshemmet \u00e4r resurser vid kriser i samh\u00e4llet.<br \/>\nDet \u00e4r en del av kyrkans diakoni.<\/p>\n<p>D\u00e4rf\u00f6r vill vi s\u00e4rskilt satsa p\u00e5 kyrkans diakonala arbete i dag och i framtiden.<br \/>\nVi \u00e4r POSK, Partipolitiskt Obundna i Svenska kyrkan, i G\u00e4vle.<\/p>\n<p><img loading=\"lazy\" decoding=\"async\" class=\"alignnone size-medium wp-image-386\" src=\"https:\/\/www.posk.se\/gavle\/wp-content\/uploads\/sites\/170\/2025\/09\/diakoni2025-4-300x225.jpg\" alt=\"\" width=\"300\" height=\"225\" srcset=\"https:\/\/www.posk.se\/gavle\/wp-content\/uploads\/sites\/170\/2025\/09\/diakoni2025-4-300x225.jpg 300w, https:\/\/www.posk.se\/gavle\/wp-content\/uploads\/sites\/170\/2025\/09\/diakoni2025-4-330x248.jpg 330w, https:\/\/www.posk.se\/gavle\/wp-content\/uploads\/sites\/170\/2025\/09\/diakoni2025-4.jpg 640w\" sizes=\"auto, (max-width: 300px) 100vw, 300px\" \/><\/p>\n<p>4.<\/p>\n<p>Diakonin g\u00f6r inte skillnad p\u00e5 m\u00e4nniskor.<br \/>\nVarje m\u00e4nniska ska m\u00f6tas med respekt och k\u00e4rlek.<\/p>\n<p>Det beror p\u00e5 Jesus.<br \/>\nHan som sa: Allt det ni vill att andra ska g\u00f6ra f\u00f6r er, det ska ni ocks\u00e5 g\u00f6ra f\u00f6r dem.<br \/>\nDen tanken finns \u00e4ven i judendom och islam.<br \/>\nI kyrkan f\u00f6rs\u00f6ker vi g\u00f6ra som Jesus gjorde och sa.<br \/>\nD\u00e4rf\u00f6r vill vi v\u00e4rna samh\u00e4llets mest utsatta.<\/p>\n<p>S\u00e5 \u00e4r det inte alltid i Sverige och inte i v\u00e4rlden idag.<br \/>\nDiakoner, pr\u00e4ster och biskopar protesterar, n\u00e4r de ser m\u00f6nstret.<br \/>\nVi kallar det profetisk diakoni.<br \/>\nDet \u00e4r en del av kyrkans diakoni.<\/p>\n<p>D\u00e4rf\u00f6r vill vi s\u00e4rskilt satsa p\u00e5 kyrkans diakonala arbete i dag och i framtiden.<br \/>\nVi \u00e4r POSK, Partipolitiskt Obundna i Svenska kyrkan, i G\u00e4vle.<\/p>\n<p><img loading=\"lazy\" decoding=\"async\" class=\"alignnone size-medium wp-image-387\" src=\"https:\/\/www.posk.se\/gavle\/wp-content\/uploads\/sites\/170\/2025\/09\/diakoni2025-5-300x300.jpg\" alt=\"\" width=\"300\" height=\"300\" srcset=\"https:\/\/www.posk.se\/gavle\/wp-content\/uploads\/sites\/170\/2025\/09\/diakoni2025-5-300x300.jpg 300w, https:\/\/www.posk.se\/gavle\/wp-content\/uploads\/sites\/170\/2025\/09\/diakoni2025-5-150x150.jpg 150w, https:\/\/www.posk.se\/gavle\/wp-content\/uploads\/sites\/170\/2025\/09\/diakoni2025-5-197x197.jpg 197w, https:\/\/www.posk.se\/gavle\/wp-content\/uploads\/sites\/170\/2025\/09\/diakoni2025-5-330x330.jpg 330w, https:\/\/www.posk.se\/gavle\/wp-content\/uploads\/sites\/170\/2025\/09\/diakoni2025-5.jpg 640w\" sizes=\"auto, (max-width: 300px) 100vw, 300px\" \/><\/p>\n<p>5.<\/p>\n<p>I Sjukhuskyrkan, Universitet- och H\u00f6gskolekyrkan, kyrkan vid h\u00e4kten och f\u00e4ngelser finns pr\u00e4ster och diakoner f\u00f6r sj\u00e4lav\u00e5rdssamtal.<br \/>\nMan arbetar i samverkan med annan personal, men med egen tystnadsplikt.<\/p>\n<p>Jourhavande pr\u00e4st n\u00e5r man genom 112 mellan 21.00 och 06.00.<br \/>\nDygnet runt kan man f\u00e5 mailkontakt och varje kv\u00e4ll chatta med jourhavande pr\u00e4st.<br \/>\nJourhavande pr\u00e4st har ocks\u00e5 en finsktalande del.<\/p>\n<p>Inga journaler. Inga avgifter.<br \/>\nAlla \u00e4r v\u00e4lkomna oavsett tro och medlemskap i Svenska kyrkan.<br \/>\nDet \u00e4r en del av kyrkans diakoni.<\/p>\n<p>D\u00e4rf\u00f6r vill vi satsa p\u00e5 kyrkans diakoni idag och i framtiden.<br \/>\nVi \u00e4r POSK, Partipolitiskt Obundna i Svenska kyrkan, i G\u00e4vle.<\/p>\n<p><img loading=\"lazy\" decoding=\"async\" class=\"alignnone size-medium wp-image-388\" src=\"https:\/\/www.posk.se\/gavle\/wp-content\/uploads\/sites\/170\/2025\/09\/diakoni2025-6-300x159.png\" alt=\"\" width=\"300\" height=\"159\" srcset=\"https:\/\/www.posk.se\/gavle\/wp-content\/uploads\/sites\/170\/2025\/09\/diakoni2025-6-300x159.png 300w, https:\/\/www.posk.se\/gavle\/wp-content\/uploads\/sites\/170\/2025\/09\/diakoni2025-6-768x408.png 768w, https:\/\/www.posk.se\/gavle\/wp-content\/uploads\/sites\/170\/2025\/09\/diakoni2025-6-370x196.png 370w, https:\/\/www.posk.se\/gavle\/wp-content\/uploads\/sites\/170\/2025\/09\/diakoni2025-6-330x175.png 330w, https:\/\/www.posk.se\/gavle\/wp-content\/uploads\/sites\/170\/2025\/09\/diakoni2025-6.png 886w\" sizes=\"auto, (max-width: 300px) 100vw, 300px\" \/><\/p>\n<p>6.<\/p>\n<p>Kyrkans internationella diakoni finns p\u00e5 m\u00e5nga platser i v\u00e4rlden.<br \/>\nI krigsomr\u00e5den och i flyktingl\u00e4ger.<br \/>\nVid sv\u00e4lt och naturkatastrofer.<br \/>\nMed l\u00e5ngsiktig utveckling och i samverkan med mottagarna.<\/p>\n<p>Act Svenska kyrkan fokuserar p\u00e5 katastrofinsatser, men ocks\u00e5 p\u00e5 klimatr\u00e4ttvisa, j\u00e4mst\u00e4lldhet, demokrati och fred.<br \/>\nDet \u00e4r en del av kyrkans diakoni.<\/p>\n<p>D\u00e4rf\u00f6r vill vi satsa p\u00e5 kyrkans diakoni idag och i framtiden.<br \/>\nVi \u00e4r POSK, Partipolitiskt Obundna i Svenska Kyrkan, i G\u00e4vle.<\/p>\n<p><img loading=\"lazy\" decoding=\"async\" class=\"alignnone size-medium wp-image-389\" src=\"https:\/\/www.posk.se\/gavle\/wp-content\/uploads\/sites\/170\/2025\/09\/diakoni2025-7-300x200.jpg\" alt=\"\" width=\"300\" height=\"200\" srcset=\"https:\/\/www.posk.se\/gavle\/wp-content\/uploads\/sites\/170\/2025\/09\/diakoni2025-7-300x200.jpg 300w, https:\/\/www.posk.se\/gavle\/wp-content\/uploads\/sites\/170\/2025\/09\/diakoni2025-7-768x512.jpg 768w, https:\/\/www.posk.se\/gavle\/wp-content\/uploads\/sites\/170\/2025\/09\/diakoni2025-7-330x220.jpg 330w, https:\/\/www.posk.se\/gavle\/wp-content\/uploads\/sites\/170\/2025\/09\/diakoni2025-7.jpg 999w\" sizes=\"auto, (max-width: 300px) 100vw, 300px\" \/><\/p>\n<p>7.<\/p>\n<p>SKUT, Svenska kyrkan i Utlandet, finns p\u00e5 m\u00e5nga platser i v\u00e4rlden.<br \/>\nDet \u00e4r f\u00f6rsamlingar som finns f\u00f6r boende, studerande och turister.<br \/>\nDet \u00e4r platser f\u00f6r gudstj\u00e4nster, sj\u00e4lav\u00e5rdssamtal och social gemenskap.<\/p>\n<p>Det kan vara att f\u00e5 kunna tala svenska en stund och fika med kanelbullar.<br \/>\nDet kan vara att f\u00e5 hj\u00e4lp, om man hamnat en sv\u00e5r situation:<br \/>\nOm man \u00e4r p\u00e5 sjukhus eller sitter i h\u00e4kte eller f\u00e4ngelse.<br \/>\nPr\u00e4ster och diakoner samverkar med konsulat, men med egen tystnadsplikt.<\/p>\n<p>Alla \u00e4r v\u00e4lkomna oavsett tro eller medlemskap.<br \/>\nVill du gifta dig i en SKUT-f\u00f6rsamling finns ofta en avgift.<br \/>\nFikat kostar lite, f\u00f6rst\u00e5s.<br \/>\nAnnars \u00e4r det gratis.<br \/>\nDu \u00e4r v\u00e4lkommen oavsett tro eller medlemskap.<br \/>\nDet \u00e4r en del av kyrkans diakoni.<\/p>\n<p>D\u00e4rf\u00f6r vill vi satsa p\u00e5 kyrkans diakoni idag och i framtiden.<br \/>\nVi \u00e4r POSK, Partipolitiskt Obundna i Svenska Kyrkan, i G\u00e4vle.<\/p>\n","protected":false},"excerpt":{"rendered":"<p>Sju tankar om diakoni 1. Solidaritet och omsorg om varje m\u00e4nniska som beh\u00f6ver st\u00f6d och hj\u00e4lp kallas f\u00f6r diakoni i kyrkans v\u00e4rld. Diakoni \u00e4r en del av varje f\u00f6rsamlings grundl\u00e4ggande uppdrag och ett praktiskt uttryck f\u00f6r den kristna tron. N\u00e4r samh\u00e4llets skyddsn\u00e4t inte alltid r\u00e4cker till kan diakonin f\u00f6r och tillsammans med utsatta m\u00e4nniskor vara [&hellip;]<\/p>\n","protected":false},"author":1391,"featured_media":0,"parent":361,"menu_order":2,"comment_status":"closed","ping_status":"closed","template":"page-templates\/page-sidebar-left.php","meta":{"_acf_changed":false,"footnotes":""},"class_list":["post-382","page","type-page","status-publish","hentry"],"acf":[],"yoast_head":"<!-- This site is optimized with the Yoast SEO plugin v24.9 - https:\/\/yoast.com\/wordpress\/plugins\/seo\/ -->\n<title>Tema 2025: Diakoni - G\u00e4vle<\/title>\n<meta name=\"robots\" content=\"index, follow, max-snippet:-1, max-image-preview:large, max-video-preview:-1\" \/>\n<link rel=\"canonical\" href=\"https:\/\/www.posk.se\/gavle\/teman\/tema-2025-diakoni\/\" \/>\n<meta property=\"og:locale\" content=\"sv_SE\" \/>\n<meta property=\"og:type\" content=\"article\" \/>\n<meta property=\"og:title\" content=\"Tema 2025: Diakoni - G\u00e4vle\" \/>\n<meta property=\"og:description\" content=\"Sju tankar om diakoni 1. Solidaritet och omsorg om varje m\u00e4nniska som beh\u00f6ver st\u00f6d och hj\u00e4lp kallas f\u00f6r diakoni i kyrkans v\u00e4rld. Diakoni \u00e4r en del av varje f\u00f6rsamlings grundl\u00e4ggande uppdrag och ett praktiskt uttryck f\u00f6r den kristna tron. N\u00e4r samh\u00e4llets skyddsn\u00e4t inte alltid r\u00e4cker till kan diakonin f\u00f6r och tillsammans med utsatta m\u00e4nniskor vara [&hellip;]\" \/>\n<meta property=\"og:url\" content=\"https:\/\/www.posk.se\/gavle\/teman\/tema-2025-diakoni\/\" \/>\n<meta property=\"og:site_name\" content=\"G\u00e4vle\" \/>\n<meta property=\"og:image\" content=\"https:\/\/www.posk.se\/gavle\/wp-content\/uploads\/sites\/170\/2025\/09\/diakoni2025-1.jpg\" \/>\n\t<meta property=\"og:image:width\" content=\"1096\" \/>\n\t<meta property=\"og:image:height\" content=\"1578\" \/>\n\t<meta property=\"og:image:type\" content=\"image\/jpeg\" \/>\n<meta name=\"twitter:card\" content=\"summary_large_image\" \/>\n<meta name=\"twitter:label1\" content=\"Ber\u00e4knad l\u00e4stid\" \/>\n\t<meta name=\"twitter:data1\" content=\"6 minuter\" \/>\n<script type=\"application\/ld+json\" class=\"yoast-schema-graph\">{\"@context\":\"https:\/\/schema.org\",\"@graph\":[{\"@type\":\"WebPage\",\"@id\":\"https:\/\/www.posk.se\/gavle\/teman\/tema-2025-diakoni\/\",\"url\":\"https:\/\/www.posk.se\/gavle\/teman\/tema-2025-diakoni\/\",\"name\":\"Tema 2025: Diakoni - G\u00e4vle\",\"isPartOf\":{\"@id\":\"https:\/\/www.posk.se\/gavle\/#website\"},\"primaryImageOfPage\":{\"@id\":\"https:\/\/www.posk.se\/gavle\/teman\/tema-2025-diakoni\/#primaryimage\"},\"image\":{\"@id\":\"https:\/\/www.posk.se\/gavle\/teman\/tema-2025-diakoni\/#primaryimage\"},\"thumbnailUrl\":\"https:\/\/www.posk.se\/gavle\/wp-content\/uploads\/sites\/170\/2025\/09\/diakoni2025-1-208x300.jpg\",\"datePublished\":\"2025-09-09T22:44:00+00:00\",\"breadcrumb\":{\"@id\":\"https:\/\/www.posk.se\/gavle\/teman\/tema-2025-diakoni\/#breadcrumb\"},\"inLanguage\":\"sv-SE\",\"potentialAction\":[{\"@type\":\"ReadAction\",\"target\":[\"https:\/\/www.posk.se\/gavle\/teman\/tema-2025-diakoni\/\"]}]},{\"@type\":\"ImageObject\",\"inLanguage\":\"sv-SE\",\"@id\":\"https:\/\/www.posk.se\/gavle\/teman\/tema-2025-diakoni\/#primaryimage\",\"url\":\"https:\/\/www.posk.se\/gavle\/wp-content\/uploads\/sites\/170\/2025\/09\/diakoni2025-1.jpg\",\"contentUrl\":\"https:\/\/www.posk.se\/gavle\/wp-content\/uploads\/sites\/170\/2025\/09\/diakoni2025-1.jpg\",\"width\":1096,\"height\":1578},{\"@type\":\"BreadcrumbList\",\"@id\":\"https:\/\/www.posk.se\/gavle\/teman\/tema-2025-diakoni\/#breadcrumb\",\"itemListElement\":[{\"@type\":\"ListItem\",\"position\":1,\"name\":\"Hem\",\"item\":\"https:\/\/www.posk.se\/gavle\/\"},{\"@type\":\"ListItem\",\"position\":2,\"name\":\"Teman\",\"item\":\"https:\/\/www.posk.se\/gavle\/teman\/\"},{\"@type\":\"ListItem\",\"position\":3,\"name\":\"Tema 2025: Diakoni\"}]},{\"@type\":\"WebSite\",\"@id\":\"https:\/\/www.posk.se\/gavle\/#website\",\"url\":\"https:\/\/www.posk.se\/gavle\/\",\"name\":\"G\u00e4vle\",\"description\":\"POSK-grupp i Uppsala stift\",\"potentialAction\":[{\"@type\":\"SearchAction\",\"target\":{\"@type\":\"EntryPoint\",\"urlTemplate\":\"https:\/\/www.posk.se\/gavle\/?s={search_term_string}\"},\"query-input\":{\"@type\":\"PropertyValueSpecification\",\"valueRequired\":true,\"valueName\":\"search_term_string\"}}],\"inLanguage\":\"sv-SE\"}]}<\/script>\n<!-- \/ Yoast SEO plugin. -->","yoast_head_json":{"title":"Tema 2025: Diakoni - G\u00e4vle","robots":{"index":"index","follow":"follow","max-snippet":"max-snippet:-1","max-image-preview":"max-image-preview:large","max-video-preview":"max-video-preview:-1"},"canonical":"https:\/\/www.posk.se\/gavle\/teman\/tema-2025-diakoni\/","og_locale":"sv_SE","og_type":"article","og_title":"Tema 2025: Diakoni - G\u00e4vle","og_description":"Sju tankar om diakoni 1. Solidaritet och omsorg om varje m\u00e4nniska som beh\u00f6ver st\u00f6d och hj\u00e4lp kallas f\u00f6r diakoni i kyrkans v\u00e4rld. Diakoni \u00e4r en del av varje f\u00f6rsamlings grundl\u00e4ggande uppdrag och ett praktiskt uttryck f\u00f6r den kristna tron. N\u00e4r samh\u00e4llets skyddsn\u00e4t inte alltid r\u00e4cker till kan diakonin f\u00f6r och tillsammans med utsatta m\u00e4nniskor vara [&hellip;]","og_url":"https:\/\/www.posk.se\/gavle\/teman\/tema-2025-diakoni\/","og_site_name":"G\u00e4vle","og_image":[{"width":1096,"height":1578,"url":"https:\/\/www.posk.se\/gavle\/wp-content\/uploads\/sites\/170\/2025\/09\/diakoni2025-1.jpg","type":"image\/jpeg"}],"twitter_card":"summary_large_image","twitter_misc":{"Ber\u00e4knad l\u00e4stid":"6 minuter"},"schema":{"@context":"https:\/\/schema.org","@graph":[{"@type":"WebPage","@id":"https:\/\/www.posk.se\/gavle\/teman\/tema-2025-diakoni\/","url":"https:\/\/www.posk.se\/gavle\/teman\/tema-2025-diakoni\/","name":"Tema 2025: Diakoni - G\u00e4vle","isPartOf":{"@id":"https:\/\/www.posk.se\/gavle\/#website"},"primaryImageOfPage":{"@id":"https:\/\/www.posk.se\/gavle\/teman\/tema-2025-diakoni\/#primaryimage"},"image":{"@id":"https:\/\/www.posk.se\/gavle\/teman\/tema-2025-diakoni\/#primaryimage"},"thumbnailUrl":"https:\/\/www.posk.se\/gavle\/wp-content\/uploads\/sites\/170\/2025\/09\/diakoni2025-1-208x300.jpg","datePublished":"2025-09-09T22:44:00+00:00","breadcrumb":{"@id":"https:\/\/www.posk.se\/gavle\/teman\/tema-2025-diakoni\/#breadcrumb"},"inLanguage":"sv-SE","potentialAction":[{"@type":"ReadAction","target":["https:\/\/www.posk.se\/gavle\/teman\/tema-2025-diakoni\/"]}]},{"@type":"ImageObject","inLanguage":"sv-SE","@id":"https:\/\/www.posk.se\/gavle\/teman\/tema-2025-diakoni\/#primaryimage","url":"https:\/\/www.posk.se\/gavle\/wp-content\/uploads\/sites\/170\/2025\/09\/diakoni2025-1.jpg","contentUrl":"https:\/\/www.posk.se\/gavle\/wp-content\/uploads\/sites\/170\/2025\/09\/diakoni2025-1.jpg","width":1096,"height":1578},{"@type":"BreadcrumbList","@id":"https:\/\/www.posk.se\/gavle\/teman\/tema-2025-diakoni\/#breadcrumb","itemListElement":[{"@type":"ListItem","position":1,"name":"Hem","item":"https:\/\/www.posk.se\/gavle\/"},{"@type":"ListItem","position":2,"name":"Teman","item":"https:\/\/www.posk.se\/gavle\/teman\/"},{"@type":"ListItem","position":3,"name":"Tema 2025: Diakoni"}]},{"@type":"WebSite","@id":"https:\/\/www.posk.se\/gavle\/#website","url":"https:\/\/www.posk.se\/gavle\/","name":"G\u00e4vle","description":"POSK-grupp i Uppsala stift","potentialAction":[{"@type":"SearchAction","target":{"@type":"EntryPoint","urlTemplate":"https:\/\/www.posk.se\/gavle\/?s={search_term_string}"},"query-input":{"@type":"PropertyValueSpecification","valueRequired":true,"valueName":"search_term_string"}}],"inLanguage":"sv-SE"}]}},"_links":{"self":[{"href":"https:\/\/www.posk.se\/gavle\/wp-json\/wp\/v2\/pages\/382","targetHints":{"allow":["GET"]}}],"collection":[{"href":"https:\/\/www.posk.se\/gavle\/wp-json\/wp\/v2\/pages"}],"about":[{"href":"https:\/\/www.posk.se\/gavle\/wp-json\/wp\/v2\/types\/page"}],"author":[{"embeddable":true,"href":"https:\/\/www.posk.se\/gavle\/wp-json\/wp\/v2\/users\/1391"}],"replies":[{"embeddable":true,"href":"https:\/\/www.posk.se\/gavle\/wp-json\/wp\/v2\/comments?post=382"}],"version-history":[{"count":4,"href":"https:\/\/www.posk.se\/gavle\/wp-json\/wp\/v2\/pages\/382\/revisions"}],"predecessor-version":[{"id":405,"href":"https:\/\/www.posk.se\/gavle\/wp-json\/wp\/v2\/pages\/382\/revisions\/405"}],"up":[{"embeddable":true,"href":"https:\/\/www.posk.se\/gavle\/wp-json\/wp\/v2\/pages\/361"}],"wp:attachment":[{"href":"https:\/\/www.posk.se\/gavle\/wp-json\/wp\/v2\/media?parent=382"}],"curies":[{"name":"wp","href":"https:\/\/api.w.org\/{rel}","templated":true}]}}