{"id":199,"date":"2021-09-13T20:46:13","date_gmt":"2021-09-13T18:46:13","guid":{"rendered":"https:\/\/www.posk.se\/gavle\/?page_id=199"},"modified":"2025-09-10T00:24:03","modified_gmt":"2025-09-09T22:24:03","slug":"tema-demokrati","status":"publish","type":"page","link":"https:\/\/www.posk.se\/gavle\/teman\/tema-demokrati\/","title":{"rendered":"Tema 2021: Demokrati"},"content":{"rendered":"<p><img loading=\"lazy\" decoding=\"async\" class=\"alignnone size-medium wp-image-200\" src=\"https:\/\/www.posk.se\/gavle\/wp-content\/uploads\/sites\/170\/2021\/09\/demokrati-1-300x202.jpg\" alt=\"\" width=\"300\" height=\"202\" srcset=\"https:\/\/www.posk.se\/gavle\/wp-content\/uploads\/sites\/170\/2021\/09\/demokrati-1-300x202.jpg 300w, https:\/\/www.posk.se\/gavle\/wp-content\/uploads\/sites\/170\/2021\/09\/demokrati-1-1024x690.jpg 1024w, https:\/\/www.posk.se\/gavle\/wp-content\/uploads\/sites\/170\/2021\/09\/demokrati-1-768x517.jpg 768w, https:\/\/www.posk.se\/gavle\/wp-content\/uploads\/sites\/170\/2021\/09\/demokrati-1-330x222.jpg 330w, https:\/\/www.posk.se\/gavle\/wp-content\/uploads\/sites\/170\/2021\/09\/demokrati-1.jpg 1125w\" sizes=\"auto, (max-width: 300px) 100vw, 300px\" \/><\/p>\n<div class=\"kvgmc6g5 cxmmr5t8 oygrvhab hcukyx3x c1et5uql ii04i59q\">\n<div dir=\"auto\">Vi tror att alla m\u00e4nniskor \u00e4r skapade av Gud och till Guds avbild.<\/div>\n<\/div>\n<div class=\"o9v6fnle cxmmr5t8 oygrvhab hcukyx3x c1et5uql ii04i59q\">\n<div dir=\"auto\">D\u00e4rf\u00f6r har alla m\u00e4nniskor lika stort v\u00e4rde oavsett k\u00f6n, ras, sexuell identitet, funktionshinder, \u00e5lder etc.<\/div>\n<\/div>\n<div class=\"o9v6fnle cxmmr5t8 oygrvhab hcukyx3x c1et5uql ii04i59q\">\n<div dir=\"auto\"><\/div>\n<div dir=\"auto\">Det h\u00e4r har inte sin grund i politiska ideologier fr\u00e5n 1800-talet.<\/div>\n<div dir=\"auto\">Det \u00e4r grundat i den kristna m\u00e4nniskosynen. 2000 \u00e5r, men fortfarande aktuellt.<\/div>\n<\/div>\n<div class=\"o9v6fnle cxmmr5t8 oygrvhab hcukyx3x c1et5uql ii04i59q\">\n<div dir=\"auto\"><\/div>\n<div dir=\"auto\">Vi ska se p\u00e5 andra som Jesus s\u00e5 tydligt gjorde, k\u00e4rleksfullt och inkluderande.<\/div>\n<div dir=\"auto\">I gudstj\u00e4nsten ska alla kunna m\u00f6tas. Olika, men alla lika \u00e4lskade av Gud.<\/div>\n<\/div>\n<div class=\"o9v6fnle cxmmr5t8 oygrvhab hcukyx3x c1et5uql ii04i59q\">\n<div dir=\"auto\"><\/div>\n<div dir=\"auto\">Vi \u00e4r POSK, Partipolitiskt Obundna i Svenska Kyrkan, i G\u00e4vle.<\/div>\n<\/div>\n<div dir=\"auto\"><\/div>\n<div dir=\"auto\"><img loading=\"lazy\" decoding=\"async\" class=\"alignnone size-medium wp-image-213\" src=\"https:\/\/www.posk.se\/gavle\/wp-content\/uploads\/sites\/170\/2021\/09\/demokrati-2-225x300.jpg\" alt=\"\" width=\"225\" height=\"300\" srcset=\"https:\/\/www.posk.se\/gavle\/wp-content\/uploads\/sites\/170\/2021\/09\/demokrati-2-225x300.jpg 225w, https:\/\/www.posk.se\/gavle\/wp-content\/uploads\/sites\/170\/2021\/09\/demokrati-2-330x440.jpg 330w, https:\/\/www.posk.se\/gavle\/wp-content\/uploads\/sites\/170\/2021\/09\/demokrati-2-rotated.jpg 480w\" sizes=\"auto, (max-width: 225px) 100vw, 225px\" \/><\/div>\n<div dir=\"auto\"><\/div>\n<div dir=\"auto\">\n<div class=\"j9kcxws9 hge6o80w ozr5v1jq\">\n<div class=\"n2qidw96 a30nh9cg jilo2e9i\">\n<div class=\"j9kcxws9 cxalocjs\">\n<div class=\"j9kcxws9 cxalocjs\">\n<div class=\"j9kcxws9 cxalocjs _3qn7 _61-0 _2fyh _3qnf\">\n<div class=\"cxalocjs f8atsqzc rghedugs lpt1vn8f ozr5v1jq\">\n<div class=\"j9kcxws9\">\n<div class=\"hdiiflbb rxzdyn9c dpefbk9y c2k9svox jl2vmeac rkmz218a k9vs1bhr glrkwana k0fwdgfr kgnhq6ak h2ho5ps7 sd9jb38t j9kcxws9 niuatgs3 o17owoo0 h9v0s3ue ace43ojl h3rfo89g oytni6sz mgtm3kse\">\n<div class=\"dhycqfdu\">\n<div class=\"cxalocjs atei9m59 cdksx238 m4r9fl0l e08i9v70 cws0vjep sg1asjlx bcszf9g6 mofea56e s3i50uvs\">\n<div>\n<div>\n<div class=\"_2lpu publicIGAdPreviewContainer\">\n<div class=\"_2lpv\">\n<div>\n<div class=\"_2qhi\">\n<div class=\"dew4okr3 nr2lux8a e2sgo6qk hm1sqbu3 beb1t4dt s8u1t1km am0ysum3 rua373lo\">\n<div id=\"caption\"><span class=\"_8rs5 _9hvh\" data-ad-preview=\"ig-message\">I dopet fick alla samma v\u00e4rde i de f\u00f6rsta kristna f\u00f6rsamlingarna.<br \/>\nS\u00e5 var det f\u00f6rst\u00e5s inte i det romerska samh\u00e4llet f\u00f6r 2000 \u00e5r sedan.<br \/>\nMen i den kristna f\u00f6rsamlingen var det annorlunda.<br \/>\n<\/span><\/div>\n<div><\/div>\n<div><span class=\"_8rs5 _9hvh\" data-ad-preview=\"ig-message\">D\u00e4rf\u00f6r ville m\u00e5nga fattiga och m\u00e5nga kvinnor och slavar d\u00f6pas och bli kristna.<br \/>\nI f\u00f6rsamlingen fick alla samma m\u00e4nniskov\u00e4rde.<br \/>\nIdealet fungerade f\u00f6rst\u00e5s inte alltid, men man f\u00f6rs\u00f6kte.<br \/>\nDopet ger fortfarande medborgarskap i den kristna kyrkan.<br \/>\n<\/span><\/div>\n<div><\/div>\n<div><span class=\"_8rs5 _9hvh\" data-ad-preview=\"ig-message\"><span class=\"_8rs5 _9hvh\" data-ad-preview=\"ig-message\">Den som \u00e4r d\u00f6pt \u00e4r medlem i en gemenskap \u00f6ver hela jorden och \u00f6ver 2000 \u00e5r.<br \/>\nEn gemenskap som g\u00e5r \u00f6ver gr\u00e4nser.<br \/>\nEn gemenskap med Jesus Kristus.<br \/>\nGenom hela livet &#8211; och ut p\u00e5 andra sidan d\u00f6dens gr\u00e4ns.<br \/>\nD\u00e4rf\u00f6r vill vi att barn och unga, medel\u00e5lders och gamla ska uppt\u00e4cka dopets g\u00e5va.<\/span><\/span>Vi \u00e4r POSK, Partipolitiskt Obundna i Svenska Kyrkan, i G\u00e4vle.<\/div>\n<\/div>\n<\/div>\n<\/div>\n<\/div>\n<\/div>\n<\/div>\n<\/div>\n<\/div>\n<\/div>\n<\/div>\n<\/div>\n<\/div>\n<\/div>\n<\/div>\n<\/div>\n<\/div>\n<\/div>\n<\/div>\n<div dir=\"auto\"><\/div>\n<div dir=\"auto\"><img loading=\"lazy\" decoding=\"async\" class=\"alignnone size-medium wp-image-214\" src=\"https:\/\/www.posk.se\/gavle\/wp-content\/uploads\/sites\/170\/2021\/09\/demokrati-3-225x300.jpg\" alt=\"\" width=\"225\" height=\"300\" srcset=\"https:\/\/www.posk.se\/gavle\/wp-content\/uploads\/sites\/170\/2021\/09\/demokrati-3-225x300.jpg 225w, https:\/\/www.posk.se\/gavle\/wp-content\/uploads\/sites\/170\/2021\/09\/demokrati-3-330x440.jpg 330w, https:\/\/www.posk.se\/gavle\/wp-content\/uploads\/sites\/170\/2021\/09\/demokrati-3-rotated.jpg 480w\" sizes=\"auto, (max-width: 225px) 100vw, 225px\" \/><\/div>\n<div dir=\"auto\"><\/div>\n<div dir=\"auto\">\n<div class=\"o9v6fnle cxmmr5t8 oygrvhab hcukyx3x c1et5uql ii04i59q\">\n<div dir=\"auto\">Martin Luther talade p\u00e5 1500-talet om det allm\u00e4nna pr\u00e4stad\u00f6met:<\/div>\n<div dir=\"auto\">att alla d\u00f6pta har samma r\u00e4tt som pr\u00e4ster att t\u00e4nka och formulera sin tro.<\/div>\n<div dir=\"auto\">D\u00e4rf\u00f6r blev undervisning viktigt i lutherska kyrkor som Svenska kyrkan.<\/div>\n<div dir=\"auto\">Man beh\u00f6vde kunna l\u00e4sa, f\u00f6r att sj\u00e4lv l\u00e4sa bibeln och t\u00e4nka sj\u00e4lv.<\/div>\n<\/div>\n<div class=\"o9v6fnle cxmmr5t8 oygrvhab hcukyx3x c1et5uql ii04i59q\">\n<div dir=\"auto\"><\/div>\n<div dir=\"auto\">Det \u00e4r lika betydelsefullt att vara barnpiga som att vara munk eller pr\u00e4st menade Luther.<\/div>\n<div dir=\"auto\">Vi beh\u00f6ver hj\u00e4lpas \u00e5t f\u00f6r att samh\u00e4llet ska fungera. Det \u00e4r bra att vi har olika beg\u00e5vning.<\/div>\n<\/div>\n<div class=\"o9v6fnle cxmmr5t8 oygrvhab hcukyx3x c1et5uql ii04i59q\">\n<div dir=\"auto\"><\/div>\n<div dir=\"auto\">Undervisning om vad kristen tro \u00e4r idag \u00e4r n\u00f6dv\u00e4ndigt \u00e4ven idag.<\/div>\n<div dir=\"auto\">Barn och unga, medel\u00e5lder och \u00e4ldre ska kunna m\u00f6tas och kan beh\u00f6va l\u00e4ra sig mer.<\/div>\n<\/div>\n<div class=\"o9v6fnle cxmmr5t8 oygrvhab hcukyx3x c1et5uql ii04i59q\">\n<div dir=\"auto\">Vi vill prioritera konfirmandundervisning med metoder som passar unga m\u00e4nniskor idag.<\/div>\n<\/div>\n<div class=\"o9v6fnle cxmmr5t8 oygrvhab hcukyx3x c1et5uql ii04i59q\">\n<div dir=\"auto\"><\/div>\n<div dir=\"auto\">Vi \u00e4r POSK, Partipolitiskt Obundna i Svenska Kyrkan, i G\u00e4vle.<\/div>\n<\/div>\n<\/div>\n<div dir=\"auto\"><\/div>\n<div dir=\"auto\"><img loading=\"lazy\" decoding=\"async\" class=\"alignnone size-medium wp-image-216\" src=\"https:\/\/www.posk.se\/gavle\/wp-content\/uploads\/sites\/170\/2021\/09\/demokrati-4-225x300.jpg\" alt=\"\" width=\"225\" height=\"300\" srcset=\"https:\/\/www.posk.se\/gavle\/wp-content\/uploads\/sites\/170\/2021\/09\/demokrati-4-225x300.jpg 225w, https:\/\/www.posk.se\/gavle\/wp-content\/uploads\/sites\/170\/2021\/09\/demokrati-4-768x1024.jpg 768w, https:\/\/www.posk.se\/gavle\/wp-content\/uploads\/sites\/170\/2021\/09\/demokrati-4-1152x1536.jpg 1152w, https:\/\/www.posk.se\/gavle\/wp-content\/uploads\/sites\/170\/2021\/09\/demokrati-4-330x440.jpg 330w, https:\/\/www.posk.se\/gavle\/wp-content\/uploads\/sites\/170\/2021\/09\/demokrati-4.jpg 1536w\" sizes=\"auto, (max-width: 225px) 100vw, 225px\" \/><\/div>\n<div dir=\"auto\"><\/div>\n<div dir=\"auto\">Svenska kyrkan \u00e4r en folkkyrka. Tr\u00f6skeln ska vara l\u00e5g och taket h\u00f6gt.<br \/>\nVarje m\u00e4nniska \u00e4r v\u00e4lkommen. Oavsett om man har mer tvivel \u00e4n tro.<\/div>\n<div dir=\"auto\"><\/div>\n<div dir=\"auto\">Oberoende av om man inte vet s\u00e5 mycket om vad kristen tro faktiskt \u00e4r idag.<br \/>\nIdealet fungerar f\u00f6rst\u00e5s inte alltid utan problem.<br \/>\nDen som \u00e4r hemmavan har ett ansvar att inkludera sin medm\u00e4nniska.<\/div>\n<div dir=\"auto\"><\/div>\n<div dir=\"auto\">I kyrkovalet fungerar det. Varje r\u00f6st v\u00e4ger lika mycket.<br \/>\nVi vill att m\u00e5nga fler ska uppt\u00e4cka Svenska kyrkans verksamhet och k\u00e4nna sig v\u00e4lkomna.<\/div>\n<div dir=\"auto\"><\/div>\n<div dir=\"auto\">Vi \u00e4r POSK, Partipolitiskt Obundna i Svenska Kyrkan, i G\u00e4vle.<\/div>\n<div dir=\"auto\"><\/div>\n<div dir=\"auto\"><img loading=\"lazy\" decoding=\"async\" class=\"alignnone size-medium wp-image-217\" src=\"https:\/\/www.posk.se\/gavle\/wp-content\/uploads\/sites\/170\/2021\/09\/demokrati-5-282x300.jpg\" alt=\"\" width=\"282\" height=\"300\" srcset=\"https:\/\/www.posk.se\/gavle\/wp-content\/uploads\/sites\/170\/2021\/09\/demokrati-5-282x300.jpg 282w, https:\/\/www.posk.se\/gavle\/wp-content\/uploads\/sites\/170\/2021\/09\/demokrati-5-768x817.jpg 768w, https:\/\/www.posk.se\/gavle\/wp-content\/uploads\/sites\/170\/2021\/09\/demokrati-5-330x351.jpg 330w, https:\/\/www.posk.se\/gavle\/wp-content\/uploads\/sites\/170\/2021\/09\/demokrati-5.jpg 902w\" sizes=\"auto, (max-width: 282px) 100vw, 282px\" \/><\/div>\n<div dir=\"auto\"><\/div>\n<div dir=\"auto\">P\u00e5 1930-talet b\u00f6rjade de politiska partierna intressera sig f\u00f6r att ta makten i Svenska kyrkan.<br \/>\nMan var f\u00f6rtrogen med den demokratiska organisationen i kommun och stat och kopierade den.<br \/>\nKyrkovalet kopierade fr\u00e5n de allm\u00e4nna valen. Den kostymen \u00e4r v\u00e4ldigt stor och dyr f\u00f6r Svenska kyrkan.<\/div>\n<div dir=\"auto\"><\/div>\n<div dir=\"auto\">Vi \u00e4r vana vid att systemet med politiska partier \u00e4r garanten f\u00f6r demokrati.<br \/>\nDet \u00e4r inte det enda demokratiska s\u00e4ttet. Svenska kyrkan \u00e4r inte samma sak som stat eller kommun.<br \/>\nI kyrkan \u00e4r f\u00f6rsamlingen den viktigaste niv\u00e5n. Det \u00e4r d\u00e4r kyrkans liv levs.<\/div>\n<div dir=\"auto\"><\/div>\n<div dir=\"auto\">D\u00e4rf\u00f6r b\u00f6r lokalf\u00f6rsamlingen vara utg\u00e5ngspunkten vid demokratiska val.<br \/>\nI kyrkovalet v\u00e4ljs d\u00e5 f\u00f6rtroendevalda till f\u00f6rsamlingar och pastorat.<br \/>\nVal till stift och till nationell niv\u00e5 v\u00e4ljs i steg tv\u00e5 av representanter f\u00f6r f\u00f6rsamlingarna.<\/div>\n<div dir=\"auto\"><\/div>\n<div dir=\"auto\">Det blir mycket billigare. Det passar mycket b\u00e4ttre med kyrkans identitet.<br \/>\nPOSK vill inf\u00f6ra indirekta val till stiftsfullm\u00e4ktige och kyrkom\u00f6te.<\/div>\n<div dir=\"auto\"><\/div>\n<div dir=\"auto\">Vi \u00e4r POSK, Partipolitiskt Obundna i Svenska Kyrkan, i G\u00e4vle.<\/div>\n<div dir=\"auto\"><\/div>\n<div dir=\"auto\"><img loading=\"lazy\" decoding=\"async\" class=\"alignnone size-medium wp-image-218\" src=\"https:\/\/www.posk.se\/gavle\/wp-content\/uploads\/sites\/170\/2021\/09\/demokrati-6-300x122.jpg\" alt=\"\" width=\"300\" height=\"122\" srcset=\"https:\/\/www.posk.se\/gavle\/wp-content\/uploads\/sites\/170\/2021\/09\/demokrati-6-300x122.jpg 300w, https:\/\/www.posk.se\/gavle\/wp-content\/uploads\/sites\/170\/2021\/09\/demokrati-6-1024x417.jpg 1024w, https:\/\/www.posk.se\/gavle\/wp-content\/uploads\/sites\/170\/2021\/09\/demokrati-6-768x313.jpg 768w, https:\/\/www.posk.se\/gavle\/wp-content\/uploads\/sites\/170\/2021\/09\/demokrati-6-330x134.jpg 330w, https:\/\/www.posk.se\/gavle\/wp-content\/uploads\/sites\/170\/2021\/09\/demokrati-6.jpg 1125w\" sizes=\"auto, (max-width: 300px) 100vw, 300px\" \/><\/div>\n<div dir=\"auto\"><\/div>\n<div dir=\"auto\">N\u00e4r partipolitiker styr i Svenska kyrkan blir arvodena f\u00f6r sammantr\u00e4den ofta h\u00f6ga.<br \/>\nI G\u00e4vle f\u00e5r man 950:- f\u00f6r ett sammantr\u00e4de. \u00c4ven om man \u00e4r ers\u00e4ttare som inte tj\u00e4nstg\u00f6r.<\/div>\n<div dir=\"auto\"><\/div>\n<div dir=\"auto\">Kyrkv\u00e4rdar, konfirmandmedhj\u00e4lpare eller volont\u00e4rer i det diakonala arbetet f\u00e5r inget betalt.<\/div>\n<div dir=\"auto\">Det arbetet \u00e4r inte mindre viktigt. Vi vill minska arvodena rej\u00e4lt och helst ta bort dem.<\/div>\n<div dir=\"auto\"><\/div>\n<div dir=\"auto\">Vi \u00e4r POSK, Partipolitiskt Obundna i Svenska Kyrkan, i G\u00e4vle.<\/div>\n<div dir=\"auto\"><\/div>\n<div dir=\"auto\"><img loading=\"lazy\" decoding=\"async\" class=\"alignnone size-medium wp-image-220\" src=\"https:\/\/www.posk.se\/gavle\/wp-content\/uploads\/sites\/170\/2021\/09\/demokrati-8-225x300.jpg\" alt=\"\" width=\"225\" height=\"300\" srcset=\"https:\/\/www.posk.se\/gavle\/wp-content\/uploads\/sites\/170\/2021\/09\/demokrati-8-225x300.jpg 225w, https:\/\/www.posk.se\/gavle\/wp-content\/uploads\/sites\/170\/2021\/09\/demokrati-8-330x440.jpg 330w, https:\/\/www.posk.se\/gavle\/wp-content\/uploads\/sites\/170\/2021\/09\/demokrati-8.jpg 720w\" sizes=\"auto, (max-width: 225px) 100vw, 225px\" \/><\/div>\n<div dir=\"auto\"><\/div>\n<div dir=\"auto\">Vid ny\u00e5ret blev G\u00e4vles f\u00f6rsamlingar en enda. D\u00e5 blev styrningen centraliserad och n\u00e4r demokratin minskade.<br \/>\nDe f\u00f6rsamlingsr\u00e5d som fanns i varje f\u00f6rsamling togs bort. Det \u00e4r godtagbart enligt kyrkoordningen.<br \/>\n\u00c4nd\u00e5 \u00e4r det oroande att demokratin rustas ner.<\/div>\n<div dir=\"auto\"><\/div>\n<div dir=\"auto\">POSK i G\u00e4vle vill att det inr\u00e4ttas verksamhetsr\u00e5d runt varje kyrka d\u00e4r det firas gudstj\u00e4nst och finns annan verksamhet.<br \/>\nDe ska vara styrelser i den lokala kyrkan. Ledam\u00f6terna nominerad vid offentligt annonserade m\u00f6ten och utses av fullm\u00e4ktige.<br \/>\nMan beh\u00f6ver inte tillh\u00f6ra n\u00e5gon nomineringsgrupp f\u00f6r att v\u00e4ljas.<\/div>\n<div dir=\"auto\"><\/div>\n<div dir=\"auto\">Kyrkor\u00e5det har det \u00f6vergripande ansvaret och f\u00f6rdelar resurserna.<br \/>\nVi vill utveckla n\u00e4rdemokratin i Svenska kyrkan i G\u00e4vle.<\/div>\n<div dir=\"auto\"><\/div>\n<div dir=\"auto\">Vi \u00e4r POSK, Partipolitiskt Obundna i Svenska kyrkan i G\u00e4vle.<\/div>\n<div dir=\"auto\"><\/div>\n<div dir=\"auto\"><img loading=\"lazy\" decoding=\"async\" class=\"alignnone size-medium wp-image-219\" src=\"https:\/\/www.posk.se\/gavle\/wp-content\/uploads\/sites\/170\/2021\/09\/demokrati-7-225x300.jpg\" alt=\"\" width=\"225\" height=\"300\" srcset=\"https:\/\/www.posk.se\/gavle\/wp-content\/uploads\/sites\/170\/2021\/09\/demokrati-7-225x300.jpg 225w, https:\/\/www.posk.se\/gavle\/wp-content\/uploads\/sites\/170\/2021\/09\/demokrati-7-330x440.jpg 330w, https:\/\/www.posk.se\/gavle\/wp-content\/uploads\/sites\/170\/2021\/09\/demokrati-7.jpg 720w\" sizes=\"auto, (max-width: 225px) 100vw, 225px\" \/><\/div>\n<div dir=\"auto\"><\/div>\n<div dir=\"auto\">POSK bildades 1987 f\u00f6r att ge m\u00f6jlighet \u00e5t de m\u00e4nniskor som vill engagera sig som f\u00f6rtroendevalda i Svenska kyrkan, men inte vill bli partimedlemmar. POSK rekryterar sina medlemmar bland dem som har ett engagemang i sin lokala kyrka. I allm\u00e4nna val r\u00f6star vi v\u00e4ldigt olika. Vi som st\u00e5r p\u00e5 POSK:s listor \u00e4r k\u00f6rs\u00e5ngare, volont\u00e4rer, kyrkv\u00e4rdar, medlemmar i Kyrkans Unga, gudstj\u00e4nstfirare och anst\u00e4llda. Vi vill att Svenska kyrkan ska bli fri fr\u00e5n styrningen fr\u00e5n politiska partier.<\/div>\n<div dir=\"auto\"><\/div>\n<div dir=\"auto\">Vi \u00e4r POSK, Partipolitiskt Obundna i Svenska Kyrkan, i G\u00e4vle.<\/div>\n","protected":false},"excerpt":{"rendered":"<p>Vi tror att alla m\u00e4nniskor \u00e4r skapade av Gud och till Guds avbild. D\u00e4rf\u00f6r har alla m\u00e4nniskor lika stort v\u00e4rde oavsett k\u00f6n, ras, sexuell identitet, funktionshinder, \u00e5lder etc. Det h\u00e4r har inte sin grund i politiska ideologier fr\u00e5n 1800-talet. Det \u00e4r grundat i den kristna m\u00e4nniskosynen. 2000 \u00e5r, men fortfarande aktuellt. Vi ska se p\u00e5 [&hellip;]<\/p>\n","protected":false},"author":1391,"featured_media":0,"parent":361,"menu_order":7,"comment_status":"closed","ping_status":"closed","template":"page-templates\/page-sidebar-left.php","meta":{"_acf_changed":false,"footnotes":""},"class_list":["post-199","page","type-page","status-publish","hentry"],"acf":[],"yoast_head":"<!-- This site is optimized with the Yoast SEO plugin v24.9 - https:\/\/yoast.com\/wordpress\/plugins\/seo\/ -->\n<title>Tema 2021: Demokrati - G\u00e4vle<\/title>\n<meta name=\"robots\" content=\"index, follow, max-snippet:-1, max-image-preview:large, max-video-preview:-1\" \/>\n<link rel=\"canonical\" href=\"https:\/\/www.posk.se\/gavle\/teman\/tema-demokrati\/\" \/>\n<meta property=\"og:locale\" content=\"sv_SE\" \/>\n<meta property=\"og:type\" content=\"article\" \/>\n<meta property=\"og:title\" content=\"Tema 2021: Demokrati - G\u00e4vle\" \/>\n<meta property=\"og:description\" content=\"Vi tror att alla m\u00e4nniskor \u00e4r skapade av Gud och till Guds avbild. D\u00e4rf\u00f6r har alla m\u00e4nniskor lika stort v\u00e4rde oavsett k\u00f6n, ras, sexuell identitet, funktionshinder, \u00e5lder etc. Det h\u00e4r har inte sin grund i politiska ideologier fr\u00e5n 1800-talet. Det \u00e4r grundat i den kristna m\u00e4nniskosynen. 2000 \u00e5r, men fortfarande aktuellt. Vi ska se p\u00e5 [&hellip;]\" \/>\n<meta property=\"og:url\" content=\"https:\/\/www.posk.se\/gavle\/teman\/tema-demokrati\/\" \/>\n<meta property=\"og:site_name\" content=\"G\u00e4vle\" \/>\n<meta property=\"article:modified_time\" content=\"2025-09-09T22:24:03+00:00\" \/>\n<meta property=\"og:image\" content=\"https:\/\/www.posk.se\/gavle\/wp-content\/uploads\/sites\/170\/2021\/09\/demokrati-1.jpg\" \/>\n\t<meta property=\"og:image:width\" content=\"1125\" \/>\n\t<meta property=\"og:image:height\" content=\"758\" \/>\n\t<meta property=\"og:image:type\" content=\"image\/jpeg\" \/>\n<meta name=\"twitter:card\" content=\"summary_large_image\" \/>\n<meta name=\"twitter:label1\" content=\"Ber\u00e4knad l\u00e4stid\" \/>\n\t<meta name=\"twitter:data1\" content=\"6 minuter\" \/>\n<script type=\"application\/ld+json\" class=\"yoast-schema-graph\">{\"@context\":\"https:\/\/schema.org\",\"@graph\":[{\"@type\":\"WebPage\",\"@id\":\"https:\/\/www.posk.se\/gavle\/teman\/tema-demokrati\/\",\"url\":\"https:\/\/www.posk.se\/gavle\/teman\/tema-demokrati\/\",\"name\":\"Tema 2021: Demokrati - G\u00e4vle\",\"isPartOf\":{\"@id\":\"https:\/\/www.posk.se\/gavle\/#website\"},\"primaryImageOfPage\":{\"@id\":\"https:\/\/www.posk.se\/gavle\/teman\/tema-demokrati\/#primaryimage\"},\"image\":{\"@id\":\"https:\/\/www.posk.se\/gavle\/teman\/tema-demokrati\/#primaryimage\"},\"thumbnailUrl\":\"https:\/\/www.posk.se\/gavle\/wp-content\/uploads\/sites\/170\/2021\/09\/demokrati-1-300x202.jpg\",\"datePublished\":\"2021-09-13T18:46:13+00:00\",\"dateModified\":\"2025-09-09T22:24:03+00:00\",\"breadcrumb\":{\"@id\":\"https:\/\/www.posk.se\/gavle\/teman\/tema-demokrati\/#breadcrumb\"},\"inLanguage\":\"sv-SE\",\"potentialAction\":[{\"@type\":\"ReadAction\",\"target\":[\"https:\/\/www.posk.se\/gavle\/teman\/tema-demokrati\/\"]}]},{\"@type\":\"ImageObject\",\"inLanguage\":\"sv-SE\",\"@id\":\"https:\/\/www.posk.se\/gavle\/teman\/tema-demokrati\/#primaryimage\",\"url\":\"https:\/\/www.posk.se\/gavle\/wp-content\/uploads\/sites\/170\/2021\/09\/demokrati-1.jpg\",\"contentUrl\":\"https:\/\/www.posk.se\/gavle\/wp-content\/uploads\/sites\/170\/2021\/09\/demokrati-1.jpg\",\"width\":1125,\"height\":758},{\"@type\":\"BreadcrumbList\",\"@id\":\"https:\/\/www.posk.se\/gavle\/teman\/tema-demokrati\/#breadcrumb\",\"itemListElement\":[{\"@type\":\"ListItem\",\"position\":1,\"name\":\"Hem\",\"item\":\"https:\/\/www.posk.se\/gavle\/\"},{\"@type\":\"ListItem\",\"position\":2,\"name\":\"Teman\",\"item\":\"https:\/\/www.posk.se\/gavle\/teman\/\"},{\"@type\":\"ListItem\",\"position\":3,\"name\":\"Tema 2021: Demokrati\"}]},{\"@type\":\"WebSite\",\"@id\":\"https:\/\/www.posk.se\/gavle\/#website\",\"url\":\"https:\/\/www.posk.se\/gavle\/\",\"name\":\"G\u00e4vle\",\"description\":\"POSK-grupp i Uppsala stift\",\"potentialAction\":[{\"@type\":\"SearchAction\",\"target\":{\"@type\":\"EntryPoint\",\"urlTemplate\":\"https:\/\/www.posk.se\/gavle\/?s={search_term_string}\"},\"query-input\":{\"@type\":\"PropertyValueSpecification\",\"valueRequired\":true,\"valueName\":\"search_term_string\"}}],\"inLanguage\":\"sv-SE\"}]}<\/script>\n<!-- \/ Yoast SEO plugin. -->","yoast_head_json":{"title":"Tema 2021: Demokrati - G\u00e4vle","robots":{"index":"index","follow":"follow","max-snippet":"max-snippet:-1","max-image-preview":"max-image-preview:large","max-video-preview":"max-video-preview:-1"},"canonical":"https:\/\/www.posk.se\/gavle\/teman\/tema-demokrati\/","og_locale":"sv_SE","og_type":"article","og_title":"Tema 2021: Demokrati - G\u00e4vle","og_description":"Vi tror att alla m\u00e4nniskor \u00e4r skapade av Gud och till Guds avbild. D\u00e4rf\u00f6r har alla m\u00e4nniskor lika stort v\u00e4rde oavsett k\u00f6n, ras, sexuell identitet, funktionshinder, \u00e5lder etc. Det h\u00e4r har inte sin grund i politiska ideologier fr\u00e5n 1800-talet. Det \u00e4r grundat i den kristna m\u00e4nniskosynen. 2000 \u00e5r, men fortfarande aktuellt. Vi ska se p\u00e5 [&hellip;]","og_url":"https:\/\/www.posk.se\/gavle\/teman\/tema-demokrati\/","og_site_name":"G\u00e4vle","article_modified_time":"2025-09-09T22:24:03+00:00","og_image":[{"width":1125,"height":758,"url":"https:\/\/www.posk.se\/gavle\/wp-content\/uploads\/sites\/170\/2021\/09\/demokrati-1.jpg","type":"image\/jpeg"}],"twitter_card":"summary_large_image","twitter_misc":{"Ber\u00e4knad l\u00e4stid":"6 minuter"},"schema":{"@context":"https:\/\/schema.org","@graph":[{"@type":"WebPage","@id":"https:\/\/www.posk.se\/gavle\/teman\/tema-demokrati\/","url":"https:\/\/www.posk.se\/gavle\/teman\/tema-demokrati\/","name":"Tema 2021: Demokrati - G\u00e4vle","isPartOf":{"@id":"https:\/\/www.posk.se\/gavle\/#website"},"primaryImageOfPage":{"@id":"https:\/\/www.posk.se\/gavle\/teman\/tema-demokrati\/#primaryimage"},"image":{"@id":"https:\/\/www.posk.se\/gavle\/teman\/tema-demokrati\/#primaryimage"},"thumbnailUrl":"https:\/\/www.posk.se\/gavle\/wp-content\/uploads\/sites\/170\/2021\/09\/demokrati-1-300x202.jpg","datePublished":"2021-09-13T18:46:13+00:00","dateModified":"2025-09-09T22:24:03+00:00","breadcrumb":{"@id":"https:\/\/www.posk.se\/gavle\/teman\/tema-demokrati\/#breadcrumb"},"inLanguage":"sv-SE","potentialAction":[{"@type":"ReadAction","target":["https:\/\/www.posk.se\/gavle\/teman\/tema-demokrati\/"]}]},{"@type":"ImageObject","inLanguage":"sv-SE","@id":"https:\/\/www.posk.se\/gavle\/teman\/tema-demokrati\/#primaryimage","url":"https:\/\/www.posk.se\/gavle\/wp-content\/uploads\/sites\/170\/2021\/09\/demokrati-1.jpg","contentUrl":"https:\/\/www.posk.se\/gavle\/wp-content\/uploads\/sites\/170\/2021\/09\/demokrati-1.jpg","width":1125,"height":758},{"@type":"BreadcrumbList","@id":"https:\/\/www.posk.se\/gavle\/teman\/tema-demokrati\/#breadcrumb","itemListElement":[{"@type":"ListItem","position":1,"name":"Hem","item":"https:\/\/www.posk.se\/gavle\/"},{"@type":"ListItem","position":2,"name":"Teman","item":"https:\/\/www.posk.se\/gavle\/teman\/"},{"@type":"ListItem","position":3,"name":"Tema 2021: Demokrati"}]},{"@type":"WebSite","@id":"https:\/\/www.posk.se\/gavle\/#website","url":"https:\/\/www.posk.se\/gavle\/","name":"G\u00e4vle","description":"POSK-grupp i Uppsala stift","potentialAction":[{"@type":"SearchAction","target":{"@type":"EntryPoint","urlTemplate":"https:\/\/www.posk.se\/gavle\/?s={search_term_string}"},"query-input":{"@type":"PropertyValueSpecification","valueRequired":true,"valueName":"search_term_string"}}],"inLanguage":"sv-SE"}]}},"_links":{"self":[{"href":"https:\/\/www.posk.se\/gavle\/wp-json\/wp\/v2\/pages\/199","targetHints":{"allow":["GET"]}}],"collection":[{"href":"https:\/\/www.posk.se\/gavle\/wp-json\/wp\/v2\/pages"}],"about":[{"href":"https:\/\/www.posk.se\/gavle\/wp-json\/wp\/v2\/types\/page"}],"author":[{"embeddable":true,"href":"https:\/\/www.posk.se\/gavle\/wp-json\/wp\/v2\/users\/1391"}],"replies":[{"embeddable":true,"href":"https:\/\/www.posk.se\/gavle\/wp-json\/wp\/v2\/comments?post=199"}],"version-history":[{"count":8,"href":"https:\/\/www.posk.se\/gavle\/wp-json\/wp\/v2\/pages\/199\/revisions"}],"predecessor-version":[{"id":368,"href":"https:\/\/www.posk.se\/gavle\/wp-json\/wp\/v2\/pages\/199\/revisions\/368"}],"up":[{"embeddable":true,"href":"https:\/\/www.posk.se\/gavle\/wp-json\/wp\/v2\/pages\/361"}],"wp:attachment":[{"href":"https:\/\/www.posk.se\/gavle\/wp-json\/wp\/v2\/media?parent=199"}],"curies":[{"name":"wp","href":"https:\/\/api.w.org\/{rel}","templated":true}]}}