{"id":917,"date":"2025-05-15T14:39:57","date_gmt":"2025-05-15T12:39:57","guid":{"rendered":"https:\/\/www.posk.se\/folkungabygden\/?page_id=917"},"modified":"2025-09-16T16:32:48","modified_gmt":"2025-09-16T14:32:48","slug":"program","status":"publish","type":"page","link":"https:\/\/www.posk.se\/folkungabygden\/program\/","title":{"rendered":"Program 2026-2029"},"content":{"rendered":"<p><a href=\"https:\/\/www.posk.se\/folkungabygden\/wp-content\/uploads\/sites\/69\/2025\/08\/kortprogram-lokalt-2025.pdf\" target=\"_blank\" rel=\"noopener\"><img loading=\"lazy\" decoding=\"async\" class=\"alignright wp-image-1198\" src=\"https:\/\/www.posk.se\/folkungabygden\/wp-content\/uploads\/sites\/69\/2025\/08\/img-9229.jpeg\" alt=\"\" width=\"200\" height=\"289\" srcset=\"https:\/\/www.posk.se\/folkungabygden\/wp-content\/uploads\/sites\/69\/2025\/08\/img-9229.jpeg 1370w, https:\/\/www.posk.se\/folkungabygden\/wp-content\/uploads\/sites\/69\/2025\/08\/img-9229-207x300.jpeg 207w, https:\/\/www.posk.se\/folkungabygden\/wp-content\/uploads\/sites\/69\/2025\/08\/img-9229-708x1024.jpeg 708w, https:\/\/www.posk.se\/folkungabygden\/wp-content\/uploads\/sites\/69\/2025\/08\/img-9229-768x1111.jpeg 768w, https:\/\/www.posk.se\/folkungabygden\/wp-content\/uploads\/sites\/69\/2025\/08\/img-9229-1062x1536.jpeg 1062w, https:\/\/www.posk.se\/folkungabygden\/wp-content\/uploads\/sites\/69\/2025\/08\/img-9229-330x477.jpeg 330w\" sizes=\"auto, (max-width: 200px) 100vw, 200px\" \/><\/a><span style=\"color: #db0812\"><strong>Partipolitiskt obundna i Svenska kyrkan<\/strong><\/span> (POSK)<br \/>\nV\u00e5r vision \u00e4r att Svenska kyrkan ska vara en gemenskap som speglar Guds vilja i gudstj\u00e4nst och liv och som talar tydligt om Jesus Kristus.<\/p>\n<p><strong><span style=\"color: #db0812\">POSK i Folkungabygdens pastorat vill att<\/span><br \/>\n<\/strong><span class=\"s2\">\u2022 <span style=\"color: #db0812\">Gudstj\u00e4nsten<\/span> ska vara f\u00f6rsamlingens hj\u00e4rta, d\u00e4r <span style=\"color: #db0812\">alla<\/span> \u00e4r v\u00e4lkomna.<br \/>\n<\/span><span class=\"s2\">\u2022 Varje f\u00f6rsamling ska ha m\u00f6jlighet att utforma sin egen profil.<br \/>\n<\/span><span class=\"s2\">\u2022 Kyrkans <span style=\"color: #db0812\">musikaliska arv<\/span> ska f\u00f6rvaltas och utvecklas.<br \/>\n<\/span><span class=\"s2\">\u2022 F\u00f6rsamlingarna ska ges resurser att <span style=\"color: #db0812\">f\u00f6ra den kristna tron och de kristna traditionerna <\/span>vidare till alla.<br \/>\n<\/span><span class=\"s2\">\u2022 Kyrkan ska prioritera undervisning f\u00f6r barn, unga och vuxna.<br \/>\n<span style=\"color: #db0812\">Att samtala<\/span> om livets alla utmaningar \u00e4r viktigt! Det kan ske bland barn, vid dopsamtal, <span style=\"color: #db0812\">konfirmationsundervisning<\/span> eller bland vuxna som vill veta vad det inneb\u00e4r att vara kristen.<br \/>\n<\/span><span class=\"s2\">\u2022 <span style=\"color: #db0812\">Diakonin<\/span> ska fr\u00e4mjas med <span style=\"color: #db0812\">plats f\u00f6r frivilligt engagemang<\/span>. Att hj\u00e4lpa n\u00e5gon i ett utsatt l\u00e4ge, \u00e4r att visa medm\u00e4nsklighet.<br \/>\n<\/span><span class=\"s2\">\u2022 Kyrkan ska vara en trygg och stabil plats i en orolig tid.<br \/>\n<\/span><span class=\"s2\">\u2022 Begreppet <span style=\"color: #db0812\">h\u00e5llbarhet<\/span> ska finnas med i allt. Vi vill forts\u00e4tta med milj\u00f6diplomering och energibesparingar. Kyrkan ska vara <span style=\"color: #db0812\">en god arbetsmilj\u00f6<\/span> f\u00f6r sina anst\u00e4llda och ideella.<\/span><\/p>\n<p><strong><span class=\"s1\"><span style=\"color: #db0812\">F\u00d6RSAMLINGEN I CENTRUM<\/span><br \/>\n<\/span><\/strong><span class=\"s2\">Svenska kyrkan finns i gl\u00e4dje och sorg d\u00e4r f\u00f6rsamlingen \u00e4r grunden f\u00f6r <\/span>m\u00e4nniskors kontakt med sin kyrka, genom gudstj\u00e4nster, dop, konfirmation och begravningar. Att bygga levande f\u00f6rsamlingar \u00e4r kyrkans viktigaste uppgift och en gemensam kallelse f\u00f6r alla som tillh\u00f6r kyrkan. Kyrkan ska alltid vara redo att v\u00e4lkomna varje m\u00e4nniska till delaktighet i f\u00f6rsamlingslivet, som i ungdomsgruppen, i k\u00f6ren, i caf\u00e9et eller gudstj\u00e4nsten.<\/p>\n<p class=\"p1\"><span class=\"s2\">POSK vill arbeta f\u00f6r<br \/>\n<\/span><span class=\"s2\">&#8211; att fler unga tar och f\u00e5r plats i beslutsfattande organ.<br \/>\n<\/span><span class=\"s2\">&#8211; att ideella medarbetare efterfr\u00e5gas, utbildas, uppmuntras och ges ansvar.<br \/>\n<\/span><span class=\"s2\">&#8211; att st\u00e4rka f\u00f6rsamlingarna i att verka ekumeniskt.<br \/>\n<\/span><span class=\"s2\">&#8211; att trainee-\u00e5r och liknande koncept anv\u00e4nds som instrument f\u00f6r rekrytering.<br \/>\n<\/span><span class=\"s2\">&#8211; att varje f\u00f6rsamling har en plan f\u00f6r l\u00e4rande och undervisning fr\u00e5n sm\u00e5 barnstiden till vuxen \u00e5lder.<br \/>\n<\/span><span class=\"s2\">&#8211; att v\u00e4rna det viktiga kulturarv som v\u00e5ra kyrkor utg\u00f6r och att de h\u00e5lls \u00f6ppna med h\u00f6g tillg\u00e4nglighet.<br \/>\n<\/span><span class=\"s2\">&#8211; att Svenska kyrkans psalmer ska vara fria att anv\u00e4nda och sprida.<br \/>\n<\/span><span class=\"s2\">&#8211; att fler kyrkomusiker har instrumen-talundervisning i sina tj\u00e4nster.<\/span><\/p>\n<p><span class=\"s1\"><span style=\"color: #db0812\"><strong>EN KYRKA UTAN PARTIPOLITIK<\/strong><\/span><br \/>\n<\/span><span class=\"s2\">Svenska kyrkans beslutsfattare ska vara demokratiskt valda och representera sina f\u00f6rsamlingar. POSK vill att partiernas inflytande \u00f6ver Svenska kyrkan upph\u00f6r, och menar att det \u00e4r orimligt att sekul\u00e4ra partiorganisationer \u00e4r med och styr ett trossamfund. Kyrkans beslut b\u00f6r i h\u00f6gre grad fattas i gemenskap och enighet och inte underst\u00f6dja en anda av konflikt mellan olika politiska \u00e5siktsgrupperingar.<\/span><\/p>\n<p class=\"p1\"><span class=\"s2\">POSK vill arbeta f\u00f6r<br \/>\n<\/span><span class=\"s2\">&#8211; att f\u00f6r\u00e4ndra valsystemet s\u00e5 att det blir enklare och billigare.<br \/>\n<\/span><span class=\"s2\">&#8211; att stiftsfullm\u00e4ktiges och kyrkom\u00f6tets ledam\u00f6ter v\u00e4ljs av f\u00f6rsamlingarna i indirekta val.<br \/>\n<\/span><span class=\"s2\">&#8211; att det sker en \u00e5terh\u00e5llsamhet med arvodering av f\u00f6rtroendeuppdrag.<br \/>\n<\/span><span class=\"s2\">&#8211; att beslut som r\u00f6r f\u00f6rsamlingen fattas s\u00e5 n\u00e4ra verksamheten och de tillh\u00f6riga som m\u00f6jligt.<br \/>\n<\/span><span class=\"s2\">&#8211; att utreda nationella niv\u00e5ns uppdrag och stiftens teologiska grund i f\u00f6rh\u00e5llande till f\u00f6rsamlingarna.<\/span><\/p>\n<p><span class=\"s1\"><strong><span style=\"color: #db0812\">M\u00c5NGFALD \u2013 EN M\u00d6JLIGHET<\/span><\/strong><br \/>\n<\/span><span class=\"s2\">Inom ramen f\u00f6r Svenska kyrkans tro, bek\u00e4nnelse och l\u00e4ra finns utrymme att tolka vad kristen tro och kristet liv inneb\u00e4r. Det \u00e4r angel\u00e4get med b\u00e5de bredd och igenk\u00e4nnande i gudstj\u00e4nstlivet och att det finns en m\u00e5ngfald av uttryckss\u00e4tt. <\/span><span class=\"s2\">Den m\u00e5ngfald av kyrkliga traditioner och inriktningar som ryms inom Svenska kyrkan utg\u00f6r en rikedom.<\/span><\/p>\n<p class=\"p1\"><span class=\"s2\">POSK anser<br \/>\n<\/span>&#8211; att det \u00e4r en styrka att det ryms olika s\u00e4tt att f\u00f6rst\u00e5 och tala om Gud i Svenska kyrkan.<br \/>\n<span class=\"s2\">&#8211; att det \u00e4r viktigt att alla, oavsett sexuell l\u00e4ggning eller k\u00f6ns\u00f6verskridande identitet eller uttryck, m\u00f6ts med respekt och v\u00e4lkomnas i Svenska kyrkan och att ingen s\u00e4rbehandlas p\u00e5 grund av k\u00f6n eller andra diskrimineringsgrunder.<br \/>\n<\/span>&#8211; att en gener\u00f6s attityd ska pr\u00e4gla m\u00f6tet mellan grupper med skilda uppfattningar inom kyrkan.<br \/>\n<span class=\"s2\">&#8211; att de traditioner som ryms inom Svenska kyrkans tro, bek\u00e4nnelse och l\u00e4ra ska kunna ut\u00f6vas och utvecklas.<\/span><\/p>\n<p><span class=\"s1\"><span style=\"color: #db0812\"><strong>EN KYRKA SOM G\u00d6R SKILLNAD<\/strong><\/span><br \/>\n<\/span><span class=\"s2\">POSK vill att Svenska kyrkan arbetar aktivt med att skapa medvetenhet kring samtida fr\u00e5gor som drabbar samh\u00e4llet och visar p\u00e5 ett annat s\u00e4tt att leva. <\/span><span class=\"s2\">Som kristna har vi i uppdrag att f\u00f6rvalta skapelsen Gud givit oss och att leva h\u00e5llbart tillsammans med varandra. Svenska kyrkan ska inge hopp och uppmuntra till att ta ansvar.<\/span><\/p>\n<p>POSK vill arbeta f\u00f6r<br \/>\n<span class=\"s2\">&#8211; att Svenska kyrkans gemensamma klimatarbete, F\u00e4rdplan f\u00f6r klimatet, prioriteras.<br \/>\n<\/span><span class=\"s2\">&#8211; att st\u00f6dja r\u00e4ttvis handel och ett h\u00e5llbart nyttjande av jordens resurser.<br \/>\n<\/span><span class=\"s2\">&#8211; att all f\u00f6rvaltning av egendom ska vara l\u00e5ngsiktig, effektiv och bedrivas p\u00e5 ett etiskt och ekologiskt ansvarsfullt s\u00e4tt.<br \/>\n<\/span><span class=\"s2\">&#8211; att f\u00f6rsamlingarna st\u00e4ndigt utvecklar sin kompetens kring nya diakonala behov d\u00e4r m\u00f6tet med m\u00e4nniskor i olika typer av utsatta livssituationer st\u00e5r i fokus.<br \/>\n<\/span><span class=\"s2\">&#8211; att ett \u00f6ppet och v\u00e4lkomnande f\u00f6r h\u00e5llnings\u00e4tt r\u00e5der i integrations-arbetet.<br \/>\n<\/span><span class=\"s2\">&#8211; att skapa engagemang f\u00f6r, och att medel ansl\u00e5s till, internationell diakoni och mission.<\/span><\/p>\n<p>&nbsp;<\/p>\n<p class=\"p1\"><strong><span class=\"s1\"><span style=\"color: #db0812\">POSK i Folkungabygden &#8211; det obundna alternativet!<\/span><br \/>\n<\/span><\/strong><span class=\"s2\">POSK st\u00e4ller upp f\u00f6r val till alla niv\u00e5er i Svenska kyrkan. Vi finns i hela Sverige och \u00e4r den st\u00f6rsta opolitiska gruppen. V\u00e5ra kandidater \u00e4r aktiva i sina f\u00f6rsamlingar som kyrkv\u00e4rdar, k\u00f6rs\u00e5ngare, fika fixare med mera.<br \/>\n<img loading=\"lazy\" decoding=\"async\" class=\"size-thumbnail wp-image-1030 alignright\" src=\"https:\/\/www.posk.se\/folkungabygden\/wp-content\/uploads\/sites\/69\/2025\/05\/img-8143-150x150.png\" alt=\"\" width=\"150\" height=\"150\" srcset=\"https:\/\/www.posk.se\/folkungabygden\/wp-content\/uploads\/sites\/69\/2025\/05\/img-8143-150x150.png 150w, https:\/\/www.posk.se\/folkungabygden\/wp-content\/uploads\/sites\/69\/2025\/05\/img-8143-300x300.png 300w, https:\/\/www.posk.se\/folkungabygden\/wp-content\/uploads\/sites\/69\/2025\/05\/img-8143-1024x1024.png 1024w, https:\/\/www.posk.se\/folkungabygden\/wp-content\/uploads\/sites\/69\/2025\/05\/img-8143-768x768.png 768w, https:\/\/www.posk.se\/folkungabygden\/wp-content\/uploads\/sites\/69\/2025\/05\/img-8143-1536x1536.png 1536w, https:\/\/www.posk.se\/folkungabygden\/wp-content\/uploads\/sites\/69\/2025\/05\/img-8143-2048x2048.png 2048w, https:\/\/www.posk.se\/folkungabygden\/wp-content\/uploads\/sites\/69\/2025\/05\/img-8143-197x197.png 197w, https:\/\/www.posk.se\/folkungabygden\/wp-content\/uploads\/sites\/69\/2025\/05\/img-8143-330x330.png 330w\" sizes=\"auto, (max-width: 150px) 100vw, 150px\" \/><\/span><\/p>\n<p><strong><span style=\"color: #db0812\">F\u00f6r en fri kyrka<\/span><br \/>\n<\/strong>POSK vill att de politiska partiernas inflytande \u00f6ver Svenska kyrkan upph\u00f6r.<\/p>\n<hr \/>\n<p>\u00a4 <a href=\"https:\/\/www.posk.se\/folkungabygden\/wp-content\/uploads\/sites\/69\/2025\/08\/kortprogram-lokalt-2025.pdf\" target=\"_blank\" rel=\"noopener\">Kortprogram &#8211; lokalt 2025<\/a> (<i>pdf, lokalt<\/i>)<br \/>\n\u00a4 <a href=\"https:\/\/www.posk.se\/folkungabygden\/wp-content\/uploads\/sites\/69\/2025\/05\/valinfo-posk-2025-ii.docx\" target=\"_blank\" rel=\"noopener\">Valinfo POSK 2025-II<\/a> (<i>docx, lokalt<\/i>)<br \/>\n\u00a4 <a href=\"https:\/\/www.posk.se\/linkopingsstift\/kyrkoval\/program\/\" target=\"_blank\" rel=\"noopener\">Program 2026-2029<\/a> (<i>stift<\/i>)<br \/>\n\u00a4 <a href=\"https:\/\/www.posk.se\/vi-vill\/kortprogram\/\" target=\"_blank\" rel=\"noopener\">Vision och kortprogram 2026-2029<\/a> (<em>Riks<\/em>)<br \/>\n\u00a4 <a href=\"https:\/\/www.posk.se\/vi-vill\/program\/\" target=\"_blank\" rel=\"noopener noreferrer\">Vision och program 2026-2029<\/a> (<em>Riks<\/em>)<\/p>\n","protected":false},"excerpt":{"rendered":"<p>Partipolitiskt obundna i Svenska kyrkan (POSK) V\u00e5r vision \u00e4r att Svenska kyrkan ska vara en gemenskap som speglar Guds vilja i gudstj\u00e4nst och liv och som talar tydligt om Jesus Kristus. POSK i Folkungabygdens pastorat vill att \u2022 Gudstj\u00e4nsten ska vara f\u00f6rsamlingens hj\u00e4rta, d\u00e4r alla \u00e4r v\u00e4lkomna. \u2022 Varje f\u00f6rsamling ska ha m\u00f6jlighet att utforma [&hellip;]<\/p>\n","protected":false},"author":104,"featured_media":1261,"parent":0,"menu_order":2,"comment_status":"closed","ping_status":"closed","template":"page-templates\/page-sidebar-left.php","meta":{"_acf_changed":false,"footnotes":""},"class_list":["post-917","page","type-page","status-publish","has-post-thumbnail","hentry"],"acf":[],"yoast_head":"<!-- This site is optimized with the Yoast SEO plugin v24.9 - https:\/\/yoast.com\/wordpress\/plugins\/seo\/ -->\n<title>Program 2026-2029 - Folkungabygden<\/title>\n<meta name=\"robots\" content=\"index, follow, max-snippet:-1, max-image-preview:large, max-video-preview:-1\" \/>\n<link rel=\"canonical\" href=\"https:\/\/www.posk.se\/folkungabygden\/program\/\" \/>\n<meta property=\"og:locale\" content=\"sv_SE\" \/>\n<meta property=\"og:type\" content=\"article\" \/>\n<meta property=\"og:title\" content=\"Program 2026-2029 - Folkungabygden\" \/>\n<meta property=\"og:description\" content=\"Partipolitiskt obundna i Svenska kyrkan (POSK) V\u00e5r vision \u00e4r att Svenska kyrkan ska vara en gemenskap som speglar Guds vilja i gudstj\u00e4nst och liv och som talar tydligt om Jesus Kristus. POSK i Folkungabygdens pastorat vill att \u2022 Gudstj\u00e4nsten ska vara f\u00f6rsamlingens hj\u00e4rta, d\u00e4r alla \u00e4r v\u00e4lkomna. \u2022 Varje f\u00f6rsamling ska ha m\u00f6jlighet att utforma [&hellip;]\" \/>\n<meta property=\"og:url\" content=\"https:\/\/www.posk.se\/folkungabygden\/program\/\" \/>\n<meta property=\"og:site_name\" content=\"Folkungabygden\" \/>\n<meta property=\"article:modified_time\" content=\"2025-09-16T14:32:48+00:00\" \/>\n<meta property=\"og:image\" content=\"https:\/\/www.posk.se\/folkungabygden\/wp-content\/uploads\/sites\/69\/2025\/09\/img-9773-1024x390.png\" \/>\n\t<meta property=\"og:image:width\" content=\"1024\" \/>\n\t<meta property=\"og:image:height\" content=\"390\" \/>\n\t<meta property=\"og:image:type\" content=\"image\/png\" \/>\n<meta name=\"twitter:card\" content=\"summary_large_image\" \/>\n<meta name=\"twitter:label1\" content=\"Ber\u00e4knad l\u00e4stid\" \/>\n\t<meta name=\"twitter:data1\" content=\"5 minuter\" \/>\n<script type=\"application\/ld+json\" class=\"yoast-schema-graph\">{\"@context\":\"https:\/\/schema.org\",\"@graph\":[{\"@type\":\"WebPage\",\"@id\":\"https:\/\/www.posk.se\/folkungabygden\/program\/\",\"url\":\"https:\/\/www.posk.se\/folkungabygden\/program\/\",\"name\":\"Program 2026-2029 - Folkungabygden\",\"isPartOf\":{\"@id\":\"https:\/\/www.posk.se\/folkungabygden\/#website\"},\"primaryImageOfPage\":{\"@id\":\"https:\/\/www.posk.se\/folkungabygden\/program\/#primaryimage\"},\"image\":{\"@id\":\"https:\/\/www.posk.se\/folkungabygden\/program\/#primaryimage\"},\"thumbnailUrl\":\"https:\/\/www.posk.se\/folkungabygden\/wp-content\/uploads\/sites\/69\/2025\/09\/img-9773.png\",\"datePublished\":\"2025-05-15T12:39:57+00:00\",\"dateModified\":\"2025-09-16T14:32:48+00:00\",\"breadcrumb\":{\"@id\":\"https:\/\/www.posk.se\/folkungabygden\/program\/#breadcrumb\"},\"inLanguage\":\"sv-SE\",\"potentialAction\":[{\"@type\":\"ReadAction\",\"target\":[\"https:\/\/www.posk.se\/folkungabygden\/program\/\"]}]},{\"@type\":\"ImageObject\",\"inLanguage\":\"sv-SE\",\"@id\":\"https:\/\/www.posk.se\/folkungabygden\/program\/#primaryimage\",\"url\":\"https:\/\/www.posk.se\/folkungabygden\/wp-content\/uploads\/sites\/69\/2025\/09\/img-9773.png\",\"contentUrl\":\"https:\/\/www.posk.se\/folkungabygden\/wp-content\/uploads\/sites\/69\/2025\/09\/img-9773.png\",\"width\":3417,\"height\":1300},{\"@type\":\"BreadcrumbList\",\"@id\":\"https:\/\/www.posk.se\/folkungabygden\/program\/#breadcrumb\",\"itemListElement\":[{\"@type\":\"ListItem\",\"position\":1,\"name\":\"Hem\",\"item\":\"https:\/\/www.posk.se\/folkungabygden\/\"},{\"@type\":\"ListItem\",\"position\":2,\"name\":\"Program 2026-2029\"}]},{\"@type\":\"WebSite\",\"@id\":\"https:\/\/www.posk.se\/folkungabygden\/#website\",\"url\":\"https:\/\/www.posk.se\/folkungabygden\/\",\"name\":\"Folkungabygden\",\"description\":\"POSK-grupp i Link\u00f6pings stift\",\"potentialAction\":[{\"@type\":\"SearchAction\",\"target\":{\"@type\":\"EntryPoint\",\"urlTemplate\":\"https:\/\/www.posk.se\/folkungabygden\/?s={search_term_string}\"},\"query-input\":{\"@type\":\"PropertyValueSpecification\",\"valueRequired\":true,\"valueName\":\"search_term_string\"}}],\"inLanguage\":\"sv-SE\"}]}<\/script>\n<!-- \/ Yoast SEO plugin. -->","yoast_head_json":{"title":"Program 2026-2029 - Folkungabygden","robots":{"index":"index","follow":"follow","max-snippet":"max-snippet:-1","max-image-preview":"max-image-preview:large","max-video-preview":"max-video-preview:-1"},"canonical":"https:\/\/www.posk.se\/folkungabygden\/program\/","og_locale":"sv_SE","og_type":"article","og_title":"Program 2026-2029 - Folkungabygden","og_description":"Partipolitiskt obundna i Svenska kyrkan (POSK) V\u00e5r vision \u00e4r att Svenska kyrkan ska vara en gemenskap som speglar Guds vilja i gudstj\u00e4nst och liv och som talar tydligt om Jesus Kristus. POSK i Folkungabygdens pastorat vill att \u2022 Gudstj\u00e4nsten ska vara f\u00f6rsamlingens hj\u00e4rta, d\u00e4r alla \u00e4r v\u00e4lkomna. \u2022 Varje f\u00f6rsamling ska ha m\u00f6jlighet att utforma [&hellip;]","og_url":"https:\/\/www.posk.se\/folkungabygden\/program\/","og_site_name":"Folkungabygden","article_modified_time":"2025-09-16T14:32:48+00:00","og_image":[{"width":1024,"height":390,"url":"https:\/\/www.posk.se\/folkungabygden\/wp-content\/uploads\/sites\/69\/2025\/09\/img-9773-1024x390.png","type":"image\/png"}],"twitter_card":"summary_large_image","twitter_misc":{"Ber\u00e4knad l\u00e4stid":"5 minuter"},"schema":{"@context":"https:\/\/schema.org","@graph":[{"@type":"WebPage","@id":"https:\/\/www.posk.se\/folkungabygden\/program\/","url":"https:\/\/www.posk.se\/folkungabygden\/program\/","name":"Program 2026-2029 - Folkungabygden","isPartOf":{"@id":"https:\/\/www.posk.se\/folkungabygden\/#website"},"primaryImageOfPage":{"@id":"https:\/\/www.posk.se\/folkungabygden\/program\/#primaryimage"},"image":{"@id":"https:\/\/www.posk.se\/folkungabygden\/program\/#primaryimage"},"thumbnailUrl":"https:\/\/www.posk.se\/folkungabygden\/wp-content\/uploads\/sites\/69\/2025\/09\/img-9773.png","datePublished":"2025-05-15T12:39:57+00:00","dateModified":"2025-09-16T14:32:48+00:00","breadcrumb":{"@id":"https:\/\/www.posk.se\/folkungabygden\/program\/#breadcrumb"},"inLanguage":"sv-SE","potentialAction":[{"@type":"ReadAction","target":["https:\/\/www.posk.se\/folkungabygden\/program\/"]}]},{"@type":"ImageObject","inLanguage":"sv-SE","@id":"https:\/\/www.posk.se\/folkungabygden\/program\/#primaryimage","url":"https:\/\/www.posk.se\/folkungabygden\/wp-content\/uploads\/sites\/69\/2025\/09\/img-9773.png","contentUrl":"https:\/\/www.posk.se\/folkungabygden\/wp-content\/uploads\/sites\/69\/2025\/09\/img-9773.png","width":3417,"height":1300},{"@type":"BreadcrumbList","@id":"https:\/\/www.posk.se\/folkungabygden\/program\/#breadcrumb","itemListElement":[{"@type":"ListItem","position":1,"name":"Hem","item":"https:\/\/www.posk.se\/folkungabygden\/"},{"@type":"ListItem","position":2,"name":"Program 2026-2029"}]},{"@type":"WebSite","@id":"https:\/\/www.posk.se\/folkungabygden\/#website","url":"https:\/\/www.posk.se\/folkungabygden\/","name":"Folkungabygden","description":"POSK-grupp i Link\u00f6pings stift","potentialAction":[{"@type":"SearchAction","target":{"@type":"EntryPoint","urlTemplate":"https:\/\/www.posk.se\/folkungabygden\/?s={search_term_string}"},"query-input":{"@type":"PropertyValueSpecification","valueRequired":true,"valueName":"search_term_string"}}],"inLanguage":"sv-SE"}]}},"_links":{"self":[{"href":"https:\/\/www.posk.se\/folkungabygden\/wp-json\/wp\/v2\/pages\/917","targetHints":{"allow":["GET"]}}],"collection":[{"href":"https:\/\/www.posk.se\/folkungabygden\/wp-json\/wp\/v2\/pages"}],"about":[{"href":"https:\/\/www.posk.se\/folkungabygden\/wp-json\/wp\/v2\/types\/page"}],"author":[{"embeddable":true,"href":"https:\/\/www.posk.se\/folkungabygden\/wp-json\/wp\/v2\/users\/104"}],"replies":[{"embeddable":true,"href":"https:\/\/www.posk.se\/folkungabygden\/wp-json\/wp\/v2\/comments?post=917"}],"version-history":[{"count":32,"href":"https:\/\/www.posk.se\/folkungabygden\/wp-json\/wp\/v2\/pages\/917\/revisions"}],"predecessor-version":[{"id":1206,"href":"https:\/\/www.posk.se\/folkungabygden\/wp-json\/wp\/v2\/pages\/917\/revisions\/1206"}],"wp:featuredmedia":[{"embeddable":true,"href":"https:\/\/www.posk.se\/folkungabygden\/wp-json\/wp\/v2\/media\/1261"}],"wp:attachment":[{"href":"https:\/\/www.posk.se\/folkungabygden\/wp-json\/wp\/v2\/media?parent=917"}],"curies":[{"name":"wp","href":"https:\/\/api.w.org\/{rel}","templated":true}]}}