{"id":318,"date":"2020-12-13T15:59:34","date_gmt":"2020-12-13T14:59:34","guid":{"rendered":"https:\/\/www.posk.se\/folkungabygden\/?page_id=318"},"modified":"2025-08-12T16:42:12","modified_gmt":"2025-08-12T14:42:12","slug":"motioner","status":"publish","type":"page","link":"https:\/\/www.posk.se\/folkungabygden\/om-oss\/motioner\/","title":{"rendered":"Debattartiklar"},"content":{"rendered":"<p>ANNONSER INF\u00d6R KYRKOVALET 2025:<\/p>\n<p><a href=\"https:\/\/www.posk.se\/folkungabygden\/wp-content\/uploads\/sites\/69\/2025\/08\/annons-ostgotatidningen.docx\">Annons -\u00d6stg\u00f6tatidningen &#8211; lokala programmet<\/a><\/p>\n<p><a href=\"https:\/\/www.posk.se\/folkungabygden\/wp-content\/uploads\/sites\/69\/2025\/08\/annons-ostgotatidningen-varvning.pdf\">Annons-\u00d6stg\u00f6taTidningen-v\u00e4rvning<\/a><\/p>\n<p><strong>INF\u00d6R KYRKOVALET 2025, se nedan:<\/strong><\/p>\n<p><a href=\"https:\/\/www.posk.se\/folkungabygden\/wp-content\/uploads\/sites\/69\/2025\/08\/2025-08-12-vad-vill-politiken-i-kyrkan-kt.docx\">2025-08-12 Vad vill politiken i kyrkan &#8211; KT<\/a><\/p>\n<p><a href=\"https:\/\/www.posk.se\/folkungabygden\/wp-content\/uploads\/sites\/69\/2025\/08\/nu-gar-vi-till-maxim-dagen.docx\">2025-08-12 Nu g\u00e5r vi till Maxim &#8211; Dagen<\/a><\/p>\n<p><a href=\"https:\/\/www.posk.se\/folkungabygden\/wp-content\/uploads\/sites\/69\/2025\/08\/2025-02-12-asikt-corren.docx\">2025-08-12 \u00c5sikt -Corren<\/a><\/p>\n<p><a href=\"https:\/\/www.posk.se\/folkungabygden\/wp-content\/uploads\/sites\/69\/2025\/08\/2025-08-02-vad-kan-du-gora-ot.docx\">2025-08-12 Vad kan du g\u00f6ra &#8211; \u00d6T<\/a><\/p>\n<p><a href=\"https:\/\/www.posk.se\/folkungabygden\/wp-content\/uploads\/sites\/69\/2025\/05\/debattartikel-martin-lonnebo-seminariet.docx\">Debattartikel Martin L\u00f6nnebo-seminariet<\/a>-2025<\/p>\n<p><a href=\"https:\/\/www.posk.se\/folkungabygden\/wp-content\/uploads\/sites\/69\/2025\/05\/ett-ar-kvarii-kortare.docx\">Ett \u00e5r kvar&#8230; kyrkoval 2025<\/a><\/p>\n<p><a href=\"https:\/\/www.posk.se\/folkungabygden\/wp-content\/uploads\/sites\/69\/2025\/05\/halvtid-kyrkovalet-2025.docx\">Halvtid-Kyrkovalet 2025<\/a><\/p>\n<p><strong>INF\u00d6R KYRKOVALET 2021, se nedan:<\/strong><\/p>\n<p><a href=\"https:\/\/www.posk.se\/folkungabygden\/wp-content\/uploads\/sites\/69\/2021\/09\/stgot5atidningen-v39-2021.pdf\">\u00d6stg\u00f6tatidningen v39-2021<\/a><\/p>\n<p><a href=\"https:\/\/www.posk.se\/folkungabygden\/wp-content\/uploads\/sites\/69\/2021\/09\/corren-posk-framat-i-fullmaktige-2021-09-21.pdf\">Corren-Posk fram\u00e5t i fullm\u00e4ktige 2021-09-21\u00a0<\/a><\/p>\n<p><a href=\"https:\/\/www.posk.se\/folkungabygden\/wp-content\/uploads\/sites\/69\/2021\/09\/correns-ledare-dag-efter-valet-2021-09-21.pdf\">Correns ledare dag efter valet 2021-09-21<\/a><\/p>\n<p><a href=\"https:\/\/www.posk.se\/folkungabygden\/wp-content\/uploads\/sites\/69\/2021\/09\/stgotatidningen-2021-09-14.pdf\">\u00d6stg\u00f6tatidningen 2021-09-14<\/a><\/p>\n<p><a href=\"https:\/\/www.posk.se\/folkungabygden\/wp-content\/uploads\/sites\/69\/2021\/09\/stgotatidningen-2021-09-14-utdening-av-valbroschyrer.pdf\">\u00d6stg\u00f6tatidningen 2021-09-14 Utdelning av valbroschyrer Leif o Sonia i Bl\u00e5vik<\/a><\/p>\n<p><a href=\"https:\/\/www.posk.se\/folkungabygden\/wp-content\/uploads\/sites\/69\/2021\/09\/ragangen-mellan-tros-och-asiktsgemenskap-corren-10921.pdf\">R\u00e5g\u00e5ngen mellan tros-och \u00e5siktsgemenskap-Corren 10.9.10<\/a><\/p>\n<p><a href=\"https:\/\/www.posk.se\/folkungabygden\/wp-content\/uploads\/sites\/69\/2021\/09\/annons-i-ostgotatidningen-2021-09-07.pdf\">Annons i \u00d6stg\u00f6tatidningen 2021-09-07<\/a><\/p>\n<p><a href=\"https:\/\/www.posk.se\/folkungabygden\/wp-content\/uploads\/sites\/69\/2021\/08\/kt-nr-33-21-och-corren-2-8-21.pdf\">KT nr 33-21 och Corren 2-8-21 C s\u00e4ga v\u00e4rna om frihet&#8230;<\/a><\/p>\n<p><a href=\"https:\/\/www.posk.se\/folkungabygden\/wp-content\/uploads\/sites\/69\/2021\/08\/corren-22-7-21-rosta-i-det-glomda-valet.pdf\">Corren 22-7-21 R\u00f6sta i det gl\u00f6mda valet<\/a><\/p>\n<p><a href=\"https:\/\/www.posk.se\/folkungabygden\/wp-content\/uploads\/sites\/69\/2021\/08\/stgoratidningen-22-6-21-ratta-till-obalanse-i-sv-kyrkan.pdf\">\u00d6stg\u00f6ratidningen 22-6-21 R\u00e4tta till obalansen i Sv kyrkan<\/a><\/p>\n<p><a href=\"https:\/\/www.posk.se\/folkungabygden\/wp-content\/uploads\/sites\/69\/2021\/05\/behov-av-en-ny-reformation-inom-svenska-kyrkan.docx\">Behov av en ny reformation inom Svenska kyrkan<\/a>\u00a0 \u00a0 Publ. i \u00d6stg\u00f6tatidningen 25 maj. Skickad till Corren och KT<\/p>\n<p><a href=\"https:\/\/www.posk.se\/folkungabygden\/wp-content\/uploads\/sites\/69\/2021\/05\/2021-05-08-s-slapp-det-politiska-taget-om-kyrkan.docx\">S sl\u00e4pp det politiska taget om kyrkan!\u00a0 \u00a0Publ. i Corren 19.5 och kommer att publiceras i KT<\/a><\/p>\n<p><a href=\"https:\/\/www.posk.se\/folkungabygden\/wp-content\/uploads\/sites\/69\/2021\/06\/2021-0101-svarsreplik-fran-c.pdf\">2021-0101-Svarsreplik fr\u00e5n C<\/a><\/p>\n<p><a href=\"https:\/\/www.posk.se\/folkungabygden\/wp-content\/uploads\/sites\/69\/2021\/05\/amanda-carlshamre-per-ertic-lindgren-2021-05-20.docx\">Amanda Carlshamre-Per-Eric Lindgren 2021-05-20<\/a><\/p>\n<p><a href=\"https:\/\/www.posk.se\/folkungabygden\/wp-content\/uploads\/sites\/69\/2021\/05\/krav-att-laromedelreviders-nu-publ-i-kt-nr-7-2021.pdf\">Kr\u00e4v att l\u00e4romedelreviders nu!\u00a0 \u00a0 \u00a0 \u00a0 \u00a0 \u00a0 \u00a0 \u00a0 \u00a0 Publ. i KT nr 7-2021<\/a><\/p>\n<p><a href=\"https:\/\/www.posk.se\/folkungabygden\/wp-content\/uploads\/sites\/69\/2021\/05\/2021-04-05-dags-att-bryta-sig-loss-fran-tvangstrojan.docx\">2021-04-05 Dags att bryta sig loss fr\u00e5n tv\u00e5ngstr\u00f6jan!<\/a>\u00a0 \u00a0 \u00a0Skickad till 14 tidningar &#8211; ingen publicering<\/p>\n<p><a href=\"https:\/\/www.posk.se\/folkungabygden\/wp-content\/uploads\/sites\/69\/2020\/12\/motion-forsamlingsrad-2020-10-26.pdf\">Motion f\u00f6rsamlingsr\u00e5d 2020-10-26<\/a><\/p>\n<p><a href=\"https:\/\/www.posk.se\/folkungabygden\/wp-content\/uploads\/sites\/69\/2021\/01\/ordet-karlek.docx\">Ordet k\u00e4rlek<\/a><\/p>\n<p>&nbsp;<\/p>\n<p>&nbsp;<\/p>\n<p>&nbsp;<\/p>\n<p>&nbsp;<\/p>\n<p>&nbsp;<\/p>\n<p>&nbsp;<\/p>\n<p>&nbsp;<\/p>\n<p>&nbsp;<\/p>\n","protected":false},"excerpt":{"rendered":"<p>ANNONSER INF\u00d6R KYRKOVALET 2025: Annons -\u00d6stg\u00f6tatidningen &#8211; lokala programmet Annons-\u00d6stg\u00f6taTidningen-v\u00e4rvning INF\u00d6R KYRKOVALET 2025, se nedan: 2025-08-12 Vad vill politiken i kyrkan &#8211; KT 2025-08-12 Nu g\u00e5r vi till Maxim &#8211; Dagen 2025-08-12 \u00c5sikt -Corren 2025-08-12 Vad kan du g\u00f6ra &#8211; \u00d6T Debattartikel Martin L\u00f6nnebo-seminariet-2025 Ett \u00e5r kvar&#8230; kyrkoval 2025 Halvtid-Kyrkovalet 2025 INF\u00d6R KYRKOVALET 2021, se [&hellip;]<\/p>\n","protected":false},"author":1,"featured_media":0,"parent":1082,"menu_order":4,"comment_status":"closed","ping_status":"closed","template":"page-templates\/page-sidebar-left.php","meta":{"_acf_changed":false,"footnotes":""},"class_list":["post-318","page","type-page","status-publish","hentry"],"acf":[],"yoast_head":"<!-- This site is optimized with the Yoast SEO plugin v24.9 - https:\/\/yoast.com\/wordpress\/plugins\/seo\/ -->\n<title>Debattartiklar - Folkungabygden<\/title>\n<meta name=\"robots\" content=\"index, follow, max-snippet:-1, max-image-preview:large, max-video-preview:-1\" \/>\n<link rel=\"canonical\" href=\"https:\/\/www.posk.se\/folkungabygden\/om-oss\/motioner\/\" \/>\n<meta property=\"og:locale\" content=\"sv_SE\" \/>\n<meta property=\"og:type\" content=\"article\" \/>\n<meta property=\"og:title\" content=\"Debattartiklar - Folkungabygden\" \/>\n<meta property=\"og:description\" content=\"ANNONSER INF\u00d6R KYRKOVALET 2025: Annons -\u00d6stg\u00f6tatidningen &#8211; lokala programmet Annons-\u00d6stg\u00f6taTidningen-v\u00e4rvning INF\u00d6R KYRKOVALET 2025, se nedan: 2025-08-12 Vad vill politiken i kyrkan &#8211; KT 2025-08-12 Nu g\u00e5r vi till Maxim &#8211; Dagen 2025-08-12 \u00c5sikt -Corren 2025-08-12 Vad kan du g\u00f6ra &#8211; \u00d6T Debattartikel Martin L\u00f6nnebo-seminariet-2025 Ett \u00e5r kvar&#8230; kyrkoval 2025 Halvtid-Kyrkovalet 2025 INF\u00d6R KYRKOVALET 2021, se [&hellip;]\" \/>\n<meta property=\"og:url\" content=\"https:\/\/www.posk.se\/folkungabygden\/om-oss\/motioner\/\" \/>\n<meta property=\"og:site_name\" content=\"Folkungabygden\" \/>\n<meta property=\"article:modified_time\" content=\"2025-08-12T14:42:12+00:00\" \/>\n<meta name=\"twitter:card\" content=\"summary_large_image\" \/>\n<meta name=\"twitter:label1\" content=\"Ber\u00e4knad l\u00e4stid\" \/>\n\t<meta name=\"twitter:data1\" content=\"1 minut\" \/>\n<script type=\"application\/ld+json\" class=\"yoast-schema-graph\">{\"@context\":\"https:\/\/schema.org\",\"@graph\":[{\"@type\":\"WebPage\",\"@id\":\"https:\/\/www.posk.se\/folkungabygden\/om-oss\/motioner\/\",\"url\":\"https:\/\/www.posk.se\/folkungabygden\/om-oss\/motioner\/\",\"name\":\"Debattartiklar - Folkungabygden\",\"isPartOf\":{\"@id\":\"https:\/\/www.posk.se\/folkungabygden\/#website\"},\"datePublished\":\"2020-12-13T14:59:34+00:00\",\"dateModified\":\"2025-08-12T14:42:12+00:00\",\"breadcrumb\":{\"@id\":\"https:\/\/www.posk.se\/folkungabygden\/om-oss\/motioner\/#breadcrumb\"},\"inLanguage\":\"sv-SE\",\"potentialAction\":[{\"@type\":\"ReadAction\",\"target\":[\"https:\/\/www.posk.se\/folkungabygden\/om-oss\/motioner\/\"]}]},{\"@type\":\"BreadcrumbList\",\"@id\":\"https:\/\/www.posk.se\/folkungabygden\/om-oss\/motioner\/#breadcrumb\",\"itemListElement\":[{\"@type\":\"ListItem\",\"position\":1,\"name\":\"Hem\",\"item\":\"https:\/\/www.posk.se\/folkungabygden\/\"},{\"@type\":\"ListItem\",\"position\":2,\"name\":\"Om oss\",\"item\":\"https:\/\/www.posk.se\/folkungabygden\/om-oss\/\"},{\"@type\":\"ListItem\",\"position\":3,\"name\":\"Debattartiklar\"}]},{\"@type\":\"WebSite\",\"@id\":\"https:\/\/www.posk.se\/folkungabygden\/#website\",\"url\":\"https:\/\/www.posk.se\/folkungabygden\/\",\"name\":\"Folkungabygden\",\"description\":\"POSK-grupp i Link\u00f6pings stift\",\"potentialAction\":[{\"@type\":\"SearchAction\",\"target\":{\"@type\":\"EntryPoint\",\"urlTemplate\":\"https:\/\/www.posk.se\/folkungabygden\/?s={search_term_string}\"},\"query-input\":{\"@type\":\"PropertyValueSpecification\",\"valueRequired\":true,\"valueName\":\"search_term_string\"}}],\"inLanguage\":\"sv-SE\"}]}<\/script>\n<!-- \/ Yoast SEO plugin. -->","yoast_head_json":{"title":"Debattartiklar - Folkungabygden","robots":{"index":"index","follow":"follow","max-snippet":"max-snippet:-1","max-image-preview":"max-image-preview:large","max-video-preview":"max-video-preview:-1"},"canonical":"https:\/\/www.posk.se\/folkungabygden\/om-oss\/motioner\/","og_locale":"sv_SE","og_type":"article","og_title":"Debattartiklar - Folkungabygden","og_description":"ANNONSER INF\u00d6R KYRKOVALET 2025: Annons -\u00d6stg\u00f6tatidningen &#8211; lokala programmet Annons-\u00d6stg\u00f6taTidningen-v\u00e4rvning INF\u00d6R KYRKOVALET 2025, se nedan: 2025-08-12 Vad vill politiken i kyrkan &#8211; KT 2025-08-12 Nu g\u00e5r vi till Maxim &#8211; Dagen 2025-08-12 \u00c5sikt -Corren 2025-08-12 Vad kan du g\u00f6ra &#8211; \u00d6T Debattartikel Martin L\u00f6nnebo-seminariet-2025 Ett \u00e5r kvar&#8230; kyrkoval 2025 Halvtid-Kyrkovalet 2025 INF\u00d6R KYRKOVALET 2021, se [&hellip;]","og_url":"https:\/\/www.posk.se\/folkungabygden\/om-oss\/motioner\/","og_site_name":"Folkungabygden","article_modified_time":"2025-08-12T14:42:12+00:00","twitter_card":"summary_large_image","twitter_misc":{"Ber\u00e4knad l\u00e4stid":"1 minut"},"schema":{"@context":"https:\/\/schema.org","@graph":[{"@type":"WebPage","@id":"https:\/\/www.posk.se\/folkungabygden\/om-oss\/motioner\/","url":"https:\/\/www.posk.se\/folkungabygden\/om-oss\/motioner\/","name":"Debattartiklar - Folkungabygden","isPartOf":{"@id":"https:\/\/www.posk.se\/folkungabygden\/#website"},"datePublished":"2020-12-13T14:59:34+00:00","dateModified":"2025-08-12T14:42:12+00:00","breadcrumb":{"@id":"https:\/\/www.posk.se\/folkungabygden\/om-oss\/motioner\/#breadcrumb"},"inLanguage":"sv-SE","potentialAction":[{"@type":"ReadAction","target":["https:\/\/www.posk.se\/folkungabygden\/om-oss\/motioner\/"]}]},{"@type":"BreadcrumbList","@id":"https:\/\/www.posk.se\/folkungabygden\/om-oss\/motioner\/#breadcrumb","itemListElement":[{"@type":"ListItem","position":1,"name":"Hem","item":"https:\/\/www.posk.se\/folkungabygden\/"},{"@type":"ListItem","position":2,"name":"Om oss","item":"https:\/\/www.posk.se\/folkungabygden\/om-oss\/"},{"@type":"ListItem","position":3,"name":"Debattartiklar"}]},{"@type":"WebSite","@id":"https:\/\/www.posk.se\/folkungabygden\/#website","url":"https:\/\/www.posk.se\/folkungabygden\/","name":"Folkungabygden","description":"POSK-grupp i Link\u00f6pings stift","potentialAction":[{"@type":"SearchAction","target":{"@type":"EntryPoint","urlTemplate":"https:\/\/www.posk.se\/folkungabygden\/?s={search_term_string}"},"query-input":{"@type":"PropertyValueSpecification","valueRequired":true,"valueName":"search_term_string"}}],"inLanguage":"sv-SE"}]}},"_links":{"self":[{"href":"https:\/\/www.posk.se\/folkungabygden\/wp-json\/wp\/v2\/pages\/318","targetHints":{"allow":["GET"]}}],"collection":[{"href":"https:\/\/www.posk.se\/folkungabygden\/wp-json\/wp\/v2\/pages"}],"about":[{"href":"https:\/\/www.posk.se\/folkungabygden\/wp-json\/wp\/v2\/types\/page"}],"author":[{"embeddable":true,"href":"https:\/\/www.posk.se\/folkungabygden\/wp-json\/wp\/v2\/users\/1"}],"replies":[{"embeddable":true,"href":"https:\/\/www.posk.se\/folkungabygden\/wp-json\/wp\/v2\/comments?post=318"}],"version-history":[{"count":48,"href":"https:\/\/www.posk.se\/folkungabygden\/wp-json\/wp\/v2\/pages\/318\/revisions"}],"predecessor-version":[{"id":1182,"href":"https:\/\/www.posk.se\/folkungabygden\/wp-json\/wp\/v2\/pages\/318\/revisions\/1182"}],"up":[{"embeddable":true,"href":"https:\/\/www.posk.se\/folkungabygden\/wp-json\/wp\/v2\/pages\/1082"}],"wp:attachment":[{"href":"https:\/\/www.posk.se\/folkungabygden\/wp-json\/wp\/v2\/media?parent=318"}],"curies":[{"name":"wp","href":"https:\/\/api.w.org\/{rel}","templated":true}]}}