{"id":97,"date":"2025-06-10T11:15:43","date_gmt":"2025-06-10T09:15:43","guid":{"rendered":"https:\/\/www.posk.se\/eslov\/?page_id=97"},"modified":"2025-06-10T12:23:25","modified_gmt":"2025-06-10T10:23:25","slug":"vart-program","status":"publish","type":"page","link":"https:\/\/www.posk.se\/eslov\/vart-program\/","title":{"rendered":"V\u00e5rt program"},"content":{"rendered":"<div>\n<ul>\n<li>att gudstj\u00e4nster och f\u00f6rsamlingsverksamhet bedrivs i alla kyrkor och lokaler, s\u00e5 att f\u00f6rsamlingsborna kan delta d\u00e4r de k\u00e4nner sig hemma.<\/li>\n<li>uppmuntra engagemang fr\u00e5n b\u00e5de anst\u00e4llda och frivilliga i hela pastoratet samt st\u00e4rka ideella medarbetares roll genom utbildning, uppmuntran och ansvar.<\/li>\n<li>att beslut fattas s\u00e5 n\u00e4ra verksamheten och medlemmarna som m\u00f6jligt, med en \u00e5terh\u00e5llsam inst\u00e4llning till arvodering av f\u00f6rtroendeuppdrag.<\/li>\n<li>kontinuerligt se \u00f6ver behov och m\u00f6jligheter f\u00f6r diakonalt arbete, b\u00e5de lokalt och internationellt, samt ansl\u00e5 medel till internationell diakoni och mission.<\/li>\n<li>fr\u00e4mja k\u00f6rs\u00e5ng och kyrkomusik som inkluderar alla \u00e5ldrar och verka f\u00f6r en ny generation kyrkomusiker genom att fler kyrkomusiker erbjuder instrumentundervisning.<\/li>\n<li>att varje f\u00f6rsamling har en tydlig plan f\u00f6r l\u00e4rande och undervisning, f\u00f6r barn, unga och vuxna.<\/li>\n<li>att Svenska kyrkan tar ansvar f\u00f6r skapelsen genom att arbeta mot klimatf\u00f6r\u00e4ndringar, st\u00f6dja r\u00e4ttvis handel och verka f\u00f6r ett h\u00e5llbart nyttjande av jordens resurser.<\/li>\n<\/ul>\n<\/div>\n<p>Reviderat 2025-06-09<\/p>\n","protected":false},"excerpt":{"rendered":"<p>att gudstj\u00e4nster och f\u00f6rsamlingsverksamhet bedrivs i alla kyrkor och lokaler, s\u00e5 att f\u00f6rsamlingsborna kan delta d\u00e4r de k\u00e4nner sig hemma. uppmuntra engagemang fr\u00e5n b\u00e5de anst\u00e4llda och frivilliga i hela pastoratet samt st\u00e4rka ideella medarbetares roll genom utbildning, uppmuntran och ansvar. att beslut fattas s\u00e5 n\u00e4ra verksamheten och medlemmarna som m\u00f6jligt, med en \u00e5terh\u00e5llsam inst\u00e4llning till [&hellip;]<\/p>\n","protected":false},"author":1907,"featured_media":0,"parent":0,"menu_order":0,"comment_status":"closed","ping_status":"closed","template":"page-templates\/page-sidebar-left.php","meta":{"_acf_changed":false,"footnotes":""},"class_list":["post-97","page","type-page","status-publish","hentry"],"acf":[],"yoast_head":"<!-- This site is optimized with the Yoast SEO plugin v24.9 - https:\/\/yoast.com\/wordpress\/plugins\/seo\/ -->\n<title>V\u00e5rt program - Esl\u00f6v<\/title>\n<meta name=\"robots\" content=\"index, follow, max-snippet:-1, max-image-preview:large, max-video-preview:-1\" \/>\n<link rel=\"canonical\" href=\"https:\/\/www.posk.se\/eslov\/vart-program\/\" \/>\n<meta property=\"og:locale\" content=\"sv_SE\" \/>\n<meta property=\"og:type\" content=\"article\" \/>\n<meta property=\"og:title\" content=\"V\u00e5rt program - Esl\u00f6v\" \/>\n<meta property=\"og:description\" content=\"att gudstj\u00e4nster och f\u00f6rsamlingsverksamhet bedrivs i alla kyrkor och lokaler, s\u00e5 att f\u00f6rsamlingsborna kan delta d\u00e4r de k\u00e4nner sig hemma. uppmuntra engagemang fr\u00e5n b\u00e5de anst\u00e4llda och frivilliga i hela pastoratet samt st\u00e4rka ideella medarbetares roll genom utbildning, uppmuntran och ansvar. att beslut fattas s\u00e5 n\u00e4ra verksamheten och medlemmarna som m\u00f6jligt, med en \u00e5terh\u00e5llsam inst\u00e4llning till [&hellip;]\" \/>\n<meta property=\"og:url\" content=\"https:\/\/www.posk.se\/eslov\/vart-program\/\" \/>\n<meta property=\"og:site_name\" content=\"Esl\u00f6v\" \/>\n<meta property=\"article:modified_time\" content=\"2025-06-10T10:23:25+00:00\" \/>\n<meta name=\"twitter:card\" content=\"summary_large_image\" \/>\n<meta name=\"twitter:label1\" content=\"Ber\u00e4knad l\u00e4stid\" \/>\n\t<meta name=\"twitter:data1\" content=\"1 minut\" \/>\n<script type=\"application\/ld+json\" class=\"yoast-schema-graph\">{\"@context\":\"https:\/\/schema.org\",\"@graph\":[{\"@type\":\"WebPage\",\"@id\":\"https:\/\/www.posk.se\/eslov\/vart-program\/\",\"url\":\"https:\/\/www.posk.se\/eslov\/vart-program\/\",\"name\":\"V\u00e5rt program - Esl\u00f6v\",\"isPartOf\":{\"@id\":\"https:\/\/www.posk.se\/eslov\/#website\"},\"datePublished\":\"2025-06-10T09:15:43+00:00\",\"dateModified\":\"2025-06-10T10:23:25+00:00\",\"breadcrumb\":{\"@id\":\"https:\/\/www.posk.se\/eslov\/vart-program\/#breadcrumb\"},\"inLanguage\":\"sv-SE\",\"potentialAction\":[{\"@type\":\"ReadAction\",\"target\":[\"https:\/\/www.posk.se\/eslov\/vart-program\/\"]}]},{\"@type\":\"BreadcrumbList\",\"@id\":\"https:\/\/www.posk.se\/eslov\/vart-program\/#breadcrumb\",\"itemListElement\":[{\"@type\":\"ListItem\",\"position\":1,\"name\":\"Hem\",\"item\":\"https:\/\/www.posk.se\/eslov\/\"},{\"@type\":\"ListItem\",\"position\":2,\"name\":\"V\u00e5rt program\"}]},{\"@type\":\"WebSite\",\"@id\":\"https:\/\/www.posk.se\/eslov\/#website\",\"url\":\"https:\/\/www.posk.se\/eslov\/\",\"name\":\"Esl\u00f6v\",\"description\":\"POSK-grupp i Lunds stift\",\"potentialAction\":[{\"@type\":\"SearchAction\",\"target\":{\"@type\":\"EntryPoint\",\"urlTemplate\":\"https:\/\/www.posk.se\/eslov\/?s={search_term_string}\"},\"query-input\":{\"@type\":\"PropertyValueSpecification\",\"valueRequired\":true,\"valueName\":\"search_term_string\"}}],\"inLanguage\":\"sv-SE\"}]}<\/script>\n<!-- \/ Yoast SEO plugin. -->","yoast_head_json":{"title":"V\u00e5rt program - Esl\u00f6v","robots":{"index":"index","follow":"follow","max-snippet":"max-snippet:-1","max-image-preview":"max-image-preview:large","max-video-preview":"max-video-preview:-1"},"canonical":"https:\/\/www.posk.se\/eslov\/vart-program\/","og_locale":"sv_SE","og_type":"article","og_title":"V\u00e5rt program - Esl\u00f6v","og_description":"att gudstj\u00e4nster och f\u00f6rsamlingsverksamhet bedrivs i alla kyrkor och lokaler, s\u00e5 att f\u00f6rsamlingsborna kan delta d\u00e4r de k\u00e4nner sig hemma. uppmuntra engagemang fr\u00e5n b\u00e5de anst\u00e4llda och frivilliga i hela pastoratet samt st\u00e4rka ideella medarbetares roll genom utbildning, uppmuntran och ansvar. att beslut fattas s\u00e5 n\u00e4ra verksamheten och medlemmarna som m\u00f6jligt, med en \u00e5terh\u00e5llsam inst\u00e4llning till [&hellip;]","og_url":"https:\/\/www.posk.se\/eslov\/vart-program\/","og_site_name":"Esl\u00f6v","article_modified_time":"2025-06-10T10:23:25+00:00","twitter_card":"summary_large_image","twitter_misc":{"Ber\u00e4knad l\u00e4stid":"1 minut"},"schema":{"@context":"https:\/\/schema.org","@graph":[{"@type":"WebPage","@id":"https:\/\/www.posk.se\/eslov\/vart-program\/","url":"https:\/\/www.posk.se\/eslov\/vart-program\/","name":"V\u00e5rt program - Esl\u00f6v","isPartOf":{"@id":"https:\/\/www.posk.se\/eslov\/#website"},"datePublished":"2025-06-10T09:15:43+00:00","dateModified":"2025-06-10T10:23:25+00:00","breadcrumb":{"@id":"https:\/\/www.posk.se\/eslov\/vart-program\/#breadcrumb"},"inLanguage":"sv-SE","potentialAction":[{"@type":"ReadAction","target":["https:\/\/www.posk.se\/eslov\/vart-program\/"]}]},{"@type":"BreadcrumbList","@id":"https:\/\/www.posk.se\/eslov\/vart-program\/#breadcrumb","itemListElement":[{"@type":"ListItem","position":1,"name":"Hem","item":"https:\/\/www.posk.se\/eslov\/"},{"@type":"ListItem","position":2,"name":"V\u00e5rt program"}]},{"@type":"WebSite","@id":"https:\/\/www.posk.se\/eslov\/#website","url":"https:\/\/www.posk.se\/eslov\/","name":"Esl\u00f6v","description":"POSK-grupp i Lunds stift","potentialAction":[{"@type":"SearchAction","target":{"@type":"EntryPoint","urlTemplate":"https:\/\/www.posk.se\/eslov\/?s={search_term_string}"},"query-input":{"@type":"PropertyValueSpecification","valueRequired":true,"valueName":"search_term_string"}}],"inLanguage":"sv-SE"}]}},"_links":{"self":[{"href":"https:\/\/www.posk.se\/eslov\/wp-json\/wp\/v2\/pages\/97","targetHints":{"allow":["GET"]}}],"collection":[{"href":"https:\/\/www.posk.se\/eslov\/wp-json\/wp\/v2\/pages"}],"about":[{"href":"https:\/\/www.posk.se\/eslov\/wp-json\/wp\/v2\/types\/page"}],"author":[{"embeddable":true,"href":"https:\/\/www.posk.se\/eslov\/wp-json\/wp\/v2\/users\/1907"}],"replies":[{"embeddable":true,"href":"https:\/\/www.posk.se\/eslov\/wp-json\/wp\/v2\/comments?post=97"}],"version-history":[{"count":6,"href":"https:\/\/www.posk.se\/eslov\/wp-json\/wp\/v2\/pages\/97\/revisions"}],"predecessor-version":[{"id":106,"href":"https:\/\/www.posk.se\/eslov\/wp-json\/wp\/v2\/pages\/97\/revisions\/106"}],"wp:attachment":[{"href":"https:\/\/www.posk.se\/eslov\/wp-json\/wp\/v2\/media?parent=97"}],"curies":[{"name":"wp","href":"https:\/\/api.w.org\/{rel}","templated":true}]}}