{"id":60,"date":"2017-08-31T15:44:24","date_gmt":"2017-08-31T13:44:24","guid":{"rendered":"https:\/\/www.posk.se\/ekero\/?page_id=60"},"modified":"2026-01-18T20:31:58","modified_gmt":"2026-01-18T19:31:58","slug":"roster","status":"publish","type":"page","link":"https:\/\/www.posk.se\/ekero\/roster\/","title":{"rendered":"Program f\u00f6r valet 2025"},"content":{"rendered":"<h3><img loading=\"lazy\" decoding=\"async\" class=\"aligncenter size-full wp-image-397\" src=\"https:\/\/www.posk.se\/ekero\/wp-content\/uploads\/sites\/135\/2025\/05\/gruppbild-beskuren-scaled.jpg\" alt=\"\" width=\"2560\" height=\"2082\" srcset=\"https:\/\/www.posk.se\/ekero\/wp-content\/uploads\/sites\/135\/2025\/05\/gruppbild-beskuren-scaled.jpg 2560w, https:\/\/www.posk.se\/ekero\/wp-content\/uploads\/sites\/135\/2025\/05\/gruppbild-beskuren-300x244.jpg 300w, https:\/\/www.posk.se\/ekero\/wp-content\/uploads\/sites\/135\/2025\/05\/gruppbild-beskuren-1024x833.jpg 1024w, https:\/\/www.posk.se\/ekero\/wp-content\/uploads\/sites\/135\/2025\/05\/gruppbild-beskuren-768x625.jpg 768w, https:\/\/www.posk.se\/ekero\/wp-content\/uploads\/sites\/135\/2025\/05\/gruppbild-beskuren-1536x1249.jpg 1536w, https:\/\/www.posk.se\/ekero\/wp-content\/uploads\/sites\/135\/2025\/05\/gruppbild-beskuren-2048x1665.jpg 2048w, https:\/\/www.posk.se\/ekero\/wp-content\/uploads\/sites\/135\/2025\/05\/gruppbild-beskuren-330x268.jpg 330w\" sizes=\"auto, (max-width: 2560px) 100vw, 2560px\" \/><\/h3>\n<p><strong>Vi \u00e4r alla p\u00e5 olika s\u00e4tt engagerade i pastoratets verksamhet. <\/strong><strong>Med v\u00e5ra erfarenheter och kunskaper vill vi bidra och arbeta <span style=\"color: #000000\">f\u00f6r en fortsatt positiv utveckling av verksamheten i Eker\u00f6 pastorat.<\/span><\/strong><\/p>\n<p><strong>.<\/strong><\/p>\n<p><strong><img loading=\"lazy\" decoding=\"async\" class=\" wp-image-399 alignleft\" src=\"https:\/\/www.posk.se\/ekero\/wp-content\/uploads\/sites\/135\/2025\/05\/valsedel-ekero-pastorat-1-scaled.jpg\" alt=\"\" width=\"388\" height=\"564\" \/>\u00a0Vi vill arbeta f\u00f6r<\/strong><br \/>\n&#8211; ett rikt gudstj\u00e4nstliv<br \/>\n&#8211; en fortsatt rik musikalisk verksamhet f\u00f6r olika \u00e5ldrar<br \/>\n&#8211; m\u00f6tesplatser f\u00f6r den som \u00e4r nyfiken p\u00e5 kristen tro<\/p>\n<p><strong>Vi vill att v\u00e5ra f\u00f6rsamlingar ska k\u00e4nnetecknas av<\/strong><br \/>\n&#8211; tillg\u00e4nglighet, m\u00e5ngfald och respekt<br \/>\n&#8211; m\u00f6ten \u00f6ver generationsgr\u00e4nserna<br \/>\n&#8211; verksamheter som fr\u00e4mjar ett gott samh\u00e4lle<br \/>\n&#8211; att allas kompetenser ska tas tillvara<\/p>\n<p><strong>Vi vill v\u00e4rna om<\/strong><br \/>\n&#8211; kulturarvet &#8211; v\u00e5ra kyrkor och kyrkog\u00e5rdar<br \/>\n&#8211;\u00a0 det p\u00e5g\u00e5ende arbetet f\u00f6r klimat och milj\u00f6<br \/>\n&#8211; ett fortsatt engagemang i Kyrkornas Secondhand<\/p>\n<p>&nbsp;<\/p>\n<p>&nbsp;<\/p>\n<p>&nbsp;<\/p>\n<p>&nbsp;<\/p>\n<p>&nbsp;<\/p>\n<p>&nbsp;<\/p>\n<p>&nbsp;<\/p>\n<p>&nbsp;<\/p>\n<p>&nbsp;<\/p>\n<p>&nbsp;<\/p>\n<p>&nbsp;<\/p>\n<blockquote><p>&nbsp;<\/p><\/blockquote>\n","protected":false},"excerpt":{"rendered":"<p>Vi \u00e4r alla p\u00e5 olika s\u00e4tt engagerade i pastoratets verksamhet. Med v\u00e5ra erfarenheter och kunskaper vill vi bidra och arbeta f\u00f6r en fortsatt positiv utveckling av verksamheten i Eker\u00f6 pastorat. . \u00a0Vi vill arbeta f\u00f6r &#8211; ett rikt gudstj\u00e4nstliv &#8211; en fortsatt rik musikalisk verksamhet f\u00f6r olika \u00e5ldrar &#8211; m\u00f6tesplatser f\u00f6r den som \u00e4r nyfiken [&hellip;]<\/p>\n","protected":false},"author":148,"featured_media":0,"parent":0,"menu_order":1,"comment_status":"closed","ping_status":"closed","template":"page-templates\/page-sidebar-left.php","meta":{"_acf_changed":false,"footnotes":""},"class_list":["post-60","page","type-page","status-publish","hentry"],"acf":[],"yoast_head":"<!-- This site is optimized with the Yoast SEO plugin v24.9 - https:\/\/yoast.com\/wordpress\/plugins\/seo\/ -->\n<title>Program f\u00f6r valet 2025 - Eker\u00f6<\/title>\n<meta name=\"robots\" content=\"index, follow, max-snippet:-1, max-image-preview:large, max-video-preview:-1\" \/>\n<link rel=\"canonical\" href=\"https:\/\/www.posk.se\/ekero\/roster\/\" \/>\n<meta property=\"og:locale\" content=\"sv_SE\" \/>\n<meta property=\"og:type\" content=\"article\" \/>\n<meta property=\"og:title\" content=\"Program f\u00f6r valet 2025 - Eker\u00f6\" \/>\n<meta property=\"og:description\" content=\"Vi \u00e4r alla p\u00e5 olika s\u00e4tt engagerade i pastoratets verksamhet. Med v\u00e5ra erfarenheter och kunskaper vill vi bidra och arbeta f\u00f6r en fortsatt positiv utveckling av verksamheten i Eker\u00f6 pastorat. . \u00a0Vi vill arbeta f\u00f6r &#8211; ett rikt gudstj\u00e4nstliv &#8211; en fortsatt rik musikalisk verksamhet f\u00f6r olika \u00e5ldrar &#8211; m\u00f6tesplatser f\u00f6r den som \u00e4r nyfiken [&hellip;]\" \/>\n<meta property=\"og:url\" content=\"https:\/\/www.posk.se\/ekero\/roster\/\" \/>\n<meta property=\"og:site_name\" content=\"Eker\u00f6\" \/>\n<meta property=\"article:modified_time\" content=\"2026-01-18T19:31:58+00:00\" \/>\n<meta property=\"og:image\" content=\"https:\/\/www.posk.se\/ekero\/wp-content\/uploads\/sites\/135\/2025\/05\/gruppbild-beskuren-scaled.jpg\" \/>\n\t<meta property=\"og:image:width\" content=\"2560\" \/>\n\t<meta property=\"og:image:height\" content=\"2082\" \/>\n\t<meta property=\"og:image:type\" content=\"image\/jpeg\" \/>\n<meta name=\"twitter:card\" content=\"summary_large_image\" \/>\n<meta name=\"twitter:label1\" content=\"Ber\u00e4knad l\u00e4stid\" \/>\n\t<meta name=\"twitter:data1\" content=\"1 minut\" \/>\n<script type=\"application\/ld+json\" class=\"yoast-schema-graph\">{\"@context\":\"https:\/\/schema.org\",\"@graph\":[{\"@type\":\"WebPage\",\"@id\":\"https:\/\/www.posk.se\/ekero\/roster\/\",\"url\":\"https:\/\/www.posk.se\/ekero\/roster\/\",\"name\":\"Program f\u00f6r valet 2025 - Eker\u00f6\",\"isPartOf\":{\"@id\":\"https:\/\/www.posk.se\/ekero\/#website\"},\"primaryImageOfPage\":{\"@id\":\"https:\/\/www.posk.se\/ekero\/roster\/#primaryimage\"},\"image\":{\"@id\":\"https:\/\/www.posk.se\/ekero\/roster\/#primaryimage\"},\"thumbnailUrl\":\"https:\/\/www.posk.se\/ekero\/wp-content\/uploads\/sites\/135\/2025\/05\/gruppbild-beskuren-scaled.jpg\",\"datePublished\":\"2017-08-31T13:44:24+00:00\",\"dateModified\":\"2026-01-18T19:31:58+00:00\",\"breadcrumb\":{\"@id\":\"https:\/\/www.posk.se\/ekero\/roster\/#breadcrumb\"},\"inLanguage\":\"sv-SE\",\"potentialAction\":[{\"@type\":\"ReadAction\",\"target\":[\"https:\/\/www.posk.se\/ekero\/roster\/\"]}]},{\"@type\":\"ImageObject\",\"inLanguage\":\"sv-SE\",\"@id\":\"https:\/\/www.posk.se\/ekero\/roster\/#primaryimage\",\"url\":\"https:\/\/www.posk.se\/ekero\/wp-content\/uploads\/sites\/135\/2025\/05\/gruppbild-beskuren-scaled.jpg\",\"contentUrl\":\"https:\/\/www.posk.se\/ekero\/wp-content\/uploads\/sites\/135\/2025\/05\/gruppbild-beskuren-scaled.jpg\",\"width\":2560,\"height\":2082},{\"@type\":\"BreadcrumbList\",\"@id\":\"https:\/\/www.posk.se\/ekero\/roster\/#breadcrumb\",\"itemListElement\":[{\"@type\":\"ListItem\",\"position\":1,\"name\":\"Hem\",\"item\":\"https:\/\/www.posk.se\/ekero\/\"},{\"@type\":\"ListItem\",\"position\":2,\"name\":\"Program f\u00f6r valet 2025\"}]},{\"@type\":\"WebSite\",\"@id\":\"https:\/\/www.posk.se\/ekero\/#website\",\"url\":\"https:\/\/www.posk.se\/ekero\/\",\"name\":\"Eker\u00f6\",\"description\":\"POSK-grupp i Stockholms stift\",\"potentialAction\":[{\"@type\":\"SearchAction\",\"target\":{\"@type\":\"EntryPoint\",\"urlTemplate\":\"https:\/\/www.posk.se\/ekero\/?s={search_term_string}\"},\"query-input\":{\"@type\":\"PropertyValueSpecification\",\"valueRequired\":true,\"valueName\":\"search_term_string\"}}],\"inLanguage\":\"sv-SE\"}]}<\/script>\n<!-- \/ Yoast SEO plugin. -->","yoast_head_json":{"title":"Program f\u00f6r valet 2025 - Eker\u00f6","robots":{"index":"index","follow":"follow","max-snippet":"max-snippet:-1","max-image-preview":"max-image-preview:large","max-video-preview":"max-video-preview:-1"},"canonical":"https:\/\/www.posk.se\/ekero\/roster\/","og_locale":"sv_SE","og_type":"article","og_title":"Program f\u00f6r valet 2025 - Eker\u00f6","og_description":"Vi \u00e4r alla p\u00e5 olika s\u00e4tt engagerade i pastoratets verksamhet. Med v\u00e5ra erfarenheter och kunskaper vill vi bidra och arbeta f\u00f6r en fortsatt positiv utveckling av verksamheten i Eker\u00f6 pastorat. . \u00a0Vi vill arbeta f\u00f6r &#8211; ett rikt gudstj\u00e4nstliv &#8211; en fortsatt rik musikalisk verksamhet f\u00f6r olika \u00e5ldrar &#8211; m\u00f6tesplatser f\u00f6r den som \u00e4r nyfiken [&hellip;]","og_url":"https:\/\/www.posk.se\/ekero\/roster\/","og_site_name":"Eker\u00f6","article_modified_time":"2026-01-18T19:31:58+00:00","og_image":[{"width":2560,"height":2082,"url":"https:\/\/www.posk.se\/ekero\/wp-content\/uploads\/sites\/135\/2025\/05\/gruppbild-beskuren-scaled.jpg","type":"image\/jpeg"}],"twitter_card":"summary_large_image","twitter_misc":{"Ber\u00e4knad l\u00e4stid":"1 minut"},"schema":{"@context":"https:\/\/schema.org","@graph":[{"@type":"WebPage","@id":"https:\/\/www.posk.se\/ekero\/roster\/","url":"https:\/\/www.posk.se\/ekero\/roster\/","name":"Program f\u00f6r valet 2025 - Eker\u00f6","isPartOf":{"@id":"https:\/\/www.posk.se\/ekero\/#website"},"primaryImageOfPage":{"@id":"https:\/\/www.posk.se\/ekero\/roster\/#primaryimage"},"image":{"@id":"https:\/\/www.posk.se\/ekero\/roster\/#primaryimage"},"thumbnailUrl":"https:\/\/www.posk.se\/ekero\/wp-content\/uploads\/sites\/135\/2025\/05\/gruppbild-beskuren-scaled.jpg","datePublished":"2017-08-31T13:44:24+00:00","dateModified":"2026-01-18T19:31:58+00:00","breadcrumb":{"@id":"https:\/\/www.posk.se\/ekero\/roster\/#breadcrumb"},"inLanguage":"sv-SE","potentialAction":[{"@type":"ReadAction","target":["https:\/\/www.posk.se\/ekero\/roster\/"]}]},{"@type":"ImageObject","inLanguage":"sv-SE","@id":"https:\/\/www.posk.se\/ekero\/roster\/#primaryimage","url":"https:\/\/www.posk.se\/ekero\/wp-content\/uploads\/sites\/135\/2025\/05\/gruppbild-beskuren-scaled.jpg","contentUrl":"https:\/\/www.posk.se\/ekero\/wp-content\/uploads\/sites\/135\/2025\/05\/gruppbild-beskuren-scaled.jpg","width":2560,"height":2082},{"@type":"BreadcrumbList","@id":"https:\/\/www.posk.se\/ekero\/roster\/#breadcrumb","itemListElement":[{"@type":"ListItem","position":1,"name":"Hem","item":"https:\/\/www.posk.se\/ekero\/"},{"@type":"ListItem","position":2,"name":"Program f\u00f6r valet 2025"}]},{"@type":"WebSite","@id":"https:\/\/www.posk.se\/ekero\/#website","url":"https:\/\/www.posk.se\/ekero\/","name":"Eker\u00f6","description":"POSK-grupp i Stockholms stift","potentialAction":[{"@type":"SearchAction","target":{"@type":"EntryPoint","urlTemplate":"https:\/\/www.posk.se\/ekero\/?s={search_term_string}"},"query-input":{"@type":"PropertyValueSpecification","valueRequired":true,"valueName":"search_term_string"}}],"inLanguage":"sv-SE"}]}},"_links":{"self":[{"href":"https:\/\/www.posk.se\/ekero\/wp-json\/wp\/v2\/pages\/60","targetHints":{"allow":["GET"]}}],"collection":[{"href":"https:\/\/www.posk.se\/ekero\/wp-json\/wp\/v2\/pages"}],"about":[{"href":"https:\/\/www.posk.se\/ekero\/wp-json\/wp\/v2\/types\/page"}],"author":[{"embeddable":true,"href":"https:\/\/www.posk.se\/ekero\/wp-json\/wp\/v2\/users\/148"}],"replies":[{"embeddable":true,"href":"https:\/\/www.posk.se\/ekero\/wp-json\/wp\/v2\/comments?post=60"}],"version-history":[{"count":52,"href":"https:\/\/www.posk.se\/ekero\/wp-json\/wp\/v2\/pages\/60\/revisions"}],"predecessor-version":[{"id":550,"href":"https:\/\/www.posk.se\/ekero\/wp-json\/wp\/v2\/pages\/60\/revisions\/550"}],"wp:attachment":[{"href":"https:\/\/www.posk.se\/ekero\/wp-json\/wp\/v2\/media?parent=60"}],"curies":[{"name":"wp","href":"https:\/\/api.w.org\/{rel}","templated":true}]}}