{"id":174,"date":"2022-11-04T16:24:18","date_gmt":"2022-11-04T15:24:18","guid":{"rendered":"https:\/\/www.posk.se\/ekero\/?page_id=174"},"modified":"2026-04-20T17:05:57","modified_gmt":"2026-04-20T15:05:57","slug":"174-2","status":"publish","type":"page","link":"https:\/\/www.posk.se\/ekero\/174-2\/","title":{"rendered":"Styrelse och kontakt"},"content":{"rendered":"<h3>Styrelsen f\u00f6r POSK Eker\u00f6, valda p\u00e5 \u00e5rsm\u00f6tet 2025-02-17<\/h3>\n<table style=\"height: 189px;border-collapse: collapse\" border=\"1\">\n<tbody>\n<tr style=\"height: 24px\">\n<td style=\"height: 24px;width: 311px\"><strong>Ledam\u00f6ter<\/strong><\/td>\n<td style=\"width: 130px;height: 24px\"><strong>Period 1)<\/strong><\/td>\n<\/tr>\n<tr style=\"height: 24px\">\n<td style=\"height: 24px;width: 311px\">Marianne Abrahamsson, ordf\u00f6rande<\/td>\n<td style=\"width: 130px;height: 24px\">till 2027<\/td>\n<\/tr>\n<tr style=\"height: 24px\">\n<td style=\"height: 24px;width: 311px\">Maria Hegenbart<\/td>\n<td style=\"width: 130px;height: 24px\">till 2028<\/td>\n<\/tr>\n<tr style=\"height: 24px\">\n<td style=\"height: 24px;width: 311px\">Anders H\u00e4ggmark<\/td>\n<td style=\"width: 130px;height: 24px\">till 2027<\/td>\n<\/tr>\n<tr style=\"height: 23px\">\n<td style=\"height: 23px;width: 311px\">Klara Engvall<\/td>\n<td style=\"width: 130px;height: 23px\">till 2028<\/td>\n<\/tr>\n<tr style=\"height: 23px\">\n<td style=\"height: 23px;width: 311px\">Yvonne Dider (fyllnadsval)<\/td>\n<td style=\"width: 130px;height: 23px\">till 2027<\/td>\n<\/tr>\n<tr style=\"height: 23px\">\n<td style=\"height: 23px;width: 311px\">Lena Nordmark<\/td>\n<td style=\"width: 130px;height: 23px\">till 2028<\/td>\n<\/tr>\n<tr style=\"height: 24px\">\n<td style=\"height: 24px;width: 311px\">kass\u00f6r utom styrelsen Niklas Hegenbart<\/td>\n<td style=\"width: 130px;height: 24px\">till 2027<\/td>\n<\/tr>\n<\/tbody>\n<\/table>\n<p><em>1) Fr\u00e5n och med \u00e5rsm\u00f6te till \u00e5rsm\u00f6te.<\/em><\/p>\n<table style=\"border-collapse: collapse;width: 100%\" border=\"1\">\n<tbody>\n<tr style=\"height: 24px\">\n<td style=\"width: 12.5%;height: 24px\"><strong>Revisorer<\/strong><\/td>\n<td style=\"width: 13.816285%;height: 24px\"><\/td>\n<td style=\"width: 13.421373%;height: 24px\"><\/td>\n<\/tr>\n<tr style=\"height: 24px\">\n<td style=\"width: 12.5%;height: 24px\">Ordinarie<\/td>\n<td style=\"width: 13.816285%;height: 24px\">Barbro Arlinger<\/td>\n<td style=\"width: 13.421373%;height: 24px\">Margareta Palmborg<\/td>\n<\/tr>\n<tr style=\"height: 24px\">\n<td style=\"width: 12.5%;height: 24px\">Ers\u00e4ttare<\/td>\n<td style=\"width: 13.816285%;height: 24px\">Anita H\u00e4ggmark<\/td>\n<td style=\"width: 13.421373%;height: 24px\">Eva Dozzi<\/td>\n<\/tr>\n<\/tbody>\n<\/table>\n<p>&nbsp;<\/p>\n<table style=\"border-collapse: collapse;width: 100%\" border=\"1\">\n<tbody>\n<tr>\n<td style=\"width: 24.051408%\"><strong>Valberedning<\/strong><\/td>\n<td style=\"width: 24.173806%\"><\/td>\n<\/tr>\n<tr>\n<td style=\"width: 24.051408%\">Kicki Glasberg (sk)<\/td>\n<td style=\"width: 24.173806%\">Anita H\u00e4ggmark<\/td>\n<\/tr>\n<\/tbody>\n<\/table>\n<h3>Bli medlem<\/h3>\n<p>Vill du bli medlem i v\u00e5r f\u00f6rening, kontakta g\u00e4rna <a href=\"jan-hugo.nihlen@svenskakyrkan.se\">ordf\u00f6randen.<\/a><\/p>\n<div>\n<p>Medlemsavgiften till<span class=\"gmail-Apple-converted-space\">\u00a0<\/span><span class=\"gmail-il\">POSK<\/span><span class=\"gmail-Apple-converted-space\">\u00a0<\/span>Eker\u00f6 \u00e4r 200 kr\/person och nytt f\u00f6r denna mandatperiod \u00e4r att vi frivilligt kan\u00a0l\u00e4mna ett bidrag till v\u00e5r valfond. Kyrkovalet \u00e4r v\u00e5r enskilt st\u00f6rsta utgift och vi vill b\u00f6rja samla i ladorna redan nu.<\/p>\n<div>Du kan betala medlemsavgift och bidrag till valfonden p\u00e5<\/div>\n<div class=\"gmail_default\"><b>\u00a0 \u00a0 Bg \u00a0 \u00a0 \u00a0 \u00a0 \u00a0379-6265<\/b><\/div>\n<div>\u00a0 \u00a0 \u00a0 \u00a0\u00a0<em>eller<\/em><\/div>\n<div class=\"gmail_default\">\n<p><b>\u00a0 \u00a0 Swish \u00a0 123 210 24 24<\/b><\/p>\n<div class=\"gmail_default\"><span style=\"color: #800080\">Skriv p\u00e5 inbetalningen:<\/span><\/div>\n<div class=\"gmail_default\"><em><strong>\u00a0 \u00a0 1) \u00a0 POSK Eker\u00f6<\/strong><\/em><\/div>\n<div class=\"gmail_default\"><em><strong>\u00a0 \u00a0 2) \u00a0 Ditt namn<\/strong><\/em><\/div>\n<div class=\"gmail_default\"><em><strong>\u00a0 \u00a0 3) \u00a0 Medlemsavgift 200 kr<\/strong><\/em><\/div>\n<div class=\"gmail_default\"><em><strong>\u00a0 \u00a0 4) \u00a0 Eventuellt, valfond xxx kr.<\/strong><\/em><\/div>\n<p>&nbsp;<\/p>\n<h3>Kontakt<\/h3>\n<p>Vad tycker du \u00e4r viktigt? H\u00f6r g\u00e4rna av dig med dina synpunkter.<br \/>\nF\u00f6r mer information kontakta:<\/p>\n<ul>\n<li>Marianne Abrahamsson, ordf\u00f6rande POSK Eker\u00f6, <a href=\"mailto:marianneabrahamsson@telia.com\">marianneabrahamsson@telia.com<\/a><\/li>\n<li>Yvonne Dider, sekreterare POSK Eker\u00f6, <a href=\"mailto:yvonne.drsf@outlook.com\">yvonne.drsf@outlook.com<\/a><\/li>\n<\/ul>\n<\/div>\n<\/div>\n","protected":false},"excerpt":{"rendered":"<p>Styrelsen f\u00f6r POSK Eker\u00f6, valda p\u00e5 \u00e5rsm\u00f6tet 2025-02-17 Ledam\u00f6ter Period 1) Marianne Abrahamsson, ordf\u00f6rande till 2027 Maria Hegenbart till 2028 Anders H\u00e4ggmark till 2027 Klara Engvall till 2028 Yvonne Dider (fyllnadsval) till 2027 Lena Nordmark till 2028 kass\u00f6r utom styrelsen Niklas Hegenbart till 2027 1) Fr\u00e5n och med \u00e5rsm\u00f6te till \u00e5rsm\u00f6te. Revisorer Ordinarie Barbro Arlinger [&hellip;]<\/p>\n","protected":false},"author":148,"featured_media":0,"parent":0,"menu_order":7,"comment_status":"closed","ping_status":"closed","template":"page-templates\/page-sidebar-left.php","meta":{"_acf_changed":false,"footnotes":""},"class_list":["post-174","page","type-page","status-publish","hentry"],"acf":[],"yoast_head":"<!-- This site is optimized with the Yoast SEO plugin v24.9 - https:\/\/yoast.com\/wordpress\/plugins\/seo\/ -->\n<title>Styrelse och kontakt - Eker\u00f6<\/title>\n<meta name=\"robots\" content=\"index, follow, max-snippet:-1, max-image-preview:large, max-video-preview:-1\" \/>\n<link rel=\"canonical\" href=\"https:\/\/www.posk.se\/ekero\/174-2\/\" \/>\n<meta property=\"og:locale\" content=\"sv_SE\" \/>\n<meta property=\"og:type\" content=\"article\" \/>\n<meta property=\"og:title\" content=\"Styrelse och kontakt - Eker\u00f6\" \/>\n<meta property=\"og:description\" content=\"Styrelsen f\u00f6r POSK Eker\u00f6, valda p\u00e5 \u00e5rsm\u00f6tet 2025-02-17 Ledam\u00f6ter Period 1) Marianne Abrahamsson, ordf\u00f6rande till 2027 Maria Hegenbart till 2028 Anders H\u00e4ggmark till 2027 Klara Engvall till 2028 Yvonne Dider (fyllnadsval) till 2027 Lena Nordmark till 2028 kass\u00f6r utom styrelsen Niklas Hegenbart till 2027 1) Fr\u00e5n och med \u00e5rsm\u00f6te till \u00e5rsm\u00f6te. Revisorer Ordinarie Barbro Arlinger [&hellip;]\" \/>\n<meta property=\"og:url\" content=\"https:\/\/www.posk.se\/ekero\/174-2\/\" \/>\n<meta property=\"og:site_name\" content=\"Eker\u00f6\" \/>\n<meta property=\"article:modified_time\" content=\"2026-04-20T15:05:57+00:00\" \/>\n<meta name=\"twitter:card\" content=\"summary_large_image\" \/>\n<meta name=\"twitter:label1\" content=\"Ber\u00e4knad l\u00e4stid\" \/>\n\t<meta name=\"twitter:data1\" content=\"1 minut\" \/>\n<script type=\"application\/ld+json\" class=\"yoast-schema-graph\">{\"@context\":\"https:\/\/schema.org\",\"@graph\":[{\"@type\":\"WebPage\",\"@id\":\"https:\/\/www.posk.se\/ekero\/174-2\/\",\"url\":\"https:\/\/www.posk.se\/ekero\/174-2\/\",\"name\":\"Styrelse och kontakt - Eker\u00f6\",\"isPartOf\":{\"@id\":\"https:\/\/www.posk.se\/ekero\/#website\"},\"datePublished\":\"2022-11-04T15:24:18+00:00\",\"dateModified\":\"2026-04-20T15:05:57+00:00\",\"breadcrumb\":{\"@id\":\"https:\/\/www.posk.se\/ekero\/174-2\/#breadcrumb\"},\"inLanguage\":\"sv-SE\",\"potentialAction\":[{\"@type\":\"ReadAction\",\"target\":[\"https:\/\/www.posk.se\/ekero\/174-2\/\"]}]},{\"@type\":\"BreadcrumbList\",\"@id\":\"https:\/\/www.posk.se\/ekero\/174-2\/#breadcrumb\",\"itemListElement\":[{\"@type\":\"ListItem\",\"position\":1,\"name\":\"Hem\",\"item\":\"https:\/\/www.posk.se\/ekero\/\"},{\"@type\":\"ListItem\",\"position\":2,\"name\":\"Styrelse och kontakt\"}]},{\"@type\":\"WebSite\",\"@id\":\"https:\/\/www.posk.se\/ekero\/#website\",\"url\":\"https:\/\/www.posk.se\/ekero\/\",\"name\":\"Eker\u00f6\",\"description\":\"POSK-grupp i Stockholms stift\",\"potentialAction\":[{\"@type\":\"SearchAction\",\"target\":{\"@type\":\"EntryPoint\",\"urlTemplate\":\"https:\/\/www.posk.se\/ekero\/?s={search_term_string}\"},\"query-input\":{\"@type\":\"PropertyValueSpecification\",\"valueRequired\":true,\"valueName\":\"search_term_string\"}}],\"inLanguage\":\"sv-SE\"}]}<\/script>\n<!-- \/ Yoast SEO plugin. -->","yoast_head_json":{"title":"Styrelse och kontakt - Eker\u00f6","robots":{"index":"index","follow":"follow","max-snippet":"max-snippet:-1","max-image-preview":"max-image-preview:large","max-video-preview":"max-video-preview:-1"},"canonical":"https:\/\/www.posk.se\/ekero\/174-2\/","og_locale":"sv_SE","og_type":"article","og_title":"Styrelse och kontakt - Eker\u00f6","og_description":"Styrelsen f\u00f6r POSK Eker\u00f6, valda p\u00e5 \u00e5rsm\u00f6tet 2025-02-17 Ledam\u00f6ter Period 1) Marianne Abrahamsson, ordf\u00f6rande till 2027 Maria Hegenbart till 2028 Anders H\u00e4ggmark till 2027 Klara Engvall till 2028 Yvonne Dider (fyllnadsval) till 2027 Lena Nordmark till 2028 kass\u00f6r utom styrelsen Niklas Hegenbart till 2027 1) Fr\u00e5n och med \u00e5rsm\u00f6te till \u00e5rsm\u00f6te. Revisorer Ordinarie Barbro Arlinger [&hellip;]","og_url":"https:\/\/www.posk.se\/ekero\/174-2\/","og_site_name":"Eker\u00f6","article_modified_time":"2026-04-20T15:05:57+00:00","twitter_card":"summary_large_image","twitter_misc":{"Ber\u00e4knad l\u00e4stid":"1 minut"},"schema":{"@context":"https:\/\/schema.org","@graph":[{"@type":"WebPage","@id":"https:\/\/www.posk.se\/ekero\/174-2\/","url":"https:\/\/www.posk.se\/ekero\/174-2\/","name":"Styrelse och kontakt - Eker\u00f6","isPartOf":{"@id":"https:\/\/www.posk.se\/ekero\/#website"},"datePublished":"2022-11-04T15:24:18+00:00","dateModified":"2026-04-20T15:05:57+00:00","breadcrumb":{"@id":"https:\/\/www.posk.se\/ekero\/174-2\/#breadcrumb"},"inLanguage":"sv-SE","potentialAction":[{"@type":"ReadAction","target":["https:\/\/www.posk.se\/ekero\/174-2\/"]}]},{"@type":"BreadcrumbList","@id":"https:\/\/www.posk.se\/ekero\/174-2\/#breadcrumb","itemListElement":[{"@type":"ListItem","position":1,"name":"Hem","item":"https:\/\/www.posk.se\/ekero\/"},{"@type":"ListItem","position":2,"name":"Styrelse och kontakt"}]},{"@type":"WebSite","@id":"https:\/\/www.posk.se\/ekero\/#website","url":"https:\/\/www.posk.se\/ekero\/","name":"Eker\u00f6","description":"POSK-grupp i Stockholms stift","potentialAction":[{"@type":"SearchAction","target":{"@type":"EntryPoint","urlTemplate":"https:\/\/www.posk.se\/ekero\/?s={search_term_string}"},"query-input":{"@type":"PropertyValueSpecification","valueRequired":true,"valueName":"search_term_string"}}],"inLanguage":"sv-SE"}]}},"_links":{"self":[{"href":"https:\/\/www.posk.se\/ekero\/wp-json\/wp\/v2\/pages\/174","targetHints":{"allow":["GET"]}}],"collection":[{"href":"https:\/\/www.posk.se\/ekero\/wp-json\/wp\/v2\/pages"}],"about":[{"href":"https:\/\/www.posk.se\/ekero\/wp-json\/wp\/v2\/types\/page"}],"author":[{"embeddable":true,"href":"https:\/\/www.posk.se\/ekero\/wp-json\/wp\/v2\/users\/148"}],"replies":[{"embeddable":true,"href":"https:\/\/www.posk.se\/ekero\/wp-json\/wp\/v2\/comments?post=174"}],"version-history":[{"count":36,"href":"https:\/\/www.posk.se\/ekero\/wp-json\/wp\/v2\/pages\/174\/revisions"}],"predecessor-version":[{"id":552,"href":"https:\/\/www.posk.se\/ekero\/wp-json\/wp\/v2\/pages\/174\/revisions\/552"}],"wp:attachment":[{"href":"https:\/\/www.posk.se\/ekero\/wp-json\/wp\/v2\/media?parent=174"}],"curies":[{"name":"wp","href":"https:\/\/api.w.org\/{rel}","templated":true}]}}