{"id":100,"date":"2021-04-22T12:15:11","date_gmt":"2021-04-22T10:15:11","guid":{"rendered":"https:\/\/www.posk.se\/danderyd\/?page_id=100"},"modified":"2025-09-13T17:17:53","modified_gmt":"2025-09-13T15:17:53","slug":"100-2","status":"publish","type":"page","link":"https:\/\/www.posk.se\/danderyd\/100-2\/","title":{"rendered":"Vision f\u00f6r Danderyds f\u00f6rsamling"},"content":{"rendered":"<p><u>Demokrati, ekonomi och styrning<\/u><\/p>\n<p><strong>Under mandatperioden vill POSK i Danderyds f\u00f6rsamling verka f\u00f6r:<\/strong><\/p>\n<p><strong>att<\/strong> st\u00e4rka kompetensen hos f\u00f6rtroendevalda genom fortbildningsinsatser.<\/p>\n<p><strong>att<\/strong> spara pengar genom en \u00e5terh\u00e5llsamhet med arvodering f\u00f6r f\u00f6rtroendevalda.<\/p>\n<p><em>Under kyrkofullm\u00e4ktiges andra m\u00f6te 2024 lade POSK i Danderyds f\u00f6rsamling en motion med syfte att reglera arvoderingen till f\u00f6rtroendevalda. En s\u00e4nkning av arvoderingen skulle ge f\u00f6rsamlingen m\u00f6jlighet till mer verksamhet samt ge de f\u00f6rtroendevalda st\u00e4llning som ideella medarbetare.<\/em><\/p>\n<p>&nbsp;<\/p>\n<p><u>Gemenskap och Mission<\/u><\/p>\n<p><strong>Under mandatperioden vill POSK i Danderyds f\u00f6rsamling verka f\u00f6r:<\/strong><\/p>\n<p><strong>att<\/strong> ideella medarbetare efterfr\u00e5gas, utbildas, uppmuntras och ges ansvar i f\u00f6rsamlingen.<\/p>\n<p><strong>att<\/strong> de relationer f\u00f6rsamlingen har till v\u00e4nf\u00f6rsamlingarna i Moshi Tanzania och Vestiena Lettland fortsatt ska v\u00e4rdes\u00e4ttas h\u00f6gt.<\/p>\n<p><strong>att<\/strong> en gener\u00f6s attityd ska pr\u00e4gla m\u00f6tet mellan grupper med skilda uppfattningar samt att samtalsklimatet i f\u00f6rsamlingen ska pr\u00e4glas av respekt och \u00f6ppenhet.<\/p>\n<p>&nbsp;<\/p>\n<p><u>Gudstj\u00e4nstliv <\/u><\/p>\n<p><strong>Under mandatperioden vill POSK i Danderyds f\u00f6rsamling verka f\u00f6r:<\/strong><\/p>\n<p><strong>att<\/strong> gudstj\u00e4nsten ska vara f\u00f6rsamlingens centrum och st\u00e4ndigt utvecklas genom flera olika uttryckss\u00e4tt med \u00f6kat ideellt engagemang.<\/p>\n<p><strong>att<\/strong> de traditioner och fromhetsriktningar som ryms inom Svenska kyrkans tro, bek\u00e4nnelse och l\u00e4ra ska kunna ut\u00f6vas och utvecklas.<\/p>\n<p><em>S\u00f6ndagens gudstj\u00e4nst ska forts\u00e4tta vara navet i f\u00f6rsamlingens verksamhet, p\u00e5 samma uppskattade s\u00e4tt. Gudstj\u00e4nsten ska vara veckans grundsten med fokus p\u00e5 Kristi l\u00e4ra med m\u00f6jlighet att v\u00e4xa i tron. <\/em><\/p>\n<p><strong>\u00a0<\/strong><\/p>\n<p><u>Barn och ungdom<\/u><\/p>\n<p><strong>Under mandatperioden vill POSK i Danderyds f\u00f6rsamling verka f\u00f6r:<\/strong><\/p>\n<p><strong>att<\/strong> alla ungdomar som \u00f6nskar ges m\u00f6jlighet att konfirmeras inom f\u00f6rsamlingens regi samt m\u00f6jlighet till fortsatt f\u00f6rdjupning efter konfirmationstiden.<\/p>\n<p><em>Danderyd f\u00f6rsamling ska forts\u00e4tta vara en plats dit unga ges m\u00f6jlighet att utveckla sin tro. Ledarutbildning ska bedrivas med h\u00f6g kvalitet f\u00f6r att ge unga vuxna ansvar och m\u00f6jlighet att leda andra. <\/em><\/p>\n<p><strong>att<\/strong> Danderyds f\u00f6rsamling erbjuder verksamhet f\u00f6r alla barn och unga, oavsett \u00e5lder.<\/p>\n<p><em>En \u00e5ldersgrupp som l\u00e4tt hamnar mellan stolarna \u00e4r barn i 11\u201312 \u2013 \u00e5rs\u00e5ldern, d\u00e5 man \u00e4r lite f\u00f6r gammal f\u00f6r s\u00f6ndagsskola och f\u00f6r ung f\u00f6r konfirmation. Ett f\u00f6rslag p\u00e5 verksamhet f\u00f6r denna \u00e5ldersgrupp \u00e4r att starta en bokklubb, d\u00e4r man kan ta vara p\u00e5 l\u00e4slusten och kan f\u00e5nga upp begynnande existentiella fr\u00e5gor. \u00a0<\/em><\/p>\n<p>&nbsp;<\/p>\n<p><u>Kyrkomusik <\/u><\/p>\n<p><strong>Under mandatperioden vill POSK i Danderyds f\u00f6rsamling verka f\u00f6r:<\/strong><\/p>\n<p><strong>att<\/strong> musik, k\u00f6rer och konserter fortsatt f\u00e5r ha en framtr\u00e4dande plats i f\u00f6rsamlingen och i gudstj\u00e4nstlivet.<\/p>\n<p><em>Vi \u00e4r tacksamma \u00f6ver v\u00e5ra fantastiska k\u00f6rer, organister och musiker och \u00f6nskar \u00e4ven forts\u00e4ttningsvis kunna njuta av musik och k\u00f6rs\u00e5ng i v\u00e5ra kyrkor. \u00a0<\/em><\/p>\n<p><strong>\u00a0<\/strong><\/p>\n<p><u>Diakonal omsorg<\/u><\/p>\n<p><strong>Under mandatperioden vill POSK i Danderyds f\u00f6rsamling verka f\u00f6r:<\/strong><\/p>\n<p><strong>att<\/strong> reflektion och kompetensutveckling sker kring nya diakonala utmaningar.<\/p>\n<p><em>N\u00e4r det civila samh\u00e4llets f\u00f6ruts\u00e4ttningar ritas om beh\u00f6ver Svenska kyrkan och Danderyds f\u00f6rsamling reflektera \u00f6ver p\u00e5 vilket s\u00e4tt vi b\u00e4st tj\u00e4nar och st\u00f6djer m\u00e4nniskor i utsatthet. \u00a0<\/em><\/p>\n<p><strong>\u00a0<\/strong><\/p>\n<p><u>V\u00e5ra kyrkor och kulturarvet<\/u><\/p>\n<p><strong>Under mandatperioden vill POSK i Danderyds f\u00f6rsamling verka f\u00f6r:<\/strong><\/p>\n<p><strong>att<\/strong> utveckla det viktiga kulturarv som utg\u00f6rs av bland annat kyrkor och kyrkog\u00e5rdar.<\/p>\n<p><strong>att<\/strong> h\u00e5lla v\u00e5ra kyrkor \u00f6ppna med h\u00f6g tillg\u00e4nglighet.<\/p>\n<p>&nbsp;<\/p>\n<p><u>Begravningsverksamheten <\/u><\/p>\n<p><strong>Under mandatperioden vill POSK i Danderyds f\u00f6rsamling verka f\u00f6r:<\/strong><\/p>\n<p><strong>att<\/strong> forts\u00e4tta h\u00e5lla v\u00e5ra kyrkog\u00e5rdar vackra, \u00f6ppna och v\u00e4rdiga. Alla f\u00f6rsamlingens begravningsplatser ska vara en plats f\u00f6r ro och frid.<\/p>\n<p><strong>att<\/strong> det ska finnas plats f\u00f6r alla Danderydsbor att bli begravda p\u00e5 f\u00f6rsamlingens begravningsplatser.<\/p>\n<p><strong>\u00a0<\/strong><\/p>\n<p><u>Aktiv akt\u00f6r i samh\u00e4llet<\/u><\/p>\n<p><strong>Under mandatperioden vill POSK i Danderyds f\u00f6rsamling verka f\u00f6r:<\/strong><\/p>\n<p><strong>att<\/strong> f\u00f6rsamlingens f\u00f6rskola ska bedrivas p\u00e5 ett h\u00e5llbart och ansvarfullt s\u00e4tt d\u00e4r styrningen av tas p\u00e5 stort allvar.<\/p>\n<p><strong>att<\/strong> fortsatt stort fokus ska l\u00e4ggas p\u00e5 ACT Svenska Kyrkans insamlingar f\u00f6r att kunna st\u00f6tta beh\u00f6vande runt om i v\u00e4rlden som beh\u00f6ver v\u00e5r hj\u00e4lp.<\/p>\n<p>&nbsp;<\/p>\n<p>&nbsp;<\/p>\n<p>&nbsp;<\/p>\n<p>&nbsp;<\/p>\n<p><strong>\u00a0 \u00a0 \u00a0 \u00a0 \u00a0 \u00a0 \u00a0 \u00a0 \u00a0 \u00a0 \u00a0 \u00a0 \u00a0 \u00a0 \u00a0 \u00a0 \u00a0 \u00a0 \u00a0 \u00a0 \u00a0 \u00a0 \u00a0 \u00a0 \u00a0 \u00a0 \u00a0 \u00a0 \u00a0 \u00a0 \u00a0 \u00a0 \u00a0 \u00a0 \u00a0 \u00a0 \u00a0 \u00a0 \u00a0 \u00a0 \u00a0 \u00a0 \u00a0\u00a0<\/strong><\/p>\n<p>&nbsp;<\/p>\n","protected":false},"excerpt":{"rendered":"<p>Demokrati, ekonomi och styrning Under mandatperioden vill POSK i Danderyds f\u00f6rsamling verka f\u00f6r: att st\u00e4rka kompetensen hos f\u00f6rtroendevalda genom fortbildningsinsatser. att spara pengar genom en \u00e5terh\u00e5llsamhet med arvodering f\u00f6r f\u00f6rtroendevalda. Under kyrkofullm\u00e4ktiges andra m\u00f6te 2024 lade POSK i Danderyds f\u00f6rsamling en motion med syfte att reglera arvoderingen till f\u00f6rtroendevalda. En s\u00e4nkning av arvoderingen skulle ge [&hellip;]<\/p>\n","protected":false},"author":1374,"featured_media":0,"parent":0,"menu_order":4,"comment_status":"closed","ping_status":"closed","template":"page-templates\/page-sidebar-left.php","meta":{"_acf_changed":false,"footnotes":""},"class_list":["post-100","page","type-page","status-publish","hentry"],"acf":[],"yoast_head":"<!-- This site is optimized with the Yoast SEO plugin v24.9 - https:\/\/yoast.com\/wordpress\/plugins\/seo\/ -->\n<title>Vision f\u00f6r Danderyds f\u00f6rsamling - Danderyd<\/title>\n<meta name=\"robots\" content=\"index, follow, max-snippet:-1, max-image-preview:large, max-video-preview:-1\" \/>\n<link rel=\"canonical\" href=\"https:\/\/www.posk.se\/danderyd\/100-2\/\" \/>\n<meta property=\"og:locale\" content=\"sv_SE\" \/>\n<meta property=\"og:type\" content=\"article\" \/>\n<meta property=\"og:title\" content=\"Vision f\u00f6r Danderyds f\u00f6rsamling - Danderyd\" \/>\n<meta property=\"og:description\" content=\"Demokrati, ekonomi och styrning Under mandatperioden vill POSK i Danderyds f\u00f6rsamling verka f\u00f6r: att st\u00e4rka kompetensen hos f\u00f6rtroendevalda genom fortbildningsinsatser. att spara pengar genom en \u00e5terh\u00e5llsamhet med arvodering f\u00f6r f\u00f6rtroendevalda. Under kyrkofullm\u00e4ktiges andra m\u00f6te 2024 lade POSK i Danderyds f\u00f6rsamling en motion med syfte att reglera arvoderingen till f\u00f6rtroendevalda. En s\u00e4nkning av arvoderingen skulle ge [&hellip;]\" \/>\n<meta property=\"og:url\" content=\"https:\/\/www.posk.se\/danderyd\/100-2\/\" \/>\n<meta property=\"og:site_name\" content=\"Danderyd\" \/>\n<meta property=\"article:modified_time\" content=\"2025-09-13T15:17:53+00:00\" \/>\n<meta name=\"twitter:card\" content=\"summary_large_image\" \/>\n<meta name=\"twitter:label1\" content=\"Ber\u00e4knad l\u00e4stid\" \/>\n\t<meta name=\"twitter:data1\" content=\"3 minuter\" \/>\n<script type=\"application\/ld+json\" class=\"yoast-schema-graph\">{\"@context\":\"https:\/\/schema.org\",\"@graph\":[{\"@type\":\"WebPage\",\"@id\":\"https:\/\/www.posk.se\/danderyd\/100-2\/\",\"url\":\"https:\/\/www.posk.se\/danderyd\/100-2\/\",\"name\":\"Vision f\u00f6r Danderyds f\u00f6rsamling - Danderyd\",\"isPartOf\":{\"@id\":\"https:\/\/www.posk.se\/danderyd\/#website\"},\"datePublished\":\"2021-04-22T10:15:11+00:00\",\"dateModified\":\"2025-09-13T15:17:53+00:00\",\"breadcrumb\":{\"@id\":\"https:\/\/www.posk.se\/danderyd\/100-2\/#breadcrumb\"},\"inLanguage\":\"sv-SE\",\"potentialAction\":[{\"@type\":\"ReadAction\",\"target\":[\"https:\/\/www.posk.se\/danderyd\/100-2\/\"]}]},{\"@type\":\"BreadcrumbList\",\"@id\":\"https:\/\/www.posk.se\/danderyd\/100-2\/#breadcrumb\",\"itemListElement\":[{\"@type\":\"ListItem\",\"position\":1,\"name\":\"Hem\",\"item\":\"https:\/\/www.posk.se\/danderyd\/\"},{\"@type\":\"ListItem\",\"position\":2,\"name\":\"Vision f\u00f6r Danderyds f\u00f6rsamling\"}]},{\"@type\":\"WebSite\",\"@id\":\"https:\/\/www.posk.se\/danderyd\/#website\",\"url\":\"https:\/\/www.posk.se\/danderyd\/\",\"name\":\"Danderyd\",\"description\":\"POSK-grupp i Stockholms stift\",\"potentialAction\":[{\"@type\":\"SearchAction\",\"target\":{\"@type\":\"EntryPoint\",\"urlTemplate\":\"https:\/\/www.posk.se\/danderyd\/?s={search_term_string}\"},\"query-input\":{\"@type\":\"PropertyValueSpecification\",\"valueRequired\":true,\"valueName\":\"search_term_string\"}}],\"inLanguage\":\"sv-SE\"}]}<\/script>\n<!-- \/ Yoast SEO plugin. -->","yoast_head_json":{"title":"Vision f\u00f6r Danderyds f\u00f6rsamling - Danderyd","robots":{"index":"index","follow":"follow","max-snippet":"max-snippet:-1","max-image-preview":"max-image-preview:large","max-video-preview":"max-video-preview:-1"},"canonical":"https:\/\/www.posk.se\/danderyd\/100-2\/","og_locale":"sv_SE","og_type":"article","og_title":"Vision f\u00f6r Danderyds f\u00f6rsamling - Danderyd","og_description":"Demokrati, ekonomi och styrning Under mandatperioden vill POSK i Danderyds f\u00f6rsamling verka f\u00f6r: att st\u00e4rka kompetensen hos f\u00f6rtroendevalda genom fortbildningsinsatser. att spara pengar genom en \u00e5terh\u00e5llsamhet med arvodering f\u00f6r f\u00f6rtroendevalda. Under kyrkofullm\u00e4ktiges andra m\u00f6te 2024 lade POSK i Danderyds f\u00f6rsamling en motion med syfte att reglera arvoderingen till f\u00f6rtroendevalda. En s\u00e4nkning av arvoderingen skulle ge [&hellip;]","og_url":"https:\/\/www.posk.se\/danderyd\/100-2\/","og_site_name":"Danderyd","article_modified_time":"2025-09-13T15:17:53+00:00","twitter_card":"summary_large_image","twitter_misc":{"Ber\u00e4knad l\u00e4stid":"3 minuter"},"schema":{"@context":"https:\/\/schema.org","@graph":[{"@type":"WebPage","@id":"https:\/\/www.posk.se\/danderyd\/100-2\/","url":"https:\/\/www.posk.se\/danderyd\/100-2\/","name":"Vision f\u00f6r Danderyds f\u00f6rsamling - Danderyd","isPartOf":{"@id":"https:\/\/www.posk.se\/danderyd\/#website"},"datePublished":"2021-04-22T10:15:11+00:00","dateModified":"2025-09-13T15:17:53+00:00","breadcrumb":{"@id":"https:\/\/www.posk.se\/danderyd\/100-2\/#breadcrumb"},"inLanguage":"sv-SE","potentialAction":[{"@type":"ReadAction","target":["https:\/\/www.posk.se\/danderyd\/100-2\/"]}]},{"@type":"BreadcrumbList","@id":"https:\/\/www.posk.se\/danderyd\/100-2\/#breadcrumb","itemListElement":[{"@type":"ListItem","position":1,"name":"Hem","item":"https:\/\/www.posk.se\/danderyd\/"},{"@type":"ListItem","position":2,"name":"Vision f\u00f6r Danderyds f\u00f6rsamling"}]},{"@type":"WebSite","@id":"https:\/\/www.posk.se\/danderyd\/#website","url":"https:\/\/www.posk.se\/danderyd\/","name":"Danderyd","description":"POSK-grupp i Stockholms stift","potentialAction":[{"@type":"SearchAction","target":{"@type":"EntryPoint","urlTemplate":"https:\/\/www.posk.se\/danderyd\/?s={search_term_string}"},"query-input":{"@type":"PropertyValueSpecification","valueRequired":true,"valueName":"search_term_string"}}],"inLanguage":"sv-SE"}]}},"_links":{"self":[{"href":"https:\/\/www.posk.se\/danderyd\/wp-json\/wp\/v2\/pages\/100","targetHints":{"allow":["GET"]}}],"collection":[{"href":"https:\/\/www.posk.se\/danderyd\/wp-json\/wp\/v2\/pages"}],"about":[{"href":"https:\/\/www.posk.se\/danderyd\/wp-json\/wp\/v2\/types\/page"}],"author":[{"embeddable":true,"href":"https:\/\/www.posk.se\/danderyd\/wp-json\/wp\/v2\/users\/1374"}],"replies":[{"embeddable":true,"href":"https:\/\/www.posk.se\/danderyd\/wp-json\/wp\/v2\/comments?post=100"}],"version-history":[{"count":14,"href":"https:\/\/www.posk.se\/danderyd\/wp-json\/wp\/v2\/pages\/100\/revisions"}],"predecessor-version":[{"id":555,"href":"https:\/\/www.posk.se\/danderyd\/wp-json\/wp\/v2\/pages\/100\/revisions\/555"}],"wp:attachment":[{"href":"https:\/\/www.posk.se\/danderyd\/wp-json\/wp\/v2\/media?parent=100"}],"curies":[{"name":"wp","href":"https:\/\/api.w.org\/{rel}","templated":true}]}}