{"id":5,"date":"2021-01-24T18:15:56","date_gmt":"2021-01-24T17:15:56","guid":{"rendered":"https:\/\/www.posk.se\/brannkyrka\/?page_id=5"},"modified":"2025-08-01T09:10:22","modified_gmt":"2025-08-01T07:10:22","slug":"startsidan","status":"publish","type":"page","link":"https:\/\/www.posk.se\/brannkyrka\/","title":{"rendered":"Presentation"},"content":{"rendered":"<p><img loading=\"lazy\" decoding=\"async\" class=\"size-medium wp-image-178 alignright\" src=\"https:\/\/www.posk.se\/brannkyrka\/wp-content\/uploads\/sites\/263\/2025\/08\/imag0236-scaled-e1754032174455-300x254.jpg\" alt=\"\" width=\"300\" height=\"254\" srcset=\"https:\/\/www.posk.se\/brannkyrka\/wp-content\/uploads\/sites\/263\/2025\/08\/imag0236-scaled-e1754032174455-300x254.jpg 300w, https:\/\/www.posk.se\/brannkyrka\/wp-content\/uploads\/sites\/263\/2025\/08\/imag0236-scaled-e1754032174455-1024x867.jpg 1024w, https:\/\/www.posk.se\/brannkyrka\/wp-content\/uploads\/sites\/263\/2025\/08\/imag0236-scaled-e1754032174455-768x651.jpg 768w, https:\/\/www.posk.se\/brannkyrka\/wp-content\/uploads\/sites\/263\/2025\/08\/imag0236-scaled-e1754032174455-1536x1301.jpg 1536w, https:\/\/www.posk.se\/brannkyrka\/wp-content\/uploads\/sites\/263\/2025\/08\/imag0236-scaled-e1754032174455-330x280.jpg 330w, https:\/\/www.posk.se\/brannkyrka\/wp-content\/uploads\/sites\/263\/2025\/08\/imag0236-scaled-e1754032174455.jpg 1707w\" sizes=\"auto, (max-width: 300px) 100vw, 300px\" \/>V\u00e5r hj\u00e4rtefr\u00e5ga \u00e4r f\u00f6rsamlingens v\u00e4l och dess uppgift att visa p\u00e5 tron som livsk\u00e4nsla. Vill vi att kyrkan ska vara fri fr\u00e5n partipolitik, d\u00e4r ett engagemang i f\u00f6rsamlingen \u00e4r viktigare.<\/p>\n<p>I kyrkor\u00e5d och kyrkofullm\u00e4ktige vill vi verka f\u00f6r en l\u00e5ngsiktig h\u00e5llbar f\u00f6rvaltning och v\u00e4rna om en god arbetsmilj\u00f6. Detta f\u00f6r att f\u00f6rsamlingen fortsatt ska vara en kyrka som genomsyras av respekt och generositeter i m\u00f6tet med m\u00e4nniskor.<\/p>\n<p>&nbsp;<\/p>\n<p>Hela v\u00e5rat lokala program kan du se under &#8221;<a href=\"https:\/\/www.posk.se\/brannkyrka\/valprogram\/\">Lokalt valprogram<\/a>&#8221; och de som st\u00e4ller upp p\u00e5 v\u00e5r lokala lista i Br\u00e4nnkyrka f\u00f6rsamling i kyrkovalet 2025 kan du se under &#8221;<a href=\"https:\/\/www.posk.se\/brannkyrka\/vara-kandidater\/\">V\u00e5ra kandidater<\/a>&#8221;.<\/p>\n<p>Kontaktperson: Staffan T\u00f6rnqvist, <a href=\"posk.brannkyrka@gmail.com\">posk.brannkyrka@gmail.com<\/a><\/p>\n","protected":false},"excerpt":{"rendered":"<p>V\u00e5r hj\u00e4rtefr\u00e5ga \u00e4r f\u00f6rsamlingens v\u00e4l och dess uppgift att visa p\u00e5 tron som livsk\u00e4nsla. Vill vi att kyrkan ska vara fri fr\u00e5n partipolitik, d\u00e4r ett engagemang i f\u00f6rsamlingen \u00e4r viktigare. I kyrkor\u00e5d och kyrkofullm\u00e4ktige vill vi verka f\u00f6r en l\u00e5ngsiktig h\u00e5llbar f\u00f6rvaltning och v\u00e4rna om en god arbetsmilj\u00f6. Detta f\u00f6r att f\u00f6rsamlingen fortsatt ska vara [&hellip;]<\/p>\n","protected":false},"author":91,"featured_media":0,"parent":0,"menu_order":1,"comment_status":"closed","ping_status":"closed","template":"page-templates\/page-sidebar-left.php","meta":{"_acf_changed":false,"footnotes":""},"class_list":["post-5","page","type-page","status-publish","hentry"],"acf":[],"yoast_head":"<!-- This site is optimized with the Yoast SEO plugin v24.9 - https:\/\/yoast.com\/wordpress\/plugins\/seo\/ -->\n<title>Presentation - Br\u00e4nnkyrka<\/title>\n<meta name=\"robots\" content=\"index, follow, max-snippet:-1, max-image-preview:large, max-video-preview:-1\" \/>\n<link rel=\"canonical\" href=\"https:\/\/www.posk.se\/brannkyrka\/\" \/>\n<meta property=\"og:locale\" content=\"sv_SE\" \/>\n<meta property=\"og:type\" content=\"article\" \/>\n<meta property=\"og:title\" content=\"Presentation - Br\u00e4nnkyrka\" \/>\n<meta property=\"og:description\" content=\"V\u00e5r hj\u00e4rtefr\u00e5ga \u00e4r f\u00f6rsamlingens v\u00e4l och dess uppgift att visa p\u00e5 tron som livsk\u00e4nsla. Vill vi att kyrkan ska vara fri fr\u00e5n partipolitik, d\u00e4r ett engagemang i f\u00f6rsamlingen \u00e4r viktigare. I kyrkor\u00e5d och kyrkofullm\u00e4ktige vill vi verka f\u00f6r en l\u00e5ngsiktig h\u00e5llbar f\u00f6rvaltning och v\u00e4rna om en god arbetsmilj\u00f6. Detta f\u00f6r att f\u00f6rsamlingen fortsatt ska vara [&hellip;]\" \/>\n<meta property=\"og:url\" content=\"https:\/\/www.posk.se\/brannkyrka\/\" \/>\n<meta property=\"og:site_name\" content=\"Br\u00e4nnkyrka\" \/>\n<meta property=\"article:modified_time\" content=\"2025-08-01T07:10:22+00:00\" \/>\n<meta property=\"og:image\" content=\"https:\/\/www.posk.se\/brannkyrka\/wp-content\/uploads\/sites\/263\/2025\/08\/imag0236-scaled-e1754032174455.jpg\" \/>\n\t<meta property=\"og:image:width\" content=\"1707\" \/>\n\t<meta property=\"og:image:height\" content=\"1446\" \/>\n\t<meta property=\"og:image:type\" content=\"image\/jpeg\" \/>\n<meta name=\"twitter:card\" content=\"summary_large_image\" \/>\n<meta name=\"twitter:label1\" content=\"Ber\u00e4knad l\u00e4stid\" \/>\n\t<meta name=\"twitter:data1\" content=\"1 minut\" \/>\n<script type=\"application\/ld+json\" class=\"yoast-schema-graph\">{\"@context\":\"https:\/\/schema.org\",\"@graph\":[{\"@type\":\"WebPage\",\"@id\":\"https:\/\/www.posk.se\/brannkyrka\/\",\"url\":\"https:\/\/www.posk.se\/brannkyrka\/\",\"name\":\"Presentation - Br\u00e4nnkyrka\",\"isPartOf\":{\"@id\":\"https:\/\/www.posk.se\/brannkyrka\/#website\"},\"primaryImageOfPage\":{\"@id\":\"https:\/\/www.posk.se\/brannkyrka\/#primaryimage\"},\"image\":{\"@id\":\"https:\/\/www.posk.se\/brannkyrka\/#primaryimage\"},\"thumbnailUrl\":\"https:\/\/www.posk.se\/brannkyrka\/wp-content\/uploads\/sites\/263\/2025\/08\/imag0236-scaled-e1754032174455-300x254.jpg\",\"datePublished\":\"2021-01-24T17:15:56+00:00\",\"dateModified\":\"2025-08-01T07:10:22+00:00\",\"breadcrumb\":{\"@id\":\"https:\/\/www.posk.se\/brannkyrka\/#breadcrumb\"},\"inLanguage\":\"sv-SE\",\"potentialAction\":[{\"@type\":\"ReadAction\",\"target\":[\"https:\/\/www.posk.se\/brannkyrka\/\"]}]},{\"@type\":\"ImageObject\",\"inLanguage\":\"sv-SE\",\"@id\":\"https:\/\/www.posk.se\/brannkyrka\/#primaryimage\",\"url\":\"https:\/\/www.posk.se\/brannkyrka\/wp-content\/uploads\/sites\/263\/2025\/08\/imag0236-scaled-e1754032174455.jpg\",\"contentUrl\":\"https:\/\/www.posk.se\/brannkyrka\/wp-content\/uploads\/sites\/263\/2025\/08\/imag0236-scaled-e1754032174455.jpg\",\"width\":1707,\"height\":1446},{\"@type\":\"BreadcrumbList\",\"@id\":\"https:\/\/www.posk.se\/brannkyrka\/#breadcrumb\",\"itemListElement\":[{\"@type\":\"ListItem\",\"position\":1,\"name\":\"Hem\",\"item\":\"https:\/\/www.posk.se\/brannkyrka\/\"},{\"@type\":\"ListItem\",\"position\":2,\"name\":\"Presentation\"}]},{\"@type\":\"WebSite\",\"@id\":\"https:\/\/www.posk.se\/brannkyrka\/#website\",\"url\":\"https:\/\/www.posk.se\/brannkyrka\/\",\"name\":\"Br\u00e4nnkyrka\",\"description\":\"POSK-grupp i Stockholms stift\",\"potentialAction\":[{\"@type\":\"SearchAction\",\"target\":{\"@type\":\"EntryPoint\",\"urlTemplate\":\"https:\/\/www.posk.se\/brannkyrka\/?s={search_term_string}\"},\"query-input\":{\"@type\":\"PropertyValueSpecification\",\"valueRequired\":true,\"valueName\":\"search_term_string\"}}],\"inLanguage\":\"sv-SE\"}]}<\/script>\n<!-- \/ Yoast SEO plugin. -->","yoast_head_json":{"title":"Presentation - Br\u00e4nnkyrka","robots":{"index":"index","follow":"follow","max-snippet":"max-snippet:-1","max-image-preview":"max-image-preview:large","max-video-preview":"max-video-preview:-1"},"canonical":"https:\/\/www.posk.se\/brannkyrka\/","og_locale":"sv_SE","og_type":"article","og_title":"Presentation - Br\u00e4nnkyrka","og_description":"V\u00e5r hj\u00e4rtefr\u00e5ga \u00e4r f\u00f6rsamlingens v\u00e4l och dess uppgift att visa p\u00e5 tron som livsk\u00e4nsla. Vill vi att kyrkan ska vara fri fr\u00e5n partipolitik, d\u00e4r ett engagemang i f\u00f6rsamlingen \u00e4r viktigare. I kyrkor\u00e5d och kyrkofullm\u00e4ktige vill vi verka f\u00f6r en l\u00e5ngsiktig h\u00e5llbar f\u00f6rvaltning och v\u00e4rna om en god arbetsmilj\u00f6. Detta f\u00f6r att f\u00f6rsamlingen fortsatt ska vara [&hellip;]","og_url":"https:\/\/www.posk.se\/brannkyrka\/","og_site_name":"Br\u00e4nnkyrka","article_modified_time":"2025-08-01T07:10:22+00:00","og_image":[{"width":1707,"height":1446,"url":"https:\/\/www.posk.se\/brannkyrka\/wp-content\/uploads\/sites\/263\/2025\/08\/imag0236-scaled-e1754032174455.jpg","type":"image\/jpeg"}],"twitter_card":"summary_large_image","twitter_misc":{"Ber\u00e4knad l\u00e4stid":"1 minut"},"schema":{"@context":"https:\/\/schema.org","@graph":[{"@type":"WebPage","@id":"https:\/\/www.posk.se\/brannkyrka\/","url":"https:\/\/www.posk.se\/brannkyrka\/","name":"Presentation - Br\u00e4nnkyrka","isPartOf":{"@id":"https:\/\/www.posk.se\/brannkyrka\/#website"},"primaryImageOfPage":{"@id":"https:\/\/www.posk.se\/brannkyrka\/#primaryimage"},"image":{"@id":"https:\/\/www.posk.se\/brannkyrka\/#primaryimage"},"thumbnailUrl":"https:\/\/www.posk.se\/brannkyrka\/wp-content\/uploads\/sites\/263\/2025\/08\/imag0236-scaled-e1754032174455-300x254.jpg","datePublished":"2021-01-24T17:15:56+00:00","dateModified":"2025-08-01T07:10:22+00:00","breadcrumb":{"@id":"https:\/\/www.posk.se\/brannkyrka\/#breadcrumb"},"inLanguage":"sv-SE","potentialAction":[{"@type":"ReadAction","target":["https:\/\/www.posk.se\/brannkyrka\/"]}]},{"@type":"ImageObject","inLanguage":"sv-SE","@id":"https:\/\/www.posk.se\/brannkyrka\/#primaryimage","url":"https:\/\/www.posk.se\/brannkyrka\/wp-content\/uploads\/sites\/263\/2025\/08\/imag0236-scaled-e1754032174455.jpg","contentUrl":"https:\/\/www.posk.se\/brannkyrka\/wp-content\/uploads\/sites\/263\/2025\/08\/imag0236-scaled-e1754032174455.jpg","width":1707,"height":1446},{"@type":"BreadcrumbList","@id":"https:\/\/www.posk.se\/brannkyrka\/#breadcrumb","itemListElement":[{"@type":"ListItem","position":1,"name":"Hem","item":"https:\/\/www.posk.se\/brannkyrka\/"},{"@type":"ListItem","position":2,"name":"Presentation"}]},{"@type":"WebSite","@id":"https:\/\/www.posk.se\/brannkyrka\/#website","url":"https:\/\/www.posk.se\/brannkyrka\/","name":"Br\u00e4nnkyrka","description":"POSK-grupp i Stockholms stift","potentialAction":[{"@type":"SearchAction","target":{"@type":"EntryPoint","urlTemplate":"https:\/\/www.posk.se\/brannkyrka\/?s={search_term_string}"},"query-input":{"@type":"PropertyValueSpecification","valueRequired":true,"valueName":"search_term_string"}}],"inLanguage":"sv-SE"}]}},"_links":{"self":[{"href":"https:\/\/www.posk.se\/brannkyrka\/wp-json\/wp\/v2\/pages\/5","targetHints":{"allow":["GET"]}}],"collection":[{"href":"https:\/\/www.posk.se\/brannkyrka\/wp-json\/wp\/v2\/pages"}],"about":[{"href":"https:\/\/www.posk.se\/brannkyrka\/wp-json\/wp\/v2\/types\/page"}],"author":[{"embeddable":true,"href":"https:\/\/www.posk.se\/brannkyrka\/wp-json\/wp\/v2\/users\/91"}],"replies":[{"embeddable":true,"href":"https:\/\/www.posk.se\/brannkyrka\/wp-json\/wp\/v2\/comments?post=5"}],"version-history":[{"count":16,"href":"https:\/\/www.posk.se\/brannkyrka\/wp-json\/wp\/v2\/pages\/5\/revisions"}],"predecessor-version":[{"id":180,"href":"https:\/\/www.posk.se\/brannkyrka\/wp-json\/wp\/v2\/pages\/5\/revisions\/180"}],"wp:attachment":[{"href":"https:\/\/www.posk.se\/brannkyrka\/wp-json\/wp\/v2\/media?parent=5"}],"curies":[{"name":"wp","href":"https:\/\/api.w.org\/{rel}","templated":true}]}}