{"id":32,"date":"2021-07-26T08:00:15","date_gmt":"2021-07-26T06:00:15","guid":{"rendered":"https:\/\/www.posk.se\/brannkyrka\/?page_id=32"},"modified":"2025-08-01T08:34:21","modified_gmt":"2025-08-01T06:34:21","slug":"valprogram","status":"publish","type":"page","link":"https:\/\/www.posk.se\/brannkyrka\/valprogram\/","title":{"rendered":"Lokalt valprogram"},"content":{"rendered":"<p><strong>EN FRI KYRKA<\/strong><\/p>\n<p>Kyrkan \u00e4r en v\u00e4sentlig del av civilsamh\u00e4llet, sj\u00e4lvklart n\u00e4rvarande f\u00f6r m\u00e4nniskor i behov av st\u00f6d och f\u00f6r att skapa gemenskap.<\/p>\n<p><strong>POSK i Br\u00e4nnkyrka<\/strong> vill att kyrkan skall vara fri fr\u00e5n partipolitik.\u00a0V\u00e5r nomineringsgrupp st\u00e5r p\u00e5 en stabil kristen grund och \u00e4r \u00f6ppen f\u00f6r alla. Vi vill verka f\u00f6r en f\u00f6rsamling med goda m\u00f6ten m\u00e4nniskor emellan oavsett \u00e5lder.\u00a0Vi vill att v\u00e5r f\u00f6rsamling \u00e4r en plats d\u00e4r m\u00e4nniskor fr\u00e5n olika kulturer k\u00e4nner sig v\u00e4lkomna.\u00a0Respekt och generositet \u00e4r ledord som ska genomsyra f\u00f6rsamlingens arbete i alla sammanhang. Vi vill st\u00e4rka kyrkan f\u00f6r framtiden genom ett ut\u00f6kat ideellt engagemang.<\/p>\n<p><strong>F\u00d6RSAMLINGEN I CENTRUM<\/strong><\/p>\n<p><strong>POSK i Br\u00e4nnkyrka<\/strong>\u00a0vill arbeta f\u00f6r<\/p>\n<ul>\n<li>att gudstj\u00e4nstlivet pr\u00e4glas av\u00a0Guds \u00f6ppna tilltal och m\u00e4nniskors delaktighet.<\/li>\n<li>att musiken\u00a0och k\u00f6rerna\u00a0\u00e4r en viktig del av f\u00f6rsamlingens och gudstj\u00e4nstens\u00a0identitet.<\/li>\n<li>meningsfulla\u00a0verksamheter\u00a0f\u00f6r\u00a0barn och f\u00f6r\u00e4ldrar.<\/li>\n<li>att f\u00f6rsamlingen \u00e4r en god v\u00e4xtplats f\u00f6r v\u00e5ra ungdomar, Svenska Kyrkans Unga \u00e4r ett viktigt sammanhang.<\/li>\n<li>aktiviteter som i olika former m\u00f6ter \u00e4ldres behov.<\/li>\n<li>att f\u00f6rsamlingen ger rum f\u00f6r m\u00e4nniskors l\u00e4ngtan efter andlig f\u00f6rdjupning och sl\u00e5r f\u00f6lje p\u00e5 v\u00e4gen.<\/li>\n<\/ul>\n<p><strong>EN KYRKA SOM G\u00d6R SKILLNAD<\/strong><\/p>\n<p><strong>POSK i Br\u00e4nnkyrka<\/strong>\u00a0vill arbeta f\u00f6r<\/p>\n<ul>\n<li>att den diakonala verksamheten har goda resurser\u00a0f\u00f6r\u00a0att m\u00f6ta m\u00e4nniskors olika behov.<\/li>\n<li>att f\u00f6rsamlingen har f\u00f6ruts\u00e4ttningar att\u00a0kunna\u00a0erbjuda god sj\u00e4lav\u00e5rd.<\/li>\n<\/ul>\n<p><strong>OMSORG LOKALT OCH F\u00d6R OMV\u00c4RLDEN<\/strong><\/p>\n<p><strong>POSK i Br\u00e4nnkyrka<\/strong>\u00a0vill arbeta f\u00f6r<\/p>\n<ul>\n<li>att\u00a0all verksamhet\u00a0ska genomsyras av omsorg\u00a0om Skapelsen genom ett medvetet\u00a0milj\u00f6- och klimatarbete.<\/li>\n<li>att vi kommer ih\u00e5g v\u00e4rldens behov och st\u00f6djer goda krafter f\u00f6r fred och r\u00e4ttvisa.\u00a0I det arbetet \u00e4r\u00a0Act\u00a0Svenska Kyrkan en viktig akt\u00f6r.<\/li>\n<li>en ansvarsfull, l\u00e5ngsiktig och h\u00e5llbar\u00a0ekonomisk f\u00f6rvaltning, utveckla samarbete med andra f\u00f6rsamlingar i Svenska kyrkan.<\/li>\n<li>samverka\u00a0i\u00a0ekumenisk\u00a0och\u00a0interreligi\u00f6s anda.<\/li>\n<\/ul>\n","protected":false},"excerpt":{"rendered":"<p>EN FRI KYRKA Kyrkan \u00e4r en v\u00e4sentlig del av civilsamh\u00e4llet, sj\u00e4lvklart n\u00e4rvarande f\u00f6r m\u00e4nniskor i behov av st\u00f6d och f\u00f6r att skapa gemenskap. POSK i Br\u00e4nnkyrka vill att kyrkan skall vara fri fr\u00e5n partipolitik.\u00a0V\u00e5r nomineringsgrupp st\u00e5r p\u00e5 en stabil kristen grund och \u00e4r \u00f6ppen f\u00f6r alla. Vi vill verka f\u00f6r en f\u00f6rsamling med goda m\u00f6ten [&hellip;]<\/p>\n","protected":false},"author":1397,"featured_media":0,"parent":0,"menu_order":4,"comment_status":"closed","ping_status":"closed","template":"page-templates\/page-sidebar-left.php","meta":{"_acf_changed":false,"footnotes":""},"class_list":["post-32","page","type-page","status-publish","hentry"],"acf":[],"yoast_head":"<!-- This site is optimized with the Yoast SEO plugin v24.9 - https:\/\/yoast.com\/wordpress\/plugins\/seo\/ -->\n<title>Lokalt valprogram - Br\u00e4nnkyrka<\/title>\n<meta name=\"robots\" content=\"index, follow, max-snippet:-1, max-image-preview:large, max-video-preview:-1\" \/>\n<link rel=\"canonical\" href=\"https:\/\/www.posk.se\/brannkyrka\/valprogram\/\" \/>\n<meta property=\"og:locale\" content=\"sv_SE\" \/>\n<meta property=\"og:type\" content=\"article\" \/>\n<meta property=\"og:title\" content=\"Lokalt valprogram - Br\u00e4nnkyrka\" \/>\n<meta property=\"og:description\" content=\"EN FRI KYRKA Kyrkan \u00e4r en v\u00e4sentlig del av civilsamh\u00e4llet, sj\u00e4lvklart n\u00e4rvarande f\u00f6r m\u00e4nniskor i behov av st\u00f6d och f\u00f6r att skapa gemenskap. POSK i Br\u00e4nnkyrka vill att kyrkan skall vara fri fr\u00e5n partipolitik.\u00a0V\u00e5r nomineringsgrupp st\u00e5r p\u00e5 en stabil kristen grund och \u00e4r \u00f6ppen f\u00f6r alla. Vi vill verka f\u00f6r en f\u00f6rsamling med goda m\u00f6ten [&hellip;]\" \/>\n<meta property=\"og:url\" content=\"https:\/\/www.posk.se\/brannkyrka\/valprogram\/\" \/>\n<meta property=\"og:site_name\" content=\"Br\u00e4nnkyrka\" \/>\n<meta property=\"article:modified_time\" content=\"2025-08-01T06:34:21+00:00\" \/>\n<meta name=\"twitter:card\" content=\"summary_large_image\" \/>\n<meta name=\"twitter:label1\" content=\"Ber\u00e4knad l\u00e4stid\" \/>\n\t<meta name=\"twitter:data1\" content=\"2 minuter\" \/>\n<script type=\"application\/ld+json\" class=\"yoast-schema-graph\">{\"@context\":\"https:\/\/schema.org\",\"@graph\":[{\"@type\":\"WebPage\",\"@id\":\"https:\/\/www.posk.se\/brannkyrka\/valprogram\/\",\"url\":\"https:\/\/www.posk.se\/brannkyrka\/valprogram\/\",\"name\":\"Lokalt valprogram - Br\u00e4nnkyrka\",\"isPartOf\":{\"@id\":\"https:\/\/www.posk.se\/brannkyrka\/#website\"},\"datePublished\":\"2021-07-26T06:00:15+00:00\",\"dateModified\":\"2025-08-01T06:34:21+00:00\",\"breadcrumb\":{\"@id\":\"https:\/\/www.posk.se\/brannkyrka\/valprogram\/#breadcrumb\"},\"inLanguage\":\"sv-SE\",\"potentialAction\":[{\"@type\":\"ReadAction\",\"target\":[\"https:\/\/www.posk.se\/brannkyrka\/valprogram\/\"]}]},{\"@type\":\"BreadcrumbList\",\"@id\":\"https:\/\/www.posk.se\/brannkyrka\/valprogram\/#breadcrumb\",\"itemListElement\":[{\"@type\":\"ListItem\",\"position\":1,\"name\":\"Hem\",\"item\":\"https:\/\/www.posk.se\/brannkyrka\/\"},{\"@type\":\"ListItem\",\"position\":2,\"name\":\"Lokalt valprogram\"}]},{\"@type\":\"WebSite\",\"@id\":\"https:\/\/www.posk.se\/brannkyrka\/#website\",\"url\":\"https:\/\/www.posk.se\/brannkyrka\/\",\"name\":\"Br\u00e4nnkyrka\",\"description\":\"POSK-grupp i Stockholms stift\",\"potentialAction\":[{\"@type\":\"SearchAction\",\"target\":{\"@type\":\"EntryPoint\",\"urlTemplate\":\"https:\/\/www.posk.se\/brannkyrka\/?s={search_term_string}\"},\"query-input\":{\"@type\":\"PropertyValueSpecification\",\"valueRequired\":true,\"valueName\":\"search_term_string\"}}],\"inLanguage\":\"sv-SE\"}]}<\/script>\n<!-- \/ Yoast SEO plugin. -->","yoast_head_json":{"title":"Lokalt valprogram - Br\u00e4nnkyrka","robots":{"index":"index","follow":"follow","max-snippet":"max-snippet:-1","max-image-preview":"max-image-preview:large","max-video-preview":"max-video-preview:-1"},"canonical":"https:\/\/www.posk.se\/brannkyrka\/valprogram\/","og_locale":"sv_SE","og_type":"article","og_title":"Lokalt valprogram - Br\u00e4nnkyrka","og_description":"EN FRI KYRKA Kyrkan \u00e4r en v\u00e4sentlig del av civilsamh\u00e4llet, sj\u00e4lvklart n\u00e4rvarande f\u00f6r m\u00e4nniskor i behov av st\u00f6d och f\u00f6r att skapa gemenskap. POSK i Br\u00e4nnkyrka vill att kyrkan skall vara fri fr\u00e5n partipolitik.\u00a0V\u00e5r nomineringsgrupp st\u00e5r p\u00e5 en stabil kristen grund och \u00e4r \u00f6ppen f\u00f6r alla. Vi vill verka f\u00f6r en f\u00f6rsamling med goda m\u00f6ten [&hellip;]","og_url":"https:\/\/www.posk.se\/brannkyrka\/valprogram\/","og_site_name":"Br\u00e4nnkyrka","article_modified_time":"2025-08-01T06:34:21+00:00","twitter_card":"summary_large_image","twitter_misc":{"Ber\u00e4knad l\u00e4stid":"2 minuter"},"schema":{"@context":"https:\/\/schema.org","@graph":[{"@type":"WebPage","@id":"https:\/\/www.posk.se\/brannkyrka\/valprogram\/","url":"https:\/\/www.posk.se\/brannkyrka\/valprogram\/","name":"Lokalt valprogram - Br\u00e4nnkyrka","isPartOf":{"@id":"https:\/\/www.posk.se\/brannkyrka\/#website"},"datePublished":"2021-07-26T06:00:15+00:00","dateModified":"2025-08-01T06:34:21+00:00","breadcrumb":{"@id":"https:\/\/www.posk.se\/brannkyrka\/valprogram\/#breadcrumb"},"inLanguage":"sv-SE","potentialAction":[{"@type":"ReadAction","target":["https:\/\/www.posk.se\/brannkyrka\/valprogram\/"]}]},{"@type":"BreadcrumbList","@id":"https:\/\/www.posk.se\/brannkyrka\/valprogram\/#breadcrumb","itemListElement":[{"@type":"ListItem","position":1,"name":"Hem","item":"https:\/\/www.posk.se\/brannkyrka\/"},{"@type":"ListItem","position":2,"name":"Lokalt valprogram"}]},{"@type":"WebSite","@id":"https:\/\/www.posk.se\/brannkyrka\/#website","url":"https:\/\/www.posk.se\/brannkyrka\/","name":"Br\u00e4nnkyrka","description":"POSK-grupp i Stockholms stift","potentialAction":[{"@type":"SearchAction","target":{"@type":"EntryPoint","urlTemplate":"https:\/\/www.posk.se\/brannkyrka\/?s={search_term_string}"},"query-input":{"@type":"PropertyValueSpecification","valueRequired":true,"valueName":"search_term_string"}}],"inLanguage":"sv-SE"}]}},"_links":{"self":[{"href":"https:\/\/www.posk.se\/brannkyrka\/wp-json\/wp\/v2\/pages\/32","targetHints":{"allow":["GET"]}}],"collection":[{"href":"https:\/\/www.posk.se\/brannkyrka\/wp-json\/wp\/v2\/pages"}],"about":[{"href":"https:\/\/www.posk.se\/brannkyrka\/wp-json\/wp\/v2\/types\/page"}],"author":[{"embeddable":true,"href":"https:\/\/www.posk.se\/brannkyrka\/wp-json\/wp\/v2\/users\/1397"}],"replies":[{"embeddable":true,"href":"https:\/\/www.posk.se\/brannkyrka\/wp-json\/wp\/v2\/comments?post=32"}],"version-history":[{"count":9,"href":"https:\/\/www.posk.se\/brannkyrka\/wp-json\/wp\/v2\/pages\/32\/revisions"}],"predecessor-version":[{"id":131,"href":"https:\/\/www.posk.se\/brannkyrka\/wp-json\/wp\/v2\/pages\/32\/revisions\/131"}],"wp:attachment":[{"href":"https:\/\/www.posk.se\/brannkyrka\/wp-json\/wp\/v2\/media?parent=32"}],"curies":[{"name":"wp","href":"https:\/\/api.w.org\/{rel}","templated":true}]}}