{"id":22,"date":"2021-04-11T13:22:21","date_gmt":"2021-04-11T11:22:21","guid":{"rendered":"https:\/\/www.posk.se\/brannkyrka\/?page_id=22"},"modified":"2025-08-01T08:20:36","modified_gmt":"2025-08-01T06:20:36","slug":"vara-kandidater","status":"publish","type":"page","link":"https:\/\/www.posk.se\/brannkyrka\/vara-kandidater\/","title":{"rendered":"V\u00e5ra kandidater"},"content":{"rendered":"<ol>\n<li><strong>Staffan T\u00f6rnqvist<\/strong>, Volont\u00e4r, Fru\u00e4ngen<\/li>\n<li><strong>Anne Magnusson<\/strong>, Volont\u00e4r, Solberga<\/li>\n<li><strong>Ulla Le Vau<\/strong>, Pr\u00e4st, L\u00e5ngbro<\/li>\n<li><strong>Eva Haag<\/strong>, Volont\u00e4r, Kyrkv\u00e4rd, \u00c4lvsj\u00f6<\/li>\n<li><strong>Lars Wadman<\/strong>, Volont\u00e4r, \u00c4lvsj\u00f6<\/li>\n<li><strong>Peter Brandqvist<\/strong>, R\u00e5dgivare, Fru\u00e4ngen<\/li>\n<li><strong>Annemone Kylleng\u00e5rd<\/strong>, Civilingenj\u00f6r, Solberga<\/li>\n<li><strong>Marie Moberg<\/strong>, Kyrkv\u00e4rd, Liseberg<\/li>\n<li><strong>Carl Tunberg<\/strong>, Volont\u00e4r, \u00c4lvsj\u00f6<\/li>\n<li><strong>Gunilla Lundell<\/strong>, Volont\u00e4r, Liseberg<\/li>\n<\/ol>\n","protected":false},"excerpt":{"rendered":"<p>Staffan T\u00f6rnqvist, Volont\u00e4r, Fru\u00e4ngen Anne Magnusson, Volont\u00e4r, Solberga Ulla Le Vau, Pr\u00e4st, L\u00e5ngbro Eva Haag, Volont\u00e4r, Kyrkv\u00e4rd, \u00c4lvsj\u00f6 Lars Wadman, Volont\u00e4r, \u00c4lvsj\u00f6 Peter Brandqvist, R\u00e5dgivare, Fru\u00e4ngen Annemone Kylleng\u00e5rd, Civilingenj\u00f6r, Solberga Marie Moberg, Kyrkv\u00e4rd, Liseberg Carl Tunberg, Volont\u00e4r, \u00c4lvsj\u00f6 Gunilla Lundell, Volont\u00e4r, Liseberg<\/p>\n","protected":false},"author":1397,"featured_media":0,"parent":0,"menu_order":5,"comment_status":"closed","ping_status":"closed","template":"page-templates\/page-sidebar-left.php","meta":{"_acf_changed":false,"footnotes":""},"class_list":["post-22","page","type-page","status-publish","hentry"],"acf":[],"yoast_head":"<!-- This site is optimized with the Yoast SEO plugin v24.9 - https:\/\/yoast.com\/wordpress\/plugins\/seo\/ -->\n<title>V\u00e5ra kandidater - Br\u00e4nnkyrka<\/title>\n<meta name=\"robots\" content=\"index, follow, max-snippet:-1, max-image-preview:large, max-video-preview:-1\" \/>\n<link rel=\"canonical\" href=\"https:\/\/www.posk.se\/brannkyrka\/vara-kandidater\/\" \/>\n<meta property=\"og:locale\" content=\"sv_SE\" \/>\n<meta property=\"og:type\" content=\"article\" \/>\n<meta property=\"og:title\" content=\"V\u00e5ra kandidater - Br\u00e4nnkyrka\" \/>\n<meta property=\"og:description\" content=\"Staffan T\u00f6rnqvist, Volont\u00e4r, Fru\u00e4ngen Anne Magnusson, Volont\u00e4r, Solberga Ulla Le Vau, Pr\u00e4st, L\u00e5ngbro Eva Haag, Volont\u00e4r, Kyrkv\u00e4rd, \u00c4lvsj\u00f6 Lars Wadman, Volont\u00e4r, \u00c4lvsj\u00f6 Peter Brandqvist, R\u00e5dgivare, Fru\u00e4ngen Annemone Kylleng\u00e5rd, Civilingenj\u00f6r, Solberga Marie Moberg, Kyrkv\u00e4rd, Liseberg Carl Tunberg, Volont\u00e4r, \u00c4lvsj\u00f6 Gunilla Lundell, Volont\u00e4r, Liseberg\" \/>\n<meta property=\"og:url\" content=\"https:\/\/www.posk.se\/brannkyrka\/vara-kandidater\/\" \/>\n<meta property=\"og:site_name\" content=\"Br\u00e4nnkyrka\" \/>\n<meta property=\"article:modified_time\" content=\"2025-08-01T06:20:36+00:00\" \/>\n<meta name=\"twitter:card\" content=\"summary_large_image\" \/>\n<meta name=\"twitter:label1\" content=\"Ber\u00e4knad l\u00e4stid\" \/>\n\t<meta name=\"twitter:data1\" content=\"1 minut\" \/>\n<script type=\"application\/ld+json\" class=\"yoast-schema-graph\">{\"@context\":\"https:\/\/schema.org\",\"@graph\":[{\"@type\":\"WebPage\",\"@id\":\"https:\/\/www.posk.se\/brannkyrka\/vara-kandidater\/\",\"url\":\"https:\/\/www.posk.se\/brannkyrka\/vara-kandidater\/\",\"name\":\"V\u00e5ra kandidater - Br\u00e4nnkyrka\",\"isPartOf\":{\"@id\":\"https:\/\/www.posk.se\/brannkyrka\/#website\"},\"datePublished\":\"2021-04-11T11:22:21+00:00\",\"dateModified\":\"2025-08-01T06:20:36+00:00\",\"breadcrumb\":{\"@id\":\"https:\/\/www.posk.se\/brannkyrka\/vara-kandidater\/#breadcrumb\"},\"inLanguage\":\"sv-SE\",\"potentialAction\":[{\"@type\":\"ReadAction\",\"target\":[\"https:\/\/www.posk.se\/brannkyrka\/vara-kandidater\/\"]}]},{\"@type\":\"BreadcrumbList\",\"@id\":\"https:\/\/www.posk.se\/brannkyrka\/vara-kandidater\/#breadcrumb\",\"itemListElement\":[{\"@type\":\"ListItem\",\"position\":1,\"name\":\"Hem\",\"item\":\"https:\/\/www.posk.se\/brannkyrka\/\"},{\"@type\":\"ListItem\",\"position\":2,\"name\":\"V\u00e5ra kandidater\"}]},{\"@type\":\"WebSite\",\"@id\":\"https:\/\/www.posk.se\/brannkyrka\/#website\",\"url\":\"https:\/\/www.posk.se\/brannkyrka\/\",\"name\":\"Br\u00e4nnkyrka\",\"description\":\"POSK-grupp i Stockholms stift\",\"potentialAction\":[{\"@type\":\"SearchAction\",\"target\":{\"@type\":\"EntryPoint\",\"urlTemplate\":\"https:\/\/www.posk.se\/brannkyrka\/?s={search_term_string}\"},\"query-input\":{\"@type\":\"PropertyValueSpecification\",\"valueRequired\":true,\"valueName\":\"search_term_string\"}}],\"inLanguage\":\"sv-SE\"}]}<\/script>\n<!-- \/ Yoast SEO plugin. -->","yoast_head_json":{"title":"V\u00e5ra kandidater - Br\u00e4nnkyrka","robots":{"index":"index","follow":"follow","max-snippet":"max-snippet:-1","max-image-preview":"max-image-preview:large","max-video-preview":"max-video-preview:-1"},"canonical":"https:\/\/www.posk.se\/brannkyrka\/vara-kandidater\/","og_locale":"sv_SE","og_type":"article","og_title":"V\u00e5ra kandidater - Br\u00e4nnkyrka","og_description":"Staffan T\u00f6rnqvist, Volont\u00e4r, Fru\u00e4ngen Anne Magnusson, Volont\u00e4r, Solberga Ulla Le Vau, Pr\u00e4st, L\u00e5ngbro Eva Haag, Volont\u00e4r, Kyrkv\u00e4rd, \u00c4lvsj\u00f6 Lars Wadman, Volont\u00e4r, \u00c4lvsj\u00f6 Peter Brandqvist, R\u00e5dgivare, Fru\u00e4ngen Annemone Kylleng\u00e5rd, Civilingenj\u00f6r, Solberga Marie Moberg, Kyrkv\u00e4rd, Liseberg Carl Tunberg, Volont\u00e4r, \u00c4lvsj\u00f6 Gunilla Lundell, Volont\u00e4r, Liseberg","og_url":"https:\/\/www.posk.se\/brannkyrka\/vara-kandidater\/","og_site_name":"Br\u00e4nnkyrka","article_modified_time":"2025-08-01T06:20:36+00:00","twitter_card":"summary_large_image","twitter_misc":{"Ber\u00e4knad l\u00e4stid":"1 minut"},"schema":{"@context":"https:\/\/schema.org","@graph":[{"@type":"WebPage","@id":"https:\/\/www.posk.se\/brannkyrka\/vara-kandidater\/","url":"https:\/\/www.posk.se\/brannkyrka\/vara-kandidater\/","name":"V\u00e5ra kandidater - Br\u00e4nnkyrka","isPartOf":{"@id":"https:\/\/www.posk.se\/brannkyrka\/#website"},"datePublished":"2021-04-11T11:22:21+00:00","dateModified":"2025-08-01T06:20:36+00:00","breadcrumb":{"@id":"https:\/\/www.posk.se\/brannkyrka\/vara-kandidater\/#breadcrumb"},"inLanguage":"sv-SE","potentialAction":[{"@type":"ReadAction","target":["https:\/\/www.posk.se\/brannkyrka\/vara-kandidater\/"]}]},{"@type":"BreadcrumbList","@id":"https:\/\/www.posk.se\/brannkyrka\/vara-kandidater\/#breadcrumb","itemListElement":[{"@type":"ListItem","position":1,"name":"Hem","item":"https:\/\/www.posk.se\/brannkyrka\/"},{"@type":"ListItem","position":2,"name":"V\u00e5ra kandidater"}]},{"@type":"WebSite","@id":"https:\/\/www.posk.se\/brannkyrka\/#website","url":"https:\/\/www.posk.se\/brannkyrka\/","name":"Br\u00e4nnkyrka","description":"POSK-grupp i Stockholms stift","potentialAction":[{"@type":"SearchAction","target":{"@type":"EntryPoint","urlTemplate":"https:\/\/www.posk.se\/brannkyrka\/?s={search_term_string}"},"query-input":{"@type":"PropertyValueSpecification","valueRequired":true,"valueName":"search_term_string"}}],"inLanguage":"sv-SE"}]}},"_links":{"self":[{"href":"https:\/\/www.posk.se\/brannkyrka\/wp-json\/wp\/v2\/pages\/22","targetHints":{"allow":["GET"]}}],"collection":[{"href":"https:\/\/www.posk.se\/brannkyrka\/wp-json\/wp\/v2\/pages"}],"about":[{"href":"https:\/\/www.posk.se\/brannkyrka\/wp-json\/wp\/v2\/types\/page"}],"author":[{"embeddable":true,"href":"https:\/\/www.posk.se\/brannkyrka\/wp-json\/wp\/v2\/users\/1397"}],"replies":[{"embeddable":true,"href":"https:\/\/www.posk.se\/brannkyrka\/wp-json\/wp\/v2\/comments?post=22"}],"version-history":[{"count":9,"href":"https:\/\/www.posk.se\/brannkyrka\/wp-json\/wp\/v2\/pages\/22\/revisions"}],"predecessor-version":[{"id":129,"href":"https:\/\/www.posk.se\/brannkyrka\/wp-json\/wp\/v2\/pages\/22\/revisions\/129"}],"wp:attachment":[{"href":"https:\/\/www.posk.se\/brannkyrka\/wp-json\/wp\/v2\/media?parent=22"}],"curies":[{"name":"wp","href":"https:\/\/api.w.org\/{rel}","templated":true}]}}