{"id":76,"date":"2025-08-28T09:27:29","date_gmt":"2025-08-28T07:27:29","guid":{"rendered":"https:\/\/www.posk.se\/boden\/?page_id=76"},"modified":"2025-09-03T10:24:01","modified_gmt":"2025-09-03T08:24:01","slug":"vart-program","status":"publish","type":"page","link":"https:\/\/www.posk.se\/boden\/vart-program\/","title":{"rendered":"V\u00e5rt program"},"content":{"rendered":"<h6 style=\"font-weight: 400;\"><strong>Vid kyrkovalet 8\u201321 september 2025 kan du p\u00e5verka hur Svenska kyrkan ska utvecklas. <\/strong><br \/>\n<strong>Ta din chans och g\u00f6r din r\u00f6st h\u00f6rd, din r\u00f6st \u00e4r viktig!<\/strong><br \/>\n<strong>Vi hoppas att du v\u00e4ljer Partipolitiskt Obundna i Svenska Kyrkan (POSK).<\/strong><\/h6>\n<p style=\"font-weight: 400;\">POSK vill ta ansvar f\u00f6r Svenska Kyrkan och dess medlemmar utan att vara bunden till partipolitik och allm\u00e4npolitiska ideologier. Det som f\u00f6renar oss \u00e4r att vi \u00e4r engagerade i kyrkan och tycker den \u00e4r viktig, besluten ska inte pr\u00e4glas av ideologier. Kyrkan st\u00e5r i centrum f\u00f6r POSK.<\/p>\n<p style=\"font-weight: 400;\">POSK st\u00e4ller upp till val i Kyrkofullm\u00e4ktige i Bodens pastorat, Stiftsfullm\u00e4ktige i Lule\u00e5 stift och i Kyrkom\u00f6tet. Du som v\u00e4ljare kan se p\u00e5 v\u00e5r valsedel att det \u00e4r en bred blandning av kandidater med stor erfarenhet fr\u00e5n s\u00e5v\u00e4l olika nomineringsgrupper som samh\u00e4llsomr\u00e5den och kyrkans verksamheter.<\/p>\n<p style=\"font-weight: 400;\">POSK arbetar h\u00e5rt f\u00f6r att utveckla all verksamhet utifr\u00e5n kyrkans grundl\u00e4ggande uppgift. F\u00f6rsamlingen byggs av dess medlemmar och i Svenska kyrkan \u00e4r allas medverkan en central del av f\u00f6rsamlingens liv. Vi i POSK v\u00e4rderar f\u00f6rsamlingslivet och det ideella engagemanget h\u00f6gt. De lokala f\u00f6rsamlingarna \u00e4r den naturliga milj\u00f6n f\u00f6r kristen gemenskap, l\u00e4rande och andlig f\u00f6rdjupning.<\/p>\n<p style=\"font-weight: 400;\">Svenska kyrkan har fortfarande en stark st\u00e4llning i v\u00e5rt samh\u00e4lle och utg\u00f6r f\u00f6r m\u00e5nga en symbol f\u00f6r trygghet och tradition. Detta \u00e4r n\u00e5got som vi ska vara r\u00e4dda om men samtidigt varsamt utveckla. Vi i POSK \u00f6nskar att Ni ger oss f\u00f6rtroendet att forts\u00e4tta arbeta i den riktningen.<\/p>\n<p style=\"font-weight: 400;\"><strong>Partipolitiskt obundna i Svenska kyrkan (POSK) i Boden vill att:<\/strong><\/p>\n<ul style=\"font-weight: 400;\">\n<li>F\u00f6rsamlingen ska vara centrum i kyrkans liv.<\/li>\n<li>Kyrkan st\u00e5r f\u00f6r n\u00e4rvaro, gemenskap och m\u00f6jlighet att v\u00e4xa i tro.<\/li>\n<li>Kyrkan ska f\u00f6rmedla befrielse, hopp och livsmod i en tid med oro inf\u00f6r krig och klimatkris.<\/li>\n<li>Kyrkan tydligt f\u00f6rkunnar Guds k\u00e4rleksbudskap och visar p\u00e5 f\u00f6rsoning genom ber\u00e4ttelserna om Jesus.<\/li>\n<li>Kyrkan formas f\u00f6r att m\u00f6ta framtiden utan att sl\u00e4ppa blicken fr\u00e5n dess traditioner.<br \/>\n<span style=\"color: #ffffff;\">.\u00a0<\/span><\/li>\n<li>Kyrkan ska vara ett hem fyllt av gl\u00e4dje, mening, trygghet och stillhet.<\/li>\n<li>Kyrkan ska vara en \u00f6ppen m\u00f6tesplats i samh\u00e4llet, en gemenskap som visar den kristna trons v\u00e4g och \u00f6kar kunskapen om kristendomen i samh\u00e4llet.<\/li>\n<li>Det finns ett brett utbud av gudstj\u00e4nstformer med Kristus i centrum. Musiken \u00e4r ett viktigt inslag i detta, evangeliet sprids inte bara genom ord.<\/li>\n<li>Kyrkan ska vara en m\u00f6tesplats f\u00f6r kristna fr\u00e5n olika kulturer.<br \/>\n<span style=\"color: #ffffff;\">.\u00a0<\/span><\/li>\n<li>Diakoni och familjeverksamhet prioriteras med fokus p\u00e5 barn och ungdom.<\/li>\n<li>Kyrkan \u00e4r ett sj\u00e4lvklart st\u00f6d i sv\u00e5ra situationer.<\/li>\n<li>Utsatthet i samh\u00e4llet belyses och bek\u00e4mpas genom det <span style=\"color: #000000;\">diakonala\/sociala<\/span> arbetet.<br \/>\n<span style=\"color: #ffffff;\">.\u00a0<\/span><\/li>\n<li>Bodens pastorat ska vara engagerade i lokala fr\u00e5gor, samarbeta med kommunen och andra organisationer. Arbetet i skolorna \u00e4r ett gott exempel.<\/li>\n<li>Bodens pastorat ska vara en attraktiv arbetsgivare f\u00f6r att trygga framtidens utmaningar.<\/li>\n<li>Bodens pastorat ska ha ett fortsatt aktivt engagemang i s\u00e5v\u00e4l lokala, nationella som globala fr\u00e5gor vad g\u00e4ller milj\u00f6-, klimat-, katastrof- och bist\u00e5ndsarbete.<\/li>\n<\/ul>\n<p>Detta program finns \u00e4ven som PDF <strong><a href=\"https:\/\/www.posk.se\/boden\/wp-content\/uploads\/sites\/304\/2025\/09\/posk-boden-programfolder-2025.pdf\" target=\"_blank\" rel=\"noopener\">h\u00e4r<\/a><\/strong>.<\/p>\n<h6>Toppbild: Kyrkstugor, \u00d6verlule\u00e5 kyrka. Av Andreas Lakso &#8211; <a href=\"https:\/\/commons.wikimedia.org\/w\/index.php?curid=34370717\" target=\"_blank\" rel=\"noopener\">Eget arbete<\/a>, CC BY-SA 4.0,<\/h6>\n<p>.<\/p>\n<p><img loading=\"lazy\" decoding=\"async\" class=\"wp-image-93 size-medium aligncenter\" src=\"https:\/\/www.posk.se\/boden\/wp-content\/uploads\/sites\/304\/2025\/08\/boden-program-framsida-mini-e1756366556435-213x300.jpg\" alt=\"\" width=\"213\" height=\"300\" srcset=\"https:\/\/www.posk.se\/boden\/wp-content\/uploads\/sites\/304\/2025\/08\/boden-program-framsida-mini-e1756366556435-213x300.jpg 213w, https:\/\/www.posk.se\/boden\/wp-content\/uploads\/sites\/304\/2025\/08\/boden-program-framsida-mini-e1756366556435-330x464.jpg 330w, https:\/\/www.posk.se\/boden\/wp-content\/uploads\/sites\/304\/2025\/08\/boden-program-framsida-mini-e1756366556435.jpg 628w\" sizes=\"auto, (max-width: 213px) 100vw, 213px\" \/><\/p>\n<h6><\/h6>\n","protected":false},"excerpt":{"rendered":"<p>Vid kyrkovalet 8\u201321 september 2025 kan du p\u00e5verka hur Svenska kyrkan ska utvecklas. Ta din chans och g\u00f6r din r\u00f6st h\u00f6rd, din r\u00f6st \u00e4r viktig! Vi hoppas att du v\u00e4ljer Partipolitiskt Obundna i Svenska Kyrkan (POSK). POSK vill ta ansvar f\u00f6r Svenska Kyrkan och dess medlemmar utan att vara bunden till partipolitik och allm\u00e4npolitiska ideologier. [&hellip;]<\/p>\n","protected":false},"author":54,"featured_media":97,"parent":0,"menu_order":0,"comment_status":"closed","ping_status":"closed","template":"page-templates\/page-sidebar-left.php","meta":{"_acf_changed":false,"footnotes":""},"class_list":["post-76","page","type-page","status-publish","has-post-thumbnail","hentry"],"acf":[],"yoast_head":"<!-- This site is optimized with the Yoast SEO plugin v24.9 - https:\/\/yoast.com\/wordpress\/plugins\/seo\/ -->\n<title>V\u00e5rt program - Bodens pastorat<\/title>\n<meta name=\"robots\" content=\"index, follow, max-snippet:-1, max-image-preview:large, max-video-preview:-1\" \/>\n<link rel=\"canonical\" href=\"https:\/\/www.posk.se\/boden\/vart-program\/\" \/>\n<meta property=\"og:locale\" content=\"sv_SE\" \/>\n<meta property=\"og:type\" content=\"article\" \/>\n<meta property=\"og:title\" content=\"V\u00e5rt program - Bodens pastorat\" \/>\n<meta property=\"og:description\" content=\"Vid kyrkovalet 8\u201321 september 2025 kan du p\u00e5verka hur Svenska kyrkan ska utvecklas. Ta din chans och g\u00f6r din r\u00f6st h\u00f6rd, din r\u00f6st \u00e4r viktig! Vi hoppas att du v\u00e4ljer Partipolitiskt Obundna i Svenska Kyrkan (POSK). POSK vill ta ansvar f\u00f6r Svenska Kyrkan och dess medlemmar utan att vara bunden till partipolitik och allm\u00e4npolitiska ideologier. [&hellip;]\" \/>\n<meta property=\"og:url\" content=\"https:\/\/www.posk.se\/boden\/vart-program\/\" \/>\n<meta property=\"og:site_name\" content=\"Bodens pastorat\" \/>\n<meta property=\"article:modified_time\" content=\"2025-09-03T08:24:01+00:00\" \/>\n<meta property=\"og:image\" content=\"https:\/\/www.posk.se\/boden\/wp-content\/uploads\/sites\/304\/2025\/08\/kyrkstugor-overlulea-kyrka-1800-besk.jpg\" \/>\n\t<meta property=\"og:image:width\" content=\"1800\" \/>\n\t<meta property=\"og:image:height\" content=\"827\" \/>\n\t<meta property=\"og:image:type\" content=\"image\/jpeg\" \/>\n<meta name=\"twitter:card\" content=\"summary_large_image\" \/>\n<meta name=\"twitter:label1\" content=\"Ber\u00e4knad l\u00e4stid\" \/>\n\t<meta name=\"twitter:data1\" content=\"3 minuter\" \/>\n<script type=\"application\/ld+json\" class=\"yoast-schema-graph\">{\"@context\":\"https:\/\/schema.org\",\"@graph\":[{\"@type\":\"WebPage\",\"@id\":\"https:\/\/www.posk.se\/boden\/vart-program\/\",\"url\":\"https:\/\/www.posk.se\/boden\/vart-program\/\",\"name\":\"V\u00e5rt program - Bodens pastorat\",\"isPartOf\":{\"@id\":\"https:\/\/www.posk.se\/boden\/#website\"},\"primaryImageOfPage\":{\"@id\":\"https:\/\/www.posk.se\/boden\/vart-program\/#primaryimage\"},\"image\":{\"@id\":\"https:\/\/www.posk.se\/boden\/vart-program\/#primaryimage\"},\"thumbnailUrl\":\"https:\/\/www.posk.se\/boden\/wp-content\/uploads\/sites\/304\/2025\/08\/kyrkstugor-overlulea-kyrka-1800-besk.jpg\",\"datePublished\":\"2025-08-28T07:27:29+00:00\",\"dateModified\":\"2025-09-03T08:24:01+00:00\",\"breadcrumb\":{\"@id\":\"https:\/\/www.posk.se\/boden\/vart-program\/#breadcrumb\"},\"inLanguage\":\"sv-SE\",\"potentialAction\":[{\"@type\":\"ReadAction\",\"target\":[\"https:\/\/www.posk.se\/boden\/vart-program\/\"]}]},{\"@type\":\"ImageObject\",\"inLanguage\":\"sv-SE\",\"@id\":\"https:\/\/www.posk.se\/boden\/vart-program\/#primaryimage\",\"url\":\"https:\/\/www.posk.se\/boden\/wp-content\/uploads\/sites\/304\/2025\/08\/kyrkstugor-overlulea-kyrka-1800-besk.jpg\",\"contentUrl\":\"https:\/\/www.posk.se\/boden\/wp-content\/uploads\/sites\/304\/2025\/08\/kyrkstugor-overlulea-kyrka-1800-besk.jpg\",\"width\":1800,\"height\":827},{\"@type\":\"BreadcrumbList\",\"@id\":\"https:\/\/www.posk.se\/boden\/vart-program\/#breadcrumb\",\"itemListElement\":[{\"@type\":\"ListItem\",\"position\":1,\"name\":\"Hem\",\"item\":\"https:\/\/www.posk.se\/boden\/\"},{\"@type\":\"ListItem\",\"position\":2,\"name\":\"V\u00e5rt program\"}]},{\"@type\":\"WebSite\",\"@id\":\"https:\/\/www.posk.se\/boden\/#website\",\"url\":\"https:\/\/www.posk.se\/boden\/\",\"name\":\"Bodens pastorat\",\"description\":\"POSK-grupp i Lule\u00e5 stift\",\"potentialAction\":[{\"@type\":\"SearchAction\",\"target\":{\"@type\":\"EntryPoint\",\"urlTemplate\":\"https:\/\/www.posk.se\/boden\/?s={search_term_string}\"},\"query-input\":{\"@type\":\"PropertyValueSpecification\",\"valueRequired\":true,\"valueName\":\"search_term_string\"}}],\"inLanguage\":\"sv-SE\"}]}<\/script>\n<!-- \/ Yoast SEO plugin. -->","yoast_head_json":{"title":"V\u00e5rt program - Bodens pastorat","robots":{"index":"index","follow":"follow","max-snippet":"max-snippet:-1","max-image-preview":"max-image-preview:large","max-video-preview":"max-video-preview:-1"},"canonical":"https:\/\/www.posk.se\/boden\/vart-program\/","og_locale":"sv_SE","og_type":"article","og_title":"V\u00e5rt program - Bodens pastorat","og_description":"Vid kyrkovalet 8\u201321 september 2025 kan du p\u00e5verka hur Svenska kyrkan ska utvecklas. Ta din chans och g\u00f6r din r\u00f6st h\u00f6rd, din r\u00f6st \u00e4r viktig! Vi hoppas att du v\u00e4ljer Partipolitiskt Obundna i Svenska Kyrkan (POSK). POSK vill ta ansvar f\u00f6r Svenska Kyrkan och dess medlemmar utan att vara bunden till partipolitik och allm\u00e4npolitiska ideologier. [&hellip;]","og_url":"https:\/\/www.posk.se\/boden\/vart-program\/","og_site_name":"Bodens pastorat","article_modified_time":"2025-09-03T08:24:01+00:00","og_image":[{"width":1800,"height":827,"url":"https:\/\/www.posk.se\/boden\/wp-content\/uploads\/sites\/304\/2025\/08\/kyrkstugor-overlulea-kyrka-1800-besk.jpg","type":"image\/jpeg"}],"twitter_card":"summary_large_image","twitter_misc":{"Ber\u00e4knad l\u00e4stid":"3 minuter"},"schema":{"@context":"https:\/\/schema.org","@graph":[{"@type":"WebPage","@id":"https:\/\/www.posk.se\/boden\/vart-program\/","url":"https:\/\/www.posk.se\/boden\/vart-program\/","name":"V\u00e5rt program - Bodens pastorat","isPartOf":{"@id":"https:\/\/www.posk.se\/boden\/#website"},"primaryImageOfPage":{"@id":"https:\/\/www.posk.se\/boden\/vart-program\/#primaryimage"},"image":{"@id":"https:\/\/www.posk.se\/boden\/vart-program\/#primaryimage"},"thumbnailUrl":"https:\/\/www.posk.se\/boden\/wp-content\/uploads\/sites\/304\/2025\/08\/kyrkstugor-overlulea-kyrka-1800-besk.jpg","datePublished":"2025-08-28T07:27:29+00:00","dateModified":"2025-09-03T08:24:01+00:00","breadcrumb":{"@id":"https:\/\/www.posk.se\/boden\/vart-program\/#breadcrumb"},"inLanguage":"sv-SE","potentialAction":[{"@type":"ReadAction","target":["https:\/\/www.posk.se\/boden\/vart-program\/"]}]},{"@type":"ImageObject","inLanguage":"sv-SE","@id":"https:\/\/www.posk.se\/boden\/vart-program\/#primaryimage","url":"https:\/\/www.posk.se\/boden\/wp-content\/uploads\/sites\/304\/2025\/08\/kyrkstugor-overlulea-kyrka-1800-besk.jpg","contentUrl":"https:\/\/www.posk.se\/boden\/wp-content\/uploads\/sites\/304\/2025\/08\/kyrkstugor-overlulea-kyrka-1800-besk.jpg","width":1800,"height":827},{"@type":"BreadcrumbList","@id":"https:\/\/www.posk.se\/boden\/vart-program\/#breadcrumb","itemListElement":[{"@type":"ListItem","position":1,"name":"Hem","item":"https:\/\/www.posk.se\/boden\/"},{"@type":"ListItem","position":2,"name":"V\u00e5rt program"}]},{"@type":"WebSite","@id":"https:\/\/www.posk.se\/boden\/#website","url":"https:\/\/www.posk.se\/boden\/","name":"Bodens pastorat","description":"POSK-grupp i Lule\u00e5 stift","potentialAction":[{"@type":"SearchAction","target":{"@type":"EntryPoint","urlTemplate":"https:\/\/www.posk.se\/boden\/?s={search_term_string}"},"query-input":{"@type":"PropertyValueSpecification","valueRequired":true,"valueName":"search_term_string"}}],"inLanguage":"sv-SE"}]}},"_links":{"self":[{"href":"https:\/\/www.posk.se\/boden\/wp-json\/wp\/v2\/pages\/76","targetHints":{"allow":["GET"]}}],"collection":[{"href":"https:\/\/www.posk.se\/boden\/wp-json\/wp\/v2\/pages"}],"about":[{"href":"https:\/\/www.posk.se\/boden\/wp-json\/wp\/v2\/types\/page"}],"author":[{"embeddable":true,"href":"https:\/\/www.posk.se\/boden\/wp-json\/wp\/v2\/users\/54"}],"replies":[{"embeddable":true,"href":"https:\/\/www.posk.se\/boden\/wp-json\/wp\/v2\/comments?post=76"}],"version-history":[{"count":22,"href":"https:\/\/www.posk.se\/boden\/wp-json\/wp\/v2\/pages\/76\/revisions"}],"predecessor-version":[{"id":194,"href":"https:\/\/www.posk.se\/boden\/wp-json\/wp\/v2\/pages\/76\/revisions\/194"}],"wp:featuredmedia":[{"embeddable":true,"href":"https:\/\/www.posk.se\/boden\/wp-json\/wp\/v2\/media\/97"}],"wp:attachment":[{"href":"https:\/\/www.posk.se\/boden\/wp-json\/wp\/v2\/media?parent=76"}],"curies":[{"name":"wp","href":"https:\/\/api.w.org\/{rel}","templated":true}]}}